{"id":111740,"date":"2023-12-04T12:37:28","date_gmt":"2023-12-04T17:37:28","guid":{"rendered":"https:\/\/panm360.com\/?post_type=records&#038;p=111740"},"modified":"2023-12-05T10:57:33","modified_gmt":"2023-12-05T15:57:33","slug":"munich-radio-orchestra-ernst-theis-der-wilde-sound-des-1920er-kunneke-eisler-tanzerische-suite-tempo-des-zeit-br-klassik","status":"publish","type":"records","link":"https:\/\/panm360.com\/en\/records\/munich-radio-orchestra-ernst-theis-der-wilde-sound-des-1920er-kunneke-eisler-tanzerische-suite-tempo-des-zeit-br-klassik\/","title":{"rendered":"Munich Radio Orchestra\/Ernst Theis &#8211; The Wild Sound of the 1920s : Music of K\u00fcnneke and Eisler"},"content":{"rendered":"\n<p class=\"wp-block-paragraph\" style=\"font-size:20px\">This album plunges us into both the optimistic and gritty atmosphere of Germany in the 1920s, the decade that preceded the Great Depression and the descent into hell that accompanied the Nazis&#8217; rise to power.\u00a0<\/p>\n\n\n\n<p class=\"wp-block-paragraph\"><\/p>\n\n\n\n<p class=\"wp-block-paragraph\" style=\"font-size:20px\">Optimism is represented by the <em>T\u00e4nzerische Suite <\/em>(Dance Suite), also known as <em>Concerto grosso, op. 26 f\u00fcr Jazzband und gro\u00dfes Orchester <\/em>(Concerto grosso for jazz ensemble and large orchestra) by Eduard K\u00fcnneke, a well-known composer of operettas, film music (including Ernst Lubitsch&#8217;s <em>The Pharaoh&#8217;s Wife<\/em> in 1922) and &#8220;light music&#8221;. Radio appeared in Germany in 1923, and it soon became common practice to commission works to be created specifically for the broadcast orchestra. One of these was this Suite of Dances, in which the Foxtrot, the Blues and the Boston Waltz are illuminated by a flourishing orchestration and a very seductive atmosphere of good humour. This <em>Suite <\/em>is an obvious inspiration for the similar exercise that Dmitri Shostakovich would carry out a little later. A very pleasant discovery played with many successful colouristic effects by Erns Theis&#8217;s orchestra.<\/p>\n\n\n\n<p class=\"wp-block-paragraph\"><\/p>\n\n\n\n<p class=\"wp-block-paragraph\" style=\"font-size:20px\">Another of these radio commissions is Hans Eisler&#8217;s cantata <em>Tempo des Zeit<\/em> (Tempo of Present Time), for soloists, narrator, choir, brass and percussion. The cantata also bears the title <em>Cantate des petites gens<\/em>, an ironic detail when you consider that it premiered three months before the stock market crash of 1929, which was to throw millions of &#8220;ordinary&#8221; people into the throes of misery shortly afterwards. This cantata is in a completely different league to K\u00fcnneke&#8217;s almost solar Dance Suite. Eisler is skeptical about the promises of modernity. His narrator says: <em>&#8220;Yes, those with money travel the world in style! And those who have none are content to walk&#8230;&#8221;.<\/em><\/p>\n\n\n\n<p class=\"wp-block-paragraph\"><\/p>\n\n\n\n<p class=\"wp-block-paragraph\" style=\"font-size:20px\">Eisler had clearly seen the limits of the promises of the unbridled capitalism of the time. These limits were violently confirmed three months later. The sound universe is of the same order: chromatic and dissonant harmonies, jazz-influenced rhythms that are shaken up and made less linear, followed by a text of social commitment and denunciation of inequalities.\u00a0<\/p>\n\n\n\n<p class=\"wp-block-paragraph\"><\/p>\n\n\n\n<p class=\"wp-block-paragraph\" style=\"font-size:20px\">The interpretations led by Theis and rendered by all the artists are precise and finely drawn.<\/p>\n\n\n\n<p class=\"wp-block-paragraph\" style=\"font-size:20px\">The two opuses in this programme form a contrasting, even dichotomous musical pairing, but in this, they are the perfect example of the zeitgeist of 1920s Germany.<\/p>\n\n\n\n<p class=\"wp-block-paragraph\"><\/p>\n\n\n\n<iframe style=\"border-radius:12px\" src=\"https:\/\/open.spotify.com\/embed\/album\/1jx9HbB1TFNuB4PCsZ7LeG?utm_source=generator\" width=\"100%\" height=\"352\" frameBorder=\"0\" allowfullscreen=\"\" allow=\"autoplay; clipboard-write; encrypted-media; fullscreen; picture-in-picture\" loading=\"lazy\"><\/iframe>\n","protected":false},"excerpt":{"rendered":"<p>This album plunges us into both the optimistic and gritty atmosphere of Germany in the 1920s, the decade that preceded the Great Depression and the descent into hell that accompanied the Nazis&#8217; rise to power.\u00a0 Optimism is represented by the T\u00e4nzerische Suite (Dance Suite), also known as Concerto grosso, op. 26 f\u00fcr Jazzband und gro\u00dfes [&hellip;]<\/p>\n","protected":false},"author":775,"featured_media":111661,"menu_order":0,"template":"","format":"standard","meta":{"_acf_changed":false,"_crdt_document":""},"categories":[4571],"tags":[],"generale":[],"genre":[3117],"annee":[8178],"pays":[3832],"label":[8884],"class_list":["post-111740","records","type-records","status-publish","format-standard","has-post-thumbnail","hentry","category-record-reviews","genre-modern-classical","annee-8178","pays-allemagne-en","label-br-klassik-2"],"acf":[],"yoast_head":"<!-- This site is optimized with the Yoast SEO plugin v27.5 - https:\/\/yoast.com\/product\/yoast-seo-wordpress\/ -->\n<title>Munich Radio Orchestra\/Ernst Theis - The Wild Sound of the 1920s : Music of K\u00fcnneke and Eisler - PAN M 360<\/title>\n<meta name=\"robots\" content=\"index, follow, max-snippet:-1, max-image-preview:large, max-video-preview:-1\" \/>\n<link rel=\"canonical\" href=\"https:\/\/panm360.com\/en\/records\/munich-radio-orchestra-ernst-theis-der-wilde-sound-des-1920er-kunneke-eisler-tanzerische-suite-tempo-des-zeit-br-klassik\/\" \/>\n<meta property=\"og:locale\" content=\"en_US\" \/>\n<meta property=\"og:type\" content=\"article\" \/>\n<meta property=\"og:title\" content=\"Munich Radio Orchestra\/Ernst Theis - The Wild Sound of the 1920s : Music of K\u00fcnneke and Eisler - PAN M 360\" \/>\n<meta property=\"og:description\" content=\"This album plunges us into both the optimistic and gritty atmosphere of Germany in the 1920s, the decade that preceded the Great Depression and the descent into hell that accompanied the Nazis&#8217; rise to power.\u00a0 Optimism is represented by the T\u00e4nzerische Suite (Dance Suite), also known as Concerto grosso, op. 26 f\u00fcr Jazzband und gro\u00dfes [&hellip;]\" \/>\n<meta property=\"og:url\" content=\"https:\/\/panm360.com\/en\/records\/munich-radio-orchestra-ernst-theis-der-wilde-sound-des-1920er-kunneke-eisler-tanzerische-suite-tempo-des-zeit-br-klassik\/\" \/>\n<meta property=\"og:site_name\" content=\"PAN M 360\" \/>\n<meta property=\"article:publisher\" content=\"https:\/\/www.facebook.com\/panm360\/\" \/>\n<meta property=\"article:modified_time\" content=\"2023-12-05T15:57:33+00:00\" \/>\n<meta property=\"og:image\" content=\"https:\/\/panm360.com\/wp-content\/uploads\/2023\/12\/cover-scaled.jpg\" \/>\n\t<meta property=\"og:image:width\" content=\"2560\" \/>\n\t<meta property=\"og:image:height\" content=\"2560\" \/>\n\t<meta property=\"og:image:type\" content=\"image\/jpeg\" \/>\n<meta name=\"twitter:card\" content=\"summary_large_image\" \/>\n<meta name=\"twitter:site\" content=\"@PANM360\" \/>\n<meta name=\"twitter:label1\" content=\"Est. reading time\" \/>\n\t<meta name=\"twitter:data1\" content=\"2 minutes\" \/>\n<script type=\"application\/ld+json\" class=\"yoast-schema-graph\">{\"@context\":\"https:\\\/\\\/schema.org\",\"@graph\":[{\"@type\":\"WebPage\",\"@id\":\"https:\\\/\\\/panm360.com\\\/en\\\/records\\\/munich-radio-orchestra-ernst-theis-der-wilde-sound-des-1920er-kunneke-eisler-tanzerische-suite-tempo-des-zeit-br-klassik\\\/\",\"url\":\"https:\\\/\\\/panm360.com\\\/en\\\/records\\\/munich-radio-orchestra-ernst-theis-der-wilde-sound-des-1920er-kunneke-eisler-tanzerische-suite-tempo-des-zeit-br-klassik\\\/\",\"name\":\"Munich Radio Orchestra\\\/Ernst Theis - The Wild Sound of the 1920s : Music of K\u00fcnneke and Eisler - PAN M 360\",\"isPartOf\":{\"@id\":\"https:\\\/\\\/panm360.com\\\/en\\\/#website\"},\"primaryImageOfPage\":{\"@id\":\"https:\\\/\\\/panm360.com\\\/en\\\/records\\\/munich-radio-orchestra-ernst-theis-der-wilde-sound-des-1920er-kunneke-eisler-tanzerische-suite-tempo-des-zeit-br-klassik\\\/#primaryimage\"},\"image\":{\"@id\":\"https:\\\/\\\/panm360.com\\\/en\\\/records\\\/munich-radio-orchestra-ernst-theis-der-wilde-sound-des-1920er-kunneke-eisler-tanzerische-suite-tempo-des-zeit-br-klassik\\\/#primaryimage\"},\"thumbnailUrl\":\"https:\\\/\\\/panm360.com\\\/wp-content\\\/uploads\\\/2023\\\/12\\\/cover-scaled.jpg\",\"datePublished\":\"2023-12-04T17:37:28+00:00\",\"dateModified\":\"2023-12-05T15:57:33+00:00\",\"breadcrumb\":{\"@id\":\"https:\\\/\\\/panm360.com\\\/en\\\/records\\\/munich-radio-orchestra-ernst-theis-der-wilde-sound-des-1920er-kunneke-eisler-tanzerische-suite-tempo-des-zeit-br-klassik\\\/#breadcrumb\"},\"inLanguage\":\"en-US\",\"potentialAction\":[{\"@type\":\"ReadAction\",\"target\":[\"https:\\\/\\\/panm360.com\\\/en\\\/records\\\/munich-radio-orchestra-ernst-theis-der-wilde-sound-des-1920er-kunneke-eisler-tanzerische-suite-tempo-des-zeit-br-klassik\\\/\"]}]},{\"@type\":\"ImageObject\",\"inLanguage\":\"en-US\",\"@id\":\"https:\\\/\\\/panm360.com\\\/en\\\/records\\\/munich-radio-orchestra-ernst-theis-der-wilde-sound-des-1920er-kunneke-eisler-tanzerische-suite-tempo-des-zeit-br-klassik\\\/#primaryimage\",\"url\":\"https:\\\/\\\/panm360.com\\\/wp-content\\\/uploads\\\/2023\\\/12\\\/cover-scaled.jpg\",\"contentUrl\":\"https:\\\/\\\/panm360.com\\\/wp-content\\\/uploads\\\/2023\\\/12\\\/cover-scaled.jpg\",\"width\":2560,\"height\":2560},{\"@type\":\"BreadcrumbList\",\"@id\":\"https:\\\/\\\/panm360.com\\\/en\\\/records\\\/munich-radio-orchestra-ernst-theis-der-wilde-sound-des-1920er-kunneke-eisler-tanzerische-suite-tempo-des-zeit-br-klassik\\\/#breadcrumb\",\"itemListElement\":[{\"@type\":\"ListItem\",\"position\":1,\"name\":\"Accueil\",\"item\":\"https:\\\/\\\/panm360.com\\\/en\\\/\"},{\"@type\":\"ListItem\",\"position\":2,\"name\":\"Albums\",\"item\":\"https:\\\/\\\/panm360.com\\\/en\\\/records\\\/\"},{\"@type\":\"ListItem\",\"position\":3,\"name\":\"Munich Radio Orchestra\\\/Ernst Theis &#8211; The Wild Sound of the 1920s : Music of K\u00fcnneke and Eisler\"}]},{\"@type\":\"WebSite\",\"@id\":\"https:\\\/\\\/panm360.com\\\/en\\\/#website\",\"url\":\"https:\\\/\\\/panm360.com\\\/en\\\/\",\"name\":\"PAN M 360\",\"description\":\"Le m\u00e9dia num\u00e9rique de la musique !\",\"publisher\":{\"@id\":\"https:\\\/\\\/panm360.com\\\/en\\\/#organization\"},\"potentialAction\":[{\"@type\":\"SearchAction\",\"target\":{\"@type\":\"EntryPoint\",\"urlTemplate\":\"https:\\\/\\\/panm360.com\\\/en\\\/?s={search_term_string}\"},\"query-input\":{\"@type\":\"PropertyValueSpecification\",\"valueRequired\":true,\"valueName\":\"search_term_string\"}}],\"inLanguage\":\"en-US\"},{\"@type\":\"Organization\",\"@id\":\"https:\\\/\\\/panm360.com\\\/en\\\/#organization\",\"name\":\"PAN M 360\",\"url\":\"https:\\\/\\\/panm360.com\\\/en\\\/\",\"logo\":{\"@type\":\"ImageObject\",\"inLanguage\":\"en-US\",\"@id\":\"https:\\\/\\\/panm360.com\\\/en\\\/#\\\/schema\\\/logo\\\/image\\\/\",\"url\":\"https:\\\/\\\/panm360.com\\\/wp-content\\\/uploads\\\/2019\\\/12\\\/PAN-M360_Logo_RGB.jpg\",\"contentUrl\":\"https:\\\/\\\/panm360.com\\\/wp-content\\\/uploads\\\/2019\\\/12\\\/PAN-M360_Logo_RGB.jpg\",\"width\":1663,\"height\":631,\"caption\":\"PAN M 360\"},\"image\":{\"@id\":\"https:\\\/\\\/panm360.com\\\/en\\\/#\\\/schema\\\/logo\\\/image\\\/\"},\"sameAs\":[\"https:\\\/\\\/www.facebook.com\\\/panm360\\\/\",\"https:\\\/\\\/x.com\\\/PANM360\",\"https:\\\/\\\/www.instagram.com\\\/panm360\\\/\",\"https:\\\/\\\/www.linkedin.com\\\/company\\\/panm360\\\/\",\"https:\\\/\\\/www.youtube.com\\\/channel\\\/UCHEFHd3UhIrV6EJ3ltzVKOA?view_as=subscriber\"]}]}<\/script>\n<!-- \/ Yoast SEO plugin. -->","yoast_head_json":{"title":"Munich Radio Orchestra\/Ernst Theis - The Wild Sound of the 1920s : Music of K\u00fcnneke and Eisler - PAN M 360","robots":{"index":"index","follow":"follow","max-snippet":"max-snippet:-1","max-image-preview":"max-image-preview:large","max-video-preview":"max-video-preview:-1"},"canonical":"https:\/\/panm360.com\/en\/records\/munich-radio-orchestra-ernst-theis-der-wilde-sound-des-1920er-kunneke-eisler-tanzerische-suite-tempo-des-zeit-br-klassik\/","og_locale":"en_US","og_type":"article","og_title":"Munich Radio Orchestra\/Ernst Theis - The Wild Sound of the 1920s : Music of K\u00fcnneke and Eisler - PAN M 360","og_description":"This album plunges us into both the optimistic and gritty atmosphere of Germany in the 1920s, the decade that preceded the Great Depression and the descent into hell that accompanied the Nazis&#8217; rise to power.\u00a0 Optimism is represented by the T\u00e4nzerische Suite (Dance Suite), also known as Concerto grosso, op. 26 f\u00fcr Jazzband und gro\u00dfes [&hellip;]","og_url":"https:\/\/panm360.com\/en\/records\/munich-radio-orchestra-ernst-theis-der-wilde-sound-des-1920er-kunneke-eisler-tanzerische-suite-tempo-des-zeit-br-klassik\/","og_site_name":"PAN M 360","article_publisher":"https:\/\/www.facebook.com\/panm360\/","article_modified_time":"2023-12-05T15:57:33+00:00","og_image":[{"width":2560,"height":2560,"url":"https:\/\/panm360.com\/wp-content\/uploads\/2023\/12\/cover-scaled.jpg","type":"image\/jpeg"}],"twitter_card":"summary_large_image","twitter_site":"@PANM360","twitter_misc":{"Est. reading time":"2 minutes"},"schema":{"@context":"https:\/\/schema.org","@graph":[{"@type":"WebPage","@id":"https:\/\/panm360.com\/en\/records\/munich-radio-orchestra-ernst-theis-der-wilde-sound-des-1920er-kunneke-eisler-tanzerische-suite-tempo-des-zeit-br-klassik\/","url":"https:\/\/panm360.com\/en\/records\/munich-radio-orchestra-ernst-theis-der-wilde-sound-des-1920er-kunneke-eisler-tanzerische-suite-tempo-des-zeit-br-klassik\/","name":"Munich Radio Orchestra\/Ernst Theis - The Wild Sound of the 1920s : Music of K\u00fcnneke and Eisler - PAN M 360","isPartOf":{"@id":"https:\/\/panm360.com\/en\/#website"},"primaryImageOfPage":{"@id":"https:\/\/panm360.com\/en\/records\/munich-radio-orchestra-ernst-theis-der-wilde-sound-des-1920er-kunneke-eisler-tanzerische-suite-tempo-des-zeit-br-klassik\/#primaryimage"},"image":{"@id":"https:\/\/panm360.com\/en\/records\/munich-radio-orchestra-ernst-theis-der-wilde-sound-des-1920er-kunneke-eisler-tanzerische-suite-tempo-des-zeit-br-klassik\/#primaryimage"},"thumbnailUrl":"https:\/\/panm360.com\/wp-content\/uploads\/2023\/12\/cover-scaled.jpg","datePublished":"2023-12-04T17:37:28+00:00","dateModified":"2023-12-05T15:57:33+00:00","breadcrumb":{"@id":"https:\/\/panm360.com\/en\/records\/munich-radio-orchestra-ernst-theis-der-wilde-sound-des-1920er-kunneke-eisler-tanzerische-suite-tempo-des-zeit-br-klassik\/#breadcrumb"},"inLanguage":"en-US","potentialAction":[{"@type":"ReadAction","target":["https:\/\/panm360.com\/en\/records\/munich-radio-orchestra-ernst-theis-der-wilde-sound-des-1920er-kunneke-eisler-tanzerische-suite-tempo-des-zeit-br-klassik\/"]}]},{"@type":"ImageObject","inLanguage":"en-US","@id":"https:\/\/panm360.com\/en\/records\/munich-radio-orchestra-ernst-theis-der-wilde-sound-des-1920er-kunneke-eisler-tanzerische-suite-tempo-des-zeit-br-klassik\/#primaryimage","url":"https:\/\/panm360.com\/wp-content\/uploads\/2023\/12\/cover-scaled.jpg","contentUrl":"https:\/\/panm360.com\/wp-content\/uploads\/2023\/12\/cover-scaled.jpg","width":2560,"height":2560},{"@type":"BreadcrumbList","@id":"https:\/\/panm360.com\/en\/records\/munich-radio-orchestra-ernst-theis-der-wilde-sound-des-1920er-kunneke-eisler-tanzerische-suite-tempo-des-zeit-br-klassik\/#breadcrumb","itemListElement":[{"@type":"ListItem","position":1,"name":"Accueil","item":"https:\/\/panm360.com\/en\/"},{"@type":"ListItem","position":2,"name":"Albums","item":"https:\/\/panm360.com\/en\/records\/"},{"@type":"ListItem","position":3,"name":"Munich Radio Orchestra\/Ernst Theis &#8211; The Wild Sound of the 1920s : Music of K\u00fcnneke and Eisler"}]},{"@type":"WebSite","@id":"https:\/\/panm360.com\/en\/#website","url":"https:\/\/panm360.com\/en\/","name":"PAN M 360","description":"Le m\u00e9dia num\u00e9rique de la musique !","publisher":{"@id":"https:\/\/panm360.com\/en\/#organization"},"potentialAction":[{"@type":"SearchAction","target":{"@type":"EntryPoint","urlTemplate":"https:\/\/panm360.com\/en\/?s={search_term_string}"},"query-input":{"@type":"PropertyValueSpecification","valueRequired":true,"valueName":"search_term_string"}}],"inLanguage":"en-US"},{"@type":"Organization","@id":"https:\/\/panm360.com\/en\/#organization","name":"PAN M 360","url":"https:\/\/panm360.com\/en\/","logo":{"@type":"ImageObject","inLanguage":"en-US","@id":"https:\/\/panm360.com\/en\/#\/schema\/logo\/image\/","url":"https:\/\/panm360.com\/wp-content\/uploads\/2019\/12\/PAN-M360_Logo_RGB.jpg","contentUrl":"https:\/\/panm360.com\/wp-content\/uploads\/2019\/12\/PAN-M360_Logo_RGB.jpg","width":1663,"height":631,"caption":"PAN M 360"},"image":{"@id":"https:\/\/panm360.com\/en\/#\/schema\/logo\/image\/"},"sameAs":["https:\/\/www.facebook.com\/panm360\/","https:\/\/x.com\/PANM360","https:\/\/www.instagram.com\/panm360\/","https:\/\/www.linkedin.com\/company\/panm360\/","https:\/\/www.youtube.com\/channel\/UCHEFHd3UhIrV6EJ3ltzVKOA?view_as=subscriber"]}]}},"_links":{"self":[{"href":"https:\/\/panm360.com\/en\/wp-json\/wp\/v2\/records\/111740","targetHints":{"allow":["GET"]}}],"collection":[{"href":"https:\/\/panm360.com\/en\/wp-json\/wp\/v2\/records"}],"about":[{"href":"https:\/\/panm360.com\/en\/wp-json\/wp\/v2\/types\/records"}],"author":[{"embeddable":true,"href":"https:\/\/panm360.com\/en\/wp-json\/wp\/v2\/users\/775"}],"wp:featuredmedia":[{"embeddable":true,"href":"https:\/\/panm360.com\/en\/wp-json\/wp\/v2\/media\/111661"}],"wp:attachment":[{"href":"https:\/\/panm360.com\/en\/wp-json\/wp\/v2\/media?parent=111740"}],"wp:term":[{"taxonomy":"category","embeddable":true,"href":"https:\/\/panm360.com\/en\/wp-json\/wp\/v2\/categories?post=111740"},{"taxonomy":"post_tag","embeddable":true,"href":"https:\/\/panm360.com\/en\/wp-json\/wp\/v2\/tags?post=111740"},{"taxonomy":"generale","embeddable":true,"href":"https:\/\/panm360.com\/en\/wp-json\/wp\/v2\/generale?post=111740"},{"taxonomy":"genre","embeddable":true,"href":"https:\/\/panm360.com\/en\/wp-json\/wp\/v2\/genre?post=111740"},{"taxonomy":"annee","embeddable":true,"href":"https:\/\/panm360.com\/en\/wp-json\/wp\/v2\/annee?post=111740"},{"taxonomy":"pays","embeddable":true,"href":"https:\/\/panm360.com\/en\/wp-json\/wp\/v2\/pays?post=111740"},{"taxonomy":"label","embeddable":true,"href":"https:\/\/panm360.com\/en\/wp-json\/wp\/v2\/label?post=111740"}],"curies":[{"name":"wp","href":"https:\/\/api.w.org\/{rel}","templated":true}]}}