{"id":83082,"date":"2022-11-16T12:07:05","date_gmt":"2022-11-16T17:07:05","guid":{"rendered":"https:\/\/panm360.com\/?post_type=interviews&#038;p=83082"},"modified":"2022-11-16T18:49:35","modified_gmt":"2022-11-16T23:49:35","slug":"mundial-montreal-joik-jouhikko-annamaret","status":"publish","type":"interviews","link":"https:\/\/panm360.com\/en\/interviews-panm360\/mundial-montreal-joik-jouhikko-annamaret\/","title":{"rendered":"Mundial Montr\u00e9al: joik + jouhikko = \u00c1nn\u00e1m\u00e1ret"},"content":{"rendered":"\n<p class=\"wp-block-paragraph\"><strong>After spending a number of years living in southern Finland, Anna N\u00e4kk\u00e4l\u00e4j\u00e4rvi-L\u00e4nsman decided to settle up north, in Nuorgam, where the S\u00e1mi people live. Anna has S\u00e1mi heritage from her father\u2019s side, she wanted to reconnect with this culture. With a strong background in musical studies\u2013clarinet, among other things\u2013 at the Tampere Conservatory and at Sibelius Academy in Helsinki, Anna\u2019s interests initially lay in folk music from the region of Karelia. Then it evolved to <em>joik<\/em>, the traditional singing of the S\u00e1mis, which encompasses both pragmatic and spiritual components. So this is how the \u00c1nn\u00e1m\u00e1ret project was born.<\/strong><\/p>\n\n\n\n<p class=\"wp-block-paragraph\"><strong>Anna will be performing with other indigenous artists at La Sala Rossa, this Wednesday afternoon. And later that day, she\u2019ll play at \u00c9glise Saint-Enfant-J\u00e9sus du Mile-End, for a concert arranged by Centre des musiques du monde. Pan M 360 talked to Anna N\u00e4kk\u00e4l\u00e4j\u00e4rvi-L\u00e4nsman last weekend, a few hours before her long flight to Montr\u00e9al.<\/strong><br><\/p>\n\n\n\n<figure class=\"wp-block-embed is-type-video is-provider-youtube wp-block-embed-youtube wp-embed-aspect-16-9 wp-has-aspect-ratio\"><div class=\"wp-block-embed__wrapper\">\nhttps:\/\/www.youtube.com\/watch?v=3MoZbRa9ydQ&#038;t=75s\n<\/div><\/figure>\n\n\n\n<p class=\"wp-block-paragraph\"><br><strong>Pan M 360: Hello Anna, are you in Nuorgam? How is the weather there?<\/strong><\/p>\n\n\n\n<p class=\"wp-block-paragraph\"><strong>Anna&nbsp;N\u00e4kk\u00e4l\u00e4j\u00e4rvi-L\u00e4nsman:<\/strong> Hi! We\u2019ve had snow, but now we\u2019re afraid it\u2019ll melt. Hopefully, the cold will last, so the snow stays.<\/p>\n\n\n\n<p class=\"wp-block-paragraph\"><strong>Pan M 360: <em>Joik<\/em> is one of the traditional forms of singing, in S\u00e1mi culture. I guess the only part of it that we, North Americans, can relate to is the throat-singing component, which we hear in Inuit music here. But <em>joik<\/em> is complex and comprised of many more elements. Can you give tell us a bit about it?<\/strong><\/p>\n\n\n\n<p class=\"wp-block-paragraph\">Anna&nbsp;N.-L.: It is music but also social communication. In the old days, joik was an extension of the language. Some things were easier to discuss by joiking. Nowadays, it is predominately used as music. Joiking describes animals or persons, who are then described in the melodies. It is a special way of functioning. So I could be joiking you. Joiks are closely connected to the land. For instance, they could describe the herding of reindeer in a particular area. The lyrics can also be improvised. It is complex because there is so much improvisation in it. You have to rely on the style too, within a specific aesthetic framework.<\/p>\n\n\n\n<p class=\"wp-block-paragraph\"><strong>Pan M 360: Your musical partner is Ilkka Heinonen, a classically-trained musician who plays the jouhikko, a Finnish lyre. How did you start playing together?<\/strong><\/p>\n\n\n\n<p class=\"wp-block-paragraph\"><strong>Anna&nbsp;<\/strong><strong>N.-L.<\/strong>: As a teenager, I started joiking, but then I decided to learn clarinet. I wanted to make a career playing in an orchestra. So I started studying music at the Tampere Conservatory, then I went to Sibelius Academy in Helsinki. Ilkka and I met in Tampere. I was interested in Finnish folk music, and so was he. So we started playing together and we went abroad. Then I felt interested in joiking again, so that was when Ilkka and I made our first experiments with the jouhikko; we I felt it would work well together. By the way, in Montr\u00e9al we\u2019re going to do some of the original joiks we did together twenty years ago! It\u2019s funny because we were studying classical music very seriously, and we ended up doing something totally different.<\/p>\n\n\n\n<p class=\"wp-block-paragraph\">Then we discussed how we would expand this, in order to make a full album, for arrangements and so on. So Ilkka talked to Turkka, who agreed to collaborate with us. It worked like a dream, really, because Turkka keeps his electronic elements intimate and simple, they don\u2019t hinder the humanity and the organic aspect of the joiks and the jouhikko. Among other things, Turkka uses sounds that he recorded in the open air, in nature. He likes to experiment.<\/p>\n\n\n\n<p class=\"wp-block-paragraph\"><strong>Pan M 360: The jouhikko has four strings and has to be played with a bow. I read somewhere it comes from Wales and is also used in Estonian music?<\/strong><\/p>\n\n\n\n<p class=\"wp-block-paragraph\"><strong>Anna&nbsp;N.-L.:<\/strong> Yes, it has three or four strings, it depends. We had the idea of using it when we were playing a folk song from Karelia, a region in Finland. While singing I thought I could also joik. It involved different vocal techniques. The melody was Karelian, but I was adding my thing to it. It somehow worked very well. The \u201cJoik of the Bear\u201d was among of the first ones we did together. I felt that my voice and the sound of the jouhikko made a good combination. Because the joik and the jouhikko are similar in that they don\u2019t comprise big scales or chromatic elements. Only a few tones; we play with them and improvise.<\/p>\n\n\n\n<p class=\"wp-block-paragraph\"><strong>Pan M 360: You\u2019re singing in <\/strong><strong>S\u00e1mi. Is it your mother tongue?<\/strong><\/p>\n\n\n\n<p class=\"wp-block-paragraph\"><strong>Anna&nbsp;N.-L.:<\/strong> I learned S\u00e1mi and Finnish both; my father is S\u00e1mi and my mother is Finnish. Multicultural families are quite common nowadays. So I\u2019ve been speaking S\u00e1mi since I was a child. And while I was living in southern Finland, I tried to maintain and reinforce it as much as possible, given that I was far from any S\u00e1mi communities. Social media wasn\u2019t very strong then. There was that S\u00e1mi magazine which I subscribed to.<\/p>\n\n\n\n<p class=\"wp-block-paragraph\"><strong>Pan M 360: You will be taking part in Mundial Montr\u00e9al Festival this Wednesday in the afternoon, but you\u2019ll also do a concert programmed by Centre des musiques du monde later that day. Will the two performances be similar?<\/strong><\/p>\n\n\n\n<p class=\"wp-block-paragraph\"><strong>Anna&nbsp;N.-L.:<\/strong> No, the Mundial concert will be in a three-musician configuration, with Ilkka Heinonen on the jouhikko and Turkka Inkil\u00e4 handling the electronics. And also my longtime friend Marja Viitahuh for the visuals. She\u2019s using pictures that she\u2019s taken up north, I hope it\u2019ll make you travel! As for the Centre des musiques du monde concert, it\u2019ll feature Ilkka and me as a duo, and there will also be solo parts. I\u2019m planning on doing more traditional joiks, that evening.<\/p>\n\n\n\n<p class=\"wp-block-paragraph\"><strong>Pan M 360: <\/strong><strong><em>Nieguid duovdagat<\/em><\/strong><strong>, which means \u201cDreamscapes,\u201d is the name of the album you released last year. It certainly has an oniric or dreamy quality. It was very well-received, it earned you the Folk Album of the Year prize in Finland. <\/strong><strong><\/strong><\/p>\n\n\n\n<p class=\"wp-block-paragraph\"><strong>Anna&nbsp;<\/strong><strong>N.-L.:<\/strong> Yes, and it was the first S\u00e1mi album to win that prize!<\/p>\n\n\n\n<p class=\"wp-block-paragraph\"><strong>Pan M 360: <\/strong><strong>Congratulations! Is there another one in the works?<\/strong><\/p>\n\n\n\n<p class=\"wp-block-paragraph\"><strong>Anna&nbsp;N.-L.:<\/strong> Oh yes, I\u2019ve got many-many more joiks ready, we\u2019re planning on recording the album next year. We\u2019re going to perform one of those new joiks on Wednesday evening, as a matter of fact. <em>Nieguid duovdagat <\/em>was more about going back to our roots, looking to archives, searching for our ancestors, and wondering about the relationship between their lifestyle and ours. It\u2019s a little bit like a crisis when you think about it. More like a dreamy world. But now my idea is to joik about things that are sacred in our lives, and have been for thousands of years. Like the land and the reindeer. About how things were before Christianity. What did people believe then, and how much of it do we still believe in today, in our ordinary lives? What makes the living S\u00e1mi culture?<\/p>\n\n\n\n<p class=\"wp-block-paragraph\"><strong>Pan M 360: Well, thank you for this conversation, Anna, we\u2019re really looking forward to hearing and seeing \u00c1nn\u00e1m\u00e1ret on Wednesday!<\/strong><\/p>\n\n\n\n<p class=\"wp-block-paragraph\"><strong><em>Photo credit: Marja Viitahuh.<\/em><\/strong><\/p>\n\n\n\n<p class=\"wp-block-paragraph\"><strong><em>\u00c1NN\u00c1M\u00c1RET PLAYS LA SALA ROSSA THIS WEDNESDAY AT 3 P.M. FOR MUNDIAL MONTR\u00c9AL (INFO AND TICKETS <a href=\"https:\/\/lepointdevente.com\/billets\/jhp221116003\">HERE<\/a>), AND \u00c9GLISE SAINT-ENFANT-J\u00c9SUS DU MILE-END FOR CENTRE DES MUSIQUES DU MONDE , ALSO ON WEDNESDAY AT 8 P.M (INFO AND TICKETS <a href=\"https:\/\/centredesmusiciensdumonde.com\/concerts-et-evenements\/concerts-eglise\/\">HERE<\/a>).<\/em><\/strong><\/p>\n","protected":false},"excerpt":{"rendered":"<p>After spending a number of years living in southern Finland, Anna N\u00e4kk\u00e4l\u00e4j\u00e4rvi-L\u00e4nsman decided to settle up north, in Nuorgam, where the S\u00e1mi people live. Anna has S\u00e1mi heritage from her father\u2019s side, she wanted to reconnect with this culture. With a strong background in musical studies\u2013clarinet, among other things\u2013 at the Tampere Conservatory and at [&hellip;]<\/p>\n","protected":false},"author":163,"featured_media":83083,"menu_order":0,"template":"","format":"standard","meta":{"_acf_changed":false,"_crdt_document":""},"categories":[],"tags":[],"genre":[3155,4185,3161,4200],"class_list":["post-83082","interviews","type-interviews","status-publish","format-standard","has-post-thumbnail","hentry","genre-electronic","genre-first-nations-en","genre-folk-2","genre-scandinavian-en-2"],"acf":[],"yoast_head":"<!-- This site is optimized with the Yoast SEO plugin v27.4 - https:\/\/yoast.com\/product\/yoast-seo-wordpress\/ -->\n<title>Mundial Montr\u00e9al: joik + jouhikko = \u00c1nn\u00e1m\u00e1ret - PAN M 360<\/title>\n<meta name=\"robots\" content=\"index, follow, max-snippet:-1, max-image-preview:large, max-video-preview:-1\" \/>\n<link rel=\"canonical\" href=\"https:\/\/panm360.com\/en\/interviews-panm360\/mundial-montreal-joik-jouhikko-annamaret\/\" \/>\n<meta property=\"og:locale\" content=\"en_US\" \/>\n<meta property=\"og:type\" content=\"article\" \/>\n<meta property=\"og:title\" content=\"Mundial Montr\u00e9al: joik + jouhikko = \u00c1nn\u00e1m\u00e1ret - PAN M 360\" \/>\n<meta property=\"og:description\" content=\"After spending a number of years living in southern Finland, Anna N\u00e4kk\u00e4l\u00e4j\u00e4rvi-L\u00e4nsman decided to settle up north, in Nuorgam, where the S\u00e1mi people live. Anna has S\u00e1mi heritage from her father\u2019s side, she wanted to reconnect with this culture. With a strong background in musical studies\u2013clarinet, among other things\u2013 at the Tampere Conservatory and at [&hellip;]\" \/>\n<meta property=\"og:url\" content=\"https:\/\/panm360.com\/en\/interviews-panm360\/mundial-montreal-joik-jouhikko-annamaret\/\" \/>\n<meta property=\"og:site_name\" content=\"PAN M 360\" \/>\n<meta property=\"article:publisher\" content=\"https:\/\/www.facebook.com\/panm360\/\" \/>\n<meta property=\"article:modified_time\" content=\"2022-11-16T23:49:35+00:00\" \/>\n<meta property=\"og:image\" content=\"https:\/\/panm360.com\/wp-content\/uploads\/2022\/11\/Annamaret.jpg\" \/>\n\t<meta property=\"og:image:width\" content=\"1082\" \/>\n\t<meta property=\"og:image:height\" content=\"1082\" \/>\n\t<meta property=\"og:image:type\" content=\"image\/jpeg\" \/>\n<meta name=\"twitter:card\" content=\"summary_large_image\" \/>\n<meta name=\"twitter:site\" content=\"@PANM360\" \/>\n<meta name=\"twitter:label1\" content=\"Est. reading time\" \/>\n\t<meta name=\"twitter:data1\" content=\"7 minutes\" \/>\n<script type=\"application\/ld+json\" class=\"yoast-schema-graph\">{\"@context\":\"https:\\\/\\\/schema.org\",\"@graph\":[{\"@type\":\"WebPage\",\"@id\":\"https:\\\/\\\/panm360.com\\\/en\\\/interviews-panm360\\\/mundial-montreal-joik-jouhikko-annamaret\\\/\",\"url\":\"https:\\\/\\\/panm360.com\\\/en\\\/interviews-panm360\\\/mundial-montreal-joik-jouhikko-annamaret\\\/\",\"name\":\"Mundial Montr\u00e9al: joik + jouhikko = \u00c1nn\u00e1m\u00e1ret - PAN M 360\",\"isPartOf\":{\"@id\":\"https:\\\/\\\/panm360.com\\\/en\\\/#website\"},\"primaryImageOfPage\":{\"@id\":\"https:\\\/\\\/panm360.com\\\/en\\\/interviews-panm360\\\/mundial-montreal-joik-jouhikko-annamaret\\\/#primaryimage\"},\"image\":{\"@id\":\"https:\\\/\\\/panm360.com\\\/en\\\/interviews-panm360\\\/mundial-montreal-joik-jouhikko-annamaret\\\/#primaryimage\"},\"thumbnailUrl\":\"https:\\\/\\\/panm360.com\\\/wp-content\\\/uploads\\\/2022\\\/11\\\/Annamaret.jpg\",\"datePublished\":\"2022-11-16T17:07:05+00:00\",\"dateModified\":\"2022-11-16T23:49:35+00:00\",\"breadcrumb\":{\"@id\":\"https:\\\/\\\/panm360.com\\\/en\\\/interviews-panm360\\\/mundial-montreal-joik-jouhikko-annamaret\\\/#breadcrumb\"},\"inLanguage\":\"en-US\",\"potentialAction\":[{\"@type\":\"ReadAction\",\"target\":[\"https:\\\/\\\/panm360.com\\\/en\\\/interviews-panm360\\\/mundial-montreal-joik-jouhikko-annamaret\\\/\"]}]},{\"@type\":\"ImageObject\",\"inLanguage\":\"en-US\",\"@id\":\"https:\\\/\\\/panm360.com\\\/en\\\/interviews-panm360\\\/mundial-montreal-joik-jouhikko-annamaret\\\/#primaryimage\",\"url\":\"https:\\\/\\\/panm360.com\\\/wp-content\\\/uploads\\\/2022\\\/11\\\/Annamaret.jpg\",\"contentUrl\":\"https:\\\/\\\/panm360.com\\\/wp-content\\\/uploads\\\/2022\\\/11\\\/Annamaret.jpg\",\"width\":800,\"height\":800},{\"@type\":\"BreadcrumbList\",\"@id\":\"https:\\\/\\\/panm360.com\\\/en\\\/interviews-panm360\\\/mundial-montreal-joik-jouhikko-annamaret\\\/#breadcrumb\",\"itemListElement\":[{\"@type\":\"ListItem\",\"position\":1,\"name\":\"Accueil\",\"item\":\"https:\\\/\\\/panm360.com\\\/en\\\/\"},{\"@type\":\"ListItem\",\"position\":2,\"name\":\"Interviews\",\"item\":\"https:\\\/\\\/panm360.com\\\/en\\\/interviews-panm360\\\/\"},{\"@type\":\"ListItem\",\"position\":3,\"name\":\"Mundial Montr\u00e9al: joik + jouhikko = \u00c1nn\u00e1m\u00e1ret\"}]},{\"@type\":\"WebSite\",\"@id\":\"https:\\\/\\\/panm360.com\\\/en\\\/#website\",\"url\":\"https:\\\/\\\/panm360.com\\\/en\\\/\",\"name\":\"PAN M 360\",\"description\":\"Le m\u00e9dia num\u00e9rique de la musique !\",\"publisher\":{\"@id\":\"https:\\\/\\\/panm360.com\\\/en\\\/#organization\"},\"potentialAction\":[{\"@type\":\"SearchAction\",\"target\":{\"@type\":\"EntryPoint\",\"urlTemplate\":\"https:\\\/\\\/panm360.com\\\/en\\\/?s={search_term_string}\"},\"query-input\":{\"@type\":\"PropertyValueSpecification\",\"valueRequired\":true,\"valueName\":\"search_term_string\"}}],\"inLanguage\":\"en-US\"},{\"@type\":\"Organization\",\"@id\":\"https:\\\/\\\/panm360.com\\\/en\\\/#organization\",\"name\":\"PAN M 360\",\"url\":\"https:\\\/\\\/panm360.com\\\/en\\\/\",\"logo\":{\"@type\":\"ImageObject\",\"inLanguage\":\"en-US\",\"@id\":\"https:\\\/\\\/panm360.com\\\/en\\\/#\\\/schema\\\/logo\\\/image\\\/\",\"url\":\"https:\\\/\\\/panm360.com\\\/wp-content\\\/uploads\\\/2019\\\/12\\\/PAN-M360_Logo_RGB.jpg\",\"contentUrl\":\"https:\\\/\\\/panm360.com\\\/wp-content\\\/uploads\\\/2019\\\/12\\\/PAN-M360_Logo_RGB.jpg\",\"width\":1663,\"height\":631,\"caption\":\"PAN M 360\"},\"image\":{\"@id\":\"https:\\\/\\\/panm360.com\\\/en\\\/#\\\/schema\\\/logo\\\/image\\\/\"},\"sameAs\":[\"https:\\\/\\\/www.facebook.com\\\/panm360\\\/\",\"https:\\\/\\\/x.com\\\/PANM360\",\"https:\\\/\\\/www.instagram.com\\\/panm360\\\/\",\"https:\\\/\\\/www.linkedin.com\\\/company\\\/panm360\\\/\",\"https:\\\/\\\/www.youtube.com\\\/channel\\\/UCHEFHd3UhIrV6EJ3ltzVKOA?view_as=subscriber\"]}]}<\/script>\n<!-- \/ Yoast SEO plugin. -->","yoast_head_json":{"title":"Mundial Montr\u00e9al: joik + jouhikko = \u00c1nn\u00e1m\u00e1ret - PAN M 360","robots":{"index":"index","follow":"follow","max-snippet":"max-snippet:-1","max-image-preview":"max-image-preview:large","max-video-preview":"max-video-preview:-1"},"canonical":"https:\/\/panm360.com\/en\/interviews-panm360\/mundial-montreal-joik-jouhikko-annamaret\/","og_locale":"en_US","og_type":"article","og_title":"Mundial Montr\u00e9al: joik + jouhikko = \u00c1nn\u00e1m\u00e1ret - PAN M 360","og_description":"After spending a number of years living in southern Finland, Anna N\u00e4kk\u00e4l\u00e4j\u00e4rvi-L\u00e4nsman decided to settle up north, in Nuorgam, where the S\u00e1mi people live. Anna has S\u00e1mi heritage from her father\u2019s side, she wanted to reconnect with this culture. With a strong background in musical studies\u2013clarinet, among other things\u2013 at the Tampere Conservatory and at [&hellip;]","og_url":"https:\/\/panm360.com\/en\/interviews-panm360\/mundial-montreal-joik-jouhikko-annamaret\/","og_site_name":"PAN M 360","article_publisher":"https:\/\/www.facebook.com\/panm360\/","article_modified_time":"2022-11-16T23:49:35+00:00","og_image":[{"width":1082,"height":1082,"url":"https:\/\/panm360.com\/wp-content\/uploads\/2022\/11\/Annamaret.jpg","type":"image\/jpeg"}],"twitter_card":"summary_large_image","twitter_site":"@PANM360","twitter_misc":{"Est. reading time":"7 minutes"},"schema":{"@context":"https:\/\/schema.org","@graph":[{"@type":"WebPage","@id":"https:\/\/panm360.com\/en\/interviews-panm360\/mundial-montreal-joik-jouhikko-annamaret\/","url":"https:\/\/panm360.com\/en\/interviews-panm360\/mundial-montreal-joik-jouhikko-annamaret\/","name":"Mundial Montr\u00e9al: joik + jouhikko = \u00c1nn\u00e1m\u00e1ret - PAN M 360","isPartOf":{"@id":"https:\/\/panm360.com\/en\/#website"},"primaryImageOfPage":{"@id":"https:\/\/panm360.com\/en\/interviews-panm360\/mundial-montreal-joik-jouhikko-annamaret\/#primaryimage"},"image":{"@id":"https:\/\/panm360.com\/en\/interviews-panm360\/mundial-montreal-joik-jouhikko-annamaret\/#primaryimage"},"thumbnailUrl":"https:\/\/panm360.com\/wp-content\/uploads\/2022\/11\/Annamaret.jpg","datePublished":"2022-11-16T17:07:05+00:00","dateModified":"2022-11-16T23:49:35+00:00","breadcrumb":{"@id":"https:\/\/panm360.com\/en\/interviews-panm360\/mundial-montreal-joik-jouhikko-annamaret\/#breadcrumb"},"inLanguage":"en-US","potentialAction":[{"@type":"ReadAction","target":["https:\/\/panm360.com\/en\/interviews-panm360\/mundial-montreal-joik-jouhikko-annamaret\/"]}]},{"@type":"ImageObject","inLanguage":"en-US","@id":"https:\/\/panm360.com\/en\/interviews-panm360\/mundial-montreal-joik-jouhikko-annamaret\/#primaryimage","url":"https:\/\/panm360.com\/wp-content\/uploads\/2022\/11\/Annamaret.jpg","contentUrl":"https:\/\/panm360.com\/wp-content\/uploads\/2022\/11\/Annamaret.jpg","width":800,"height":800},{"@type":"BreadcrumbList","@id":"https:\/\/panm360.com\/en\/interviews-panm360\/mundial-montreal-joik-jouhikko-annamaret\/#breadcrumb","itemListElement":[{"@type":"ListItem","position":1,"name":"Accueil","item":"https:\/\/panm360.com\/en\/"},{"@type":"ListItem","position":2,"name":"Interviews","item":"https:\/\/panm360.com\/en\/interviews-panm360\/"},{"@type":"ListItem","position":3,"name":"Mundial Montr\u00e9al: joik + jouhikko = \u00c1nn\u00e1m\u00e1ret"}]},{"@type":"WebSite","@id":"https:\/\/panm360.com\/en\/#website","url":"https:\/\/panm360.com\/en\/","name":"PAN M 360","description":"Le m\u00e9dia num\u00e9rique de la musique !","publisher":{"@id":"https:\/\/panm360.com\/en\/#organization"},"potentialAction":[{"@type":"SearchAction","target":{"@type":"EntryPoint","urlTemplate":"https:\/\/panm360.com\/en\/?s={search_term_string}"},"query-input":{"@type":"PropertyValueSpecification","valueRequired":true,"valueName":"search_term_string"}}],"inLanguage":"en-US"},{"@type":"Organization","@id":"https:\/\/panm360.com\/en\/#organization","name":"PAN M 360","url":"https:\/\/panm360.com\/en\/","logo":{"@type":"ImageObject","inLanguage":"en-US","@id":"https:\/\/panm360.com\/en\/#\/schema\/logo\/image\/","url":"https:\/\/panm360.com\/wp-content\/uploads\/2019\/12\/PAN-M360_Logo_RGB.jpg","contentUrl":"https:\/\/panm360.com\/wp-content\/uploads\/2019\/12\/PAN-M360_Logo_RGB.jpg","width":1663,"height":631,"caption":"PAN M 360"},"image":{"@id":"https:\/\/panm360.com\/en\/#\/schema\/logo\/image\/"},"sameAs":["https:\/\/www.facebook.com\/panm360\/","https:\/\/x.com\/PANM360","https:\/\/www.instagram.com\/panm360\/","https:\/\/www.linkedin.com\/company\/panm360\/","https:\/\/www.youtube.com\/channel\/UCHEFHd3UhIrV6EJ3ltzVKOA?view_as=subscriber"]}]}},"_links":{"self":[{"href":"https:\/\/panm360.com\/en\/wp-json\/wp\/v2\/interviews\/83082","targetHints":{"allow":["GET"]}}],"collection":[{"href":"https:\/\/panm360.com\/en\/wp-json\/wp\/v2\/interviews"}],"about":[{"href":"https:\/\/panm360.com\/en\/wp-json\/wp\/v2\/types\/interviews"}],"author":[{"embeddable":true,"href":"https:\/\/panm360.com\/en\/wp-json\/wp\/v2\/users\/163"}],"wp:featuredmedia":[{"embeddable":true,"href":"https:\/\/panm360.com\/en\/wp-json\/wp\/v2\/media\/83083"}],"wp:attachment":[{"href":"https:\/\/panm360.com\/en\/wp-json\/wp\/v2\/media?parent=83082"}],"wp:term":[{"taxonomy":"category","embeddable":true,"href":"https:\/\/panm360.com\/en\/wp-json\/wp\/v2\/categories?post=83082"},{"taxonomy":"post_tag","embeddable":true,"href":"https:\/\/panm360.com\/en\/wp-json\/wp\/v2\/tags?post=83082"},{"taxonomy":"genre","embeddable":true,"href":"https:\/\/panm360.com\/en\/wp-json\/wp\/v2\/genre?post=83082"}],"curies":[{"name":"wp","href":"https:\/\/api.w.org\/{rel}","templated":true}]}}