{"id":76845,"date":"2022-08-14T12:19:25","date_gmt":"2022-08-14T16:19:25","guid":{"rendered":"https:\/\/panm360.com\/interviews-panm360\/oralite-et-musique-contemporaine-une-presence-autochtone\/"},"modified":"2022-08-14T21:55:41","modified_gmt":"2022-08-15T01:55:41","slug":"oralite-et-musique-contemporaine-une-presence-autochtone","status":"publish","type":"interviews","link":"https:\/\/panm360.com\/en\/interviews-panm360\/oralite-et-musique-contemporaine-une-presence-autochtone\/","title":{"rendered":"Poetic Aboriginal culture and Western contemporary music at Presence Autochtone"},"content":{"rendered":"\n<p class=\"wp-block-paragraph\"><strong>From the poetic orality of the <\/strong><strong>Aboriginal <\/strong><strong>culture to the written music of our Western era, two worlds attempt an intercultural practice, a sharing of practices and knowledge in the world of creations of the spirit.&nbsp;<\/strong><\/p>\n\n\n\n<p class=\"wp-block-paragraph\"><strong>Aboriginal poetry and contemporary music are thus brought together.<a href=\"https:\/\/presenceautochtone.ca\/en\/the-festival\/program\/activites-speciales\/page\/4\/\" target=\"_blank\" rel=\"noreferrer noopener\"> This program is presented Sunday, 7pm, at the Auditorium of the Grande Biblioth\u00e8que.<\/a><\/strong><\/p>\n\n\n\n<p class=\"wp-block-paragraph\"><strong>This program is presented by Land InSights, Forestare and the Nouvel Ensemble Moderne (NEM), in the context of the First Peoples&#8217; Festival, in partnership with the Biblioth\u00e8que et Archives nationales du Qu\u00e9bec, and with the collaboration of the OSM&#8217;s Vir\u00e9e classique.<\/strong><\/p>\n\n\n\n<p class=\"wp-block-paragraph\"><strong>The main course for this program is composed by Montrealer Tim Brady, and world premiered :   \u201cUiesh\u201d (2019), for voice and 14 instruments, based on poems in Innu-aimun by the poet Jos\u00e9phine Bacon, taken from the collection Uiesh &#8211; somewhere (M\u00e9moire d&#8217;encrier, 2018). With soprano Deantha Edmunds, musicians of the NEM.<\/strong><\/p>\n\n\n\n<p class=\"wp-block-paragraph\"><strong>PAN M 360 &nbsp;: Josephine Bacon&#8217;s Innu poems were the starting point. What did this reading inspire you to do?<\/strong><\/p>\n\n\n\n<p class=\"wp-block-paragraph\"><strong>TIM BRADY : <\/strong>I loved the directness of the language, but the sophistication and resonance of the images.&nbsp; The poems also use references to music a lot \u2013 \u201cI sing,\u201d \u201ca melodic air\u201d \u2013 so it just seemed so natural to set the poems to music.<\/p>\n\n\n\n<p class=\"wp-block-paragraph\"><strong>PAN M 360 &nbsp;:&#8221;From orality to written music; from gesture to sonority; from movement to musical line; it&#8217;s all about discovering the other, opening up to each other&#8217;s sensibilities and sharing their riches.&#8221; What do you think of this official presentation?<\/strong><\/p>\n\n\n\n<p class=\"wp-block-paragraph\"><strong>TIM BRADY : <\/strong>Yeah \u2013 as Zappa or Monk is reputed to have said: \u201cTalking about music is like dancing about architecture\u201d!&nbsp; It is difficult to articulate precisely what music is and how it works (aside from the technical jargon we musicians use\u2026but that only goes so far).&nbsp; Initially, this project was just about me working with Josephine\u2019s poem. Artist to artist.&nbsp; But it obviously touches on larger social issues, I think this is what they were trying to get at in the official presentation.<\/p>\n\n\n\n<p class=\"wp-block-paragraph\"><strong>PAN M 360 &nbsp;: What else is there to say? What is the preliminary idea here of a dialogue between Aboriginal poetic expression and your music?<\/strong><\/p>\n\n\n\n<p class=\"wp-block-paragraph\"><br><strong>TIM BRADY : <\/strong>I love writing for voice, and Josephine\u2019s poems are really well suited to music, at least to me. Working in a non-European language was also an intriguing challenge, it really forced me to listen to the sound of the language, as I have no access to the direct meaning. &nbsp; As well, I, like many Canadians, am increasing aware of the need to build bridges to the Indigenous peoples of the country and if this collaboration can be part of that process, great.<\/p>\n\n\n\n<p class=\"wp-block-paragraph\"><strong>PAN M 360 &nbsp;: What were the conscious or unconscious stages of the creative process?<\/strong><\/p>\n\n\n\n<p class=\"wp-block-paragraph\"><strong>TIM BRADY : <\/strong>At its very core, writing music is very instinctive.&nbsp; I just sit in my music studio and \u201clisten\u201d for music to appear in my head. I\u2019ve been doing this for 42 years, so I have lots of experience and many strategies to push things forward, to help the unconscious process along.&nbsp; But essentially \u2013 you just have to hear the music somehow, somewhere. At its best, it almost feels more like transcribing music that already exists.<\/p>\n\n\n\n<p class=\"wp-block-paragraph\"><strong>PAN M 360 &nbsp;: What was the general shape you wanted to give to this work in the beginning?<\/strong><\/p>\n\n\n\n<p class=\"wp-block-paragraph\"><strong>TIM BRADY : <\/strong>I knew I wanted to do several poems, but that the piece would be played continuously. I wanted the piece to be head as one unified gesture not 7 short songs. There is a certain intensity in performance and listening that comes with continuous forms that I like.&nbsp; But hey \u2013 that being said \u2013 I\u2019ve written lots of song cycles as well.&nbsp; I try to let the material tell me what to do and Josephine\u2019s poems just felt better suited to this more continuous approach.<\/p>\n\n\n\n<p class=\"wp-block-paragraph\"><strong>PAN M 360 &nbsp;: How did it develop?<\/strong><\/p>\n\n\n\n<p class=\"wp-block-paragraph\"><strong>TIM BRADY : <\/strong>The composing of the piece went pretty much according to plan. Sometimes this happens, you can never tell.<\/p>\n\n\n\n<p class=\"wp-block-paragraph\"><strong>PAN M 360 &nbsp;: How does the Aboriginal musical imagination play out in the piece? What is the role of Aboriginal soloist Deantha Edmunds in this?<\/strong><\/p>\n\n\n\n<p class=\"wp-block-paragraph\"><strong>TIM BRADY : <\/strong>I make no reference to Indigenous music at all in this work. I write from my personal experience and I hear what I hear.&nbsp; This is how I hear Josephine\u2019s words, set to music.&nbsp; It\u2019s that simple. Deantha\u2019s role is to sing the notes, and to bring the words to life. The fact that she in Inuit artist herself adds another element to the collaboration, and also contributes to a healthy cultural dialogue.<\/p>\n\n\n\n<p class=\"wp-block-paragraph\"><strong>PAN M 360 &nbsp;: How did the choice of the NEM and Lorraine Vaillancourt of the musicians of Forestare and Deantha Edmunds come about?<\/strong><\/p>\n\n\n\n<p class=\"wp-block-paragraph\"><strong>TIM BRADY : <\/strong>This whole project just kind of naturally fell together, and (for once!), I had almost nothing to doing with programming or production.&nbsp; I\u2019ve worked with NEM before, and know Forestare (the world of multiple-guitar orchestras is very small! \u2013 ie: Instruments of Happiness), so it feels like a natural fit. My piece only uses NEM, so the collaboration with Forestare is about the larger programme. Lorraine is conducting my piece with NEM and Deantha.<\/p>\n\n\n\n<p class=\"wp-block-paragraph\"><strong>PAN M 360 &nbsp;:<\/strong><strong> Is this composition recorded ?<\/strong><\/p>\n\n\n\n<p class=\"wp-block-paragraph\">It would be great to get a recording of the piece out to the public, but let\u2019s do the premiere first before we plan the world tour\u2026.!!!<\/p>\n","protected":false},"excerpt":{"rendered":"<p>From the poetic orality of the Aboriginal culture to the written music of our Western era, two worlds attempt an intercultural practice, a sharing of practices and knowledge in the world of creations of the spirit.&nbsp; Aboriginal poetry and contemporary music are thus brought together. This program is presented Sunday, 7pm, at the Auditorium of [&hellip;]<\/p>\n","protected":false},"author":36,"featured_media":76844,"menu_order":0,"template":"","format":"standard","meta":{"_acf_changed":false,"_crdt_document":""},"categories":[5527,5542],"tags":[],"genre":[4185,7977],"class_list":["post-76845","interviews","type-interviews","status-publish","format-standard","has-post-thumbnail","hentry","category-borealis-2","category-borealis-en","genre-first-nations-en","genre-musique-contemporaine-2-en"],"acf":[],"yoast_head":"<!-- This site is optimized with the Yoast SEO plugin v27.4 - https:\/\/yoast.com\/product\/yoast-seo-wordpress\/ -->\n<title>Poetic Aboriginal culture and Western contemporary music at Presence Autochtone - PAN M 360<\/title>\n<meta name=\"robots\" content=\"index, follow, max-snippet:-1, max-image-preview:large, max-video-preview:-1\" \/>\n<link rel=\"canonical\" href=\"https:\/\/panm360.com\/en\/interviews-panm360\/oralite-et-musique-contemporaine-une-presence-autochtone\/\" \/>\n<meta property=\"og:locale\" content=\"en_US\" \/>\n<meta property=\"og:type\" content=\"article\" \/>\n<meta property=\"og:title\" content=\"Poetic Aboriginal culture and Western contemporary music at Presence Autochtone - PAN M 360\" \/>\n<meta property=\"og:description\" content=\"From the poetic orality of the Aboriginal culture to the written music of our Western era, two worlds attempt an intercultural practice, a sharing of practices and knowledge in the world of creations of the spirit.&nbsp; Aboriginal poetry and contemporary music are thus brought together. This program is presented Sunday, 7pm, at the Auditorium of [&hellip;]\" \/>\n<meta property=\"og:url\" content=\"https:\/\/panm360.com\/en\/interviews-panm360\/oralite-et-musique-contemporaine-une-presence-autochtone\/\" \/>\n<meta property=\"og:site_name\" content=\"PAN M 360\" \/>\n<meta property=\"article:publisher\" content=\"https:\/\/www.facebook.com\/panm360\/\" \/>\n<meta property=\"article:modified_time\" content=\"2022-08-15T01:55:41+00:00\" \/>\n<meta property=\"og:image\" content=\"https:\/\/panm360.com\/wp-content\/uploads\/2022\/08\/Deanah-Edmunds.jpg\" \/>\n\t<meta property=\"og:image:width\" content=\"820\" \/>\n\t<meta property=\"og:image:height\" content=\"312\" \/>\n\t<meta property=\"og:image:type\" content=\"image\/jpeg\" \/>\n<meta name=\"twitter:card\" content=\"summary_large_image\" \/>\n<meta name=\"twitter:site\" content=\"@PANM360\" \/>\n<meta name=\"twitter:label1\" content=\"Est. reading time\" \/>\n\t<meta name=\"twitter:data1\" content=\"5 minutes\" \/>\n<script type=\"application\/ld+json\" class=\"yoast-schema-graph\">{\"@context\":\"https:\\\/\\\/schema.org\",\"@graph\":[{\"@type\":\"WebPage\",\"@id\":\"https:\\\/\\\/panm360.com\\\/en\\\/interviews-panm360\\\/oralite-et-musique-contemporaine-une-presence-autochtone\\\/\",\"url\":\"https:\\\/\\\/panm360.com\\\/en\\\/interviews-panm360\\\/oralite-et-musique-contemporaine-une-presence-autochtone\\\/\",\"name\":\"Poetic Aboriginal culture and Western contemporary music at Presence Autochtone - PAN M 360\",\"isPartOf\":{\"@id\":\"https:\\\/\\\/panm360.com\\\/en\\\/#website\"},\"primaryImageOfPage\":{\"@id\":\"https:\\\/\\\/panm360.com\\\/en\\\/interviews-panm360\\\/oralite-et-musique-contemporaine-une-presence-autochtone\\\/#primaryimage\"},\"image\":{\"@id\":\"https:\\\/\\\/panm360.com\\\/en\\\/interviews-panm360\\\/oralite-et-musique-contemporaine-une-presence-autochtone\\\/#primaryimage\"},\"thumbnailUrl\":\"https:\\\/\\\/panm360.com\\\/wp-content\\\/uploads\\\/2022\\\/08\\\/Deanah-Edmunds.jpg\",\"datePublished\":\"2022-08-14T16:19:25+00:00\",\"dateModified\":\"2022-08-15T01:55:41+00:00\",\"breadcrumb\":{\"@id\":\"https:\\\/\\\/panm360.com\\\/en\\\/interviews-panm360\\\/oralite-et-musique-contemporaine-une-presence-autochtone\\\/#breadcrumb\"},\"inLanguage\":\"en-US\",\"potentialAction\":[{\"@type\":\"ReadAction\",\"target\":[\"https:\\\/\\\/panm360.com\\\/en\\\/interviews-panm360\\\/oralite-et-musique-contemporaine-une-presence-autochtone\\\/\"]}]},{\"@type\":\"ImageObject\",\"inLanguage\":\"en-US\",\"@id\":\"https:\\\/\\\/panm360.com\\\/en\\\/interviews-panm360\\\/oralite-et-musique-contemporaine-une-presence-autochtone\\\/#primaryimage\",\"url\":\"https:\\\/\\\/panm360.com\\\/wp-content\\\/uploads\\\/2022\\\/08\\\/Deanah-Edmunds.jpg\",\"contentUrl\":\"https:\\\/\\\/panm360.com\\\/wp-content\\\/uploads\\\/2022\\\/08\\\/Deanah-Edmunds.jpg\",\"width\":820,\"height\":312},{\"@type\":\"BreadcrumbList\",\"@id\":\"https:\\\/\\\/panm360.com\\\/en\\\/interviews-panm360\\\/oralite-et-musique-contemporaine-une-presence-autochtone\\\/#breadcrumb\",\"itemListElement\":[{\"@type\":\"ListItem\",\"position\":1,\"name\":\"Accueil\",\"item\":\"https:\\\/\\\/panm360.com\\\/en\\\/\"},{\"@type\":\"ListItem\",\"position\":2,\"name\":\"Interviews\",\"item\":\"https:\\\/\\\/panm360.com\\\/en\\\/interviews-panm360\\\/\"},{\"@type\":\"ListItem\",\"position\":3,\"name\":\"Poetic Aboriginal culture and Western contemporary music at Presence Autochtone\"}]},{\"@type\":\"WebSite\",\"@id\":\"https:\\\/\\\/panm360.com\\\/en\\\/#website\",\"url\":\"https:\\\/\\\/panm360.com\\\/en\\\/\",\"name\":\"PAN M 360\",\"description\":\"Le m\u00e9dia num\u00e9rique de la musique !\",\"publisher\":{\"@id\":\"https:\\\/\\\/panm360.com\\\/en\\\/#organization\"},\"potentialAction\":[{\"@type\":\"SearchAction\",\"target\":{\"@type\":\"EntryPoint\",\"urlTemplate\":\"https:\\\/\\\/panm360.com\\\/en\\\/?s={search_term_string}\"},\"query-input\":{\"@type\":\"PropertyValueSpecification\",\"valueRequired\":true,\"valueName\":\"search_term_string\"}}],\"inLanguage\":\"en-US\"},{\"@type\":\"Organization\",\"@id\":\"https:\\\/\\\/panm360.com\\\/en\\\/#organization\",\"name\":\"PAN M 360\",\"url\":\"https:\\\/\\\/panm360.com\\\/en\\\/\",\"logo\":{\"@type\":\"ImageObject\",\"inLanguage\":\"en-US\",\"@id\":\"https:\\\/\\\/panm360.com\\\/en\\\/#\\\/schema\\\/logo\\\/image\\\/\",\"url\":\"https:\\\/\\\/panm360.com\\\/wp-content\\\/uploads\\\/2019\\\/12\\\/PAN-M360_Logo_RGB.jpg\",\"contentUrl\":\"https:\\\/\\\/panm360.com\\\/wp-content\\\/uploads\\\/2019\\\/12\\\/PAN-M360_Logo_RGB.jpg\",\"width\":1663,\"height\":631,\"caption\":\"PAN M 360\"},\"image\":{\"@id\":\"https:\\\/\\\/panm360.com\\\/en\\\/#\\\/schema\\\/logo\\\/image\\\/\"},\"sameAs\":[\"https:\\\/\\\/www.facebook.com\\\/panm360\\\/\",\"https:\\\/\\\/x.com\\\/PANM360\",\"https:\\\/\\\/www.instagram.com\\\/panm360\\\/\",\"https:\\\/\\\/www.linkedin.com\\\/company\\\/panm360\\\/\",\"https:\\\/\\\/www.youtube.com\\\/channel\\\/UCHEFHd3UhIrV6EJ3ltzVKOA?view_as=subscriber\"]}]}<\/script>\n<!-- \/ Yoast SEO plugin. -->","yoast_head_json":{"title":"Poetic Aboriginal culture and Western contemporary music at Presence Autochtone - PAN M 360","robots":{"index":"index","follow":"follow","max-snippet":"max-snippet:-1","max-image-preview":"max-image-preview:large","max-video-preview":"max-video-preview:-1"},"canonical":"https:\/\/panm360.com\/en\/interviews-panm360\/oralite-et-musique-contemporaine-une-presence-autochtone\/","og_locale":"en_US","og_type":"article","og_title":"Poetic Aboriginal culture and Western contemporary music at Presence Autochtone - PAN M 360","og_description":"From the poetic orality of the Aboriginal culture to the written music of our Western era, two worlds attempt an intercultural practice, a sharing of practices and knowledge in the world of creations of the spirit.&nbsp; Aboriginal poetry and contemporary music are thus brought together. This program is presented Sunday, 7pm, at the Auditorium of [&hellip;]","og_url":"https:\/\/panm360.com\/en\/interviews-panm360\/oralite-et-musique-contemporaine-une-presence-autochtone\/","og_site_name":"PAN M 360","article_publisher":"https:\/\/www.facebook.com\/panm360\/","article_modified_time":"2022-08-15T01:55:41+00:00","og_image":[{"width":820,"height":312,"url":"https:\/\/panm360.com\/wp-content\/uploads\/2022\/08\/Deanah-Edmunds.jpg","type":"image\/jpeg"}],"twitter_card":"summary_large_image","twitter_site":"@PANM360","twitter_misc":{"Est. reading time":"5 minutes"},"schema":{"@context":"https:\/\/schema.org","@graph":[{"@type":"WebPage","@id":"https:\/\/panm360.com\/en\/interviews-panm360\/oralite-et-musique-contemporaine-une-presence-autochtone\/","url":"https:\/\/panm360.com\/en\/interviews-panm360\/oralite-et-musique-contemporaine-une-presence-autochtone\/","name":"Poetic Aboriginal culture and Western contemporary music at Presence Autochtone - PAN M 360","isPartOf":{"@id":"https:\/\/panm360.com\/en\/#website"},"primaryImageOfPage":{"@id":"https:\/\/panm360.com\/en\/interviews-panm360\/oralite-et-musique-contemporaine-une-presence-autochtone\/#primaryimage"},"image":{"@id":"https:\/\/panm360.com\/en\/interviews-panm360\/oralite-et-musique-contemporaine-une-presence-autochtone\/#primaryimage"},"thumbnailUrl":"https:\/\/panm360.com\/wp-content\/uploads\/2022\/08\/Deanah-Edmunds.jpg","datePublished":"2022-08-14T16:19:25+00:00","dateModified":"2022-08-15T01:55:41+00:00","breadcrumb":{"@id":"https:\/\/panm360.com\/en\/interviews-panm360\/oralite-et-musique-contemporaine-une-presence-autochtone\/#breadcrumb"},"inLanguage":"en-US","potentialAction":[{"@type":"ReadAction","target":["https:\/\/panm360.com\/en\/interviews-panm360\/oralite-et-musique-contemporaine-une-presence-autochtone\/"]}]},{"@type":"ImageObject","inLanguage":"en-US","@id":"https:\/\/panm360.com\/en\/interviews-panm360\/oralite-et-musique-contemporaine-une-presence-autochtone\/#primaryimage","url":"https:\/\/panm360.com\/wp-content\/uploads\/2022\/08\/Deanah-Edmunds.jpg","contentUrl":"https:\/\/panm360.com\/wp-content\/uploads\/2022\/08\/Deanah-Edmunds.jpg","width":820,"height":312},{"@type":"BreadcrumbList","@id":"https:\/\/panm360.com\/en\/interviews-panm360\/oralite-et-musique-contemporaine-une-presence-autochtone\/#breadcrumb","itemListElement":[{"@type":"ListItem","position":1,"name":"Accueil","item":"https:\/\/panm360.com\/en\/"},{"@type":"ListItem","position":2,"name":"Interviews","item":"https:\/\/panm360.com\/en\/interviews-panm360\/"},{"@type":"ListItem","position":3,"name":"Poetic Aboriginal culture and Western contemporary music at Presence Autochtone"}]},{"@type":"WebSite","@id":"https:\/\/panm360.com\/en\/#website","url":"https:\/\/panm360.com\/en\/","name":"PAN M 360","description":"Le m\u00e9dia num\u00e9rique de la musique !","publisher":{"@id":"https:\/\/panm360.com\/en\/#organization"},"potentialAction":[{"@type":"SearchAction","target":{"@type":"EntryPoint","urlTemplate":"https:\/\/panm360.com\/en\/?s={search_term_string}"},"query-input":{"@type":"PropertyValueSpecification","valueRequired":true,"valueName":"search_term_string"}}],"inLanguage":"en-US"},{"@type":"Organization","@id":"https:\/\/panm360.com\/en\/#organization","name":"PAN M 360","url":"https:\/\/panm360.com\/en\/","logo":{"@type":"ImageObject","inLanguage":"en-US","@id":"https:\/\/panm360.com\/en\/#\/schema\/logo\/image\/","url":"https:\/\/panm360.com\/wp-content\/uploads\/2019\/12\/PAN-M360_Logo_RGB.jpg","contentUrl":"https:\/\/panm360.com\/wp-content\/uploads\/2019\/12\/PAN-M360_Logo_RGB.jpg","width":1663,"height":631,"caption":"PAN M 360"},"image":{"@id":"https:\/\/panm360.com\/en\/#\/schema\/logo\/image\/"},"sameAs":["https:\/\/www.facebook.com\/panm360\/","https:\/\/x.com\/PANM360","https:\/\/www.instagram.com\/panm360\/","https:\/\/www.linkedin.com\/company\/panm360\/","https:\/\/www.youtube.com\/channel\/UCHEFHd3UhIrV6EJ3ltzVKOA?view_as=subscriber"]}]}},"_links":{"self":[{"href":"https:\/\/panm360.com\/en\/wp-json\/wp\/v2\/interviews\/76845","targetHints":{"allow":["GET"]}}],"collection":[{"href":"https:\/\/panm360.com\/en\/wp-json\/wp\/v2\/interviews"}],"about":[{"href":"https:\/\/panm360.com\/en\/wp-json\/wp\/v2\/types\/interviews"}],"author":[{"embeddable":true,"href":"https:\/\/panm360.com\/en\/wp-json\/wp\/v2\/users\/36"}],"wp:featuredmedia":[{"embeddable":true,"href":"https:\/\/panm360.com\/en\/wp-json\/wp\/v2\/media\/76844"}],"wp:attachment":[{"href":"https:\/\/panm360.com\/en\/wp-json\/wp\/v2\/media?parent=76845"}],"wp:term":[{"taxonomy":"category","embeddable":true,"href":"https:\/\/panm360.com\/en\/wp-json\/wp\/v2\/categories?post=76845"},{"taxonomy":"post_tag","embeddable":true,"href":"https:\/\/panm360.com\/en\/wp-json\/wp\/v2\/tags?post=76845"},{"taxonomy":"genre","embeddable":true,"href":"https:\/\/panm360.com\/en\/wp-json\/wp\/v2\/genre?post=76845"}],"curies":[{"name":"wp","href":"https:\/\/api.w.org\/{rel}","templated":true}]}}