{"id":33024,"date":"2020-11-17T12:38:58","date_gmt":"2020-11-17T17:38:58","guid":{"rendered":"https:\/\/panm360.com\/interviews-panm360\/karina-gauvin-une-muse-pour-les-mecenes\/"},"modified":"2020-11-17T12:45:13","modified_gmt":"2020-11-17T17:45:13","slug":"karina-gauvin-une-muse-pour-les-mecenes","status":"publish","type":"interviews","link":"https:\/\/panm360.com\/en\/interviews-panm360\/karina-gauvin-une-muse-pour-les-mecenes\/","title":{"rendered":"Karina Gauvin: a muse for patrons of the arts"},"content":{"rendered":"\n<p class=\"wp-block-paragraph\"><em>Photo: Julien Faugere<\/em><\/p>\n\n\n\n<p class=\"wp-block-paragraph\">Quebec soprano Karina Gauvin has been named artist-in-residence of the M\u00e9c\u00e9nat Musica program until 2022! The artist is a true world star in opera singing. There\u2019s no exaggeration to say that, let alone an ounce of chauvinism. It\u2019s the strict truth. Which makes this announcement all the more exciting because it means that Gauvin will be on our stages much more often than in recent years, virtually, or even physically, when the pandemic has subsided.<\/p>\n\n\n\n<p class=\"wp-block-paragraph\">PAN M 360 spoke with the soprano. Here are her reactions to this nomination.<\/p>\n\n\n\n<figure class=\"wp-block-embed-youtube wp-block-embed is-type-video is-provider-youtube wp-embed-aspect-16-9 wp-has-aspect-ratio\"><div class=\"wp-block-embed__wrapper\">\n<iframe loading=\"lazy\" title=\"KARINA GAUVIN live in Bucharest - Handel: \u201cDa tempeste il legno infrano\u201d\u00a0(Giulio Cesare)\" width=\"500\" height=\"281\" src=\"https:\/\/www.youtube.com\/embed\/NP7Po4nNEKk?feature=oembed\" frameborder=\"0\" allow=\"accelerometer; autoplay; clipboard-write; encrypted-media; gyroscope; picture-in-picture; web-share\" referrerpolicy=\"strict-origin-when-cross-origin\" allowfullscreen><\/iframe>\n<\/div><\/figure>\n\n\n\n<p class=\"wp-block-paragraph\"><strong>PAN M 360:<\/strong> Hello, Karina! What is your role as artist-in-residence at M\u00e9c\u00e9nat Musica?<\/p>\n\n\n\n<p class=\"wp-block-paragraph\"><strong>Karina Gauvin:<\/strong> I\u2019ll be available to take part in concerts and fundraising events for the 40 or so organizations that are partners of the M\u00e9c\u00e9nat Musica program.<\/p>\n\n\n\n<p class=\"wp-block-paragraph\">(<strong><em>Note: <\/em><\/strong><em>The <\/em><a href=\"https:\/\/fr.mecenatmusica.com\/\" target=\"_blank\" rel=\"noreferrer noopener\"><strong><em>M\u00e9c\u00e9nat Musica<\/em><\/strong><\/a><em> program encourages individuals to make a $25,000 donation in perpetuity to a cultural organization that is close to their heart (and $250,000 or $2,500,000 for families). Donations are matched by M\u00e9c\u00e9nat Musica and then matched by matching funds from government programs. With the associated federal and provincial tax credits, the net cost to an individual is only a fraction of the amount invested (approximately $6,000 for a donation of $25,000). If an organization receives, for example, 10 donations of $25,000 from individuals, in the end, it could raise up to $2 million in a fund in perpetuity! This program is unique in the world.<\/em>)<\/p>\n\n\n\n<figure class=\"wp-block-embed-youtube wp-block-embed is-type-video is-provider-youtube wp-embed-aspect-16-9 wp-has-aspect-ratio\"><div class=\"wp-block-embed__wrapper\">\n<iframe loading=\"lazy\" title=\"M\u00e9c\u00e9nat Musica \u00e0 perp\u00e9tuit\u00e9 2019 : 25 000 $ (M\u00e9c\u00e9nat Musica 130.2)\" width=\"500\" height=\"281\" src=\"https:\/\/www.youtube.com\/embed\/WyK-jJcVG3k?feature=oembed\" frameborder=\"0\" allow=\"accelerometer; autoplay; clipboard-write; encrypted-media; gyroscope; picture-in-picture; web-share\" referrerpolicy=\"strict-origin-when-cross-origin\" allowfullscreen><\/iframe>\n<\/div><\/figure>\n\n\n\n<p class=\"wp-block-paragraph\"><strong>PAN M 360: <\/strong>Who will decide what kind of activities you\u2019ll participate in?<\/p>\n\n\n\n<p class=\"wp-block-paragraph\"><strong>Karina Gauvin:<\/strong> It will be on a case-by-case basis. Interested organizations can already contact me. We will discuss their needs together and how I can best contribute. Afterwards, we\u2019ll decide on a musical program.<\/p>\n\n\n\n<p class=\"wp-block-paragraph\"><strong>PAN M 360:<\/strong> In the context of the pandemic, how did you react when you were offered this partnership?<\/p>\n\n\n\n<p class=\"wp-block-paragraph\"><strong>Karina Gauvin:<\/strong> Very happy! It\u2019s a way of returning to my country and reconnecting with the audience back home, because I have spent most of the last few years in Europe. Having said that, it is also a breath of fresh air because I have lost everything because of the pandemic. It has been a clean slate for me. So it\u2019s the best of both worlds, because I\u2019ll be able to do what I love the most and at the same time, contribute to the sustainability of many music organizations that need it!<\/p>\n\n\n\n<p class=\"wp-block-paragraph\"><strong>PAN M 360:<\/strong> How important do you think this programme is?<\/p>\n\n\n\n<p class=\"wp-block-paragraph\"><strong>Karina Gauvin:<\/strong> Very! The pandemic has turned everything upside down, you know that. Artists have been hit hard. What else can we do but get organized, stick together, help each other, and develop new business models to survive? That\u2019s what this initiative, unique on the planet, offers, which I hope will perhaps inspire some small ones elsewhere.<\/p>\n\n\n\n<figure class=\"wp-block-embed-youtube wp-block-embed is-type-video is-provider-youtube wp-embed-aspect-16-9 wp-has-aspect-ratio\"><div class=\"wp-block-embed__wrapper\">\n<iframe loading=\"lazy\" title=\"Karina Gauvin C.W. Gluck  Pacific Baroque Orchestra  \u00c9l\u00e9onore Lagac\u00e9 [Ah, si la libert\u00e9]\" width=\"500\" height=\"281\" src=\"https:\/\/www.youtube.com\/embed\/pwkTcLYAULw?feature=oembed\" frameborder=\"0\" allow=\"accelerometer; autoplay; clipboard-write; encrypted-media; gyroscope; picture-in-picture; web-share\" referrerpolicy=\"strict-origin-when-cross-origin\" allowfullscreen><\/iframe>\n<\/div><\/figure>\n\n\n\n<p class=\"wp-block-paragraph\"><strong>PAN M 360:<\/strong> Because elsewhere in the world, the situation is no better&#8230;<\/p>\n\n\n\n<p class=\"wp-block-paragraph\"><strong>Karina Gauvin:<\/strong> Not at all! In Europe, I worked with several organizations that were already struggling before the arrival of the virus. What will it be like afterwards? Many will go bankrupt, I\u2019m afraid. The repercussions of this tragedy will be felt far beyond any victory against the virus itself. It will never be the same again. Never. Many artists will give up the profession.&nbsp;<\/p>\n\n\n\n<p class=\"wp-block-paragraph\"><strong>PAN M 360: <\/strong>That isn\u2019t your case \u2013 do you have any plans in the pipeline?<\/p>\n\n\n\n<p class=\"wp-block-paragraph\"><strong>Karina Gauvin:<\/strong>Yes, some exciting projects. I\u2019m participating in the completion of the complete melodies of Jules Massenet, more than 300 of them, many of them previously unreleased, with the ATMA classical team. An all-Quebec production, with Marie-Nicole (Lemieux), \u00c9tienne (Dupuis), Julie (Boulianne), and nine other local singers. This project will be a world premiere! The irony is that the pandemic allowed us to accelerate the pace of the recordings, because we were available! I also have projects with Ensemble Caprice, among others. I keep myself as active as possible, even though I can\u2019t remember the last time I spent so much time at home.<\/p>\n\n\n\n<p class=\"wp-block-paragraph\"><strong>PAN M 360: <\/strong>Karina, the greatest success with M\u00e9c\u00e9nat Musica, and in all your other projects. Thank you for your involvement!<\/p>\n\n\n\n<p class=\"wp-block-paragraph\"><strong>Karina Gauvin:<\/strong> Thank you very much!<\/p>\n","protected":false},"excerpt":{"rendered":"<p>Photo: Julien Faugere Quebec soprano Karina Gauvin has been named artist-in-residence of the M\u00e9c\u00e9nat Musica program until 2022! The artist is a true world star in opera singing. There\u2019s no exaggeration to say that, let alone an ounce of chauvinism. It\u2019s the strict truth. Which makes this announcement all the more exciting because it means [&hellip;]<\/p>\n","protected":false},"author":775,"featured_media":0,"menu_order":0,"template":"","format":"standard","meta":{"_acf_changed":false,"_crdt_document":""},"categories":[4628],"tags":[],"genre":[3111,3110],"class_list":["post-33024","interviews","type-interviews","status-publish","format-standard","hentry","category-interviews-en","genre-classical","genre-classical-singing"],"acf":[],"yoast_head":"<!-- This site is optimized with the Yoast SEO plugin v27.5 - https:\/\/yoast.com\/product\/yoast-seo-wordpress\/ -->\n<title>Karina Gauvin: a muse for patrons of the arts - PAN M 360<\/title>\n<meta name=\"robots\" content=\"index, follow, max-snippet:-1, max-image-preview:large, max-video-preview:-1\" \/>\n<link rel=\"canonical\" href=\"https:\/\/panm360.com\/en\/interviews-panm360\/karina-gauvin-une-muse-pour-les-mecenes\/\" \/>\n<meta property=\"og:locale\" content=\"en_US\" \/>\n<meta property=\"og:type\" content=\"article\" \/>\n<meta property=\"og:title\" content=\"Karina Gauvin: a muse for patrons of the arts - PAN M 360\" \/>\n<meta property=\"og:description\" content=\"Photo: Julien Faugere Quebec soprano Karina Gauvin has been named artist-in-residence of the M\u00e9c\u00e9nat Musica program until 2022! The artist is a true world star in opera singing. There\u2019s no exaggeration to say that, let alone an ounce of chauvinism. It\u2019s the strict truth. Which makes this announcement all the more exciting because it means [&hellip;]\" \/>\n<meta property=\"og:url\" content=\"https:\/\/panm360.com\/en\/interviews-panm360\/karina-gauvin-une-muse-pour-les-mecenes\/\" \/>\n<meta property=\"og:site_name\" content=\"PAN M 360\" \/>\n<meta property=\"article:publisher\" content=\"https:\/\/www.facebook.com\/panm360\/\" \/>\n<meta property=\"article:modified_time\" content=\"2020-11-17T17:45:13+00:00\" \/>\n<meta property=\"og:image\" content=\"https:\/\/panm360.com\/wp-content\/uploads\/2020\/11\/Gauvin_Karina_sjabloon3_Julien_Faugere.jpg\" \/>\n\t<meta property=\"og:image:width\" content=\"900\" \/>\n\t<meta property=\"og:image:height\" content=\"450\" \/>\n\t<meta property=\"og:image:type\" content=\"image\/jpeg\" \/>\n<meta name=\"twitter:card\" content=\"summary_large_image\" \/>\n<meta name=\"twitter:site\" content=\"@PANM360\" \/>\n<meta name=\"twitter:label1\" content=\"Est. reading time\" \/>\n\t<meta name=\"twitter:data1\" content=\"4 minutes\" \/>\n<script type=\"application\/ld+json\" class=\"yoast-schema-graph\">{\"@context\":\"https:\\\/\\\/schema.org\",\"@graph\":[{\"@type\":\"WebPage\",\"@id\":\"https:\\\/\\\/panm360.com\\\/en\\\/interviews-panm360\\\/karina-gauvin-une-muse-pour-les-mecenes\\\/\",\"url\":\"https:\\\/\\\/panm360.com\\\/en\\\/interviews-panm360\\\/karina-gauvin-une-muse-pour-les-mecenes\\\/\",\"name\":\"Karina Gauvin: a muse for patrons of the arts - PAN M 360\",\"isPartOf\":{\"@id\":\"https:\\\/\\\/panm360.com\\\/en\\\/#website\"},\"datePublished\":\"2020-11-17T17:38:58+00:00\",\"dateModified\":\"2020-11-17T17:45:13+00:00\",\"breadcrumb\":{\"@id\":\"https:\\\/\\\/panm360.com\\\/en\\\/interviews-panm360\\\/karina-gauvin-une-muse-pour-les-mecenes\\\/#breadcrumb\"},\"inLanguage\":\"en-US\",\"potentialAction\":[{\"@type\":\"ReadAction\",\"target\":[\"https:\\\/\\\/panm360.com\\\/en\\\/interviews-panm360\\\/karina-gauvin-une-muse-pour-les-mecenes\\\/\"]}]},{\"@type\":\"BreadcrumbList\",\"@id\":\"https:\\\/\\\/panm360.com\\\/en\\\/interviews-panm360\\\/karina-gauvin-une-muse-pour-les-mecenes\\\/#breadcrumb\",\"itemListElement\":[{\"@type\":\"ListItem\",\"position\":1,\"name\":\"Accueil\",\"item\":\"https:\\\/\\\/panm360.com\\\/en\\\/\"},{\"@type\":\"ListItem\",\"position\":2,\"name\":\"Interviews\",\"item\":\"https:\\\/\\\/panm360.com\\\/en\\\/interviews-panm360\\\/\"},{\"@type\":\"ListItem\",\"position\":3,\"name\":\"Karina Gauvin: a muse for patrons of the arts\"}]},{\"@type\":\"WebSite\",\"@id\":\"https:\\\/\\\/panm360.com\\\/en\\\/#website\",\"url\":\"https:\\\/\\\/panm360.com\\\/en\\\/\",\"name\":\"PAN M 360\",\"description\":\"Le m\u00e9dia num\u00e9rique de la musique !\",\"publisher\":{\"@id\":\"https:\\\/\\\/panm360.com\\\/en\\\/#organization\"},\"potentialAction\":[{\"@type\":\"SearchAction\",\"target\":{\"@type\":\"EntryPoint\",\"urlTemplate\":\"https:\\\/\\\/panm360.com\\\/en\\\/?s={search_term_string}\"},\"query-input\":{\"@type\":\"PropertyValueSpecification\",\"valueRequired\":true,\"valueName\":\"search_term_string\"}}],\"inLanguage\":\"en-US\"},{\"@type\":\"Organization\",\"@id\":\"https:\\\/\\\/panm360.com\\\/en\\\/#organization\",\"name\":\"PAN M 360\",\"url\":\"https:\\\/\\\/panm360.com\\\/en\\\/\",\"logo\":{\"@type\":\"ImageObject\",\"inLanguage\":\"en-US\",\"@id\":\"https:\\\/\\\/panm360.com\\\/en\\\/#\\\/schema\\\/logo\\\/image\\\/\",\"url\":\"https:\\\/\\\/panm360.com\\\/wp-content\\\/uploads\\\/2019\\\/12\\\/PAN-M360_Logo_RGB.jpg\",\"contentUrl\":\"https:\\\/\\\/panm360.com\\\/wp-content\\\/uploads\\\/2019\\\/12\\\/PAN-M360_Logo_RGB.jpg\",\"width\":1663,\"height\":631,\"caption\":\"PAN M 360\"},\"image\":{\"@id\":\"https:\\\/\\\/panm360.com\\\/en\\\/#\\\/schema\\\/logo\\\/image\\\/\"},\"sameAs\":[\"https:\\\/\\\/www.facebook.com\\\/panm360\\\/\",\"https:\\\/\\\/x.com\\\/PANM360\",\"https:\\\/\\\/www.instagram.com\\\/panm360\\\/\",\"https:\\\/\\\/www.linkedin.com\\\/company\\\/panm360\\\/\",\"https:\\\/\\\/www.youtube.com\\\/channel\\\/UCHEFHd3UhIrV6EJ3ltzVKOA?view_as=subscriber\"]}]}<\/script>\n<!-- \/ Yoast SEO plugin. -->","yoast_head_json":{"title":"Karina Gauvin: a muse for patrons of the arts - PAN M 360","robots":{"index":"index","follow":"follow","max-snippet":"max-snippet:-1","max-image-preview":"max-image-preview:large","max-video-preview":"max-video-preview:-1"},"canonical":"https:\/\/panm360.com\/en\/interviews-panm360\/karina-gauvin-une-muse-pour-les-mecenes\/","og_locale":"en_US","og_type":"article","og_title":"Karina Gauvin: a muse for patrons of the arts - PAN M 360","og_description":"Photo: Julien Faugere Quebec soprano Karina Gauvin has been named artist-in-residence of the M\u00e9c\u00e9nat Musica program until 2022! The artist is a true world star in opera singing. There\u2019s no exaggeration to say that, let alone an ounce of chauvinism. It\u2019s the strict truth. Which makes this announcement all the more exciting because it means [&hellip;]","og_url":"https:\/\/panm360.com\/en\/interviews-panm360\/karina-gauvin-une-muse-pour-les-mecenes\/","og_site_name":"PAN M 360","article_publisher":"https:\/\/www.facebook.com\/panm360\/","article_modified_time":"2020-11-17T17:45:13+00:00","og_image":[{"width":900,"height":450,"url":"https:\/\/panm360.com\/wp-content\/uploads\/2020\/11\/Gauvin_Karina_sjabloon3_Julien_Faugere.jpg","type":"image\/jpeg"}],"twitter_card":"summary_large_image","twitter_site":"@PANM360","twitter_misc":{"Est. reading time":"4 minutes"},"schema":{"@context":"https:\/\/schema.org","@graph":[{"@type":"WebPage","@id":"https:\/\/panm360.com\/en\/interviews-panm360\/karina-gauvin-une-muse-pour-les-mecenes\/","url":"https:\/\/panm360.com\/en\/interviews-panm360\/karina-gauvin-une-muse-pour-les-mecenes\/","name":"Karina Gauvin: a muse for patrons of the arts - PAN M 360","isPartOf":{"@id":"https:\/\/panm360.com\/en\/#website"},"datePublished":"2020-11-17T17:38:58+00:00","dateModified":"2020-11-17T17:45:13+00:00","breadcrumb":{"@id":"https:\/\/panm360.com\/en\/interviews-panm360\/karina-gauvin-une-muse-pour-les-mecenes\/#breadcrumb"},"inLanguage":"en-US","potentialAction":[{"@type":"ReadAction","target":["https:\/\/panm360.com\/en\/interviews-panm360\/karina-gauvin-une-muse-pour-les-mecenes\/"]}]},{"@type":"BreadcrumbList","@id":"https:\/\/panm360.com\/en\/interviews-panm360\/karina-gauvin-une-muse-pour-les-mecenes\/#breadcrumb","itemListElement":[{"@type":"ListItem","position":1,"name":"Accueil","item":"https:\/\/panm360.com\/en\/"},{"@type":"ListItem","position":2,"name":"Interviews","item":"https:\/\/panm360.com\/en\/interviews-panm360\/"},{"@type":"ListItem","position":3,"name":"Karina Gauvin: a muse for patrons of the arts"}]},{"@type":"WebSite","@id":"https:\/\/panm360.com\/en\/#website","url":"https:\/\/panm360.com\/en\/","name":"PAN M 360","description":"Le m\u00e9dia num\u00e9rique de la musique !","publisher":{"@id":"https:\/\/panm360.com\/en\/#organization"},"potentialAction":[{"@type":"SearchAction","target":{"@type":"EntryPoint","urlTemplate":"https:\/\/panm360.com\/en\/?s={search_term_string}"},"query-input":{"@type":"PropertyValueSpecification","valueRequired":true,"valueName":"search_term_string"}}],"inLanguage":"en-US"},{"@type":"Organization","@id":"https:\/\/panm360.com\/en\/#organization","name":"PAN M 360","url":"https:\/\/panm360.com\/en\/","logo":{"@type":"ImageObject","inLanguage":"en-US","@id":"https:\/\/panm360.com\/en\/#\/schema\/logo\/image\/","url":"https:\/\/panm360.com\/wp-content\/uploads\/2019\/12\/PAN-M360_Logo_RGB.jpg","contentUrl":"https:\/\/panm360.com\/wp-content\/uploads\/2019\/12\/PAN-M360_Logo_RGB.jpg","width":1663,"height":631,"caption":"PAN M 360"},"image":{"@id":"https:\/\/panm360.com\/en\/#\/schema\/logo\/image\/"},"sameAs":["https:\/\/www.facebook.com\/panm360\/","https:\/\/x.com\/PANM360","https:\/\/www.instagram.com\/panm360\/","https:\/\/www.linkedin.com\/company\/panm360\/","https:\/\/www.youtube.com\/channel\/UCHEFHd3UhIrV6EJ3ltzVKOA?view_as=subscriber"]}]}},"_links":{"self":[{"href":"https:\/\/panm360.com\/en\/wp-json\/wp\/v2\/interviews\/33024","targetHints":{"allow":["GET"]}}],"collection":[{"href":"https:\/\/panm360.com\/en\/wp-json\/wp\/v2\/interviews"}],"about":[{"href":"https:\/\/panm360.com\/en\/wp-json\/wp\/v2\/types\/interviews"}],"author":[{"embeddable":true,"href":"https:\/\/panm360.com\/en\/wp-json\/wp\/v2\/users\/775"}],"wp:attachment":[{"href":"https:\/\/panm360.com\/en\/wp-json\/wp\/v2\/media?parent=33024"}],"wp:term":[{"taxonomy":"category","embeddable":true,"href":"https:\/\/panm360.com\/en\/wp-json\/wp\/v2\/categories?post=33024"},{"taxonomy":"post_tag","embeddable":true,"href":"https:\/\/panm360.com\/en\/wp-json\/wp\/v2\/tags?post=33024"},{"taxonomy":"genre","embeddable":true,"href":"https:\/\/panm360.com\/en\/wp-json\/wp\/v2\/genre?post=33024"}],"curies":[{"name":"wp","href":"https:\/\/api.w.org\/{rel}","templated":true}]}}