{"id":148805,"date":"2025-11-19T17:40:11","date_gmt":"2025-11-19T22:40:11","guid":{"rendered":"https:\/\/panm360.com\/interviews-panm360\/forro-rasta-paix-souffle-ses-deux-bougies\/"},"modified":"2025-11-22T14:27:23","modified_gmt":"2025-11-22T19:27:23","slug":"forro-rasta-paix-souffle-ses-deux-bougies","status":"publish","type":"interviews","link":"https:\/\/panm360.com\/en\/interviews-panm360\/forro-rasta-paix-souffle-ses-deux-bougies\/","title":{"rendered":"Forr\u00f3 Rasta Paix Celebrates Its Second Anniversary"},"content":{"rendered":"\n<p class=\"wp-block-paragraph\" style=\"font-size:20px\"><strong>One of the last cultural events of 2025 for Montreal&#8217;s Brazilian community is the double anniversary celebration for the groups Forr\u00f3 Rasta Paix and Tambor\u00e9al. While the former will be celebrating its second anniversary, the latter will be blowing out its very first candle. To mark the occasion, we met with Fabio Stilben, founder of Forr\u00f3 Rasta Paix, who told us about the band&#8217;s origins and, more importantly, the history of forr\u00f3 and its many variations. He took the time to trace the roots of forr\u00f3 back to its founders, such as Luis Gonzaga, and his many disciples. Fabio is a \u201ccarioca,\u201d the name given to natives of Rio de Janeiro, but he has always been fascinated by forr\u00f3, which originated in northeastern Brazil. After several years of playing and singing in various bands in Montreal, an encounter at the Jean Talon Market changed the course of his musical career. Sandra Gasana spoke with him for PAN M 360, a few days before the concert eagerly awaited by Brazilian music lovers.<\/strong><\/p>\n\n\n\n<figure class=\"wp-block-embed is-type-video is-provider-youtube wp-block-embed-youtube wp-embed-aspect-16-9 wp-has-aspect-ratio\"><div class=\"wp-block-embed__wrapper\">\n<iframe loading=\"lazy\" title=\"Forr\u00f3 Rasta Paix souffle ses deux bougies\" width=\"500\" height=\"281\" src=\"https:\/\/www.youtube.com\/embed\/WTTtDyqhOxo?feature=oembed\" frameborder=\"0\" allow=\"accelerometer; autoplay; clipboard-write; encrypted-media; gyroscope; picture-in-picture; web-share\" referrerpolicy=\"strict-origin-when-cross-origin\" allowfullscreen><\/iframe>\n<\/div><\/figure>\n\n\n\n<p class=\"wp-block-paragraph\" style=\"font-size:20px\"><strong><br><\/strong><br><br><br><br><\/p>\n","protected":false},"excerpt":{"rendered":"<p>One of the last cultural events of 2025 for Montreal&#8217;s Brazilian community is the double anniversary celebration for the groups Forr\u00f3 Rasta Paix and Tambor\u00e9al. While the former will be celebrating its second anniversary, the latter will be blowing out its very first candle. To mark the occasion, we met with Fabio Stilben, founder of [&hellip;]<\/p>\n","protected":false},"author":1468,"featured_media":148633,"menu_order":0,"template":"","format":"standard","meta":{"_acf_changed":false,"_crdt_document":""},"categories":[4628],"tags":[],"genre":[10440,4007,6520,3286],"class_list":["post-148805","interviews","type-interviews","status-publish","format-standard","has-post-thumbnail","hentry","category-interviews-en","genre-baiao-en","genre-brazilian","genre-forro-en","genre-samba-2"],"acf":[],"yoast_head":"<!-- This site is optimized with the Yoast SEO plugin v27.4 - https:\/\/yoast.com\/product\/yoast-seo-wordpress\/ -->\n<title>Forr\u00f3 Rasta Paix Celebrates Its Second Anniversary - PAN M 360<\/title>\n<meta name=\"description\" content=\"Ce concert est un double-anniversaire entre les groupes Forr\u00f3 Rasta Paix et Tambor\u00e9al et aura lieu le 28 novembre \u00e0 la Sala Rosa\" \/>\n<meta name=\"robots\" content=\"index, follow, max-snippet:-1, max-image-preview:large, max-video-preview:-1\" \/>\n<link rel=\"canonical\" href=\"https:\/\/panm360.com\/en\/interviews-panm360\/forro-rasta-paix-souffle-ses-deux-bougies\/\" \/>\n<meta property=\"og:locale\" content=\"en_US\" \/>\n<meta property=\"og:type\" content=\"article\" \/>\n<meta property=\"og:title\" content=\"Forr\u00f3 Rasta Paix Celebrates Its Second Anniversary - PAN M 360\" \/>\n<meta property=\"og:description\" content=\"Ce concert est un double-anniversaire entre les groupes Forr\u00f3 Rasta Paix et Tambor\u00e9al et aura lieu le 28 novembre \u00e0 la Sala Rosa\" \/>\n<meta property=\"og:url\" content=\"https:\/\/panm360.com\/en\/interviews-panm360\/forro-rasta-paix-souffle-ses-deux-bougies\/\" \/>\n<meta property=\"og:site_name\" content=\"PAN M 360\" \/>\n<meta property=\"article:publisher\" content=\"https:\/\/www.facebook.com\/panm360\/\" \/>\n<meta property=\"article:modified_time\" content=\"2025-11-22T19:27:23+00:00\" \/>\n<meta property=\"og:image\" content=\"https:\/\/panm360.com\/wp-content\/uploads\/2025\/11\/ab3b9780-72f9-4b3c-b019-29178a642f6a.jpg\" \/>\n\t<meta property=\"og:image:width\" content=\"828\" \/>\n\t<meta property=\"og:image:height\" content=\"505\" \/>\n\t<meta property=\"og:image:type\" content=\"image\/jpeg\" \/>\n<meta name=\"twitter:card\" content=\"summary_large_image\" \/>\n<meta name=\"twitter:site\" content=\"@PANM360\" \/>\n<meta name=\"twitter:label1\" content=\"Est. reading time\" \/>\n\t<meta name=\"twitter:data1\" content=\"2 minutes\" \/>\n<script type=\"application\/ld+json\" class=\"yoast-schema-graph\">{\"@context\":\"https:\\\/\\\/schema.org\",\"@graph\":[{\"@type\":\"WebPage\",\"@id\":\"https:\\\/\\\/panm360.com\\\/en\\\/interviews-panm360\\\/forro-rasta-paix-souffle-ses-deux-bougies\\\/\",\"url\":\"https:\\\/\\\/panm360.com\\\/en\\\/interviews-panm360\\\/forro-rasta-paix-souffle-ses-deux-bougies\\\/\",\"name\":\"Forr\u00f3 Rasta Paix Celebrates Its Second Anniversary - PAN M 360\",\"isPartOf\":{\"@id\":\"https:\\\/\\\/panm360.com\\\/en\\\/#website\"},\"primaryImageOfPage\":{\"@id\":\"https:\\\/\\\/panm360.com\\\/en\\\/interviews-panm360\\\/forro-rasta-paix-souffle-ses-deux-bougies\\\/#primaryimage\"},\"image\":{\"@id\":\"https:\\\/\\\/panm360.com\\\/en\\\/interviews-panm360\\\/forro-rasta-paix-souffle-ses-deux-bougies\\\/#primaryimage\"},\"thumbnailUrl\":\"https:\\\/\\\/panm360.com\\\/wp-content\\\/uploads\\\/2025\\\/11\\\/ab3b9780-72f9-4b3c-b019-29178a642f6a.jpg\",\"datePublished\":\"2025-11-19T22:40:11+00:00\",\"dateModified\":\"2025-11-22T19:27:23+00:00\",\"description\":\"Ce concert est un double-anniversaire entre les groupes Forr\u00f3 Rasta Paix et Tambor\u00e9al et aura lieu le 28 novembre \u00e0 la Sala Rosa\",\"breadcrumb\":{\"@id\":\"https:\\\/\\\/panm360.com\\\/en\\\/interviews-panm360\\\/forro-rasta-paix-souffle-ses-deux-bougies\\\/#breadcrumb\"},\"inLanguage\":\"en-US\",\"potentialAction\":[{\"@type\":\"ReadAction\",\"target\":[\"https:\\\/\\\/panm360.com\\\/en\\\/interviews-panm360\\\/forro-rasta-paix-souffle-ses-deux-bougies\\\/\"]}]},{\"@type\":\"ImageObject\",\"inLanguage\":\"en-US\",\"@id\":\"https:\\\/\\\/panm360.com\\\/en\\\/interviews-panm360\\\/forro-rasta-paix-souffle-ses-deux-bougies\\\/#primaryimage\",\"url\":\"https:\\\/\\\/panm360.com\\\/wp-content\\\/uploads\\\/2025\\\/11\\\/ab3b9780-72f9-4b3c-b019-29178a642f6a.jpg\",\"contentUrl\":\"https:\\\/\\\/panm360.com\\\/wp-content\\\/uploads\\\/2025\\\/11\\\/ab3b9780-72f9-4b3c-b019-29178a642f6a.jpg\",\"width\":828,\"height\":505},{\"@type\":\"BreadcrumbList\",\"@id\":\"https:\\\/\\\/panm360.com\\\/en\\\/interviews-panm360\\\/forro-rasta-paix-souffle-ses-deux-bougies\\\/#breadcrumb\",\"itemListElement\":[{\"@type\":\"ListItem\",\"position\":1,\"name\":\"Accueil\",\"item\":\"https:\\\/\\\/panm360.com\\\/en\\\/\"},{\"@type\":\"ListItem\",\"position\":2,\"name\":\"Interviews\",\"item\":\"https:\\\/\\\/panm360.com\\\/en\\\/interviews-panm360\\\/\"},{\"@type\":\"ListItem\",\"position\":3,\"name\":\"Forr\u00f3 Rasta Paix Celebrates Its Second Anniversary\"}]},{\"@type\":\"WebSite\",\"@id\":\"https:\\\/\\\/panm360.com\\\/en\\\/#website\",\"url\":\"https:\\\/\\\/panm360.com\\\/en\\\/\",\"name\":\"PAN M 360\",\"description\":\"Le m\u00e9dia num\u00e9rique de la musique !\",\"publisher\":{\"@id\":\"https:\\\/\\\/panm360.com\\\/en\\\/#organization\"},\"potentialAction\":[{\"@type\":\"SearchAction\",\"target\":{\"@type\":\"EntryPoint\",\"urlTemplate\":\"https:\\\/\\\/panm360.com\\\/en\\\/?s={search_term_string}\"},\"query-input\":{\"@type\":\"PropertyValueSpecification\",\"valueRequired\":true,\"valueName\":\"search_term_string\"}}],\"inLanguage\":\"en-US\"},{\"@type\":\"Organization\",\"@id\":\"https:\\\/\\\/panm360.com\\\/en\\\/#organization\",\"name\":\"PAN M 360\",\"url\":\"https:\\\/\\\/panm360.com\\\/en\\\/\",\"logo\":{\"@type\":\"ImageObject\",\"inLanguage\":\"en-US\",\"@id\":\"https:\\\/\\\/panm360.com\\\/en\\\/#\\\/schema\\\/logo\\\/image\\\/\",\"url\":\"https:\\\/\\\/panm360.com\\\/wp-content\\\/uploads\\\/2019\\\/12\\\/PAN-M360_Logo_RGB.jpg\",\"contentUrl\":\"https:\\\/\\\/panm360.com\\\/wp-content\\\/uploads\\\/2019\\\/12\\\/PAN-M360_Logo_RGB.jpg\",\"width\":1663,\"height\":631,\"caption\":\"PAN M 360\"},\"image\":{\"@id\":\"https:\\\/\\\/panm360.com\\\/en\\\/#\\\/schema\\\/logo\\\/image\\\/\"},\"sameAs\":[\"https:\\\/\\\/www.facebook.com\\\/panm360\\\/\",\"https:\\\/\\\/x.com\\\/PANM360\",\"https:\\\/\\\/www.instagram.com\\\/panm360\\\/\",\"https:\\\/\\\/www.linkedin.com\\\/company\\\/panm360\\\/\",\"https:\\\/\\\/www.youtube.com\\\/channel\\\/UCHEFHd3UhIrV6EJ3ltzVKOA?view_as=subscriber\"]}]}<\/script>\n<!-- \/ Yoast SEO plugin. -->","yoast_head_json":{"title":"Forr\u00f3 Rasta Paix Celebrates Its Second Anniversary - PAN M 360","description":"Ce concert est un double-anniversaire entre les groupes Forr\u00f3 Rasta Paix et Tambor\u00e9al et aura lieu le 28 novembre \u00e0 la Sala Rosa","robots":{"index":"index","follow":"follow","max-snippet":"max-snippet:-1","max-image-preview":"max-image-preview:large","max-video-preview":"max-video-preview:-1"},"canonical":"https:\/\/panm360.com\/en\/interviews-panm360\/forro-rasta-paix-souffle-ses-deux-bougies\/","og_locale":"en_US","og_type":"article","og_title":"Forr\u00f3 Rasta Paix Celebrates Its Second Anniversary - PAN M 360","og_description":"Ce concert est un double-anniversaire entre les groupes Forr\u00f3 Rasta Paix et Tambor\u00e9al et aura lieu le 28 novembre \u00e0 la Sala Rosa","og_url":"https:\/\/panm360.com\/en\/interviews-panm360\/forro-rasta-paix-souffle-ses-deux-bougies\/","og_site_name":"PAN M 360","article_publisher":"https:\/\/www.facebook.com\/panm360\/","article_modified_time":"2025-11-22T19:27:23+00:00","og_image":[{"width":828,"height":505,"url":"https:\/\/panm360.com\/wp-content\/uploads\/2025\/11\/ab3b9780-72f9-4b3c-b019-29178a642f6a.jpg","type":"image\/jpeg"}],"twitter_card":"summary_large_image","twitter_site":"@PANM360","twitter_misc":{"Est. reading time":"2 minutes"},"schema":{"@context":"https:\/\/schema.org","@graph":[{"@type":"WebPage","@id":"https:\/\/panm360.com\/en\/interviews-panm360\/forro-rasta-paix-souffle-ses-deux-bougies\/","url":"https:\/\/panm360.com\/en\/interviews-panm360\/forro-rasta-paix-souffle-ses-deux-bougies\/","name":"Forr\u00f3 Rasta Paix Celebrates Its Second Anniversary - PAN M 360","isPartOf":{"@id":"https:\/\/panm360.com\/en\/#website"},"primaryImageOfPage":{"@id":"https:\/\/panm360.com\/en\/interviews-panm360\/forro-rasta-paix-souffle-ses-deux-bougies\/#primaryimage"},"image":{"@id":"https:\/\/panm360.com\/en\/interviews-panm360\/forro-rasta-paix-souffle-ses-deux-bougies\/#primaryimage"},"thumbnailUrl":"https:\/\/panm360.com\/wp-content\/uploads\/2025\/11\/ab3b9780-72f9-4b3c-b019-29178a642f6a.jpg","datePublished":"2025-11-19T22:40:11+00:00","dateModified":"2025-11-22T19:27:23+00:00","description":"Ce concert est un double-anniversaire entre les groupes Forr\u00f3 Rasta Paix et Tambor\u00e9al et aura lieu le 28 novembre \u00e0 la Sala Rosa","breadcrumb":{"@id":"https:\/\/panm360.com\/en\/interviews-panm360\/forro-rasta-paix-souffle-ses-deux-bougies\/#breadcrumb"},"inLanguage":"en-US","potentialAction":[{"@type":"ReadAction","target":["https:\/\/panm360.com\/en\/interviews-panm360\/forro-rasta-paix-souffle-ses-deux-bougies\/"]}]},{"@type":"ImageObject","inLanguage":"en-US","@id":"https:\/\/panm360.com\/en\/interviews-panm360\/forro-rasta-paix-souffle-ses-deux-bougies\/#primaryimage","url":"https:\/\/panm360.com\/wp-content\/uploads\/2025\/11\/ab3b9780-72f9-4b3c-b019-29178a642f6a.jpg","contentUrl":"https:\/\/panm360.com\/wp-content\/uploads\/2025\/11\/ab3b9780-72f9-4b3c-b019-29178a642f6a.jpg","width":828,"height":505},{"@type":"BreadcrumbList","@id":"https:\/\/panm360.com\/en\/interviews-panm360\/forro-rasta-paix-souffle-ses-deux-bougies\/#breadcrumb","itemListElement":[{"@type":"ListItem","position":1,"name":"Accueil","item":"https:\/\/panm360.com\/en\/"},{"@type":"ListItem","position":2,"name":"Interviews","item":"https:\/\/panm360.com\/en\/interviews-panm360\/"},{"@type":"ListItem","position":3,"name":"Forr\u00f3 Rasta Paix Celebrates Its Second Anniversary"}]},{"@type":"WebSite","@id":"https:\/\/panm360.com\/en\/#website","url":"https:\/\/panm360.com\/en\/","name":"PAN M 360","description":"Le m\u00e9dia num\u00e9rique de la musique !","publisher":{"@id":"https:\/\/panm360.com\/en\/#organization"},"potentialAction":[{"@type":"SearchAction","target":{"@type":"EntryPoint","urlTemplate":"https:\/\/panm360.com\/en\/?s={search_term_string}"},"query-input":{"@type":"PropertyValueSpecification","valueRequired":true,"valueName":"search_term_string"}}],"inLanguage":"en-US"},{"@type":"Organization","@id":"https:\/\/panm360.com\/en\/#organization","name":"PAN M 360","url":"https:\/\/panm360.com\/en\/","logo":{"@type":"ImageObject","inLanguage":"en-US","@id":"https:\/\/panm360.com\/en\/#\/schema\/logo\/image\/","url":"https:\/\/panm360.com\/wp-content\/uploads\/2019\/12\/PAN-M360_Logo_RGB.jpg","contentUrl":"https:\/\/panm360.com\/wp-content\/uploads\/2019\/12\/PAN-M360_Logo_RGB.jpg","width":1663,"height":631,"caption":"PAN M 360"},"image":{"@id":"https:\/\/panm360.com\/en\/#\/schema\/logo\/image\/"},"sameAs":["https:\/\/www.facebook.com\/panm360\/","https:\/\/x.com\/PANM360","https:\/\/www.instagram.com\/panm360\/","https:\/\/www.linkedin.com\/company\/panm360\/","https:\/\/www.youtube.com\/channel\/UCHEFHd3UhIrV6EJ3ltzVKOA?view_as=subscriber"]}]}},"_links":{"self":[{"href":"https:\/\/panm360.com\/en\/wp-json\/wp\/v2\/interviews\/148805","targetHints":{"allow":["GET"]}}],"collection":[{"href":"https:\/\/panm360.com\/en\/wp-json\/wp\/v2\/interviews"}],"about":[{"href":"https:\/\/panm360.com\/en\/wp-json\/wp\/v2\/types\/interviews"}],"author":[{"embeddable":true,"href":"https:\/\/panm360.com\/en\/wp-json\/wp\/v2\/users\/1468"}],"wp:featuredmedia":[{"embeddable":true,"href":"https:\/\/panm360.com\/en\/wp-json\/wp\/v2\/media\/148633"}],"wp:attachment":[{"href":"https:\/\/panm360.com\/en\/wp-json\/wp\/v2\/media?parent=148805"}],"wp:term":[{"taxonomy":"category","embeddable":true,"href":"https:\/\/panm360.com\/en\/wp-json\/wp\/v2\/categories?post=148805"},{"taxonomy":"post_tag","embeddable":true,"href":"https:\/\/panm360.com\/en\/wp-json\/wp\/v2\/tags?post=148805"},{"taxonomy":"genre","embeddable":true,"href":"https:\/\/panm360.com\/en\/wp-json\/wp\/v2\/genre?post=148805"}],"curies":[{"name":"wp","href":"https:\/\/api.w.org\/{rel}","templated":true}]}}