{"id":148470,"date":"2025-11-12T13:26:14","date_gmt":"2025-11-12T18:26:14","guid":{"rendered":"https:\/\/panm360.com\/interviews-panm360\/osm-veronique-gens-defense-et-promotion-de-la-melodie-francaise\/"},"modified":"2025-11-16T13:02:01","modified_gmt":"2025-11-16T18:02:01","slug":"osm-veronique-gens-defense-et-promotion-de-la-melodie-francaise","status":"publish","type":"interviews","link":"https:\/\/panm360.com\/en\/interviews-panm360\/osm-veronique-gens-defense-et-promotion-de-la-melodie-francaise\/","title":{"rendered":"OSM | V\u00e9ronique Gens, Defending and Promoting French Melody"},"content":{"rendered":"\n<p class=\"wp-block-paragraph\" style=\"font-size:20px\"><strong>Soprano V\u00e9ronique Gens is the central figure in a program presented by the Montreal Symphony Orchestra on French melody, this Wednesday, November 12, and Thursday, November 13. French melody is a concept linked to the classical repertoire, which appeared in France in the mid-19th century. For voice and piano, and sometimes for voice and orchestra as in this case, French melody evolved independently, only to see its popularity wane during the 20th century. Today, some wish to revive it and restore its prestige to this body of work created by the great French composers of the 19th century, in collaboration with the finest writers of their time.<\/strong><\/p>\n\n\n\n<p class=\"wp-block-paragraph\" style=\"font-size:20px\"><strong>V\u00e9ronique Gens is one of those artists who are dedicated to this resurgence.<\/strong><\/p>\n\n\n\n<p class=\"wp-block-paragraph\" style=\"font-size:20px\"><strong>In short, the Nantes-based singer performed baroque music for over fifteen years before turning her attention to other repertoires, starting with French melodies, in collaboration with Palazzetto Bru Zane, co-presenter of this Montreal program. She also distinguished herself with her interpretation of La Voix humaine by Francis Poulenc and Jean Cocteau, which Canadian conductor and soprano Barbara Hannigan masterfully presented to Montreal audiences not so long ago.<\/strong><\/p>\n\n\n\n<p class=\"wp-block-paragraph\" style=\"font-size:20px\"><strong>V\u00e9ronique Gens will perform with the OSM under the baton of young French conductor Lucie Leguay. Also invited to sit on the jury for this year&#8217;s OSM Competition finals, which are dedicated to voice, V\u00e9ronique Gens explains her relationship with French melody.<\/strong><\/p>\n\n\n\n<p class=\"wp-block-paragraph\" style=\"font-size:20px\"><strong>PAN M 360: During this conversation, you will explain the choices made by Berlioz, Faur\u00e9, Holm\u00e8s, Massenet, Dukas\u2014in short, all the French composers of the 19th century. Explain to us how this program was put together, your role as a singer, because there will also be conductor Lucie Leguay leading the orchestra, performing melodies once written by composers for orchestra.<\/strong><\/p>\n\n\n\n<p class=\"wp-block-paragraph\" style=\"font-size:20px\"><strong>V\u00e9ronique Gens: <\/strong>Most of the time, the melodies are written for piano, and it&#8217;s true that we always do more or less the same ones, but thanks to the intervention of the Palazzetto Bru Zane, these are melodies that are rarely or almost never performed, apart from a few by Faur\u00e9, Les Roses d&#8217;Ispahan for example, which is a melody I sing very regularly in recitals with piano. But here we are lucky enough to have found, again thanks to Bru Zane, the transcriptions for orchestra, and that&#8217;s something no one else ever does.<\/p>\n\n\n\n<p class=\"wp-block-paragraph\" style=\"font-size:20px\">So we very rarely perform cycles of melodies with an orchestra. Berlioz&#8217;s Nuits d&#8217;\u00e9t\u00e9 comes to mind, for example. It&#8217;s pretty much the only cycle I know of that is performed on a regular basis, and even then only in large concerts with major symphony orchestras. So this is a completely new program! I was lucky enough to record all these melodies with an orchestra, but in France, no one gave me the opportunity to sing them with an orchestra. So, thank you, Montreal, and thank you, symphony orchestra.<\/p>\n\n\n\n<p class=\"wp-block-paragraph\" style=\"font-size:20px\"><strong>PAN M 360: It&#8217;s not done at all in France, which is surprising.<\/strong><\/p>\n\n\n\n<p class=\"wp-block-paragraph\" style=\"font-size:20px\"><strong>V\u00e9ronique Gens:<\/strong> No, it doesn&#8217;t surprise me anymore, actually. The French don&#8217;t like French melody\u2026 In short, let&#8217;s put it that way.<\/p>\n\n\n\n<p class=\"wp-block-paragraph\" style=\"font-size:20px\"><strong>PAN M 360: But what do you think of French melody? Opinions are divided, of course. For some who are unfamiliar with the repertoire, it can seem a little outdated because there is a type of pronunciation in Old French, words that may have become obsolete\u2026<\/strong><\/p>\n\n\n\n<p class=\"wp-block-paragraph\" style=\"font-size:20px\"><strong>V\u00e9ronique Gens<\/strong>: No, no, no! All my life, I&#8217;ve tried to dust off all that, so to speak, and I think people are afraid of French melody because of what you say, with a bit of a tight-lipped attitude, that it&#8217;s very intellectual music, very complicated and all that\u2026 I think the way it&#8217;s presented is a bit like that, actually, but in any case, that&#8217;s changing.<\/p>\n\n\n\n<p class=\"wp-block-paragraph\" style=\"font-size:20px\">Well\u2026 it&#8217;s difficult to move all that, but there are lots of melodies that are very accessible, all of Reynaldo Hahn, all of Gabriel Faur\u00e9, so actually, if you do a complete recording of Debussy&#8217;s melodies, it&#8217;s really unbearable and too complicated and too intellectual\u2026 Well, I really like Debussy, he&#8217;s a great composer, but Debussy&#8217;s melodies are still quite hard to digest. So there you have it, I think we need to vary the pleasures a little, and this program gives us a kind of overview of everything that French melody can be.<\/p>\n\n\n\n<p class=\"wp-block-paragraph\" style=\"font-size:20px\">It can be much lighter things, it can be funny things, very serious things, sad things, of course, but what&#8217;s also very special is that we&#8217;re doing it with an orchestra, and I think that will reassure people and make them want to come. It&#8217;s less austere, perhaps, than a singer and a pianist, where it&#8217;s very serious. With an orchestra, people are perhaps more used to seeing an orchestra\u2026 We try to vary things, in any case.<\/p>\n\n\n\n<p class=\"wp-block-paragraph\" style=\"font-size:20px\">There will be excerpts from Nuits d&#8217;\u00e9t\u00e9, but there is also Th\u00e9odore Dubois. To be honest, before singing it with Bru Zane, I had never heard of him. So, Faur\u00e9, yes, once again, L<em>es Roses d&#8217;Ispahan, La Chanson du P\u00eacheur,<\/em> but all of this with a very different perspective because it&#8217;s done with an orchestra. It&#8217;s really something else.<\/p>\n\n\n\n<p class=\"wp-block-paragraph\" style=\"font-size:20px\"><strong>PAN M 360: Adaptations, then. They were written, well, initially, most of them were written for piano and voice, and then the composers wrote them. They did this systematically throughout the entire program we are entitled to.<\/strong><\/p>\n\n\n\n<p class=\"wp-block-paragraph\" style=\"font-size:20px\"><strong>V\u00e9ronique Gens\u00a0:<\/strong>Yes, but you would need to ask Bru Zane&#8217;s artistic director to find out more.<\/p>\n\n\n\n<p class=\"wp-block-paragraph\" style=\"font-size:20px\"><strong>PAN M 360: Since we won&#8217;t be able to do it this week, tell us about Palazetto Bru Zane.<\/strong><\/p>\n\n\n\n<p class=\"wp-block-paragraph\" style=\"font-size:20px\"><strong>V\u00e9ronique Gens\u00a0: <\/strong>So, it&#8217;s been about 15 years since we met, and I&#8217;ve discovered a whole new artistic world. Romantic French music has been completely neglected in France, and Bru Zane&#8217;s work is to bring all this music to light, with composers I&#8217;d never heard of before, most of whom are fascinating. I&#8217;ve made several recordings with Bru Zane, maybe a good twenty or so, with completely unpublished works. Benjamin Godard, for example, I had never heard of him, and his music is wonderful, very romantic, very Hollywood movie-like.<\/p>\n\n\n\n<p class=\"wp-block-paragraph\" style=\"font-size:20px\">So, all these works need to be brought back to life, and it&#8217;s an enormous task to relearn all this music. But with Bru Zane, we do one or two concerts at most, one recording, and that&#8217;s it, we move on to something else. So it&#8217;s really a huge task, it&#8217;s quite frustrating because it takes a lot of time. But that&#8217;s how it works with Bru Zane, and I&#8217;ve discovered some absolutely new and exciting things.<\/p>\n\n\n\n<p class=\"wp-block-paragraph\" style=\"font-size:20px\"><strong>PAN M 360: Great. Tell us about Lucie Leguay now, tell us about this conductor, we don&#8217;t know her.<\/strong><\/p>\n\n\n\n<p class=\"wp-block-paragraph\" style=\"font-size:20px\"><strong>V\u00e9ronique Gens\u00a0: <\/strong>She is very young and very promising, whom I had the opportunity to meet when I recorded <em>La Voix Humaine<\/em> with the Lille Orchestra.<\/p>\n\n\n\n<p class=\"wp-block-paragraph\" style=\"font-size:20px\">She was the assistant to conductor Alexandre Bloch, and she could hear my voice so clearly, she could hear everything that needed to be heard, things that the conductor didn&#8217;t have time to hear because he was so busy with his orchestra. And it was really exciting to work with her. She is very musical and very passionate, and she loves voices\u2014and that&#8217;s not the case with all conductors!<\/p>\n\n\n\n<p class=\"wp-block-paragraph\" style=\"font-size:20px\">So, she was there mainly to help me, to take care of me. And it was a collaboration. I learned a lot from working with her.<\/p>\n\n\n\n<p class=\"wp-block-paragraph\" style=\"font-size:20px\"><strong>PAN M 360: So you have developed a professional and artistic relationship with her and you are giving her the opportunity to shine in Montreal.<\/strong><\/p>\n\n\n\n<p class=\"wp-block-paragraph\" style=\"font-size:20px\"><strong>V\u00e9ronique Gens\u00a0:<\/strong>Exactly! And now, a few days ago, she was appointed artistic director of the Lausanne Orchestra and the Lausanne Chamber Orchestra. I think she has a bright future ahead of her. She&#8217;s a very interesting and exciting young woman, in my opinion.<\/p>\n\n\n\n<p class=\"wp-block-paragraph\" style=\"font-size:20px\"><strong>PAN M 360: OK! Let&#8217;s try to briefly go over the catalog, as there are several works on the program.<\/strong><\/p>\n\n\n\n<p class=\"wp-block-paragraph\" style=\"font-size:20px\"><strong>V\u00e9ronique Gens\u00a0:<\/strong> Yes, but as you know, the melodies are quite short, with a few exceptions\u2014Berlioz, for example. It&#8217;s like when you go to a vocal recital with piano accompaniment: the programs are long because the melodies are very short, quite simply. I don&#8217;t know all the pieces written for voice and orchestra. Honestly, I haven&#8217;t heard them all, but they are pieces that have been rediscovered by Bru Zane and are part of their recordings. In fact, most of the melodies I sing in this program were recorded with Bru Zane in a program called <em>Paysage<\/em>. And we made a complete recording of Massenet&#8217;s melodies with orchestra in another recording.<\/p>\n\n\n\n<p class=\"wp-block-paragraph\" style=\"font-size:20px\"><strong>PAN M 360: How do you approach the lyrics in this repertoire?<\/strong><\/p>\n\n\n\n<p class=\"wp-block-paragraph\" style=\"font-size:20px\"><strong>V\u00e9ronique Gens\u00a0: <\/strong>I think the first and most important thing when singing this kind of melody is to make yourself understood. If people don&#8217;t understand what you&#8217;re saying, they immediately lose interest. And that&#8217;s completely natural and normal.<\/p>\n\n\n\n<p class=\"wp-block-paragraph\" style=\"font-size:20px\">For me, you know, there&#8217;s this big debate about French melody: what&#8217;s more important? The music or the lyrics? All of it was written by great French poets, like Th\u00e9ophile Gauthier, Guillaume Apollinaire, and others. Personally, I think that here, poetry feeds the music and the music feeds the poetry. And that makes it something absolutely exceptional compared to an opera aria, which wasn&#8217;t necessarily written by a great French author.<\/p>\n\n\n\n<p class=\"wp-block-paragraph\" style=\"font-size:20px\"><strong>PAN M 360: Opera librettos are full of pompous texts that have not aged well\u2026<\/strong><\/p>\n\n\n\n<p class=\"wp-block-paragraph\" style=\"font-size:20px\"><strong>V\u00e9ronique Gens\u00a0:\u00a0 <\/strong>Yes. And then, we repeat the same thing over and over again. These are magnificent poems. And if you don&#8217;t understand what they&#8217;re saying, you miss the whole point. And I think that&#8217;s one of the reasons why people lose interest in this kind of repertoire. So if you&#8217;re convinced by what you&#8217;re saying, you can take everyone with you and convince everyone. If you come across as a little stiff, it doesn&#8217;t work. You just have to be honest and sincere. And that&#8217;s how I try to approach it all.<\/p>\n\n\n\n<p class=\"wp-block-paragraph\" style=\"font-size:20px\"><strong>PAN M 360: But\u2026 French music seems to be unpopular in the very place where it originated.<\/strong><\/p>\n\n\n\n<p class=\"wp-block-paragraph\" style=\"font-size:20px\"><strong>V\u00e9ronique Gens:<\/strong>\u00a0 In France, no one wants to program this kind of music, which is a real shame. I sing French melodies everywhere, in Tokyo, in England. The English love it. In France, there&#8217;s no way to program only French melodies. That&#8217;s just how it is\u2026<\/p>\n\n\n\n<p class=\"wp-block-paragraph\" style=\"font-size:20px\"><strong>PAN M 360: How do you explain that? The French are afraid of French melody, but they still like impressionist music, don&#8217;t they?<\/strong><\/p>\n\n\n\n<p class=\"wp-block-paragraph\" style=\"font-size:20px\"><strong>V\u00e9ronique Gens: <\/strong>Yes, but there&#8217;s another factor to consider, and that&#8217;s the economic factor. It&#8217;s difficult to fill a hall these days with a recital of French melodies. It&#8217;s still a bit of a niche market, if I may say so. And it&#8217;s something that, once again, we don&#8217;t do often enough. And people aren&#8217;t used to it enough. It&#8217;s an educational task that needs to be done over and over again. It&#8217;s a job, it&#8217;s a constant concern.<\/p>\n\n\n\n<p class=\"wp-block-paragraph\" style=\"font-size:20px\"><strong>PAN M 360: Finally, let&#8217;s talk about your other planned activities in Montreal.<\/strong><\/p>\n\n\n\n<p class=\"wp-block-paragraph\" style=\"font-size:20px\"><strong>V\u00e9ronique Gens:<\/strong> Since I&#8217;m here right now, I&#8217;m going to give master classes at the Montreal Conservatory. And then I was asked to be on the jury at the end. I won&#8217;t be there for the first two days. I&#8217;ll be very busy! I&#8217;m delighted to have been asked; I&#8217;m doing more and more jury work. I&#8217;m teaching more and more classes. It&#8217;s exciting to see the level of all these young singers who are rising and rising. They&#8217;re all ready. And it&#8217;s all the more difficult because you have to make a choice when they&#8217;re all so good and so strong. And\u2026 it&#8217;s very, very difficult to start a young career now. It&#8217;s a global phenomenon. Whether you&#8217;re in Asia, North America, or Europe, you see people of a very high standard, but\u2026 there&#8217;s not room for everyone.<\/p>\n\n\n\n<p class=\"wp-block-paragraph\" style=\"font-size:30px\"><\/p>\n\n\n\n<p class=\"wp-block-paragraph\" style=\"font-size:30px\"><\/p>\n\n\n\n<p class=\"wp-block-paragraph\"><\/p>\n","protected":false},"excerpt":{"rendered":"<p>Soprano V\u00e9ronique Gens is the central figure in a program presented by the Montreal Symphony Orchestra on French melody, this Wednesday, November 12, and Thursday, November 13. French melody is a concept linked to the classical repertoire, which appeared in France in the mid-19th century. For voice and piano, and sometimes for voice and orchestra [&hellip;]<\/p>\n","protected":false},"author":36,"featured_media":148183,"menu_order":0,"template":"","format":"standard","meta":{"_acf_changed":false,"_crdt_document":""},"categories":[],"tags":[],"genre":[],"class_list":["post-148470","interviews","type-interviews","status-publish","format-standard","has-post-thumbnail","hentry"],"acf":[],"yoast_head":"<!-- This site is optimized with the Yoast SEO plugin v27.5 - https:\/\/yoast.com\/product\/yoast-seo-wordpress\/ -->\n<title>OSM | V\u00e9ronique Gens, Defending and Promoting French Melody - PAN M 360<\/title>\n<meta name=\"robots\" content=\"index, follow, max-snippet:-1, max-image-preview:large, max-video-preview:-1\" \/>\n<link rel=\"canonical\" href=\"https:\/\/panm360.com\/en\/interviews-panm360\/osm-veronique-gens-defense-et-promotion-de-la-melodie-francaise\/\" \/>\n<meta property=\"og:locale\" content=\"en_US\" \/>\n<meta property=\"og:type\" content=\"article\" \/>\n<meta property=\"og:title\" content=\"OSM | V\u00e9ronique Gens, Defending and Promoting French Melody - PAN M 360\" \/>\n<meta property=\"og:description\" content=\"Soprano V\u00e9ronique Gens is the central figure in a program presented by the Montreal Symphony Orchestra on French melody, this Wednesday, November 12, and Thursday, November 13. French melody is a concept linked to the classical repertoire, which appeared in France in the mid-19th century. For voice and piano, and sometimes for voice and orchestra [&hellip;]\" \/>\n<meta property=\"og:url\" content=\"https:\/\/panm360.com\/en\/interviews-panm360\/osm-veronique-gens-defense-et-promotion-de-la-melodie-francaise\/\" \/>\n<meta property=\"og:site_name\" content=\"PAN M 360\" \/>\n<meta property=\"article:publisher\" content=\"https:\/\/www.facebook.com\/panm360\/\" \/>\n<meta property=\"article:modified_time\" content=\"2025-11-16T18:02:01+00:00\" \/>\n<meta property=\"og:image\" content=\"https:\/\/panm360.com\/wp-content\/uploads\/2025\/11\/Veronique-Gens-2.jpg\" \/>\n\t<meta property=\"og:image:width\" content=\"553\" \/>\n\t<meta property=\"og:image:height\" content=\"430\" \/>\n\t<meta property=\"og:image:type\" content=\"image\/jpeg\" \/>\n<meta name=\"twitter:card\" content=\"summary_large_image\" \/>\n<meta name=\"twitter:site\" content=\"@PANM360\" \/>\n<meta name=\"twitter:label1\" content=\"Est. reading time\" \/>\n\t<meta name=\"twitter:data1\" content=\"11 minutes\" \/>\n<script type=\"application\/ld+json\" class=\"yoast-schema-graph\">{\"@context\":\"https:\\\/\\\/schema.org\",\"@graph\":[{\"@type\":\"WebPage\",\"@id\":\"https:\\\/\\\/panm360.com\\\/en\\\/interviews-panm360\\\/osm-veronique-gens-defense-et-promotion-de-la-melodie-francaise\\\/\",\"url\":\"https:\\\/\\\/panm360.com\\\/en\\\/interviews-panm360\\\/osm-veronique-gens-defense-et-promotion-de-la-melodie-francaise\\\/\",\"name\":\"OSM | V\u00e9ronique Gens, Defending and Promoting French Melody - PAN M 360\",\"isPartOf\":{\"@id\":\"https:\\\/\\\/panm360.com\\\/en\\\/#website\"},\"primaryImageOfPage\":{\"@id\":\"https:\\\/\\\/panm360.com\\\/en\\\/interviews-panm360\\\/osm-veronique-gens-defense-et-promotion-de-la-melodie-francaise\\\/#primaryimage\"},\"image\":{\"@id\":\"https:\\\/\\\/panm360.com\\\/en\\\/interviews-panm360\\\/osm-veronique-gens-defense-et-promotion-de-la-melodie-francaise\\\/#primaryimage\"},\"thumbnailUrl\":\"https:\\\/\\\/panm360.com\\\/wp-content\\\/uploads\\\/2025\\\/11\\\/Veronique-Gens-2.jpg\",\"datePublished\":\"2025-11-12T18:26:14+00:00\",\"dateModified\":\"2025-11-16T18:02:01+00:00\",\"breadcrumb\":{\"@id\":\"https:\\\/\\\/panm360.com\\\/en\\\/interviews-panm360\\\/osm-veronique-gens-defense-et-promotion-de-la-melodie-francaise\\\/#breadcrumb\"},\"inLanguage\":\"en-US\",\"potentialAction\":[{\"@type\":\"ReadAction\",\"target\":[\"https:\\\/\\\/panm360.com\\\/en\\\/interviews-panm360\\\/osm-veronique-gens-defense-et-promotion-de-la-melodie-francaise\\\/\"]}]},{\"@type\":\"ImageObject\",\"inLanguage\":\"en-US\",\"@id\":\"https:\\\/\\\/panm360.com\\\/en\\\/interviews-panm360\\\/osm-veronique-gens-defense-et-promotion-de-la-melodie-francaise\\\/#primaryimage\",\"url\":\"https:\\\/\\\/panm360.com\\\/wp-content\\\/uploads\\\/2025\\\/11\\\/Veronique-Gens-2.jpg\",\"contentUrl\":\"https:\\\/\\\/panm360.com\\\/wp-content\\\/uploads\\\/2025\\\/11\\\/Veronique-Gens-2.jpg\",\"width\":553,\"height\":430},{\"@type\":\"BreadcrumbList\",\"@id\":\"https:\\\/\\\/panm360.com\\\/en\\\/interviews-panm360\\\/osm-veronique-gens-defense-et-promotion-de-la-melodie-francaise\\\/#breadcrumb\",\"itemListElement\":[{\"@type\":\"ListItem\",\"position\":1,\"name\":\"Accueil\",\"item\":\"https:\\\/\\\/panm360.com\\\/en\\\/\"},{\"@type\":\"ListItem\",\"position\":2,\"name\":\"Interviews\",\"item\":\"https:\\\/\\\/panm360.com\\\/en\\\/interviews-panm360\\\/\"},{\"@type\":\"ListItem\",\"position\":3,\"name\":\"OSM | V\u00e9ronique Gens, Defending and Promoting French Melody\"}]},{\"@type\":\"WebSite\",\"@id\":\"https:\\\/\\\/panm360.com\\\/en\\\/#website\",\"url\":\"https:\\\/\\\/panm360.com\\\/en\\\/\",\"name\":\"PAN M 360\",\"description\":\"Le m\u00e9dia num\u00e9rique de la musique !\",\"publisher\":{\"@id\":\"https:\\\/\\\/panm360.com\\\/en\\\/#organization\"},\"potentialAction\":[{\"@type\":\"SearchAction\",\"target\":{\"@type\":\"EntryPoint\",\"urlTemplate\":\"https:\\\/\\\/panm360.com\\\/en\\\/?s={search_term_string}\"},\"query-input\":{\"@type\":\"PropertyValueSpecification\",\"valueRequired\":true,\"valueName\":\"search_term_string\"}}],\"inLanguage\":\"en-US\"},{\"@type\":\"Organization\",\"@id\":\"https:\\\/\\\/panm360.com\\\/en\\\/#organization\",\"name\":\"PAN M 360\",\"url\":\"https:\\\/\\\/panm360.com\\\/en\\\/\",\"logo\":{\"@type\":\"ImageObject\",\"inLanguage\":\"en-US\",\"@id\":\"https:\\\/\\\/panm360.com\\\/en\\\/#\\\/schema\\\/logo\\\/image\\\/\",\"url\":\"https:\\\/\\\/panm360.com\\\/wp-content\\\/uploads\\\/2019\\\/12\\\/PAN-M360_Logo_RGB.jpg\",\"contentUrl\":\"https:\\\/\\\/panm360.com\\\/wp-content\\\/uploads\\\/2019\\\/12\\\/PAN-M360_Logo_RGB.jpg\",\"width\":1663,\"height\":631,\"caption\":\"PAN M 360\"},\"image\":{\"@id\":\"https:\\\/\\\/panm360.com\\\/en\\\/#\\\/schema\\\/logo\\\/image\\\/\"},\"sameAs\":[\"https:\\\/\\\/www.facebook.com\\\/panm360\\\/\",\"https:\\\/\\\/x.com\\\/PANM360\",\"https:\\\/\\\/www.instagram.com\\\/panm360\\\/\",\"https:\\\/\\\/www.linkedin.com\\\/company\\\/panm360\\\/\",\"https:\\\/\\\/www.youtube.com\\\/channel\\\/UCHEFHd3UhIrV6EJ3ltzVKOA?view_as=subscriber\"]}]}<\/script>\n<!-- \/ Yoast SEO plugin. -->","yoast_head_json":{"title":"OSM | V\u00e9ronique Gens, Defending and Promoting French Melody - PAN M 360","robots":{"index":"index","follow":"follow","max-snippet":"max-snippet:-1","max-image-preview":"max-image-preview:large","max-video-preview":"max-video-preview:-1"},"canonical":"https:\/\/panm360.com\/en\/interviews-panm360\/osm-veronique-gens-defense-et-promotion-de-la-melodie-francaise\/","og_locale":"en_US","og_type":"article","og_title":"OSM | V\u00e9ronique Gens, Defending and Promoting French Melody - PAN M 360","og_description":"Soprano V\u00e9ronique Gens is the central figure in a program presented by the Montreal Symphony Orchestra on French melody, this Wednesday, November 12, and Thursday, November 13. French melody is a concept linked to the classical repertoire, which appeared in France in the mid-19th century. For voice and piano, and sometimes for voice and orchestra [&hellip;]","og_url":"https:\/\/panm360.com\/en\/interviews-panm360\/osm-veronique-gens-defense-et-promotion-de-la-melodie-francaise\/","og_site_name":"PAN M 360","article_publisher":"https:\/\/www.facebook.com\/panm360\/","article_modified_time":"2025-11-16T18:02:01+00:00","og_image":[{"width":553,"height":430,"url":"https:\/\/panm360.com\/wp-content\/uploads\/2025\/11\/Veronique-Gens-2.jpg","type":"image\/jpeg"}],"twitter_card":"summary_large_image","twitter_site":"@PANM360","twitter_misc":{"Est. reading time":"11 minutes"},"schema":{"@context":"https:\/\/schema.org","@graph":[{"@type":"WebPage","@id":"https:\/\/panm360.com\/en\/interviews-panm360\/osm-veronique-gens-defense-et-promotion-de-la-melodie-francaise\/","url":"https:\/\/panm360.com\/en\/interviews-panm360\/osm-veronique-gens-defense-et-promotion-de-la-melodie-francaise\/","name":"OSM | V\u00e9ronique Gens, Defending and Promoting French Melody - PAN M 360","isPartOf":{"@id":"https:\/\/panm360.com\/en\/#website"},"primaryImageOfPage":{"@id":"https:\/\/panm360.com\/en\/interviews-panm360\/osm-veronique-gens-defense-et-promotion-de-la-melodie-francaise\/#primaryimage"},"image":{"@id":"https:\/\/panm360.com\/en\/interviews-panm360\/osm-veronique-gens-defense-et-promotion-de-la-melodie-francaise\/#primaryimage"},"thumbnailUrl":"https:\/\/panm360.com\/wp-content\/uploads\/2025\/11\/Veronique-Gens-2.jpg","datePublished":"2025-11-12T18:26:14+00:00","dateModified":"2025-11-16T18:02:01+00:00","breadcrumb":{"@id":"https:\/\/panm360.com\/en\/interviews-panm360\/osm-veronique-gens-defense-et-promotion-de-la-melodie-francaise\/#breadcrumb"},"inLanguage":"en-US","potentialAction":[{"@type":"ReadAction","target":["https:\/\/panm360.com\/en\/interviews-panm360\/osm-veronique-gens-defense-et-promotion-de-la-melodie-francaise\/"]}]},{"@type":"ImageObject","inLanguage":"en-US","@id":"https:\/\/panm360.com\/en\/interviews-panm360\/osm-veronique-gens-defense-et-promotion-de-la-melodie-francaise\/#primaryimage","url":"https:\/\/panm360.com\/wp-content\/uploads\/2025\/11\/Veronique-Gens-2.jpg","contentUrl":"https:\/\/panm360.com\/wp-content\/uploads\/2025\/11\/Veronique-Gens-2.jpg","width":553,"height":430},{"@type":"BreadcrumbList","@id":"https:\/\/panm360.com\/en\/interviews-panm360\/osm-veronique-gens-defense-et-promotion-de-la-melodie-francaise\/#breadcrumb","itemListElement":[{"@type":"ListItem","position":1,"name":"Accueil","item":"https:\/\/panm360.com\/en\/"},{"@type":"ListItem","position":2,"name":"Interviews","item":"https:\/\/panm360.com\/en\/interviews-panm360\/"},{"@type":"ListItem","position":3,"name":"OSM | V\u00e9ronique Gens, Defending and Promoting French Melody"}]},{"@type":"WebSite","@id":"https:\/\/panm360.com\/en\/#website","url":"https:\/\/panm360.com\/en\/","name":"PAN M 360","description":"Le m\u00e9dia num\u00e9rique de la musique !","publisher":{"@id":"https:\/\/panm360.com\/en\/#organization"},"potentialAction":[{"@type":"SearchAction","target":{"@type":"EntryPoint","urlTemplate":"https:\/\/panm360.com\/en\/?s={search_term_string}"},"query-input":{"@type":"PropertyValueSpecification","valueRequired":true,"valueName":"search_term_string"}}],"inLanguage":"en-US"},{"@type":"Organization","@id":"https:\/\/panm360.com\/en\/#organization","name":"PAN M 360","url":"https:\/\/panm360.com\/en\/","logo":{"@type":"ImageObject","inLanguage":"en-US","@id":"https:\/\/panm360.com\/en\/#\/schema\/logo\/image\/","url":"https:\/\/panm360.com\/wp-content\/uploads\/2019\/12\/PAN-M360_Logo_RGB.jpg","contentUrl":"https:\/\/panm360.com\/wp-content\/uploads\/2019\/12\/PAN-M360_Logo_RGB.jpg","width":1663,"height":631,"caption":"PAN M 360"},"image":{"@id":"https:\/\/panm360.com\/en\/#\/schema\/logo\/image\/"},"sameAs":["https:\/\/www.facebook.com\/panm360\/","https:\/\/x.com\/PANM360","https:\/\/www.instagram.com\/panm360\/","https:\/\/www.linkedin.com\/company\/panm360\/","https:\/\/www.youtube.com\/channel\/UCHEFHd3UhIrV6EJ3ltzVKOA?view_as=subscriber"]}]}},"_links":{"self":[{"href":"https:\/\/panm360.com\/en\/wp-json\/wp\/v2\/interviews\/148470","targetHints":{"allow":["GET"]}}],"collection":[{"href":"https:\/\/panm360.com\/en\/wp-json\/wp\/v2\/interviews"}],"about":[{"href":"https:\/\/panm360.com\/en\/wp-json\/wp\/v2\/types\/interviews"}],"author":[{"embeddable":true,"href":"https:\/\/panm360.com\/en\/wp-json\/wp\/v2\/users\/36"}],"wp:featuredmedia":[{"embeddable":true,"href":"https:\/\/panm360.com\/en\/wp-json\/wp\/v2\/media\/148183"}],"wp:attachment":[{"href":"https:\/\/panm360.com\/en\/wp-json\/wp\/v2\/media?parent=148470"}],"wp:term":[{"taxonomy":"category","embeddable":true,"href":"https:\/\/panm360.com\/en\/wp-json\/wp\/v2\/categories?post=148470"},{"taxonomy":"post_tag","embeddable":true,"href":"https:\/\/panm360.com\/en\/wp-json\/wp\/v2\/tags?post=148470"},{"taxonomy":"genre","embeddable":true,"href":"https:\/\/panm360.com\/en\/wp-json\/wp\/v2\/genre?post=148470"}],"curies":[{"name":"wp","href":"https:\/\/api.w.org\/{rel}","templated":true}]}}