{"id":147019,"date":"2025-10-15T17:46:14","date_gmt":"2025-10-15T21:46:14","guid":{"rendered":"https:\/\/panm360.com\/interviews-panm360\/festival-vibrations-3-jours-de-celebrations-coincident-avec-75-ans-de-musique-a-ludem\/"},"modified":"2025-10-15T21:02:38","modified_gmt":"2025-10-16T01:02:38","slug":"festival-vibrations-3-jours-de-celebrations-coincident-avec-75-ans-de-musique-a-ludem","status":"publish","type":"interviews","link":"https:\/\/panm360.com\/en\/interviews-panm360\/festival-vibrations-3-jours-de-celebrations-coincident-avec-75-ans-de-musique-a-ludem\/","title":{"rendered":"Festival Vibrations | Three Days of Celebrations Mark 75 Years of Music at UdeM"},"content":{"rendered":"\n<p class=\"wp-block-paragraph\" style=\"font-size:20px\"><strong>From October 16 to 18, 2025, the 75th anniversary of the Faculty of Music at the University of Montreal coincides with the three days of the third edition of the Vibrations Festival. More specifically:<\/strong><\/p>\n\n\n\n<p class=\"wp-block-paragraph\" style=\"font-size:20px\"><strong>An international symposium on the theme of music, diplomacy, and propaganda.<\/strong><\/p>\n\n\n\n<p class=\"wp-block-paragraph\" style=\"font-size:20px\"><strong>A Thursday evening at the Th\u00e9\u00e2tre Outremont to commemorate the 45th anniversary of the U de M Big Band.<\/strong><\/p>\n\n\n\n<p class=\"wp-block-paragraph\" style=\"font-size:20px\"><strong>An electro Friday with performances and launches of two productions\u2014David Caulet and Graham Hudson-Jameson.<\/strong><\/p>\n\n\n\n<p class=\"wp-block-paragraph\" style=\"font-size:20px\"><strong>A symphonic Saturday with the OUM conducted by Mathieu Lussier. This is an excellent opportunity to discover emerging composers and performers of the highest caliber! Marie-H\u00e9l\u00e8ne Benoit-Otis, associate professor of musicology and Canada Research Chair in Music and Politics, presents the symposium \u201cMusic, Diplomacy, and Propaganda\u201d and gives an overview of the Vibrations festival through its programming.<\/strong><\/p>\n\n\n\n<p class=\"wp-block-paragraph\" style=\"font-size:20px\"><\/p>\n\n\n\n<p class=\"wp-block-paragraph\" style=\"font-size:25px\"><strong><a href=\"https:\/\/www.lavitrine.com\/fr\/series\/festival-vibration-edition-2025\/1468?utm_source=pan-m&amp;utm_medium=referral\">In partnership with La Vitrine, PAN M 360 invites you to discover this university festival open to music lovers.<\/a><\/strong><\/p>\n\n\n\n<p class=\"wp-block-paragraph\" style=\"font-size:25px\"><\/p>\n\n\n    <div class=\"panm-ads-wrapper alignfull\"><span class=\"panm-ads-copy\">Publicit\u00e9 panam<\/span><div class=\"panm-ads-render\" data-ads-id=\"140399\"><\/div><\/div>\n\n\n\n<p class=\"wp-block-paragraph\"><\/p>\n\n\n\n<p class=\"wp-block-paragraph\"><\/p>\n\n\n\n<figure class=\"wp-block-embed is-type-video is-provider-youtube wp-block-embed-youtube wp-embed-aspect-16-9 wp-has-aspect-ratio\"><div class=\"wp-block-embed__wrapper\">\n<iframe loading=\"lazy\" title=\"Festival Vibrations | 3 jours de c\u00e9l\u00e9brations co\u00efncident avec 75 ans de musique \u00e0 l&#039;U de M\" width=\"500\" height=\"281\" src=\"https:\/\/www.youtube.com\/embed\/ouoLeu02XeU?feature=oembed\" frameborder=\"0\" allow=\"accelerometer; autoplay; clipboard-write; encrypted-media; gyroscope; picture-in-picture; web-share\" referrerpolicy=\"strict-origin-when-cross-origin\" allowfullscreen><\/iframe>\n<\/div><\/figure>\n\n\n    <div class=\"panm-ads-wrapper alignfull\"><span class=\"panm-ads-copy\">Publicit\u00e9 panam<\/span><div class=\"panm-ads-render\" data-ads-id=\"146811\"><\/div><\/div>\n","protected":false},"excerpt":{"rendered":"<p>From October 16 to 18, 2025, the 75th anniversary of the Faculty of Music at the University of Montreal coincides with the three days of the third edition of the Vibrations Festival. More specifically: An international symposium on the theme of music, diplomacy, and propaganda. A Thursday evening at the Th\u00e9\u00e2tre Outremont to commemorate the [&hellip;]<\/p>\n","protected":false},"author":36,"featured_media":147018,"menu_order":0,"template":"","format":"standard","meta":{"_acf_changed":false,"_crdt_document":""},"categories":[4628],"tags":[],"genre":[8055,3155,4162,9772],"class_list":["post-147019","interviews","type-interviews","status-publish","format-standard","has-post-thumbnail","hentry","category-interviews-en","genre-classique-2-en","genre-electronic","genre-jazz-en-2","genre-musique-de-creation-en"],"acf":[],"yoast_head":"<!-- This site is optimized with the Yoast SEO plugin v27.5 - https:\/\/yoast.com\/product\/yoast-seo-wordpress\/ -->\n<title>Festival Vibrations | Three Days of Celebrations Mark 75 Years of Music at UdeM - PAN M 360<\/title>\n<meta name=\"robots\" content=\"index, follow, max-snippet:-1, max-image-preview:large, max-video-preview:-1\" \/>\n<link rel=\"canonical\" href=\"https:\/\/panm360.com\/en\/interviews-panm360\/festival-vibrations-3-jours-de-celebrations-coincident-avec-75-ans-de-musique-a-ludem\/\" \/>\n<meta property=\"og:locale\" content=\"en_US\" \/>\n<meta property=\"og:type\" content=\"article\" \/>\n<meta property=\"og:title\" content=\"Festival Vibrations | Three Days of Celebrations Mark 75 Years of Music at UdeM - PAN M 360\" \/>\n<meta property=\"og:description\" content=\"From October 16 to 18, 2025, the 75th anniversary of the Faculty of Music at the University of Montreal coincides with the three days of the third edition of the Vibrations Festival. More specifically: An international symposium on the theme of music, diplomacy, and propaganda. A Thursday evening at the Th\u00e9\u00e2tre Outremont to commemorate the [&hellip;]\" \/>\n<meta property=\"og:url\" content=\"https:\/\/panm360.com\/en\/interviews-panm360\/festival-vibrations-3-jours-de-celebrations-coincident-avec-75-ans-de-musique-a-ludem\/\" \/>\n<meta property=\"og:site_name\" content=\"PAN M 360\" \/>\n<meta property=\"article:publisher\" content=\"https:\/\/www.facebook.com\/panm360\/\" \/>\n<meta property=\"article:modified_time\" content=\"2025-10-16T01:02:38+00:00\" \/>\n<meta property=\"og:image\" content=\"https:\/\/panm360.com\/wp-content\/uploads\/2025\/10\/festival-Vibrations.jpg\" \/>\n\t<meta property=\"og:image:width\" content=\"808\" \/>\n\t<meta property=\"og:image:height\" content=\"601\" \/>\n\t<meta property=\"og:image:type\" content=\"image\/jpeg\" \/>\n<meta name=\"twitter:card\" content=\"summary_large_image\" \/>\n<meta name=\"twitter:site\" content=\"@PANM360\" \/>\n<meta name=\"twitter:label1\" content=\"Est. reading time\" \/>\n\t<meta name=\"twitter:data1\" content=\"1 minute\" \/>\n<script type=\"application\/ld+json\" class=\"yoast-schema-graph\">{\"@context\":\"https:\\\/\\\/schema.org\",\"@graph\":[{\"@type\":\"WebPage\",\"@id\":\"https:\\\/\\\/panm360.com\\\/en\\\/interviews-panm360\\\/festival-vibrations-3-jours-de-celebrations-coincident-avec-75-ans-de-musique-a-ludem\\\/\",\"url\":\"https:\\\/\\\/panm360.com\\\/en\\\/interviews-panm360\\\/festival-vibrations-3-jours-de-celebrations-coincident-avec-75-ans-de-musique-a-ludem\\\/\",\"name\":\"Festival Vibrations | Three Days of Celebrations Mark 75 Years of Music at UdeM - PAN M 360\",\"isPartOf\":{\"@id\":\"https:\\\/\\\/panm360.com\\\/en\\\/#website\"},\"primaryImageOfPage\":{\"@id\":\"https:\\\/\\\/panm360.com\\\/en\\\/interviews-panm360\\\/festival-vibrations-3-jours-de-celebrations-coincident-avec-75-ans-de-musique-a-ludem\\\/#primaryimage\"},\"image\":{\"@id\":\"https:\\\/\\\/panm360.com\\\/en\\\/interviews-panm360\\\/festival-vibrations-3-jours-de-celebrations-coincident-avec-75-ans-de-musique-a-ludem\\\/#primaryimage\"},\"thumbnailUrl\":\"https:\\\/\\\/panm360.com\\\/wp-content\\\/uploads\\\/2025\\\/10\\\/festival-Vibrations.jpg\",\"datePublished\":\"2025-10-15T21:46:14+00:00\",\"dateModified\":\"2025-10-16T01:02:38+00:00\",\"breadcrumb\":{\"@id\":\"https:\\\/\\\/panm360.com\\\/en\\\/interviews-panm360\\\/festival-vibrations-3-jours-de-celebrations-coincident-avec-75-ans-de-musique-a-ludem\\\/#breadcrumb\"},\"inLanguage\":\"en-US\",\"potentialAction\":[{\"@type\":\"ReadAction\",\"target\":[\"https:\\\/\\\/panm360.com\\\/en\\\/interviews-panm360\\\/festival-vibrations-3-jours-de-celebrations-coincident-avec-75-ans-de-musique-a-ludem\\\/\"]}]},{\"@type\":\"ImageObject\",\"inLanguage\":\"en-US\",\"@id\":\"https:\\\/\\\/panm360.com\\\/en\\\/interviews-panm360\\\/festival-vibrations-3-jours-de-celebrations-coincident-avec-75-ans-de-musique-a-ludem\\\/#primaryimage\",\"url\":\"https:\\\/\\\/panm360.com\\\/wp-content\\\/uploads\\\/2025\\\/10\\\/festival-Vibrations.jpg\",\"contentUrl\":\"https:\\\/\\\/panm360.com\\\/wp-content\\\/uploads\\\/2025\\\/10\\\/festival-Vibrations.jpg\",\"width\":808,\"height\":601},{\"@type\":\"BreadcrumbList\",\"@id\":\"https:\\\/\\\/panm360.com\\\/en\\\/interviews-panm360\\\/festival-vibrations-3-jours-de-celebrations-coincident-avec-75-ans-de-musique-a-ludem\\\/#breadcrumb\",\"itemListElement\":[{\"@type\":\"ListItem\",\"position\":1,\"name\":\"Accueil\",\"item\":\"https:\\\/\\\/panm360.com\\\/en\\\/\"},{\"@type\":\"ListItem\",\"position\":2,\"name\":\"Interviews\",\"item\":\"https:\\\/\\\/panm360.com\\\/en\\\/interviews-panm360\\\/\"},{\"@type\":\"ListItem\",\"position\":3,\"name\":\"Festival Vibrations | Three Days of Celebrations Mark 75 Years of Music at UdeM\"}]},{\"@type\":\"WebSite\",\"@id\":\"https:\\\/\\\/panm360.com\\\/en\\\/#website\",\"url\":\"https:\\\/\\\/panm360.com\\\/en\\\/\",\"name\":\"PAN M 360\",\"description\":\"Le m\u00e9dia num\u00e9rique de la musique !\",\"publisher\":{\"@id\":\"https:\\\/\\\/panm360.com\\\/en\\\/#organization\"},\"potentialAction\":[{\"@type\":\"SearchAction\",\"target\":{\"@type\":\"EntryPoint\",\"urlTemplate\":\"https:\\\/\\\/panm360.com\\\/en\\\/?s={search_term_string}\"},\"query-input\":{\"@type\":\"PropertyValueSpecification\",\"valueRequired\":true,\"valueName\":\"search_term_string\"}}],\"inLanguage\":\"en-US\"},{\"@type\":\"Organization\",\"@id\":\"https:\\\/\\\/panm360.com\\\/en\\\/#organization\",\"name\":\"PAN M 360\",\"url\":\"https:\\\/\\\/panm360.com\\\/en\\\/\",\"logo\":{\"@type\":\"ImageObject\",\"inLanguage\":\"en-US\",\"@id\":\"https:\\\/\\\/panm360.com\\\/en\\\/#\\\/schema\\\/logo\\\/image\\\/\",\"url\":\"https:\\\/\\\/panm360.com\\\/wp-content\\\/uploads\\\/2019\\\/12\\\/PAN-M360_Logo_RGB.jpg\",\"contentUrl\":\"https:\\\/\\\/panm360.com\\\/wp-content\\\/uploads\\\/2019\\\/12\\\/PAN-M360_Logo_RGB.jpg\",\"width\":1663,\"height\":631,\"caption\":\"PAN M 360\"},\"image\":{\"@id\":\"https:\\\/\\\/panm360.com\\\/en\\\/#\\\/schema\\\/logo\\\/image\\\/\"},\"sameAs\":[\"https:\\\/\\\/www.facebook.com\\\/panm360\\\/\",\"https:\\\/\\\/x.com\\\/PANM360\",\"https:\\\/\\\/www.instagram.com\\\/panm360\\\/\",\"https:\\\/\\\/www.linkedin.com\\\/company\\\/panm360\\\/\",\"https:\\\/\\\/www.youtube.com\\\/channel\\\/UCHEFHd3UhIrV6EJ3ltzVKOA?view_as=subscriber\"]}]}<\/script>\n<!-- \/ Yoast SEO plugin. -->","yoast_head_json":{"title":"Festival Vibrations | Three Days of Celebrations Mark 75 Years of Music at UdeM - PAN M 360","robots":{"index":"index","follow":"follow","max-snippet":"max-snippet:-1","max-image-preview":"max-image-preview:large","max-video-preview":"max-video-preview:-1"},"canonical":"https:\/\/panm360.com\/en\/interviews-panm360\/festival-vibrations-3-jours-de-celebrations-coincident-avec-75-ans-de-musique-a-ludem\/","og_locale":"en_US","og_type":"article","og_title":"Festival Vibrations | Three Days of Celebrations Mark 75 Years of Music at UdeM - PAN M 360","og_description":"From October 16 to 18, 2025, the 75th anniversary of the Faculty of Music at the University of Montreal coincides with the three days of the third edition of the Vibrations Festival. More specifically: An international symposium on the theme of music, diplomacy, and propaganda. A Thursday evening at the Th\u00e9\u00e2tre Outremont to commemorate the [&hellip;]","og_url":"https:\/\/panm360.com\/en\/interviews-panm360\/festival-vibrations-3-jours-de-celebrations-coincident-avec-75-ans-de-musique-a-ludem\/","og_site_name":"PAN M 360","article_publisher":"https:\/\/www.facebook.com\/panm360\/","article_modified_time":"2025-10-16T01:02:38+00:00","og_image":[{"width":808,"height":601,"url":"https:\/\/panm360.com\/wp-content\/uploads\/2025\/10\/festival-Vibrations.jpg","type":"image\/jpeg"}],"twitter_card":"summary_large_image","twitter_site":"@PANM360","twitter_misc":{"Est. reading time":"1 minute"},"schema":{"@context":"https:\/\/schema.org","@graph":[{"@type":"WebPage","@id":"https:\/\/panm360.com\/en\/interviews-panm360\/festival-vibrations-3-jours-de-celebrations-coincident-avec-75-ans-de-musique-a-ludem\/","url":"https:\/\/panm360.com\/en\/interviews-panm360\/festival-vibrations-3-jours-de-celebrations-coincident-avec-75-ans-de-musique-a-ludem\/","name":"Festival Vibrations | Three Days of Celebrations Mark 75 Years of Music at UdeM - PAN M 360","isPartOf":{"@id":"https:\/\/panm360.com\/en\/#website"},"primaryImageOfPage":{"@id":"https:\/\/panm360.com\/en\/interviews-panm360\/festival-vibrations-3-jours-de-celebrations-coincident-avec-75-ans-de-musique-a-ludem\/#primaryimage"},"image":{"@id":"https:\/\/panm360.com\/en\/interviews-panm360\/festival-vibrations-3-jours-de-celebrations-coincident-avec-75-ans-de-musique-a-ludem\/#primaryimage"},"thumbnailUrl":"https:\/\/panm360.com\/wp-content\/uploads\/2025\/10\/festival-Vibrations.jpg","datePublished":"2025-10-15T21:46:14+00:00","dateModified":"2025-10-16T01:02:38+00:00","breadcrumb":{"@id":"https:\/\/panm360.com\/en\/interviews-panm360\/festival-vibrations-3-jours-de-celebrations-coincident-avec-75-ans-de-musique-a-ludem\/#breadcrumb"},"inLanguage":"en-US","potentialAction":[{"@type":"ReadAction","target":["https:\/\/panm360.com\/en\/interviews-panm360\/festival-vibrations-3-jours-de-celebrations-coincident-avec-75-ans-de-musique-a-ludem\/"]}]},{"@type":"ImageObject","inLanguage":"en-US","@id":"https:\/\/panm360.com\/en\/interviews-panm360\/festival-vibrations-3-jours-de-celebrations-coincident-avec-75-ans-de-musique-a-ludem\/#primaryimage","url":"https:\/\/panm360.com\/wp-content\/uploads\/2025\/10\/festival-Vibrations.jpg","contentUrl":"https:\/\/panm360.com\/wp-content\/uploads\/2025\/10\/festival-Vibrations.jpg","width":808,"height":601},{"@type":"BreadcrumbList","@id":"https:\/\/panm360.com\/en\/interviews-panm360\/festival-vibrations-3-jours-de-celebrations-coincident-avec-75-ans-de-musique-a-ludem\/#breadcrumb","itemListElement":[{"@type":"ListItem","position":1,"name":"Accueil","item":"https:\/\/panm360.com\/en\/"},{"@type":"ListItem","position":2,"name":"Interviews","item":"https:\/\/panm360.com\/en\/interviews-panm360\/"},{"@type":"ListItem","position":3,"name":"Festival Vibrations | Three Days of Celebrations Mark 75 Years of Music at UdeM"}]},{"@type":"WebSite","@id":"https:\/\/panm360.com\/en\/#website","url":"https:\/\/panm360.com\/en\/","name":"PAN M 360","description":"Le m\u00e9dia num\u00e9rique de la musique !","publisher":{"@id":"https:\/\/panm360.com\/en\/#organization"},"potentialAction":[{"@type":"SearchAction","target":{"@type":"EntryPoint","urlTemplate":"https:\/\/panm360.com\/en\/?s={search_term_string}"},"query-input":{"@type":"PropertyValueSpecification","valueRequired":true,"valueName":"search_term_string"}}],"inLanguage":"en-US"},{"@type":"Organization","@id":"https:\/\/panm360.com\/en\/#organization","name":"PAN M 360","url":"https:\/\/panm360.com\/en\/","logo":{"@type":"ImageObject","inLanguage":"en-US","@id":"https:\/\/panm360.com\/en\/#\/schema\/logo\/image\/","url":"https:\/\/panm360.com\/wp-content\/uploads\/2019\/12\/PAN-M360_Logo_RGB.jpg","contentUrl":"https:\/\/panm360.com\/wp-content\/uploads\/2019\/12\/PAN-M360_Logo_RGB.jpg","width":1663,"height":631,"caption":"PAN M 360"},"image":{"@id":"https:\/\/panm360.com\/en\/#\/schema\/logo\/image\/"},"sameAs":["https:\/\/www.facebook.com\/panm360\/","https:\/\/x.com\/PANM360","https:\/\/www.instagram.com\/panm360\/","https:\/\/www.linkedin.com\/company\/panm360\/","https:\/\/www.youtube.com\/channel\/UCHEFHd3UhIrV6EJ3ltzVKOA?view_as=subscriber"]}]}},"_links":{"self":[{"href":"https:\/\/panm360.com\/en\/wp-json\/wp\/v2\/interviews\/147019","targetHints":{"allow":["GET"]}}],"collection":[{"href":"https:\/\/panm360.com\/en\/wp-json\/wp\/v2\/interviews"}],"about":[{"href":"https:\/\/panm360.com\/en\/wp-json\/wp\/v2\/types\/interviews"}],"author":[{"embeddable":true,"href":"https:\/\/panm360.com\/en\/wp-json\/wp\/v2\/users\/36"}],"wp:featuredmedia":[{"embeddable":true,"href":"https:\/\/panm360.com\/en\/wp-json\/wp\/v2\/media\/147018"}],"wp:attachment":[{"href":"https:\/\/panm360.com\/en\/wp-json\/wp\/v2\/media?parent=147019"}],"wp:term":[{"taxonomy":"category","embeddable":true,"href":"https:\/\/panm360.com\/en\/wp-json\/wp\/v2\/categories?post=147019"},{"taxonomy":"post_tag","embeddable":true,"href":"https:\/\/panm360.com\/en\/wp-json\/wp\/v2\/tags?post=147019"},{"taxonomy":"genre","embeddable":true,"href":"https:\/\/panm360.com\/en\/wp-json\/wp\/v2\/genre?post=147019"}],"curies":[{"name":"wp","href":"https:\/\/api.w.org\/{rel}","templated":true}]}}