{"id":143614,"date":"2025-08-23T17:52:59","date_gmt":"2025-08-23T21:52:59","guid":{"rendered":"https:\/\/panm360.com\/interviews-panm360\/fete-de-la-musique-2025-tremblant-interview-angele-dubeau\/"},"modified":"2025-08-25T10:27:21","modified_gmt":"2025-08-25T14:27:21","slug":"fete-de-la-musique-2025-tremblant-interview-angele-dubeau","status":"publish","type":"interviews","link":"https:\/\/panm360.com\/en\/interviews-panm360\/fete-de-la-musique-2025-tremblant-interview-angele-dubeau\/","title":{"rendered":"F\u00eate de la Musique 2025 | We chat about the programming with Ang\u00e8le Dubeau"},"content":{"rendered":"\n<p class=\"has-medium-font-size wp-block-paragraph\">In 1995, Ang\u00e8le Dubeau felt like &#8220;a little headless chicken,&#8221; running around everywhere because she was so feverish on the eve of the very first Music Festival in Tremblant, \u2018\u2019F\u00eate&nbsp; de la Musique\u2019\u2019. A &#8220;bold&#8221; bet according to the artist and artistic director of the festival, but one that she and her husband Mario Labb\u00e9 were confident they would win. This was the case, so much so that on Sunday evening, the restaurants on Tremblant&#8217;s Public Square were closed&#8230; because there was no more food left! Since that time, the formula has returned year after year, with a solid, eclectic program, a classical heart but open to all musical genres, and, above all, completely free. This year&#8217;s 2025 edition continues in the same vein, because if it ain\u2019t broke, don\u2019t fix it. I spoke with Ang\u00e8le Dubeau.<\/p>\n\n\n\n<p class=\"wp-block-paragraph\"><a href=\"https:\/\/fetedelamusiquetremblant.com\/?lang=en\"><strong>DETAILS OF THE 2025 MUSIC FESTIVAL (from August 29 to September 1, 2025)<\/strong><\/a><\/p>\n\n\n\n<p class=\"has-medium-font-size wp-block-paragraph\"><strong><strong>How did you feel on the eve of the 1st F\u00eate de la Musique? (in French)<\/strong><\/strong><\/p>\n\n\n\n<figure class=\"wp-block-embed is-type-video is-provider-youtube wp-block-embed-youtube wp-embed-aspect-16-9 wp-has-aspect-ratio\"><div class=\"wp-block-embed__wrapper\">\n<iframe loading=\"lazy\" title=\"ENTREVUE Partie 1 - La premi\u00e8re F\u00eate de la Musique en 1995 - Ang\u00e8le Dubeau\" width=\"500\" height=\"281\" src=\"https:\/\/www.youtube.com\/embed\/9HKY1kDEAkU?feature=oembed\" frameborder=\"0\" allow=\"accelerometer; autoplay; clipboard-write; encrypted-media; gyroscope; picture-in-picture; web-share\" referrerpolicy=\"strict-origin-when-cross-origin\" allowfullscreen><\/iframe>\n<\/div><\/figure>\n\n\n\n<p class=\"has-medium-font-size wp-block-paragraph\"><strong><strong>Full interview (in French)<\/strong><\/strong><\/p>\n\n\n\n<figure class=\"wp-block-embed is-type-video is-provider-youtube wp-block-embed-youtube wp-embed-aspect-16-9 wp-has-aspect-ratio\"><div class=\"wp-block-embed__wrapper\">\n<iframe loading=\"lazy\" title=\"ENTREVUE COMPL\u00c8TE - F\u00eate de la Musique 2025 - On en parle avec Ang\u00e8le Dubeau\" width=\"500\" height=\"281\" src=\"https:\/\/www.youtube.com\/embed\/qV5-hU1huAY?feature=oembed\" frameborder=\"0\" allow=\"accelerometer; autoplay; clipboard-write; encrypted-media; gyroscope; picture-in-picture; web-share\" referrerpolicy=\"strict-origin-when-cross-origin\" allowfullscreen><\/iframe>\n<\/div><\/figure>\n","protected":false},"excerpt":{"rendered":"<p>In 1995, Ang\u00e8le Dubeau felt like &#8220;a little headless chicken,&#8221; running around everywhere because she was so feverish on the eve of the very first Music Festival in Tremblant, \u2018\u2019F\u00eate&nbsp; de la Musique\u2019\u2019. A &#8220;bold&#8221; bet according to the artist and artistic director of the festival, but one that she and her husband Mario Labb\u00e9 [&hellip;]<\/p>\n","protected":false},"author":775,"featured_media":143875,"menu_order":0,"template":"","format":"standard","meta":{"_acf_changed":false,"_crdt_document":""},"categories":[4628],"tags":[],"genre":[8055,4162,8121,3245],"class_list":["post-143614","interviews","type-interviews","status-publish","format-standard","has-post-thumbnail","hentry","category-interviews-en","genre-classique-2-en","genre-jazz-en-2","genre-musiques-du-monde-en","genre-pop-2"],"acf":[],"yoast_head":"<!-- This site is optimized with the Yoast SEO plugin v27.4 - https:\/\/yoast.com\/product\/yoast-seo-wordpress\/ -->\n<title>F\u00eate de la Musique 2025 | We chat about the programming with Ang\u00e8le Dubeau - PAN M 360<\/title>\n<meta name=\"robots\" content=\"index, follow, max-snippet:-1, max-image-preview:large, max-video-preview:-1\" \/>\n<link rel=\"canonical\" href=\"https:\/\/panm360.com\/en\/interviews-panm360\/fete-de-la-musique-2025-tremblant-interview-angele-dubeau\/\" \/>\n<meta property=\"og:locale\" content=\"en_US\" \/>\n<meta property=\"og:type\" content=\"article\" \/>\n<meta property=\"og:title\" content=\"F\u00eate de la Musique 2025 | We chat about the programming with Ang\u00e8le Dubeau - PAN M 360\" \/>\n<meta property=\"og:description\" content=\"In 1995, Ang\u00e8le Dubeau felt like &#8220;a little headless chicken,&#8221; running around everywhere because she was so feverish on the eve of the very first Music Festival in Tremblant, \u2018\u2019F\u00eate&nbsp; de la Musique\u2019\u2019. A &#8220;bold&#8221; bet according to the artist and artistic director of the festival, but one that she and her husband Mario Labb\u00e9 [&hellip;]\" \/>\n<meta property=\"og:url\" content=\"https:\/\/panm360.com\/en\/interviews-panm360\/fete-de-la-musique-2025-tremblant-interview-angele-dubeau\/\" \/>\n<meta property=\"og:site_name\" content=\"PAN M 360\" \/>\n<meta property=\"article:publisher\" content=\"https:\/\/www.facebook.com\/panm360\/\" \/>\n<meta property=\"article:modified_time\" content=\"2025-08-25T14:27:21+00:00\" \/>\n<meta property=\"og:image\" content=\"https:\/\/panm360.com\/wp-content\/uploads\/2025\/08\/Angele-Dubeau.jpg\" \/>\n\t<meta property=\"og:image:width\" content=\"861\" \/>\n\t<meta property=\"og:image:height\" content=\"621\" \/>\n\t<meta property=\"og:image:type\" content=\"image\/jpeg\" \/>\n<meta name=\"twitter:card\" content=\"summary_large_image\" \/>\n<meta name=\"twitter:site\" content=\"@PANM360\" \/>\n<meta name=\"twitter:label1\" content=\"Est. reading time\" \/>\n\t<meta name=\"twitter:data1\" content=\"1 minute\" \/>\n<script type=\"application\/ld+json\" class=\"yoast-schema-graph\">{\"@context\":\"https:\\\/\\\/schema.org\",\"@graph\":[{\"@type\":\"WebPage\",\"@id\":\"https:\\\/\\\/panm360.com\\\/en\\\/interviews-panm360\\\/fete-de-la-musique-2025-tremblant-interview-angele-dubeau\\\/\",\"url\":\"https:\\\/\\\/panm360.com\\\/en\\\/interviews-panm360\\\/fete-de-la-musique-2025-tremblant-interview-angele-dubeau\\\/\",\"name\":\"F\u00eate de la Musique 2025 | We chat about the programming with Ang\u00e8le Dubeau - PAN M 360\",\"isPartOf\":{\"@id\":\"https:\\\/\\\/panm360.com\\\/en\\\/#website\"},\"primaryImageOfPage\":{\"@id\":\"https:\\\/\\\/panm360.com\\\/en\\\/interviews-panm360\\\/fete-de-la-musique-2025-tremblant-interview-angele-dubeau\\\/#primaryimage\"},\"image\":{\"@id\":\"https:\\\/\\\/panm360.com\\\/en\\\/interviews-panm360\\\/fete-de-la-musique-2025-tremblant-interview-angele-dubeau\\\/#primaryimage\"},\"thumbnailUrl\":\"https:\\\/\\\/panm360.com\\\/wp-content\\\/uploads\\\/2025\\\/08\\\/Angele-Dubeau.jpg\",\"datePublished\":\"2025-08-23T21:52:59+00:00\",\"dateModified\":\"2025-08-25T14:27:21+00:00\",\"breadcrumb\":{\"@id\":\"https:\\\/\\\/panm360.com\\\/en\\\/interviews-panm360\\\/fete-de-la-musique-2025-tremblant-interview-angele-dubeau\\\/#breadcrumb\"},\"inLanguage\":\"en-US\",\"potentialAction\":[{\"@type\":\"ReadAction\",\"target\":[\"https:\\\/\\\/panm360.com\\\/en\\\/interviews-panm360\\\/fete-de-la-musique-2025-tremblant-interview-angele-dubeau\\\/\"]}]},{\"@type\":\"ImageObject\",\"inLanguage\":\"en-US\",\"@id\":\"https:\\\/\\\/panm360.com\\\/en\\\/interviews-panm360\\\/fete-de-la-musique-2025-tremblant-interview-angele-dubeau\\\/#primaryimage\",\"url\":\"https:\\\/\\\/panm360.com\\\/wp-content\\\/uploads\\\/2025\\\/08\\\/Angele-Dubeau.jpg\",\"contentUrl\":\"https:\\\/\\\/panm360.com\\\/wp-content\\\/uploads\\\/2025\\\/08\\\/Angele-Dubeau.jpg\",\"width\":861,\"height\":621},{\"@type\":\"BreadcrumbList\",\"@id\":\"https:\\\/\\\/panm360.com\\\/en\\\/interviews-panm360\\\/fete-de-la-musique-2025-tremblant-interview-angele-dubeau\\\/#breadcrumb\",\"itemListElement\":[{\"@type\":\"ListItem\",\"position\":1,\"name\":\"Accueil\",\"item\":\"https:\\\/\\\/panm360.com\\\/en\\\/\"},{\"@type\":\"ListItem\",\"position\":2,\"name\":\"Interviews\",\"item\":\"https:\\\/\\\/panm360.com\\\/en\\\/interviews-panm360\\\/\"},{\"@type\":\"ListItem\",\"position\":3,\"name\":\"F\u00eate de la Musique 2025 | We chat about the programming with Ang\u00e8le Dubeau\"}]},{\"@type\":\"WebSite\",\"@id\":\"https:\\\/\\\/panm360.com\\\/en\\\/#website\",\"url\":\"https:\\\/\\\/panm360.com\\\/en\\\/\",\"name\":\"PAN M 360\",\"description\":\"Le m\u00e9dia num\u00e9rique de la musique !\",\"publisher\":{\"@id\":\"https:\\\/\\\/panm360.com\\\/en\\\/#organization\"},\"potentialAction\":[{\"@type\":\"SearchAction\",\"target\":{\"@type\":\"EntryPoint\",\"urlTemplate\":\"https:\\\/\\\/panm360.com\\\/en\\\/?s={search_term_string}\"},\"query-input\":{\"@type\":\"PropertyValueSpecification\",\"valueRequired\":true,\"valueName\":\"search_term_string\"}}],\"inLanguage\":\"en-US\"},{\"@type\":\"Organization\",\"@id\":\"https:\\\/\\\/panm360.com\\\/en\\\/#organization\",\"name\":\"PAN M 360\",\"url\":\"https:\\\/\\\/panm360.com\\\/en\\\/\",\"logo\":{\"@type\":\"ImageObject\",\"inLanguage\":\"en-US\",\"@id\":\"https:\\\/\\\/panm360.com\\\/en\\\/#\\\/schema\\\/logo\\\/image\\\/\",\"url\":\"https:\\\/\\\/panm360.com\\\/wp-content\\\/uploads\\\/2019\\\/12\\\/PAN-M360_Logo_RGB.jpg\",\"contentUrl\":\"https:\\\/\\\/panm360.com\\\/wp-content\\\/uploads\\\/2019\\\/12\\\/PAN-M360_Logo_RGB.jpg\",\"width\":1663,\"height\":631,\"caption\":\"PAN M 360\"},\"image\":{\"@id\":\"https:\\\/\\\/panm360.com\\\/en\\\/#\\\/schema\\\/logo\\\/image\\\/\"},\"sameAs\":[\"https:\\\/\\\/www.facebook.com\\\/panm360\\\/\",\"https:\\\/\\\/x.com\\\/PANM360\",\"https:\\\/\\\/www.instagram.com\\\/panm360\\\/\",\"https:\\\/\\\/www.linkedin.com\\\/company\\\/panm360\\\/\",\"https:\\\/\\\/www.youtube.com\\\/channel\\\/UCHEFHd3UhIrV6EJ3ltzVKOA?view_as=subscriber\"]}]}<\/script>\n<!-- \/ Yoast SEO plugin. -->","yoast_head_json":{"title":"F\u00eate de la Musique 2025 | We chat about the programming with Ang\u00e8le Dubeau - PAN M 360","robots":{"index":"index","follow":"follow","max-snippet":"max-snippet:-1","max-image-preview":"max-image-preview:large","max-video-preview":"max-video-preview:-1"},"canonical":"https:\/\/panm360.com\/en\/interviews-panm360\/fete-de-la-musique-2025-tremblant-interview-angele-dubeau\/","og_locale":"en_US","og_type":"article","og_title":"F\u00eate de la Musique 2025 | We chat about the programming with Ang\u00e8le Dubeau - PAN M 360","og_description":"In 1995, Ang\u00e8le Dubeau felt like &#8220;a little headless chicken,&#8221; running around everywhere because she was so feverish on the eve of the very first Music Festival in Tremblant, \u2018\u2019F\u00eate&nbsp; de la Musique\u2019\u2019. A &#8220;bold&#8221; bet according to the artist and artistic director of the festival, but one that she and her husband Mario Labb\u00e9 [&hellip;]","og_url":"https:\/\/panm360.com\/en\/interviews-panm360\/fete-de-la-musique-2025-tremblant-interview-angele-dubeau\/","og_site_name":"PAN M 360","article_publisher":"https:\/\/www.facebook.com\/panm360\/","article_modified_time":"2025-08-25T14:27:21+00:00","og_image":[{"width":861,"height":621,"url":"https:\/\/panm360.com\/wp-content\/uploads\/2025\/08\/Angele-Dubeau.jpg","type":"image\/jpeg"}],"twitter_card":"summary_large_image","twitter_site":"@PANM360","twitter_misc":{"Est. reading time":"1 minute"},"schema":{"@context":"https:\/\/schema.org","@graph":[{"@type":"WebPage","@id":"https:\/\/panm360.com\/en\/interviews-panm360\/fete-de-la-musique-2025-tremblant-interview-angele-dubeau\/","url":"https:\/\/panm360.com\/en\/interviews-panm360\/fete-de-la-musique-2025-tremblant-interview-angele-dubeau\/","name":"F\u00eate de la Musique 2025 | We chat about the programming with Ang\u00e8le Dubeau - PAN M 360","isPartOf":{"@id":"https:\/\/panm360.com\/en\/#website"},"primaryImageOfPage":{"@id":"https:\/\/panm360.com\/en\/interviews-panm360\/fete-de-la-musique-2025-tremblant-interview-angele-dubeau\/#primaryimage"},"image":{"@id":"https:\/\/panm360.com\/en\/interviews-panm360\/fete-de-la-musique-2025-tremblant-interview-angele-dubeau\/#primaryimage"},"thumbnailUrl":"https:\/\/panm360.com\/wp-content\/uploads\/2025\/08\/Angele-Dubeau.jpg","datePublished":"2025-08-23T21:52:59+00:00","dateModified":"2025-08-25T14:27:21+00:00","breadcrumb":{"@id":"https:\/\/panm360.com\/en\/interviews-panm360\/fete-de-la-musique-2025-tremblant-interview-angele-dubeau\/#breadcrumb"},"inLanguage":"en-US","potentialAction":[{"@type":"ReadAction","target":["https:\/\/panm360.com\/en\/interviews-panm360\/fete-de-la-musique-2025-tremblant-interview-angele-dubeau\/"]}]},{"@type":"ImageObject","inLanguage":"en-US","@id":"https:\/\/panm360.com\/en\/interviews-panm360\/fete-de-la-musique-2025-tremblant-interview-angele-dubeau\/#primaryimage","url":"https:\/\/panm360.com\/wp-content\/uploads\/2025\/08\/Angele-Dubeau.jpg","contentUrl":"https:\/\/panm360.com\/wp-content\/uploads\/2025\/08\/Angele-Dubeau.jpg","width":861,"height":621},{"@type":"BreadcrumbList","@id":"https:\/\/panm360.com\/en\/interviews-panm360\/fete-de-la-musique-2025-tremblant-interview-angele-dubeau\/#breadcrumb","itemListElement":[{"@type":"ListItem","position":1,"name":"Accueil","item":"https:\/\/panm360.com\/en\/"},{"@type":"ListItem","position":2,"name":"Interviews","item":"https:\/\/panm360.com\/en\/interviews-panm360\/"},{"@type":"ListItem","position":3,"name":"F\u00eate de la Musique 2025 | We chat about the programming with Ang\u00e8le Dubeau"}]},{"@type":"WebSite","@id":"https:\/\/panm360.com\/en\/#website","url":"https:\/\/panm360.com\/en\/","name":"PAN M 360","description":"Le m\u00e9dia num\u00e9rique de la musique !","publisher":{"@id":"https:\/\/panm360.com\/en\/#organization"},"potentialAction":[{"@type":"SearchAction","target":{"@type":"EntryPoint","urlTemplate":"https:\/\/panm360.com\/en\/?s={search_term_string}"},"query-input":{"@type":"PropertyValueSpecification","valueRequired":true,"valueName":"search_term_string"}}],"inLanguage":"en-US"},{"@type":"Organization","@id":"https:\/\/panm360.com\/en\/#organization","name":"PAN M 360","url":"https:\/\/panm360.com\/en\/","logo":{"@type":"ImageObject","inLanguage":"en-US","@id":"https:\/\/panm360.com\/en\/#\/schema\/logo\/image\/","url":"https:\/\/panm360.com\/wp-content\/uploads\/2019\/12\/PAN-M360_Logo_RGB.jpg","contentUrl":"https:\/\/panm360.com\/wp-content\/uploads\/2019\/12\/PAN-M360_Logo_RGB.jpg","width":1663,"height":631,"caption":"PAN M 360"},"image":{"@id":"https:\/\/panm360.com\/en\/#\/schema\/logo\/image\/"},"sameAs":["https:\/\/www.facebook.com\/panm360\/","https:\/\/x.com\/PANM360","https:\/\/www.instagram.com\/panm360\/","https:\/\/www.linkedin.com\/company\/panm360\/","https:\/\/www.youtube.com\/channel\/UCHEFHd3UhIrV6EJ3ltzVKOA?view_as=subscriber"]}]}},"_links":{"self":[{"href":"https:\/\/panm360.com\/en\/wp-json\/wp\/v2\/interviews\/143614","targetHints":{"allow":["GET"]}}],"collection":[{"href":"https:\/\/panm360.com\/en\/wp-json\/wp\/v2\/interviews"}],"about":[{"href":"https:\/\/panm360.com\/en\/wp-json\/wp\/v2\/types\/interviews"}],"author":[{"embeddable":true,"href":"https:\/\/panm360.com\/en\/wp-json\/wp\/v2\/users\/775"}],"wp:featuredmedia":[{"embeddable":true,"href":"https:\/\/panm360.com\/en\/wp-json\/wp\/v2\/media\/143875"}],"wp:attachment":[{"href":"https:\/\/panm360.com\/en\/wp-json\/wp\/v2\/media?parent=143614"}],"wp:term":[{"taxonomy":"category","embeddable":true,"href":"https:\/\/panm360.com\/en\/wp-json\/wp\/v2\/categories?post=143614"},{"taxonomy":"post_tag","embeddable":true,"href":"https:\/\/panm360.com\/en\/wp-json\/wp\/v2\/tags?post=143614"},{"taxonomy":"genre","embeddable":true,"href":"https:\/\/panm360.com\/en\/wp-json\/wp\/v2\/genre?post=143614"}],"curies":[{"name":"wp","href":"https:\/\/api.w.org\/{rel}","templated":true}]}}