{"id":137707,"date":"2025-05-17T13:49:44","date_gmt":"2025-05-17T17:49:44","guid":{"rendered":"https:\/\/panm360.com\/interviews-panm360\/pro-musica-sergey-et-lusine-khachatryan-larmenie-classique-et-tout-lunivers-classique\/"},"modified":"2025-05-17T20:03:25","modified_gmt":"2025-05-18T00:03:25","slug":"pro-musica-sergey-et-lusine-khachatryan-larmenie-classique-et-tout-lunivers-classique","status":"publish","type":"interviews","link":"https:\/\/panm360.com\/en\/interviews-panm360\/pro-musica-sergey-et-lusine-khachatryan-larmenie-classique-et-tout-lunivers-classique\/","title":{"rendered":"Pro Musica | Sergey et Lusine Khachatryan, l&#8217;Arm\u00e9nie classique et&#8230; tout l&#8217;univers classique"},"content":{"rendered":"\n<p class=\"wp-block-paragraph\" style=\"font-size:20px\"><strong>Le violoniste Sergey et la pianiste Lusine Khachatryan, fr\u00e8re et s\u0153ur, m\u00e8nent chacun carri\u00e8res de soliste \u00e0 l\u2019\u00e9chelle internationale et se retrouvent sporadiquement en duo pour y interpr\u00e9ter des \u0153uvres du grand r\u00e9pertoire et int\u00e9grer \u00e0 leurs programmes des \u0153uvres arm\u00e9niennes modernes ou contemporaines. Issus d\u2019une famille de musiciens d\u2019Erevan o\u00f9 ils sont n\u00e9s, Sergey et Lusine tiennent immanquablement \u00e0 faire d\u00e9couvrir et savourer les \u0153uvres des meilleurs compositeurs de leur nation, il sera question cette fois d\u2019Arno Babajanian (1921-1983), qui fut aussi un pianiste de tr\u00e8s haut niveau.<\/strong><\/p>\n\n\n\n<p class=\"wp-block-paragraph\" style=\"font-size:20px\"><strong>Rappelons au demeurant que Sergey Khachatryan&nbsp;a remport\u00e9 le Premier Prix du VIIIe Concours international Jean Sibelius \u00e0 Helsinki en 2000, et le Grand Prix du Concours Reine Elisabeth \u00e0 Bruxelles en 2005.Quant \u00e0 Lusine Khachatryan, elle est laur\u00e9ate du Concours International de Piano&nbsp;\u00e0 \u00ab&nbsp;Citt\u00e0 di Ostra\u00bb (Italie 2023).Inutile de souligner que toustes deux se sont produit.e.s sur les plus grandes sc\u00e8nes d\u2019Europe, d\u2019Asie et d\u2019Am\u00e9rique. <\/strong><\/p>\n\n\n\n<p class=\"wp-block-paragraph\" style=\"font-size:20px\"><strong>Avant leur passage attendu du tandem \u00e0 Montr\u00e9al, soit ce dimanche \u00e0 la Salle Pierre-Mercure dans un programme mis de l&#8217;avant par Pro Musica, Lusine Khachatryan r\u00e9pond aux questions d&#8217;Alain Brunet pour PAN M 360.<\/strong><\/p>\n\n\n\n<p class=\"wp-block-paragraph\" style=\"font-size:20px\"><\/p>\n\n\n\n<p class=\"wp-block-paragraph\" style=\"font-size:20px\"><strong>PAN M 360<\/strong><strong>: Vous avez choisi d&#8217;interpr\u00e9ter une \u0153uvre d&#8217;Arno Babadjanian. Vous avez \u00e9galement enregistr\u00e9 des \u0153uvres de Komitas, d&#8217;Eduard Bagdasarian, d&#8217;Aram Khatchaturyan et d&#8217;autres encore, j&#8217;imagine. Pourquoi celle-ci, en ce dimanche \u00e0 Montr\u00e9al ?<\/strong><\/p>\n\n\n\n<p class=\"wp-block-paragraph\" style=\"font-size:20px\"><strong>Lusine Khachatryan:<\/strong> Nous avons d\u00e9cid\u00e9 de cr\u00e9er un programme compos\u00e9 de deux sonates de Beethoven et deux sonates du 20\u00e8me si\u00e8cle. La Sonate pour violon et piano d\u00b4Arno&nbsp;Babadjanian&nbsp;est une fantastique sonate, pour nous est une des meilleures sonates du 20\u00e8me si\u00e8cle. Les compositions de ces trois g\u00e9nies sont influenc\u00e9es par leur origines, mais finalement toutes ces \u0153uvres&nbsp;d\u00b4art deviennent universelles \u00e0 travers&nbsp;le langage musical. Langage qui d\u00e9fie&nbsp;toute fronti\u00e8re.<\/p>\n\n\n\n<p class=\"wp-block-paragraph\" style=\"font-size:20px\"><strong>PAN M 360&nbsp;: <\/strong><strong>Y a-t-il un danger pour vos carri\u00e8res respectives si votre r\u00e9putation est exclusivement li\u00e9e \u00e0 votre identit\u00e9 arm\u00e9nienne ? Cherchez-vous un \u00e9quilibre entre l&#8217;Arm\u00e9nien qui est en vous et votre capacit\u00e9 \u00e0 interpr\u00e9ter l&#8217;ensemble du r\u00e9pertoire ?<\/strong><\/p>\n\n\n\n<p class=\"wp-block-paragraph\" style=\"font-size:20px\"><strong>Lusine Khachatryan: <\/strong>En effet nous sommes arm\u00e9niens, cela fait partie de notre identit\u00e9. Mais en tant qu&#8217;artistes, le langage musical est notre fa\u00e7on de communiquer avec le monde et c&#8217;est un langage qui est universel.<\/p>\n\n\n\n<p class=\"wp-block-paragraph\" style=\"font-size:20px\"><strong>PAN M 360<\/strong><strong>: On peut aussi deviner qu&#8217;il existe une grande et solide tradition d&#8217;interpr\u00e9tation et de haute virtuosit\u00e9 du c\u00f4t\u00e9 arm\u00e9nien, comme Sergei Babayan (classique) ou Tigran Hamasyan (jazz). Une source d&#8217;inspiration ?<\/strong><\/p>\n\n\n\n<p class=\"wp-block-paragraph\" style=\"font-size:20px\"><strong>Lusine Khachatryan: <\/strong>Oui, c&#8217;est vrai. Il a beaucoup de merveilleux musiciens et artistes arm\u00e9niens. On pourrait en nommer ind\u00e9finiment. Personnellement, je m&#8217;inspire \u00e9norm\u00e9ment des compositeurs et aussi d&#8217;autres formats&nbsp;comme le th\u00e9\u00e2tre et la peinture par exemple. C&#8217;est ainsi que mon projet de piano &#8211; th\u00e9\u00e2tre est n\u00e9. En m&#8217;inspirant pour cr\u00e9er quelque chose de nouveau, pas seulement musicalement mais aussi visuellement.&nbsp;<\/p>\n\n\n\n<p class=\"wp-block-paragraph\" style=\"font-size:20px\"><strong>PAN M 360<\/strong><strong>: Retournez-vous r\u00e9guli\u00e8rement \u00e0 Erevan ? Quelle est, selon vous, l&#8217;ambiance apr\u00e8s les r\u00e9centes souffrances du peuple arm\u00e9nien dans le Haut-Karaba<\/strong><strong>g<\/strong><strong>h <\/strong><strong>(<\/strong><strong>Artsakh<\/strong><strong>)<\/strong><strong> ?<\/strong><\/p>\n\n\n\n<p class=\"wp-block-paragraph\" style=\"font-size:20px\"><strong>Lusine Khachatryan: <\/strong>Nous voyageons en Arm\u00e9nie tous les ans, pour rendre visite \u00e0 notre famille, \u00e0 nos amis et pour jouer en concert. Cette ann\u00e9e, nous aurons l&#8217;occasion de jouer, m\u00eame deux fois, en tant que solistes.&nbsp;Apr\u00e8s la perte d&#8217;Artsakh, l&#8217;ambiance en Arm\u00e9nie \u00e9tait profond\u00e9ment triste. Nous sommes toujours tr\u00e8s inquiets des attaques constantes de la part de l&#8217;Azerba\u00efdjan \u00e0 la R\u00e9publique d&#8217;Arm\u00e9nie. Ce qui est \u00e9galement inqui\u00e9tant, c&#8217;est la propagande qui continue \u00e0 s&#8217;exercer contre les Arm\u00e9niens : l&#8217;id\u00e9e de l&#8217;Azerba\u00efdjan de l\u2019ouest, le d\u00e9ni de l&#8217;identit\u00e9 arm\u00e9nienne, la propagande dans les \u00e9coles. Tout cela est extr\u00eamement inqui\u00e9tant. La relation entre l\u2019Azerba\u00efdjan et la Turquie, pays qui jusqu\u2019\u00e0 aujourd\u2019hui continue de nier le g\u00e9nocide arm\u00e9nien. Il y a beaucoup de chemin \u00e0 faire vers la paix, et pour l&#8217;instant,&nbsp;la situation n&#8217;est pas tr\u00e8s prometteuse.&nbsp;<\/p>\n\n\n\n<p class=\"wp-block-paragraph\" style=\"font-size:20px\"><strong>PAN M 360&nbsp;<\/strong><strong>: Quelle importance accordez-vous \u00e0 votre travail en duo par rapport \u00e0 vos carri\u00e8res en solo ?<\/strong><\/p>\n\n\n\n<p class=\"wp-block-paragraph\" style=\"font-size:20px\"><strong>Lusine Khachatryan: <\/strong>Travailler en duo avec mon fr\u00e8re a ouvert beaucoup d&#8217;horizons pour moi, musicalement et personnellement. C&#8217;est une collaboration d&#8217;une grande valeur pour moi. Un espace familier o\u00f9 je me sens en s\u00e9curit\u00e9, libre et tr\u00e8s appr\u00e9ci\u00e9e.&nbsp;Il r\u00e8gne entre nous une ambiance non comp\u00e9titive, nous \u00e9voluons dans une zone qui n\u2019est pas min\u00e9e par l\u2019ambition individuelle. Nos personnalit\u00e9s sont tr\u00e8s diff\u00e9rentes mais nos valeurs musicales sont tr\u00e8s similaires, d&#8217;o\u00f9 le r\u00f4le et l&#8217;influence musicale de nos parents.<\/p>\n\n\n\n<p class=\"wp-block-paragraph\" style=\"font-size:20px\">Artistiquement parlant, la musique est toujours notre premi\u00e8re priorit\u00e9. Ni notre carri\u00e8re, ni notre persona. C&#8217;est toujours la musique qui doit prendre la parole, qui doit \u00eatre la protagoniste. Bien s\u00fbr, cette mentalit\u00e9, cette mani\u00e8re d&#8217;aborder la musique et l&#8217;interpr\u00e9tation a un c\u00f4t\u00e9&nbsp;positif mais comporte aussi beaucoup d&#8217;inconv\u00e9nients dans le monde actuel. Un monde tellement concentr\u00e9 sur l\u2019individualisme.<\/p>\n\n\n\n<p class=\"wp-block-paragraph\" style=\"font-size:20px\"><strong>M 360<\/strong><strong>: Quels ont \u00e9t\u00e9 vos professeurs les plus influents ? Les plus grands interpr\u00e8tes de piano et de violon ?<\/strong><\/p>\n\n\n\n<p class=\"wp-block-paragraph\" style=\"font-size:20px\"><strong>Lusine Khachatryan: <\/strong>Notre premi\u00e8re et principale influence ont \u00e9t\u00e9 nos parents. Tous les deux sont musiciens, pianistes formidables. Par apr\u00e8s nous avons beaucoup appris de nos professeurs au conservatoire: professeur Sontraud Speidel et professeur Dr. Saule Tatubaeva dans mon cas. Sergey a \u00e9tudi\u00e9 avec plusieurs professeurs mais le professeur qui a vraiment marqu\u00e9 son apprentissage&nbsp;en tant que violoniste&nbsp;est Josef Rissin.&nbsp;<\/p>\n\n\n\n<p class=\"wp-block-paragraph\" style=\"font-size:20px\"><strong>PAN M 360<\/strong><strong>: Avez-vous des compositeurs ou des \u0153uvres pr\u00e9f\u00e9r\u00e9s dans le r\u00e9pertoire classique ou contemporain ?<\/strong><\/p>\n\n\n\n<p class=\"wp-block-paragraph\" style=\"font-size:20px\"><strong>Lusine Khachatryan: <\/strong>Je suis devenue pianiste gr\u00e2ce&nbsp;\u00e0 Chopin. Je consid\u00e9rais mon \u00e2me s\u0153ur dans le monde musical. Maintenant mes pr\u00e9f\u00e9rences et mon go\u00fbt musical ont un peu chang\u00e9. Je m&#8217;int\u00e9resse beaucoup et je suis tr\u00e8s inspir\u00e9e par les impressionnistes et la musique du 20 et du 21e si\u00e8cle. Les compositeurs contemporains sont aussi tr\u00e8s int\u00e9ressants. L&#8217;ann\u00e9e derni\u00e8re, par exemple, j&#8217;ai jou\u00e9 la premi\u00e8re \u00e0 Paris d&#8217;une \u0153uvre compos\u00e9e par Sona Talian&nbsp;<em>In A-Mur<\/em>. Pouvoir travailler avec elle et participer \u00e0 la naissance et \u00e0 la cr\u00e9ation de cette pi\u00e8ce m&#8217;a beaucoup inspir\u00e9e.<\/p>\n\n\n\n<p class=\"wp-block-paragraph\" style=\"font-size:20px\"><strong>PAN M 360<\/strong><strong>: Comment avez-vous mis en place le programme de Montr\u00e9al ?<\/strong><\/p>\n\n\n\n<p class=\"wp-block-paragraph\" style=\"font-size:20px\"><strong>Lusine Khachatryan: <\/strong>Nous voulions pr\u00e9senter deux \u00e9poques contrastantes, deux ambiances. La premi\u00e8re sonate de Beethoven et la sonate de Debussy ont plus en commun que la Sonate n.4 de Beethoven par exemple. La quatri\u00e8me sonate de Beethoven est pleine de d\u00e9sespoir, d&#8217;inqui\u00e9tude et de turbulence. Elle peut \u00eatre comparable \u00e0 la sonate de Babadjanian qui transmet&nbsp;un certain esprit tragique et combattant.&nbsp;<\/p>\n\n\n\n<p class=\"wp-block-paragraph\" style=\"font-size:20px\">La premi\u00e8re sonate de Beethoven et la sonate de Debussy par contre se caract\u00e9risent par une&nbsp;certaine l\u00e9g\u00e8ret\u00e9 et insouciance. Elles se caract\u00e9risent toutes les deux par cet \u00e9l\u00e9ment flottant, presque c\u00e9leste. Debussy a compos\u00e9 la sonate juste avant sa mort, et elle transmet loin du tragique un sentiment presque de joie. Peut-\u00eatre l&#8217;anticipation de la s\u00e9paration du monde physique et mat\u00e9riel.&nbsp;<\/p>\n\n\n\n<p class=\"wp-block-paragraph\" style=\"font-size:20px\">Si notre programme devait \u00eatre un tableau, ce serait un tableau de Vermeer pour moi. Avec des motifs plus obscurs, les ombres et puis des couleurs pleines de lumi\u00e8re qui \u00e9blouit le regard.<\/p>\n\n\n\n<p class=\"wp-block-paragraph\" style=\"font-size:20px\"><strong>P<\/strong><strong>ROGRAMME<\/strong><\/p>\n\n\n\n<p class=\"wp-block-paragraph\" style=\"font-size:20px\">LUDWIG VAN BEETHOVEN,&nbsp;<em>Sonate pour violon et piano No. 1 en r\u00e9 majeur<\/em>, op.12<\/p>\n\n\n\n<p class=\"wp-block-paragraph\" style=\"font-size:20px\">LUDWIG VAN BEETHOVEN,&nbsp;<em>Sonate pour violon et piano No. 4 en la mineur<\/em>, op.23<\/p>\n\n\n\n<p class=\"wp-block-paragraph\" style=\"font-size:20px\"><strong>-ENTRACTE-<\/strong><\/p>\n\n\n\n<p class=\"wp-block-paragraph\" style=\"font-size:20px\">CLAUDE DEBUSSY,&nbsp;<em>Sonate pour violon et piano en sol mineur<\/em><\/p>\n\n\n\n<p class=\"wp-block-paragraph\" style=\"font-size:20px\">ARNO BABADJANIAN,&nbsp;<em>Sonate pour violon et piano en si b\u00e9mol mineur<\/em><\/p>\n\n\n\n<p class=\"wp-block-paragraph\" style=\"font-size:20px\">Dur\u00e9e&nbsp;: 90 minutes avec entracte<\/p>\n\n\n\n<p class=\"wp-block-paragraph\"><\/p>\n","protected":false},"excerpt":{"rendered":"<p>Le violoniste Sergey et la pianiste Lusine Khachatryan, fr\u00e8re et s\u0153ur, m\u00e8nent chacun carri\u00e8res de soliste \u00e0 l\u2019\u00e9chelle internationale et se retrouvent sporadiquement en duo pour y interpr\u00e9ter des \u0153uvres du grand r\u00e9pertoire et int\u00e9grer \u00e0 leurs programmes des \u0153uvres arm\u00e9niennes modernes ou contemporaines. Issus d\u2019une famille de musiciens d\u2019Erevan o\u00f9 ils sont n\u00e9s, Sergey [&hellip;]<\/p>\n","protected":false},"author":36,"featured_media":137701,"menu_order":0,"template":"","format":"standard","meta":{"_acf_changed":true,"_crdt_document":""},"categories":[4628],"tags":[],"genre":[8055,3117],"class_list":["post-137707","interviews","type-interviews","status-publish","format-standard","has-post-thumbnail","hentry","category-interviews-en","genre-classique-2-en","genre-modern-classical"],"acf":[],"yoast_head":"<!-- This site is optimized with the Yoast SEO plugin v27.5 - https:\/\/yoast.com\/product\/yoast-seo-wordpress\/ -->\n<title>Pro Musica | Sergey et Lusine Khachatryan, l&#039;Arm\u00e9nie classique et... tout l&#039;univers classique - PAN M 360<\/title>\n<meta name=\"robots\" content=\"index, follow, max-snippet:-1, max-image-preview:large, max-video-preview:-1\" \/>\n<link rel=\"canonical\" href=\"https:\/\/panm360.com\/en\/interviews-panm360\/pro-musica-sergey-et-lusine-khachatryan-larmenie-classique-et-tout-lunivers-classique\/\" \/>\n<meta property=\"og:locale\" content=\"en_US\" \/>\n<meta property=\"og:type\" content=\"article\" \/>\n<meta property=\"og:title\" content=\"Pro Musica | Sergey et Lusine Khachatryan, l&#039;Arm\u00e9nie classique et... tout l&#039;univers classique - PAN M 360\" \/>\n<meta property=\"og:description\" content=\"Le violoniste Sergey et la pianiste Lusine Khachatryan, fr\u00e8re et s\u0153ur, m\u00e8nent chacun carri\u00e8res de soliste \u00e0 l\u2019\u00e9chelle internationale et se retrouvent sporadiquement en duo pour y interpr\u00e9ter des \u0153uvres du grand r\u00e9pertoire et int\u00e9grer \u00e0 leurs programmes des \u0153uvres arm\u00e9niennes modernes ou contemporaines. Issus d\u2019une famille de musiciens d\u2019Erevan o\u00f9 ils sont n\u00e9s, Sergey [&hellip;]\" \/>\n<meta property=\"og:url\" content=\"https:\/\/panm360.com\/en\/interviews-panm360\/pro-musica-sergey-et-lusine-khachatryan-larmenie-classique-et-tout-lunivers-classique\/\" \/>\n<meta property=\"og:site_name\" content=\"PAN M 360\" \/>\n<meta property=\"article:publisher\" content=\"https:\/\/www.facebook.com\/panm360\/\" \/>\n<meta property=\"article:modified_time\" content=\"2025-05-18T00:03:25+00:00\" \/>\n<meta property=\"og:image\" content=\"https:\/\/panm360.com\/wp-content\/uploads\/2025\/05\/Segey-et-Lusine-Khachatryan.jpg\" \/>\n\t<meta property=\"og:image:width\" content=\"528\" \/>\n\t<meta property=\"og:image:height\" content=\"529\" \/>\n\t<meta property=\"og:image:type\" content=\"image\/jpeg\" \/>\n<meta name=\"twitter:card\" content=\"summary_large_image\" \/>\n<meta name=\"twitter:site\" content=\"@PANM360\" \/>\n<meta name=\"twitter:label1\" content=\"Est. reading time\" \/>\n\t<meta name=\"twitter:data1\" content=\"7 minutes\" \/>\n<script type=\"application\/ld+json\" class=\"yoast-schema-graph\">{\"@context\":\"https:\\\/\\\/schema.org\",\"@graph\":[{\"@type\":\"WebPage\",\"@id\":\"https:\\\/\\\/panm360.com\\\/en\\\/interviews-panm360\\\/pro-musica-sergey-et-lusine-khachatryan-larmenie-classique-et-tout-lunivers-classique\\\/\",\"url\":\"https:\\\/\\\/panm360.com\\\/en\\\/interviews-panm360\\\/pro-musica-sergey-et-lusine-khachatryan-larmenie-classique-et-tout-lunivers-classique\\\/\",\"name\":\"Pro Musica | Sergey et Lusine Khachatryan, l'Arm\u00e9nie classique et... tout l'univers classique - PAN M 360\",\"isPartOf\":{\"@id\":\"https:\\\/\\\/panm360.com\\\/en\\\/#website\"},\"primaryImageOfPage\":{\"@id\":\"https:\\\/\\\/panm360.com\\\/en\\\/interviews-panm360\\\/pro-musica-sergey-et-lusine-khachatryan-larmenie-classique-et-tout-lunivers-classique\\\/#primaryimage\"},\"image\":{\"@id\":\"https:\\\/\\\/panm360.com\\\/en\\\/interviews-panm360\\\/pro-musica-sergey-et-lusine-khachatryan-larmenie-classique-et-tout-lunivers-classique\\\/#primaryimage\"},\"thumbnailUrl\":\"https:\\\/\\\/panm360.com\\\/wp-content\\\/uploads\\\/2025\\\/05\\\/Segey-et-Lusine-Khachatryan.jpg\",\"datePublished\":\"2025-05-17T17:49:44+00:00\",\"dateModified\":\"2025-05-18T00:03:25+00:00\",\"breadcrumb\":{\"@id\":\"https:\\\/\\\/panm360.com\\\/en\\\/interviews-panm360\\\/pro-musica-sergey-et-lusine-khachatryan-larmenie-classique-et-tout-lunivers-classique\\\/#breadcrumb\"},\"inLanguage\":\"en-US\",\"potentialAction\":[{\"@type\":\"ReadAction\",\"target\":[\"https:\\\/\\\/panm360.com\\\/en\\\/interviews-panm360\\\/pro-musica-sergey-et-lusine-khachatryan-larmenie-classique-et-tout-lunivers-classique\\\/\"]}]},{\"@type\":\"ImageObject\",\"inLanguage\":\"en-US\",\"@id\":\"https:\\\/\\\/panm360.com\\\/en\\\/interviews-panm360\\\/pro-musica-sergey-et-lusine-khachatryan-larmenie-classique-et-tout-lunivers-classique\\\/#primaryimage\",\"url\":\"https:\\\/\\\/panm360.com\\\/wp-content\\\/uploads\\\/2025\\\/05\\\/Segey-et-Lusine-Khachatryan.jpg\",\"contentUrl\":\"https:\\\/\\\/panm360.com\\\/wp-content\\\/uploads\\\/2025\\\/05\\\/Segey-et-Lusine-Khachatryan.jpg\",\"width\":528,\"height\":529},{\"@type\":\"BreadcrumbList\",\"@id\":\"https:\\\/\\\/panm360.com\\\/en\\\/interviews-panm360\\\/pro-musica-sergey-et-lusine-khachatryan-larmenie-classique-et-tout-lunivers-classique\\\/#breadcrumb\",\"itemListElement\":[{\"@type\":\"ListItem\",\"position\":1,\"name\":\"Accueil\",\"item\":\"https:\\\/\\\/panm360.com\\\/en\\\/\"},{\"@type\":\"ListItem\",\"position\":2,\"name\":\"Interviews\",\"item\":\"https:\\\/\\\/panm360.com\\\/en\\\/interviews-panm360\\\/\"},{\"@type\":\"ListItem\",\"position\":3,\"name\":\"Pro Musica | Sergey et Lusine Khachatryan, l&#8217;Arm\u00e9nie classique et&#8230; tout l&#8217;univers classique\"}]},{\"@type\":\"WebSite\",\"@id\":\"https:\\\/\\\/panm360.com\\\/en\\\/#website\",\"url\":\"https:\\\/\\\/panm360.com\\\/en\\\/\",\"name\":\"PAN M 360\",\"description\":\"Le m\u00e9dia num\u00e9rique de la musique !\",\"publisher\":{\"@id\":\"https:\\\/\\\/panm360.com\\\/en\\\/#organization\"},\"potentialAction\":[{\"@type\":\"SearchAction\",\"target\":{\"@type\":\"EntryPoint\",\"urlTemplate\":\"https:\\\/\\\/panm360.com\\\/en\\\/?s={search_term_string}\"},\"query-input\":{\"@type\":\"PropertyValueSpecification\",\"valueRequired\":true,\"valueName\":\"search_term_string\"}}],\"inLanguage\":\"en-US\"},{\"@type\":\"Organization\",\"@id\":\"https:\\\/\\\/panm360.com\\\/en\\\/#organization\",\"name\":\"PAN M 360\",\"url\":\"https:\\\/\\\/panm360.com\\\/en\\\/\",\"logo\":{\"@type\":\"ImageObject\",\"inLanguage\":\"en-US\",\"@id\":\"https:\\\/\\\/panm360.com\\\/en\\\/#\\\/schema\\\/logo\\\/image\\\/\",\"url\":\"https:\\\/\\\/panm360.com\\\/wp-content\\\/uploads\\\/2019\\\/12\\\/PAN-M360_Logo_RGB.jpg\",\"contentUrl\":\"https:\\\/\\\/panm360.com\\\/wp-content\\\/uploads\\\/2019\\\/12\\\/PAN-M360_Logo_RGB.jpg\",\"width\":1663,\"height\":631,\"caption\":\"PAN M 360\"},\"image\":{\"@id\":\"https:\\\/\\\/panm360.com\\\/en\\\/#\\\/schema\\\/logo\\\/image\\\/\"},\"sameAs\":[\"https:\\\/\\\/www.facebook.com\\\/panm360\\\/\",\"https:\\\/\\\/x.com\\\/PANM360\",\"https:\\\/\\\/www.instagram.com\\\/panm360\\\/\",\"https:\\\/\\\/www.linkedin.com\\\/company\\\/panm360\\\/\",\"https:\\\/\\\/www.youtube.com\\\/channel\\\/UCHEFHd3UhIrV6EJ3ltzVKOA?view_as=subscriber\"]}]}<\/script>\n<!-- \/ Yoast SEO plugin. -->","yoast_head_json":{"title":"Pro Musica | Sergey et Lusine Khachatryan, l'Arm\u00e9nie classique et... tout l'univers classique - PAN M 360","robots":{"index":"index","follow":"follow","max-snippet":"max-snippet:-1","max-image-preview":"max-image-preview:large","max-video-preview":"max-video-preview:-1"},"canonical":"https:\/\/panm360.com\/en\/interviews-panm360\/pro-musica-sergey-et-lusine-khachatryan-larmenie-classique-et-tout-lunivers-classique\/","og_locale":"en_US","og_type":"article","og_title":"Pro Musica | Sergey et Lusine Khachatryan, l'Arm\u00e9nie classique et... tout l'univers classique - PAN M 360","og_description":"Le violoniste Sergey et la pianiste Lusine Khachatryan, fr\u00e8re et s\u0153ur, m\u00e8nent chacun carri\u00e8res de soliste \u00e0 l\u2019\u00e9chelle internationale et se retrouvent sporadiquement en duo pour y interpr\u00e9ter des \u0153uvres du grand r\u00e9pertoire et int\u00e9grer \u00e0 leurs programmes des \u0153uvres arm\u00e9niennes modernes ou contemporaines. Issus d\u2019une famille de musiciens d\u2019Erevan o\u00f9 ils sont n\u00e9s, Sergey [&hellip;]","og_url":"https:\/\/panm360.com\/en\/interviews-panm360\/pro-musica-sergey-et-lusine-khachatryan-larmenie-classique-et-tout-lunivers-classique\/","og_site_name":"PAN M 360","article_publisher":"https:\/\/www.facebook.com\/panm360\/","article_modified_time":"2025-05-18T00:03:25+00:00","og_image":[{"width":528,"height":529,"url":"https:\/\/panm360.com\/wp-content\/uploads\/2025\/05\/Segey-et-Lusine-Khachatryan.jpg","type":"image\/jpeg"}],"twitter_card":"summary_large_image","twitter_site":"@PANM360","twitter_misc":{"Est. reading time":"7 minutes"},"schema":{"@context":"https:\/\/schema.org","@graph":[{"@type":"WebPage","@id":"https:\/\/panm360.com\/en\/interviews-panm360\/pro-musica-sergey-et-lusine-khachatryan-larmenie-classique-et-tout-lunivers-classique\/","url":"https:\/\/panm360.com\/en\/interviews-panm360\/pro-musica-sergey-et-lusine-khachatryan-larmenie-classique-et-tout-lunivers-classique\/","name":"Pro Musica | Sergey et Lusine Khachatryan, l'Arm\u00e9nie classique et... tout l'univers classique - PAN M 360","isPartOf":{"@id":"https:\/\/panm360.com\/en\/#website"},"primaryImageOfPage":{"@id":"https:\/\/panm360.com\/en\/interviews-panm360\/pro-musica-sergey-et-lusine-khachatryan-larmenie-classique-et-tout-lunivers-classique\/#primaryimage"},"image":{"@id":"https:\/\/panm360.com\/en\/interviews-panm360\/pro-musica-sergey-et-lusine-khachatryan-larmenie-classique-et-tout-lunivers-classique\/#primaryimage"},"thumbnailUrl":"https:\/\/panm360.com\/wp-content\/uploads\/2025\/05\/Segey-et-Lusine-Khachatryan.jpg","datePublished":"2025-05-17T17:49:44+00:00","dateModified":"2025-05-18T00:03:25+00:00","breadcrumb":{"@id":"https:\/\/panm360.com\/en\/interviews-panm360\/pro-musica-sergey-et-lusine-khachatryan-larmenie-classique-et-tout-lunivers-classique\/#breadcrumb"},"inLanguage":"en-US","potentialAction":[{"@type":"ReadAction","target":["https:\/\/panm360.com\/en\/interviews-panm360\/pro-musica-sergey-et-lusine-khachatryan-larmenie-classique-et-tout-lunivers-classique\/"]}]},{"@type":"ImageObject","inLanguage":"en-US","@id":"https:\/\/panm360.com\/en\/interviews-panm360\/pro-musica-sergey-et-lusine-khachatryan-larmenie-classique-et-tout-lunivers-classique\/#primaryimage","url":"https:\/\/panm360.com\/wp-content\/uploads\/2025\/05\/Segey-et-Lusine-Khachatryan.jpg","contentUrl":"https:\/\/panm360.com\/wp-content\/uploads\/2025\/05\/Segey-et-Lusine-Khachatryan.jpg","width":528,"height":529},{"@type":"BreadcrumbList","@id":"https:\/\/panm360.com\/en\/interviews-panm360\/pro-musica-sergey-et-lusine-khachatryan-larmenie-classique-et-tout-lunivers-classique\/#breadcrumb","itemListElement":[{"@type":"ListItem","position":1,"name":"Accueil","item":"https:\/\/panm360.com\/en\/"},{"@type":"ListItem","position":2,"name":"Interviews","item":"https:\/\/panm360.com\/en\/interviews-panm360\/"},{"@type":"ListItem","position":3,"name":"Pro Musica | Sergey et Lusine Khachatryan, l&#8217;Arm\u00e9nie classique et&#8230; tout l&#8217;univers classique"}]},{"@type":"WebSite","@id":"https:\/\/panm360.com\/en\/#website","url":"https:\/\/panm360.com\/en\/","name":"PAN M 360","description":"Le m\u00e9dia num\u00e9rique de la musique !","publisher":{"@id":"https:\/\/panm360.com\/en\/#organization"},"potentialAction":[{"@type":"SearchAction","target":{"@type":"EntryPoint","urlTemplate":"https:\/\/panm360.com\/en\/?s={search_term_string}"},"query-input":{"@type":"PropertyValueSpecification","valueRequired":true,"valueName":"search_term_string"}}],"inLanguage":"en-US"},{"@type":"Organization","@id":"https:\/\/panm360.com\/en\/#organization","name":"PAN M 360","url":"https:\/\/panm360.com\/en\/","logo":{"@type":"ImageObject","inLanguage":"en-US","@id":"https:\/\/panm360.com\/en\/#\/schema\/logo\/image\/","url":"https:\/\/panm360.com\/wp-content\/uploads\/2019\/12\/PAN-M360_Logo_RGB.jpg","contentUrl":"https:\/\/panm360.com\/wp-content\/uploads\/2019\/12\/PAN-M360_Logo_RGB.jpg","width":1663,"height":631,"caption":"PAN M 360"},"image":{"@id":"https:\/\/panm360.com\/en\/#\/schema\/logo\/image\/"},"sameAs":["https:\/\/www.facebook.com\/panm360\/","https:\/\/x.com\/PANM360","https:\/\/www.instagram.com\/panm360\/","https:\/\/www.linkedin.com\/company\/panm360\/","https:\/\/www.youtube.com\/channel\/UCHEFHd3UhIrV6EJ3ltzVKOA?view_as=subscriber"]}]}},"_links":{"self":[{"href":"https:\/\/panm360.com\/en\/wp-json\/wp\/v2\/interviews\/137707","targetHints":{"allow":["GET"]}}],"collection":[{"href":"https:\/\/panm360.com\/en\/wp-json\/wp\/v2\/interviews"}],"about":[{"href":"https:\/\/panm360.com\/en\/wp-json\/wp\/v2\/types\/interviews"}],"author":[{"embeddable":true,"href":"https:\/\/panm360.com\/en\/wp-json\/wp\/v2\/users\/36"}],"wp:featuredmedia":[{"embeddable":true,"href":"https:\/\/panm360.com\/en\/wp-json\/wp\/v2\/media\/137701"}],"wp:attachment":[{"href":"https:\/\/panm360.com\/en\/wp-json\/wp\/v2\/media?parent=137707"}],"wp:term":[{"taxonomy":"category","embeddable":true,"href":"https:\/\/panm360.com\/en\/wp-json\/wp\/v2\/categories?post=137707"},{"taxonomy":"post_tag","embeddable":true,"href":"https:\/\/panm360.com\/en\/wp-json\/wp\/v2\/tags?post=137707"},{"taxonomy":"genre","embeddable":true,"href":"https:\/\/panm360.com\/en\/wp-json\/wp\/v2\/genre?post=137707"}],"curies":[{"name":"wp","href":"https:\/\/api.w.org\/{rel}","templated":true}]}}