{"id":133249,"date":"2025-02-19T23:48:48","date_gmt":"2025-02-20T04:48:48","guid":{"rendered":"https:\/\/panm360.com\/interviews-panm360\/mois-de-lhistoire-des-noirs-elida-almeida-chante-evora\/"},"modified":"2025-02-19T23:54:46","modified_gmt":"2025-02-20T04:54:46","slug":"mois-de-lhistoire-des-noirs-elida-almeida-chante-evora","status":"publish","type":"interviews","link":"https:\/\/panm360.com\/en\/interviews-panm360\/mois-de-lhistoire-des-noirs-elida-almeida-chante-evora\/","title":{"rendered":"Black History Month | Elida Almeida Sings Evora"},"content":{"rendered":"\n<p class=\"wp-block-paragraph\" style=\"font-size:20px\"><strong>Live from Germany, Elida Almeida spoke to our journalist Sandra Gasana just a few days before her trip to the USA and then Canada with the C\u00e9saria \u00c9vora Orchestra. Indeed, it was in 2018 that the Cape Verdean singer was asked by her manager to join this legendary group, an offer she couldn&#8217;t refuse. Since then, this adventure has opened the doors to the world&#8217;s biggest stages, while she continues to work on her own personal projects in parallel. For the occasion, she will be joined by Ceuzany, Lucibela and Te\u00f3filo Chantre and former members of C\u00e9saria \u00c9vora&#8217;s group for an evening at Th\u00e9\u00e2tre Maisonneuve, on February 27. Melancholy guaranteed.<\/strong><\/p>\n\n\n\n<figure class=\"wp-block-embed is-type-video is-provider-youtube wp-block-embed-youtube wp-embed-aspect-16-9 wp-has-aspect-ratio\"><div class=\"wp-block-embed__wrapper\">\n<iframe loading=\"lazy\" title=\"Elida Almeida chante Evora\" width=\"500\" height=\"281\" src=\"https:\/\/www.youtube.com\/embed\/Su46W0IddQY?feature=oembed\" frameborder=\"0\" allow=\"accelerometer; autoplay; clipboard-write; encrypted-media; gyroscope; picture-in-picture; web-share\" referrerpolicy=\"strict-origin-when-cross-origin\" allowfullscreen><\/iframe>\n<\/div><\/figure>\n\n\n\n<figure class=\"wp-block-embed is-type-rich is-provider-spotify wp-block-embed-spotify wp-embed-aspect-21-9 wp-has-aspect-ratio\"><div class=\"wp-block-embed__wrapper\">\n<iframe title=\"Spotify Embed: Di Lonji\" style=\"border-radius: 12px\" width=\"100%\" height=\"352\" frameborder=\"0\" allowfullscreen allow=\"autoplay; clipboard-write; encrypted-media; fullscreen; picture-in-picture\" loading=\"lazy\" src=\"https:\/\/open.spotify.com\/embed\/album\/0kb93KvSbYc3FNm06kVzLm?si=hfYpemZBS2uZx2VLdsT12g&#038;utm_source=oembed\"><\/iframe>\n<\/div><\/figure>\n\n\n\n<p class=\"wp-block-paragraph\"><\/p>\n","protected":false},"excerpt":{"rendered":"<p>Live from Germany, Elida Almeida spoke to our journalist Sandra Gasana just a few days before her trip to the USA and then Canada with the C\u00e9saria \u00c9vora Orchestra. Indeed, it was in 2018 that the Cape Verdean singer was asked by her manager to join this legendary group, an offer she couldn&#8217;t refuse. Since [&hellip;]<\/p>\n","protected":false},"author":1468,"featured_media":133244,"menu_order":0,"template":"","format":"standard","meta":{"_acf_changed":false,"_crdt_document":""},"categories":[4628],"tags":[9837],"genre":[4272,9863],"class_list":["post-133249","interviews","type-interviews","status-publish","format-standard","has-post-thumbnail","hentry","category-interviews-en","tag-mois-de-lhistoire-des-noirs-en","genre-african","genre-morna-en"],"acf":[],"yoast_head":"<!-- This site is optimized with the Yoast SEO plugin v27.4 - https:\/\/yoast.com\/product\/yoast-seo-wordpress\/ -->\n<title>Black History Month | Elida Almeida Sings Evora - PAN M 360<\/title>\n<meta name=\"robots\" content=\"index, follow, max-snippet:-1, max-image-preview:large, max-video-preview:-1\" \/>\n<link rel=\"canonical\" href=\"https:\/\/panm360.com\/en\/interviews-panm360\/mois-de-lhistoire-des-noirs-elida-almeida-chante-evora\/\" \/>\n<meta property=\"og:locale\" content=\"en_US\" \/>\n<meta property=\"og:type\" content=\"article\" \/>\n<meta property=\"og:title\" content=\"Black History Month | Elida Almeida Sings Evora - PAN M 360\" \/>\n<meta property=\"og:description\" content=\"Live from Germany, Elida Almeida spoke to our journalist Sandra Gasana just a few days before her trip to the USA and then Canada with the C\u00e9saria \u00c9vora Orchestra. Indeed, it was in 2018 that the Cape Verdean singer was asked by her manager to join this legendary group, an offer she couldn&#8217;t refuse. Since [&hellip;]\" \/>\n<meta property=\"og:url\" content=\"https:\/\/panm360.com\/en\/interviews-panm360\/mois-de-lhistoire-des-noirs-elida-almeida-chante-evora\/\" \/>\n<meta property=\"og:site_name\" content=\"PAN M 360\" \/>\n<meta property=\"article:publisher\" content=\"https:\/\/www.facebook.com\/panm360\/\" \/>\n<meta property=\"article:modified_time\" content=\"2025-02-20T04:54:46+00:00\" \/>\n<meta property=\"og:image\" content=\"https:\/\/panm360.com\/wp-content\/uploads\/2025\/02\/orchestre-cesaria-evora_1600.jpg\" \/>\n\t<meta property=\"og:image:width\" content=\"1600\" \/>\n\t<meta property=\"og:image:height\" content=\"690\" \/>\n\t<meta property=\"og:image:type\" content=\"image\/jpeg\" \/>\n<meta name=\"twitter:card\" content=\"summary_large_image\" \/>\n<meta name=\"twitter:site\" content=\"@PANM360\" \/>\n<meta name=\"twitter:label1\" content=\"Est. reading time\" \/>\n\t<meta name=\"twitter:data1\" content=\"1 minute\" \/>\n<script type=\"application\/ld+json\" class=\"yoast-schema-graph\">{\"@context\":\"https:\\\/\\\/schema.org\",\"@graph\":[{\"@type\":\"WebPage\",\"@id\":\"https:\\\/\\\/panm360.com\\\/en\\\/interviews-panm360\\\/mois-de-lhistoire-des-noirs-elida-almeida-chante-evora\\\/\",\"url\":\"https:\\\/\\\/panm360.com\\\/en\\\/interviews-panm360\\\/mois-de-lhistoire-des-noirs-elida-almeida-chante-evora\\\/\",\"name\":\"Black History Month | Elida Almeida Sings Evora - PAN M 360\",\"isPartOf\":{\"@id\":\"https:\\\/\\\/panm360.com\\\/en\\\/#website\"},\"primaryImageOfPage\":{\"@id\":\"https:\\\/\\\/panm360.com\\\/en\\\/interviews-panm360\\\/mois-de-lhistoire-des-noirs-elida-almeida-chante-evora\\\/#primaryimage\"},\"image\":{\"@id\":\"https:\\\/\\\/panm360.com\\\/en\\\/interviews-panm360\\\/mois-de-lhistoire-des-noirs-elida-almeida-chante-evora\\\/#primaryimage\"},\"thumbnailUrl\":\"https:\\\/\\\/panm360.com\\\/wp-content\\\/uploads\\\/2025\\\/02\\\/orchestre-cesaria-evora_1600.jpg\",\"datePublished\":\"2025-02-20T04:48:48+00:00\",\"dateModified\":\"2025-02-20T04:54:46+00:00\",\"breadcrumb\":{\"@id\":\"https:\\\/\\\/panm360.com\\\/en\\\/interviews-panm360\\\/mois-de-lhistoire-des-noirs-elida-almeida-chante-evora\\\/#breadcrumb\"},\"inLanguage\":\"en-US\",\"potentialAction\":[{\"@type\":\"ReadAction\",\"target\":[\"https:\\\/\\\/panm360.com\\\/en\\\/interviews-panm360\\\/mois-de-lhistoire-des-noirs-elida-almeida-chante-evora\\\/\"]}]},{\"@type\":\"ImageObject\",\"inLanguage\":\"en-US\",\"@id\":\"https:\\\/\\\/panm360.com\\\/en\\\/interviews-panm360\\\/mois-de-lhistoire-des-noirs-elida-almeida-chante-evora\\\/#primaryimage\",\"url\":\"https:\\\/\\\/panm360.com\\\/wp-content\\\/uploads\\\/2025\\\/02\\\/orchestre-cesaria-evora_1600.jpg\",\"contentUrl\":\"https:\\\/\\\/panm360.com\\\/wp-content\\\/uploads\\\/2025\\\/02\\\/orchestre-cesaria-evora_1600.jpg\",\"width\":1600,\"height\":690},{\"@type\":\"BreadcrumbList\",\"@id\":\"https:\\\/\\\/panm360.com\\\/en\\\/interviews-panm360\\\/mois-de-lhistoire-des-noirs-elida-almeida-chante-evora\\\/#breadcrumb\",\"itemListElement\":[{\"@type\":\"ListItem\",\"position\":1,\"name\":\"Accueil\",\"item\":\"https:\\\/\\\/panm360.com\\\/en\\\/\"},{\"@type\":\"ListItem\",\"position\":2,\"name\":\"Interviews\",\"item\":\"https:\\\/\\\/panm360.com\\\/en\\\/interviews-panm360\\\/\"},{\"@type\":\"ListItem\",\"position\":3,\"name\":\"Black History Month | Elida Almeida Sings Evora\"}]},{\"@type\":\"WebSite\",\"@id\":\"https:\\\/\\\/panm360.com\\\/en\\\/#website\",\"url\":\"https:\\\/\\\/panm360.com\\\/en\\\/\",\"name\":\"PAN M 360\",\"description\":\"Le m\u00e9dia num\u00e9rique de la musique !\",\"publisher\":{\"@id\":\"https:\\\/\\\/panm360.com\\\/en\\\/#organization\"},\"potentialAction\":[{\"@type\":\"SearchAction\",\"target\":{\"@type\":\"EntryPoint\",\"urlTemplate\":\"https:\\\/\\\/panm360.com\\\/en\\\/?s={search_term_string}\"},\"query-input\":{\"@type\":\"PropertyValueSpecification\",\"valueRequired\":true,\"valueName\":\"search_term_string\"}}],\"inLanguage\":\"en-US\"},{\"@type\":\"Organization\",\"@id\":\"https:\\\/\\\/panm360.com\\\/en\\\/#organization\",\"name\":\"PAN M 360\",\"url\":\"https:\\\/\\\/panm360.com\\\/en\\\/\",\"logo\":{\"@type\":\"ImageObject\",\"inLanguage\":\"en-US\",\"@id\":\"https:\\\/\\\/panm360.com\\\/en\\\/#\\\/schema\\\/logo\\\/image\\\/\",\"url\":\"https:\\\/\\\/panm360.com\\\/wp-content\\\/uploads\\\/2019\\\/12\\\/PAN-M360_Logo_RGB.jpg\",\"contentUrl\":\"https:\\\/\\\/panm360.com\\\/wp-content\\\/uploads\\\/2019\\\/12\\\/PAN-M360_Logo_RGB.jpg\",\"width\":1663,\"height\":631,\"caption\":\"PAN M 360\"},\"image\":{\"@id\":\"https:\\\/\\\/panm360.com\\\/en\\\/#\\\/schema\\\/logo\\\/image\\\/\"},\"sameAs\":[\"https:\\\/\\\/www.facebook.com\\\/panm360\\\/\",\"https:\\\/\\\/x.com\\\/PANM360\",\"https:\\\/\\\/www.instagram.com\\\/panm360\\\/\",\"https:\\\/\\\/www.linkedin.com\\\/company\\\/panm360\\\/\",\"https:\\\/\\\/www.youtube.com\\\/channel\\\/UCHEFHd3UhIrV6EJ3ltzVKOA?view_as=subscriber\"]}]}<\/script>\n<!-- \/ Yoast SEO plugin. -->","yoast_head_json":{"title":"Black History Month | Elida Almeida Sings Evora - PAN M 360","robots":{"index":"index","follow":"follow","max-snippet":"max-snippet:-1","max-image-preview":"max-image-preview:large","max-video-preview":"max-video-preview:-1"},"canonical":"https:\/\/panm360.com\/en\/interviews-panm360\/mois-de-lhistoire-des-noirs-elida-almeida-chante-evora\/","og_locale":"en_US","og_type":"article","og_title":"Black History Month | Elida Almeida Sings Evora - PAN M 360","og_description":"Live from Germany, Elida Almeida spoke to our journalist Sandra Gasana just a few days before her trip to the USA and then Canada with the C\u00e9saria \u00c9vora Orchestra. Indeed, it was in 2018 that the Cape Verdean singer was asked by her manager to join this legendary group, an offer she couldn&#8217;t refuse. Since [&hellip;]","og_url":"https:\/\/panm360.com\/en\/interviews-panm360\/mois-de-lhistoire-des-noirs-elida-almeida-chante-evora\/","og_site_name":"PAN M 360","article_publisher":"https:\/\/www.facebook.com\/panm360\/","article_modified_time":"2025-02-20T04:54:46+00:00","og_image":[{"width":1600,"height":690,"url":"https:\/\/panm360.com\/wp-content\/uploads\/2025\/02\/orchestre-cesaria-evora_1600.jpg","type":"image\/jpeg"}],"twitter_card":"summary_large_image","twitter_site":"@PANM360","twitter_misc":{"Est. reading time":"1 minute"},"schema":{"@context":"https:\/\/schema.org","@graph":[{"@type":"WebPage","@id":"https:\/\/panm360.com\/en\/interviews-panm360\/mois-de-lhistoire-des-noirs-elida-almeida-chante-evora\/","url":"https:\/\/panm360.com\/en\/interviews-panm360\/mois-de-lhistoire-des-noirs-elida-almeida-chante-evora\/","name":"Black History Month | Elida Almeida Sings Evora - PAN M 360","isPartOf":{"@id":"https:\/\/panm360.com\/en\/#website"},"primaryImageOfPage":{"@id":"https:\/\/panm360.com\/en\/interviews-panm360\/mois-de-lhistoire-des-noirs-elida-almeida-chante-evora\/#primaryimage"},"image":{"@id":"https:\/\/panm360.com\/en\/interviews-panm360\/mois-de-lhistoire-des-noirs-elida-almeida-chante-evora\/#primaryimage"},"thumbnailUrl":"https:\/\/panm360.com\/wp-content\/uploads\/2025\/02\/orchestre-cesaria-evora_1600.jpg","datePublished":"2025-02-20T04:48:48+00:00","dateModified":"2025-02-20T04:54:46+00:00","breadcrumb":{"@id":"https:\/\/panm360.com\/en\/interviews-panm360\/mois-de-lhistoire-des-noirs-elida-almeida-chante-evora\/#breadcrumb"},"inLanguage":"en-US","potentialAction":[{"@type":"ReadAction","target":["https:\/\/panm360.com\/en\/interviews-panm360\/mois-de-lhistoire-des-noirs-elida-almeida-chante-evora\/"]}]},{"@type":"ImageObject","inLanguage":"en-US","@id":"https:\/\/panm360.com\/en\/interviews-panm360\/mois-de-lhistoire-des-noirs-elida-almeida-chante-evora\/#primaryimage","url":"https:\/\/panm360.com\/wp-content\/uploads\/2025\/02\/orchestre-cesaria-evora_1600.jpg","contentUrl":"https:\/\/panm360.com\/wp-content\/uploads\/2025\/02\/orchestre-cesaria-evora_1600.jpg","width":1600,"height":690},{"@type":"BreadcrumbList","@id":"https:\/\/panm360.com\/en\/interviews-panm360\/mois-de-lhistoire-des-noirs-elida-almeida-chante-evora\/#breadcrumb","itemListElement":[{"@type":"ListItem","position":1,"name":"Accueil","item":"https:\/\/panm360.com\/en\/"},{"@type":"ListItem","position":2,"name":"Interviews","item":"https:\/\/panm360.com\/en\/interviews-panm360\/"},{"@type":"ListItem","position":3,"name":"Black History Month | Elida Almeida Sings Evora"}]},{"@type":"WebSite","@id":"https:\/\/panm360.com\/en\/#website","url":"https:\/\/panm360.com\/en\/","name":"PAN M 360","description":"Le m\u00e9dia num\u00e9rique de la musique !","publisher":{"@id":"https:\/\/panm360.com\/en\/#organization"},"potentialAction":[{"@type":"SearchAction","target":{"@type":"EntryPoint","urlTemplate":"https:\/\/panm360.com\/en\/?s={search_term_string}"},"query-input":{"@type":"PropertyValueSpecification","valueRequired":true,"valueName":"search_term_string"}}],"inLanguage":"en-US"},{"@type":"Organization","@id":"https:\/\/panm360.com\/en\/#organization","name":"PAN M 360","url":"https:\/\/panm360.com\/en\/","logo":{"@type":"ImageObject","inLanguage":"en-US","@id":"https:\/\/panm360.com\/en\/#\/schema\/logo\/image\/","url":"https:\/\/panm360.com\/wp-content\/uploads\/2019\/12\/PAN-M360_Logo_RGB.jpg","contentUrl":"https:\/\/panm360.com\/wp-content\/uploads\/2019\/12\/PAN-M360_Logo_RGB.jpg","width":1663,"height":631,"caption":"PAN M 360"},"image":{"@id":"https:\/\/panm360.com\/en\/#\/schema\/logo\/image\/"},"sameAs":["https:\/\/www.facebook.com\/panm360\/","https:\/\/x.com\/PANM360","https:\/\/www.instagram.com\/panm360\/","https:\/\/www.linkedin.com\/company\/panm360\/","https:\/\/www.youtube.com\/channel\/UCHEFHd3UhIrV6EJ3ltzVKOA?view_as=subscriber"]}]}},"_links":{"self":[{"href":"https:\/\/panm360.com\/en\/wp-json\/wp\/v2\/interviews\/133249","targetHints":{"allow":["GET"]}}],"collection":[{"href":"https:\/\/panm360.com\/en\/wp-json\/wp\/v2\/interviews"}],"about":[{"href":"https:\/\/panm360.com\/en\/wp-json\/wp\/v2\/types\/interviews"}],"author":[{"embeddable":true,"href":"https:\/\/panm360.com\/en\/wp-json\/wp\/v2\/users\/1468"}],"wp:featuredmedia":[{"embeddable":true,"href":"https:\/\/panm360.com\/en\/wp-json\/wp\/v2\/media\/133244"}],"wp:attachment":[{"href":"https:\/\/panm360.com\/en\/wp-json\/wp\/v2\/media?parent=133249"}],"wp:term":[{"taxonomy":"category","embeddable":true,"href":"https:\/\/panm360.com\/en\/wp-json\/wp\/v2\/categories?post=133249"},{"taxonomy":"post_tag","embeddable":true,"href":"https:\/\/panm360.com\/en\/wp-json\/wp\/v2\/tags?post=133249"},{"taxonomy":"genre","embeddable":true,"href":"https:\/\/panm360.com\/en\/wp-json\/wp\/v2\/genre?post=133249"}],"curies":[{"name":"wp","href":"https:\/\/api.w.org\/{rel}","templated":true}]}}