{"id":132528,"date":"2025-02-11T11:26:56","date_gmt":"2025-02-11T16:26:56","guid":{"rendered":"https:\/\/panm360.com\/interviews-panm360\/mois-de-lhistoire-des-noirs-place-a-la-celebration-pour-naya-ali\/"},"modified":"2025-02-11T11:35:35","modified_gmt":"2025-02-11T16:35:35","slug":"mois-de-lhistoire-des-noirs-place-a-la-celebration-pour-naya-ali","status":"publish","type":"interviews","link":"https:\/\/panm360.com\/en\/interviews-panm360\/mois-de-lhistoire-des-noirs-place-a-la-celebration-pour-naya-ali\/","title":{"rendered":"Black History Month | Time to Celebrate for Naya Ali"},"content":{"rendered":"\n<p class=\"wp-block-paragraph\" style=\"font-size:24px\"><strong>As she prepares to defend her latest album, <em>We Did the Damn Thing,<\/em> Naya Ali took the time to talk to our journalist Sandra Gasana about the creative process, her most recent trip to Ethiopia, and the importance of taking the time to celebrate our victories. She&#8217;ll be at Le Minist\u00e8re on Saturday, February 15, surrounded by a live band for the occasion, with an opening act provided by an artist also from NDG, just like Naya.<\/strong><\/p>\n\n\n\n<p class=\"wp-block-paragraph\" style=\"font-size:24px\"><\/p>\n\n\n\n<figure class=\"wp-block-embed is-type-video is-provider-youtube wp-block-embed-youtube wp-embed-aspect-16-9 wp-has-aspect-ratio\"><div class=\"wp-block-embed__wrapper\">\n<iframe loading=\"lazy\" title=\"Place \u00e0 la c\u00e9l\u00e9bration pour Naya Ali\" width=\"500\" height=\"281\" src=\"https:\/\/www.youtube.com\/embed\/N1dbiR6YQSE?feature=oembed\" frameborder=\"0\" allow=\"accelerometer; autoplay; clipboard-write; encrypted-media; gyroscope; picture-in-picture; web-share\" referrerpolicy=\"strict-origin-when-cross-origin\" allowfullscreen><\/iframe>\n<\/div><\/figure>\n\n\n\n<figure class=\"wp-block-embed is-type-rich is-provider-spotify wp-block-embed-spotify wp-embed-aspect-21-9 wp-has-aspect-ratio\"><div class=\"wp-block-embed__wrapper\">\n<iframe title=\"Spotify Embed: We Did The Damn Thing\" style=\"border-radius: 12px\" width=\"100%\" height=\"352\" frameborder=\"0\" allowfullscreen allow=\"autoplay; clipboard-write; encrypted-media; fullscreen; picture-in-picture\" loading=\"lazy\" src=\"https:\/\/open.spotify.com\/embed\/album\/1Vs7Do2NNSAJZT4PK0qUJr?si=-Kjy2FemRPyDVirvr59JRg&#038;utm_source=oembed\"><\/iframe>\n<\/div><\/figure>\n","protected":false},"excerpt":{"rendered":"<p>As she prepares to defend her latest album, We Did the Damn Thing, Naya Ali took the time to talk to our journalist Sandra Gasana about the creative process, her most recent trip to Ethiopia, and the importance of taking the time to celebrate our victories. She&#8217;ll be at Le Minist\u00e8re on Saturday, February 15, [&hellip;]<\/p>\n","protected":false},"author":1468,"featured_media":132527,"menu_order":0,"template":"","format":"standard","meta":{"_acf_changed":false,"_crdt_document":""},"categories":[4628],"tags":[9837],"genre":[7638],"class_list":["post-132528","interviews","type-interviews","status-publish","format-standard","has-post-thumbnail","hentry","category-interviews-en","tag-mois-de-lhistoire-des-noirs-en","genre-rap-en"],"acf":[],"yoast_head":"<!-- This site is optimized with the Yoast SEO plugin v27.4 - https:\/\/yoast.com\/product\/yoast-seo-wordpress\/ -->\n<title>Black History Month | Time to Celebrate for Naya Ali - PAN M 360<\/title>\n<meta name=\"robots\" content=\"index, follow, max-snippet:-1, max-image-preview:large, max-video-preview:-1\" \/>\n<link rel=\"canonical\" href=\"https:\/\/panm360.com\/en\/interviews-panm360\/mois-de-lhistoire-des-noirs-place-a-la-celebration-pour-naya-ali\/\" \/>\n<meta property=\"og:locale\" content=\"en_US\" \/>\n<meta property=\"og:type\" content=\"article\" \/>\n<meta property=\"og:title\" content=\"Black History Month | Time to Celebrate for Naya Ali - PAN M 360\" \/>\n<meta property=\"og:description\" content=\"As she prepares to defend her latest album, We Did the Damn Thing, Naya Ali took the time to talk to our journalist Sandra Gasana about the creative process, her most recent trip to Ethiopia, and the importance of taking the time to celebrate our victories. She&#8217;ll be at Le Minist\u00e8re on Saturday, February 15, [&hellip;]\" \/>\n<meta property=\"og:url\" content=\"https:\/\/panm360.com\/en\/interviews-panm360\/mois-de-lhistoire-des-noirs-place-a-la-celebration-pour-naya-ali\/\" \/>\n<meta property=\"og:site_name\" content=\"PAN M 360\" \/>\n<meta property=\"article:publisher\" content=\"https:\/\/www.facebook.com\/panm360\/\" \/>\n<meta property=\"article:modified_time\" content=\"2025-02-11T16:35:35+00:00\" \/>\n<meta property=\"og:image\" content=\"https:\/\/panm360.com\/wp-content\/uploads\/2025\/02\/naya1.jpg\" \/>\n\t<meta property=\"og:image:width\" content=\"1199\" \/>\n\t<meta property=\"og:image:height\" content=\"922\" \/>\n\t<meta property=\"og:image:type\" content=\"image\/jpeg\" \/>\n<meta name=\"twitter:card\" content=\"summary_large_image\" \/>\n<meta name=\"twitter:site\" content=\"@PANM360\" \/>\n<meta name=\"twitter:label1\" content=\"Est. reading time\" \/>\n\t<meta name=\"twitter:data1\" content=\"1 minute\" \/>\n<script type=\"application\/ld+json\" class=\"yoast-schema-graph\">{\"@context\":\"https:\\\/\\\/schema.org\",\"@graph\":[{\"@type\":\"WebPage\",\"@id\":\"https:\\\/\\\/panm360.com\\\/en\\\/interviews-panm360\\\/mois-de-lhistoire-des-noirs-place-a-la-celebration-pour-naya-ali\\\/\",\"url\":\"https:\\\/\\\/panm360.com\\\/en\\\/interviews-panm360\\\/mois-de-lhistoire-des-noirs-place-a-la-celebration-pour-naya-ali\\\/\",\"name\":\"Black History Month | Time to Celebrate for Naya Ali - PAN M 360\",\"isPartOf\":{\"@id\":\"https:\\\/\\\/panm360.com\\\/en\\\/#website\"},\"primaryImageOfPage\":{\"@id\":\"https:\\\/\\\/panm360.com\\\/en\\\/interviews-panm360\\\/mois-de-lhistoire-des-noirs-place-a-la-celebration-pour-naya-ali\\\/#primaryimage\"},\"image\":{\"@id\":\"https:\\\/\\\/panm360.com\\\/en\\\/interviews-panm360\\\/mois-de-lhistoire-des-noirs-place-a-la-celebration-pour-naya-ali\\\/#primaryimage\"},\"thumbnailUrl\":\"https:\\\/\\\/panm360.com\\\/wp-content\\\/uploads\\\/2025\\\/02\\\/naya1.jpg\",\"datePublished\":\"2025-02-11T16:26:56+00:00\",\"dateModified\":\"2025-02-11T16:35:35+00:00\",\"breadcrumb\":{\"@id\":\"https:\\\/\\\/panm360.com\\\/en\\\/interviews-panm360\\\/mois-de-lhistoire-des-noirs-place-a-la-celebration-pour-naya-ali\\\/#breadcrumb\"},\"inLanguage\":\"en-US\",\"potentialAction\":[{\"@type\":\"ReadAction\",\"target\":[\"https:\\\/\\\/panm360.com\\\/en\\\/interviews-panm360\\\/mois-de-lhistoire-des-noirs-place-a-la-celebration-pour-naya-ali\\\/\"]}]},{\"@type\":\"ImageObject\",\"inLanguage\":\"en-US\",\"@id\":\"https:\\\/\\\/panm360.com\\\/en\\\/interviews-panm360\\\/mois-de-lhistoire-des-noirs-place-a-la-celebration-pour-naya-ali\\\/#primaryimage\",\"url\":\"https:\\\/\\\/panm360.com\\\/wp-content\\\/uploads\\\/2025\\\/02\\\/naya1.jpg\",\"contentUrl\":\"https:\\\/\\\/panm360.com\\\/wp-content\\\/uploads\\\/2025\\\/02\\\/naya1.jpg\",\"width\":1199,\"height\":922},{\"@type\":\"BreadcrumbList\",\"@id\":\"https:\\\/\\\/panm360.com\\\/en\\\/interviews-panm360\\\/mois-de-lhistoire-des-noirs-place-a-la-celebration-pour-naya-ali\\\/#breadcrumb\",\"itemListElement\":[{\"@type\":\"ListItem\",\"position\":1,\"name\":\"Accueil\",\"item\":\"https:\\\/\\\/panm360.com\\\/en\\\/\"},{\"@type\":\"ListItem\",\"position\":2,\"name\":\"Interviews\",\"item\":\"https:\\\/\\\/panm360.com\\\/en\\\/interviews-panm360\\\/\"},{\"@type\":\"ListItem\",\"position\":3,\"name\":\"Black History Month | Time to Celebrate for Naya Ali\"}]},{\"@type\":\"WebSite\",\"@id\":\"https:\\\/\\\/panm360.com\\\/en\\\/#website\",\"url\":\"https:\\\/\\\/panm360.com\\\/en\\\/\",\"name\":\"PAN M 360\",\"description\":\"Le m\u00e9dia num\u00e9rique de la musique !\",\"publisher\":{\"@id\":\"https:\\\/\\\/panm360.com\\\/en\\\/#organization\"},\"potentialAction\":[{\"@type\":\"SearchAction\",\"target\":{\"@type\":\"EntryPoint\",\"urlTemplate\":\"https:\\\/\\\/panm360.com\\\/en\\\/?s={search_term_string}\"},\"query-input\":{\"@type\":\"PropertyValueSpecification\",\"valueRequired\":true,\"valueName\":\"search_term_string\"}}],\"inLanguage\":\"en-US\"},{\"@type\":\"Organization\",\"@id\":\"https:\\\/\\\/panm360.com\\\/en\\\/#organization\",\"name\":\"PAN M 360\",\"url\":\"https:\\\/\\\/panm360.com\\\/en\\\/\",\"logo\":{\"@type\":\"ImageObject\",\"inLanguage\":\"en-US\",\"@id\":\"https:\\\/\\\/panm360.com\\\/en\\\/#\\\/schema\\\/logo\\\/image\\\/\",\"url\":\"https:\\\/\\\/panm360.com\\\/wp-content\\\/uploads\\\/2019\\\/12\\\/PAN-M360_Logo_RGB.jpg\",\"contentUrl\":\"https:\\\/\\\/panm360.com\\\/wp-content\\\/uploads\\\/2019\\\/12\\\/PAN-M360_Logo_RGB.jpg\",\"width\":1663,\"height\":631,\"caption\":\"PAN M 360\"},\"image\":{\"@id\":\"https:\\\/\\\/panm360.com\\\/en\\\/#\\\/schema\\\/logo\\\/image\\\/\"},\"sameAs\":[\"https:\\\/\\\/www.facebook.com\\\/panm360\\\/\",\"https:\\\/\\\/x.com\\\/PANM360\",\"https:\\\/\\\/www.instagram.com\\\/panm360\\\/\",\"https:\\\/\\\/www.linkedin.com\\\/company\\\/panm360\\\/\",\"https:\\\/\\\/www.youtube.com\\\/channel\\\/UCHEFHd3UhIrV6EJ3ltzVKOA?view_as=subscriber\"]}]}<\/script>\n<!-- \/ Yoast SEO plugin. -->","yoast_head_json":{"title":"Black History Month | Time to Celebrate for Naya Ali - PAN M 360","robots":{"index":"index","follow":"follow","max-snippet":"max-snippet:-1","max-image-preview":"max-image-preview:large","max-video-preview":"max-video-preview:-1"},"canonical":"https:\/\/panm360.com\/en\/interviews-panm360\/mois-de-lhistoire-des-noirs-place-a-la-celebration-pour-naya-ali\/","og_locale":"en_US","og_type":"article","og_title":"Black History Month | Time to Celebrate for Naya Ali - PAN M 360","og_description":"As she prepares to defend her latest album, We Did the Damn Thing, Naya Ali took the time to talk to our journalist Sandra Gasana about the creative process, her most recent trip to Ethiopia, and the importance of taking the time to celebrate our victories. She&#8217;ll be at Le Minist\u00e8re on Saturday, February 15, [&hellip;]","og_url":"https:\/\/panm360.com\/en\/interviews-panm360\/mois-de-lhistoire-des-noirs-place-a-la-celebration-pour-naya-ali\/","og_site_name":"PAN M 360","article_publisher":"https:\/\/www.facebook.com\/panm360\/","article_modified_time":"2025-02-11T16:35:35+00:00","og_image":[{"width":1199,"height":922,"url":"https:\/\/panm360.com\/wp-content\/uploads\/2025\/02\/naya1.jpg","type":"image\/jpeg"}],"twitter_card":"summary_large_image","twitter_site":"@PANM360","twitter_misc":{"Est. reading time":"1 minute"},"schema":{"@context":"https:\/\/schema.org","@graph":[{"@type":"WebPage","@id":"https:\/\/panm360.com\/en\/interviews-panm360\/mois-de-lhistoire-des-noirs-place-a-la-celebration-pour-naya-ali\/","url":"https:\/\/panm360.com\/en\/interviews-panm360\/mois-de-lhistoire-des-noirs-place-a-la-celebration-pour-naya-ali\/","name":"Black History Month | Time to Celebrate for Naya Ali - PAN M 360","isPartOf":{"@id":"https:\/\/panm360.com\/en\/#website"},"primaryImageOfPage":{"@id":"https:\/\/panm360.com\/en\/interviews-panm360\/mois-de-lhistoire-des-noirs-place-a-la-celebration-pour-naya-ali\/#primaryimage"},"image":{"@id":"https:\/\/panm360.com\/en\/interviews-panm360\/mois-de-lhistoire-des-noirs-place-a-la-celebration-pour-naya-ali\/#primaryimage"},"thumbnailUrl":"https:\/\/panm360.com\/wp-content\/uploads\/2025\/02\/naya1.jpg","datePublished":"2025-02-11T16:26:56+00:00","dateModified":"2025-02-11T16:35:35+00:00","breadcrumb":{"@id":"https:\/\/panm360.com\/en\/interviews-panm360\/mois-de-lhistoire-des-noirs-place-a-la-celebration-pour-naya-ali\/#breadcrumb"},"inLanguage":"en-US","potentialAction":[{"@type":"ReadAction","target":["https:\/\/panm360.com\/en\/interviews-panm360\/mois-de-lhistoire-des-noirs-place-a-la-celebration-pour-naya-ali\/"]}]},{"@type":"ImageObject","inLanguage":"en-US","@id":"https:\/\/panm360.com\/en\/interviews-panm360\/mois-de-lhistoire-des-noirs-place-a-la-celebration-pour-naya-ali\/#primaryimage","url":"https:\/\/panm360.com\/wp-content\/uploads\/2025\/02\/naya1.jpg","contentUrl":"https:\/\/panm360.com\/wp-content\/uploads\/2025\/02\/naya1.jpg","width":1199,"height":922},{"@type":"BreadcrumbList","@id":"https:\/\/panm360.com\/en\/interviews-panm360\/mois-de-lhistoire-des-noirs-place-a-la-celebration-pour-naya-ali\/#breadcrumb","itemListElement":[{"@type":"ListItem","position":1,"name":"Accueil","item":"https:\/\/panm360.com\/en\/"},{"@type":"ListItem","position":2,"name":"Interviews","item":"https:\/\/panm360.com\/en\/interviews-panm360\/"},{"@type":"ListItem","position":3,"name":"Black History Month | Time to Celebrate for Naya Ali"}]},{"@type":"WebSite","@id":"https:\/\/panm360.com\/en\/#website","url":"https:\/\/panm360.com\/en\/","name":"PAN M 360","description":"Le m\u00e9dia num\u00e9rique de la musique !","publisher":{"@id":"https:\/\/panm360.com\/en\/#organization"},"potentialAction":[{"@type":"SearchAction","target":{"@type":"EntryPoint","urlTemplate":"https:\/\/panm360.com\/en\/?s={search_term_string}"},"query-input":{"@type":"PropertyValueSpecification","valueRequired":true,"valueName":"search_term_string"}}],"inLanguage":"en-US"},{"@type":"Organization","@id":"https:\/\/panm360.com\/en\/#organization","name":"PAN M 360","url":"https:\/\/panm360.com\/en\/","logo":{"@type":"ImageObject","inLanguage":"en-US","@id":"https:\/\/panm360.com\/en\/#\/schema\/logo\/image\/","url":"https:\/\/panm360.com\/wp-content\/uploads\/2019\/12\/PAN-M360_Logo_RGB.jpg","contentUrl":"https:\/\/panm360.com\/wp-content\/uploads\/2019\/12\/PAN-M360_Logo_RGB.jpg","width":1663,"height":631,"caption":"PAN M 360"},"image":{"@id":"https:\/\/panm360.com\/en\/#\/schema\/logo\/image\/"},"sameAs":["https:\/\/www.facebook.com\/panm360\/","https:\/\/x.com\/PANM360","https:\/\/www.instagram.com\/panm360\/","https:\/\/www.linkedin.com\/company\/panm360\/","https:\/\/www.youtube.com\/channel\/UCHEFHd3UhIrV6EJ3ltzVKOA?view_as=subscriber"]}]}},"_links":{"self":[{"href":"https:\/\/panm360.com\/en\/wp-json\/wp\/v2\/interviews\/132528","targetHints":{"allow":["GET"]}}],"collection":[{"href":"https:\/\/panm360.com\/en\/wp-json\/wp\/v2\/interviews"}],"about":[{"href":"https:\/\/panm360.com\/en\/wp-json\/wp\/v2\/types\/interviews"}],"author":[{"embeddable":true,"href":"https:\/\/panm360.com\/en\/wp-json\/wp\/v2\/users\/1468"}],"wp:featuredmedia":[{"embeddable":true,"href":"https:\/\/panm360.com\/en\/wp-json\/wp\/v2\/media\/132527"}],"wp:attachment":[{"href":"https:\/\/panm360.com\/en\/wp-json\/wp\/v2\/media?parent=132528"}],"wp:term":[{"taxonomy":"category","embeddable":true,"href":"https:\/\/panm360.com\/en\/wp-json\/wp\/v2\/categories?post=132528"},{"taxonomy":"post_tag","embeddable":true,"href":"https:\/\/panm360.com\/en\/wp-json\/wp\/v2\/tags?post=132528"},{"taxonomy":"genre","embeddable":true,"href":"https:\/\/panm360.com\/en\/wp-json\/wp\/v2\/genre?post=132528"}],"curies":[{"name":"wp","href":"https:\/\/api.w.org\/{rel}","templated":true}]}}