{"id":132390,"date":"2025-02-08T17:30:18","date_gmt":"2025-02-08T22:30:18","guid":{"rendered":"https:\/\/panm360.com\/interviews-panm360\/eclats-sur-le-geste-et-le-karlax-ensemble-eclats-charles-eric-fontaine-musique-contemporaine-karlax-concert-festival-montreal-nouvelles-musiques-2025\/"},"modified":"2025-02-10T09:06:28","modified_gmt":"2025-02-10T14:06:28","slug":"eclats-sur-le-geste-et-le-karlax-ensemble-eclats-charles-eric-fontaine-musique-contemporaine-karlax-concert-festival-montreal-nouvelles-musiques-2025","status":"publish","type":"interviews","link":"https:\/\/panm360.com\/en\/interviews-panm360\/eclats-sur-le-geste-et-le-karlax-ensemble-eclats-charles-eric-fontaine-musique-contemporaine-karlax-concert-festival-montreal-nouvelles-musiques-2025\/","title":{"rendered":"M\/NM | \u00c9clats sur le geste\u2026 and Karlax!"},"content":{"rendered":"\n<p class=\"wp-block-paragraph\" style=\"font-size:24px\"><strong>On February 21, 2025, at McGill University&#8217;s new multimedia hall in Montreal, the Montreal \/ New Musics festival and Ensemble \u00c9clats, directed by Charles-\u00c9ric Fontaine, will present the concert \u00c0 l&#8217;\u00e9coute du geste. New music indeed, but from a perspective that leaves plenty of room for gesture and movement. Dance, of course, but not only dance. Musicians will be on the move, and we&#8217;ll be presenting the creation of a work for orchestra and&#8230; three Karlax! But what is a Karlax? Among other things, I talk about it with chef Charles-\u00c9ric Fontaine.<\/strong><\/p>\n\n\n\n<p class=\"wp-block-paragraph\"><a href=\"https:\/\/smcq.qc.ca\/smcq\/fr\/evenement\/46742-a-l-ecoute-du-geste\"><strong>D\u00c9TAILS ET BILLETS ICI<\/strong><\/a><\/p>\n\n\n\n<figure class=\"wp-block-embed is-type-video is-provider-youtube wp-block-embed-youtube wp-embed-aspect-16-9 wp-has-aspect-ratio\"><div class=\"wp-block-embed__wrapper\">\n<iframe loading=\"lazy\" title=\"ENTREVUE : Charles-\u00c9ric Fontaine nous parle du concert \u00c0 l&#039;\u00e9coute du geste, et du Karlax!\" width=\"500\" height=\"281\" src=\"https:\/\/www.youtube.com\/embed\/j-xhZUW9dgE?feature=oembed\" frameborder=\"0\" allow=\"accelerometer; autoplay; clipboard-write; encrypted-media; gyroscope; picture-in-picture; web-share\" referrerpolicy=\"strict-origin-when-cross-origin\" allowfullscreen><\/iframe>\n<\/div><\/figure>\n\n\n    <div class=\"panm-ads-wrapper alignfull\"><span class=\"panm-ads-copy\">Publicit\u00e9 panam<\/span><div class=\"panm-ads-render\" data-ads-id=\"130115\"><\/div><\/div>\n","protected":false},"excerpt":{"rendered":"<p>On February 21, 2025, at McGill University&#8217;s new multimedia hall in Montreal, the Montreal \/ New Musics festival and Ensemble \u00c9clats, directed by Charles-\u00c9ric Fontaine, will present the concert \u00c0 l&#8217;\u00e9coute du geste. New music indeed, but from a perspective that leaves plenty of room for gesture and movement. Dance, of course, but not only [&hellip;]<\/p>\n","protected":false},"author":775,"featured_media":132373,"menu_order":0,"template":"","format":"standard","meta":{"_acf_changed":false,"_crdt_document":""},"categories":[4628],"tags":[],"genre":[3081,9010,8058,7977],"class_list":["post-132390","interviews","type-interviews","status-publish","format-standard","has-post-thumbnail","hentry","category-interviews-en","genre-avant-garde-2","genre-experimental-experimental-2","genre-experimental-contemporain-en","genre-musique-contemporaine-2-en"],"acf":[],"yoast_head":"<!-- This site is optimized with the Yoast SEO plugin v27.5 - https:\/\/yoast.com\/product\/yoast-seo-wordpress\/ -->\n<title>M\/NM | \u00c9clats sur le geste\u2026 and Karlax! - PAN M 360<\/title>\n<meta name=\"robots\" content=\"index, follow, max-snippet:-1, max-image-preview:large, max-video-preview:-1\" \/>\n<link rel=\"canonical\" href=\"https:\/\/panm360.com\/en\/interviews-panm360\/eclats-sur-le-geste-et-le-karlax-ensemble-eclats-charles-eric-fontaine-musique-contemporaine-karlax-concert-festival-montreal-nouvelles-musiques-2025\/\" \/>\n<meta property=\"og:locale\" content=\"en_US\" \/>\n<meta property=\"og:type\" content=\"article\" \/>\n<meta property=\"og:title\" content=\"M\/NM | \u00c9clats sur le geste\u2026 and Karlax! - PAN M 360\" \/>\n<meta property=\"og:description\" content=\"On February 21, 2025, at McGill University&#8217;s new multimedia hall in Montreal, the Montreal \/ New Musics festival and Ensemble \u00c9clats, directed by Charles-\u00c9ric Fontaine, will present the concert \u00c0 l&#8217;\u00e9coute du geste. New music indeed, but from a perspective that leaves plenty of room for gesture and movement. Dance, of course, but not only [&hellip;]\" \/>\n<meta property=\"og:url\" content=\"https:\/\/panm360.com\/en\/interviews-panm360\/eclats-sur-le-geste-et-le-karlax-ensemble-eclats-charles-eric-fontaine-musique-contemporaine-karlax-concert-festival-montreal-nouvelles-musiques-2025\/\" \/>\n<meta property=\"og:site_name\" content=\"PAN M 360\" \/>\n<meta property=\"article:publisher\" content=\"https:\/\/www.facebook.com\/panm360\/\" \/>\n<meta property=\"article:modified_time\" content=\"2025-02-10T14:06:28+00:00\" \/>\n<meta property=\"og:image\" content=\"https:\/\/panm360.com\/wp-content\/uploads\/2025\/02\/eclats.jpg\" \/>\n\t<meta property=\"og:image:width\" content=\"960\" \/>\n\t<meta property=\"og:image:height\" content=\"640\" \/>\n\t<meta property=\"og:image:type\" content=\"image\/jpeg\" \/>\n<meta name=\"twitter:card\" content=\"summary_large_image\" \/>\n<meta name=\"twitter:site\" content=\"@PANM360\" \/>\n<meta name=\"twitter:label1\" content=\"Est. reading time\" \/>\n\t<meta name=\"twitter:data1\" content=\"1 minute\" \/>\n<script type=\"application\/ld+json\" class=\"yoast-schema-graph\">{\"@context\":\"https:\\\/\\\/schema.org\",\"@graph\":[{\"@type\":\"WebPage\",\"@id\":\"https:\\\/\\\/panm360.com\\\/en\\\/interviews-panm360\\\/eclats-sur-le-geste-et-le-karlax-ensemble-eclats-charles-eric-fontaine-musique-contemporaine-karlax-concert-festival-montreal-nouvelles-musiques-2025\\\/\",\"url\":\"https:\\\/\\\/panm360.com\\\/en\\\/interviews-panm360\\\/eclats-sur-le-geste-et-le-karlax-ensemble-eclats-charles-eric-fontaine-musique-contemporaine-karlax-concert-festival-montreal-nouvelles-musiques-2025\\\/\",\"name\":\"M\\\/NM | \u00c9clats sur le geste\u2026 and Karlax! - PAN M 360\",\"isPartOf\":{\"@id\":\"https:\\\/\\\/panm360.com\\\/en\\\/#website\"},\"primaryImageOfPage\":{\"@id\":\"https:\\\/\\\/panm360.com\\\/en\\\/interviews-panm360\\\/eclats-sur-le-geste-et-le-karlax-ensemble-eclats-charles-eric-fontaine-musique-contemporaine-karlax-concert-festival-montreal-nouvelles-musiques-2025\\\/#primaryimage\"},\"image\":{\"@id\":\"https:\\\/\\\/panm360.com\\\/en\\\/interviews-panm360\\\/eclats-sur-le-geste-et-le-karlax-ensemble-eclats-charles-eric-fontaine-musique-contemporaine-karlax-concert-festival-montreal-nouvelles-musiques-2025\\\/#primaryimage\"},\"thumbnailUrl\":\"https:\\\/\\\/panm360.com\\\/wp-content\\\/uploads\\\/2025\\\/02\\\/eclats.jpg\",\"datePublished\":\"2025-02-08T22:30:18+00:00\",\"dateModified\":\"2025-02-10T14:06:28+00:00\",\"breadcrumb\":{\"@id\":\"https:\\\/\\\/panm360.com\\\/en\\\/interviews-panm360\\\/eclats-sur-le-geste-et-le-karlax-ensemble-eclats-charles-eric-fontaine-musique-contemporaine-karlax-concert-festival-montreal-nouvelles-musiques-2025\\\/#breadcrumb\"},\"inLanguage\":\"en-US\",\"potentialAction\":[{\"@type\":\"ReadAction\",\"target\":[\"https:\\\/\\\/panm360.com\\\/en\\\/interviews-panm360\\\/eclats-sur-le-geste-et-le-karlax-ensemble-eclats-charles-eric-fontaine-musique-contemporaine-karlax-concert-festival-montreal-nouvelles-musiques-2025\\\/\"]}]},{\"@type\":\"ImageObject\",\"inLanguage\":\"en-US\",\"@id\":\"https:\\\/\\\/panm360.com\\\/en\\\/interviews-panm360\\\/eclats-sur-le-geste-et-le-karlax-ensemble-eclats-charles-eric-fontaine-musique-contemporaine-karlax-concert-festival-montreal-nouvelles-musiques-2025\\\/#primaryimage\",\"url\":\"https:\\\/\\\/panm360.com\\\/wp-content\\\/uploads\\\/2025\\\/02\\\/eclats.jpg\",\"contentUrl\":\"https:\\\/\\\/panm360.com\\\/wp-content\\\/uploads\\\/2025\\\/02\\\/eclats.jpg\",\"width\":960,\"height\":640,\"caption\":\"Ensemble \u00c9clats gracieuset\u00e9 : SMCQ\"},{\"@type\":\"BreadcrumbList\",\"@id\":\"https:\\\/\\\/panm360.com\\\/en\\\/interviews-panm360\\\/eclats-sur-le-geste-et-le-karlax-ensemble-eclats-charles-eric-fontaine-musique-contemporaine-karlax-concert-festival-montreal-nouvelles-musiques-2025\\\/#breadcrumb\",\"itemListElement\":[{\"@type\":\"ListItem\",\"position\":1,\"name\":\"Accueil\",\"item\":\"https:\\\/\\\/panm360.com\\\/en\\\/\"},{\"@type\":\"ListItem\",\"position\":2,\"name\":\"Interviews\",\"item\":\"https:\\\/\\\/panm360.com\\\/en\\\/interviews-panm360\\\/\"},{\"@type\":\"ListItem\",\"position\":3,\"name\":\"M\\\/NM | \u00c9clats sur le geste\u2026 and Karlax!\"}]},{\"@type\":\"WebSite\",\"@id\":\"https:\\\/\\\/panm360.com\\\/en\\\/#website\",\"url\":\"https:\\\/\\\/panm360.com\\\/en\\\/\",\"name\":\"PAN M 360\",\"description\":\"Le m\u00e9dia num\u00e9rique de la musique !\",\"publisher\":{\"@id\":\"https:\\\/\\\/panm360.com\\\/en\\\/#organization\"},\"potentialAction\":[{\"@type\":\"SearchAction\",\"target\":{\"@type\":\"EntryPoint\",\"urlTemplate\":\"https:\\\/\\\/panm360.com\\\/en\\\/?s={search_term_string}\"},\"query-input\":{\"@type\":\"PropertyValueSpecification\",\"valueRequired\":true,\"valueName\":\"search_term_string\"}}],\"inLanguage\":\"en-US\"},{\"@type\":\"Organization\",\"@id\":\"https:\\\/\\\/panm360.com\\\/en\\\/#organization\",\"name\":\"PAN M 360\",\"url\":\"https:\\\/\\\/panm360.com\\\/en\\\/\",\"logo\":{\"@type\":\"ImageObject\",\"inLanguage\":\"en-US\",\"@id\":\"https:\\\/\\\/panm360.com\\\/en\\\/#\\\/schema\\\/logo\\\/image\\\/\",\"url\":\"https:\\\/\\\/panm360.com\\\/wp-content\\\/uploads\\\/2019\\\/12\\\/PAN-M360_Logo_RGB.jpg\",\"contentUrl\":\"https:\\\/\\\/panm360.com\\\/wp-content\\\/uploads\\\/2019\\\/12\\\/PAN-M360_Logo_RGB.jpg\",\"width\":1663,\"height\":631,\"caption\":\"PAN M 360\"},\"image\":{\"@id\":\"https:\\\/\\\/panm360.com\\\/en\\\/#\\\/schema\\\/logo\\\/image\\\/\"},\"sameAs\":[\"https:\\\/\\\/www.facebook.com\\\/panm360\\\/\",\"https:\\\/\\\/x.com\\\/PANM360\",\"https:\\\/\\\/www.instagram.com\\\/panm360\\\/\",\"https:\\\/\\\/www.linkedin.com\\\/company\\\/panm360\\\/\",\"https:\\\/\\\/www.youtube.com\\\/channel\\\/UCHEFHd3UhIrV6EJ3ltzVKOA?view_as=subscriber\"]}]}<\/script>\n<!-- \/ Yoast SEO plugin. -->","yoast_head_json":{"title":"M\/NM | \u00c9clats sur le geste\u2026 and Karlax! - PAN M 360","robots":{"index":"index","follow":"follow","max-snippet":"max-snippet:-1","max-image-preview":"max-image-preview:large","max-video-preview":"max-video-preview:-1"},"canonical":"https:\/\/panm360.com\/en\/interviews-panm360\/eclats-sur-le-geste-et-le-karlax-ensemble-eclats-charles-eric-fontaine-musique-contemporaine-karlax-concert-festival-montreal-nouvelles-musiques-2025\/","og_locale":"en_US","og_type":"article","og_title":"M\/NM | \u00c9clats sur le geste\u2026 and Karlax! - PAN M 360","og_description":"On February 21, 2025, at McGill University&#8217;s new multimedia hall in Montreal, the Montreal \/ New Musics festival and Ensemble \u00c9clats, directed by Charles-\u00c9ric Fontaine, will present the concert \u00c0 l&#8217;\u00e9coute du geste. New music indeed, but from a perspective that leaves plenty of room for gesture and movement. Dance, of course, but not only [&hellip;]","og_url":"https:\/\/panm360.com\/en\/interviews-panm360\/eclats-sur-le-geste-et-le-karlax-ensemble-eclats-charles-eric-fontaine-musique-contemporaine-karlax-concert-festival-montreal-nouvelles-musiques-2025\/","og_site_name":"PAN M 360","article_publisher":"https:\/\/www.facebook.com\/panm360\/","article_modified_time":"2025-02-10T14:06:28+00:00","og_image":[{"width":960,"height":640,"url":"https:\/\/panm360.com\/wp-content\/uploads\/2025\/02\/eclats.jpg","type":"image\/jpeg"}],"twitter_card":"summary_large_image","twitter_site":"@PANM360","twitter_misc":{"Est. reading time":"1 minute"},"schema":{"@context":"https:\/\/schema.org","@graph":[{"@type":"WebPage","@id":"https:\/\/panm360.com\/en\/interviews-panm360\/eclats-sur-le-geste-et-le-karlax-ensemble-eclats-charles-eric-fontaine-musique-contemporaine-karlax-concert-festival-montreal-nouvelles-musiques-2025\/","url":"https:\/\/panm360.com\/en\/interviews-panm360\/eclats-sur-le-geste-et-le-karlax-ensemble-eclats-charles-eric-fontaine-musique-contemporaine-karlax-concert-festival-montreal-nouvelles-musiques-2025\/","name":"M\/NM | \u00c9clats sur le geste\u2026 and Karlax! - PAN M 360","isPartOf":{"@id":"https:\/\/panm360.com\/en\/#website"},"primaryImageOfPage":{"@id":"https:\/\/panm360.com\/en\/interviews-panm360\/eclats-sur-le-geste-et-le-karlax-ensemble-eclats-charles-eric-fontaine-musique-contemporaine-karlax-concert-festival-montreal-nouvelles-musiques-2025\/#primaryimage"},"image":{"@id":"https:\/\/panm360.com\/en\/interviews-panm360\/eclats-sur-le-geste-et-le-karlax-ensemble-eclats-charles-eric-fontaine-musique-contemporaine-karlax-concert-festival-montreal-nouvelles-musiques-2025\/#primaryimage"},"thumbnailUrl":"https:\/\/panm360.com\/wp-content\/uploads\/2025\/02\/eclats.jpg","datePublished":"2025-02-08T22:30:18+00:00","dateModified":"2025-02-10T14:06:28+00:00","breadcrumb":{"@id":"https:\/\/panm360.com\/en\/interviews-panm360\/eclats-sur-le-geste-et-le-karlax-ensemble-eclats-charles-eric-fontaine-musique-contemporaine-karlax-concert-festival-montreal-nouvelles-musiques-2025\/#breadcrumb"},"inLanguage":"en-US","potentialAction":[{"@type":"ReadAction","target":["https:\/\/panm360.com\/en\/interviews-panm360\/eclats-sur-le-geste-et-le-karlax-ensemble-eclats-charles-eric-fontaine-musique-contemporaine-karlax-concert-festival-montreal-nouvelles-musiques-2025\/"]}]},{"@type":"ImageObject","inLanguage":"en-US","@id":"https:\/\/panm360.com\/en\/interviews-panm360\/eclats-sur-le-geste-et-le-karlax-ensemble-eclats-charles-eric-fontaine-musique-contemporaine-karlax-concert-festival-montreal-nouvelles-musiques-2025\/#primaryimage","url":"https:\/\/panm360.com\/wp-content\/uploads\/2025\/02\/eclats.jpg","contentUrl":"https:\/\/panm360.com\/wp-content\/uploads\/2025\/02\/eclats.jpg","width":960,"height":640,"caption":"Ensemble \u00c9clats gracieuset\u00e9 : SMCQ"},{"@type":"BreadcrumbList","@id":"https:\/\/panm360.com\/en\/interviews-panm360\/eclats-sur-le-geste-et-le-karlax-ensemble-eclats-charles-eric-fontaine-musique-contemporaine-karlax-concert-festival-montreal-nouvelles-musiques-2025\/#breadcrumb","itemListElement":[{"@type":"ListItem","position":1,"name":"Accueil","item":"https:\/\/panm360.com\/en\/"},{"@type":"ListItem","position":2,"name":"Interviews","item":"https:\/\/panm360.com\/en\/interviews-panm360\/"},{"@type":"ListItem","position":3,"name":"M\/NM | \u00c9clats sur le geste\u2026 and Karlax!"}]},{"@type":"WebSite","@id":"https:\/\/panm360.com\/en\/#website","url":"https:\/\/panm360.com\/en\/","name":"PAN M 360","description":"Le m\u00e9dia num\u00e9rique de la musique !","publisher":{"@id":"https:\/\/panm360.com\/en\/#organization"},"potentialAction":[{"@type":"SearchAction","target":{"@type":"EntryPoint","urlTemplate":"https:\/\/panm360.com\/en\/?s={search_term_string}"},"query-input":{"@type":"PropertyValueSpecification","valueRequired":true,"valueName":"search_term_string"}}],"inLanguage":"en-US"},{"@type":"Organization","@id":"https:\/\/panm360.com\/en\/#organization","name":"PAN M 360","url":"https:\/\/panm360.com\/en\/","logo":{"@type":"ImageObject","inLanguage":"en-US","@id":"https:\/\/panm360.com\/en\/#\/schema\/logo\/image\/","url":"https:\/\/panm360.com\/wp-content\/uploads\/2019\/12\/PAN-M360_Logo_RGB.jpg","contentUrl":"https:\/\/panm360.com\/wp-content\/uploads\/2019\/12\/PAN-M360_Logo_RGB.jpg","width":1663,"height":631,"caption":"PAN M 360"},"image":{"@id":"https:\/\/panm360.com\/en\/#\/schema\/logo\/image\/"},"sameAs":["https:\/\/www.facebook.com\/panm360\/","https:\/\/x.com\/PANM360","https:\/\/www.instagram.com\/panm360\/","https:\/\/www.linkedin.com\/company\/panm360\/","https:\/\/www.youtube.com\/channel\/UCHEFHd3UhIrV6EJ3ltzVKOA?view_as=subscriber"]}]}},"_links":{"self":[{"href":"https:\/\/panm360.com\/en\/wp-json\/wp\/v2\/interviews\/132390","targetHints":{"allow":["GET"]}}],"collection":[{"href":"https:\/\/panm360.com\/en\/wp-json\/wp\/v2\/interviews"}],"about":[{"href":"https:\/\/panm360.com\/en\/wp-json\/wp\/v2\/types\/interviews"}],"author":[{"embeddable":true,"href":"https:\/\/panm360.com\/en\/wp-json\/wp\/v2\/users\/775"}],"wp:featuredmedia":[{"embeddable":true,"href":"https:\/\/panm360.com\/en\/wp-json\/wp\/v2\/media\/132373"}],"wp:attachment":[{"href":"https:\/\/panm360.com\/en\/wp-json\/wp\/v2\/media?parent=132390"}],"wp:term":[{"taxonomy":"category","embeddable":true,"href":"https:\/\/panm360.com\/en\/wp-json\/wp\/v2\/categories?post=132390"},{"taxonomy":"post_tag","embeddable":true,"href":"https:\/\/panm360.com\/en\/wp-json\/wp\/v2\/tags?post=132390"},{"taxonomy":"genre","embeddable":true,"href":"https:\/\/panm360.com\/en\/wp-json\/wp\/v2\/genre?post=132390"}],"curies":[{"name":"wp","href":"https:\/\/api.w.org\/{rel}","templated":true}]}}