{"id":131983,"date":"2025-02-01T03:41:00","date_gmt":"2025-02-01T08:41:00","guid":{"rendered":"https:\/\/panm360.com\/interviews-panm360\/le-festival-classique-hivernal-de-losl-lharmonie-laval-et-losl-des-racines-communes-a-celebrer\/"},"modified":"2025-02-01T09:13:02","modified_gmt":"2025-02-01T14:13:02","slug":"le-festival-classique-hivernal-de-losl-lharmonie-laval-et-losl-des-racines-communes-a-celebrer","status":"publish","type":"interviews","link":"https:\/\/panm360.com\/en\/interviews-panm360\/le-festival-classique-hivernal-de-losl-lharmonie-laval-et-losl-des-racines-communes-a-celebrer\/","title":{"rendered":"The OSL Winter Classical Festival: Harmonie Laval and the OSL Celebrate Common Roots"},"content":{"rendered":"\n<p class=\"has-medium-font-size wp-block-paragraph\">L&#8217;Harmonie Laval joins OSL for a concert specially designed for families. Under the direction of dynamic conductor Diane Caplette, the musicians of L&#8217;Harmonie Laval will present a program exploring the wind band repertoire, featuring two of Laval&#8217;s finest musicians, clarinetist Jean-Fran\u00e7ois Normand and horn player Jocelyn Veilleux. With imaginative and emblematic works celebrating the wind and wind band repertoire, the program also highlights the links between the history of the OSL and the Harmonie.<\/p>\n\n\n\n<p class=\"has-medium-font-size wp-block-paragraph\">Our contributor Alexandre Villemaire spoke with Diane Caplette ahead of their performance on Sunday, February 2.<\/p>\n\n\n\n<figure class=\"wp-block-embed is-type-video is-provider-youtube wp-block-embed-youtube wp-embed-aspect-16-9 wp-has-aspect-ratio\"><div class=\"wp-block-embed__wrapper\">\n<iframe loading=\"lazy\" title=\"Le Festival Classique hivernal de l&#039;OSL\u00a0: l&#039;Harmonie Laval et OSL, des racines communes \u00e0 c\u00e9l\u00e9brer\" width=\"500\" height=\"281\" src=\"https:\/\/www.youtube.com\/embed\/yXiuZFzc2E4?feature=oembed\" frameborder=\"0\" allow=\"accelerometer; autoplay; clipboard-write; encrypted-media; gyroscope; picture-in-picture; web-share\" referrerpolicy=\"strict-origin-when-cross-origin\" allowfullscreen><\/iframe>\n<\/div><\/figure>\n\n\n\n<p class=\"wp-block-paragraph\"><strong>Andr\u00e9 Jutras<\/strong>&nbsp;&nbsp;&nbsp;<\/p>\n\n\n\n<p class=\"wp-block-paragraph\"><em>A Barrie North Celebration<\/em>&nbsp;<\/p>\n\n\n\n<p class=\"wp-block-paragraph\"><strong>Richard Strauss (arr. John Boyd)&nbsp;<\/strong><\/p>\n\n\n\n<p class=\"wp-block-paragraph\"><em>Concerto pour cor no. 1 en mi b\u00e9mol majeur<\/em>, op. 11 <\/p>\n\n\n\n<p class=\"wp-block-paragraph\"><strong>Johan de Meij&nbsp;<\/strong>&nbsp; &nbsp; &nbsp; &nbsp; &nbsp; &nbsp;<\/p>\n\n\n\n<p class=\"wp-block-paragraph\"><em>Madurodam<\/em>&nbsp;<\/p>\n\n\n\n<p class=\"wp-block-paragraph\"><strong>Entracte<\/strong>&nbsp;<\/p>\n\n\n\n<p class=\"wp-block-paragraph\"><strong>Ilari Hylkil\u00e4<\/strong><\/p>\n\n\n\n<p class=\"wp-block-paragraph\"><em>Taiga<\/em>&nbsp;(6 min)<\/p>\n\n\n\n<p class=\"wp-block-paragraph\"><strong>Carl Maria von Weber (arr. Alfred Reed, ed. Don McCathren)&nbsp;<\/strong><\/p>\n\n\n\n<p class=\"wp-block-paragraph\"><em>Concertino pour clarinette en mi b\u00e9mol majeur<\/em>, op. 26 <\/p>\n\n\n\n<p class=\"wp-block-paragraph\"><strong>Bert Appermont&nbsp;&nbsp;<\/strong> &nbsp; &nbsp; &nbsp;<\/p>\n\n\n\n<p class=\"wp-block-paragraph\"><em>Noah&#8217;s Ark<\/em>&nbsp;<\/p>\n\n\n    <div class=\"panm-ads-wrapper alignfull\"><span class=\"panm-ads-copy\">Publicit\u00e9 panam<\/span><div class=\"panm-ads-render\" data-ads-id=\"130500\"><\/div><\/div>\n","protected":false},"excerpt":{"rendered":"<p>L&#8217;Harmonie Laval joins OSL for a concert specially designed for families. Under the direction of dynamic conductor Diane Caplette, the musicians of L&#8217;Harmonie Laval will present a program exploring the wind band repertoire, featuring two of Laval&#8217;s finest musicians, clarinetist Jean-Fran\u00e7ois Normand and horn player Jocelyn Veilleux. With imaginative and emblematic works celebrating the wind [&hellip;]<\/p>\n","protected":false},"author":1466,"featured_media":131954,"menu_order":0,"template":"","format":"standard","meta":{"_acf_changed":false,"_crdt_document":""},"categories":[4628],"tags":[],"genre":[3111],"class_list":["post-131983","interviews","type-interviews","status-publish","format-standard","has-post-thumbnail","hentry","category-interviews-en","genre-classical"],"acf":[],"yoast_head":"<!-- This site is optimized with the Yoast SEO plugin v27.5 - https:\/\/yoast.com\/product\/yoast-seo-wordpress\/ -->\n<title>The OSL Winter Classical Festival: Harmonie Laval and the OSL Celebrate Common Roots - PAN M 360<\/title>\n<meta name=\"robots\" content=\"index, follow, max-snippet:-1, max-image-preview:large, max-video-preview:-1\" \/>\n<link rel=\"canonical\" href=\"https:\/\/panm360.com\/en\/interviews-panm360\/le-festival-classique-hivernal-de-losl-lharmonie-laval-et-losl-des-racines-communes-a-celebrer\/\" \/>\n<meta property=\"og:locale\" content=\"en_US\" \/>\n<meta property=\"og:type\" content=\"article\" \/>\n<meta property=\"og:title\" content=\"The OSL Winter Classical Festival: Harmonie Laval and the OSL Celebrate Common Roots - PAN M 360\" \/>\n<meta property=\"og:description\" content=\"L&#8217;Harmonie Laval joins OSL for a concert specially designed for families. Under the direction of dynamic conductor Diane Caplette, the musicians of L&#8217;Harmonie Laval will present a program exploring the wind band repertoire, featuring two of Laval&#8217;s finest musicians, clarinetist Jean-Fran\u00e7ois Normand and horn player Jocelyn Veilleux. With imaginative and emblematic works celebrating the wind [&hellip;]\" \/>\n<meta property=\"og:url\" content=\"https:\/\/panm360.com\/en\/interviews-panm360\/le-festival-classique-hivernal-de-losl-lharmonie-laval-et-losl-des-racines-communes-a-celebrer\/\" \/>\n<meta property=\"og:site_name\" content=\"PAN M 360\" \/>\n<meta property=\"article:publisher\" content=\"https:\/\/www.facebook.com\/panm360\/\" \/>\n<meta property=\"article:modified_time\" content=\"2025-02-01T14:13:02+00:00\" \/>\n<meta property=\"og:image\" content=\"https:\/\/panm360.com\/wp-content\/uploads\/2025\/01\/default-3-2.jpg\" \/>\n\t<meta property=\"og:image:width\" content=\"600\" \/>\n\t<meta property=\"og:image:height\" content=\"600\" \/>\n\t<meta property=\"og:image:type\" content=\"image\/jpeg\" \/>\n<meta name=\"twitter:card\" content=\"summary_large_image\" \/>\n<meta name=\"twitter:site\" content=\"@PANM360\" \/>\n<meta name=\"twitter:label1\" content=\"Est. reading time\" \/>\n\t<meta name=\"twitter:data1\" content=\"1 minute\" \/>\n<script type=\"application\/ld+json\" class=\"yoast-schema-graph\">{\"@context\":\"https:\\\/\\\/schema.org\",\"@graph\":[{\"@type\":\"WebPage\",\"@id\":\"https:\\\/\\\/panm360.com\\\/en\\\/interviews-panm360\\\/le-festival-classique-hivernal-de-losl-lharmonie-laval-et-losl-des-racines-communes-a-celebrer\\\/\",\"url\":\"https:\\\/\\\/panm360.com\\\/en\\\/interviews-panm360\\\/le-festival-classique-hivernal-de-losl-lharmonie-laval-et-losl-des-racines-communes-a-celebrer\\\/\",\"name\":\"The OSL Winter Classical Festival: Harmonie Laval and the OSL Celebrate Common Roots - PAN M 360\",\"isPartOf\":{\"@id\":\"https:\\\/\\\/panm360.com\\\/en\\\/#website\"},\"primaryImageOfPage\":{\"@id\":\"https:\\\/\\\/panm360.com\\\/en\\\/interviews-panm360\\\/le-festival-classique-hivernal-de-losl-lharmonie-laval-et-losl-des-racines-communes-a-celebrer\\\/#primaryimage\"},\"image\":{\"@id\":\"https:\\\/\\\/panm360.com\\\/en\\\/interviews-panm360\\\/le-festival-classique-hivernal-de-losl-lharmonie-laval-et-losl-des-racines-communes-a-celebrer\\\/#primaryimage\"},\"thumbnailUrl\":\"https:\\\/\\\/panm360.com\\\/wp-content\\\/uploads\\\/2025\\\/01\\\/default-3-2.jpg\",\"datePublished\":\"2025-02-01T08:41:00+00:00\",\"dateModified\":\"2025-02-01T14:13:02+00:00\",\"breadcrumb\":{\"@id\":\"https:\\\/\\\/panm360.com\\\/en\\\/interviews-panm360\\\/le-festival-classique-hivernal-de-losl-lharmonie-laval-et-losl-des-racines-communes-a-celebrer\\\/#breadcrumb\"},\"inLanguage\":\"en-US\",\"potentialAction\":[{\"@type\":\"ReadAction\",\"target\":[\"https:\\\/\\\/panm360.com\\\/en\\\/interviews-panm360\\\/le-festival-classique-hivernal-de-losl-lharmonie-laval-et-losl-des-racines-communes-a-celebrer\\\/\"]}]},{\"@type\":\"ImageObject\",\"inLanguage\":\"en-US\",\"@id\":\"https:\\\/\\\/panm360.com\\\/en\\\/interviews-panm360\\\/le-festival-classique-hivernal-de-losl-lharmonie-laval-et-losl-des-racines-communes-a-celebrer\\\/#primaryimage\",\"url\":\"https:\\\/\\\/panm360.com\\\/wp-content\\\/uploads\\\/2025\\\/01\\\/default-3-2.jpg\",\"contentUrl\":\"https:\\\/\\\/panm360.com\\\/wp-content\\\/uploads\\\/2025\\\/01\\\/default-3-2.jpg\",\"width\":600,\"height\":600},{\"@type\":\"BreadcrumbList\",\"@id\":\"https:\\\/\\\/panm360.com\\\/en\\\/interviews-panm360\\\/le-festival-classique-hivernal-de-losl-lharmonie-laval-et-losl-des-racines-communes-a-celebrer\\\/#breadcrumb\",\"itemListElement\":[{\"@type\":\"ListItem\",\"position\":1,\"name\":\"Accueil\",\"item\":\"https:\\\/\\\/panm360.com\\\/en\\\/\"},{\"@type\":\"ListItem\",\"position\":2,\"name\":\"Interviews\",\"item\":\"https:\\\/\\\/panm360.com\\\/en\\\/interviews-panm360\\\/\"},{\"@type\":\"ListItem\",\"position\":3,\"name\":\"The OSL Winter Classical Festival: Harmonie Laval and the OSL Celebrate Common Roots\"}]},{\"@type\":\"WebSite\",\"@id\":\"https:\\\/\\\/panm360.com\\\/en\\\/#website\",\"url\":\"https:\\\/\\\/panm360.com\\\/en\\\/\",\"name\":\"PAN M 360\",\"description\":\"Le m\u00e9dia num\u00e9rique de la musique !\",\"publisher\":{\"@id\":\"https:\\\/\\\/panm360.com\\\/en\\\/#organization\"},\"potentialAction\":[{\"@type\":\"SearchAction\",\"target\":{\"@type\":\"EntryPoint\",\"urlTemplate\":\"https:\\\/\\\/panm360.com\\\/en\\\/?s={search_term_string}\"},\"query-input\":{\"@type\":\"PropertyValueSpecification\",\"valueRequired\":true,\"valueName\":\"search_term_string\"}}],\"inLanguage\":\"en-US\"},{\"@type\":\"Organization\",\"@id\":\"https:\\\/\\\/panm360.com\\\/en\\\/#organization\",\"name\":\"PAN M 360\",\"url\":\"https:\\\/\\\/panm360.com\\\/en\\\/\",\"logo\":{\"@type\":\"ImageObject\",\"inLanguage\":\"en-US\",\"@id\":\"https:\\\/\\\/panm360.com\\\/en\\\/#\\\/schema\\\/logo\\\/image\\\/\",\"url\":\"https:\\\/\\\/panm360.com\\\/wp-content\\\/uploads\\\/2019\\\/12\\\/PAN-M360_Logo_RGB.jpg\",\"contentUrl\":\"https:\\\/\\\/panm360.com\\\/wp-content\\\/uploads\\\/2019\\\/12\\\/PAN-M360_Logo_RGB.jpg\",\"width\":1663,\"height\":631,\"caption\":\"PAN M 360\"},\"image\":{\"@id\":\"https:\\\/\\\/panm360.com\\\/en\\\/#\\\/schema\\\/logo\\\/image\\\/\"},\"sameAs\":[\"https:\\\/\\\/www.facebook.com\\\/panm360\\\/\",\"https:\\\/\\\/x.com\\\/PANM360\",\"https:\\\/\\\/www.instagram.com\\\/panm360\\\/\",\"https:\\\/\\\/www.linkedin.com\\\/company\\\/panm360\\\/\",\"https:\\\/\\\/www.youtube.com\\\/channel\\\/UCHEFHd3UhIrV6EJ3ltzVKOA?view_as=subscriber\"]}]}<\/script>\n<!-- \/ Yoast SEO plugin. -->","yoast_head_json":{"title":"The OSL Winter Classical Festival: Harmonie Laval and the OSL Celebrate Common Roots - PAN M 360","robots":{"index":"index","follow":"follow","max-snippet":"max-snippet:-1","max-image-preview":"max-image-preview:large","max-video-preview":"max-video-preview:-1"},"canonical":"https:\/\/panm360.com\/en\/interviews-panm360\/le-festival-classique-hivernal-de-losl-lharmonie-laval-et-losl-des-racines-communes-a-celebrer\/","og_locale":"en_US","og_type":"article","og_title":"The OSL Winter Classical Festival: Harmonie Laval and the OSL Celebrate Common Roots - PAN M 360","og_description":"L&#8217;Harmonie Laval joins OSL for a concert specially designed for families. Under the direction of dynamic conductor Diane Caplette, the musicians of L&#8217;Harmonie Laval will present a program exploring the wind band repertoire, featuring two of Laval&#8217;s finest musicians, clarinetist Jean-Fran\u00e7ois Normand and horn player Jocelyn Veilleux. With imaginative and emblematic works celebrating the wind [&hellip;]","og_url":"https:\/\/panm360.com\/en\/interviews-panm360\/le-festival-classique-hivernal-de-losl-lharmonie-laval-et-losl-des-racines-communes-a-celebrer\/","og_site_name":"PAN M 360","article_publisher":"https:\/\/www.facebook.com\/panm360\/","article_modified_time":"2025-02-01T14:13:02+00:00","og_image":[{"width":600,"height":600,"url":"https:\/\/panm360.com\/wp-content\/uploads\/2025\/01\/default-3-2.jpg","type":"image\/jpeg"}],"twitter_card":"summary_large_image","twitter_site":"@PANM360","twitter_misc":{"Est. reading time":"1 minute"},"schema":{"@context":"https:\/\/schema.org","@graph":[{"@type":"WebPage","@id":"https:\/\/panm360.com\/en\/interviews-panm360\/le-festival-classique-hivernal-de-losl-lharmonie-laval-et-losl-des-racines-communes-a-celebrer\/","url":"https:\/\/panm360.com\/en\/interviews-panm360\/le-festival-classique-hivernal-de-losl-lharmonie-laval-et-losl-des-racines-communes-a-celebrer\/","name":"The OSL Winter Classical Festival: Harmonie Laval and the OSL Celebrate Common Roots - PAN M 360","isPartOf":{"@id":"https:\/\/panm360.com\/en\/#website"},"primaryImageOfPage":{"@id":"https:\/\/panm360.com\/en\/interviews-panm360\/le-festival-classique-hivernal-de-losl-lharmonie-laval-et-losl-des-racines-communes-a-celebrer\/#primaryimage"},"image":{"@id":"https:\/\/panm360.com\/en\/interviews-panm360\/le-festival-classique-hivernal-de-losl-lharmonie-laval-et-losl-des-racines-communes-a-celebrer\/#primaryimage"},"thumbnailUrl":"https:\/\/panm360.com\/wp-content\/uploads\/2025\/01\/default-3-2.jpg","datePublished":"2025-02-01T08:41:00+00:00","dateModified":"2025-02-01T14:13:02+00:00","breadcrumb":{"@id":"https:\/\/panm360.com\/en\/interviews-panm360\/le-festival-classique-hivernal-de-losl-lharmonie-laval-et-losl-des-racines-communes-a-celebrer\/#breadcrumb"},"inLanguage":"en-US","potentialAction":[{"@type":"ReadAction","target":["https:\/\/panm360.com\/en\/interviews-panm360\/le-festival-classique-hivernal-de-losl-lharmonie-laval-et-losl-des-racines-communes-a-celebrer\/"]}]},{"@type":"ImageObject","inLanguage":"en-US","@id":"https:\/\/panm360.com\/en\/interviews-panm360\/le-festival-classique-hivernal-de-losl-lharmonie-laval-et-losl-des-racines-communes-a-celebrer\/#primaryimage","url":"https:\/\/panm360.com\/wp-content\/uploads\/2025\/01\/default-3-2.jpg","contentUrl":"https:\/\/panm360.com\/wp-content\/uploads\/2025\/01\/default-3-2.jpg","width":600,"height":600},{"@type":"BreadcrumbList","@id":"https:\/\/panm360.com\/en\/interviews-panm360\/le-festival-classique-hivernal-de-losl-lharmonie-laval-et-losl-des-racines-communes-a-celebrer\/#breadcrumb","itemListElement":[{"@type":"ListItem","position":1,"name":"Accueil","item":"https:\/\/panm360.com\/en\/"},{"@type":"ListItem","position":2,"name":"Interviews","item":"https:\/\/panm360.com\/en\/interviews-panm360\/"},{"@type":"ListItem","position":3,"name":"The OSL Winter Classical Festival: Harmonie Laval and the OSL Celebrate Common Roots"}]},{"@type":"WebSite","@id":"https:\/\/panm360.com\/en\/#website","url":"https:\/\/panm360.com\/en\/","name":"PAN M 360","description":"Le m\u00e9dia num\u00e9rique de la musique !","publisher":{"@id":"https:\/\/panm360.com\/en\/#organization"},"potentialAction":[{"@type":"SearchAction","target":{"@type":"EntryPoint","urlTemplate":"https:\/\/panm360.com\/en\/?s={search_term_string}"},"query-input":{"@type":"PropertyValueSpecification","valueRequired":true,"valueName":"search_term_string"}}],"inLanguage":"en-US"},{"@type":"Organization","@id":"https:\/\/panm360.com\/en\/#organization","name":"PAN M 360","url":"https:\/\/panm360.com\/en\/","logo":{"@type":"ImageObject","inLanguage":"en-US","@id":"https:\/\/panm360.com\/en\/#\/schema\/logo\/image\/","url":"https:\/\/panm360.com\/wp-content\/uploads\/2019\/12\/PAN-M360_Logo_RGB.jpg","contentUrl":"https:\/\/panm360.com\/wp-content\/uploads\/2019\/12\/PAN-M360_Logo_RGB.jpg","width":1663,"height":631,"caption":"PAN M 360"},"image":{"@id":"https:\/\/panm360.com\/en\/#\/schema\/logo\/image\/"},"sameAs":["https:\/\/www.facebook.com\/panm360\/","https:\/\/x.com\/PANM360","https:\/\/www.instagram.com\/panm360\/","https:\/\/www.linkedin.com\/company\/panm360\/","https:\/\/www.youtube.com\/channel\/UCHEFHd3UhIrV6EJ3ltzVKOA?view_as=subscriber"]}]}},"_links":{"self":[{"href":"https:\/\/panm360.com\/en\/wp-json\/wp\/v2\/interviews\/131983","targetHints":{"allow":["GET"]}}],"collection":[{"href":"https:\/\/panm360.com\/en\/wp-json\/wp\/v2\/interviews"}],"about":[{"href":"https:\/\/panm360.com\/en\/wp-json\/wp\/v2\/types\/interviews"}],"author":[{"embeddable":true,"href":"https:\/\/panm360.com\/en\/wp-json\/wp\/v2\/users\/1466"}],"wp:featuredmedia":[{"embeddable":true,"href":"https:\/\/panm360.com\/en\/wp-json\/wp\/v2\/media\/131954"}],"wp:attachment":[{"href":"https:\/\/panm360.com\/en\/wp-json\/wp\/v2\/media?parent=131983"}],"wp:term":[{"taxonomy":"category","embeddable":true,"href":"https:\/\/panm360.com\/en\/wp-json\/wp\/v2\/categories?post=131983"},{"taxonomy":"post_tag","embeddable":true,"href":"https:\/\/panm360.com\/en\/wp-json\/wp\/v2\/tags?post=131983"},{"taxonomy":"genre","embeddable":true,"href":"https:\/\/panm360.com\/en\/wp-json\/wp\/v2\/genre?post=131983"}],"curies":[{"name":"wp","href":"https:\/\/api.w.org\/{rel}","templated":true}]}}