{"id":130346,"date":"2024-12-18T09:27:32","date_gmt":"2024-12-18T14:27:32","guid":{"rendered":"https:\/\/panm360.com\/?post_type=interviews&#038;p=130346"},"modified":"2024-12-19T08:40:34","modified_gmt":"2024-12-19T13:40:34","slug":"souvenirs-de-noel-un-trio-active-sa-memoire-lyrique-au-temps-des-fetes","status":"publish","type":"interviews","link":"https:\/\/panm360.com\/en\/interviews-panm360\/souvenirs-de-noel-un-trio-active-sa-memoire-lyrique-au-temps-des-fetes\/","title":{"rendered":"Souvenirs de No\u00ebl, a trio activates its lyrical memory for the holiday season"},"content":{"rendered":"\n<p class=\"wp-block-paragraph\" style=\"font-size:24px\"><\/p>\n\n\n\n<p class=\"wp-block-paragraph\" style=\"font-size:24px\"><strong>Soprano Od\u00e9i Bilodeau and baritone Marc-Antoine d&#8217;Aragon started out as a lyric tandem. Alongside pianist \u00c9tienne G\u00e9nier, who can also sing and add a 3rd voice to the harmonies, the tandem-turned-trio has just released the album Souvenirs de No\u00ebl, whose material (and more) will be presented at least three times on the eve of the winter solstice. And it all kicks off this Wednesday, December 18, in the intimate setting of Salle Claude-L\u00e9veill\u00e9e at Place des Arts. At the end of a rehearsal, they explain their lyrical memory work to Alain Brunet for PAN M 360.<\/strong><\/p>\n\n\n\n<p class=\"wp-block-paragraph\"><\/p>\n\n\n\n<p class=\"wp-block-paragraph\"><\/p>\n\n\n\n<figure class=\"wp-block-embed is-type-video is-provider-youtube wp-block-embed-youtube wp-embed-aspect-16-9 wp-has-aspect-ratio\"><div class=\"wp-block-embed__wrapper\">\n<iframe loading=\"lazy\" title=\"Souvenirs de No\u00ebl l\u2019intimit\u00e9 du chant autour du piano\" width=\"500\" height=\"281\" src=\"https:\/\/www.youtube.com\/embed\/W1QqmdZgHyI?feature=oembed\" frameborder=\"0\" allow=\"accelerometer; autoplay; clipboard-write; encrypted-media; gyroscope; picture-in-picture; web-share\" referrerpolicy=\"strict-origin-when-cross-origin\" allowfullscreen><\/iframe>\n<\/div><\/figure>\n","protected":false},"excerpt":{"rendered":"<p>Soprano Od\u00e9i Bilodeau and baritone Marc-Antoine d&#8217;Aragon started out as a lyric tandem. Alongside pianist \u00c9tienne G\u00e9nier, who can also sing and add a 3rd voice to the harmonies, the tandem-turned-trio has just released the album Souvenirs de No\u00ebl, whose material (and more) will be presented at least three times on the eve of the [&hellip;]<\/p>\n","protected":false},"author":36,"featured_media":130347,"menu_order":0,"template":"","format":"standard","meta":{"_acf_changed":true,"_crdt_document":""},"categories":[4628],"tags":[],"genre":[8055,4643],"class_list":["post-130346","interviews","type-interviews","status-publish","format-standard","has-post-thumbnail","hentry","category-interviews-en","genre-classique-2-en","genre-musique-sacree-en"],"acf":[],"yoast_head":"<!-- This site is optimized with the Yoast SEO plugin v27.5 - https:\/\/yoast.com\/product\/yoast-seo-wordpress\/ -->\n<title>Souvenirs de No\u00ebl, a trio activates its lyrical memory for the holiday season - PAN M 360<\/title>\n<meta name=\"robots\" content=\"index, follow, max-snippet:-1, max-image-preview:large, max-video-preview:-1\" \/>\n<link rel=\"canonical\" href=\"https:\/\/panm360.com\/en\/interviews-panm360\/souvenirs-de-noel-un-trio-active-sa-memoire-lyrique-au-temps-des-fetes\/\" \/>\n<meta property=\"og:locale\" content=\"en_US\" \/>\n<meta property=\"og:type\" content=\"article\" \/>\n<meta property=\"og:title\" content=\"Souvenirs de No\u00ebl, a trio activates its lyrical memory for the holiday season - PAN M 360\" \/>\n<meta property=\"og:description\" content=\"Soprano Od\u00e9i Bilodeau and baritone Marc-Antoine d&#8217;Aragon started out as a lyric tandem. Alongside pianist \u00c9tienne G\u00e9nier, who can also sing and add a 3rd voice to the harmonies, the tandem-turned-trio has just released the album Souvenirs de No\u00ebl, whose material (and more) will be presented at least three times on the eve of the [&hellip;]\" \/>\n<meta property=\"og:url\" content=\"https:\/\/panm360.com\/en\/interviews-panm360\/souvenirs-de-noel-un-trio-active-sa-memoire-lyrique-au-temps-des-fetes\/\" \/>\n<meta property=\"og:site_name\" content=\"PAN M 360\" \/>\n<meta property=\"article:publisher\" content=\"https:\/\/www.facebook.com\/panm360\/\" \/>\n<meta property=\"article:modified_time\" content=\"2024-12-19T13:40:34+00:00\" \/>\n<meta property=\"og:image\" content=\"https:\/\/panm360.com\/wp-content\/uploads\/2024\/12\/Souvenirs-de-Noel.jpg\" \/>\n\t<meta property=\"og:image:width\" content=\"836\" \/>\n\t<meta property=\"og:image:height\" content=\"800\" \/>\n\t<meta property=\"og:image:type\" content=\"image\/jpeg\" \/>\n<meta name=\"twitter:card\" content=\"summary_large_image\" \/>\n<meta name=\"twitter:site\" content=\"@PANM360\" \/>\n<meta name=\"twitter:label1\" content=\"Est. reading time\" \/>\n\t<meta name=\"twitter:data1\" content=\"1 minute\" \/>\n<script type=\"application\/ld+json\" class=\"yoast-schema-graph\">{\"@context\":\"https:\\\/\\\/schema.org\",\"@graph\":[{\"@type\":\"WebPage\",\"@id\":\"https:\\\/\\\/panm360.com\\\/en\\\/interviews-panm360\\\/souvenirs-de-noel-un-trio-active-sa-memoire-lyrique-au-temps-des-fetes\\\/\",\"url\":\"https:\\\/\\\/panm360.com\\\/en\\\/interviews-panm360\\\/souvenirs-de-noel-un-trio-active-sa-memoire-lyrique-au-temps-des-fetes\\\/\",\"name\":\"Souvenirs de No\u00ebl, a trio activates its lyrical memory for the holiday season - PAN M 360\",\"isPartOf\":{\"@id\":\"https:\\\/\\\/panm360.com\\\/en\\\/#website\"},\"primaryImageOfPage\":{\"@id\":\"https:\\\/\\\/panm360.com\\\/en\\\/interviews-panm360\\\/souvenirs-de-noel-un-trio-active-sa-memoire-lyrique-au-temps-des-fetes\\\/#primaryimage\"},\"image\":{\"@id\":\"https:\\\/\\\/panm360.com\\\/en\\\/interviews-panm360\\\/souvenirs-de-noel-un-trio-active-sa-memoire-lyrique-au-temps-des-fetes\\\/#primaryimage\"},\"thumbnailUrl\":\"https:\\\/\\\/panm360.com\\\/wp-content\\\/uploads\\\/2024\\\/12\\\/Souvenirs-de-Noel.jpg\",\"datePublished\":\"2024-12-18T14:27:32+00:00\",\"dateModified\":\"2024-12-19T13:40:34+00:00\",\"breadcrumb\":{\"@id\":\"https:\\\/\\\/panm360.com\\\/en\\\/interviews-panm360\\\/souvenirs-de-noel-un-trio-active-sa-memoire-lyrique-au-temps-des-fetes\\\/#breadcrumb\"},\"inLanguage\":\"en-US\",\"potentialAction\":[{\"@type\":\"ReadAction\",\"target\":[\"https:\\\/\\\/panm360.com\\\/en\\\/interviews-panm360\\\/souvenirs-de-noel-un-trio-active-sa-memoire-lyrique-au-temps-des-fetes\\\/\"]}]},{\"@type\":\"ImageObject\",\"inLanguage\":\"en-US\",\"@id\":\"https:\\\/\\\/panm360.com\\\/en\\\/interviews-panm360\\\/souvenirs-de-noel-un-trio-active-sa-memoire-lyrique-au-temps-des-fetes\\\/#primaryimage\",\"url\":\"https:\\\/\\\/panm360.com\\\/wp-content\\\/uploads\\\/2024\\\/12\\\/Souvenirs-de-Noel.jpg\",\"contentUrl\":\"https:\\\/\\\/panm360.com\\\/wp-content\\\/uploads\\\/2024\\\/12\\\/Souvenirs-de-Noel.jpg\",\"width\":836,\"height\":800},{\"@type\":\"BreadcrumbList\",\"@id\":\"https:\\\/\\\/panm360.com\\\/en\\\/interviews-panm360\\\/souvenirs-de-noel-un-trio-active-sa-memoire-lyrique-au-temps-des-fetes\\\/#breadcrumb\",\"itemListElement\":[{\"@type\":\"ListItem\",\"position\":1,\"name\":\"Accueil\",\"item\":\"https:\\\/\\\/panm360.com\\\/en\\\/\"},{\"@type\":\"ListItem\",\"position\":2,\"name\":\"Interviews\",\"item\":\"https:\\\/\\\/panm360.com\\\/en\\\/interviews-panm360\\\/\"},{\"@type\":\"ListItem\",\"position\":3,\"name\":\"Souvenirs de No\u00ebl, a trio activates its lyrical memory for the holiday season\"}]},{\"@type\":\"WebSite\",\"@id\":\"https:\\\/\\\/panm360.com\\\/en\\\/#website\",\"url\":\"https:\\\/\\\/panm360.com\\\/en\\\/\",\"name\":\"PAN M 360\",\"description\":\"Le m\u00e9dia num\u00e9rique de la musique !\",\"publisher\":{\"@id\":\"https:\\\/\\\/panm360.com\\\/en\\\/#organization\"},\"potentialAction\":[{\"@type\":\"SearchAction\",\"target\":{\"@type\":\"EntryPoint\",\"urlTemplate\":\"https:\\\/\\\/panm360.com\\\/en\\\/?s={search_term_string}\"},\"query-input\":{\"@type\":\"PropertyValueSpecification\",\"valueRequired\":true,\"valueName\":\"search_term_string\"}}],\"inLanguage\":\"en-US\"},{\"@type\":\"Organization\",\"@id\":\"https:\\\/\\\/panm360.com\\\/en\\\/#organization\",\"name\":\"PAN M 360\",\"url\":\"https:\\\/\\\/panm360.com\\\/en\\\/\",\"logo\":{\"@type\":\"ImageObject\",\"inLanguage\":\"en-US\",\"@id\":\"https:\\\/\\\/panm360.com\\\/en\\\/#\\\/schema\\\/logo\\\/image\\\/\",\"url\":\"https:\\\/\\\/panm360.com\\\/wp-content\\\/uploads\\\/2019\\\/12\\\/PAN-M360_Logo_RGB.jpg\",\"contentUrl\":\"https:\\\/\\\/panm360.com\\\/wp-content\\\/uploads\\\/2019\\\/12\\\/PAN-M360_Logo_RGB.jpg\",\"width\":1663,\"height\":631,\"caption\":\"PAN M 360\"},\"image\":{\"@id\":\"https:\\\/\\\/panm360.com\\\/en\\\/#\\\/schema\\\/logo\\\/image\\\/\"},\"sameAs\":[\"https:\\\/\\\/www.facebook.com\\\/panm360\\\/\",\"https:\\\/\\\/x.com\\\/PANM360\",\"https:\\\/\\\/www.instagram.com\\\/panm360\\\/\",\"https:\\\/\\\/www.linkedin.com\\\/company\\\/panm360\\\/\",\"https:\\\/\\\/www.youtube.com\\\/channel\\\/UCHEFHd3UhIrV6EJ3ltzVKOA?view_as=subscriber\"]}]}<\/script>\n<!-- \/ Yoast SEO plugin. -->","yoast_head_json":{"title":"Souvenirs de No\u00ebl, a trio activates its lyrical memory for the holiday season - PAN M 360","robots":{"index":"index","follow":"follow","max-snippet":"max-snippet:-1","max-image-preview":"max-image-preview:large","max-video-preview":"max-video-preview:-1"},"canonical":"https:\/\/panm360.com\/en\/interviews-panm360\/souvenirs-de-noel-un-trio-active-sa-memoire-lyrique-au-temps-des-fetes\/","og_locale":"en_US","og_type":"article","og_title":"Souvenirs de No\u00ebl, a trio activates its lyrical memory for the holiday season - PAN M 360","og_description":"Soprano Od\u00e9i Bilodeau and baritone Marc-Antoine d&#8217;Aragon started out as a lyric tandem. Alongside pianist \u00c9tienne G\u00e9nier, who can also sing and add a 3rd voice to the harmonies, the tandem-turned-trio has just released the album Souvenirs de No\u00ebl, whose material (and more) will be presented at least three times on the eve of the [&hellip;]","og_url":"https:\/\/panm360.com\/en\/interviews-panm360\/souvenirs-de-noel-un-trio-active-sa-memoire-lyrique-au-temps-des-fetes\/","og_site_name":"PAN M 360","article_publisher":"https:\/\/www.facebook.com\/panm360\/","article_modified_time":"2024-12-19T13:40:34+00:00","og_image":[{"width":836,"height":800,"url":"https:\/\/panm360.com\/wp-content\/uploads\/2024\/12\/Souvenirs-de-Noel.jpg","type":"image\/jpeg"}],"twitter_card":"summary_large_image","twitter_site":"@PANM360","twitter_misc":{"Est. reading time":"1 minute"},"schema":{"@context":"https:\/\/schema.org","@graph":[{"@type":"WebPage","@id":"https:\/\/panm360.com\/en\/interviews-panm360\/souvenirs-de-noel-un-trio-active-sa-memoire-lyrique-au-temps-des-fetes\/","url":"https:\/\/panm360.com\/en\/interviews-panm360\/souvenirs-de-noel-un-trio-active-sa-memoire-lyrique-au-temps-des-fetes\/","name":"Souvenirs de No\u00ebl, a trio activates its lyrical memory for the holiday season - PAN M 360","isPartOf":{"@id":"https:\/\/panm360.com\/en\/#website"},"primaryImageOfPage":{"@id":"https:\/\/panm360.com\/en\/interviews-panm360\/souvenirs-de-noel-un-trio-active-sa-memoire-lyrique-au-temps-des-fetes\/#primaryimage"},"image":{"@id":"https:\/\/panm360.com\/en\/interviews-panm360\/souvenirs-de-noel-un-trio-active-sa-memoire-lyrique-au-temps-des-fetes\/#primaryimage"},"thumbnailUrl":"https:\/\/panm360.com\/wp-content\/uploads\/2024\/12\/Souvenirs-de-Noel.jpg","datePublished":"2024-12-18T14:27:32+00:00","dateModified":"2024-12-19T13:40:34+00:00","breadcrumb":{"@id":"https:\/\/panm360.com\/en\/interviews-panm360\/souvenirs-de-noel-un-trio-active-sa-memoire-lyrique-au-temps-des-fetes\/#breadcrumb"},"inLanguage":"en-US","potentialAction":[{"@type":"ReadAction","target":["https:\/\/panm360.com\/en\/interviews-panm360\/souvenirs-de-noel-un-trio-active-sa-memoire-lyrique-au-temps-des-fetes\/"]}]},{"@type":"ImageObject","inLanguage":"en-US","@id":"https:\/\/panm360.com\/en\/interviews-panm360\/souvenirs-de-noel-un-trio-active-sa-memoire-lyrique-au-temps-des-fetes\/#primaryimage","url":"https:\/\/panm360.com\/wp-content\/uploads\/2024\/12\/Souvenirs-de-Noel.jpg","contentUrl":"https:\/\/panm360.com\/wp-content\/uploads\/2024\/12\/Souvenirs-de-Noel.jpg","width":836,"height":800},{"@type":"BreadcrumbList","@id":"https:\/\/panm360.com\/en\/interviews-panm360\/souvenirs-de-noel-un-trio-active-sa-memoire-lyrique-au-temps-des-fetes\/#breadcrumb","itemListElement":[{"@type":"ListItem","position":1,"name":"Accueil","item":"https:\/\/panm360.com\/en\/"},{"@type":"ListItem","position":2,"name":"Interviews","item":"https:\/\/panm360.com\/en\/interviews-panm360\/"},{"@type":"ListItem","position":3,"name":"Souvenirs de No\u00ebl, a trio activates its lyrical memory for the holiday season"}]},{"@type":"WebSite","@id":"https:\/\/panm360.com\/en\/#website","url":"https:\/\/panm360.com\/en\/","name":"PAN M 360","description":"Le m\u00e9dia num\u00e9rique de la musique !","publisher":{"@id":"https:\/\/panm360.com\/en\/#organization"},"potentialAction":[{"@type":"SearchAction","target":{"@type":"EntryPoint","urlTemplate":"https:\/\/panm360.com\/en\/?s={search_term_string}"},"query-input":{"@type":"PropertyValueSpecification","valueRequired":true,"valueName":"search_term_string"}}],"inLanguage":"en-US"},{"@type":"Organization","@id":"https:\/\/panm360.com\/en\/#organization","name":"PAN M 360","url":"https:\/\/panm360.com\/en\/","logo":{"@type":"ImageObject","inLanguage":"en-US","@id":"https:\/\/panm360.com\/en\/#\/schema\/logo\/image\/","url":"https:\/\/panm360.com\/wp-content\/uploads\/2019\/12\/PAN-M360_Logo_RGB.jpg","contentUrl":"https:\/\/panm360.com\/wp-content\/uploads\/2019\/12\/PAN-M360_Logo_RGB.jpg","width":1663,"height":631,"caption":"PAN M 360"},"image":{"@id":"https:\/\/panm360.com\/en\/#\/schema\/logo\/image\/"},"sameAs":["https:\/\/www.facebook.com\/panm360\/","https:\/\/x.com\/PANM360","https:\/\/www.instagram.com\/panm360\/","https:\/\/www.linkedin.com\/company\/panm360\/","https:\/\/www.youtube.com\/channel\/UCHEFHd3UhIrV6EJ3ltzVKOA?view_as=subscriber"]}]}},"_links":{"self":[{"href":"https:\/\/panm360.com\/en\/wp-json\/wp\/v2\/interviews\/130346","targetHints":{"allow":["GET"]}}],"collection":[{"href":"https:\/\/panm360.com\/en\/wp-json\/wp\/v2\/interviews"}],"about":[{"href":"https:\/\/panm360.com\/en\/wp-json\/wp\/v2\/types\/interviews"}],"author":[{"embeddable":true,"href":"https:\/\/panm360.com\/en\/wp-json\/wp\/v2\/users\/36"}],"wp:featuredmedia":[{"embeddable":true,"href":"https:\/\/panm360.com\/en\/wp-json\/wp\/v2\/media\/130347"}],"wp:attachment":[{"href":"https:\/\/panm360.com\/en\/wp-json\/wp\/v2\/media?parent=130346"}],"wp:term":[{"taxonomy":"category","embeddable":true,"href":"https:\/\/panm360.com\/en\/wp-json\/wp\/v2\/categories?post=130346"},{"taxonomy":"post_tag","embeddable":true,"href":"https:\/\/panm360.com\/en\/wp-json\/wp\/v2\/tags?post=130346"},{"taxonomy":"genre","embeddable":true,"href":"https:\/\/panm360.com\/en\/wp-json\/wp\/v2\/genre?post=130346"}],"curies":[{"name":"wp","href":"https:\/\/api.w.org\/{rel}","templated":true}]}}