{"id":128780,"date":"2024-11-30T16:15:00","date_gmt":"2024-11-30T21:15:00","guid":{"rendered":"https:\/\/panm360.com\/interviews-panm360\/guillaume-villeneuve-et-les-reflets-du-temps-du-quatuor-cobalt\/"},"modified":"2024-11-15T19:10:58","modified_gmt":"2024-11-16T00:10:58","slug":"guillaume-villeneuve-et-les-reflets-du-temps-du-quatuor-cobalt","status":"publish","type":"interviews","link":"https:\/\/panm360.com\/en\/interviews-panm360\/guillaume-villeneuve-et-les-reflets-du-temps-du-quatuor-cobalt\/","title":{"rendered":"Guillaume Villeneuve and Quatuor Cobalt&#8217;s Reflets du temps"},"content":{"rendered":"\n<p class=\"wp-block-paragraph\">After 7 years on the Quebec music scene, Quatuor Cobalt announces the release of its debut album, <em>Reflets du temps<\/em>. Comprising Guillaume Villeneuve and Diana Bayard (violins), Cl\u00e9ment Bufferne (viola) and Fran\u00e7ois Leclerc (cello), the Universit\u00e9 de Montr\u00e9al-trained quartet was taught by Annick Roussin, Yegor Dyachkov, Guillaume Sutre, Laura Andriani and the Quatuor Debussy. In Quebec, the Cobalt Quartet has performed at festivals such as the Festival International de Lanaudi\u00e8re, the Festival International du Domaine Forget and the Festival International de Jazz de Montr\u00e9al, as well as in major venues such as the Palais Montcalm in Quebec City and Place des Arts in Montreal. Characterized by its eclecticism, the quartet explores both early music on period instruments and the contemporary repertoire, and is committed to the dissemination of today&#8217;s repertoire.<\/p>\n\n\n\n<p class=\"wp-block-paragraph\">The album launch was a good opportunity for our contributor Alexandre Villemaire to chat with Guillaume Villeneuve about this release, as well as the ensemble&#8217;s many other projects, including their program of Schubert&#8217;s complete string quartets and their forthcoming indoor concert on December 18 at Jeunesses Musicales du Canada&#8217;s Salle Joseph-Rouleau.<\/p>\n\n\n\n<p class=\"wp-block-paragraph\"><strong>Concert tickets HERE<\/strong><\/p>\n\n\n\n<p class=\"wp-block-paragraph\"><strong>You can pre-record the first extract from Reflets du temps at the following address: https: \/\/gfn-classics.lnk.to\/H277-Allegretto<\/strong><\/p>\n\n\n\n<p class=\"wp-block-paragraph\"><strong>The entire album will be available in January 2025<\/strong><\/p>\n\n\n\n<p class=\"wp-block-paragraph\">Photo Credit\u00a0:\u00a0Annie \u00c9thier<\/p>\n\n\n\n<figure class=\"wp-block-embed is-type-video is-provider-youtube wp-block-embed-youtube wp-embed-aspect-16-9 wp-has-aspect-ratio\"><div class=\"wp-block-embed__wrapper\">\n<iframe loading=\"lazy\" title=\"Guillaume Villeneuve et les Reflets du temps du Quatuor Cobalt\" width=\"500\" height=\"281\" src=\"https:\/\/www.youtube.com\/embed\/jvVfaszQcsI?feature=oembed\" frameborder=\"0\" allow=\"accelerometer; autoplay; clipboard-write; encrypted-media; gyroscope; picture-in-picture; web-share\" referrerpolicy=\"strict-origin-when-cross-origin\" allowfullscreen><\/iframe>\n<\/div><\/figure>\n\n\n\n<figure class=\"wp-block-embed is-type-video is-provider-youtube wp-block-embed-youtube wp-embed-aspect-16-9 wp-has-aspect-ratio\"><div class=\"wp-block-embed__wrapper\">\n<iframe loading=\"lazy\" title=\"Fanny Hensel Mendelssohn: String Quartet in E-Flat major, H.277: II. Allegretto (ft. Quatuor Cobalt)\" width=\"500\" height=\"281\" src=\"https:\/\/www.youtube.com\/embed\/1f1HOvLIlWg?feature=oembed\" frameborder=\"0\" allow=\"accelerometer; autoplay; clipboard-write; encrypted-media; gyroscope; picture-in-picture; web-share\" referrerpolicy=\"strict-origin-when-cross-origin\" allowfullscreen><\/iframe>\n<\/div><figcaption class=\"wp-element-caption\">Video direction:<br>Director: Charles-William De Melo &#8211; De Melo Productions<br>Director of photography: Antoine Benhini<br>First AC: Mathilde Lytwynuk<br>Electro: Pascal Chaumont<br>Best boy: Adam Panyachack<br>Editing: Charles-William De Melo<br>Colorization: Olivier S\u00e9guin-Dang &#8211; Color Division<br>Executive producers: Gabriel Felcarek, Francis Choini\u00e8re &amp; Nicholas Choini\u00e8re<\/figcaption><\/figure>\n\n\n\n<p class=\"wp-block-paragraph\">With the special participation of<a href=\"https:\/\/www.facebook.com\/AnnabelleMarquis.Art?__cft__[0]=AZUQU6XNVvGV_PHRpt0GS7nT0DCV00Y_ktryzQrdkSpxd_XvJMZWUHev4ucNfq0od_1-_Jk7hdMh4ydLIGlsSByj4T6fkl6Zi2JRtwEJLkUsBzXFSrbI-41JRi7tkpATzbd9JlDxuU6QpStop9PtOCS0aQJObMiRmZ1ArMlPMZbr496TRQpd-8lFWouINqvLfp4&amp;__tn__=-]K-R-R\">Annabelle Marquis<\/a><\/p>\n","protected":false},"excerpt":{"rendered":"<p>After 7 years on the Quebec music scene, Quatuor Cobalt announces the release of its debut album, Reflets du temps. Comprising Guillaume Villeneuve and Diana Bayard (violins), Cl\u00e9ment Bufferne (viola) and Fran\u00e7ois Leclerc (cello), the Universit\u00e9 de Montr\u00e9al-trained quartet was taught by Annick Roussin, Yegor Dyachkov, Guillaume Sutre, Laura Andriani and the Quatuor Debussy. In [&hellip;]<\/p>\n","protected":false},"author":1466,"featured_media":128771,"menu_order":0,"template":"","format":"standard","meta":{"_acf_changed":false,"_crdt_document":""},"categories":[4628],"tags":[],"genre":[3111],"class_list":["post-128780","interviews","type-interviews","status-publish","format-standard","has-post-thumbnail","hentry","category-interviews-en","genre-classical"],"acf":[],"yoast_head":"<!-- This site is optimized with the Yoast SEO plugin v27.5 - https:\/\/yoast.com\/product\/yoast-seo-wordpress\/ -->\n<title>Guillaume Villeneuve and Quatuor Cobalt&#039;s Reflets du temps - PAN M 360<\/title>\n<meta name=\"robots\" content=\"index, follow, max-snippet:-1, max-image-preview:large, max-video-preview:-1\" \/>\n<link rel=\"canonical\" href=\"https:\/\/panm360.com\/en\/interviews-panm360\/guillaume-villeneuve-et-les-reflets-du-temps-du-quatuor-cobalt\/\" \/>\n<meta property=\"og:locale\" content=\"en_US\" \/>\n<meta property=\"og:type\" content=\"article\" \/>\n<meta property=\"og:title\" content=\"Guillaume Villeneuve and Quatuor Cobalt&#039;s Reflets du temps - PAN M 360\" \/>\n<meta property=\"og:description\" content=\"After 7 years on the Quebec music scene, Quatuor Cobalt announces the release of its debut album, Reflets du temps. Comprising Guillaume Villeneuve and Diana Bayard (violins), Cl\u00e9ment Bufferne (viola) and Fran\u00e7ois Leclerc (cello), the Universit\u00e9 de Montr\u00e9al-trained quartet was taught by Annick Roussin, Yegor Dyachkov, Guillaume Sutre, Laura Andriani and the Quatuor Debussy. In [&hellip;]\" \/>\n<meta property=\"og:url\" content=\"https:\/\/panm360.com\/en\/interviews-panm360\/guillaume-villeneuve-et-les-reflets-du-temps-du-quatuor-cobalt\/\" \/>\n<meta property=\"og:site_name\" content=\"PAN M 360\" \/>\n<meta property=\"article:publisher\" content=\"https:\/\/www.facebook.com\/panm360\/\" \/>\n<meta property=\"og:image\" content=\"https:\/\/panm360.com\/wp-content\/uploads\/2024\/11\/Hres_quatuor_cobalt_\u00a9Annie_Ethier_151A2109-2_2023-2.jpg\" \/>\n\t<meta property=\"og:image:width\" content=\"600\" \/>\n\t<meta property=\"og:image:height\" content=\"600\" \/>\n\t<meta property=\"og:image:type\" content=\"image\/jpeg\" \/>\n<meta name=\"twitter:card\" content=\"summary_large_image\" \/>\n<meta name=\"twitter:site\" content=\"@PANM360\" \/>\n<meta name=\"twitter:label1\" content=\"Est. reading time\" \/>\n\t<meta name=\"twitter:data1\" content=\"1 minute\" \/>\n<script type=\"application\/ld+json\" class=\"yoast-schema-graph\">{\"@context\":\"https:\\\/\\\/schema.org\",\"@graph\":[{\"@type\":\"WebPage\",\"@id\":\"https:\\\/\\\/panm360.com\\\/en\\\/interviews-panm360\\\/guillaume-villeneuve-et-les-reflets-du-temps-du-quatuor-cobalt\\\/\",\"url\":\"https:\\\/\\\/panm360.com\\\/en\\\/interviews-panm360\\\/guillaume-villeneuve-et-les-reflets-du-temps-du-quatuor-cobalt\\\/\",\"name\":\"Guillaume Villeneuve and Quatuor Cobalt's Reflets du temps - PAN M 360\",\"isPartOf\":{\"@id\":\"https:\\\/\\\/panm360.com\\\/en\\\/#website\"},\"primaryImageOfPage\":{\"@id\":\"https:\\\/\\\/panm360.com\\\/en\\\/interviews-panm360\\\/guillaume-villeneuve-et-les-reflets-du-temps-du-quatuor-cobalt\\\/#primaryimage\"},\"image\":{\"@id\":\"https:\\\/\\\/panm360.com\\\/en\\\/interviews-panm360\\\/guillaume-villeneuve-et-les-reflets-du-temps-du-quatuor-cobalt\\\/#primaryimage\"},\"thumbnailUrl\":\"https:\\\/\\\/panm360.com\\\/wp-content\\\/uploads\\\/2024\\\/11\\\/Hres_quatuor_cobalt_\u00a9Annie_Ethier_151A2109-2_2023-2.jpg\",\"datePublished\":\"2024-11-30T21:15:00+00:00\",\"breadcrumb\":{\"@id\":\"https:\\\/\\\/panm360.com\\\/en\\\/interviews-panm360\\\/guillaume-villeneuve-et-les-reflets-du-temps-du-quatuor-cobalt\\\/#breadcrumb\"},\"inLanguage\":\"en-US\",\"potentialAction\":[{\"@type\":\"ReadAction\",\"target\":[\"https:\\\/\\\/panm360.com\\\/en\\\/interviews-panm360\\\/guillaume-villeneuve-et-les-reflets-du-temps-du-quatuor-cobalt\\\/\"]}]},{\"@type\":\"ImageObject\",\"inLanguage\":\"en-US\",\"@id\":\"https:\\\/\\\/panm360.com\\\/en\\\/interviews-panm360\\\/guillaume-villeneuve-et-les-reflets-du-temps-du-quatuor-cobalt\\\/#primaryimage\",\"url\":\"https:\\\/\\\/panm360.com\\\/wp-content\\\/uploads\\\/2024\\\/11\\\/Hres_quatuor_cobalt_\u00a9Annie_Ethier_151A2109-2_2023-2.jpg\",\"contentUrl\":\"https:\\\/\\\/panm360.com\\\/wp-content\\\/uploads\\\/2024\\\/11\\\/Hres_quatuor_cobalt_\u00a9Annie_Ethier_151A2109-2_2023-2.jpg\",\"width\":600,\"height\":600},{\"@type\":\"BreadcrumbList\",\"@id\":\"https:\\\/\\\/panm360.com\\\/en\\\/interviews-panm360\\\/guillaume-villeneuve-et-les-reflets-du-temps-du-quatuor-cobalt\\\/#breadcrumb\",\"itemListElement\":[{\"@type\":\"ListItem\",\"position\":1,\"name\":\"Accueil\",\"item\":\"https:\\\/\\\/panm360.com\\\/en\\\/\"},{\"@type\":\"ListItem\",\"position\":2,\"name\":\"Interviews\",\"item\":\"https:\\\/\\\/panm360.com\\\/en\\\/interviews-panm360\\\/\"},{\"@type\":\"ListItem\",\"position\":3,\"name\":\"Guillaume Villeneuve and Quatuor Cobalt&#8217;s Reflets du temps\"}]},{\"@type\":\"WebSite\",\"@id\":\"https:\\\/\\\/panm360.com\\\/en\\\/#website\",\"url\":\"https:\\\/\\\/panm360.com\\\/en\\\/\",\"name\":\"PAN M 360\",\"description\":\"Le m\u00e9dia num\u00e9rique de la musique !\",\"publisher\":{\"@id\":\"https:\\\/\\\/panm360.com\\\/en\\\/#organization\"},\"potentialAction\":[{\"@type\":\"SearchAction\",\"target\":{\"@type\":\"EntryPoint\",\"urlTemplate\":\"https:\\\/\\\/panm360.com\\\/en\\\/?s={search_term_string}\"},\"query-input\":{\"@type\":\"PropertyValueSpecification\",\"valueRequired\":true,\"valueName\":\"search_term_string\"}}],\"inLanguage\":\"en-US\"},{\"@type\":\"Organization\",\"@id\":\"https:\\\/\\\/panm360.com\\\/en\\\/#organization\",\"name\":\"PAN M 360\",\"url\":\"https:\\\/\\\/panm360.com\\\/en\\\/\",\"logo\":{\"@type\":\"ImageObject\",\"inLanguage\":\"en-US\",\"@id\":\"https:\\\/\\\/panm360.com\\\/en\\\/#\\\/schema\\\/logo\\\/image\\\/\",\"url\":\"https:\\\/\\\/panm360.com\\\/wp-content\\\/uploads\\\/2019\\\/12\\\/PAN-M360_Logo_RGB.jpg\",\"contentUrl\":\"https:\\\/\\\/panm360.com\\\/wp-content\\\/uploads\\\/2019\\\/12\\\/PAN-M360_Logo_RGB.jpg\",\"width\":1663,\"height\":631,\"caption\":\"PAN M 360\"},\"image\":{\"@id\":\"https:\\\/\\\/panm360.com\\\/en\\\/#\\\/schema\\\/logo\\\/image\\\/\"},\"sameAs\":[\"https:\\\/\\\/www.facebook.com\\\/panm360\\\/\",\"https:\\\/\\\/x.com\\\/PANM360\",\"https:\\\/\\\/www.instagram.com\\\/panm360\\\/\",\"https:\\\/\\\/www.linkedin.com\\\/company\\\/panm360\\\/\",\"https:\\\/\\\/www.youtube.com\\\/channel\\\/UCHEFHd3UhIrV6EJ3ltzVKOA?view_as=subscriber\"]}]}<\/script>\n<!-- \/ Yoast SEO plugin. -->","yoast_head_json":{"title":"Guillaume Villeneuve and Quatuor Cobalt's Reflets du temps - PAN M 360","robots":{"index":"index","follow":"follow","max-snippet":"max-snippet:-1","max-image-preview":"max-image-preview:large","max-video-preview":"max-video-preview:-1"},"canonical":"https:\/\/panm360.com\/en\/interviews-panm360\/guillaume-villeneuve-et-les-reflets-du-temps-du-quatuor-cobalt\/","og_locale":"en_US","og_type":"article","og_title":"Guillaume Villeneuve and Quatuor Cobalt's Reflets du temps - PAN M 360","og_description":"After 7 years on the Quebec music scene, Quatuor Cobalt announces the release of its debut album, Reflets du temps. Comprising Guillaume Villeneuve and Diana Bayard (violins), Cl\u00e9ment Bufferne (viola) and Fran\u00e7ois Leclerc (cello), the Universit\u00e9 de Montr\u00e9al-trained quartet was taught by Annick Roussin, Yegor Dyachkov, Guillaume Sutre, Laura Andriani and the Quatuor Debussy. In [&hellip;]","og_url":"https:\/\/panm360.com\/en\/interviews-panm360\/guillaume-villeneuve-et-les-reflets-du-temps-du-quatuor-cobalt\/","og_site_name":"PAN M 360","article_publisher":"https:\/\/www.facebook.com\/panm360\/","og_image":[{"width":600,"height":600,"url":"https:\/\/panm360.com\/wp-content\/uploads\/2024\/11\/Hres_quatuor_cobalt_\u00a9Annie_Ethier_151A2109-2_2023-2.jpg","type":"image\/jpeg"}],"twitter_card":"summary_large_image","twitter_site":"@PANM360","twitter_misc":{"Est. reading time":"1 minute"},"schema":{"@context":"https:\/\/schema.org","@graph":[{"@type":"WebPage","@id":"https:\/\/panm360.com\/en\/interviews-panm360\/guillaume-villeneuve-et-les-reflets-du-temps-du-quatuor-cobalt\/","url":"https:\/\/panm360.com\/en\/interviews-panm360\/guillaume-villeneuve-et-les-reflets-du-temps-du-quatuor-cobalt\/","name":"Guillaume Villeneuve and Quatuor Cobalt's Reflets du temps - PAN M 360","isPartOf":{"@id":"https:\/\/panm360.com\/en\/#website"},"primaryImageOfPage":{"@id":"https:\/\/panm360.com\/en\/interviews-panm360\/guillaume-villeneuve-et-les-reflets-du-temps-du-quatuor-cobalt\/#primaryimage"},"image":{"@id":"https:\/\/panm360.com\/en\/interviews-panm360\/guillaume-villeneuve-et-les-reflets-du-temps-du-quatuor-cobalt\/#primaryimage"},"thumbnailUrl":"https:\/\/panm360.com\/wp-content\/uploads\/2024\/11\/Hres_quatuor_cobalt_\u00a9Annie_Ethier_151A2109-2_2023-2.jpg","datePublished":"2024-11-30T21:15:00+00:00","breadcrumb":{"@id":"https:\/\/panm360.com\/en\/interviews-panm360\/guillaume-villeneuve-et-les-reflets-du-temps-du-quatuor-cobalt\/#breadcrumb"},"inLanguage":"en-US","potentialAction":[{"@type":"ReadAction","target":["https:\/\/panm360.com\/en\/interviews-panm360\/guillaume-villeneuve-et-les-reflets-du-temps-du-quatuor-cobalt\/"]}]},{"@type":"ImageObject","inLanguage":"en-US","@id":"https:\/\/panm360.com\/en\/interviews-panm360\/guillaume-villeneuve-et-les-reflets-du-temps-du-quatuor-cobalt\/#primaryimage","url":"https:\/\/panm360.com\/wp-content\/uploads\/2024\/11\/Hres_quatuor_cobalt_\u00a9Annie_Ethier_151A2109-2_2023-2.jpg","contentUrl":"https:\/\/panm360.com\/wp-content\/uploads\/2024\/11\/Hres_quatuor_cobalt_\u00a9Annie_Ethier_151A2109-2_2023-2.jpg","width":600,"height":600},{"@type":"BreadcrumbList","@id":"https:\/\/panm360.com\/en\/interviews-panm360\/guillaume-villeneuve-et-les-reflets-du-temps-du-quatuor-cobalt\/#breadcrumb","itemListElement":[{"@type":"ListItem","position":1,"name":"Accueil","item":"https:\/\/panm360.com\/en\/"},{"@type":"ListItem","position":2,"name":"Interviews","item":"https:\/\/panm360.com\/en\/interviews-panm360\/"},{"@type":"ListItem","position":3,"name":"Guillaume Villeneuve and Quatuor Cobalt&#8217;s Reflets du temps"}]},{"@type":"WebSite","@id":"https:\/\/panm360.com\/en\/#website","url":"https:\/\/panm360.com\/en\/","name":"PAN M 360","description":"Le m\u00e9dia num\u00e9rique de la musique !","publisher":{"@id":"https:\/\/panm360.com\/en\/#organization"},"potentialAction":[{"@type":"SearchAction","target":{"@type":"EntryPoint","urlTemplate":"https:\/\/panm360.com\/en\/?s={search_term_string}"},"query-input":{"@type":"PropertyValueSpecification","valueRequired":true,"valueName":"search_term_string"}}],"inLanguage":"en-US"},{"@type":"Organization","@id":"https:\/\/panm360.com\/en\/#organization","name":"PAN M 360","url":"https:\/\/panm360.com\/en\/","logo":{"@type":"ImageObject","inLanguage":"en-US","@id":"https:\/\/panm360.com\/en\/#\/schema\/logo\/image\/","url":"https:\/\/panm360.com\/wp-content\/uploads\/2019\/12\/PAN-M360_Logo_RGB.jpg","contentUrl":"https:\/\/panm360.com\/wp-content\/uploads\/2019\/12\/PAN-M360_Logo_RGB.jpg","width":1663,"height":631,"caption":"PAN M 360"},"image":{"@id":"https:\/\/panm360.com\/en\/#\/schema\/logo\/image\/"},"sameAs":["https:\/\/www.facebook.com\/panm360\/","https:\/\/x.com\/PANM360","https:\/\/www.instagram.com\/panm360\/","https:\/\/www.linkedin.com\/company\/panm360\/","https:\/\/www.youtube.com\/channel\/UCHEFHd3UhIrV6EJ3ltzVKOA?view_as=subscriber"]}]}},"_links":{"self":[{"href":"https:\/\/panm360.com\/en\/wp-json\/wp\/v2\/interviews\/128780","targetHints":{"allow":["GET"]}}],"collection":[{"href":"https:\/\/panm360.com\/en\/wp-json\/wp\/v2\/interviews"}],"about":[{"href":"https:\/\/panm360.com\/en\/wp-json\/wp\/v2\/types\/interviews"}],"author":[{"embeddable":true,"href":"https:\/\/panm360.com\/en\/wp-json\/wp\/v2\/users\/1466"}],"wp:featuredmedia":[{"embeddable":true,"href":"https:\/\/panm360.com\/en\/wp-json\/wp\/v2\/media\/128771"}],"wp:attachment":[{"href":"https:\/\/panm360.com\/en\/wp-json\/wp\/v2\/media?parent=128780"}],"wp:term":[{"taxonomy":"category","embeddable":true,"href":"https:\/\/panm360.com\/en\/wp-json\/wp\/v2\/categories?post=128780"},{"taxonomy":"post_tag","embeddable":true,"href":"https:\/\/panm360.com\/en\/wp-json\/wp\/v2\/tags?post=128780"},{"taxonomy":"genre","embeddable":true,"href":"https:\/\/panm360.com\/en\/wp-json\/wp\/v2\/genre?post=128780"}],"curies":[{"name":"wp","href":"https:\/\/api.w.org\/{rel}","templated":true}]}}