{"id":127508,"date":"2024-10-18T13:10:44","date_gmt":"2024-10-18T17:10:44","guid":{"rendered":"https:\/\/panm360.com\/interviews-panm360\/malasartes-concerts-dautomne-a-la-sala-rossa\/"},"modified":"2024-10-19T23:48:45","modified_gmt":"2024-10-20T03:48:45","slug":"malasartes-concerts-dautomne-a-la-sala-rossa","status":"publish","type":"interviews","link":"https:\/\/panm360.com\/en\/interviews-panm360\/malasartes-concerts-dautomne-a-la-sala-rossa\/","title":{"rendered":"Malasartes, Autumn Concerts at the Sala Rossa"},"content":{"rendered":"\n<p class=\"wp-block-paragraph\" style=\"font-size:24px\"><strong><br><a href=\"https:\/\/www.malasartes.org\/\">Malasartes<\/a>, a music production and distribution company, presents its Autumn Concert series on November 1, 2, 7 and 8 at Sala Rossa, featuring Cord\u00e2me, Omp\u00e9, Noubi, Duma\u00ef Duna\u00ef, Kleyn Kabaret, Damian Nisenson\/Siestas , Amichai Ben Shalev, Gran Milonga Gran and more. Although Malasartes has been around for almost two decades, its under-mediatization requires us to update our knowledge of this highly dynamic community of musicians from diverse backgrounds, from native Quebec to Argentina, Eastern Europe and West Africa. Damian Nisenson, saxophonist, singer, multi-instrumentalist, progressive activist and founder of Malasartes, presents this selection of autumn concerts and sums up his own trajectory, from Buenos Aires to Fribourg to Buenos Aires to Montreal. Alain Brunet met him for PAN M 360.<\/strong><\/p>\n\n\n\n<p class=\"wp-block-paragraph\"><\/p>\n\n\n\n<p class=\"wp-block-paragraph\">Photo Credit: Denis Martin<\/p>\n\n\n\n<p class=\"wp-block-paragraph\"><\/p>\n\n\n\n<p class=\"wp-block-paragraph\" style=\"font-size:30px\"><a href=\"https:\/\/www.casadelpopolo.com\/fr\/events\/la-sala-rossa\"><strong>INFOS AND TICKETS HERE<\/strong><\/a><\/p>\n\n\n\n<p class=\"wp-block-paragraph\"><\/p>\n\n\n\n<p class=\"wp-block-paragraph\"><\/p>\n\n\n\n<figure class=\"wp-block-embed is-type-video is-provider-youtube wp-block-embed-youtube wp-embed-aspect-16-9 wp-has-aspect-ratio\"><div class=\"wp-block-embed__wrapper\">\n<iframe loading=\"lazy\" title=\"Malasartes |  Concerts d&#039;automne \u00e0 la Sala Rossa\" width=\"500\" height=\"281\" src=\"https:\/\/www.youtube.com\/embed\/RhA1qMbF2OE?feature=oembed\" frameborder=\"0\" allow=\"accelerometer; autoplay; clipboard-write; encrypted-media; gyroscope; picture-in-picture; web-share\" referrerpolicy=\"strict-origin-when-cross-origin\" allowfullscreen><\/iframe>\n<\/div><\/figure>\n\n\n    <div class=\"panm-ads-wrapper alignfull\"><span class=\"panm-ads-copy\">Publicit\u00e9 panam<\/span><div class=\"panm-ads-render\" data-ads-id=\"\"><\/div><\/div>\n\n\n    <div class=\"panm-ads-wrapper alignfull\"><span class=\"panm-ads-copy\">Publicit\u00e9 panam<\/span><div class=\"panm-ads-render\" data-ads-id=\"\"><\/div><\/div>\n\n\n    <div class=\"panm-ads-wrapper alignfull\"><span class=\"panm-ads-copy\">Publicit\u00e9 panam<\/span><div class=\"panm-ads-render\" data-ads-id=\"127108\"><\/div><\/div>\n\n\n\n<p class=\"wp-block-paragraph\"><\/p>\n\n\n\n<p class=\"wp-block-paragraph\"><\/p>\n\n\n\n<p class=\"wp-block-paragraph\"><\/p>\n\n\n\n<p class=\"wp-block-paragraph\"><\/p>\n\n\n\n<p class=\"wp-block-paragraph\"><\/p>\n\n\n\n<p class=\"wp-block-paragraph\"><\/p>\n\n\n\n<p class=\"wp-block-paragraph\"><\/p>\n\n\n\n<p class=\"wp-block-paragraph\"><\/p>\n","protected":false},"excerpt":{"rendered":"<p>Malasartes, a music production and distribution company, presents its Autumn Concert series on November 1, 2, 7 and 8 at Sala Rossa, featuring Cord\u00e2me, Omp\u00e9, Noubi, Duma\u00ef Duna\u00ef, Kleyn Kabaret, Damian Nisenson\/Siestas , Amichai Ben Shalev, Gran Milonga Gran and more. Although Malasartes has been around for almost two decades, its under-mediatization requires us to [&hellip;]<\/p>\n","protected":false},"author":36,"featured_media":127457,"menu_order":0,"template":"","format":"standard","meta":{"_acf_changed":false,"_crdt_document":""},"categories":[4628],"tags":[],"genre":[4272,4176,4152,8058,4535,3255],"class_list":["post-127508","interviews","type-interviews","status-publish","format-standard","has-post-thumbnail","hentry","category-interviews-en","genre-african","genre-contemporary-jazz","genre-eastern-european-en","genre-experimental-contemporain-en","genre-latino-en-2","genre-post-punk-2"],"acf":[],"yoast_head":"<!-- This site is optimized with the Yoast SEO plugin v27.4 - https:\/\/yoast.com\/product\/yoast-seo-wordpress\/ -->\n<title>Malasartes, Autumn Concerts at the Sala Rossa - PAN M 360<\/title>\n<meta name=\"robots\" content=\"index, follow, max-snippet:-1, max-image-preview:large, max-video-preview:-1\" \/>\n<link rel=\"canonical\" href=\"https:\/\/panm360.com\/en\/interviews-panm360\/malasartes-concerts-dautomne-a-la-sala-rossa\/\" \/>\n<meta property=\"og:locale\" content=\"en_US\" \/>\n<meta property=\"og:type\" content=\"article\" \/>\n<meta property=\"og:title\" content=\"Malasartes, Autumn Concerts at the Sala Rossa - PAN M 360\" \/>\n<meta property=\"og:description\" content=\"Malasartes, a music production and distribution company, presents its Autumn Concert series on November 1, 2, 7 and 8 at Sala Rossa, featuring Cord\u00e2me, Omp\u00e9, Noubi, Duma\u00ef Duna\u00ef, Kleyn Kabaret, Damian Nisenson\/Siestas , Amichai Ben Shalev, Gran Milonga Gran and more. Although Malasartes has been around for almost two decades, its under-mediatization requires us to [&hellip;]\" \/>\n<meta property=\"og:url\" content=\"https:\/\/panm360.com\/en\/interviews-panm360\/malasartes-concerts-dautomne-a-la-sala-rossa\/\" \/>\n<meta property=\"og:site_name\" content=\"PAN M 360\" \/>\n<meta property=\"article:publisher\" content=\"https:\/\/www.facebook.com\/panm360\/\" \/>\n<meta property=\"article:modified_time\" content=\"2024-10-20T03:48:45+00:00\" \/>\n<meta property=\"og:image\" content=\"https:\/\/panm360.com\/wp-content\/uploads\/2024\/10\/Damian-Nisenson-.jpg\" \/>\n\t<meta property=\"og:image:width\" content=\"775\" \/>\n\t<meta property=\"og:image:height\" content=\"754\" \/>\n\t<meta property=\"og:image:type\" content=\"image\/jpeg\" \/>\n<meta name=\"twitter:card\" content=\"summary_large_image\" \/>\n<meta name=\"twitter:site\" content=\"@PANM360\" \/>\n<meta name=\"twitter:label1\" content=\"Est. reading time\" \/>\n\t<meta name=\"twitter:data1\" content=\"1 minute\" \/>\n<script type=\"application\/ld+json\" class=\"yoast-schema-graph\">{\"@context\":\"https:\\\/\\\/schema.org\",\"@graph\":[{\"@type\":\"WebPage\",\"@id\":\"https:\\\/\\\/panm360.com\\\/en\\\/interviews-panm360\\\/malasartes-concerts-dautomne-a-la-sala-rossa\\\/\",\"url\":\"https:\\\/\\\/panm360.com\\\/en\\\/interviews-panm360\\\/malasartes-concerts-dautomne-a-la-sala-rossa\\\/\",\"name\":\"Malasartes, Autumn Concerts at the Sala Rossa - PAN M 360\",\"isPartOf\":{\"@id\":\"https:\\\/\\\/panm360.com\\\/en\\\/#website\"},\"primaryImageOfPage\":{\"@id\":\"https:\\\/\\\/panm360.com\\\/en\\\/interviews-panm360\\\/malasartes-concerts-dautomne-a-la-sala-rossa\\\/#primaryimage\"},\"image\":{\"@id\":\"https:\\\/\\\/panm360.com\\\/en\\\/interviews-panm360\\\/malasartes-concerts-dautomne-a-la-sala-rossa\\\/#primaryimage\"},\"thumbnailUrl\":\"https:\\\/\\\/panm360.com\\\/wp-content\\\/uploads\\\/2024\\\/10\\\/Damian-Nisenson-.jpg\",\"datePublished\":\"2024-10-18T17:10:44+00:00\",\"dateModified\":\"2024-10-20T03:48:45+00:00\",\"breadcrumb\":{\"@id\":\"https:\\\/\\\/panm360.com\\\/en\\\/interviews-panm360\\\/malasartes-concerts-dautomne-a-la-sala-rossa\\\/#breadcrumb\"},\"inLanguage\":\"en-US\",\"potentialAction\":[{\"@type\":\"ReadAction\",\"target\":[\"https:\\\/\\\/panm360.com\\\/en\\\/interviews-panm360\\\/malasartes-concerts-dautomne-a-la-sala-rossa\\\/\"]}]},{\"@type\":\"ImageObject\",\"inLanguage\":\"en-US\",\"@id\":\"https:\\\/\\\/panm360.com\\\/en\\\/interviews-panm360\\\/malasartes-concerts-dautomne-a-la-sala-rossa\\\/#primaryimage\",\"url\":\"https:\\\/\\\/panm360.com\\\/wp-content\\\/uploads\\\/2024\\\/10\\\/Damian-Nisenson-.jpg\",\"contentUrl\":\"https:\\\/\\\/panm360.com\\\/wp-content\\\/uploads\\\/2024\\\/10\\\/Damian-Nisenson-.jpg\",\"width\":775,\"height\":754},{\"@type\":\"BreadcrumbList\",\"@id\":\"https:\\\/\\\/panm360.com\\\/en\\\/interviews-panm360\\\/malasartes-concerts-dautomne-a-la-sala-rossa\\\/#breadcrumb\",\"itemListElement\":[{\"@type\":\"ListItem\",\"position\":1,\"name\":\"Accueil\",\"item\":\"https:\\\/\\\/panm360.com\\\/en\\\/\"},{\"@type\":\"ListItem\",\"position\":2,\"name\":\"Interviews\",\"item\":\"https:\\\/\\\/panm360.com\\\/en\\\/interviews-panm360\\\/\"},{\"@type\":\"ListItem\",\"position\":3,\"name\":\"Malasartes, Autumn Concerts at the Sala Rossa\"}]},{\"@type\":\"WebSite\",\"@id\":\"https:\\\/\\\/panm360.com\\\/en\\\/#website\",\"url\":\"https:\\\/\\\/panm360.com\\\/en\\\/\",\"name\":\"PAN M 360\",\"description\":\"Le m\u00e9dia num\u00e9rique de la musique !\",\"publisher\":{\"@id\":\"https:\\\/\\\/panm360.com\\\/en\\\/#organization\"},\"potentialAction\":[{\"@type\":\"SearchAction\",\"target\":{\"@type\":\"EntryPoint\",\"urlTemplate\":\"https:\\\/\\\/panm360.com\\\/en\\\/?s={search_term_string}\"},\"query-input\":{\"@type\":\"PropertyValueSpecification\",\"valueRequired\":true,\"valueName\":\"search_term_string\"}}],\"inLanguage\":\"en-US\"},{\"@type\":\"Organization\",\"@id\":\"https:\\\/\\\/panm360.com\\\/en\\\/#organization\",\"name\":\"PAN M 360\",\"url\":\"https:\\\/\\\/panm360.com\\\/en\\\/\",\"logo\":{\"@type\":\"ImageObject\",\"inLanguage\":\"en-US\",\"@id\":\"https:\\\/\\\/panm360.com\\\/en\\\/#\\\/schema\\\/logo\\\/image\\\/\",\"url\":\"https:\\\/\\\/panm360.com\\\/wp-content\\\/uploads\\\/2019\\\/12\\\/PAN-M360_Logo_RGB.jpg\",\"contentUrl\":\"https:\\\/\\\/panm360.com\\\/wp-content\\\/uploads\\\/2019\\\/12\\\/PAN-M360_Logo_RGB.jpg\",\"width\":1663,\"height\":631,\"caption\":\"PAN M 360\"},\"image\":{\"@id\":\"https:\\\/\\\/panm360.com\\\/en\\\/#\\\/schema\\\/logo\\\/image\\\/\"},\"sameAs\":[\"https:\\\/\\\/www.facebook.com\\\/panm360\\\/\",\"https:\\\/\\\/x.com\\\/PANM360\",\"https:\\\/\\\/www.instagram.com\\\/panm360\\\/\",\"https:\\\/\\\/www.linkedin.com\\\/company\\\/panm360\\\/\",\"https:\\\/\\\/www.youtube.com\\\/channel\\\/UCHEFHd3UhIrV6EJ3ltzVKOA?view_as=subscriber\"]}]}<\/script>\n<!-- \/ Yoast SEO plugin. -->","yoast_head_json":{"title":"Malasartes, Autumn Concerts at the Sala Rossa - PAN M 360","robots":{"index":"index","follow":"follow","max-snippet":"max-snippet:-1","max-image-preview":"max-image-preview:large","max-video-preview":"max-video-preview:-1"},"canonical":"https:\/\/panm360.com\/en\/interviews-panm360\/malasartes-concerts-dautomne-a-la-sala-rossa\/","og_locale":"en_US","og_type":"article","og_title":"Malasartes, Autumn Concerts at the Sala Rossa - PAN M 360","og_description":"Malasartes, a music production and distribution company, presents its Autumn Concert series on November 1, 2, 7 and 8 at Sala Rossa, featuring Cord\u00e2me, Omp\u00e9, Noubi, Duma\u00ef Duna\u00ef, Kleyn Kabaret, Damian Nisenson\/Siestas , Amichai Ben Shalev, Gran Milonga Gran and more. Although Malasartes has been around for almost two decades, its under-mediatization requires us to [&hellip;]","og_url":"https:\/\/panm360.com\/en\/interviews-panm360\/malasartes-concerts-dautomne-a-la-sala-rossa\/","og_site_name":"PAN M 360","article_publisher":"https:\/\/www.facebook.com\/panm360\/","article_modified_time":"2024-10-20T03:48:45+00:00","og_image":[{"width":775,"height":754,"url":"https:\/\/panm360.com\/wp-content\/uploads\/2024\/10\/Damian-Nisenson-.jpg","type":"image\/jpeg"}],"twitter_card":"summary_large_image","twitter_site":"@PANM360","twitter_misc":{"Est. reading time":"1 minute"},"schema":{"@context":"https:\/\/schema.org","@graph":[{"@type":"WebPage","@id":"https:\/\/panm360.com\/en\/interviews-panm360\/malasartes-concerts-dautomne-a-la-sala-rossa\/","url":"https:\/\/panm360.com\/en\/interviews-panm360\/malasartes-concerts-dautomne-a-la-sala-rossa\/","name":"Malasartes, Autumn Concerts at the Sala Rossa - PAN M 360","isPartOf":{"@id":"https:\/\/panm360.com\/en\/#website"},"primaryImageOfPage":{"@id":"https:\/\/panm360.com\/en\/interviews-panm360\/malasartes-concerts-dautomne-a-la-sala-rossa\/#primaryimage"},"image":{"@id":"https:\/\/panm360.com\/en\/interviews-panm360\/malasartes-concerts-dautomne-a-la-sala-rossa\/#primaryimage"},"thumbnailUrl":"https:\/\/panm360.com\/wp-content\/uploads\/2024\/10\/Damian-Nisenson-.jpg","datePublished":"2024-10-18T17:10:44+00:00","dateModified":"2024-10-20T03:48:45+00:00","breadcrumb":{"@id":"https:\/\/panm360.com\/en\/interviews-panm360\/malasartes-concerts-dautomne-a-la-sala-rossa\/#breadcrumb"},"inLanguage":"en-US","potentialAction":[{"@type":"ReadAction","target":["https:\/\/panm360.com\/en\/interviews-panm360\/malasartes-concerts-dautomne-a-la-sala-rossa\/"]}]},{"@type":"ImageObject","inLanguage":"en-US","@id":"https:\/\/panm360.com\/en\/interviews-panm360\/malasartes-concerts-dautomne-a-la-sala-rossa\/#primaryimage","url":"https:\/\/panm360.com\/wp-content\/uploads\/2024\/10\/Damian-Nisenson-.jpg","contentUrl":"https:\/\/panm360.com\/wp-content\/uploads\/2024\/10\/Damian-Nisenson-.jpg","width":775,"height":754},{"@type":"BreadcrumbList","@id":"https:\/\/panm360.com\/en\/interviews-panm360\/malasartes-concerts-dautomne-a-la-sala-rossa\/#breadcrumb","itemListElement":[{"@type":"ListItem","position":1,"name":"Accueil","item":"https:\/\/panm360.com\/en\/"},{"@type":"ListItem","position":2,"name":"Interviews","item":"https:\/\/panm360.com\/en\/interviews-panm360\/"},{"@type":"ListItem","position":3,"name":"Malasartes, Autumn Concerts at the Sala Rossa"}]},{"@type":"WebSite","@id":"https:\/\/panm360.com\/en\/#website","url":"https:\/\/panm360.com\/en\/","name":"PAN M 360","description":"Le m\u00e9dia num\u00e9rique de la musique !","publisher":{"@id":"https:\/\/panm360.com\/en\/#organization"},"potentialAction":[{"@type":"SearchAction","target":{"@type":"EntryPoint","urlTemplate":"https:\/\/panm360.com\/en\/?s={search_term_string}"},"query-input":{"@type":"PropertyValueSpecification","valueRequired":true,"valueName":"search_term_string"}}],"inLanguage":"en-US"},{"@type":"Organization","@id":"https:\/\/panm360.com\/en\/#organization","name":"PAN M 360","url":"https:\/\/panm360.com\/en\/","logo":{"@type":"ImageObject","inLanguage":"en-US","@id":"https:\/\/panm360.com\/en\/#\/schema\/logo\/image\/","url":"https:\/\/panm360.com\/wp-content\/uploads\/2019\/12\/PAN-M360_Logo_RGB.jpg","contentUrl":"https:\/\/panm360.com\/wp-content\/uploads\/2019\/12\/PAN-M360_Logo_RGB.jpg","width":1663,"height":631,"caption":"PAN M 360"},"image":{"@id":"https:\/\/panm360.com\/en\/#\/schema\/logo\/image\/"},"sameAs":["https:\/\/www.facebook.com\/panm360\/","https:\/\/x.com\/PANM360","https:\/\/www.instagram.com\/panm360\/","https:\/\/www.linkedin.com\/company\/panm360\/","https:\/\/www.youtube.com\/channel\/UCHEFHd3UhIrV6EJ3ltzVKOA?view_as=subscriber"]}]}},"_links":{"self":[{"href":"https:\/\/panm360.com\/en\/wp-json\/wp\/v2\/interviews\/127508","targetHints":{"allow":["GET"]}}],"collection":[{"href":"https:\/\/panm360.com\/en\/wp-json\/wp\/v2\/interviews"}],"about":[{"href":"https:\/\/panm360.com\/en\/wp-json\/wp\/v2\/types\/interviews"}],"author":[{"embeddable":true,"href":"https:\/\/panm360.com\/en\/wp-json\/wp\/v2\/users\/36"}],"wp:featuredmedia":[{"embeddable":true,"href":"https:\/\/panm360.com\/en\/wp-json\/wp\/v2\/media\/127457"}],"wp:attachment":[{"href":"https:\/\/panm360.com\/en\/wp-json\/wp\/v2\/media?parent=127508"}],"wp:term":[{"taxonomy":"category","embeddable":true,"href":"https:\/\/panm360.com\/en\/wp-json\/wp\/v2\/categories?post=127508"},{"taxonomy":"post_tag","embeddable":true,"href":"https:\/\/panm360.com\/en\/wp-json\/wp\/v2\/tags?post=127508"},{"taxonomy":"genre","embeddable":true,"href":"https:\/\/panm360.com\/en\/wp-json\/wp\/v2\/genre?post=127508"}],"curies":[{"name":"wp","href":"https:\/\/api.w.org\/{rel}","templated":true}]}}