{"id":126111,"date":"2024-09-25T15:03:06","date_gmt":"2024-09-25T19:03:06","guid":{"rendered":"https:\/\/panm360.com\/interviews-panm360\/une-3eme-edition-du-festival-des-saveurs-interculturelles-haute-en-couleurs\/"},"modified":"2024-09-25T16:46:12","modified_gmt":"2024-09-25T20:46:12","slug":"une-3eme-edition-du-festival-des-saveurs-interculturelles-haute-en-couleurs","status":"publish","type":"interviews","link":"https:\/\/panm360.com\/en\/interviews-panm360\/une-3eme-edition-du-festival-des-saveurs-interculturelles-haute-en-couleurs\/","title":{"rendered":"A Colorful Third Edition of the Festival des saveurs interculturelles"},"content":{"rendered":"\n<p class=\"wp-block-paragraph\" style=\"font-size:20px\"><strong>An immersion in local art and the living heritage of the Saint-Michel district. That&#8217;s how the director of <em>A port\u00e9e de mains<\/em>, Alban Mar\u00e9chal, describes the festival, now in its third year, which runs from September 26 to 28. On the menu: shows, entertainment, kiosks, and even a radio show hosted by our colleague Keithy Antoine.<\/strong><\/p>\n\n\n\n<p class=\"wp-block-paragraph\" style=\"font-size:20px\"><strong>And it is all free of charge.<\/strong><\/p>\n\n\n\n<p class=\"wp-block-paragraph\" style=\"font-size:20px\">FOR MORE INFORMATION: <a href=\"https:\/\/www.aporteedemainsmtl.com\/projets\/fds\">FESTIVAL DES SAVEURS | apdm <\/a><\/p>\n\n\n\n<figure class=\"wp-block-embed is-type-video is-provider-youtube wp-block-embed-youtube wp-embed-aspect-16-9 wp-has-aspect-ratio\"><div class=\"wp-block-embed__wrapper\">\n<iframe loading=\"lazy\" title=\"Le Festival des saveurs interculturelles de Saint-Michel est \u00e0 sa 3\u00e8 \u00e9dition\" width=\"500\" height=\"281\" src=\"https:\/\/www.youtube.com\/embed\/dMnGyb8cbZE?feature=oembed\" frameborder=\"0\" allow=\"accelerometer; autoplay; clipboard-write; encrypted-media; gyroscope; picture-in-picture; web-share\" referrerpolicy=\"strict-origin-when-cross-origin\" allowfullscreen><\/iframe>\n<\/div><\/figure>\n\n\n\n<figure class=\"wp-block-embed is-type-video is-provider-youtube wp-block-embed-youtube wp-embed-aspect-16-9 wp-has-aspect-ratio\"><div class=\"wp-block-embed__wrapper\">\n<iframe loading=\"lazy\" title=\"FDS3 - TEASER\" width=\"500\" height=\"281\" src=\"https:\/\/www.youtube.com\/embed\/f35P-ehrgvY?feature=oembed\" frameborder=\"0\" allow=\"accelerometer; autoplay; clipboard-write; encrypted-media; gyroscope; picture-in-picture; web-share\" referrerpolicy=\"strict-origin-when-cross-origin\" allowfullscreen><\/iframe>\n<\/div><\/figure>\n","protected":false},"excerpt":{"rendered":"<p>An immersion in local art and the living heritage of the Saint-Michel district. That&#8217;s how the director of A port\u00e9e de mains, Alban Mar\u00e9chal, describes the festival, now in its third year, which runs from September 26 to 28. On the menu: shows, entertainment, kiosks, and even a radio show hosted by our colleague Keithy [&hellip;]<\/p>\n","protected":false},"author":1468,"featured_media":126110,"menu_order":0,"template":"","format":"standard","meta":{"_acf_changed":false,"_crdt_document":""},"categories":[4628],"tags":[],"genre":[],"class_list":["post-126111","interviews","type-interviews","status-publish","format-standard","has-post-thumbnail","hentry","category-interviews-en"],"acf":[],"yoast_head":"<!-- This site is optimized with the Yoast SEO plugin v27.5 - https:\/\/yoast.com\/product\/yoast-seo-wordpress\/ -->\n<title>A Colorful Third Edition of the Festival des saveurs interculturelles - PAN M 360<\/title>\n<meta name=\"robots\" content=\"index, follow, max-snippet:-1, max-image-preview:large, max-video-preview:-1\" \/>\n<link rel=\"canonical\" href=\"https:\/\/panm360.com\/en\/interviews-panm360\/une-3eme-edition-du-festival-des-saveurs-interculturelles-haute-en-couleurs\/\" \/>\n<meta property=\"og:locale\" content=\"en_US\" \/>\n<meta property=\"og:type\" content=\"article\" \/>\n<meta property=\"og:title\" content=\"A Colorful Third Edition of the Festival des saveurs interculturelles - PAN M 360\" \/>\n<meta property=\"og:description\" content=\"An immersion in local art and the living heritage of the Saint-Michel district. That&#8217;s how the director of A port\u00e9e de mains, Alban Mar\u00e9chal, describes the festival, now in its third year, which runs from September 26 to 28. On the menu: shows, entertainment, kiosks, and even a radio show hosted by our colleague Keithy [&hellip;]\" \/>\n<meta property=\"og:url\" content=\"https:\/\/panm360.com\/en\/interviews-panm360\/une-3eme-edition-du-festival-des-saveurs-interculturelles-haute-en-couleurs\/\" \/>\n<meta property=\"og:site_name\" content=\"PAN M 360\" \/>\n<meta property=\"article:publisher\" content=\"https:\/\/www.facebook.com\/panm360\/\" \/>\n<meta property=\"article:modified_time\" content=\"2024-09-25T20:46:12+00:00\" \/>\n<meta property=\"og:image\" content=\"https:\/\/panm360.com\/wp-content\/uploads\/2024\/09\/alban.webp\" \/>\n\t<meta property=\"og:image:width\" content=\"431\" \/>\n\t<meta property=\"og:image:height\" content=\"431\" \/>\n\t<meta property=\"og:image:type\" content=\"image\/webp\" \/>\n<meta name=\"twitter:card\" content=\"summary_large_image\" \/>\n<meta name=\"twitter:site\" content=\"@PANM360\" \/>\n<script type=\"application\/ld+json\" class=\"yoast-schema-graph\">{\"@context\":\"https:\\\/\\\/schema.org\",\"@graph\":[{\"@type\":\"WebPage\",\"@id\":\"https:\\\/\\\/panm360.com\\\/en\\\/interviews-panm360\\\/une-3eme-edition-du-festival-des-saveurs-interculturelles-haute-en-couleurs\\\/\",\"url\":\"https:\\\/\\\/panm360.com\\\/en\\\/interviews-panm360\\\/une-3eme-edition-du-festival-des-saveurs-interculturelles-haute-en-couleurs\\\/\",\"name\":\"A Colorful Third Edition of the Festival des saveurs interculturelles - PAN M 360\",\"isPartOf\":{\"@id\":\"https:\\\/\\\/panm360.com\\\/en\\\/#website\"},\"primaryImageOfPage\":{\"@id\":\"https:\\\/\\\/panm360.com\\\/en\\\/interviews-panm360\\\/une-3eme-edition-du-festival-des-saveurs-interculturelles-haute-en-couleurs\\\/#primaryimage\"},\"image\":{\"@id\":\"https:\\\/\\\/panm360.com\\\/en\\\/interviews-panm360\\\/une-3eme-edition-du-festival-des-saveurs-interculturelles-haute-en-couleurs\\\/#primaryimage\"},\"thumbnailUrl\":\"https:\\\/\\\/panm360.com\\\/wp-content\\\/uploads\\\/2024\\\/09\\\/alban.webp\",\"datePublished\":\"2024-09-25T19:03:06+00:00\",\"dateModified\":\"2024-09-25T20:46:12+00:00\",\"breadcrumb\":{\"@id\":\"https:\\\/\\\/panm360.com\\\/en\\\/interviews-panm360\\\/une-3eme-edition-du-festival-des-saveurs-interculturelles-haute-en-couleurs\\\/#breadcrumb\"},\"inLanguage\":\"en-US\",\"potentialAction\":[{\"@type\":\"ReadAction\",\"target\":[\"https:\\\/\\\/panm360.com\\\/en\\\/interviews-panm360\\\/une-3eme-edition-du-festival-des-saveurs-interculturelles-haute-en-couleurs\\\/\"]}]},{\"@type\":\"ImageObject\",\"inLanguage\":\"en-US\",\"@id\":\"https:\\\/\\\/panm360.com\\\/en\\\/interviews-panm360\\\/une-3eme-edition-du-festival-des-saveurs-interculturelles-haute-en-couleurs\\\/#primaryimage\",\"url\":\"https:\\\/\\\/panm360.com\\\/wp-content\\\/uploads\\\/2024\\\/09\\\/alban.webp\",\"contentUrl\":\"https:\\\/\\\/panm360.com\\\/wp-content\\\/uploads\\\/2024\\\/09\\\/alban.webp\",\"width\":431,\"height\":431},{\"@type\":\"BreadcrumbList\",\"@id\":\"https:\\\/\\\/panm360.com\\\/en\\\/interviews-panm360\\\/une-3eme-edition-du-festival-des-saveurs-interculturelles-haute-en-couleurs\\\/#breadcrumb\",\"itemListElement\":[{\"@type\":\"ListItem\",\"position\":1,\"name\":\"Accueil\",\"item\":\"https:\\\/\\\/panm360.com\\\/en\\\/\"},{\"@type\":\"ListItem\",\"position\":2,\"name\":\"Interviews\",\"item\":\"https:\\\/\\\/panm360.com\\\/en\\\/interviews-panm360\\\/\"},{\"@type\":\"ListItem\",\"position\":3,\"name\":\"A Colorful Third Edition of the Festival des saveurs interculturelles\"}]},{\"@type\":\"WebSite\",\"@id\":\"https:\\\/\\\/panm360.com\\\/en\\\/#website\",\"url\":\"https:\\\/\\\/panm360.com\\\/en\\\/\",\"name\":\"PAN M 360\",\"description\":\"Le m\u00e9dia num\u00e9rique de la musique !\",\"publisher\":{\"@id\":\"https:\\\/\\\/panm360.com\\\/en\\\/#organization\"},\"potentialAction\":[{\"@type\":\"SearchAction\",\"target\":{\"@type\":\"EntryPoint\",\"urlTemplate\":\"https:\\\/\\\/panm360.com\\\/en\\\/?s={search_term_string}\"},\"query-input\":{\"@type\":\"PropertyValueSpecification\",\"valueRequired\":true,\"valueName\":\"search_term_string\"}}],\"inLanguage\":\"en-US\"},{\"@type\":\"Organization\",\"@id\":\"https:\\\/\\\/panm360.com\\\/en\\\/#organization\",\"name\":\"PAN M 360\",\"url\":\"https:\\\/\\\/panm360.com\\\/en\\\/\",\"logo\":{\"@type\":\"ImageObject\",\"inLanguage\":\"en-US\",\"@id\":\"https:\\\/\\\/panm360.com\\\/en\\\/#\\\/schema\\\/logo\\\/image\\\/\",\"url\":\"https:\\\/\\\/panm360.com\\\/wp-content\\\/uploads\\\/2019\\\/12\\\/PAN-M360_Logo_RGB.jpg\",\"contentUrl\":\"https:\\\/\\\/panm360.com\\\/wp-content\\\/uploads\\\/2019\\\/12\\\/PAN-M360_Logo_RGB.jpg\",\"width\":1663,\"height\":631,\"caption\":\"PAN M 360\"},\"image\":{\"@id\":\"https:\\\/\\\/panm360.com\\\/en\\\/#\\\/schema\\\/logo\\\/image\\\/\"},\"sameAs\":[\"https:\\\/\\\/www.facebook.com\\\/panm360\\\/\",\"https:\\\/\\\/x.com\\\/PANM360\",\"https:\\\/\\\/www.instagram.com\\\/panm360\\\/\",\"https:\\\/\\\/www.linkedin.com\\\/company\\\/panm360\\\/\",\"https:\\\/\\\/www.youtube.com\\\/channel\\\/UCHEFHd3UhIrV6EJ3ltzVKOA?view_as=subscriber\"]}]}<\/script>\n<!-- \/ Yoast SEO plugin. -->","yoast_head_json":{"title":"A Colorful Third Edition of the Festival des saveurs interculturelles - PAN M 360","robots":{"index":"index","follow":"follow","max-snippet":"max-snippet:-1","max-image-preview":"max-image-preview:large","max-video-preview":"max-video-preview:-1"},"canonical":"https:\/\/panm360.com\/en\/interviews-panm360\/une-3eme-edition-du-festival-des-saveurs-interculturelles-haute-en-couleurs\/","og_locale":"en_US","og_type":"article","og_title":"A Colorful Third Edition of the Festival des saveurs interculturelles - PAN M 360","og_description":"An immersion in local art and the living heritage of the Saint-Michel district. That&#8217;s how the director of A port\u00e9e de mains, Alban Mar\u00e9chal, describes the festival, now in its third year, which runs from September 26 to 28. On the menu: shows, entertainment, kiosks, and even a radio show hosted by our colleague Keithy [&hellip;]","og_url":"https:\/\/panm360.com\/en\/interviews-panm360\/une-3eme-edition-du-festival-des-saveurs-interculturelles-haute-en-couleurs\/","og_site_name":"PAN M 360","article_publisher":"https:\/\/www.facebook.com\/panm360\/","article_modified_time":"2024-09-25T20:46:12+00:00","og_image":[{"width":431,"height":431,"url":"https:\/\/panm360.com\/wp-content\/uploads\/2024\/09\/alban.webp","type":"image\/webp"}],"twitter_card":"summary_large_image","twitter_site":"@PANM360","schema":{"@context":"https:\/\/schema.org","@graph":[{"@type":"WebPage","@id":"https:\/\/panm360.com\/en\/interviews-panm360\/une-3eme-edition-du-festival-des-saveurs-interculturelles-haute-en-couleurs\/","url":"https:\/\/panm360.com\/en\/interviews-panm360\/une-3eme-edition-du-festival-des-saveurs-interculturelles-haute-en-couleurs\/","name":"A Colorful Third Edition of the Festival des saveurs interculturelles - PAN M 360","isPartOf":{"@id":"https:\/\/panm360.com\/en\/#website"},"primaryImageOfPage":{"@id":"https:\/\/panm360.com\/en\/interviews-panm360\/une-3eme-edition-du-festival-des-saveurs-interculturelles-haute-en-couleurs\/#primaryimage"},"image":{"@id":"https:\/\/panm360.com\/en\/interviews-panm360\/une-3eme-edition-du-festival-des-saveurs-interculturelles-haute-en-couleurs\/#primaryimage"},"thumbnailUrl":"https:\/\/panm360.com\/wp-content\/uploads\/2024\/09\/alban.webp","datePublished":"2024-09-25T19:03:06+00:00","dateModified":"2024-09-25T20:46:12+00:00","breadcrumb":{"@id":"https:\/\/panm360.com\/en\/interviews-panm360\/une-3eme-edition-du-festival-des-saveurs-interculturelles-haute-en-couleurs\/#breadcrumb"},"inLanguage":"en-US","potentialAction":[{"@type":"ReadAction","target":["https:\/\/panm360.com\/en\/interviews-panm360\/une-3eme-edition-du-festival-des-saveurs-interculturelles-haute-en-couleurs\/"]}]},{"@type":"ImageObject","inLanguage":"en-US","@id":"https:\/\/panm360.com\/en\/interviews-panm360\/une-3eme-edition-du-festival-des-saveurs-interculturelles-haute-en-couleurs\/#primaryimage","url":"https:\/\/panm360.com\/wp-content\/uploads\/2024\/09\/alban.webp","contentUrl":"https:\/\/panm360.com\/wp-content\/uploads\/2024\/09\/alban.webp","width":431,"height":431},{"@type":"BreadcrumbList","@id":"https:\/\/panm360.com\/en\/interviews-panm360\/une-3eme-edition-du-festival-des-saveurs-interculturelles-haute-en-couleurs\/#breadcrumb","itemListElement":[{"@type":"ListItem","position":1,"name":"Accueil","item":"https:\/\/panm360.com\/en\/"},{"@type":"ListItem","position":2,"name":"Interviews","item":"https:\/\/panm360.com\/en\/interviews-panm360\/"},{"@type":"ListItem","position":3,"name":"A Colorful Third Edition of the Festival des saveurs interculturelles"}]},{"@type":"WebSite","@id":"https:\/\/panm360.com\/en\/#website","url":"https:\/\/panm360.com\/en\/","name":"PAN M 360","description":"Le m\u00e9dia num\u00e9rique de la musique !","publisher":{"@id":"https:\/\/panm360.com\/en\/#organization"},"potentialAction":[{"@type":"SearchAction","target":{"@type":"EntryPoint","urlTemplate":"https:\/\/panm360.com\/en\/?s={search_term_string}"},"query-input":{"@type":"PropertyValueSpecification","valueRequired":true,"valueName":"search_term_string"}}],"inLanguage":"en-US"},{"@type":"Organization","@id":"https:\/\/panm360.com\/en\/#organization","name":"PAN M 360","url":"https:\/\/panm360.com\/en\/","logo":{"@type":"ImageObject","inLanguage":"en-US","@id":"https:\/\/panm360.com\/en\/#\/schema\/logo\/image\/","url":"https:\/\/panm360.com\/wp-content\/uploads\/2019\/12\/PAN-M360_Logo_RGB.jpg","contentUrl":"https:\/\/panm360.com\/wp-content\/uploads\/2019\/12\/PAN-M360_Logo_RGB.jpg","width":1663,"height":631,"caption":"PAN M 360"},"image":{"@id":"https:\/\/panm360.com\/en\/#\/schema\/logo\/image\/"},"sameAs":["https:\/\/www.facebook.com\/panm360\/","https:\/\/x.com\/PANM360","https:\/\/www.instagram.com\/panm360\/","https:\/\/www.linkedin.com\/company\/panm360\/","https:\/\/www.youtube.com\/channel\/UCHEFHd3UhIrV6EJ3ltzVKOA?view_as=subscriber"]}]}},"_links":{"self":[{"href":"https:\/\/panm360.com\/en\/wp-json\/wp\/v2\/interviews\/126111","targetHints":{"allow":["GET"]}}],"collection":[{"href":"https:\/\/panm360.com\/en\/wp-json\/wp\/v2\/interviews"}],"about":[{"href":"https:\/\/panm360.com\/en\/wp-json\/wp\/v2\/types\/interviews"}],"author":[{"embeddable":true,"href":"https:\/\/panm360.com\/en\/wp-json\/wp\/v2\/users\/1468"}],"wp:featuredmedia":[{"embeddable":true,"href":"https:\/\/panm360.com\/en\/wp-json\/wp\/v2\/media\/126110"}],"wp:attachment":[{"href":"https:\/\/panm360.com\/en\/wp-json\/wp\/v2\/media?parent=126111"}],"wp:term":[{"taxonomy":"category","embeddable":true,"href":"https:\/\/panm360.com\/en\/wp-json\/wp\/v2\/categories?post=126111"},{"taxonomy":"post_tag","embeddable":true,"href":"https:\/\/panm360.com\/en\/wp-json\/wp\/v2\/tags?post=126111"},{"taxonomy":"genre","embeddable":true,"href":"https:\/\/panm360.com\/en\/wp-json\/wp\/v2\/genre?post=126111"}],"curies":[{"name":"wp","href":"https:\/\/api.w.org\/{rel}","templated":true}]}}