{"id":122188,"date":"2024-07-07T16:33:03","date_gmt":"2024-07-07T20:33:03","guid":{"rendered":"https:\/\/panm360.com\/interviews-panm360\/nuits-dafrique-2024-plus-quun-fils-de-voici-kira\/"},"modified":"2024-07-11T07:19:23","modified_gmt":"2024-07-11T11:19:23","slug":"nuits-dafrique-2024-plus-quun-fils-de-voici-kira","status":"publish","type":"interviews","link":"https:\/\/panm360.com\/en\/interviews-panm360\/nuits-dafrique-2024-plus-quun-fils-de-voici-kira\/","title":{"rendered":"PAN M 360 aux Nuits d&#8217;Afrique 2024 | Plus qu&#8217;un &#8220;fils de&#8221;&#8230; voici Kir\u00e1!"},"content":{"rendered":"\n<p class=\"wp-block-paragraph\" style=\"font-size:20px\"><strong>Sur la trace des folklores et musiques populaires de moult r\u00e9gions br\u00e9siliennes, le fils de Manu Chao fait sa trace : 50 millions d\u2019\u00e9coutes de son 1er album,\u00a0<em>Semente de Peixe<\/em>, toutes plateformes confondues! La fragrance psych\u00e9d\u00e9lique, la surimpression cr\u00e9ative de rythmes diversifi\u00e9s comme le bai\u00e3o, le maracatu, le carimb\u00f3, la pisadinhaou ou la pagod\u00e3o baiano sont au confluent d&#8217;autres sonorit\u00e9s latines d&#8217;Am\u00e9rique, salsa, son, cumbia et autrres bol\u00e9ro, sans compter ses inclinations aux mouvements alternatifs de la Psicodelia Nordestina 70 et du MangueBeat. Via deux albums, l&#8217;interview\u00e9 de notre coll\u00e8gue Sandra Gasana a vraiment perform\u00e9 sur le web D\u2019abord en 2021, avec \u201cSemente de Peixe\u201d, qui cumule 50 millions d\u2019\u00e9coutes l\u2019ann\u00e9e suivante, ceci particuli\u00e8rement du c\u00f4t\u00e9 des tunes <em>Dia de Feira<\/em>\u00a0et\u00a0\u00a0<em>Mar Mang\u00e3o<\/em>. L&#8217;ascension se prolongera en 2023 avec l\u2019album \u201cOlho A\u00e7ude\u201d(R\u00e9servoir oculaire)<\/strong>.<\/p>\n\n\n\n<p class=\"wp-block-paragraph\" style=\"font-size:20px\"><strong>Voici Kir\u00e1 aux Nuits d&#8217;Afrique ! <\/strong><\/p>\n\n\n\n<p class=\"wp-block-paragraph\"><\/p>\n\n\n\n<figure class=\"wp-block-embed is-type-video is-provider-youtube wp-block-embed-youtube wp-embed-aspect-16-9 wp-has-aspect-ratio\"><div class=\"wp-block-embed__wrapper\">\n<iframe loading=\"lazy\" title=\"Nuits d\u2019Afrique 2024 |  Kira: le fils de Manu Chao trace son propre chemin\" width=\"500\" height=\"281\" src=\"https:\/\/www.youtube.com\/embed\/_gXPS1eNnvw?feature=oembed\" frameborder=\"0\" allow=\"accelerometer; autoplay; clipboard-write; encrypted-media; gyroscope; picture-in-picture; web-share\" referrerpolicy=\"strict-origin-when-cross-origin\" allowfullscreen><\/iframe>\n<\/div><\/figure>\n\n\n    <div class=\"panm-ads-wrapper alignfull\"><span class=\"panm-ads-copy\">Publicit\u00e9 panam<\/span><div class=\"panm-ads-render\" data-ads-id=\"121981\"><\/div><\/div>\n\n\n    <div class=\"panm-ads-wrapper alignfull\"><span class=\"panm-ads-copy\">Publicit\u00e9 panam<\/span><div class=\"panm-ads-render\" data-ads-id=\"\"><\/div><\/div>\n\n\n\n<p class=\"wp-block-paragraph\" style=\"font-size:20px\"><\/p>\n\n\n\n<p class=\"wp-block-paragraph\" style=\"font-size:20px\"><\/p>\n\n\n\n<p class=\"wp-block-paragraph\"><\/p>\n\n\n\n<p class=\"wp-block-paragraph\"><\/p>\n\n\n\n<p class=\"wp-block-paragraph\"><\/p>\n\n\n\n<p class=\"wp-block-paragraph\"><\/p>\n","protected":false},"excerpt":{"rendered":"<p>Sur la trace des folklores et musiques populaires de moult r\u00e9gions br\u00e9siliennes, le fils de Manu Chao fait sa trace : 50 millions d\u2019\u00e9coutes de son 1er album,\u00a0Semente de Peixe, toutes plateformes confondues! La fragrance psych\u00e9d\u00e9lique, la surimpression cr\u00e9ative de rythmes diversifi\u00e9s comme le bai\u00e3o, le maracatu, le carimb\u00f3, la pisadinhaou ou la pagod\u00e3o baiano [&hellip;]<\/p>\n","protected":false},"author":1468,"featured_media":122170,"menu_order":0,"template":"","format":"standard","meta":{"_acf_changed":true,"_crdt_document":""},"categories":[4628],"tags":[],"genre":[4007,3231],"class_list":["post-122188","interviews","type-interviews","status-publish","format-standard","has-post-thumbnail","hentry","category-interviews-en","genre-brazilian","genre-musica-popular-brasileira-2"],"acf":[],"yoast_head":"<!-- This site is optimized with the Yoast SEO plugin v27.4 - https:\/\/yoast.com\/product\/yoast-seo-wordpress\/ -->\n<title>PAN M 360 aux Nuits d&#039;Afrique 2024 | Plus qu&#039;un &quot;fils de&quot;... voici Kir\u00e1! - PAN M 360<\/title>\n<meta name=\"robots\" content=\"index, follow, max-snippet:-1, max-image-preview:large, max-video-preview:-1\" \/>\n<link rel=\"canonical\" href=\"https:\/\/panm360.com\/en\/interviews-panm360\/nuits-dafrique-2024-plus-quun-fils-de-voici-kira\/\" \/>\n<meta property=\"og:locale\" content=\"en_US\" \/>\n<meta property=\"og:type\" content=\"article\" \/>\n<meta property=\"og:title\" content=\"PAN M 360 aux Nuits d&#039;Afrique 2024 | Plus qu&#039;un &quot;fils de&quot;... voici Kir\u00e1! - PAN M 360\" \/>\n<meta property=\"og:description\" content=\"Sur la trace des folklores et musiques populaires de moult r\u00e9gions br\u00e9siliennes, le fils de Manu Chao fait sa trace : 50 millions d\u2019\u00e9coutes de son 1er album,\u00a0Semente de Peixe, toutes plateformes confondues! La fragrance psych\u00e9d\u00e9lique, la surimpression cr\u00e9ative de rythmes diversifi\u00e9s comme le bai\u00e3o, le maracatu, le carimb\u00f3, la pisadinhaou ou la pagod\u00e3o baiano [&hellip;]\" \/>\n<meta property=\"og:url\" content=\"https:\/\/panm360.com\/en\/interviews-panm360\/nuits-dafrique-2024-plus-quun-fils-de-voici-kira\/\" \/>\n<meta property=\"og:site_name\" content=\"PAN M 360\" \/>\n<meta property=\"article:publisher\" content=\"https:\/\/www.facebook.com\/panm360\/\" \/>\n<meta property=\"article:modified_time\" content=\"2024-07-11T11:19:23+00:00\" \/>\n<meta property=\"og:image\" content=\"https:\/\/panm360.com\/wp-content\/uploads\/2024\/07\/Kira.jpg\" \/>\n\t<meta property=\"og:image:width\" content=\"1075\" \/>\n\t<meta property=\"og:image:height\" content=\"654\" \/>\n\t<meta property=\"og:image:type\" content=\"image\/jpeg\" \/>\n<meta name=\"twitter:card\" content=\"summary_large_image\" \/>\n<meta name=\"twitter:site\" content=\"@PANM360\" \/>\n<meta name=\"twitter:label1\" content=\"Est. reading time\" \/>\n\t<meta name=\"twitter:data1\" content=\"1 minute\" \/>\n<script type=\"application\/ld+json\" class=\"yoast-schema-graph\">{\"@context\":\"https:\\\/\\\/schema.org\",\"@graph\":[{\"@type\":\"WebPage\",\"@id\":\"https:\\\/\\\/panm360.com\\\/en\\\/interviews-panm360\\\/nuits-dafrique-2024-plus-quun-fils-de-voici-kira\\\/\",\"url\":\"https:\\\/\\\/panm360.com\\\/en\\\/interviews-panm360\\\/nuits-dafrique-2024-plus-quun-fils-de-voici-kira\\\/\",\"name\":\"PAN M 360 aux Nuits d'Afrique 2024 | Plus qu'un \\\"fils de\\\"... voici Kir\u00e1! - PAN M 360\",\"isPartOf\":{\"@id\":\"https:\\\/\\\/panm360.com\\\/en\\\/#website\"},\"primaryImageOfPage\":{\"@id\":\"https:\\\/\\\/panm360.com\\\/en\\\/interviews-panm360\\\/nuits-dafrique-2024-plus-quun-fils-de-voici-kira\\\/#primaryimage\"},\"image\":{\"@id\":\"https:\\\/\\\/panm360.com\\\/en\\\/interviews-panm360\\\/nuits-dafrique-2024-plus-quun-fils-de-voici-kira\\\/#primaryimage\"},\"thumbnailUrl\":\"https:\\\/\\\/panm360.com\\\/wp-content\\\/uploads\\\/2024\\\/07\\\/Kira.jpg\",\"datePublished\":\"2024-07-07T20:33:03+00:00\",\"dateModified\":\"2024-07-11T11:19:23+00:00\",\"breadcrumb\":{\"@id\":\"https:\\\/\\\/panm360.com\\\/en\\\/interviews-panm360\\\/nuits-dafrique-2024-plus-quun-fils-de-voici-kira\\\/#breadcrumb\"},\"inLanguage\":\"en-US\",\"potentialAction\":[{\"@type\":\"ReadAction\",\"target\":[\"https:\\\/\\\/panm360.com\\\/en\\\/interviews-panm360\\\/nuits-dafrique-2024-plus-quun-fils-de-voici-kira\\\/\"]}]},{\"@type\":\"ImageObject\",\"inLanguage\":\"en-US\",\"@id\":\"https:\\\/\\\/panm360.com\\\/en\\\/interviews-panm360\\\/nuits-dafrique-2024-plus-quun-fils-de-voici-kira\\\/#primaryimage\",\"url\":\"https:\\\/\\\/panm360.com\\\/wp-content\\\/uploads\\\/2024\\\/07\\\/Kira.jpg\",\"contentUrl\":\"https:\\\/\\\/panm360.com\\\/wp-content\\\/uploads\\\/2024\\\/07\\\/Kira.jpg\",\"width\":1075,\"height\":654},{\"@type\":\"BreadcrumbList\",\"@id\":\"https:\\\/\\\/panm360.com\\\/en\\\/interviews-panm360\\\/nuits-dafrique-2024-plus-quun-fils-de-voici-kira\\\/#breadcrumb\",\"itemListElement\":[{\"@type\":\"ListItem\",\"position\":1,\"name\":\"Accueil\",\"item\":\"https:\\\/\\\/panm360.com\\\/en\\\/\"},{\"@type\":\"ListItem\",\"position\":2,\"name\":\"Interviews\",\"item\":\"https:\\\/\\\/panm360.com\\\/en\\\/interviews-panm360\\\/\"},{\"@type\":\"ListItem\",\"position\":3,\"name\":\"PAN M 360 aux Nuits d&#8217;Afrique 2024 | Plus qu&#8217;un &#8220;fils de&#8221;&#8230; voici Kir\u00e1!\"}]},{\"@type\":\"WebSite\",\"@id\":\"https:\\\/\\\/panm360.com\\\/en\\\/#website\",\"url\":\"https:\\\/\\\/panm360.com\\\/en\\\/\",\"name\":\"PAN M 360\",\"description\":\"Le m\u00e9dia num\u00e9rique de la musique !\",\"publisher\":{\"@id\":\"https:\\\/\\\/panm360.com\\\/en\\\/#organization\"},\"potentialAction\":[{\"@type\":\"SearchAction\",\"target\":{\"@type\":\"EntryPoint\",\"urlTemplate\":\"https:\\\/\\\/panm360.com\\\/en\\\/?s={search_term_string}\"},\"query-input\":{\"@type\":\"PropertyValueSpecification\",\"valueRequired\":true,\"valueName\":\"search_term_string\"}}],\"inLanguage\":\"en-US\"},{\"@type\":\"Organization\",\"@id\":\"https:\\\/\\\/panm360.com\\\/en\\\/#organization\",\"name\":\"PAN M 360\",\"url\":\"https:\\\/\\\/panm360.com\\\/en\\\/\",\"logo\":{\"@type\":\"ImageObject\",\"inLanguage\":\"en-US\",\"@id\":\"https:\\\/\\\/panm360.com\\\/en\\\/#\\\/schema\\\/logo\\\/image\\\/\",\"url\":\"https:\\\/\\\/panm360.com\\\/wp-content\\\/uploads\\\/2019\\\/12\\\/PAN-M360_Logo_RGB.jpg\",\"contentUrl\":\"https:\\\/\\\/panm360.com\\\/wp-content\\\/uploads\\\/2019\\\/12\\\/PAN-M360_Logo_RGB.jpg\",\"width\":1663,\"height\":631,\"caption\":\"PAN M 360\"},\"image\":{\"@id\":\"https:\\\/\\\/panm360.com\\\/en\\\/#\\\/schema\\\/logo\\\/image\\\/\"},\"sameAs\":[\"https:\\\/\\\/www.facebook.com\\\/panm360\\\/\",\"https:\\\/\\\/x.com\\\/PANM360\",\"https:\\\/\\\/www.instagram.com\\\/panm360\\\/\",\"https:\\\/\\\/www.linkedin.com\\\/company\\\/panm360\\\/\",\"https:\\\/\\\/www.youtube.com\\\/channel\\\/UCHEFHd3UhIrV6EJ3ltzVKOA?view_as=subscriber\"]}]}<\/script>\n<!-- \/ Yoast SEO plugin. -->","yoast_head_json":{"title":"PAN M 360 aux Nuits d'Afrique 2024 | Plus qu'un \"fils de\"... voici Kir\u00e1! - PAN M 360","robots":{"index":"index","follow":"follow","max-snippet":"max-snippet:-1","max-image-preview":"max-image-preview:large","max-video-preview":"max-video-preview:-1"},"canonical":"https:\/\/panm360.com\/en\/interviews-panm360\/nuits-dafrique-2024-plus-quun-fils-de-voici-kira\/","og_locale":"en_US","og_type":"article","og_title":"PAN M 360 aux Nuits d'Afrique 2024 | Plus qu'un \"fils de\"... voici Kir\u00e1! - PAN M 360","og_description":"Sur la trace des folklores et musiques populaires de moult r\u00e9gions br\u00e9siliennes, le fils de Manu Chao fait sa trace : 50 millions d\u2019\u00e9coutes de son 1er album,\u00a0Semente de Peixe, toutes plateformes confondues! La fragrance psych\u00e9d\u00e9lique, la surimpression cr\u00e9ative de rythmes diversifi\u00e9s comme le bai\u00e3o, le maracatu, le carimb\u00f3, la pisadinhaou ou la pagod\u00e3o baiano [&hellip;]","og_url":"https:\/\/panm360.com\/en\/interviews-panm360\/nuits-dafrique-2024-plus-quun-fils-de-voici-kira\/","og_site_name":"PAN M 360","article_publisher":"https:\/\/www.facebook.com\/panm360\/","article_modified_time":"2024-07-11T11:19:23+00:00","og_image":[{"width":1075,"height":654,"url":"https:\/\/panm360.com\/wp-content\/uploads\/2024\/07\/Kira.jpg","type":"image\/jpeg"}],"twitter_card":"summary_large_image","twitter_site":"@PANM360","twitter_misc":{"Est. reading time":"1 minute"},"schema":{"@context":"https:\/\/schema.org","@graph":[{"@type":"WebPage","@id":"https:\/\/panm360.com\/en\/interviews-panm360\/nuits-dafrique-2024-plus-quun-fils-de-voici-kira\/","url":"https:\/\/panm360.com\/en\/interviews-panm360\/nuits-dafrique-2024-plus-quun-fils-de-voici-kira\/","name":"PAN M 360 aux Nuits d'Afrique 2024 | Plus qu'un \"fils de\"... voici Kir\u00e1! - PAN M 360","isPartOf":{"@id":"https:\/\/panm360.com\/en\/#website"},"primaryImageOfPage":{"@id":"https:\/\/panm360.com\/en\/interviews-panm360\/nuits-dafrique-2024-plus-quun-fils-de-voici-kira\/#primaryimage"},"image":{"@id":"https:\/\/panm360.com\/en\/interviews-panm360\/nuits-dafrique-2024-plus-quun-fils-de-voici-kira\/#primaryimage"},"thumbnailUrl":"https:\/\/panm360.com\/wp-content\/uploads\/2024\/07\/Kira.jpg","datePublished":"2024-07-07T20:33:03+00:00","dateModified":"2024-07-11T11:19:23+00:00","breadcrumb":{"@id":"https:\/\/panm360.com\/en\/interviews-panm360\/nuits-dafrique-2024-plus-quun-fils-de-voici-kira\/#breadcrumb"},"inLanguage":"en-US","potentialAction":[{"@type":"ReadAction","target":["https:\/\/panm360.com\/en\/interviews-panm360\/nuits-dafrique-2024-plus-quun-fils-de-voici-kira\/"]}]},{"@type":"ImageObject","inLanguage":"en-US","@id":"https:\/\/panm360.com\/en\/interviews-panm360\/nuits-dafrique-2024-plus-quun-fils-de-voici-kira\/#primaryimage","url":"https:\/\/panm360.com\/wp-content\/uploads\/2024\/07\/Kira.jpg","contentUrl":"https:\/\/panm360.com\/wp-content\/uploads\/2024\/07\/Kira.jpg","width":1075,"height":654},{"@type":"BreadcrumbList","@id":"https:\/\/panm360.com\/en\/interviews-panm360\/nuits-dafrique-2024-plus-quun-fils-de-voici-kira\/#breadcrumb","itemListElement":[{"@type":"ListItem","position":1,"name":"Accueil","item":"https:\/\/panm360.com\/en\/"},{"@type":"ListItem","position":2,"name":"Interviews","item":"https:\/\/panm360.com\/en\/interviews-panm360\/"},{"@type":"ListItem","position":3,"name":"PAN M 360 aux Nuits d&#8217;Afrique 2024 | Plus qu&#8217;un &#8220;fils de&#8221;&#8230; voici Kir\u00e1!"}]},{"@type":"WebSite","@id":"https:\/\/panm360.com\/en\/#website","url":"https:\/\/panm360.com\/en\/","name":"PAN M 360","description":"Le m\u00e9dia num\u00e9rique de la musique !","publisher":{"@id":"https:\/\/panm360.com\/en\/#organization"},"potentialAction":[{"@type":"SearchAction","target":{"@type":"EntryPoint","urlTemplate":"https:\/\/panm360.com\/en\/?s={search_term_string}"},"query-input":{"@type":"PropertyValueSpecification","valueRequired":true,"valueName":"search_term_string"}}],"inLanguage":"en-US"},{"@type":"Organization","@id":"https:\/\/panm360.com\/en\/#organization","name":"PAN M 360","url":"https:\/\/panm360.com\/en\/","logo":{"@type":"ImageObject","inLanguage":"en-US","@id":"https:\/\/panm360.com\/en\/#\/schema\/logo\/image\/","url":"https:\/\/panm360.com\/wp-content\/uploads\/2019\/12\/PAN-M360_Logo_RGB.jpg","contentUrl":"https:\/\/panm360.com\/wp-content\/uploads\/2019\/12\/PAN-M360_Logo_RGB.jpg","width":1663,"height":631,"caption":"PAN M 360"},"image":{"@id":"https:\/\/panm360.com\/en\/#\/schema\/logo\/image\/"},"sameAs":["https:\/\/www.facebook.com\/panm360\/","https:\/\/x.com\/PANM360","https:\/\/www.instagram.com\/panm360\/","https:\/\/www.linkedin.com\/company\/panm360\/","https:\/\/www.youtube.com\/channel\/UCHEFHd3UhIrV6EJ3ltzVKOA?view_as=subscriber"]}]}},"_links":{"self":[{"href":"https:\/\/panm360.com\/en\/wp-json\/wp\/v2\/interviews\/122188","targetHints":{"allow":["GET"]}}],"collection":[{"href":"https:\/\/panm360.com\/en\/wp-json\/wp\/v2\/interviews"}],"about":[{"href":"https:\/\/panm360.com\/en\/wp-json\/wp\/v2\/types\/interviews"}],"author":[{"embeddable":true,"href":"https:\/\/panm360.com\/en\/wp-json\/wp\/v2\/users\/1468"}],"wp:featuredmedia":[{"embeddable":true,"href":"https:\/\/panm360.com\/en\/wp-json\/wp\/v2\/media\/122170"}],"wp:attachment":[{"href":"https:\/\/panm360.com\/en\/wp-json\/wp\/v2\/media?parent=122188"}],"wp:term":[{"taxonomy":"category","embeddable":true,"href":"https:\/\/panm360.com\/en\/wp-json\/wp\/v2\/categories?post=122188"},{"taxonomy":"post_tag","embeddable":true,"href":"https:\/\/panm360.com\/en\/wp-json\/wp\/v2\/tags?post=122188"},{"taxonomy":"genre","embeddable":true,"href":"https:\/\/panm360.com\/en\/wp-json\/wp\/v2\/genre?post=122188"}],"curies":[{"name":"wp","href":"https:\/\/api.w.org\/{rel}","templated":true}]}}