{"id":116562,"date":"2024-03-07T11:38:00","date_gmt":"2024-03-07T16:38:00","guid":{"rendered":"https:\/\/panm360.com\/interviews-panm360\/semaine-du-neuf-les-percussions-de-strasbourg-chez-les-fantomes\/"},"modified":"2024-03-09T10:32:27","modified_gmt":"2024-03-09T15:32:27","slug":"semaine-du-neuf-les-percussions-de-strasbourg-chez-les-fantomes","status":"publish","type":"interviews","link":"https:\/\/panm360.com\/en\/interviews-panm360\/semaine-du-neuf-les-percussions-de-strasbourg-chez-les-fantomes\/","title":{"rendered":"Semaine du Neuf: Les Percussions de Strasbourg&#8230; Ghostland of another kind"},"content":{"rendered":"\n<p class=\"wp-block-paragraph\" style=\"font-size:24px\"><strong>Les Percussions de Strasbourg is a pioneering group in the world of contemporary music, percussion-wise as you&#8217;d expect. Founded in 1962 by Jean Batigne, the French ensemble has become a veritable institution on an international scale, simultaneously presenting several concerts across the planet, including <em>Ghostland,<\/em> for the first time in Montreal as part of the Semaine du Neuf organized by Groupe Le Vivier. This immersive work by composer Pierre Jodlowski is based on the idea of the ghost. It involves 4 percussionists performing on drums and virtual instruments, joined by a puppeteer, all accompanied by an interactive light, sound and video device.\u00a0In this case, the ghost is evoked in multiple symbolic dimensions. The stage becomes not just a performance space, but also &#8220;an ambiguous place and an infinite space, essentially destined to see the birth of a kind of sound and visual ritual that itself becomes an object to be perceived&#8221;. To better understand the ins and outs of this project, the artistic director of Les Percussions de Strasbourg, Minh-T\u00e2m Nguyen, talks to us on video about Ghostland and the institution he heads.<\/strong> The Percussions de Strasbourg is a unique and highly original institution.<\/p>\n\n\n\n<p class=\"wp-block-paragraph\"><\/p>\n\n\n\n<p class=\"wp-block-paragraph\"><\/p>\n\n\n\n<p class=\"wp-block-paragraph\"><\/p>\n\n\n\n<p class=\"wp-block-paragraph\" style=\"font-size:24px\"><strong>PROGRAM<\/strong><\/p>\n\n\n\n<p class=\"wp-block-paragraph\" style=\"font-size:24px\"><\/p>\n\n\n\n<p class=\"wp-block-paragraph\" style=\"font-size:24px\"><a href=\"https:\/\/levivier.ca\/fr\/le-vivier\/fiches-individuelles\/pierre-jodlowski\">Pierre Jodlowski<\/a>:&nbsp;<em><a href=\"https:\/\/levivier.ca\/fr\/le-vivier\/repertoire\/ghostland\">Ghostland<\/a>&nbsp;<\/em>,&nbsp;<strong>2017<\/strong>&nbsp;&#8211; pour&nbsp;quatre percussionnistes, un marionnettiste, vid\u00e9o, sc\u00e9nographie, lumi\u00e8res et \u00e9lectronique<\/p>\n\n\n\n<p class=\"wp-block-paragraph\" style=\"font-size:24px\"><strong>ARTISTES<\/strong><\/p>\n\n\n\n<p class=\"wp-block-paragraph\" style=\"font-size:24px\"><\/p>\n\n\n\n<p class=\"wp-block-paragraph\" style=\"font-size:24px\"><a href=\"https:\/\/levivier.ca\/fr\/le-vivier\/membres\/organismes\/les-percussions-de-strasbourg\">LES PERCUSSIONS DE STRASBOURG<\/a><\/p>\n\n\n\n<p class=\"wp-block-paragraph\"><\/p>\n\n\n\n<p class=\"wp-block-paragraph\" style=\"font-size:24px\"><a href=\"https:\/\/levivier.ca\/fr\/le-vivier\/fiches-individuelles\/minh-tam-nguyen\">MINH-T\u00c2M NGUYEN&nbsp;<\/a>(percussion)<\/p>\n\n\n\n<p class=\"wp-block-paragraph\" style=\"font-size:24px\"><a href=\"https:\/\/levivier.ca\/fr\/le-vivier\/fiches-individuelles\/francois-papirer\">FRAN\u00c7OIS PAPIRER&nbsp;<\/a>(percussion)<\/p>\n\n\n\n<p class=\"wp-block-paragraph\" style=\"font-size:24px\"><a href=\"https:\/\/levivier.ca\/fr\/le-vivier\/fiches-individuelles\/theo-his-mahier\">TH\u00c9O HIS-MAHIER&nbsp;<\/a>(percussion)<\/p>\n\n\n\n<p class=\"wp-block-paragraph\" style=\"font-size:24px\"><a href=\"https:\/\/levivier.ca\/fr\/le-vivier\/fiches-individuelles\/olivia-martin\">OLIVIA MARTIN&nbsp;<\/a>(percussion)<\/p>\n\n\n\n<p class=\"wp-block-paragraph\" style=\"font-size:24px\"><a href=\"https:\/\/levivier.ca\/fr\/le-vivier\/fiches-individuelles\/katharina-muschiol\">KATHARINA MUSCHIOL&nbsp;<\/a>(performance)<\/p>\n\n\n\n<p class=\"wp-block-paragraph\"><\/p>\n\n\n\n<h4 class=\"wp-block-heading\" style=\"font-size:29px\"><a href=\"https:\/\/levivier.tuxedobillet.com\/levivier\/ghostland?_gl=1*mluk04*_ga*MTU3NjU1MjM3OC4xNzA4NDcxMDQx*_ga_KJMGNF95SE*MTcwOTgyODA1MS4yMC4xLjE3MDk4Mjg4NDUuMC4wLjA.\">LES 3 REPR\u00c9SENTATIONS SONT PR\u00c9VUES \u00c0 L&#8217;\u00c9DIFICE WILDER, SOIT SAMEDI 9 MARS, 16:00 ET  20:30, ET DIMANCHE 10 MARS, 10:00 INFOS ET BILLETS ICI <\/a><\/h4>\n\n\n\n<p class=\"wp-block-paragraph\"><\/p>\n\n\n\n<figure class=\"wp-block-embed is-type-video is-provider-youtube wp-block-embed-youtube wp-embed-aspect-16-9 wp-has-aspect-ratio\"><div class=\"wp-block-embed__wrapper\">\n<iframe loading=\"lazy\" title=\"Minh T\u00e2m Nguyen, des Percussions de Strasbourg, parle de Ghostland\" width=\"500\" height=\"281\" src=\"https:\/\/www.youtube.com\/embed\/Azjt3YEWaZA?feature=oembed\" frameborder=\"0\" allow=\"accelerometer; autoplay; clipboard-write; encrypted-media; gyroscope; picture-in-picture; web-share\" referrerpolicy=\"strict-origin-when-cross-origin\" allowfullscreen><\/iframe>\n<\/div><\/figure>\n\n\n\n<p class=\"wp-block-paragraph\"><\/p>\n\n\n\n<p class=\"wp-block-paragraph\"><\/p>\n\n\n\n<p class=\"wp-block-paragraph\"><\/p>\n\n\n\n<figure class=\"wp-block-embed is-type-video is-provider-youtube wp-block-embed-youtube wp-embed-aspect-16-9 wp-has-aspect-ratio\"><div class=\"wp-block-embed__wrapper\">\n<iframe loading=\"lazy\" title=\"PIERRE JODLOWSKI | GHOSTLAND | LES PERCUSSIONS DE STRASBOURG\" width=\"500\" height=\"281\" src=\"https:\/\/www.youtube.com\/embed\/mwuAR3BOkSI?start=4&#038;feature=oembed\" frameborder=\"0\" allow=\"accelerometer; autoplay; clipboard-write; encrypted-media; gyroscope; picture-in-picture; web-share\" referrerpolicy=\"strict-origin-when-cross-origin\" allowfullscreen><\/iframe>\n<\/div><\/figure>\n\n\n\n<p class=\"wp-block-paragraph\"><\/p>\n\n\n\n<figure class=\"wp-block-embed is-type-video is-provider-youtube wp-block-embed-youtube wp-embed-aspect-16-9 wp-has-aspect-ratio\"><div class=\"wp-block-embed__wrapper\">\n<iframe loading=\"lazy\" title=\"Ghostland | Pierre Jodlowski \/ Les Percussions de Strasbourg | Odyssud Blagnac\" width=\"500\" height=\"281\" src=\"https:\/\/www.youtube.com\/embed\/lEvpLANq1XQ?start=6&#038;feature=oembed\" frameborder=\"0\" allow=\"accelerometer; autoplay; clipboard-write; encrypted-media; gyroscope; picture-in-picture; web-share\" referrerpolicy=\"strict-origin-when-cross-origin\" allowfullscreen><\/iframe>\n<\/div><\/figure>\n","protected":false},"excerpt":{"rendered":"<p>Les Percussions de Strasbourg is a pioneering group in the world of contemporary music, percussion-wise as you&#8217;d expect. Founded in 1962 by Jean Batigne, the French ensemble has become a veritable institution on an international scale, simultaneously presenting several concerts across the planet, including Ghostland, for the first time in Montreal as part of the [&hellip;]<\/p>\n","protected":false},"author":36,"featured_media":116461,"menu_order":0,"template":"","format":"standard","meta":{"_acf_changed":false,"_crdt_document":""},"categories":[4628],"tags":[],"genre":[8058],"class_list":["post-116562","interviews","type-interviews","status-publish","format-standard","has-post-thumbnail","hentry","category-interviews-en","genre-experimental-contemporain-en"],"acf":[],"yoast_head":"<!-- This site is optimized with the Yoast SEO plugin v27.4 - https:\/\/yoast.com\/product\/yoast-seo-wordpress\/ -->\n<title>Semaine du Neuf: Les Percussions de Strasbourg... Ghostland of another kind - PAN M 360<\/title>\n<meta name=\"robots\" content=\"index, follow, max-snippet:-1, max-image-preview:large, max-video-preview:-1\" \/>\n<link rel=\"canonical\" href=\"https:\/\/panm360.com\/en\/interviews-panm360\/semaine-du-neuf-les-percussions-de-strasbourg-chez-les-fantomes\/\" \/>\n<meta property=\"og:locale\" content=\"en_US\" \/>\n<meta property=\"og:type\" content=\"article\" \/>\n<meta property=\"og:title\" content=\"Semaine du Neuf: Les Percussions de Strasbourg... Ghostland of another kind - PAN M 360\" \/>\n<meta property=\"og:description\" content=\"Les Percussions de Strasbourg is a pioneering group in the world of contemporary music, percussion-wise as you&#8217;d expect. Founded in 1962 by Jean Batigne, the French ensemble has become a veritable institution on an international scale, simultaneously presenting several concerts across the planet, including Ghostland, for the first time in Montreal as part of the [&hellip;]\" \/>\n<meta property=\"og:url\" content=\"https:\/\/panm360.com\/en\/interviews-panm360\/semaine-du-neuf-les-percussions-de-strasbourg-chez-les-fantomes\/\" \/>\n<meta property=\"og:site_name\" content=\"PAN M 360\" \/>\n<meta property=\"article:publisher\" content=\"https:\/\/www.facebook.com\/panm360\/\" \/>\n<meta property=\"article:modified_time\" content=\"2024-03-09T15:32:27+00:00\" \/>\n<meta property=\"og:image\" content=\"https:\/\/panm360.com\/wp-content\/uploads\/2024\/03\/SOS-Fantomes.jpg\" \/>\n\t<meta property=\"og:image:width\" content=\"1120\" \/>\n\t<meta property=\"og:image:height\" content=\"771\" \/>\n\t<meta property=\"og:image:type\" content=\"image\/jpeg\" \/>\n<meta name=\"twitter:card\" content=\"summary_large_image\" \/>\n<meta name=\"twitter:site\" content=\"@PANM360\" \/>\n<meta name=\"twitter:label1\" content=\"Est. reading time\" \/>\n\t<meta name=\"twitter:data1\" content=\"1 minute\" \/>\n<script type=\"application\/ld+json\" class=\"yoast-schema-graph\">{\"@context\":\"https:\\\/\\\/schema.org\",\"@graph\":[{\"@type\":\"WebPage\",\"@id\":\"https:\\\/\\\/panm360.com\\\/en\\\/interviews-panm360\\\/semaine-du-neuf-les-percussions-de-strasbourg-chez-les-fantomes\\\/\",\"url\":\"https:\\\/\\\/panm360.com\\\/en\\\/interviews-panm360\\\/semaine-du-neuf-les-percussions-de-strasbourg-chez-les-fantomes\\\/\",\"name\":\"Semaine du Neuf: Les Percussions de Strasbourg... Ghostland of another kind - PAN M 360\",\"isPartOf\":{\"@id\":\"https:\\\/\\\/panm360.com\\\/en\\\/#website\"},\"primaryImageOfPage\":{\"@id\":\"https:\\\/\\\/panm360.com\\\/en\\\/interviews-panm360\\\/semaine-du-neuf-les-percussions-de-strasbourg-chez-les-fantomes\\\/#primaryimage\"},\"image\":{\"@id\":\"https:\\\/\\\/panm360.com\\\/en\\\/interviews-panm360\\\/semaine-du-neuf-les-percussions-de-strasbourg-chez-les-fantomes\\\/#primaryimage\"},\"thumbnailUrl\":\"https:\\\/\\\/panm360.com\\\/wp-content\\\/uploads\\\/2024\\\/03\\\/SOS-Fantomes.jpg\",\"datePublished\":\"2024-03-07T16:38:00+00:00\",\"dateModified\":\"2024-03-09T15:32:27+00:00\",\"breadcrumb\":{\"@id\":\"https:\\\/\\\/panm360.com\\\/en\\\/interviews-panm360\\\/semaine-du-neuf-les-percussions-de-strasbourg-chez-les-fantomes\\\/#breadcrumb\"},\"inLanguage\":\"en-US\",\"potentialAction\":[{\"@type\":\"ReadAction\",\"target\":[\"https:\\\/\\\/panm360.com\\\/en\\\/interviews-panm360\\\/semaine-du-neuf-les-percussions-de-strasbourg-chez-les-fantomes\\\/\"]}]},{\"@type\":\"ImageObject\",\"inLanguage\":\"en-US\",\"@id\":\"https:\\\/\\\/panm360.com\\\/en\\\/interviews-panm360\\\/semaine-du-neuf-les-percussions-de-strasbourg-chez-les-fantomes\\\/#primaryimage\",\"url\":\"https:\\\/\\\/panm360.com\\\/wp-content\\\/uploads\\\/2024\\\/03\\\/SOS-Fantomes.jpg\",\"contentUrl\":\"https:\\\/\\\/panm360.com\\\/wp-content\\\/uploads\\\/2024\\\/03\\\/SOS-Fantomes.jpg\",\"width\":1120,\"height\":771},{\"@type\":\"BreadcrumbList\",\"@id\":\"https:\\\/\\\/panm360.com\\\/en\\\/interviews-panm360\\\/semaine-du-neuf-les-percussions-de-strasbourg-chez-les-fantomes\\\/#breadcrumb\",\"itemListElement\":[{\"@type\":\"ListItem\",\"position\":1,\"name\":\"Accueil\",\"item\":\"https:\\\/\\\/panm360.com\\\/en\\\/\"},{\"@type\":\"ListItem\",\"position\":2,\"name\":\"Interviews\",\"item\":\"https:\\\/\\\/panm360.com\\\/en\\\/interviews-panm360\\\/\"},{\"@type\":\"ListItem\",\"position\":3,\"name\":\"Semaine du Neuf: Les Percussions de Strasbourg&#8230; Ghostland of another kind\"}]},{\"@type\":\"WebSite\",\"@id\":\"https:\\\/\\\/panm360.com\\\/en\\\/#website\",\"url\":\"https:\\\/\\\/panm360.com\\\/en\\\/\",\"name\":\"PAN M 360\",\"description\":\"Le m\u00e9dia num\u00e9rique de la musique !\",\"publisher\":{\"@id\":\"https:\\\/\\\/panm360.com\\\/en\\\/#organization\"},\"potentialAction\":[{\"@type\":\"SearchAction\",\"target\":{\"@type\":\"EntryPoint\",\"urlTemplate\":\"https:\\\/\\\/panm360.com\\\/en\\\/?s={search_term_string}\"},\"query-input\":{\"@type\":\"PropertyValueSpecification\",\"valueRequired\":true,\"valueName\":\"search_term_string\"}}],\"inLanguage\":\"en-US\"},{\"@type\":\"Organization\",\"@id\":\"https:\\\/\\\/panm360.com\\\/en\\\/#organization\",\"name\":\"PAN M 360\",\"url\":\"https:\\\/\\\/panm360.com\\\/en\\\/\",\"logo\":{\"@type\":\"ImageObject\",\"inLanguage\":\"en-US\",\"@id\":\"https:\\\/\\\/panm360.com\\\/en\\\/#\\\/schema\\\/logo\\\/image\\\/\",\"url\":\"https:\\\/\\\/panm360.com\\\/wp-content\\\/uploads\\\/2019\\\/12\\\/PAN-M360_Logo_RGB.jpg\",\"contentUrl\":\"https:\\\/\\\/panm360.com\\\/wp-content\\\/uploads\\\/2019\\\/12\\\/PAN-M360_Logo_RGB.jpg\",\"width\":1663,\"height\":631,\"caption\":\"PAN M 360\"},\"image\":{\"@id\":\"https:\\\/\\\/panm360.com\\\/en\\\/#\\\/schema\\\/logo\\\/image\\\/\"},\"sameAs\":[\"https:\\\/\\\/www.facebook.com\\\/panm360\\\/\",\"https:\\\/\\\/x.com\\\/PANM360\",\"https:\\\/\\\/www.instagram.com\\\/panm360\\\/\",\"https:\\\/\\\/www.linkedin.com\\\/company\\\/panm360\\\/\",\"https:\\\/\\\/www.youtube.com\\\/channel\\\/UCHEFHd3UhIrV6EJ3ltzVKOA?view_as=subscriber\"]}]}<\/script>\n<!-- \/ Yoast SEO plugin. -->","yoast_head_json":{"title":"Semaine du Neuf: Les Percussions de Strasbourg... Ghostland of another kind - PAN M 360","robots":{"index":"index","follow":"follow","max-snippet":"max-snippet:-1","max-image-preview":"max-image-preview:large","max-video-preview":"max-video-preview:-1"},"canonical":"https:\/\/panm360.com\/en\/interviews-panm360\/semaine-du-neuf-les-percussions-de-strasbourg-chez-les-fantomes\/","og_locale":"en_US","og_type":"article","og_title":"Semaine du Neuf: Les Percussions de Strasbourg... Ghostland of another kind - PAN M 360","og_description":"Les Percussions de Strasbourg is a pioneering group in the world of contemporary music, percussion-wise as you&#8217;d expect. Founded in 1962 by Jean Batigne, the French ensemble has become a veritable institution on an international scale, simultaneously presenting several concerts across the planet, including Ghostland, for the first time in Montreal as part of the [&hellip;]","og_url":"https:\/\/panm360.com\/en\/interviews-panm360\/semaine-du-neuf-les-percussions-de-strasbourg-chez-les-fantomes\/","og_site_name":"PAN M 360","article_publisher":"https:\/\/www.facebook.com\/panm360\/","article_modified_time":"2024-03-09T15:32:27+00:00","og_image":[{"width":1120,"height":771,"url":"https:\/\/panm360.com\/wp-content\/uploads\/2024\/03\/SOS-Fantomes.jpg","type":"image\/jpeg"}],"twitter_card":"summary_large_image","twitter_site":"@PANM360","twitter_misc":{"Est. reading time":"1 minute"},"schema":{"@context":"https:\/\/schema.org","@graph":[{"@type":"WebPage","@id":"https:\/\/panm360.com\/en\/interviews-panm360\/semaine-du-neuf-les-percussions-de-strasbourg-chez-les-fantomes\/","url":"https:\/\/panm360.com\/en\/interviews-panm360\/semaine-du-neuf-les-percussions-de-strasbourg-chez-les-fantomes\/","name":"Semaine du Neuf: Les Percussions de Strasbourg... Ghostland of another kind - PAN M 360","isPartOf":{"@id":"https:\/\/panm360.com\/en\/#website"},"primaryImageOfPage":{"@id":"https:\/\/panm360.com\/en\/interviews-panm360\/semaine-du-neuf-les-percussions-de-strasbourg-chez-les-fantomes\/#primaryimage"},"image":{"@id":"https:\/\/panm360.com\/en\/interviews-panm360\/semaine-du-neuf-les-percussions-de-strasbourg-chez-les-fantomes\/#primaryimage"},"thumbnailUrl":"https:\/\/panm360.com\/wp-content\/uploads\/2024\/03\/SOS-Fantomes.jpg","datePublished":"2024-03-07T16:38:00+00:00","dateModified":"2024-03-09T15:32:27+00:00","breadcrumb":{"@id":"https:\/\/panm360.com\/en\/interviews-panm360\/semaine-du-neuf-les-percussions-de-strasbourg-chez-les-fantomes\/#breadcrumb"},"inLanguage":"en-US","potentialAction":[{"@type":"ReadAction","target":["https:\/\/panm360.com\/en\/interviews-panm360\/semaine-du-neuf-les-percussions-de-strasbourg-chez-les-fantomes\/"]}]},{"@type":"ImageObject","inLanguage":"en-US","@id":"https:\/\/panm360.com\/en\/interviews-panm360\/semaine-du-neuf-les-percussions-de-strasbourg-chez-les-fantomes\/#primaryimage","url":"https:\/\/panm360.com\/wp-content\/uploads\/2024\/03\/SOS-Fantomes.jpg","contentUrl":"https:\/\/panm360.com\/wp-content\/uploads\/2024\/03\/SOS-Fantomes.jpg","width":1120,"height":771},{"@type":"BreadcrumbList","@id":"https:\/\/panm360.com\/en\/interviews-panm360\/semaine-du-neuf-les-percussions-de-strasbourg-chez-les-fantomes\/#breadcrumb","itemListElement":[{"@type":"ListItem","position":1,"name":"Accueil","item":"https:\/\/panm360.com\/en\/"},{"@type":"ListItem","position":2,"name":"Interviews","item":"https:\/\/panm360.com\/en\/interviews-panm360\/"},{"@type":"ListItem","position":3,"name":"Semaine du Neuf: Les Percussions de Strasbourg&#8230; Ghostland of another kind"}]},{"@type":"WebSite","@id":"https:\/\/panm360.com\/en\/#website","url":"https:\/\/panm360.com\/en\/","name":"PAN M 360","description":"Le m\u00e9dia num\u00e9rique de la musique !","publisher":{"@id":"https:\/\/panm360.com\/en\/#organization"},"potentialAction":[{"@type":"SearchAction","target":{"@type":"EntryPoint","urlTemplate":"https:\/\/panm360.com\/en\/?s={search_term_string}"},"query-input":{"@type":"PropertyValueSpecification","valueRequired":true,"valueName":"search_term_string"}}],"inLanguage":"en-US"},{"@type":"Organization","@id":"https:\/\/panm360.com\/en\/#organization","name":"PAN M 360","url":"https:\/\/panm360.com\/en\/","logo":{"@type":"ImageObject","inLanguage":"en-US","@id":"https:\/\/panm360.com\/en\/#\/schema\/logo\/image\/","url":"https:\/\/panm360.com\/wp-content\/uploads\/2019\/12\/PAN-M360_Logo_RGB.jpg","contentUrl":"https:\/\/panm360.com\/wp-content\/uploads\/2019\/12\/PAN-M360_Logo_RGB.jpg","width":1663,"height":631,"caption":"PAN M 360"},"image":{"@id":"https:\/\/panm360.com\/en\/#\/schema\/logo\/image\/"},"sameAs":["https:\/\/www.facebook.com\/panm360\/","https:\/\/x.com\/PANM360","https:\/\/www.instagram.com\/panm360\/","https:\/\/www.linkedin.com\/company\/panm360\/","https:\/\/www.youtube.com\/channel\/UCHEFHd3UhIrV6EJ3ltzVKOA?view_as=subscriber"]}]}},"_links":{"self":[{"href":"https:\/\/panm360.com\/en\/wp-json\/wp\/v2\/interviews\/116562","targetHints":{"allow":["GET"]}}],"collection":[{"href":"https:\/\/panm360.com\/en\/wp-json\/wp\/v2\/interviews"}],"about":[{"href":"https:\/\/panm360.com\/en\/wp-json\/wp\/v2\/types\/interviews"}],"author":[{"embeddable":true,"href":"https:\/\/panm360.com\/en\/wp-json\/wp\/v2\/users\/36"}],"wp:featuredmedia":[{"embeddable":true,"href":"https:\/\/panm360.com\/en\/wp-json\/wp\/v2\/media\/116461"}],"wp:attachment":[{"href":"https:\/\/panm360.com\/en\/wp-json\/wp\/v2\/media?parent=116562"}],"wp:term":[{"taxonomy":"category","embeddable":true,"href":"https:\/\/panm360.com\/en\/wp-json\/wp\/v2\/categories?post=116562"},{"taxonomy":"post_tag","embeddable":true,"href":"https:\/\/panm360.com\/en\/wp-json\/wp\/v2\/tags?post=116562"},{"taxonomy":"genre","embeddable":true,"href":"https:\/\/panm360.com\/en\/wp-json\/wp\/v2\/genre?post=116562"}],"curies":[{"name":"wp","href":"https:\/\/api.w.org\/{rel}","templated":true}]}}