{"id":116425,"date":"2024-03-06T12:26:21","date_gmt":"2024-03-06T17:26:21","guid":{"rendered":"https:\/\/panm360.com\/?post_type=interviews&#038;p=116425"},"modified":"2024-03-06T12:38:21","modified_gmt":"2024-03-06T17:38:21","slug":"eda-diaz-a-colombian-french-touch","status":"publish","type":"interviews","link":"https:\/\/panm360.com\/en\/interviews-panm360\/eda-diaz-a-colombian-french-touch\/","title":{"rendered":"\u00cbda Diaz: a Colombian &#8220;French touch&#8221;"},"content":{"rendered":"\n<p class=\"wp-block-paragraph\" style=\"font-size:20px\"><strong>French-Colombian artist \u00cbda Diaz dazzled us with her debut album, <\/strong><em><strong>Suave Bruta<\/strong><\/em><strong>, described as an &#8220;intoxicating elixir&#8221; by Radio-France.<\/strong> <strong>From Paris, she spoke to us about her multiple musical identities and the journey that led to the creation<\/strong> <strong>of <\/strong><em><strong>Suave Bruta<\/strong><\/em><strong>.<\/strong><\/p>\n\n\n\n<p class=\"wp-block-paragraph\"><\/p>\n\n\n\n<p class=\"wp-block-paragraph\" style=\"font-size:20px\">&#8220;It&#8217;s an album that reflects my multi-polar identity, which I wanted to explore musically, a blend of tradition and contemporary music,&#8221; says \u00cbda Diaz, with a luminous gaze. \u00cbda grew up in France, the daughter of a Breton mother and a Colombian father.<\/p>\n\n\n\n<p class=\"wp-block-paragraph\"><\/p>\n\n\n\n<p class=\"wp-block-paragraph\" style=\"font-size:20px\">Music has always been part of her life: &#8220;My father was a great music lover, listening to France-Musique in the morning, then Ella Fitzgerald or Joe Arroyo (a well-known Colombian singer) in the evening.&#8221;<\/p>\n\n\n\n<p class=\"wp-block-paragraph\"><\/p>\n\n\n\n<p class=\"wp-block-paragraph\" style=\"font-size:20px\">From the age of eight, she studied classical piano for over a decade. At the same time, she regularly visited her father&#8217;s family in Medell\u00edn, immersing herself in Colombian culture.<\/p>\n\n\n\n<p class=\"wp-block-paragraph\"><\/p>\n\n\n\n<p class=\"wp-block-paragraph\" style=\"font-size:20px\">&#8220;My first real musical emotions came from spending afternoons singing with my grandmother and cousins, over hot chocolate or aguardiente&#8221;, says \u00cbda Diaz. It was Latin America, rather than the conservatory, that inspired her to become a musician.<\/p>\n\n\n\n<p class=\"wp-block-paragraph\" style=\"font-size:20px\"><\/p>\n\n\n\n<p class=\"wp-block-paragraph\" style=\"font-size:20px\">She has also developed a passion for Latin American and Spanish literature. Musically, the double bass became her main instrument, and she discovered how electronic effects could transform its sound. In 2017, she produced her first EP, entitled <em>\u00cbda<\/em>. &#8220;That&#8217;s when I started exploring this mix of traditional rhythms with modernity.&#8221;<\/p>\n\n\n\n<p class=\"wp-block-paragraph\"><\/p>\n\n\n\n<p class=\"wp-block-paragraph\" style=\"font-size:20px\"><em>Suave Bruta<\/em> was a long time coming, with production slowed by the pandemic. But it was worth the wait, as this record marvellously synthesizes electronics, natural sounds, and Colombia&#8217;s multiple musical styles: valletano, bullerengue, danz\u00f3n, currulao or bolero.<\/p>\n\n\n\n<p class=\"wp-block-paragraph\"><\/p>\n\n\n\n<p class=\"wp-block-paragraph\" style=\"font-size:20px\">&#8220;Cumbia was the Colombian genre that was all the rage in France, but I had so many others in mind that I wanted to share,&#8221; says \u00cbda. &#8220;Among others, all the extraordinary black music of the Pacific coast was neglected because of structural racism. The mixtures between native, white and black are very special.&#8221;<\/p>\n\n\n\n<p class=\"wp-block-paragraph\"><\/p>\n\n\n\n<p class=\"wp-block-paragraph\" style=\"font-size:20px\">\u00cbda Diaz adds two styles that don&#8217;t originally come from Colombia, but which occupy a very important place there: Cuban bolero and Argentine tango. Did you know that Medell\u00edn is the second tango city in the world, behind Buenos Aires?<\/p>\n\n\n\n<p class=\"wp-block-paragraph\" style=\"font-size:20px\"><\/p>\n\n\n\n<p class=\"wp-block-paragraph\" style=\"font-size:20px\">&#8220;Suave Bruta is a dialogue between different kinds of music, but also between myself and my producer Anthony Winzenrieth,&#8221; says \u00cbda. &#8220;We&#8217;re as influenced by Latin music as we are by Bjork, Jeff Buckley, James Blake, Miles Davis.&#8221; Anthony Winzenrieth is a jazz guitarist, keyboardist and member of the alternative band 3somesisters.<\/p>\n\n\n\n<p class=\"wp-block-paragraph\"><\/p>\n\n\n\n<p class=\"wp-block-paragraph\" style=\"font-size:20px\">&#8220;That&#8217;s how we came up with our version of what you might call a Colombian <em>French touch<\/em>,&#8221; says \u00cbda with a smile.<\/p>\n\n\n\n<p class=\"wp-block-paragraph\"><\/p>\n\n\n\n<p class=\"wp-block-paragraph\" style=\"font-size:20px\"><em>Suave Bruta<\/em> was released at a time when Latin and Spanish music was in full swing. &#8220;The international success of Rosalia opens a lot of doors for alternative music in Spanish,&#8221; says \u00cbda. &#8220;In Colombia, there&#8217;s Bomba \u00c9ster\u00e9o, Las An\u00e8s, Lido Pimenta (who lives in Toronto), The M\u00e9ridian Brothers.&#8221;<\/p>\n\n\n\n<p class=\"wp-block-paragraph\"><\/p>\n\n\n\n<p class=\"wp-block-paragraph\" style=\"font-size:20px\">\u00cbda Diaz also notes that attitudes in France are changing: &#8220;In the past, Spanish-language music had to be traditional, so people were closed to more modern styles; now I see more openness towards pop and contemporary styles.&#8221;<\/p>\n\n\n\n<p class=\"wp-block-paragraph\"><\/p>\n\n\n\n<p class=\"wp-block-paragraph\" style=\"font-size:20px\">Suave Bruta has received rave reviews from many French media, as well as from the UK and Canada.<\/p>\n\n\n\n<p class=\"wp-block-paragraph\"><\/p>\n\n\n\n<p class=\"wp-block-paragraph\" style=\"font-size:20px\">\u00cbda Diaz hopes to come to our latitudes as soon as possible to present her music in concert. And so do we. I&#8217;d love to hear this innovative music live on stage.<\/p>\n\n\n\n<p class=\"wp-block-paragraph\"><\/p>\n\n\n\n<p class=\"wp-block-paragraph\">Photo credit: Misael Belt<\/p>\n","protected":false},"excerpt":{"rendered":"<p>French-Colombian artist \u00cbda Diaz dazzled us with her debut album, Suave Bruta, described as an &#8220;intoxicating elixir&#8221; by Radio-France. From Paris, she spoke to us about her multiple musical identities and the journey that led to the creation of Suave Bruta. &#8220;It&#8217;s an album that reflects my multi-polar identity, which I wanted to explore musically, [&hellip;]<\/p>\n","protected":false},"author":277,"featured_media":116427,"menu_order":0,"template":"","format":"standard","meta":{"_acf_changed":false,"_crdt_document":""},"categories":[4628],"tags":[],"genre":[],"class_list":["post-116425","interviews","type-interviews","status-publish","format-standard","has-post-thumbnail","hentry","category-interviews-en"],"acf":[],"yoast_head":"<!-- This site is optimized with the Yoast SEO plugin v27.5 - https:\/\/yoast.com\/product\/yoast-seo-wordpress\/ -->\n<title>\u00cbda Diaz: a Colombian &quot;French touch&quot; - PAN M 360<\/title>\n<meta name=\"robots\" content=\"index, follow, max-snippet:-1, max-image-preview:large, max-video-preview:-1\" \/>\n<link rel=\"canonical\" href=\"https:\/\/panm360.com\/en\/interviews-panm360\/eda-diaz-a-colombian-french-touch\/\" \/>\n<meta property=\"og:locale\" content=\"en_US\" \/>\n<meta property=\"og:type\" content=\"article\" \/>\n<meta property=\"og:title\" content=\"\u00cbda Diaz: a Colombian &quot;French touch&quot; - PAN M 360\" \/>\n<meta property=\"og:description\" content=\"French-Colombian artist \u00cbda Diaz dazzled us with her debut album, Suave Bruta, described as an &#8220;intoxicating elixir&#8221; by Radio-France. From Paris, she spoke to us about her multiple musical identities and the journey that led to the creation of Suave Bruta. &#8220;It&#8217;s an album that reflects my multi-polar identity, which I wanted to explore musically, [&hellip;]\" \/>\n<meta property=\"og:url\" content=\"https:\/\/panm360.com\/en\/interviews-panm360\/eda-diaz-a-colombian-french-touch\/\" \/>\n<meta property=\"og:site_name\" content=\"PAN M 360\" \/>\n<meta property=\"article:publisher\" content=\"https:\/\/www.facebook.com\/panm360\/\" \/>\n<meta property=\"article:modified_time\" content=\"2024-03-06T17:38:21+00:00\" \/>\n<meta property=\"og:image\" content=\"https:\/\/panm360.com\/wp-content\/uploads\/2024\/03\/eda-diaz-photo-1-scaled-e1709746627472.jpg\" \/>\n\t<meta property=\"og:image:width\" content=\"1070\" \/>\n\t<meta property=\"og:image:height\" content=\"800\" \/>\n\t<meta property=\"og:image:type\" content=\"image\/jpeg\" \/>\n<meta name=\"twitter:card\" content=\"summary_large_image\" \/>\n<meta name=\"twitter:site\" content=\"@PANM360\" \/>\n<meta name=\"twitter:label1\" content=\"Est. reading time\" \/>\n\t<meta name=\"twitter:data1\" content=\"3 minutes\" \/>\n<script type=\"application\/ld+json\" class=\"yoast-schema-graph\">{\"@context\":\"https:\\\/\\\/schema.org\",\"@graph\":[{\"@type\":\"WebPage\",\"@id\":\"https:\\\/\\\/panm360.com\\\/en\\\/interviews-panm360\\\/eda-diaz-a-colombian-french-touch\\\/\",\"url\":\"https:\\\/\\\/panm360.com\\\/en\\\/interviews-panm360\\\/eda-diaz-a-colombian-french-touch\\\/\",\"name\":\"\u00cbda Diaz: a Colombian \\\"French touch\\\" - PAN M 360\",\"isPartOf\":{\"@id\":\"https:\\\/\\\/panm360.com\\\/en\\\/#website\"},\"primaryImageOfPage\":{\"@id\":\"https:\\\/\\\/panm360.com\\\/en\\\/interviews-panm360\\\/eda-diaz-a-colombian-french-touch\\\/#primaryimage\"},\"image\":{\"@id\":\"https:\\\/\\\/panm360.com\\\/en\\\/interviews-panm360\\\/eda-diaz-a-colombian-french-touch\\\/#primaryimage\"},\"thumbnailUrl\":\"https:\\\/\\\/panm360.com\\\/wp-content\\\/uploads\\\/2024\\\/03\\\/eda-diaz-photo-1-scaled-e1709746627472.jpg\",\"datePublished\":\"2024-03-06T17:26:21+00:00\",\"dateModified\":\"2024-03-06T17:38:21+00:00\",\"breadcrumb\":{\"@id\":\"https:\\\/\\\/panm360.com\\\/en\\\/interviews-panm360\\\/eda-diaz-a-colombian-french-touch\\\/#breadcrumb\"},\"inLanguage\":\"en-US\",\"potentialAction\":[{\"@type\":\"ReadAction\",\"target\":[\"https:\\\/\\\/panm360.com\\\/en\\\/interviews-panm360\\\/eda-diaz-a-colombian-french-touch\\\/\"]}]},{\"@type\":\"ImageObject\",\"inLanguage\":\"en-US\",\"@id\":\"https:\\\/\\\/panm360.com\\\/en\\\/interviews-panm360\\\/eda-diaz-a-colombian-french-touch\\\/#primaryimage\",\"url\":\"https:\\\/\\\/panm360.com\\\/wp-content\\\/uploads\\\/2024\\\/03\\\/eda-diaz-photo-1-scaled-e1709746627472.jpg\",\"contentUrl\":\"https:\\\/\\\/panm360.com\\\/wp-content\\\/uploads\\\/2024\\\/03\\\/eda-diaz-photo-1-scaled-e1709746627472.jpg\",\"width\":1070,\"height\":800},{\"@type\":\"BreadcrumbList\",\"@id\":\"https:\\\/\\\/panm360.com\\\/en\\\/interviews-panm360\\\/eda-diaz-a-colombian-french-touch\\\/#breadcrumb\",\"itemListElement\":[{\"@type\":\"ListItem\",\"position\":1,\"name\":\"Accueil\",\"item\":\"https:\\\/\\\/panm360.com\\\/en\\\/\"},{\"@type\":\"ListItem\",\"position\":2,\"name\":\"Interviews\",\"item\":\"https:\\\/\\\/panm360.com\\\/en\\\/interviews-panm360\\\/\"},{\"@type\":\"ListItem\",\"position\":3,\"name\":\"\u00cbda Diaz: a Colombian &#8220;French touch&#8221;\"}]},{\"@type\":\"WebSite\",\"@id\":\"https:\\\/\\\/panm360.com\\\/en\\\/#website\",\"url\":\"https:\\\/\\\/panm360.com\\\/en\\\/\",\"name\":\"PAN M 360\",\"description\":\"Le m\u00e9dia num\u00e9rique de la musique !\",\"publisher\":{\"@id\":\"https:\\\/\\\/panm360.com\\\/en\\\/#organization\"},\"potentialAction\":[{\"@type\":\"SearchAction\",\"target\":{\"@type\":\"EntryPoint\",\"urlTemplate\":\"https:\\\/\\\/panm360.com\\\/en\\\/?s={search_term_string}\"},\"query-input\":{\"@type\":\"PropertyValueSpecification\",\"valueRequired\":true,\"valueName\":\"search_term_string\"}}],\"inLanguage\":\"en-US\"},{\"@type\":\"Organization\",\"@id\":\"https:\\\/\\\/panm360.com\\\/en\\\/#organization\",\"name\":\"PAN M 360\",\"url\":\"https:\\\/\\\/panm360.com\\\/en\\\/\",\"logo\":{\"@type\":\"ImageObject\",\"inLanguage\":\"en-US\",\"@id\":\"https:\\\/\\\/panm360.com\\\/en\\\/#\\\/schema\\\/logo\\\/image\\\/\",\"url\":\"https:\\\/\\\/panm360.com\\\/wp-content\\\/uploads\\\/2019\\\/12\\\/PAN-M360_Logo_RGB.jpg\",\"contentUrl\":\"https:\\\/\\\/panm360.com\\\/wp-content\\\/uploads\\\/2019\\\/12\\\/PAN-M360_Logo_RGB.jpg\",\"width\":1663,\"height\":631,\"caption\":\"PAN M 360\"},\"image\":{\"@id\":\"https:\\\/\\\/panm360.com\\\/en\\\/#\\\/schema\\\/logo\\\/image\\\/\"},\"sameAs\":[\"https:\\\/\\\/www.facebook.com\\\/panm360\\\/\",\"https:\\\/\\\/x.com\\\/PANM360\",\"https:\\\/\\\/www.instagram.com\\\/panm360\\\/\",\"https:\\\/\\\/www.linkedin.com\\\/company\\\/panm360\\\/\",\"https:\\\/\\\/www.youtube.com\\\/channel\\\/UCHEFHd3UhIrV6EJ3ltzVKOA?view_as=subscriber\"]}]}<\/script>\n<!-- \/ Yoast SEO plugin. -->","yoast_head_json":{"title":"\u00cbda Diaz: a Colombian \"French touch\" - PAN M 360","robots":{"index":"index","follow":"follow","max-snippet":"max-snippet:-1","max-image-preview":"max-image-preview:large","max-video-preview":"max-video-preview:-1"},"canonical":"https:\/\/panm360.com\/en\/interviews-panm360\/eda-diaz-a-colombian-french-touch\/","og_locale":"en_US","og_type":"article","og_title":"\u00cbda Diaz: a Colombian \"French touch\" - PAN M 360","og_description":"French-Colombian artist \u00cbda Diaz dazzled us with her debut album, Suave Bruta, described as an &#8220;intoxicating elixir&#8221; by Radio-France. From Paris, she spoke to us about her multiple musical identities and the journey that led to the creation of Suave Bruta. &#8220;It&#8217;s an album that reflects my multi-polar identity, which I wanted to explore musically, [&hellip;]","og_url":"https:\/\/panm360.com\/en\/interviews-panm360\/eda-diaz-a-colombian-french-touch\/","og_site_name":"PAN M 360","article_publisher":"https:\/\/www.facebook.com\/panm360\/","article_modified_time":"2024-03-06T17:38:21+00:00","og_image":[{"width":1070,"height":800,"url":"https:\/\/panm360.com\/wp-content\/uploads\/2024\/03\/eda-diaz-photo-1-scaled-e1709746627472.jpg","type":"image\/jpeg"}],"twitter_card":"summary_large_image","twitter_site":"@PANM360","twitter_misc":{"Est. reading time":"3 minutes"},"schema":{"@context":"https:\/\/schema.org","@graph":[{"@type":"WebPage","@id":"https:\/\/panm360.com\/en\/interviews-panm360\/eda-diaz-a-colombian-french-touch\/","url":"https:\/\/panm360.com\/en\/interviews-panm360\/eda-diaz-a-colombian-french-touch\/","name":"\u00cbda Diaz: a Colombian \"French touch\" - PAN M 360","isPartOf":{"@id":"https:\/\/panm360.com\/en\/#website"},"primaryImageOfPage":{"@id":"https:\/\/panm360.com\/en\/interviews-panm360\/eda-diaz-a-colombian-french-touch\/#primaryimage"},"image":{"@id":"https:\/\/panm360.com\/en\/interviews-panm360\/eda-diaz-a-colombian-french-touch\/#primaryimage"},"thumbnailUrl":"https:\/\/panm360.com\/wp-content\/uploads\/2024\/03\/eda-diaz-photo-1-scaled-e1709746627472.jpg","datePublished":"2024-03-06T17:26:21+00:00","dateModified":"2024-03-06T17:38:21+00:00","breadcrumb":{"@id":"https:\/\/panm360.com\/en\/interviews-panm360\/eda-diaz-a-colombian-french-touch\/#breadcrumb"},"inLanguage":"en-US","potentialAction":[{"@type":"ReadAction","target":["https:\/\/panm360.com\/en\/interviews-panm360\/eda-diaz-a-colombian-french-touch\/"]}]},{"@type":"ImageObject","inLanguage":"en-US","@id":"https:\/\/panm360.com\/en\/interviews-panm360\/eda-diaz-a-colombian-french-touch\/#primaryimage","url":"https:\/\/panm360.com\/wp-content\/uploads\/2024\/03\/eda-diaz-photo-1-scaled-e1709746627472.jpg","contentUrl":"https:\/\/panm360.com\/wp-content\/uploads\/2024\/03\/eda-diaz-photo-1-scaled-e1709746627472.jpg","width":1070,"height":800},{"@type":"BreadcrumbList","@id":"https:\/\/panm360.com\/en\/interviews-panm360\/eda-diaz-a-colombian-french-touch\/#breadcrumb","itemListElement":[{"@type":"ListItem","position":1,"name":"Accueil","item":"https:\/\/panm360.com\/en\/"},{"@type":"ListItem","position":2,"name":"Interviews","item":"https:\/\/panm360.com\/en\/interviews-panm360\/"},{"@type":"ListItem","position":3,"name":"\u00cbda Diaz: a Colombian &#8220;French touch&#8221;"}]},{"@type":"WebSite","@id":"https:\/\/panm360.com\/en\/#website","url":"https:\/\/panm360.com\/en\/","name":"PAN M 360","description":"Le m\u00e9dia num\u00e9rique de la musique !","publisher":{"@id":"https:\/\/panm360.com\/en\/#organization"},"potentialAction":[{"@type":"SearchAction","target":{"@type":"EntryPoint","urlTemplate":"https:\/\/panm360.com\/en\/?s={search_term_string}"},"query-input":{"@type":"PropertyValueSpecification","valueRequired":true,"valueName":"search_term_string"}}],"inLanguage":"en-US"},{"@type":"Organization","@id":"https:\/\/panm360.com\/en\/#organization","name":"PAN M 360","url":"https:\/\/panm360.com\/en\/","logo":{"@type":"ImageObject","inLanguage":"en-US","@id":"https:\/\/panm360.com\/en\/#\/schema\/logo\/image\/","url":"https:\/\/panm360.com\/wp-content\/uploads\/2019\/12\/PAN-M360_Logo_RGB.jpg","contentUrl":"https:\/\/panm360.com\/wp-content\/uploads\/2019\/12\/PAN-M360_Logo_RGB.jpg","width":1663,"height":631,"caption":"PAN M 360"},"image":{"@id":"https:\/\/panm360.com\/en\/#\/schema\/logo\/image\/"},"sameAs":["https:\/\/www.facebook.com\/panm360\/","https:\/\/x.com\/PANM360","https:\/\/www.instagram.com\/panm360\/","https:\/\/www.linkedin.com\/company\/panm360\/","https:\/\/www.youtube.com\/channel\/UCHEFHd3UhIrV6EJ3ltzVKOA?view_as=subscriber"]}]}},"_links":{"self":[{"href":"https:\/\/panm360.com\/en\/wp-json\/wp\/v2\/interviews\/116425","targetHints":{"allow":["GET"]}}],"collection":[{"href":"https:\/\/panm360.com\/en\/wp-json\/wp\/v2\/interviews"}],"about":[{"href":"https:\/\/panm360.com\/en\/wp-json\/wp\/v2\/types\/interviews"}],"author":[{"embeddable":true,"href":"https:\/\/panm360.com\/en\/wp-json\/wp\/v2\/users\/277"}],"wp:featuredmedia":[{"embeddable":true,"href":"https:\/\/panm360.com\/en\/wp-json\/wp\/v2\/media\/116427"}],"wp:attachment":[{"href":"https:\/\/panm360.com\/en\/wp-json\/wp\/v2\/media?parent=116425"}],"wp:term":[{"taxonomy":"category","embeddable":true,"href":"https:\/\/panm360.com\/en\/wp-json\/wp\/v2\/categories?post=116425"},{"taxonomy":"post_tag","embeddable":true,"href":"https:\/\/panm360.com\/en\/wp-json\/wp\/v2\/tags?post=116425"},{"taxonomy":"genre","embeddable":true,"href":"https:\/\/panm360.com\/en\/wp-json\/wp\/v2\/genre?post=116425"}],"curies":[{"name":"wp","href":"https:\/\/api.w.org\/{rel}","templated":true}]}}