{"id":109952,"date":"2023-11-02T13:30:17","date_gmt":"2023-11-02T17:30:17","guid":{"rendered":"https:\/\/panm360.com\/interviews-panm360\/coup-de-coeur-francophone-50-ans-avec-pierre-flynn\/"},"modified":"2023-11-02T13:30:17","modified_gmt":"2023-11-02T17:30:17","slug":"coup-de-coeur-francophone-50-ans-avec-pierre-flynn","status":"publish","type":"interviews","link":"https:\/\/panm360.com\/en\/interviews-panm360\/coup-de-coeur-francophone-50-ans-avec-pierre-flynn\/","title":{"rendered":"Coup de c\u0153ur francophone | 50 ans avec Pierre Flynn"},"content":{"rendered":"\n<p class=\"wp-block-paragraph\" style=\"font-size:24px\"><strong>Celui qui se dit avant tout un musicien s\u2019est aussi r\u00e9v\u00e9l\u00e9 comme un des paroliers les plus po\u00e9tiques de la musique qu\u00e9b\u00e9coise.<\/strong><\/p>\n\n\n\n<p class=\"wp-block-paragraph\" style=\"font-size:24px\"><\/p>\n\n\n\n<p class=\"wp-block-paragraph\" style=\"font-size:24px\"><strong>Pierre Flynn comm\u00e9more ses cinquante ans de carri\u00e8re en effectuant une tourn\u00e9e qu\u00e9b\u00e9coise en solo jusqu\u2019en 2024. Le 3 novembre, il sera de passage au G\u00e9su, \u00e0 Montr\u00e9al, dans le cadre des Coups de Coeurs Francophones.\u00a0<\/strong><\/p>\n\n\n\n<p class=\"wp-block-paragraph\" style=\"font-size:24px\"><\/p>\n\n\n\n<p class=\"wp-block-paragraph\" style=\"font-size:24px\"><strong>Pierre Flynn est le chanteur et compositeur du groupe Octobre, de 1972 \u00e0 1982. Il a r\u00e9alis\u00e9 quatre albums sous son nom, a \u00e9crit des chanson pour aussi bien Louise Forestier, Pauline Julien ou Ren\u00e9e Martel, il a \u00e9crit des musiques de films.&nbsp;<\/strong><\/p>\n\n\n\n<p class=\"wp-block-paragraph\" style=\"font-size:24px\"><strong>Pour ma part, j\u2019ai suivi attentivement l\u2019\u00e9volution de Pierre Flynn.<\/strong><\/p>\n\n\n\n<p class=\"wp-block-paragraph\"><\/p>\n\n\n\n<p class=\"wp-block-paragraph\" style=\"font-size:24px\"><strong>C\u00e9g\u00e9pien, boutonneux et chevelu, j\u2019ai assist\u00e9 au concert d\u2019Octobre, en premi\u00e8re partie du groupe britannique King Crimson, au capitole de Qu\u00e9bec, en 1973. Par la suite, j\u2019ai revu Octobre \u00e0 plusieurs reprises et j\u2019ai assist\u00e9 \u00e0 tous les concerts de monsieur Flynn \u00e0 la sortie de chaque album.\u00a0<\/strong><\/p>\n\n\n\n<p class=\"wp-block-paragraph\"><\/p>\n\n\n\n<p class=\"wp-block-paragraph\" style=\"font-size:24px\"><strong>Il a cr\u00e9\u00e9 une \u0153uvre vraiment distincte et originale. Avec des arrangements musicaux extr\u00eamement soign\u00e9s et l\u00e9ch\u00e9s. En toute transparence, C\u2019est un travail que j\u2019admire, avec de minuscules b\u00e9mols.\u00a0<\/strong><\/p>\n\n\n\n<p class=\"wp-block-paragraph\" style=\"font-size:24px\"><\/p>\n\n\n\n<p class=\"wp-block-paragraph\" style=\"font-size:24px\"><strong>Ce concert solo nous fait revivre tous ces \u00e9pisodes de la carri\u00e8re de Pierre Flynn, avec parfois des accompagnements surprenants. Le spectacle est aussi rempli d\u2019anecdotes qui contextualisent les chansons, non sans humour. Nous n\u2019en dirons pas davantage pour vous pr\u00e9server des surprises.\u00a0<\/strong><\/p>\n\n\n\n<p class=\"wp-block-paragraph\" style=\"font-size:24px\"><\/p>\n\n\n\n<p class=\"wp-block-paragraph\" style=\"font-size:24px\"><strong>J\u2019ai pass\u00e9 une heure avec Pierre Flynn pour faire le tour de cinquante ans de carri\u00e8re. Voici notre \u00e9change.<\/strong><\/p>\n\n\n\n<p class=\"wp-block-paragraph\"><\/p>\n\n\n\n<p class=\"wp-block-paragraph\" style=\"font-size:20px\"><strong>PAN M 360 : Pierre Flynn, cinquante ans de carri\u00e8re , \u00e7a donne une sorte de vertige?<\/strong><\/p>\n\n\n\n<p class=\"wp-block-paragraph\" style=\"font-size:20px\"><\/p>\n\n\n\n<p class=\"wp-block-paragraph\" style=\"font-size:20px\"><strong>Pierre Flynn :<\/strong> \u00c7a m\u2019a donn\u00e9 envie de me demander: \u00ab\u00a0Qu\u2019est-ce que j\u2019ai fait?\u00a0\u00bb. J\u2019ai eu un parcours un peu chaotique . Je n\u2019ai pas toujours \u00e9t\u00e9 le meilleur navigateur dans les eaux tumultueuses du show business. Je suis un auteur compositeur qui travaille extr\u00eamement lentement, mais au bout de tout cela, j\u2019ai le sentiment d\u2019\u00eatre toujours l\u00e0 et d\u2019avoir des choses \u00e0 dire. Au cours de la derni\u00e8re ann\u00e9e, un ami dans le monde de la culture m\u2019a dit: \u00ab\u00a0Pourquoi ne pas faire un spectacle pour comm\u00e9morer ces cinquante ans?\u00a0\u00bb Et j\u2019ai d\u00e9cid\u00e9 de le faire.<\/p>\n\n\n\n<p class=\"wp-block-paragraph\" style=\"font-size:20px\"><\/p>\n\n\n\n<p class=\"wp-block-paragraph\" style=\"font-size:20px\"><strong>PAN M 360: Partons du d\u00e9but de votre carri\u00e8re avec le groupe Octobre, dont on entendra deux pi\u00e8ces dans le concert, qu\u2019est-ce qui reste de l\u2019empreinte de ce groupe qui a \u00e9t\u00e9 tr\u00e8s important dans les ann\u00e9es 70?<\/strong><\/p>\n\n\n\n<p class=\"wp-block-paragraph\" style=\"font-size:20px\"><\/p>\n\n\n\n<p class=\"wp-block-paragraph\" style=\"font-size:20px\"><strong>Pierre Flynn:<\/strong> Certaines chansons d&#8217;Octobre m\u00e9riteraient peut-\u00eatre d\u2019\u00eatre effac\u00e9es aujourd\u2019hui, mais il y avait une prise de parole audacieuse, si on pense entre autres \u00e0 <em>La Maudite Machine<\/em>. Je voulais toucher des enjeux sensibles.&nbsp;<\/p>\n\n\n\n<p class=\"wp-block-paragraph\" style=\"font-size:20px\">Je dirais aussi qu\u2019il y avait un \u00e9norme app\u00e9tit pour l\u2019intensit\u00e9, nous voulions exprimer une tension, un c\u00f4t\u00e9 exacerb\u00e9. Il fallait que le son soit fort! Des gens qui trouvaient qu\u2019on se prenait trop au s\u00e9rieux. A cette \u00e9poque, on voulait vraiment exp\u00e9rimenter. Nous \u00e9coutions Gentle Giant , King Crimson et Yes, mais moi je pr\u00e9f\u00e9rais Charles Mingus, James Brown et L\u00e9o Ferr\u00e9. <em>Le Sacre du Printemps<\/em>\u00a0 de Stravinsky, c\u2019\u00e9tait du rock pour moi. Alors nous m\u00e9langions toutes ces influences disparates .\u00a0<\/p>\n\n\n\n<p class=\"wp-block-paragraph\" style=\"font-size:20px\"><\/p>\n\n\n\n<p class=\"wp-block-paragraph\" style=\"font-size:20px\"><strong>PAN M 360: Sans vouloir trop divulguerla mati\u00e8re de\u00a0 votre concert solo, il s\u2019ouvre sur une chanson d\u2019Octobre , qui est <\/strong><strong><em>Le Vent se L\u00e8ve<\/em><\/strong><strong>, une pi\u00e8ce que je trouve particuli\u00e8rement forte.\u00a0<\/strong><\/p>\n\n\n\n<p class=\"wp-block-paragraph\" style=\"font-size:20px\"><\/p>\n\n\n\n<p class=\"wp-block-paragraph\" style=\"font-size:20px\"><strong>Pierre Flynn : <\/strong>Il y a quelque chose de tr\u00e8s myst\u00e9rieux dans cette chanson . Je ne me consid\u00e8re pas forc\u00e9ment comme un po\u00e8te, mais certaines chansons, comme celle-ci, ont une dimension plus po\u00e9tique. Les paroles vont puiser dans l\u2019inconscient. Il y a des images qui ne sont pas rationnelles.\u00a0<\/p>\n\n\n\n<p class=\"wp-block-paragraph\" style=\"font-size:20px\"><\/p>\n\n\n\n<p class=\"wp-block-paragraph\" style=\"font-size:20px\">Par exemple: \u00ab\u00a0Regarde les enfants aux yeux sertis d\u2019\u00e9toiles et les hommes vieillis d\u2019amertume . (\u2026) Entends ce blues qui r\u00e9chauffe l\u2019hiver des passagers du vendredi soir . Ecoute l\u2019Espagne en guitares am\u00e8res\u00a0\u00bb. Je ne comprends m\u00eame pas comment j\u2019ai r\u00e9ussi \u00e0 \u00e9crire \u00e7a.\u00a0<\/p>\n\n\n\n<p class=\"wp-block-paragraph\" style=\"font-size:20px\"><\/p>\n\n\n\n<p class=\"wp-block-paragraph\" style=\"font-size:20px\"><strong>PAN M 360:\u00a0 Pour moi, vous \u00eates un des paroliers qu\u00e9b\u00e9cois le plus influenc\u00e9 par la po\u00e9sie et par la France. Je me trompe?<\/strong><\/p>\n\n\n\n<p class=\"wp-block-paragraph\" style=\"font-size:20px\"><strong>\u00a0<\/strong><\/p>\n\n\n\n<p class=\"wp-block-paragraph\" style=\"font-size:20px\"><strong>Pierre Flynn:<\/strong> Je le dis toujours: au d\u00e9part je suis musicien. Mais il fallait bien mettre des paroles sur la musique autre que des \u00ab\u00a0lalala\u00a0\u00bb. \u00c9tudiant au c\u00e9gep en litt\u00e9rature, j\u2019ai entendu L\u00e9o Ferr\u00e9 chanter <em>Les Po\u00e8tes de Sept Ans<\/em> d\u2019Arthur Rimbaud. J\u2019ai \u00e9t\u00e9 \u00e9poustoufl\u00e9 par la puissance de ce texte avec la musique. \u00c7a m\u2019a probablement aiguill\u00e9 vers ce genre de dimension. J\u2019ai eu ma p\u00e9riode Antonin Artaud, Rimbaldienne. Mais \u00e9galement F\u00e9lix Leclerc. Au-del\u00e0 des chansons les plus connues , il y a un F\u00e9lix tr\u00e8s po\u00e9tique, presque mystique, qu\u2019on peut \u00e9couter.\u00a0<\/p>\n\n\n\n<p class=\"wp-block-paragraph\" style=\"font-size:20px\"><\/p>\n\n\n\n<p class=\"wp-block-paragraph\" style=\"font-size:20px\">Neuf fois sur dix, mes chansons commencent par la musique. Puis apr\u00e8s, je creuse un peu comme un mineur pour arriver au texte. Et parfois, \u00e7a n\u00e9cessite du temps. Pour la chanson <em>Ma Pri\u00e8re<\/em> sur l\u2019album Mirador, \u00e7a m\u2019a pris plus d\u2019un an.&nbsp;<\/p>\n\n\n\n<p class=\"wp-block-paragraph\" style=\"font-size:20px\">Il est vrai \u00e9galement qu\u2019une performance en solo fait ressortir davantage les textes. Ceux qui assisteront au spectacle s\u2019en rendront compte en \u00e9coutant <em>Possession<\/em>, de l\u2019album <em>Le Parfum du Hasard<\/em>.<\/p>\n\n\n\n<p class=\"wp-block-paragraph\" style=\"font-size:20px\"><\/p>\n\n\n\n<p class=\"wp-block-paragraph\" style=\"font-size:20px\">Avec ce spectacle, je veux aussi transmettre la passion de l\u2019\u00e9criture. Pour moi, c\u2019est tr\u00e8s important.\u00a0<\/p>\n\n\n\n<p class=\"wp-block-paragraph\" style=\"font-size:20px\"><\/p>\n\n\n\n<p class=\"wp-block-paragraph\" style=\"font-size:20px\"><strong>PAN M 360 : <\/strong><strong><em>Le Parfum du Hasard<\/em><\/strong><strong> est le premier disque solo que vous avez fait paraitre en 1987. Un disque qui r\u00e9sonne encore ?<\/strong><\/p>\n\n\n\n<p class=\"wp-block-paragraph\" style=\"font-size:20px\"><\/p>\n\n\n\n<p class=\"wp-block-paragraph\" style=\"font-size:20px\"><strong>Pierre Flynn:<\/strong> Je n\u2019ai jamais \u00e9t\u00e9 vraiment un artiste populaire. Mais ce disque s\u2019\u00e9tait assez bien vendu. Il y a eu plusieurs succ\u00e8s \u00e0 la radio , comme <em>Possession, Sur la Route, Catalina<\/em>. C\u2019\u00e9tait aussi les d\u00e9buts de la musique num\u00e9rique avec les multiples synth\u00e9tiseurs.&nbsp;<\/p>\n\n\n\n<p class=\"wp-block-paragraph\" style=\"font-size:20px\">Avec le recul, la chanson <em>L\u2019Ennemi<\/em> me semble la plus achev\u00e9e. Au niveau musical, au-del\u00e0 des synth\u00e8ses, il y a un fond de blues organique . Au niveau du texte, elle a pris une \u00ab&nbsp;twist&nbsp;\u00bb dans sa pertinence.<\/p>\n\n\n\n<p class=\"wp-block-paragraph\" style=\"font-size:20px\">\u00ab\u00a0Il (l\u2019ennemi) est l\u00e0, le doigt sur la g\u00e2chette, il guette la plan\u00e8te (\u2026) veut voler ton regard farouche, les yeux de ta bouche , tes souliers de libert\u00e9. Il veut voler ton envie de rire\u00a0\u00bb.\u00a0<\/p>\n\n\n\n<p class=\"wp-block-paragraph\" style=\"font-size:20px\"><\/p>\n\n\n\n<p class=\"wp-block-paragraph\" style=\"font-size:20px\">Dans le contexte actuel, les tensions g\u00e9opolitiques, j\u2019ai l\u2019impression qu\u2019elle vibre diff\u00e9remment.\u00a0<\/p>\n\n\n\n<p class=\"wp-block-paragraph\" style=\"font-size:20px\"><\/p>\n\n\n\n<p class=\"wp-block-paragraph\" style=\"font-size:20px\">J\u2019ai toujours fait attention d\u2019aller au-del\u00e0 de l\u2019actualit\u00e9 politique imm\u00e9diate, pour que les chansons ne se d\u00e9modent pas.\u00a0<\/p>\n\n\n\n<p class=\"wp-block-paragraph\" style=\"font-size:20px\"><\/p>\n\n\n\n<p class=\"wp-block-paragraph\" style=\"font-size:20px\"><strong>PAN M 360 : Quatre ans plus tard, para\u00eet <\/strong><strong><em>Les Jardins de Babylone<\/em><\/strong><strong>, le deuxi\u00e8me album. Il y a beaucoup de chansons qui parlent de voyages. La route, les voyages, il me semble, c\u2019est une des constantes de votre travail.\u00a0<\/strong><\/p>\n\n\n\n<p class=\"wp-block-paragraph\" style=\"font-size:20px\"><\/p>\n\n\n\n<p class=\"wp-block-paragraph\" style=\"font-size:20px\"><strong>Pierre Flynn<\/strong>: Il est aussi beaucoup question d\u2019amour avec <em>Savoir Aimer<\/em> , qui traite de l\u2019engagement dans une relation, ou <em>En Cavale<\/em>, une tentative de chanson plus simple, car parfois , pour moi, la complexit\u00e9 est plus facile que la simplicit\u00e9.&nbsp;<\/p>\n\n\n\n<p class=\"wp-block-paragraph\" style=\"font-size:20px\">Mais oui, sur ce disque, il y a <em>Les Splendeurs<\/em> et <em>Lettre de Venise<\/em>, qui racontent mes exp\u00e9ditions en Irlande, en Gr\u00e8ce et en Italie. Je deviens comme un reporter, je suis fascin\u00e9, j\u2019observe et je partage mes \u00e9motions.\u00a0<\/p>\n\n\n\n<p class=\"wp-block-paragraph\" style=\"font-size:20px\"><\/p>\n\n\n\n<p class=\"wp-block-paragraph\" style=\"font-size:20px\"><strong>PAN M 360: <\/strong>Dix ans plus tard arrive <em>Mirador<\/em>, en 2001. Nous sommes dans un contexte social et politique totalement diff\u00e9rent.<\/p>\n\n\n\n<p class=\"wp-block-paragraph\" style=\"font-size:20px\">Pierre Flynn: La premi\u00e8re chanson de <em>Mirador,<\/em> <em>La Romance du XXe Si\u00e8cle<\/em> , raconte ce tournant. C\u2019est le XXe si\u00e8cle qui bascule et o\u00f9 s\u2019en va-t-on apr\u00e8s ? J\u2019ai aussi essay\u00e9 le \u00ab\u00a0spoken word\u00a0\u00bb . Je demande \u00e0 ma fille : \u00ab\u00a0Auras-tu la paix et la douceur de vivre?\u00a0\u00bb Je poursuis la r\u00e9flexion avec <em>Ma Petite Guerri\u00e8re,<\/em> d\u00e9di\u00e9 \u00e0 ma fille unique. C\u2019est un album sur la force de la vie et ses \u00e9tapes jusqu\u2019\u00e0 la mort. Il y a bien s\u00fbr la chanson <em>Croire<\/em>, qui est un hommage aux po\u00e8tes Gilbert Langevin et Gaston Miron, que j\u2019ai eu la chance de conna\u00eetre un peu. Avec cet hommage, je voulais en m\u00eame temps me d\u00e9tacher d\u2019eux, muter dans le nouveau si\u00e8cle. Je suis tr\u00e8s fier de cette chanson, une de celles que je pr\u00e9f\u00e8re dans mon modeste corpus.<\/p>\n\n\n\n<p class=\"wp-block-paragraph\" style=\"font-size:20px\"><\/p>\n\n\n\n<p class=\"wp-block-paragraph\" style=\"font-size:20px\"><strong>PAN M 360: Et on arrive \u00e0 2015 avec <\/strong><strong><em>Sur La Terre.\u00a0<\/em><\/strong><\/p>\n\n\n\n<p class=\"wp-block-paragraph\" style=\"font-size:20px\"><\/p>\n\n\n\n<p class=\"wp-block-paragraph\" style=\"font-size:20px\"><strong>Pierre Flynn:<\/strong> C\u2019est l\u2019album dont je suis le plus satisfait. C\u2019est une esp\u00e8ce de chronique de ma vie, de mon ressenti, dans ces ann\u00e9es-l\u00e0. Vous savez, je n\u2019ai aucun plan de match quand j\u2019amorce la cr\u00e9ation d\u2019un album. Les chansons arrivent un peu par hasard. L\u2019unit\u00e9 ou le manque d\u2019unit\u00e9 se ressent \u00e0 la fin. <em>Le dernier homme<\/em> est une chanson sur la solitude. <em>Si loin si proche<\/em> est une continuation de <em>Ma petite Guerri\u00e8re<\/em>, qui est maintenant une jeune adulte au moment d\u2019\u00e9crire la chanson.\u00a0<\/p>\n\n\n\n<p class=\"wp-block-paragraph\" style=\"font-size:20px\"><\/p>\n\n\n\n<p class=\"wp-block-paragraph\" style=\"font-size:20px\"><strong>PAN M 360: L\u2019album- et votre concert solo aussi- se termine par <\/strong><strong><em>Capitaine \u00f4 Capitaine<\/em><\/strong><strong>, une chanson \u00e0 multiples sens.<\/strong><\/p>\n\n\n\n<p class=\"wp-block-paragraph\" style=\"font-size:20px\"><strong>Pierre Flynn: <\/strong>C\u2019est une chanson folk \u00e0 trois quatre accords. C\u2019est la m\u00e9taphore du bateau qui navigue \u00e0 la recherche de quelque chose. Mais c\u2019est aussi une m\u00e9taphore sur l\u2019avenir de la plan\u00e8te . \u00ab\u00a0Capitaine \u00f4 capitaine, nous avons perdu le nord . Capitaine ram\u00e8ne le navire \u00e0 bon port\u00a0\u00bb. Il y a quand m\u00eame une ouverture vers l\u2019esp\u00e9rance.<\/p>\n\n\n\n<p class=\"wp-block-paragraph\" style=\"font-size:20px\"><br><strong>PAN M 360 : La question qui tue: y aura-t-il un autre album de Pierre Flynn?<\/strong><\/p>\n\n\n\n<p class=\"wp-block-paragraph\" style=\"font-size:20px\"><\/p>\n\n\n\n<p class=\"wp-block-paragraph\" style=\"font-size:20px\"><strong>Pierre Flynn: <\/strong>Oui. Mais je ne sais pas quand(grand \u00e9clat de rire). Les gens connaissent ma lenteur, ma r\u00e9putation est faite. Je me bats tous les jours avec la tentation de la passivit\u00e9. Mais j\u2019offre une nouvelle chanson dans mon spectacle. Il y en aura d\u2019autres. Je suis toujours vivant, j\u2019ai encore une bonne voix, alors je vais essayer de ne pas trop niaiser avec la puck.<\/p>\n\n\n\n<p class=\"wp-block-paragraph\"><\/p>\n","protected":false},"excerpt":{"rendered":"<p>Celui qui se dit avant tout un musicien s\u2019est aussi r\u00e9v\u00e9l\u00e9 comme un des paroliers les plus po\u00e9tiques de la musique qu\u00e9b\u00e9coise. Pierre Flynn comm\u00e9more ses cinquante ans de carri\u00e8re en effectuant une tourn\u00e9e qu\u00e9b\u00e9coise en solo jusqu\u2019en 2024. Le 3 novembre, il sera de passage au G\u00e9su, \u00e0 Montr\u00e9al, dans le cadre des Coups [&hellip;]<\/p>\n","protected":false},"author":277,"featured_media":109951,"menu_order":0,"template":"","format":"standard","meta":{"_acf_changed":false,"_crdt_document":""},"categories":[4628],"tags":[],"genre":[4219,8114],"class_list":["post-109952","interviews","type-interviews","status-publish","format-standard","has-post-thumbnail","hentry","category-interviews-en","genre-auteur-pop","genre-chanson-francophone-en"],"acf":[],"yoast_head":"<!-- This site is optimized with the Yoast SEO plugin v27.4 - https:\/\/yoast.com\/product\/yoast-seo-wordpress\/ -->\n<title>Coup de c\u0153ur francophone | 50 ans avec Pierre Flynn - PAN M 360<\/title>\n<meta name=\"robots\" content=\"index, follow, max-snippet:-1, max-image-preview:large, max-video-preview:-1\" \/>\n<link rel=\"canonical\" href=\"https:\/\/panm360.com\/en\/interviews-panm360\/coup-de-coeur-francophone-50-ans-avec-pierre-flynn\/\" \/>\n<meta property=\"og:locale\" content=\"en_US\" \/>\n<meta property=\"og:type\" content=\"article\" \/>\n<meta property=\"og:title\" content=\"Coup de c\u0153ur francophone | 50 ans avec Pierre Flynn - PAN M 360\" \/>\n<meta property=\"og:description\" content=\"Celui qui se dit avant tout un musicien s\u2019est aussi r\u00e9v\u00e9l\u00e9 comme un des paroliers les plus po\u00e9tiques de la musique qu\u00e9b\u00e9coise. Pierre Flynn comm\u00e9more ses cinquante ans de carri\u00e8re en effectuant une tourn\u00e9e qu\u00e9b\u00e9coise en solo jusqu\u2019en 2024. Le 3 novembre, il sera de passage au G\u00e9su, \u00e0 Montr\u00e9al, dans le cadre des Coups [&hellip;]\" \/>\n<meta property=\"og:url\" content=\"https:\/\/panm360.com\/en\/interviews-panm360\/coup-de-coeur-francophone-50-ans-avec-pierre-flynn\/\" \/>\n<meta property=\"og:site_name\" content=\"PAN M 360\" \/>\n<meta property=\"article:publisher\" content=\"https:\/\/www.facebook.com\/panm360\/\" \/>\n<meta property=\"og:image\" content=\"https:\/\/panm360.com\/wp-content\/uploads\/2023\/11\/Pierre-Flynn.jpg\" \/>\n\t<meta property=\"og:image:width\" content=\"1081\" \/>\n\t<meta property=\"og:image:height\" content=\"739\" \/>\n\t<meta property=\"og:image:type\" content=\"image\/jpeg\" \/>\n<meta name=\"twitter:card\" content=\"summary_large_image\" \/>\n<meta name=\"twitter:site\" content=\"@PANM360\" \/>\n<meta name=\"twitter:label1\" content=\"Est. reading time\" \/>\n\t<meta name=\"twitter:data1\" content=\"9 minutes\" \/>\n<script type=\"application\/ld+json\" class=\"yoast-schema-graph\">{\"@context\":\"https:\\\/\\\/schema.org\",\"@graph\":[{\"@type\":\"WebPage\",\"@id\":\"https:\\\/\\\/panm360.com\\\/en\\\/interviews-panm360\\\/coup-de-coeur-francophone-50-ans-avec-pierre-flynn\\\/\",\"url\":\"https:\\\/\\\/panm360.com\\\/en\\\/interviews-panm360\\\/coup-de-coeur-francophone-50-ans-avec-pierre-flynn\\\/\",\"name\":\"Coup de c\u0153ur francophone | 50 ans avec Pierre Flynn - PAN M 360\",\"isPartOf\":{\"@id\":\"https:\\\/\\\/panm360.com\\\/en\\\/#website\"},\"primaryImageOfPage\":{\"@id\":\"https:\\\/\\\/panm360.com\\\/en\\\/interviews-panm360\\\/coup-de-coeur-francophone-50-ans-avec-pierre-flynn\\\/#primaryimage\"},\"image\":{\"@id\":\"https:\\\/\\\/panm360.com\\\/en\\\/interviews-panm360\\\/coup-de-coeur-francophone-50-ans-avec-pierre-flynn\\\/#primaryimage\"},\"thumbnailUrl\":\"https:\\\/\\\/panm360.com\\\/wp-content\\\/uploads\\\/2023\\\/11\\\/Pierre-Flynn.jpg\",\"datePublished\":\"2023-11-02T17:30:17+00:00\",\"breadcrumb\":{\"@id\":\"https:\\\/\\\/panm360.com\\\/en\\\/interviews-panm360\\\/coup-de-coeur-francophone-50-ans-avec-pierre-flynn\\\/#breadcrumb\"},\"inLanguage\":\"en-US\",\"potentialAction\":[{\"@type\":\"ReadAction\",\"target\":[\"https:\\\/\\\/panm360.com\\\/en\\\/interviews-panm360\\\/coup-de-coeur-francophone-50-ans-avec-pierre-flynn\\\/\"]}]},{\"@type\":\"ImageObject\",\"inLanguage\":\"en-US\",\"@id\":\"https:\\\/\\\/panm360.com\\\/en\\\/interviews-panm360\\\/coup-de-coeur-francophone-50-ans-avec-pierre-flynn\\\/#primaryimage\",\"url\":\"https:\\\/\\\/panm360.com\\\/wp-content\\\/uploads\\\/2023\\\/11\\\/Pierre-Flynn.jpg\",\"contentUrl\":\"https:\\\/\\\/panm360.com\\\/wp-content\\\/uploads\\\/2023\\\/11\\\/Pierre-Flynn.jpg\",\"width\":1081,\"height\":739},{\"@type\":\"BreadcrumbList\",\"@id\":\"https:\\\/\\\/panm360.com\\\/en\\\/interviews-panm360\\\/coup-de-coeur-francophone-50-ans-avec-pierre-flynn\\\/#breadcrumb\",\"itemListElement\":[{\"@type\":\"ListItem\",\"position\":1,\"name\":\"Accueil\",\"item\":\"https:\\\/\\\/panm360.com\\\/en\\\/\"},{\"@type\":\"ListItem\",\"position\":2,\"name\":\"Interviews\",\"item\":\"https:\\\/\\\/panm360.com\\\/en\\\/interviews-panm360\\\/\"},{\"@type\":\"ListItem\",\"position\":3,\"name\":\"Coup de c\u0153ur francophone | 50 ans avec Pierre Flynn\"}]},{\"@type\":\"WebSite\",\"@id\":\"https:\\\/\\\/panm360.com\\\/en\\\/#website\",\"url\":\"https:\\\/\\\/panm360.com\\\/en\\\/\",\"name\":\"PAN M 360\",\"description\":\"Le m\u00e9dia num\u00e9rique de la musique !\",\"publisher\":{\"@id\":\"https:\\\/\\\/panm360.com\\\/en\\\/#organization\"},\"potentialAction\":[{\"@type\":\"SearchAction\",\"target\":{\"@type\":\"EntryPoint\",\"urlTemplate\":\"https:\\\/\\\/panm360.com\\\/en\\\/?s={search_term_string}\"},\"query-input\":{\"@type\":\"PropertyValueSpecification\",\"valueRequired\":true,\"valueName\":\"search_term_string\"}}],\"inLanguage\":\"en-US\"},{\"@type\":\"Organization\",\"@id\":\"https:\\\/\\\/panm360.com\\\/en\\\/#organization\",\"name\":\"PAN M 360\",\"url\":\"https:\\\/\\\/panm360.com\\\/en\\\/\",\"logo\":{\"@type\":\"ImageObject\",\"inLanguage\":\"en-US\",\"@id\":\"https:\\\/\\\/panm360.com\\\/en\\\/#\\\/schema\\\/logo\\\/image\\\/\",\"url\":\"https:\\\/\\\/panm360.com\\\/wp-content\\\/uploads\\\/2019\\\/12\\\/PAN-M360_Logo_RGB.jpg\",\"contentUrl\":\"https:\\\/\\\/panm360.com\\\/wp-content\\\/uploads\\\/2019\\\/12\\\/PAN-M360_Logo_RGB.jpg\",\"width\":1663,\"height\":631,\"caption\":\"PAN M 360\"},\"image\":{\"@id\":\"https:\\\/\\\/panm360.com\\\/en\\\/#\\\/schema\\\/logo\\\/image\\\/\"},\"sameAs\":[\"https:\\\/\\\/www.facebook.com\\\/panm360\\\/\",\"https:\\\/\\\/x.com\\\/PANM360\",\"https:\\\/\\\/www.instagram.com\\\/panm360\\\/\",\"https:\\\/\\\/www.linkedin.com\\\/company\\\/panm360\\\/\",\"https:\\\/\\\/www.youtube.com\\\/channel\\\/UCHEFHd3UhIrV6EJ3ltzVKOA?view_as=subscriber\"]}]}<\/script>\n<!-- \/ Yoast SEO plugin. -->","yoast_head_json":{"title":"Coup de c\u0153ur francophone | 50 ans avec Pierre Flynn - PAN M 360","robots":{"index":"index","follow":"follow","max-snippet":"max-snippet:-1","max-image-preview":"max-image-preview:large","max-video-preview":"max-video-preview:-1"},"canonical":"https:\/\/panm360.com\/en\/interviews-panm360\/coup-de-coeur-francophone-50-ans-avec-pierre-flynn\/","og_locale":"en_US","og_type":"article","og_title":"Coup de c\u0153ur francophone | 50 ans avec Pierre Flynn - PAN M 360","og_description":"Celui qui se dit avant tout un musicien s\u2019est aussi r\u00e9v\u00e9l\u00e9 comme un des paroliers les plus po\u00e9tiques de la musique qu\u00e9b\u00e9coise. Pierre Flynn comm\u00e9more ses cinquante ans de carri\u00e8re en effectuant une tourn\u00e9e qu\u00e9b\u00e9coise en solo jusqu\u2019en 2024. Le 3 novembre, il sera de passage au G\u00e9su, \u00e0 Montr\u00e9al, dans le cadre des Coups [&hellip;]","og_url":"https:\/\/panm360.com\/en\/interviews-panm360\/coup-de-coeur-francophone-50-ans-avec-pierre-flynn\/","og_site_name":"PAN M 360","article_publisher":"https:\/\/www.facebook.com\/panm360\/","og_image":[{"width":1081,"height":739,"url":"https:\/\/panm360.com\/wp-content\/uploads\/2023\/11\/Pierre-Flynn.jpg","type":"image\/jpeg"}],"twitter_card":"summary_large_image","twitter_site":"@PANM360","twitter_misc":{"Est. reading time":"9 minutes"},"schema":{"@context":"https:\/\/schema.org","@graph":[{"@type":"WebPage","@id":"https:\/\/panm360.com\/en\/interviews-panm360\/coup-de-coeur-francophone-50-ans-avec-pierre-flynn\/","url":"https:\/\/panm360.com\/en\/interviews-panm360\/coup-de-coeur-francophone-50-ans-avec-pierre-flynn\/","name":"Coup de c\u0153ur francophone | 50 ans avec Pierre Flynn - PAN M 360","isPartOf":{"@id":"https:\/\/panm360.com\/en\/#website"},"primaryImageOfPage":{"@id":"https:\/\/panm360.com\/en\/interviews-panm360\/coup-de-coeur-francophone-50-ans-avec-pierre-flynn\/#primaryimage"},"image":{"@id":"https:\/\/panm360.com\/en\/interviews-panm360\/coup-de-coeur-francophone-50-ans-avec-pierre-flynn\/#primaryimage"},"thumbnailUrl":"https:\/\/panm360.com\/wp-content\/uploads\/2023\/11\/Pierre-Flynn.jpg","datePublished":"2023-11-02T17:30:17+00:00","breadcrumb":{"@id":"https:\/\/panm360.com\/en\/interviews-panm360\/coup-de-coeur-francophone-50-ans-avec-pierre-flynn\/#breadcrumb"},"inLanguage":"en-US","potentialAction":[{"@type":"ReadAction","target":["https:\/\/panm360.com\/en\/interviews-panm360\/coup-de-coeur-francophone-50-ans-avec-pierre-flynn\/"]}]},{"@type":"ImageObject","inLanguage":"en-US","@id":"https:\/\/panm360.com\/en\/interviews-panm360\/coup-de-coeur-francophone-50-ans-avec-pierre-flynn\/#primaryimage","url":"https:\/\/panm360.com\/wp-content\/uploads\/2023\/11\/Pierre-Flynn.jpg","contentUrl":"https:\/\/panm360.com\/wp-content\/uploads\/2023\/11\/Pierre-Flynn.jpg","width":1081,"height":739},{"@type":"BreadcrumbList","@id":"https:\/\/panm360.com\/en\/interviews-panm360\/coup-de-coeur-francophone-50-ans-avec-pierre-flynn\/#breadcrumb","itemListElement":[{"@type":"ListItem","position":1,"name":"Accueil","item":"https:\/\/panm360.com\/en\/"},{"@type":"ListItem","position":2,"name":"Interviews","item":"https:\/\/panm360.com\/en\/interviews-panm360\/"},{"@type":"ListItem","position":3,"name":"Coup de c\u0153ur francophone | 50 ans avec Pierre Flynn"}]},{"@type":"WebSite","@id":"https:\/\/panm360.com\/en\/#website","url":"https:\/\/panm360.com\/en\/","name":"PAN M 360","description":"Le m\u00e9dia num\u00e9rique de la musique !","publisher":{"@id":"https:\/\/panm360.com\/en\/#organization"},"potentialAction":[{"@type":"SearchAction","target":{"@type":"EntryPoint","urlTemplate":"https:\/\/panm360.com\/en\/?s={search_term_string}"},"query-input":{"@type":"PropertyValueSpecification","valueRequired":true,"valueName":"search_term_string"}}],"inLanguage":"en-US"},{"@type":"Organization","@id":"https:\/\/panm360.com\/en\/#organization","name":"PAN M 360","url":"https:\/\/panm360.com\/en\/","logo":{"@type":"ImageObject","inLanguage":"en-US","@id":"https:\/\/panm360.com\/en\/#\/schema\/logo\/image\/","url":"https:\/\/panm360.com\/wp-content\/uploads\/2019\/12\/PAN-M360_Logo_RGB.jpg","contentUrl":"https:\/\/panm360.com\/wp-content\/uploads\/2019\/12\/PAN-M360_Logo_RGB.jpg","width":1663,"height":631,"caption":"PAN M 360"},"image":{"@id":"https:\/\/panm360.com\/en\/#\/schema\/logo\/image\/"},"sameAs":["https:\/\/www.facebook.com\/panm360\/","https:\/\/x.com\/PANM360","https:\/\/www.instagram.com\/panm360\/","https:\/\/www.linkedin.com\/company\/panm360\/","https:\/\/www.youtube.com\/channel\/UCHEFHd3UhIrV6EJ3ltzVKOA?view_as=subscriber"]}]}},"_links":{"self":[{"href":"https:\/\/panm360.com\/en\/wp-json\/wp\/v2\/interviews\/109952","targetHints":{"allow":["GET"]}}],"collection":[{"href":"https:\/\/panm360.com\/en\/wp-json\/wp\/v2\/interviews"}],"about":[{"href":"https:\/\/panm360.com\/en\/wp-json\/wp\/v2\/types\/interviews"}],"author":[{"embeddable":true,"href":"https:\/\/panm360.com\/en\/wp-json\/wp\/v2\/users\/277"}],"wp:featuredmedia":[{"embeddable":true,"href":"https:\/\/panm360.com\/en\/wp-json\/wp\/v2\/media\/109951"}],"wp:attachment":[{"href":"https:\/\/panm360.com\/en\/wp-json\/wp\/v2\/media?parent=109952"}],"wp:term":[{"taxonomy":"category","embeddable":true,"href":"https:\/\/panm360.com\/en\/wp-json\/wp\/v2\/categories?post=109952"},{"taxonomy":"post_tag","embeddable":true,"href":"https:\/\/panm360.com\/en\/wp-json\/wp\/v2\/tags?post=109952"},{"taxonomy":"genre","embeddable":true,"href":"https:\/\/panm360.com\/en\/wp-json\/wp\/v2\/genre?post=109952"}],"curies":[{"name":"wp","href":"https:\/\/api.w.org\/{rel}","templated":true}]}}