{"id":108192,"date":"2023-10-15T12:54:11","date_gmt":"2023-10-15T16:54:11","guid":{"rendered":"https:\/\/panm360.com\/interviews-panm360\/diva-du-fado-carminho-sait-de-quoi-elle-chante\/"},"modified":"2023-10-15T13:06:03","modified_gmt":"2023-10-15T17:06:03","slug":"diva-du-fado-carminho-sait-de-quoi-elle-chante","status":"publish","type":"interviews","link":"https:\/\/panm360.com\/en\/interviews-panm360\/diva-du-fado-carminho-sait-de-quoi-elle-chante\/","title":{"rendered":"Carminho, Fado diva knows what she&#8217;s singing about"},"content":{"rendered":"\n<p class=\"wp-block-paragraph\" style=\"font-size:24px\"><strong>The third North American tour of the high priestess of contemporary fado stops next Wednesday, October 18, at Th\u00e9\u00e2tre Outremont. Fans of the genre, including music lovers in our Portuguese community, have already acclaimed Carminho in 2015 and 2019. Without a doubt, this 39-year-old Portuguese artist can lay claim to diva status, and comes to defend the material on her recent album, Portuguesa, on the Warner Music label. Reached this week at the Chicago airport, our interviewee proves to be a (very) strong personality. Carminho knows what she&#8217;s talking (and singing) about, and has the confidence and stance of the giants of world music. Read on to find out, as did the author of these lines!<\/strong><\/p>\n\n\n\n<p class=\"wp-block-paragraph\" style=\"font-size:24px\"><\/p>\n\n\n\n<p class=\"wp-block-paragraph\" style=\"font-size:20px\"><strong>PAN M 360\u00a0:\u00a0 Wel are diving in an interesting chapter of your career at the sixth album, Portuguesa. And you&#8217;re coming with this material in Montreal? Are you going to sing mainly this material or something else?<\/strong><\/p>\n\n\n\n<p class=\"wp-block-paragraph\" style=\"font-size:20px\"><\/p>\n\n\n\n<p class=\"wp-block-paragraph\" style=\"font-size:20px\"><strong>Carminho\u00a0:<\/strong> Mainly the new album, but I always sing some fado from other albums. Sometimes I think also from theTom Jobim album, it depends on the night or the audience and what they ask.<\/p>\n\n\n\n<p class=\"wp-block-paragraph\" style=\"font-size:20px\"><\/p>\n\n\n\n<p class=\"wp-block-paragraph\" style=\"font-size:20px\"><strong>PAN M 360\u00a0: Do you\u00a0 sing to the requests sometimes?<\/strong><\/p>\n\n\n\n<p class=\"wp-block-paragraph\" style=\"font-size:20px\"><\/p>\n\n\n\n<p class=\"wp-block-paragraph\" style=\"font-size:20px\"><strong>Carminho\u00a0:<\/strong> Sometimes, yes. It&#8217;s nice.<\/p>\n\n\n\n<p class=\"wp-block-paragraph\" style=\"font-size:20px\"><\/p>\n\n\n\n<p class=\"wp-block-paragraph\" style=\"font-size:20px\"><strong>PAN M 360\u00a0:\u00a0 You&#8217;re totally rooted in the tradition. When we listen to your music. I listened to a few albums, and especially the last one. And it&#8217;s a very classic approach. How do you see it yourself?<\/strong><\/p>\n\n\n\n<p class=\"wp-block-paragraph\" style=\"font-size:20px\"><\/p>\n\n\n\n<p class=\"wp-block-paragraph\" style=\"font-size:20px\"><strong>Carminho\u00a0: <\/strong>\u00a0Fado is my language, Fado is just a medium to reach what I love to do. It&#8217;s not an exercise of memory, so I don&#8217;t see myself as a traditional singer. Well I see myself as a traditionalist, but I use it to serve my own speech, a sensibility according to my age, my generation, my experience today. Somehow I&#8217;m contaminated by the music of my generation, music that I listen to, artists that I see and that inspire me. So there&#8217;s a lot of new things running ! And I also see some experimental opportunities in my own style of Fado. For me, it&#8217;s not something that is over, you see, the tradition is not finished at all. Fado is so alive, so dynamic, we are doing and continuing what we believe that can be done. Fado could be a lot of things, it depends on each artist.<\/p>\n\n\n\n<p class=\"wp-block-paragraph\" style=\"font-size:20px\"><\/p>\n\n\n\n<p class=\"wp-block-paragraph\" style=\"font-size:20px\"><strong>PAN M 360\u00a0: So your relation with tradition is sort of endless renewal.<\/strong><\/p>\n\n\n\n<p class=\"wp-block-paragraph\" style=\"font-size:20px\"><\/p>\n\n\n\n<p class=\"wp-block-paragraph\" style=\"font-size:20px\"><strong>Carminho\u00a0:<\/strong> It&#8217;s a dynamic relationship and I don&#8217;t have the pretension to change Fado. I\u2019m just practicing my art and small things happen through my own experience.<\/p>\n\n\n\n<p class=\"wp-block-paragraph\" style=\"font-size:20px\"><\/p>\n\n\n\n<p class=\"wp-block-paragraph\" style=\"font-size:20px\"><strong>PAN M 360\u00a0: Then in what way the modern times your generation is influencing Fado formally in your music, in your expression and your singing?\u00a0\u00a0<\/strong><\/p>\n\n\n\n<p class=\"wp-block-paragraph\" style=\"font-size:20px\"><\/p>\n\n\n\n<p class=\"wp-block-paragraph\" style=\"font-size:20px\"><strong>Carminho\u00a0:<\/strong> It&#8217;s not easy to give examples because it&#8217;s a process in the studio; when you practice or record, you are open to new textures, new instruments. My experience in Brazil for example; while working with them, I was so inspired by their freedom for sharing different ways of writing songs or playing. When I dig in the old traditions, I also find that artists have built their own repertoires originally, not just doing classical or standard. For example Marceneiro composed all his Fados, so he was a progressive artist of his time. So I was very inspired to compose new traditional Fados because it&#8217;s possible, it&#8217;s just the way you compose. Also putting new lyrics on old songs is also something that we can do,\u00a0 so we can bring the tradition and say new things.<\/p>\n\n\n\n<p class=\"wp-block-paragraph\" style=\"font-size:20px\"><\/p>\n\n\n\n<p class=\"wp-block-paragraph\" style=\"font-size:20px\"><strong>PAN M 360\u00a0: Your instrumentation is, you know, is drawing into classical music from your rendition and revision. So you have Portuguese guitar, you have classical guitar. Interesting. So, you mix different traditions into this one.\u00a0<\/strong><\/p>\n\n\n\n<p class=\"wp-block-paragraph\" style=\"font-size:20px\"><\/p>\n\n\n\n<p class=\"wp-block-paragraph\" style=\"font-size:20px\"><strong>Carminho\u00a0: <\/strong>Yes I have Portuguese guitar and classical guitar which is the traditional Fado instrumentation of, okay, and then the three are the traditional formation. And I also have electrical guitars, lap steel and also Mellotron.<\/p>\n\n\n\n<p class=\"wp-block-paragraph\" style=\"font-size:20px\"><\/p>\n\n\n\n<p class=\"wp-block-paragraph\" style=\"font-size:20px\"><strong>PAN M 360\u00a0: Mellotron and lap steel? This is a sort of innovation in a way.<\/strong><\/p>\n\n\n\n<p class=\"wp-block-paragraph\" style=\"font-size:20px\"><\/p>\n\n\n\n<p class=\"wp-block-paragraph\" style=\"font-size:20px\"><strong>Carminho\u00a0:<\/strong> This is a process, I don\u2019t use the word innovation because I don&#8217;t feel myself innovating. I just I just be myself doing experiences in the studio and being happy with it. I also want to get the emotion through this storytelling you see. Then sometimes new textures and ambience can help the storytelling and for me, Fado allows me freedom. So we can not define what is exactly the true tradition. It may be something different to you. It&#8217;s something else to me&#8230;<\/p>\n\n\n\n<p class=\"wp-block-paragraph\" style=\"font-size:20px\"><\/p>\n\n\n\n<p class=\"wp-block-paragraph\" style=\"font-size:20px\"><strong>PAN M 360\u00a0: You&#8217;re right, tradition never ends. It&#8217;s not a matter of being revolutionary, you just follow the flow. Expressing yourself through this,\u00a0 something new can emerge without wanting it. If you play Bach, you will find some new ways to express it, but at the same time you must play the score properly.<\/strong><\/p>\n\n\n\n<p class=\"wp-block-paragraph\" style=\"font-size:20px\"><\/p>\n\n\n\n<p class=\"wp-block-paragraph\" style=\"font-size:20px\"><strong>Carminho\u00a0: <\/strong>Exactly. There&#8217;s something that can contaminate what you&#8217;re doing in music, even if you are doing it in a traditional way.<\/p>\n\n\n\n<p class=\"wp-block-paragraph\" style=\"font-size:20px\"><\/p>\n\n\n\n<p class=\"wp-block-paragraph\" style=\"font-size:20px\"><strong>PAN M 360\u00a0: You also have been invited to\u00a0 perform work with famous artists.\u00a0 Caetano Veloso is one of them.\u00a0 How was it?<\/strong><\/p>\n\n\n\n<p class=\"wp-block-paragraph\" style=\"font-size:20px\"><\/p>\n\n\n\n<p class=\"wp-block-paragraph\" style=\"font-size:20px\"><strong>Carminho\u00a0:<\/strong> I met him in Brazil. So nice! And yeah, he&#8217;s a great artist. It became a huge friendship between us.\u00a0 He&#8217;s a master, he\u00a0 is a personality, a performer, a musician, a composer that I admire the most. He is one of my favorite artists in the world. And, it&#8217;s an honor for me to share the stage with him. We had some interesting discussions about the Portuguese language when I put out my album of Tom Jobim &#8211; I have been invited by the family of Tom Jobim to make this album with the original band, that was such an incredible experience. Then Caetano started some discussion with me because he disagreed with my options of Portuguese language and Brazilian Portuguese.So I was looking for my own expression and maybe I was misunderstood. So Caetano has his point of view about my choice. It was incredible to discuss that with him. In the end, he invited me to sing! And then, and then he invited me to tour with him in Portugal. It was an incredible moment for me to be with him to be with his incredible team. A very special moment.\u00a0\u00a0<\/p>\n\n\n\n<p class=\"wp-block-paragraph\" style=\"font-size:20px\"><\/p>\n\n\n\n<p class=\"wp-block-paragraph\" style=\"font-size:20px\"><strong>PAN M 360\u00a0: Montreal might be also a special moment. After this North American tour, will you work on\u00a0 new projects?<\/strong><\/p>\n\n\n\n<p class=\"wp-block-paragraph\" style=\"font-size:20px\"><\/p>\n\n\n\n<p class=\"wp-block-paragraph\" style=\"font-size:20px\"><strong>Carminho\u00a0: <\/strong>\u00a0I&#8217;m always working on new projects, I\u2019m always in the process of getting new repertoire, new opportunities to record with my band.<\/p>\n\n\n\n<p class=\"wp-block-paragraph\" style=\"font-size:20px\"><\/p>\n\n\n\n<p class=\"wp-block-paragraph\" style=\"font-size:20px\"><strong>Carminho sera \u00e0 \u00a0<\/strong><a href=\"https:\/\/app.cyberimpact.com\/click-tracking?ct=b6tJN5R8CJCO_ZrIU1s-OHn6V4tSuuo5Xk-6IdwH8Z576yknN7bK_EsJjdVktFFZXmfiOiRa7JmicfLNsQa6uE6I3atRNOTvfZIKdrkLH_U~\"><strong>Vancouver<\/strong><\/a><strong>\u00a0le 15 octobre, \u00e0 \u00a0<\/strong><a href=\"https:\/\/app.cyberimpact.com\/click-tracking?ct=Xl8rSz1bMwiFXWUl6NcXYtKNMIz61xUk8XpkqA3f1f6WhAkxrrOFF6T5-D3wvtEDWA4naHeOaFnEkklv-3XE2WzqbPbe_x7_8MCudOBcxGU~\"><strong>Montr\u00e9al<\/strong><\/a><strong>\u00a0le 18 octobre, \u00e0 <\/strong><a href=\"https:\/\/app.cyberimpact.com\/click-tracking?ct=-FBGWid3Ab9fbDX9kfkQ_H_mGwgtxhL3aoZbLNFXRRc0lrPSUZNT4YtNkmUqVjFMMOswJckqxQACdAEm3rIuO4QitWe4ybeuBQ8bUd11brc~\"><strong>Toronto<\/strong><\/a><strong>\u00a0le 21 octobre. Elle interpr\u00e9tera la mati\u00e8re de Portuguesa,son plus r\u00e9cent album, r\u00e9pertoire assorti de chansons enregistr\u00e9es ant\u00e9rieurement.\u00a0<\/strong><\/p>\n\n\n\n<p class=\"wp-block-paragraph\" style=\"font-size:20px\"><\/p>\n\n\n\n<p class=\"wp-block-paragraph\" style=\"font-size:29px\"><strong><a href=\"https:\/\/theatreoutremont.ca\/evenements\/spectacles\/paroles-et-musique\/carminho\/\" data-type=\"link\" data-id=\"https:\/\/theatreoutremont.ca\/evenements\/spectacles\/paroles-et-musique\/carminho\/\">INFOS AND TICKETS HERE<\/a><\/strong><\/p>\n\n\n\n<p class=\"wp-block-paragraph\"><\/p>\n\n\n\n<p class=\"wp-block-paragraph\"><\/p>\n\n\n\n<p class=\"wp-block-paragraph\"><strong>PERSONNEL&nbsp;:<\/strong><\/p>\n\n\n\n<p class=\"wp-block-paragraph\"><strong>Carminho&nbsp;:<\/strong>&nbsp;chant&nbsp;<\/p>\n\n\n\n<p class=\"wp-block-paragraph\"><strong>Andr\u00e9 Dias :<\/strong>&nbsp;guitare portugaise<\/p>\n\n\n\n<p class=\"wp-block-paragraph\"><strong>Fl\u00e1vio Cardoso :<\/strong>&nbsp;viola de fado<\/p>\n\n\n\n<p class=\"wp-block-paragraph\"><strong>Tiago Maia :<\/strong>&nbsp;basse<\/p>\n\n\n\n<p class=\"wp-block-paragraph\"><strong>Pedro Geraldes :<\/strong>&nbsp;guitare lap steel<\/p>\n\n\n\n<p class=\"wp-block-paragraph\" style=\"font-size:24px\"> <\/p>\n\n\n\n<p class=\"wp-block-paragraph\"><\/p>\n\n\n\n<p class=\"wp-block-paragraph\"><strong>_______________________________________<\/strong><\/p>\n","protected":false},"excerpt":{"rendered":"<p>The third North American tour of the high priestess of contemporary fado stops next Wednesday, October 18, at Th\u00e9\u00e2tre Outremont. Fans of the genre, including music lovers in our Portuguese community, have already acclaimed Carminho in 2015 and 2019. Without a doubt, this 39-year-old Portuguese artist can lay claim to diva status, and comes to [&hellip;]<\/p>\n","protected":false},"author":36,"featured_media":108206,"menu_order":0,"template":"","format":"standard","meta":{"_acf_changed":false,"_crdt_document":""},"categories":[],"tags":[],"genre":[4255],"class_list":["post-108192","interviews","type-interviews","status-publish","format-standard","has-post-thumbnail","hentry","genre-fado-en"],"acf":[],"yoast_head":"<!-- This site is optimized with the Yoast SEO plugin v27.4 - https:\/\/yoast.com\/product\/yoast-seo-wordpress\/ -->\n<title>Carminho, Fado diva knows what she&#039;s singing about - PAN M 360<\/title>\n<meta name=\"robots\" content=\"index, follow, max-snippet:-1, max-image-preview:large, max-video-preview:-1\" \/>\n<link rel=\"canonical\" href=\"https:\/\/panm360.com\/en\/interviews-panm360\/diva-du-fado-carminho-sait-de-quoi-elle-chante\/\" \/>\n<meta property=\"og:locale\" content=\"en_US\" \/>\n<meta property=\"og:type\" content=\"article\" \/>\n<meta property=\"og:title\" content=\"Carminho, Fado diva knows what she&#039;s singing about - PAN M 360\" \/>\n<meta property=\"og:description\" content=\"The third North American tour of the high priestess of contemporary fado stops next Wednesday, October 18, at Th\u00e9\u00e2tre Outremont. Fans of the genre, including music lovers in our Portuguese community, have already acclaimed Carminho in 2015 and 2019. Without a doubt, this 39-year-old Portuguese artist can lay claim to diva status, and comes to [&hellip;]\" \/>\n<meta property=\"og:url\" content=\"https:\/\/panm360.com\/en\/interviews-panm360\/diva-du-fado-carminho-sait-de-quoi-elle-chante\/\" \/>\n<meta property=\"og:site_name\" content=\"PAN M 360\" \/>\n<meta property=\"article:publisher\" content=\"https:\/\/www.facebook.com\/panm360\/\" \/>\n<meta property=\"article:modified_time\" content=\"2023-10-15T17:06:03+00:00\" \/>\n<meta property=\"og:image\" content=\"https:\/\/panm360.com\/wp-content\/uploads\/2023\/10\/carminho-4.jpg\" \/>\n\t<meta property=\"og:image:width\" content=\"1152\" \/>\n\t<meta property=\"og:image:height\" content=\"687\" \/>\n\t<meta property=\"og:image:type\" content=\"image\/jpeg\" \/>\n<meta name=\"twitter:card\" content=\"summary_large_image\" \/>\n<meta name=\"twitter:site\" content=\"@PANM360\" \/>\n<meta name=\"twitter:label1\" content=\"Est. reading time\" \/>\n\t<meta name=\"twitter:data1\" content=\"6 minutes\" \/>\n<script type=\"application\/ld+json\" class=\"yoast-schema-graph\">{\"@context\":\"https:\\\/\\\/schema.org\",\"@graph\":[{\"@type\":\"WebPage\",\"@id\":\"https:\\\/\\\/panm360.com\\\/en\\\/interviews-panm360\\\/diva-du-fado-carminho-sait-de-quoi-elle-chante\\\/\",\"url\":\"https:\\\/\\\/panm360.com\\\/en\\\/interviews-panm360\\\/diva-du-fado-carminho-sait-de-quoi-elle-chante\\\/\",\"name\":\"Carminho, Fado diva knows what she's singing about - PAN M 360\",\"isPartOf\":{\"@id\":\"https:\\\/\\\/panm360.com\\\/en\\\/#website\"},\"primaryImageOfPage\":{\"@id\":\"https:\\\/\\\/panm360.com\\\/en\\\/interviews-panm360\\\/diva-du-fado-carminho-sait-de-quoi-elle-chante\\\/#primaryimage\"},\"image\":{\"@id\":\"https:\\\/\\\/panm360.com\\\/en\\\/interviews-panm360\\\/diva-du-fado-carminho-sait-de-quoi-elle-chante\\\/#primaryimage\"},\"thumbnailUrl\":\"https:\\\/\\\/panm360.com\\\/wp-content\\\/uploads\\\/2023\\\/10\\\/carminho-4.jpg\",\"datePublished\":\"2023-10-15T16:54:11+00:00\",\"dateModified\":\"2023-10-15T17:06:03+00:00\",\"breadcrumb\":{\"@id\":\"https:\\\/\\\/panm360.com\\\/en\\\/interviews-panm360\\\/diva-du-fado-carminho-sait-de-quoi-elle-chante\\\/#breadcrumb\"},\"inLanguage\":\"en-US\",\"potentialAction\":[{\"@type\":\"ReadAction\",\"target\":[\"https:\\\/\\\/panm360.com\\\/en\\\/interviews-panm360\\\/diva-du-fado-carminho-sait-de-quoi-elle-chante\\\/\"]}]},{\"@type\":\"ImageObject\",\"inLanguage\":\"en-US\",\"@id\":\"https:\\\/\\\/panm360.com\\\/en\\\/interviews-panm360\\\/diva-du-fado-carminho-sait-de-quoi-elle-chante\\\/#primaryimage\",\"url\":\"https:\\\/\\\/panm360.com\\\/wp-content\\\/uploads\\\/2023\\\/10\\\/carminho-4.jpg\",\"contentUrl\":\"https:\\\/\\\/panm360.com\\\/wp-content\\\/uploads\\\/2023\\\/10\\\/carminho-4.jpg\",\"width\":1152,\"height\":687},{\"@type\":\"BreadcrumbList\",\"@id\":\"https:\\\/\\\/panm360.com\\\/en\\\/interviews-panm360\\\/diva-du-fado-carminho-sait-de-quoi-elle-chante\\\/#breadcrumb\",\"itemListElement\":[{\"@type\":\"ListItem\",\"position\":1,\"name\":\"Accueil\",\"item\":\"https:\\\/\\\/panm360.com\\\/en\\\/\"},{\"@type\":\"ListItem\",\"position\":2,\"name\":\"Interviews\",\"item\":\"https:\\\/\\\/panm360.com\\\/en\\\/interviews-panm360\\\/\"},{\"@type\":\"ListItem\",\"position\":3,\"name\":\"Carminho, Fado diva knows what she&#8217;s singing about\"}]},{\"@type\":\"WebSite\",\"@id\":\"https:\\\/\\\/panm360.com\\\/en\\\/#website\",\"url\":\"https:\\\/\\\/panm360.com\\\/en\\\/\",\"name\":\"PAN M 360\",\"description\":\"Le m\u00e9dia num\u00e9rique de la musique !\",\"publisher\":{\"@id\":\"https:\\\/\\\/panm360.com\\\/en\\\/#organization\"},\"potentialAction\":[{\"@type\":\"SearchAction\",\"target\":{\"@type\":\"EntryPoint\",\"urlTemplate\":\"https:\\\/\\\/panm360.com\\\/en\\\/?s={search_term_string}\"},\"query-input\":{\"@type\":\"PropertyValueSpecification\",\"valueRequired\":true,\"valueName\":\"search_term_string\"}}],\"inLanguage\":\"en-US\"},{\"@type\":\"Organization\",\"@id\":\"https:\\\/\\\/panm360.com\\\/en\\\/#organization\",\"name\":\"PAN M 360\",\"url\":\"https:\\\/\\\/panm360.com\\\/en\\\/\",\"logo\":{\"@type\":\"ImageObject\",\"inLanguage\":\"en-US\",\"@id\":\"https:\\\/\\\/panm360.com\\\/en\\\/#\\\/schema\\\/logo\\\/image\\\/\",\"url\":\"https:\\\/\\\/panm360.com\\\/wp-content\\\/uploads\\\/2019\\\/12\\\/PAN-M360_Logo_RGB.jpg\",\"contentUrl\":\"https:\\\/\\\/panm360.com\\\/wp-content\\\/uploads\\\/2019\\\/12\\\/PAN-M360_Logo_RGB.jpg\",\"width\":1663,\"height\":631,\"caption\":\"PAN M 360\"},\"image\":{\"@id\":\"https:\\\/\\\/panm360.com\\\/en\\\/#\\\/schema\\\/logo\\\/image\\\/\"},\"sameAs\":[\"https:\\\/\\\/www.facebook.com\\\/panm360\\\/\",\"https:\\\/\\\/x.com\\\/PANM360\",\"https:\\\/\\\/www.instagram.com\\\/panm360\\\/\",\"https:\\\/\\\/www.linkedin.com\\\/company\\\/panm360\\\/\",\"https:\\\/\\\/www.youtube.com\\\/channel\\\/UCHEFHd3UhIrV6EJ3ltzVKOA?view_as=subscriber\"]}]}<\/script>\n<!-- \/ Yoast SEO plugin. -->","yoast_head_json":{"title":"Carminho, Fado diva knows what she's singing about - PAN M 360","robots":{"index":"index","follow":"follow","max-snippet":"max-snippet:-1","max-image-preview":"max-image-preview:large","max-video-preview":"max-video-preview:-1"},"canonical":"https:\/\/panm360.com\/en\/interviews-panm360\/diva-du-fado-carminho-sait-de-quoi-elle-chante\/","og_locale":"en_US","og_type":"article","og_title":"Carminho, Fado diva knows what she's singing about - PAN M 360","og_description":"The third North American tour of the high priestess of contemporary fado stops next Wednesday, October 18, at Th\u00e9\u00e2tre Outremont. Fans of the genre, including music lovers in our Portuguese community, have already acclaimed Carminho in 2015 and 2019. Without a doubt, this 39-year-old Portuguese artist can lay claim to diva status, and comes to [&hellip;]","og_url":"https:\/\/panm360.com\/en\/interviews-panm360\/diva-du-fado-carminho-sait-de-quoi-elle-chante\/","og_site_name":"PAN M 360","article_publisher":"https:\/\/www.facebook.com\/panm360\/","article_modified_time":"2023-10-15T17:06:03+00:00","og_image":[{"width":1152,"height":687,"url":"https:\/\/panm360.com\/wp-content\/uploads\/2023\/10\/carminho-4.jpg","type":"image\/jpeg"}],"twitter_card":"summary_large_image","twitter_site":"@PANM360","twitter_misc":{"Est. reading time":"6 minutes"},"schema":{"@context":"https:\/\/schema.org","@graph":[{"@type":"WebPage","@id":"https:\/\/panm360.com\/en\/interviews-panm360\/diva-du-fado-carminho-sait-de-quoi-elle-chante\/","url":"https:\/\/panm360.com\/en\/interviews-panm360\/diva-du-fado-carminho-sait-de-quoi-elle-chante\/","name":"Carminho, Fado diva knows what she's singing about - PAN M 360","isPartOf":{"@id":"https:\/\/panm360.com\/en\/#website"},"primaryImageOfPage":{"@id":"https:\/\/panm360.com\/en\/interviews-panm360\/diva-du-fado-carminho-sait-de-quoi-elle-chante\/#primaryimage"},"image":{"@id":"https:\/\/panm360.com\/en\/interviews-panm360\/diva-du-fado-carminho-sait-de-quoi-elle-chante\/#primaryimage"},"thumbnailUrl":"https:\/\/panm360.com\/wp-content\/uploads\/2023\/10\/carminho-4.jpg","datePublished":"2023-10-15T16:54:11+00:00","dateModified":"2023-10-15T17:06:03+00:00","breadcrumb":{"@id":"https:\/\/panm360.com\/en\/interviews-panm360\/diva-du-fado-carminho-sait-de-quoi-elle-chante\/#breadcrumb"},"inLanguage":"en-US","potentialAction":[{"@type":"ReadAction","target":["https:\/\/panm360.com\/en\/interviews-panm360\/diva-du-fado-carminho-sait-de-quoi-elle-chante\/"]}]},{"@type":"ImageObject","inLanguage":"en-US","@id":"https:\/\/panm360.com\/en\/interviews-panm360\/diva-du-fado-carminho-sait-de-quoi-elle-chante\/#primaryimage","url":"https:\/\/panm360.com\/wp-content\/uploads\/2023\/10\/carminho-4.jpg","contentUrl":"https:\/\/panm360.com\/wp-content\/uploads\/2023\/10\/carminho-4.jpg","width":1152,"height":687},{"@type":"BreadcrumbList","@id":"https:\/\/panm360.com\/en\/interviews-panm360\/diva-du-fado-carminho-sait-de-quoi-elle-chante\/#breadcrumb","itemListElement":[{"@type":"ListItem","position":1,"name":"Accueil","item":"https:\/\/panm360.com\/en\/"},{"@type":"ListItem","position":2,"name":"Interviews","item":"https:\/\/panm360.com\/en\/interviews-panm360\/"},{"@type":"ListItem","position":3,"name":"Carminho, Fado diva knows what she&#8217;s singing about"}]},{"@type":"WebSite","@id":"https:\/\/panm360.com\/en\/#website","url":"https:\/\/panm360.com\/en\/","name":"PAN M 360","description":"Le m\u00e9dia num\u00e9rique de la musique !","publisher":{"@id":"https:\/\/panm360.com\/en\/#organization"},"potentialAction":[{"@type":"SearchAction","target":{"@type":"EntryPoint","urlTemplate":"https:\/\/panm360.com\/en\/?s={search_term_string}"},"query-input":{"@type":"PropertyValueSpecification","valueRequired":true,"valueName":"search_term_string"}}],"inLanguage":"en-US"},{"@type":"Organization","@id":"https:\/\/panm360.com\/en\/#organization","name":"PAN M 360","url":"https:\/\/panm360.com\/en\/","logo":{"@type":"ImageObject","inLanguage":"en-US","@id":"https:\/\/panm360.com\/en\/#\/schema\/logo\/image\/","url":"https:\/\/panm360.com\/wp-content\/uploads\/2019\/12\/PAN-M360_Logo_RGB.jpg","contentUrl":"https:\/\/panm360.com\/wp-content\/uploads\/2019\/12\/PAN-M360_Logo_RGB.jpg","width":1663,"height":631,"caption":"PAN M 360"},"image":{"@id":"https:\/\/panm360.com\/en\/#\/schema\/logo\/image\/"},"sameAs":["https:\/\/www.facebook.com\/panm360\/","https:\/\/x.com\/PANM360","https:\/\/www.instagram.com\/panm360\/","https:\/\/www.linkedin.com\/company\/panm360\/","https:\/\/www.youtube.com\/channel\/UCHEFHd3UhIrV6EJ3ltzVKOA?view_as=subscriber"]}]}},"_links":{"self":[{"href":"https:\/\/panm360.com\/en\/wp-json\/wp\/v2\/interviews\/108192","targetHints":{"allow":["GET"]}}],"collection":[{"href":"https:\/\/panm360.com\/en\/wp-json\/wp\/v2\/interviews"}],"about":[{"href":"https:\/\/panm360.com\/en\/wp-json\/wp\/v2\/types\/interviews"}],"author":[{"embeddable":true,"href":"https:\/\/panm360.com\/en\/wp-json\/wp\/v2\/users\/36"}],"wp:featuredmedia":[{"embeddable":true,"href":"https:\/\/panm360.com\/en\/wp-json\/wp\/v2\/media\/108206"}],"wp:attachment":[{"href":"https:\/\/panm360.com\/en\/wp-json\/wp\/v2\/media?parent=108192"}],"wp:term":[{"taxonomy":"category","embeddable":true,"href":"https:\/\/panm360.com\/en\/wp-json\/wp\/v2\/categories?post=108192"},{"taxonomy":"post_tag","embeddable":true,"href":"https:\/\/panm360.com\/en\/wp-json\/wp\/v2\/tags?post=108192"},{"taxonomy":"genre","embeddable":true,"href":"https:\/\/panm360.com\/en\/wp-json\/wp\/v2\/genre?post=108192"}],"curies":[{"name":"wp","href":"https:\/\/api.w.org\/{rel}","templated":true}]}}