{"id":101297,"date":"2023-07-07T23:30:00","date_gmt":"2023-07-08T03:30:00","guid":{"rendered":"https:\/\/panm360.com\/?post_type=interviews&#038;p=101297"},"modified":"2023-07-07T13:02:35","modified_gmt":"2023-07-07T17:02:35","slug":"the-multifaceted-songs-and-music-of-meduse","status":"publish","type":"interviews","link":"https:\/\/panm360.com\/en\/interviews-panm360\/the-multifaceted-songs-and-music-of-meduse\/","title":{"rendered":"The Multifaceted Songs and Music of M\u00e9duse"},"content":{"rendered":"\n<p class=\"wp-block-paragraph\" style=\"font-size:24px\"><strong>Last April, Productions Nuits d&#8217;Afrique held the 16th edition of its annual Sylis d&#8217;or de la musique du monde Made in Montr\u00e9al competition. It&#8217;s a competition that&#8217;s become a fixture on the city&#8217;s music scene. Of the many bands that didn&#8217;t make it through to the final, we at PAN M 360 have picked out four that we&#8217;d like to make better known to the general public. The context being what it is in competitions, the semi-finalists are all too easily and quickly forgotten.\u00a0<\/strong><\/p>\n\n\n\n<p class=\"wp-block-paragraph\" style=\"font-size:24px\"><strong>M\u00e9duse is one of these groups that caught the attention of music lovers lucky enough to be at Club Balattou on 20 April 2023 in Montreal. A mix of music ranging from Latino to Balkan folk, with an exciting sprinkling of operatic vocal flights, M\u00e9duse&#8217;s product convinces everyone with the exceptional quality of its collective musicality and the technical finesse displayed by the individuals who form its essence. The group itself seems reluctant to give itself a precise definition: alternative world? International folk? Exotic song? Trad opera? A bit of everything, probably.<\/strong><\/p>\n\n\n\n<p class=\"wp-block-paragraph\" style=\"font-size:24px\"><strong>We were very impressed by the <\/strong><a href=\"https:\/\/medusemusique.wixsite.com\/meduse\" target=\"_blank\" rel=\"noreferrer noopener\"><strong>M\u00e9duse<\/strong><\/a><strong> performance: Gabrielle Cloutier (vocals), Joshua Greenberg (guitar, banjo), Nicolas Lafortune (percussion), Nomino\u00eb Crawford (violin), Olivier Salazar (keyboard) and Blanche M\u00e9th\u00e9 (tuba). So, we wanted to give them the visibility they deserve, in keeping with the high quality of the ensemble&#8217;s live performances.<\/strong><\/p>\n\n\n\n<p class=\"wp-block-paragraph\" style=\"font-size:24px\"><strong>Meet one of our favorites from the Sylis d&#8217;or 2023 semi-finals:\u00a0 <\/strong><a href=\"https:\/\/www.facebook.com\/medusemusique\" target=\"_blank\" rel=\"noreferrer noopener\"><strong>M\u00e9duse<\/strong><\/a><strong>.<\/strong><\/p>\n\n\n\n<figure class=\"wp-block-embed is-type-video is-provider-youtube wp-block-embed-youtube wp-embed-aspect-16-9 wp-has-aspect-ratio\"><div class=\"wp-block-embed__wrapper\">\n<iframe loading=\"lazy\" title=\"Plume d&#039;Or - M\u00e9duse\" width=\"500\" height=\"281\" src=\"https:\/\/www.youtube.com\/embed\/9a2rfafgtmI?feature=oembed\" frameborder=\"0\" allow=\"accelerometer; autoplay; clipboard-write; encrypted-media; gyroscope; picture-in-picture; web-share\" referrerpolicy=\"strict-origin-when-cross-origin\" allowfullscreen><\/iframe>\n<\/div><\/figure>\n\n\n\n<p class=\"wp-block-paragraph\" style=\"font-size:20px\"><strong>PAN M 360: We&#8217;d like to give you the opportunity to be better known by a wider public, so let&#8217;s start at the beginning: how did the band come about?<\/strong><\/p>\n\n\n\n<p class=\"wp-block-paragraph\" style=\"font-size:20px\"><strong>M\u00e9duse: (Gabrielle) <\/strong>Josh started the project. We knew each other and he offered to let me sing and come up with melodies, or even write them, so that we could do something linked to the world of trad and acoustic jazz. We found lots of other members of the scene, which is a big gang but everyone knows everyone else. Most of us came through Saint-Lo (the Saint-Laurent CEGEP). It was during the pandemic, so we had a bit of time to put the thing together. But it happened very quickly. Within a few months, we were accepted for a residency project at Mont-Louis in Gasp\u00e9sie (August 2022). We had to design a show and put it on that same evening! Just like that. That was the birth of M\u00e9duse.<\/p>\n\n\n\n<p class=\"wp-block-paragraph\" style=\"font-size:20px\"><strong><strong>PAN<\/strong> M 360: M\u00e9duse is a happy blend, a special mix of traditional, classical, jazz and lots of other things. How do you strike the right balance?<\/strong><\/p>\n\n\n\n<p class=\"wp-block-paragraph\" style=\"font-size:20px\"><strong>M\u00e9duse: <\/strong>Nomino\u00eb brings a lot of ideas and compositions from the violin. Then we add a bunch of parts inspired by our personal musical identities. My background is classical singing (I did a Master&#8217;s at McGill in early music and baroque), Josh has links with Turkish-Greek music, and European traditional music in general, Olivier comes from jazz, Blanche too, but with a classical foot, Nico is into Latin percussion&#8230; In short, it&#8217;s all that.<\/p>\n\n\n\n<p class=\"wp-block-paragraph\" style=\"font-size:20px\"><strong><strong>PAN <\/strong>M 360: It&#8217;s all that, but at the same time you have to tie all these influences together in a coherent and convincing way. Which is what I think you did at the Sylis d&#8217;or. Let&#8217;s talk about the Sylis. It&#8217;s a great showcase for you?<\/strong><\/p>\n\n\n\n<p class=\"wp-block-paragraph\" style=\"font-size:20px\"><strong>M\u00e9duse: <\/strong>Oh yes, absolutely! It&#8217;s a great asset to be able to have a bill there, even if it&#8217;s only for 2 or 3 concerts.&nbsp;<\/p>\n\n\n\n<figure class=\"wp-block-image size-full\"><img loading=\"lazy\" decoding=\"async\" width=\"600\" height=\"800\" src=\"https:\/\/panm360.com\/wp-content\/uploads\/2023\/07\/Meduse-Calendrier-ete-2023.jpg\" alt=\"\" class=\"wp-image-101301\" srcset=\"https:\/\/panm360.com\/wp-content\/uploads\/2023\/07\/Meduse-Calendrier-ete-2023.jpg 600w, https:\/\/panm360.com\/wp-content\/uploads\/2023\/07\/Meduse-Calendrier-ete-2023-768x1024.jpg 768w, https:\/\/panm360.com\/wp-content\/uploads\/2023\/07\/Meduse-Calendrier-ete-2023-1152x1536.jpg 1152w, https:\/\/panm360.com\/wp-content\/uploads\/2023\/07\/Meduse-Calendrier-ete-2023-200x267.jpg 200w, https:\/\/panm360.com\/wp-content\/uploads\/2023\/07\/Meduse-Calendrier-ete-2023-300x400.jpg 300w, https:\/\/panm360.com\/wp-content\/uploads\/2023\/07\/Meduse-Calendrier-ete-2023-400x533.jpg 400w, https:\/\/panm360.com\/wp-content\/uploads\/2023\/07\/Meduse-Calendrier-ete-2023-500x667.jpg 500w\" sizes=\"auto, (max-width: 600px) 100vw, 600px\" \/><\/figure>\n\n\n\n<p class=\"wp-block-paragraph\" style=\"font-size:20px\"><strong><strong>PAN<\/strong> M 360: There are so many good bands and artists in Montreal. The Sylis don&#8217;t give them all the chance to express themselves as often as they deserve. They just don\u2019t have enough room. What else is there to support bands like yours? And conversely, what is missing?<\/strong><\/p>\n\n\n\n<p class=\"wp-block-paragraph\" style=\"font-size:20px\"><strong>M\u00e9duse: <\/strong>The CAM (Conseil des Arts de Montr\u00e9al) on tour is very good. But again, there are a lot of applicants and places are limited, which is normal. What&#8217;s missing the most are intermediate venues to play. There are the small bars and there are the good, big venues. Nothing in between. There used to be the Divan Orange, but it&#8217;s closed. There&#8217;s nothing like it now. It&#8217;s a big void.<\/p>\n\n\n\n<p class=\"wp-block-paragraph\" style=\"font-size:20px\"><strong><strong>PAN <\/strong>M 360: You&#8217;re not the only ones to have told me that. I hope that someone (and even more than one) will take over. That said, it&#8217;s a tough niche and the income is meagre&#8230;. Are you satisfied with your performance?<\/strong><\/p>\n\n\n\n<p class=\"wp-block-paragraph\" style=\"font-size:20px\"><strong>M\u00e9duse: <\/strong>Yes, under the circumstances. I had two ear infections! But I don&#8217;t think it showed.<\/p>\n\n\n\n<p class=\"wp-block-paragraph\" style=\"font-size:20px\"><strong><strong>PAN <\/strong>M 360: I can confirm that<\/strong><\/p>\n\n\n\n<p class=\"wp-block-paragraph\" style=\"font-size:20px\"><strong>M\u00e9duse: <\/strong>Thank you! That&#8217;s the school of classical singing. No matter what you&#8217;re going through, it should never interfere with the music.<\/p>\n\n\n\n<p class=\"wp-block-paragraph\" style=\"font-size:20px\"><strong><strong>PAN <\/strong>M 360: How would you like to develop M\u00e9duse?<\/strong><\/p>\n\n\n\n<p class=\"wp-block-paragraph\" style=\"font-size:20px\"><strong>M\u00e9duse: <\/strong>We like the theatrical side of the music. My background in opera helps a bit, lol. I&#8217;d like us to develop the dramatic aspect of the songs even more. I&#8217;d say the ideal situation for M\u00e9duse would be to collaborate with dance, theatre and circus artists. In the 2nd album in preparation, there will be more singing and talking. I want to tell stories.&nbsp;<\/p>\n\n\n\n<p class=\"wp-block-paragraph\" style=\"font-size:20px\"><strong><strong>PAN<\/strong> M 360: M\u00e9duse&#8230; Why the name?<\/strong><\/p>\n\n\n\n<p class=\"wp-block-paragraph\" style=\"font-size:20px\"><strong>M\u00e9duse:<\/strong> It just came about. We had to come up with a name when we had to put on a show very quickly. We tried all sorts of things, but at one point, I can&#8217;t remember why, we were talking about jellyfish (which translates as m\u00e9duse in French). They come in all sorts of shapes and colours. We thought it would fit. That&#8217;s about it.<\/p>\n\n\n\n<iframe style=\"border: 0; width: 350px; height: 687px;\" src=\"https:\/\/bandcamp.com\/EmbeddedPlayer\/album=1344261805\/size=large\/bgcol=ffffff\/linkcol=0687f5\/transparent=true\/\" seamless><a href=\"https:\/\/meduse.bandcamp.com\/album\/m-duse\">M\u00e9duse de M\u00e9duse<\/a><\/iframe>\n","protected":false},"excerpt":{"rendered":"<p>Last April, Productions Nuits d&#8217;Afrique held the 16th edition of its annual Sylis d&#8217;or de la musique du monde Made in Montr\u00e9al competition. It&#8217;s a competition that&#8217;s become a fixture on the city&#8217;s music scene. Of the many bands that didn&#8217;t make it through to the final, we at PAN M 360 have picked out [&hellip;]<\/p>\n","protected":false},"author":775,"featured_media":101299,"menu_order":0,"template":"","format":"standard","meta":{"_acf_changed":false,"_crdt_document":""},"categories":[4628],"tags":[],"genre":[],"class_list":["post-101297","interviews","type-interviews","status-publish","format-standard","has-post-thumbnail","hentry","category-interviews-en"],"acf":[],"yoast_head":"<!-- This site is optimized with the Yoast SEO plugin v27.5 - https:\/\/yoast.com\/product\/yoast-seo-wordpress\/ -->\n<title>The Multifaceted Songs and Music of M\u00e9duse - PAN M 360<\/title>\n<meta name=\"robots\" content=\"index, follow, max-snippet:-1, max-image-preview:large, max-video-preview:-1\" \/>\n<link rel=\"canonical\" href=\"https:\/\/panm360.com\/en\/interviews-panm360\/the-multifaceted-songs-and-music-of-meduse\/\" \/>\n<meta property=\"og:locale\" content=\"en_US\" \/>\n<meta property=\"og:type\" content=\"article\" \/>\n<meta property=\"og:title\" content=\"The Multifaceted Songs and Music of M\u00e9duse - PAN M 360\" \/>\n<meta property=\"og:description\" content=\"Last April, Productions Nuits d&#8217;Afrique held the 16th edition of its annual Sylis d&#8217;or de la musique du monde Made in Montr\u00e9al competition. It&#8217;s a competition that&#8217;s become a fixture on the city&#8217;s music scene. Of the many bands that didn&#8217;t make it through to the final, we at PAN M 360 have picked out [&hellip;]\" \/>\n<meta property=\"og:url\" content=\"https:\/\/panm360.com\/en\/interviews-panm360\/the-multifaceted-songs-and-music-of-meduse\/\" \/>\n<meta property=\"og:site_name\" content=\"PAN M 360\" \/>\n<meta property=\"article:publisher\" content=\"https:\/\/www.facebook.com\/panm360\/\" \/>\n<meta property=\"og:image\" content=\"https:\/\/panm360.com\/wp-content\/uploads\/2023\/07\/Meduse-Photo_-Remi-Hermoso.jpg\" \/>\n\t<meta property=\"og:image:width\" content=\"1152\" \/>\n\t<meta property=\"og:image:height\" content=\"648\" \/>\n\t<meta property=\"og:image:type\" content=\"image\/jpeg\" \/>\n<meta name=\"twitter:card\" content=\"summary_large_image\" \/>\n<meta name=\"twitter:site\" content=\"@PANM360\" \/>\n<meta name=\"twitter:label1\" content=\"Est. reading time\" \/>\n\t<meta name=\"twitter:data1\" content=\"5 minutes\" \/>\n<script type=\"application\/ld+json\" class=\"yoast-schema-graph\">{\"@context\":\"https:\\\/\\\/schema.org\",\"@graph\":[{\"@type\":\"WebPage\",\"@id\":\"https:\\\/\\\/panm360.com\\\/en\\\/interviews-panm360\\\/the-multifaceted-songs-and-music-of-meduse\\\/\",\"url\":\"https:\\\/\\\/panm360.com\\\/en\\\/interviews-panm360\\\/the-multifaceted-songs-and-music-of-meduse\\\/\",\"name\":\"The Multifaceted Songs and Music of M\u00e9duse - PAN M 360\",\"isPartOf\":{\"@id\":\"https:\\\/\\\/panm360.com\\\/en\\\/#website\"},\"primaryImageOfPage\":{\"@id\":\"https:\\\/\\\/panm360.com\\\/en\\\/interviews-panm360\\\/the-multifaceted-songs-and-music-of-meduse\\\/#primaryimage\"},\"image\":{\"@id\":\"https:\\\/\\\/panm360.com\\\/en\\\/interviews-panm360\\\/the-multifaceted-songs-and-music-of-meduse\\\/#primaryimage\"},\"thumbnailUrl\":\"https:\\\/\\\/panm360.com\\\/wp-content\\\/uploads\\\/2023\\\/07\\\/Meduse-Photo_-Remi-Hermoso.jpg\",\"datePublished\":\"2023-07-08T03:30:00+00:00\",\"breadcrumb\":{\"@id\":\"https:\\\/\\\/panm360.com\\\/en\\\/interviews-panm360\\\/the-multifaceted-songs-and-music-of-meduse\\\/#breadcrumb\"},\"inLanguage\":\"en-US\",\"potentialAction\":[{\"@type\":\"ReadAction\",\"target\":[\"https:\\\/\\\/panm360.com\\\/en\\\/interviews-panm360\\\/the-multifaceted-songs-and-music-of-meduse\\\/\"]}]},{\"@type\":\"ImageObject\",\"inLanguage\":\"en-US\",\"@id\":\"https:\\\/\\\/panm360.com\\\/en\\\/interviews-panm360\\\/the-multifaceted-songs-and-music-of-meduse\\\/#primaryimage\",\"url\":\"https:\\\/\\\/panm360.com\\\/wp-content\\\/uploads\\\/2023\\\/07\\\/Meduse-Photo_-Remi-Hermoso.jpg\",\"contentUrl\":\"https:\\\/\\\/panm360.com\\\/wp-content\\\/uploads\\\/2023\\\/07\\\/Meduse-Photo_-Remi-Hermoso.jpg\",\"width\":1152,\"height\":648},{\"@type\":\"BreadcrumbList\",\"@id\":\"https:\\\/\\\/panm360.com\\\/en\\\/interviews-panm360\\\/the-multifaceted-songs-and-music-of-meduse\\\/#breadcrumb\",\"itemListElement\":[{\"@type\":\"ListItem\",\"position\":1,\"name\":\"Accueil\",\"item\":\"https:\\\/\\\/panm360.com\\\/en\\\/\"},{\"@type\":\"ListItem\",\"position\":2,\"name\":\"Interviews\",\"item\":\"https:\\\/\\\/panm360.com\\\/en\\\/interviews-panm360\\\/\"},{\"@type\":\"ListItem\",\"position\":3,\"name\":\"The Multifaceted Songs and Music of M\u00e9duse\"}]},{\"@type\":\"WebSite\",\"@id\":\"https:\\\/\\\/panm360.com\\\/en\\\/#website\",\"url\":\"https:\\\/\\\/panm360.com\\\/en\\\/\",\"name\":\"PAN M 360\",\"description\":\"Le m\u00e9dia num\u00e9rique de la musique !\",\"publisher\":{\"@id\":\"https:\\\/\\\/panm360.com\\\/en\\\/#organization\"},\"potentialAction\":[{\"@type\":\"SearchAction\",\"target\":{\"@type\":\"EntryPoint\",\"urlTemplate\":\"https:\\\/\\\/panm360.com\\\/en\\\/?s={search_term_string}\"},\"query-input\":{\"@type\":\"PropertyValueSpecification\",\"valueRequired\":true,\"valueName\":\"search_term_string\"}}],\"inLanguage\":\"en-US\"},{\"@type\":\"Organization\",\"@id\":\"https:\\\/\\\/panm360.com\\\/en\\\/#organization\",\"name\":\"PAN M 360\",\"url\":\"https:\\\/\\\/panm360.com\\\/en\\\/\",\"logo\":{\"@type\":\"ImageObject\",\"inLanguage\":\"en-US\",\"@id\":\"https:\\\/\\\/panm360.com\\\/en\\\/#\\\/schema\\\/logo\\\/image\\\/\",\"url\":\"https:\\\/\\\/panm360.com\\\/wp-content\\\/uploads\\\/2019\\\/12\\\/PAN-M360_Logo_RGB.jpg\",\"contentUrl\":\"https:\\\/\\\/panm360.com\\\/wp-content\\\/uploads\\\/2019\\\/12\\\/PAN-M360_Logo_RGB.jpg\",\"width\":1663,\"height\":631,\"caption\":\"PAN M 360\"},\"image\":{\"@id\":\"https:\\\/\\\/panm360.com\\\/en\\\/#\\\/schema\\\/logo\\\/image\\\/\"},\"sameAs\":[\"https:\\\/\\\/www.facebook.com\\\/panm360\\\/\",\"https:\\\/\\\/x.com\\\/PANM360\",\"https:\\\/\\\/www.instagram.com\\\/panm360\\\/\",\"https:\\\/\\\/www.linkedin.com\\\/company\\\/panm360\\\/\",\"https:\\\/\\\/www.youtube.com\\\/channel\\\/UCHEFHd3UhIrV6EJ3ltzVKOA?view_as=subscriber\"]}]}<\/script>\n<!-- \/ Yoast SEO plugin. -->","yoast_head_json":{"title":"The Multifaceted Songs and Music of M\u00e9duse - PAN M 360","robots":{"index":"index","follow":"follow","max-snippet":"max-snippet:-1","max-image-preview":"max-image-preview:large","max-video-preview":"max-video-preview:-1"},"canonical":"https:\/\/panm360.com\/en\/interviews-panm360\/the-multifaceted-songs-and-music-of-meduse\/","og_locale":"en_US","og_type":"article","og_title":"The Multifaceted Songs and Music of M\u00e9duse - PAN M 360","og_description":"Last April, Productions Nuits d&#8217;Afrique held the 16th edition of its annual Sylis d&#8217;or de la musique du monde Made in Montr\u00e9al competition. It&#8217;s a competition that&#8217;s become a fixture on the city&#8217;s music scene. Of the many bands that didn&#8217;t make it through to the final, we at PAN M 360 have picked out [&hellip;]","og_url":"https:\/\/panm360.com\/en\/interviews-panm360\/the-multifaceted-songs-and-music-of-meduse\/","og_site_name":"PAN M 360","article_publisher":"https:\/\/www.facebook.com\/panm360\/","og_image":[{"width":1152,"height":648,"url":"https:\/\/panm360.com\/wp-content\/uploads\/2023\/07\/Meduse-Photo_-Remi-Hermoso.jpg","type":"image\/jpeg"}],"twitter_card":"summary_large_image","twitter_site":"@PANM360","twitter_misc":{"Est. reading time":"5 minutes"},"schema":{"@context":"https:\/\/schema.org","@graph":[{"@type":"WebPage","@id":"https:\/\/panm360.com\/en\/interviews-panm360\/the-multifaceted-songs-and-music-of-meduse\/","url":"https:\/\/panm360.com\/en\/interviews-panm360\/the-multifaceted-songs-and-music-of-meduse\/","name":"The Multifaceted Songs and Music of M\u00e9duse - PAN M 360","isPartOf":{"@id":"https:\/\/panm360.com\/en\/#website"},"primaryImageOfPage":{"@id":"https:\/\/panm360.com\/en\/interviews-panm360\/the-multifaceted-songs-and-music-of-meduse\/#primaryimage"},"image":{"@id":"https:\/\/panm360.com\/en\/interviews-panm360\/the-multifaceted-songs-and-music-of-meduse\/#primaryimage"},"thumbnailUrl":"https:\/\/panm360.com\/wp-content\/uploads\/2023\/07\/Meduse-Photo_-Remi-Hermoso.jpg","datePublished":"2023-07-08T03:30:00+00:00","breadcrumb":{"@id":"https:\/\/panm360.com\/en\/interviews-panm360\/the-multifaceted-songs-and-music-of-meduse\/#breadcrumb"},"inLanguage":"en-US","potentialAction":[{"@type":"ReadAction","target":["https:\/\/panm360.com\/en\/interviews-panm360\/the-multifaceted-songs-and-music-of-meduse\/"]}]},{"@type":"ImageObject","inLanguage":"en-US","@id":"https:\/\/panm360.com\/en\/interviews-panm360\/the-multifaceted-songs-and-music-of-meduse\/#primaryimage","url":"https:\/\/panm360.com\/wp-content\/uploads\/2023\/07\/Meduse-Photo_-Remi-Hermoso.jpg","contentUrl":"https:\/\/panm360.com\/wp-content\/uploads\/2023\/07\/Meduse-Photo_-Remi-Hermoso.jpg","width":1152,"height":648},{"@type":"BreadcrumbList","@id":"https:\/\/panm360.com\/en\/interviews-panm360\/the-multifaceted-songs-and-music-of-meduse\/#breadcrumb","itemListElement":[{"@type":"ListItem","position":1,"name":"Accueil","item":"https:\/\/panm360.com\/en\/"},{"@type":"ListItem","position":2,"name":"Interviews","item":"https:\/\/panm360.com\/en\/interviews-panm360\/"},{"@type":"ListItem","position":3,"name":"The Multifaceted Songs and Music of M\u00e9duse"}]},{"@type":"WebSite","@id":"https:\/\/panm360.com\/en\/#website","url":"https:\/\/panm360.com\/en\/","name":"PAN M 360","description":"Le m\u00e9dia num\u00e9rique de la musique !","publisher":{"@id":"https:\/\/panm360.com\/en\/#organization"},"potentialAction":[{"@type":"SearchAction","target":{"@type":"EntryPoint","urlTemplate":"https:\/\/panm360.com\/en\/?s={search_term_string}"},"query-input":{"@type":"PropertyValueSpecification","valueRequired":true,"valueName":"search_term_string"}}],"inLanguage":"en-US"},{"@type":"Organization","@id":"https:\/\/panm360.com\/en\/#organization","name":"PAN M 360","url":"https:\/\/panm360.com\/en\/","logo":{"@type":"ImageObject","inLanguage":"en-US","@id":"https:\/\/panm360.com\/en\/#\/schema\/logo\/image\/","url":"https:\/\/panm360.com\/wp-content\/uploads\/2019\/12\/PAN-M360_Logo_RGB.jpg","contentUrl":"https:\/\/panm360.com\/wp-content\/uploads\/2019\/12\/PAN-M360_Logo_RGB.jpg","width":1663,"height":631,"caption":"PAN M 360"},"image":{"@id":"https:\/\/panm360.com\/en\/#\/schema\/logo\/image\/"},"sameAs":["https:\/\/www.facebook.com\/panm360\/","https:\/\/x.com\/PANM360","https:\/\/www.instagram.com\/panm360\/","https:\/\/www.linkedin.com\/company\/panm360\/","https:\/\/www.youtube.com\/channel\/UCHEFHd3UhIrV6EJ3ltzVKOA?view_as=subscriber"]}]}},"_links":{"self":[{"href":"https:\/\/panm360.com\/en\/wp-json\/wp\/v2\/interviews\/101297","targetHints":{"allow":["GET"]}}],"collection":[{"href":"https:\/\/panm360.com\/en\/wp-json\/wp\/v2\/interviews"}],"about":[{"href":"https:\/\/panm360.com\/en\/wp-json\/wp\/v2\/types\/interviews"}],"author":[{"embeddable":true,"href":"https:\/\/panm360.com\/en\/wp-json\/wp\/v2\/users\/775"}],"wp:featuredmedia":[{"embeddable":true,"href":"https:\/\/panm360.com\/en\/wp-json\/wp\/v2\/media\/101299"}],"wp:attachment":[{"href":"https:\/\/panm360.com\/en\/wp-json\/wp\/v2\/media?parent=101297"}],"wp:term":[{"taxonomy":"category","embeddable":true,"href":"https:\/\/panm360.com\/en\/wp-json\/wp\/v2\/categories?post=101297"},{"taxonomy":"post_tag","embeddable":true,"href":"https:\/\/panm360.com\/en\/wp-json\/wp\/v2\/tags?post=101297"},{"taxonomy":"genre","embeddable":true,"href":"https:\/\/panm360.com\/en\/wp-json\/wp\/v2\/genre?post=101297"}],"curies":[{"name":"wp","href":"https:\/\/api.w.org\/{rel}","templated":true}]}}