{"id":141539,"date":"2025-07-18T23:49:50","date_gmt":"2025-07-19T03:49:50","guid":{"rendered":"https:\/\/panm360.com\/gig_review\/nuits-dafrique-mateus-vidal-axe-experience-uma-festa-dans-la-flotte\/"},"modified":"2025-07-19T10:12:46","modified_gmt":"2025-07-19T14:12:46","slug":"nuits-dafrique-mateus-vidal-axe-experience-uma-festa-dans-la-flotte","status":"publish","type":"gig_review","link":"https:\/\/panm360.com\/en\/gig_review\/nuits-dafrique-mateus-vidal-axe-experience-uma-festa-dans-la-flotte\/","title":{"rendered":"Nuits d&#8217;Afrique | Mateus Vidal &amp; Ax\u00e9 Experience, \u201cUma Festa\u201d in The Rain"},"content":{"rendered":"\n<p class=\"wp-block-paragraph\" style=\"font-size:20px\"><strong>Part of Montreal&#8217;s Brazilian community was eagerly awaiting Mateus Vidal, ex-singer and percussionist of the legendary Salvador da Bahia band Olodum, on the free outdoor Nuits d&#8217;Afrique stage at the Espace tranquille. Except that the intense thunderstorms of this torrid late afternoon delayed the show and put the crowd to the test.<\/strong><\/p>\n\n\n\n<p class=\"wp-block-paragraph\" style=\"font-size:20px\">Mateus Vidal now lives in Montreal with his family. He has set up a new band called Ax\u00e9 Exp\u00e9rience, which mixes ax\u00e9 music with samba-reggae. Both genres were popularized in the 80s, blending samba, African percussion and Jamaican beats. These rhythms have been dubbed \u201cAfro-Brazilian\u201d, hence their rightful presence at Nuits d&#8217;Afrique.<\/p>\n\n\n\n<p class=\"wp-block-paragraph\" style=\"font-size:20px\">Mateus Vidal was undaunted by the elements. With his section of three percussionists, accompanied by a bassist, a keyboardist, a guitarist and a saxophonist-flautist, he took to the stage, singing and jumping. After ten minutes, the sun came out, only to disappear under the rain after another 10 minutes.<\/p>\n\n\n\n<p class=\"wp-block-paragraph\" style=\"font-size:20px\">It was a magical moment, despite the inclement weather: as Mateus Vidal moved from one side of the stage to the other, dozens of umbrellas did the same choreography. Others continued to dance under large umbrellas, or in the open air despite the rain.<\/p>\n\n\n\n<p class=\"wp-block-paragraph\" style=\"font-size:20px\">The sparse audience was overwhelmingly Brazilian, of all generations. Smiles abounded, despite the circumstances. Still, I&#8217;d like to question the Festival&#8217;s decision to program an Afro-Brazilian celebrity at 5pm, for one hour. But festival programming is always unpredictable.<\/p>\n\n\n\n<p class=\"wp-block-paragraph\" style=\"font-size:20px\">Mateus Vidal aimed for a broad musical spectrum, covering hits such as Gilberto Gil&#8217;s Bahia, in samba-reggae mode, and pieces by Olodum, among others.<\/p>\n\n\n\n<p class=\"wp-block-paragraph\" style=\"font-size:20px\">Then the jinx set in again: the sound system broke down. No problem: the band continued with percussion only, bringing back the sun and creating another magical moment.<\/p>\n\n\n\n<p class=\"wp-block-paragraph\" style=\"font-size:20px\">Magic and the unexpected! Sometimes it works. We can only hope that the new Montrealer and his new band will be able to take advantage of a better window of opportunity, so that people here, Brazilians or not, can get to know him better and dance to his music.<\/p>\n\n\n\n<p class=\"wp-block-paragraph\">Photo Credit: Andr\u00e9 Rival<\/p>\n\n\n    <div class=\"panm-ads-wrapper alignfull\"><span class=\"panm-ads-copy\">Publicit\u00e9 panam<\/span><div class=\"panm-ads-render\" data-ads-id=\"138762\"><\/div><\/div>\n\n\n\n<p class=\"wp-block-paragraph\" style=\"font-size:20px\"><br><\/p>\n","protected":false},"excerpt":{"rendered":"<p>Part of Montreal&#8217;s Brazilian community was eagerly awaiting Mateus Vidal, ex-singer and percussionist of the legendary Salvador da Bahia band Olodum, on the free outdoor Nuits d&#8217;Afrique stage at the Espace tranquille. Except that the intense thunderstorms of this torrid late afternoon delayed the show and put the crowd to the test. Mateus Vidal now [&hellip;]<\/p>\n","protected":false},"author":277,"featured_media":141525,"menu_order":0,"template":"","format":"standard","meta":{"_acf_changed":false,"_crdt_document":""},"categories":[8152],"tags":[9396],"genre":[4007],"salle":[],"ville":[],"class_list":["post-141539","gig_review","type-gig_review","status-publish","format-standard","has-post-thumbnail","hentry","category-critiques-de-concerts-en","tag-festival-nuits-dafrique-en","genre-brazilian"],"acf":[],"yoast_head":"<!-- This site is optimized with the Yoast SEO plugin v27.4 - https:\/\/yoast.com\/product\/yoast-seo-wordpress\/ -->\n<title>Nuits d&#039;Afrique | Mateus Vidal &amp; Ax\u00e9 Experience, \u201cUma Festa\u201d in The Rain - PAN M 360<\/title>\n<meta name=\"robots\" content=\"index, follow, max-snippet:-1, max-image-preview:large, max-video-preview:-1\" \/>\n<link rel=\"canonical\" href=\"https:\/\/panm360.com\/en\/gig_review\/nuits-dafrique-mateus-vidal-axe-experience-uma-festa-dans-la-flotte\/\" \/>\n<meta property=\"og:locale\" content=\"en_US\" \/>\n<meta property=\"og:type\" content=\"article\" \/>\n<meta property=\"og:title\" content=\"Nuits d&#039;Afrique | Mateus Vidal &amp; Ax\u00e9 Experience, \u201cUma Festa\u201d in The Rain - PAN M 360\" \/>\n<meta property=\"og:description\" content=\"Part of Montreal&#8217;s Brazilian community was eagerly awaiting Mateus Vidal, ex-singer and percussionist of the legendary Salvador da Bahia band Olodum, on the free outdoor Nuits d&#8217;Afrique stage at the Espace tranquille. Except that the intense thunderstorms of this torrid late afternoon delayed the show and put the crowd to the test. Mateus Vidal now [&hellip;]\" \/>\n<meta property=\"og:url\" content=\"https:\/\/panm360.com\/en\/gig_review\/nuits-dafrique-mateus-vidal-axe-experience-uma-festa-dans-la-flotte\/\" \/>\n<meta property=\"og:site_name\" content=\"PAN M 360\" \/>\n<meta property=\"article:publisher\" content=\"https:\/\/www.facebook.com\/panm360\/\" \/>\n<meta property=\"article:modified_time\" content=\"2025-07-19T14:12:46+00:00\" \/>\n<meta property=\"og:image\" content=\"https:\/\/panm360.com\/wp-content\/uploads\/2025\/07\/DSC_3791-scaled.jpg\" \/>\n\t<meta property=\"og:image:width\" content=\"1200\" \/>\n\t<meta property=\"og:image:height\" content=\"762\" \/>\n\t<meta property=\"og:image:type\" content=\"image\/jpeg\" \/>\n<meta name=\"twitter:card\" content=\"summary_large_image\" \/>\n<meta name=\"twitter:site\" content=\"@PANM360\" \/>\n<meta name=\"twitter:label1\" content=\"Est. reading time\" \/>\n\t<meta name=\"twitter:data1\" content=\"2 minutes\" \/>\n<script type=\"application\/ld+json\" class=\"yoast-schema-graph\">{\"@context\":\"https:\\\/\\\/schema.org\",\"@graph\":[{\"@type\":\"WebPage\",\"@id\":\"https:\\\/\\\/panm360.com\\\/en\\\/gig_review\\\/nuits-dafrique-mateus-vidal-axe-experience-uma-festa-dans-la-flotte\\\/\",\"url\":\"https:\\\/\\\/panm360.com\\\/en\\\/gig_review\\\/nuits-dafrique-mateus-vidal-axe-experience-uma-festa-dans-la-flotte\\\/\",\"name\":\"Nuits d'Afrique | Mateus Vidal &amp; Ax\u00e9 Experience, \u201cUma Festa\u201d in The Rain - PAN M 360\",\"isPartOf\":{\"@id\":\"https:\\\/\\\/panm360.com\\\/en\\\/#website\"},\"primaryImageOfPage\":{\"@id\":\"https:\\\/\\\/panm360.com\\\/en\\\/gig_review\\\/nuits-dafrique-mateus-vidal-axe-experience-uma-festa-dans-la-flotte\\\/#primaryimage\"},\"image\":{\"@id\":\"https:\\\/\\\/panm360.com\\\/en\\\/gig_review\\\/nuits-dafrique-mateus-vidal-axe-experience-uma-festa-dans-la-flotte\\\/#primaryimage\"},\"thumbnailUrl\":\"https:\\\/\\\/panm360.com\\\/wp-content\\\/uploads\\\/2025\\\/07\\\/DSC_3791-scaled.jpg\",\"datePublished\":\"2025-07-19T03:49:50+00:00\",\"dateModified\":\"2025-07-19T14:12:46+00:00\",\"breadcrumb\":{\"@id\":\"https:\\\/\\\/panm360.com\\\/en\\\/gig_review\\\/nuits-dafrique-mateus-vidal-axe-experience-uma-festa-dans-la-flotte\\\/#breadcrumb\"},\"inLanguage\":\"en-US\",\"potentialAction\":[{\"@type\":\"ReadAction\",\"target\":[\"https:\\\/\\\/panm360.com\\\/en\\\/gig_review\\\/nuits-dafrique-mateus-vidal-axe-experience-uma-festa-dans-la-flotte\\\/\"]}]},{\"@type\":\"ImageObject\",\"inLanguage\":\"en-US\",\"@id\":\"https:\\\/\\\/panm360.com\\\/en\\\/gig_review\\\/nuits-dafrique-mateus-vidal-axe-experience-uma-festa-dans-la-flotte\\\/#primaryimage\",\"url\":\"https:\\\/\\\/panm360.com\\\/wp-content\\\/uploads\\\/2025\\\/07\\\/DSC_3791-scaled.jpg\",\"contentUrl\":\"https:\\\/\\\/panm360.com\\\/wp-content\\\/uploads\\\/2025\\\/07\\\/DSC_3791-scaled.jpg\",\"width\":1200,\"height\":762},{\"@type\":\"BreadcrumbList\",\"@id\":\"https:\\\/\\\/panm360.com\\\/en\\\/gig_review\\\/nuits-dafrique-mateus-vidal-axe-experience-uma-festa-dans-la-flotte\\\/#breadcrumb\",\"itemListElement\":[{\"@type\":\"ListItem\",\"position\":1,\"name\":\"Accueil\",\"item\":\"https:\\\/\\\/panm360.com\\\/en\\\/\"},{\"@type\":\"ListItem\",\"position\":2,\"name\":\"Concert review\",\"item\":\"https:\\\/\\\/panm360.com\\\/en\\\/gig_review\\\/\"},{\"@type\":\"ListItem\",\"position\":3,\"name\":\"Nuits d&#8217;Afrique | Mateus Vidal &amp; Ax\u00e9 Experience, \u201cUma Festa\u201d in The Rain\"}]},{\"@type\":\"WebSite\",\"@id\":\"https:\\\/\\\/panm360.com\\\/en\\\/#website\",\"url\":\"https:\\\/\\\/panm360.com\\\/en\\\/\",\"name\":\"PAN M 360\",\"description\":\"Le m\u00e9dia num\u00e9rique de la musique !\",\"publisher\":{\"@id\":\"https:\\\/\\\/panm360.com\\\/en\\\/#organization\"},\"potentialAction\":[{\"@type\":\"SearchAction\",\"target\":{\"@type\":\"EntryPoint\",\"urlTemplate\":\"https:\\\/\\\/panm360.com\\\/en\\\/?s={search_term_string}\"},\"query-input\":{\"@type\":\"PropertyValueSpecification\",\"valueRequired\":true,\"valueName\":\"search_term_string\"}}],\"inLanguage\":\"en-US\"},{\"@type\":\"Organization\",\"@id\":\"https:\\\/\\\/panm360.com\\\/en\\\/#organization\",\"name\":\"PAN M 360\",\"url\":\"https:\\\/\\\/panm360.com\\\/en\\\/\",\"logo\":{\"@type\":\"ImageObject\",\"inLanguage\":\"en-US\",\"@id\":\"https:\\\/\\\/panm360.com\\\/en\\\/#\\\/schema\\\/logo\\\/image\\\/\",\"url\":\"https:\\\/\\\/panm360.com\\\/wp-content\\\/uploads\\\/2019\\\/12\\\/PAN-M360_Logo_RGB.jpg\",\"contentUrl\":\"https:\\\/\\\/panm360.com\\\/wp-content\\\/uploads\\\/2019\\\/12\\\/PAN-M360_Logo_RGB.jpg\",\"width\":1663,\"height\":631,\"caption\":\"PAN M 360\"},\"image\":{\"@id\":\"https:\\\/\\\/panm360.com\\\/en\\\/#\\\/schema\\\/logo\\\/image\\\/\"},\"sameAs\":[\"https:\\\/\\\/www.facebook.com\\\/panm360\\\/\",\"https:\\\/\\\/x.com\\\/PANM360\",\"https:\\\/\\\/www.instagram.com\\\/panm360\\\/\",\"https:\\\/\\\/www.linkedin.com\\\/company\\\/panm360\\\/\",\"https:\\\/\\\/www.youtube.com\\\/channel\\\/UCHEFHd3UhIrV6EJ3ltzVKOA?view_as=subscriber\"]}]}<\/script>\n<!-- \/ Yoast SEO plugin. -->","yoast_head_json":{"title":"Nuits d'Afrique | Mateus Vidal &amp; Ax\u00e9 Experience, \u201cUma Festa\u201d in The Rain - PAN M 360","robots":{"index":"index","follow":"follow","max-snippet":"max-snippet:-1","max-image-preview":"max-image-preview:large","max-video-preview":"max-video-preview:-1"},"canonical":"https:\/\/panm360.com\/en\/gig_review\/nuits-dafrique-mateus-vidal-axe-experience-uma-festa-dans-la-flotte\/","og_locale":"en_US","og_type":"article","og_title":"Nuits d'Afrique | Mateus Vidal &amp; Ax\u00e9 Experience, \u201cUma Festa\u201d in The Rain - PAN M 360","og_description":"Part of Montreal&#8217;s Brazilian community was eagerly awaiting Mateus Vidal, ex-singer and percussionist of the legendary Salvador da Bahia band Olodum, on the free outdoor Nuits d&#8217;Afrique stage at the Espace tranquille. Except that the intense thunderstorms of this torrid late afternoon delayed the show and put the crowd to the test. Mateus Vidal now [&hellip;]","og_url":"https:\/\/panm360.com\/en\/gig_review\/nuits-dafrique-mateus-vidal-axe-experience-uma-festa-dans-la-flotte\/","og_site_name":"PAN M 360","article_publisher":"https:\/\/www.facebook.com\/panm360\/","article_modified_time":"2025-07-19T14:12:46+00:00","og_image":[{"width":1200,"height":762,"url":"https:\/\/panm360.com\/wp-content\/uploads\/2025\/07\/DSC_3791-scaled.jpg","type":"image\/jpeg"}],"twitter_card":"summary_large_image","twitter_site":"@PANM360","twitter_misc":{"Est. reading time":"2 minutes"},"schema":{"@context":"https:\/\/schema.org","@graph":[{"@type":"WebPage","@id":"https:\/\/panm360.com\/en\/gig_review\/nuits-dafrique-mateus-vidal-axe-experience-uma-festa-dans-la-flotte\/","url":"https:\/\/panm360.com\/en\/gig_review\/nuits-dafrique-mateus-vidal-axe-experience-uma-festa-dans-la-flotte\/","name":"Nuits d'Afrique | Mateus Vidal &amp; Ax\u00e9 Experience, \u201cUma Festa\u201d in The Rain - PAN M 360","isPartOf":{"@id":"https:\/\/panm360.com\/en\/#website"},"primaryImageOfPage":{"@id":"https:\/\/panm360.com\/en\/gig_review\/nuits-dafrique-mateus-vidal-axe-experience-uma-festa-dans-la-flotte\/#primaryimage"},"image":{"@id":"https:\/\/panm360.com\/en\/gig_review\/nuits-dafrique-mateus-vidal-axe-experience-uma-festa-dans-la-flotte\/#primaryimage"},"thumbnailUrl":"https:\/\/panm360.com\/wp-content\/uploads\/2025\/07\/DSC_3791-scaled.jpg","datePublished":"2025-07-19T03:49:50+00:00","dateModified":"2025-07-19T14:12:46+00:00","breadcrumb":{"@id":"https:\/\/panm360.com\/en\/gig_review\/nuits-dafrique-mateus-vidal-axe-experience-uma-festa-dans-la-flotte\/#breadcrumb"},"inLanguage":"en-US","potentialAction":[{"@type":"ReadAction","target":["https:\/\/panm360.com\/en\/gig_review\/nuits-dafrique-mateus-vidal-axe-experience-uma-festa-dans-la-flotte\/"]}]},{"@type":"ImageObject","inLanguage":"en-US","@id":"https:\/\/panm360.com\/en\/gig_review\/nuits-dafrique-mateus-vidal-axe-experience-uma-festa-dans-la-flotte\/#primaryimage","url":"https:\/\/panm360.com\/wp-content\/uploads\/2025\/07\/DSC_3791-scaled.jpg","contentUrl":"https:\/\/panm360.com\/wp-content\/uploads\/2025\/07\/DSC_3791-scaled.jpg","width":1200,"height":762},{"@type":"BreadcrumbList","@id":"https:\/\/panm360.com\/en\/gig_review\/nuits-dafrique-mateus-vidal-axe-experience-uma-festa-dans-la-flotte\/#breadcrumb","itemListElement":[{"@type":"ListItem","position":1,"name":"Accueil","item":"https:\/\/panm360.com\/en\/"},{"@type":"ListItem","position":2,"name":"Concert review","item":"https:\/\/panm360.com\/en\/gig_review\/"},{"@type":"ListItem","position":3,"name":"Nuits d&#8217;Afrique | Mateus Vidal &amp; Ax\u00e9 Experience, \u201cUma Festa\u201d in The Rain"}]},{"@type":"WebSite","@id":"https:\/\/panm360.com\/en\/#website","url":"https:\/\/panm360.com\/en\/","name":"PAN M 360","description":"Le m\u00e9dia num\u00e9rique de la musique !","publisher":{"@id":"https:\/\/panm360.com\/en\/#organization"},"potentialAction":[{"@type":"SearchAction","target":{"@type":"EntryPoint","urlTemplate":"https:\/\/panm360.com\/en\/?s={search_term_string}"},"query-input":{"@type":"PropertyValueSpecification","valueRequired":true,"valueName":"search_term_string"}}],"inLanguage":"en-US"},{"@type":"Organization","@id":"https:\/\/panm360.com\/en\/#organization","name":"PAN M 360","url":"https:\/\/panm360.com\/en\/","logo":{"@type":"ImageObject","inLanguage":"en-US","@id":"https:\/\/panm360.com\/en\/#\/schema\/logo\/image\/","url":"https:\/\/panm360.com\/wp-content\/uploads\/2019\/12\/PAN-M360_Logo_RGB.jpg","contentUrl":"https:\/\/panm360.com\/wp-content\/uploads\/2019\/12\/PAN-M360_Logo_RGB.jpg","width":1663,"height":631,"caption":"PAN M 360"},"image":{"@id":"https:\/\/panm360.com\/en\/#\/schema\/logo\/image\/"},"sameAs":["https:\/\/www.facebook.com\/panm360\/","https:\/\/x.com\/PANM360","https:\/\/www.instagram.com\/panm360\/","https:\/\/www.linkedin.com\/company\/panm360\/","https:\/\/www.youtube.com\/channel\/UCHEFHd3UhIrV6EJ3ltzVKOA?view_as=subscriber"]}]}},"_links":{"self":[{"href":"https:\/\/panm360.com\/en\/wp-json\/wp\/v2\/gig_review\/141539","targetHints":{"allow":["GET"]}}],"collection":[{"href":"https:\/\/panm360.com\/en\/wp-json\/wp\/v2\/gig_review"}],"about":[{"href":"https:\/\/panm360.com\/en\/wp-json\/wp\/v2\/types\/gig_review"}],"author":[{"embeddable":true,"href":"https:\/\/panm360.com\/en\/wp-json\/wp\/v2\/users\/277"}],"wp:featuredmedia":[{"embeddable":true,"href":"https:\/\/panm360.com\/en\/wp-json\/wp\/v2\/media\/141525"}],"wp:attachment":[{"href":"https:\/\/panm360.com\/en\/wp-json\/wp\/v2\/media?parent=141539"}],"wp:term":[{"taxonomy":"category","embeddable":true,"href":"https:\/\/panm360.com\/en\/wp-json\/wp\/v2\/categories?post=141539"},{"taxonomy":"post_tag","embeddable":true,"href":"https:\/\/panm360.com\/en\/wp-json\/wp\/v2\/tags?post=141539"},{"taxonomy":"genre","embeddable":true,"href":"https:\/\/panm360.com\/en\/wp-json\/wp\/v2\/genre?post=141539"},{"taxonomy":"salle","embeddable":true,"href":"https:\/\/panm360.com\/en\/wp-json\/wp\/v2\/salle?post=141539"},{"taxonomy":"ville","embeddable":true,"href":"https:\/\/panm360.com\/en\/wp-json\/wp\/v2\/ville?post=141539"}],"curies":[{"name":"wp","href":"https:\/\/api.w.org\/{rel}","templated":true}]}}