{"id":136243,"date":"2025-04-18T15:39:37","date_gmt":"2025-04-18T19:39:37","guid":{"rendered":"https:\/\/panm360.com\/gig_review\/soir-de-jazz-symphonique-a-laval\/"},"modified":"2025-04-18T15:39:37","modified_gmt":"2025-04-18T19:39:37","slug":"soir-de-jazz-symphonique-a-laval","status":"publish","type":"gig_review","link":"https:\/\/panm360.com\/en\/gig_review\/soir-de-jazz-symphonique-a-laval\/","title":{"rendered":"Soir de jazz symphonique \u00e0 Laval"},"content":{"rendered":"\n<p class=\"wp-block-paragraph\" style=\"font-size:20px\">\u00c0 travers leur vies professionnelles qu\u2019on devine intenses, les saxophonistes Yannick Rieu et Lionel Belmondo ont mis deux ans \u00e0 mettre ce programme au point\u00a0: un jazz symphonique construit, am\u00e9nag\u00e9 et reformul\u00e9 autour des compositeurs Johannes Brahms, Maurice Ravel et Lili Boulanger, soit la fin du 19<sup>e <\/sup>\u00a0si\u00e8cle et le d\u00e9but du 20<sup>e <\/sup>au service du jazz moderne. Malgr\u00e9 la tenue du d\u00e9bat des chefs et le match d\u00e9cisif du CH pour acc\u00e9der aux \u00e9liminatoires de la LNH, une salle Andr\u00e9-Mathieu bien garnie a chaudement accueilli l&#8217;ex\u00e9cution de ce programme.<\/p>\n\n\n\n<p class=\"wp-block-paragraph\" style=\"font-size:20px\">La premi\u00e8re intervention au programme est baign\u00e9e de ces harmonies romantiques ex\u00e9cut\u00e9es sur un mouvement lent et des notes graves. Les trois souffleurs de jazz se fondent dans l\u2019Orchestre symphonique de Laval sous la direction de Daniel Bartholomew-Poyser. Jazzmen et interpr\u00e8tes classiques se fondent dans la partition, aucune improvisation n\u2019est ici pr\u00e9vue.&nbsp;&nbsp;<\/p>\n\n\n\n<p class=\"wp-block-paragraph\" style=\"font-size:20px\">La section rythmique sextette s\u2019am\u00e8ne pour une relecture orchestrale du Nocturne de Lili Boulanger, s\u0153ur cadette de la grande p\u00e9dagogue parisienne Nadia Boulanger, soeurette dont les musiques sont de plus en plus jou\u00e9es, un si\u00e8cle apr\u00e8s sa disparition tragique et pr\u00e9matur\u00e9e: Louis-Vincent Hamel, batterie, R\u00e9mi-Jean LeBlanc, contrebasse, Jonathan Cahier, piano. Le menuet en do mineur de Ravel est parfaitement propice \u00e0 la jazzification. On observe d\u00e9j\u00e0 les croisements entre le Fran\u00e7ais&nbsp; Maurice Ravel et l\u2019Am\u00e9ricain George Gershwin, dont se sont nourris les plus grands penseurs du jazz moderne,de Bill Evans \u00e0 Duke Ellington.&nbsp;<\/p>\n\n\n\n<p class=\"wp-block-paragraph\" style=\"font-size:20px\">Cette fois, le sextette s\u2019impose au sein de l\u2019OSL et impose cet \u00e9quilibre entre jazz moderne et musique classique moderne. Les French, tr\u00e8s solide trompettiste australien transplant\u00e9 \u00e0 Montr\u00e9al, prend le premier solo, suivi du pianiste Jonathan Cayer, devenu l\u2019un des tr\u00e8s bons jazzmen de la p\u00e9riode actuelle sur le territoire qu\u00e9b\u00e9cois. Les deux saxophones et la trompette sont entrelard\u00e9s dans certains th\u00e8mes, familiers et agr\u00e9ables \u00e0 l\u2019\u00e9coute.<\/p>\n\n\n\n<p class=\"wp-block-paragraph\" style=\"font-size:20px\">Compos\u00e9 pour le piano seul, ce <em>Menuet en ut di\u00e8se mineur<\/em> de Maurice Ravel a \u00e9t\u00e9 orchestr\u00e9 et arrang\u00e9 par Lionel Belmondo&nbsp; pour orchestre symphonique et sextette de jazz. Le th\u00e8me principal met en relief le saxophone soprano de Belmondo compl\u00e9t\u00e9 par les bois de l\u2019orchestre, suivi du saxo t\u00e9nor de Rieu.&nbsp;<\/p>\n\n\n\n<p class=\"wp-block-paragraph\" style=\"font-size:20px\">Inspir\u00e9e du premier mouvement de la Symphonie No 4 de Brahms, cette pi\u00e8ce de Yannick Rieu implique l\u2019improvisation des vents dont les lignes m\u00e9lodiques ajoutent un contrepoint suppl\u00e9mentaire \u00e0 la progression harmonique pr\u00e9vue pour l\u2019orchestre. Il est alors int\u00e9ressant de noter l\u2019unification heureuse des deux esth\u00e9tiques, cette fois domin\u00e9e par le romantisme brahmsien.<\/p>\n\n\n\n<p class=\"wp-block-paragraph\" style=\"font-size:20px\">S\u2019ensuit<em> Nostalgie<\/em>, une pi\u00e8ce de Yannick Rieu dont il est le soliste principal aux c\u00f4t\u00e9s de R\u00e9mi-Jean LeBlanc, mais la partie jazz de l\u2019\u0153uvre demeure tr\u00e8s jazz, l\u2019orchestre se transforme alors en faste accompagnateur et rappelle les arrangements et orchestrations typiques des grands orchestres am\u00e9ricains au milieu du 20<sup>e<\/sup> si\u00e8cle.<\/p>\n\n\n\n<p class=\"wp-block-paragraph\" style=\"font-size:20px\">Un riff de contrebasse introduit l\u2019orchestre, le piano et les autres solistes du sextette. Le piano mature et assur\u00e9 de Jonathan Cayer et le sax soprano de Rieu sont ici mis de l\u2019avant. Les somptueuses harmonies&nbsp; sont tellement propices au jazz moderne qu\u2019on en oublie les fondements originels. Il faut toujours rappeler que les jazzophiles ont int\u00e9gr\u00e9 les musiques romantiques ou classiques modernes sans n\u00e9cessairement en conna\u00eetre pr\u00e9cis\u00e9ment le r\u00e9pertoire, en voil\u00e0 une autre \u00e9loquente d\u00e9monstration intitul\u00e9e <em>Ritournelle.<\/em><\/p>\n\n\n\n<p class=\"wp-block-paragraph\" style=\"font-size:20px\">La suivante,<em>Ballade sur le nom de Maurice Ravel , <\/em>a \u00e9t\u00e9 compos\u00e9e par Yannick et arrang\u00e9e par Lionel, cette \u0153uvre relativement courte est introduite par les cordes rav\u00e9liennes de l\u2019OSL qui pr\u00e9c\u00e8dent le th\u00e8me expos\u00e9 par le sextette. La nappe est dress\u00e9e pour un riche exercice harmonique \u00e0 l\u2019\u00e9chelle symphonique, l\u2019excellent trompettiste Lex French y est mis en valeur pour une improvisation fervente qui en coiffe la conclusion.<\/p>\n\n\n\n<p class=\"wp-block-paragraph\" style=\"font-size:20px\">Un solo de batterie bien senti de Louis-Vincent Hamel, et puis c\u2019est parti dans un swing soigneusement enrob\u00e9 par l\u2019orchestre symphonique. Pour <em>Pharaon <\/em>de Yannick Rieu, des accords de piano pr\u00e9c\u00e8dent le th\u00e8me expos\u00e9 \u00e0 troix voix, on se trouve dans un romantisme luxuriant, et le piano s\u2019\u00e9lance sur un groove lent et ternaire avant de donner la r\u00e9plique \u00e0 l\u2019orchestre symphonique et ses coll\u00e8gues du sextette pour conclure aux c\u00f4t\u00e9s des saxes, cuivres et compl\u00e9ments orchestraux.<\/p>\n\n\n\n<p class=\"wp-block-paragraph\" style=\"font-size:20px\">Inspir\u00e9e des Jeux d\u2019eau de Maurice Ravel, <em>La Couleur de l\u2019eau <\/em>est l\u2019occasion pour Lionel Belmondo de fusionner le discours rav\u00e9lien avec un jazz moderne typique des ann\u00e9es 50, \u00e9poque hard bop et Third Stream, s\u2019envole alors Lex French dans un chemin dont il conna\u00eet parfaitement les balises.<\/p>\n\n\n\n<p class=\"wp-block-paragraph\" style=\"font-size:20px\">On conclura ce programme ambitieux avec <em>Embrahms-moi <\/em>de Yannick Rieu, une pi\u00e8ce qui ne fut pas sans difficult\u00e9s c\u00f4t\u00e9 arrangement, dixit Lionel Belmondo. Le piano s\u2019ex\u00e9cute d\u2019abord et puis le romantisme brahmsien, donc pr\u00e9-moderne et tellement repris dans les trames cin\u00e9matographiques hollywoodiennes, se fond dans le discours de Yannick Rieu&nbsp; dont le th\u00e8me au saxophone est purement romantique.Solidement ficel\u00e9 tout \u00e7a, au plus grand plaisir des m\u00e9lomanes.<\/p>\n","protected":false},"excerpt":{"rendered":"<p>\u00c0 travers leur vies professionnelles qu\u2019on devine intenses, les saxophonistes Yannick Rieu et Lionel Belmondo ont mis deux ans \u00e0 mettre ce programme au point\u00a0: un jazz symphonique construit, am\u00e9nag\u00e9 et reformul\u00e9 autour des compositeurs Johannes Brahms, Maurice Ravel et Lili Boulanger, soit la fin du 19e \u00a0si\u00e8cle et le d\u00e9but du 20e au service [&hellip;]<\/p>\n","protected":false},"author":36,"featured_media":136209,"menu_order":0,"template":"","format":"standard","meta":{"_acf_changed":false,"_crdt_document":""},"categories":[8152],"tags":[],"genre":[3117,4538,8339],"salle":[7066],"ville":[],"class_list":["post-136243","gig_review","type-gig_review","status-publish","format-standard","has-post-thumbnail","hentry","category-critiques-de-concerts-en","genre-modern-classical","genre-jazz-moderne-en","genre-periode-romantique-en","salle-salle-andre-mathieu-en"],"acf":[],"yoast_head":"<!-- This site is optimized with the Yoast SEO plugin v27.4 - https:\/\/yoast.com\/product\/yoast-seo-wordpress\/ -->\n<title>Soir de jazz symphonique \u00e0 Laval - PAN M 360<\/title>\n<meta name=\"robots\" content=\"index, follow, max-snippet:-1, max-image-preview:large, max-video-preview:-1\" \/>\n<link rel=\"canonical\" href=\"https:\/\/panm360.com\/en\/gig_review\/soir-de-jazz-symphonique-a-laval\/\" \/>\n<meta property=\"og:locale\" content=\"en_US\" \/>\n<meta property=\"og:type\" content=\"article\" \/>\n<meta property=\"og:title\" content=\"Soir de jazz symphonique \u00e0 Laval - PAN M 360\" \/>\n<meta property=\"og:description\" content=\"\u00c0 travers leur vies professionnelles qu\u2019on devine intenses, les saxophonistes Yannick Rieu et Lionel Belmondo ont mis deux ans \u00e0 mettre ce programme au point\u00a0: un jazz symphonique construit, am\u00e9nag\u00e9 et reformul\u00e9 autour des compositeurs Johannes Brahms, Maurice Ravel et Lili Boulanger, soit la fin du 19e \u00a0si\u00e8cle et le d\u00e9but du 20e au service [&hellip;]\" \/>\n<meta property=\"og:url\" content=\"https:\/\/panm360.com\/en\/gig_review\/soir-de-jazz-symphonique-a-laval\/\" \/>\n<meta property=\"og:site_name\" content=\"PAN M 360\" \/>\n<meta property=\"article:publisher\" content=\"https:\/\/www.facebook.com\/panm360\/\" \/>\n<meta property=\"og:image\" content=\"https:\/\/panm360.com\/wp-content\/uploads\/2025\/04\/OSL-Rieu-Belmondo.jpg\" \/>\n\t<meta property=\"og:image:width\" content=\"895\" \/>\n\t<meta property=\"og:image:height\" content=\"634\" \/>\n\t<meta property=\"og:image:type\" content=\"image\/jpeg\" \/>\n<meta name=\"twitter:card\" content=\"summary_large_image\" \/>\n<meta name=\"twitter:site\" content=\"@PANM360\" \/>\n<meta name=\"twitter:label1\" content=\"Est. reading time\" \/>\n\t<meta name=\"twitter:data1\" content=\"5 minutes\" \/>\n<script type=\"application\/ld+json\" class=\"yoast-schema-graph\">{\"@context\":\"https:\\\/\\\/schema.org\",\"@graph\":[{\"@type\":\"WebPage\",\"@id\":\"https:\\\/\\\/panm360.com\\\/en\\\/gig_review\\\/soir-de-jazz-symphonique-a-laval\\\/\",\"url\":\"https:\\\/\\\/panm360.com\\\/en\\\/gig_review\\\/soir-de-jazz-symphonique-a-laval\\\/\",\"name\":\"Soir de jazz symphonique \u00e0 Laval - PAN M 360\",\"isPartOf\":{\"@id\":\"https:\\\/\\\/panm360.com\\\/en\\\/#website\"},\"primaryImageOfPage\":{\"@id\":\"https:\\\/\\\/panm360.com\\\/en\\\/gig_review\\\/soir-de-jazz-symphonique-a-laval\\\/#primaryimage\"},\"image\":{\"@id\":\"https:\\\/\\\/panm360.com\\\/en\\\/gig_review\\\/soir-de-jazz-symphonique-a-laval\\\/#primaryimage\"},\"thumbnailUrl\":\"https:\\\/\\\/panm360.com\\\/wp-content\\\/uploads\\\/2025\\\/04\\\/OSL-Rieu-Belmondo.jpg\",\"datePublished\":\"2025-04-18T19:39:37+00:00\",\"breadcrumb\":{\"@id\":\"https:\\\/\\\/panm360.com\\\/en\\\/gig_review\\\/soir-de-jazz-symphonique-a-laval\\\/#breadcrumb\"},\"inLanguage\":\"en-US\",\"potentialAction\":[{\"@type\":\"ReadAction\",\"target\":[\"https:\\\/\\\/panm360.com\\\/en\\\/gig_review\\\/soir-de-jazz-symphonique-a-laval\\\/\"]}]},{\"@type\":\"ImageObject\",\"inLanguage\":\"en-US\",\"@id\":\"https:\\\/\\\/panm360.com\\\/en\\\/gig_review\\\/soir-de-jazz-symphonique-a-laval\\\/#primaryimage\",\"url\":\"https:\\\/\\\/panm360.com\\\/wp-content\\\/uploads\\\/2025\\\/04\\\/OSL-Rieu-Belmondo.jpg\",\"contentUrl\":\"https:\\\/\\\/panm360.com\\\/wp-content\\\/uploads\\\/2025\\\/04\\\/OSL-Rieu-Belmondo.jpg\",\"width\":895,\"height\":634},{\"@type\":\"BreadcrumbList\",\"@id\":\"https:\\\/\\\/panm360.com\\\/en\\\/gig_review\\\/soir-de-jazz-symphonique-a-laval\\\/#breadcrumb\",\"itemListElement\":[{\"@type\":\"ListItem\",\"position\":1,\"name\":\"Accueil\",\"item\":\"https:\\\/\\\/panm360.com\\\/en\\\/\"},{\"@type\":\"ListItem\",\"position\":2,\"name\":\"Concert review\",\"item\":\"https:\\\/\\\/panm360.com\\\/en\\\/gig_review\\\/\"},{\"@type\":\"ListItem\",\"position\":3,\"name\":\"Soir de jazz symphonique \u00e0 Laval\"}]},{\"@type\":\"WebSite\",\"@id\":\"https:\\\/\\\/panm360.com\\\/en\\\/#website\",\"url\":\"https:\\\/\\\/panm360.com\\\/en\\\/\",\"name\":\"PAN M 360\",\"description\":\"Le m\u00e9dia num\u00e9rique de la musique !\",\"publisher\":{\"@id\":\"https:\\\/\\\/panm360.com\\\/en\\\/#organization\"},\"potentialAction\":[{\"@type\":\"SearchAction\",\"target\":{\"@type\":\"EntryPoint\",\"urlTemplate\":\"https:\\\/\\\/panm360.com\\\/en\\\/?s={search_term_string}\"},\"query-input\":{\"@type\":\"PropertyValueSpecification\",\"valueRequired\":true,\"valueName\":\"search_term_string\"}}],\"inLanguage\":\"en-US\"},{\"@type\":\"Organization\",\"@id\":\"https:\\\/\\\/panm360.com\\\/en\\\/#organization\",\"name\":\"PAN M 360\",\"url\":\"https:\\\/\\\/panm360.com\\\/en\\\/\",\"logo\":{\"@type\":\"ImageObject\",\"inLanguage\":\"en-US\",\"@id\":\"https:\\\/\\\/panm360.com\\\/en\\\/#\\\/schema\\\/logo\\\/image\\\/\",\"url\":\"https:\\\/\\\/panm360.com\\\/wp-content\\\/uploads\\\/2019\\\/12\\\/PAN-M360_Logo_RGB.jpg\",\"contentUrl\":\"https:\\\/\\\/panm360.com\\\/wp-content\\\/uploads\\\/2019\\\/12\\\/PAN-M360_Logo_RGB.jpg\",\"width\":1663,\"height\":631,\"caption\":\"PAN M 360\"},\"image\":{\"@id\":\"https:\\\/\\\/panm360.com\\\/en\\\/#\\\/schema\\\/logo\\\/image\\\/\"},\"sameAs\":[\"https:\\\/\\\/www.facebook.com\\\/panm360\\\/\",\"https:\\\/\\\/x.com\\\/PANM360\",\"https:\\\/\\\/www.instagram.com\\\/panm360\\\/\",\"https:\\\/\\\/www.linkedin.com\\\/company\\\/panm360\\\/\",\"https:\\\/\\\/www.youtube.com\\\/channel\\\/UCHEFHd3UhIrV6EJ3ltzVKOA?view_as=subscriber\"]}]}<\/script>\n<!-- \/ Yoast SEO plugin. -->","yoast_head_json":{"title":"Soir de jazz symphonique \u00e0 Laval - PAN M 360","robots":{"index":"index","follow":"follow","max-snippet":"max-snippet:-1","max-image-preview":"max-image-preview:large","max-video-preview":"max-video-preview:-1"},"canonical":"https:\/\/panm360.com\/en\/gig_review\/soir-de-jazz-symphonique-a-laval\/","og_locale":"en_US","og_type":"article","og_title":"Soir de jazz symphonique \u00e0 Laval - PAN M 360","og_description":"\u00c0 travers leur vies professionnelles qu\u2019on devine intenses, les saxophonistes Yannick Rieu et Lionel Belmondo ont mis deux ans \u00e0 mettre ce programme au point\u00a0: un jazz symphonique construit, am\u00e9nag\u00e9 et reformul\u00e9 autour des compositeurs Johannes Brahms, Maurice Ravel et Lili Boulanger, soit la fin du 19e \u00a0si\u00e8cle et le d\u00e9but du 20e au service [&hellip;]","og_url":"https:\/\/panm360.com\/en\/gig_review\/soir-de-jazz-symphonique-a-laval\/","og_site_name":"PAN M 360","article_publisher":"https:\/\/www.facebook.com\/panm360\/","og_image":[{"width":895,"height":634,"url":"https:\/\/panm360.com\/wp-content\/uploads\/2025\/04\/OSL-Rieu-Belmondo.jpg","type":"image\/jpeg"}],"twitter_card":"summary_large_image","twitter_site":"@PANM360","twitter_misc":{"Est. reading time":"5 minutes"},"schema":{"@context":"https:\/\/schema.org","@graph":[{"@type":"WebPage","@id":"https:\/\/panm360.com\/en\/gig_review\/soir-de-jazz-symphonique-a-laval\/","url":"https:\/\/panm360.com\/en\/gig_review\/soir-de-jazz-symphonique-a-laval\/","name":"Soir de jazz symphonique \u00e0 Laval - PAN M 360","isPartOf":{"@id":"https:\/\/panm360.com\/en\/#website"},"primaryImageOfPage":{"@id":"https:\/\/panm360.com\/en\/gig_review\/soir-de-jazz-symphonique-a-laval\/#primaryimage"},"image":{"@id":"https:\/\/panm360.com\/en\/gig_review\/soir-de-jazz-symphonique-a-laval\/#primaryimage"},"thumbnailUrl":"https:\/\/panm360.com\/wp-content\/uploads\/2025\/04\/OSL-Rieu-Belmondo.jpg","datePublished":"2025-04-18T19:39:37+00:00","breadcrumb":{"@id":"https:\/\/panm360.com\/en\/gig_review\/soir-de-jazz-symphonique-a-laval\/#breadcrumb"},"inLanguage":"en-US","potentialAction":[{"@type":"ReadAction","target":["https:\/\/panm360.com\/en\/gig_review\/soir-de-jazz-symphonique-a-laval\/"]}]},{"@type":"ImageObject","inLanguage":"en-US","@id":"https:\/\/panm360.com\/en\/gig_review\/soir-de-jazz-symphonique-a-laval\/#primaryimage","url":"https:\/\/panm360.com\/wp-content\/uploads\/2025\/04\/OSL-Rieu-Belmondo.jpg","contentUrl":"https:\/\/panm360.com\/wp-content\/uploads\/2025\/04\/OSL-Rieu-Belmondo.jpg","width":895,"height":634},{"@type":"BreadcrumbList","@id":"https:\/\/panm360.com\/en\/gig_review\/soir-de-jazz-symphonique-a-laval\/#breadcrumb","itemListElement":[{"@type":"ListItem","position":1,"name":"Accueil","item":"https:\/\/panm360.com\/en\/"},{"@type":"ListItem","position":2,"name":"Concert review","item":"https:\/\/panm360.com\/en\/gig_review\/"},{"@type":"ListItem","position":3,"name":"Soir de jazz symphonique \u00e0 Laval"}]},{"@type":"WebSite","@id":"https:\/\/panm360.com\/en\/#website","url":"https:\/\/panm360.com\/en\/","name":"PAN M 360","description":"Le m\u00e9dia num\u00e9rique de la musique !","publisher":{"@id":"https:\/\/panm360.com\/en\/#organization"},"potentialAction":[{"@type":"SearchAction","target":{"@type":"EntryPoint","urlTemplate":"https:\/\/panm360.com\/en\/?s={search_term_string}"},"query-input":{"@type":"PropertyValueSpecification","valueRequired":true,"valueName":"search_term_string"}}],"inLanguage":"en-US"},{"@type":"Organization","@id":"https:\/\/panm360.com\/en\/#organization","name":"PAN M 360","url":"https:\/\/panm360.com\/en\/","logo":{"@type":"ImageObject","inLanguage":"en-US","@id":"https:\/\/panm360.com\/en\/#\/schema\/logo\/image\/","url":"https:\/\/panm360.com\/wp-content\/uploads\/2019\/12\/PAN-M360_Logo_RGB.jpg","contentUrl":"https:\/\/panm360.com\/wp-content\/uploads\/2019\/12\/PAN-M360_Logo_RGB.jpg","width":1663,"height":631,"caption":"PAN M 360"},"image":{"@id":"https:\/\/panm360.com\/en\/#\/schema\/logo\/image\/"},"sameAs":["https:\/\/www.facebook.com\/panm360\/","https:\/\/x.com\/PANM360","https:\/\/www.instagram.com\/panm360\/","https:\/\/www.linkedin.com\/company\/panm360\/","https:\/\/www.youtube.com\/channel\/UCHEFHd3UhIrV6EJ3ltzVKOA?view_as=subscriber"]}]}},"_links":{"self":[{"href":"https:\/\/panm360.com\/en\/wp-json\/wp\/v2\/gig_review\/136243","targetHints":{"allow":["GET"]}}],"collection":[{"href":"https:\/\/panm360.com\/en\/wp-json\/wp\/v2\/gig_review"}],"about":[{"href":"https:\/\/panm360.com\/en\/wp-json\/wp\/v2\/types\/gig_review"}],"author":[{"embeddable":true,"href":"https:\/\/panm360.com\/en\/wp-json\/wp\/v2\/users\/36"}],"wp:featuredmedia":[{"embeddable":true,"href":"https:\/\/panm360.com\/en\/wp-json\/wp\/v2\/media\/136209"}],"wp:attachment":[{"href":"https:\/\/panm360.com\/en\/wp-json\/wp\/v2\/media?parent=136243"}],"wp:term":[{"taxonomy":"category","embeddable":true,"href":"https:\/\/panm360.com\/en\/wp-json\/wp\/v2\/categories?post=136243"},{"taxonomy":"post_tag","embeddable":true,"href":"https:\/\/panm360.com\/en\/wp-json\/wp\/v2\/tags?post=136243"},{"taxonomy":"genre","embeddable":true,"href":"https:\/\/panm360.com\/en\/wp-json\/wp\/v2\/genre?post=136243"},{"taxonomy":"salle","embeddable":true,"href":"https:\/\/panm360.com\/en\/wp-json\/wp\/v2\/salle?post=136243"},{"taxonomy":"ville","embeddable":true,"href":"https:\/\/panm360.com\/en\/wp-json\/wp\/v2\/ville?post=136243"}],"curies":[{"name":"wp","href":"https:\/\/api.w.org\/{rel}","templated":true}]}}