{"id":133936,"date":"2025-03-02T13:57:00","date_gmt":"2025-03-02T18:57:00","guid":{"rendered":"https:\/\/panm360.com\/gig_review\/m-nm-climax-universitaire-a-la-maison-symphonique\/"},"modified":"2025-03-05T15:16:27","modified_gmt":"2025-03-05T20:16:27","slug":"m-nm-climax-universitaire-a-la-maison-symphonique","status":"publish","type":"gig_review","link":"https:\/\/panm360.com\/en\/gig_review\/m-nm-climax-universitaire-a-la-maison-symphonique\/","title":{"rendered":"M\/NM | University Climax at the Maison symphonique"},"content":{"rendered":"\n<p class=\"wp-block-paragraph\" style=\"font-size:20px\">The idea of a co-production between the Soci\u00e9t\u00e9 de musique contemporaine du Qu\u00e9bec and McGill University&#8217;s Schulich School of Music is an excellent one. And it&#8217;s not a new idea: the two institutions have collaborated in the past.<\/p>\n\n\n\n<p class=\"wp-block-paragraph\" style=\"font-size:20px\">L\u2019id\u00e9e d\u2019une coproduction entre la Soci\u00e9t\u00e9 de musique contemporaine du Qu\u00e9bec et l\u2019\u00c9cole de musique Schulich de l\u2019Universit\u00e9 McGill est en soi excellente. Et cette id\u00e9e n&#8217;est pas neuve, les deux institutions ont collabor\u00e9 par le pass\u00e9.<\/p>\n\n\n\n<p class=\"wp-block-paragraph\" style=\"font-size:20px\">What does this relationship look like in 2025? Friday&#8217;s evening at the Maison symphonique, in the context of Montr\u00e9al \/ Nouvelles Musiques, was an opportunity to think about this.<br>Over the years, Maestro Alexis Hauser has continued to lead Montreal&#8217;s finest student symphony orchestra. At the Maison symphonique, this was certainly the case. Very well behaved. Rigor. Clarity. Cohesive, solid performances, particularly in the more classical works on the program &#8211; we&#8217;re talking here about Richard Strauss&#8217;s symphonic poem Thus Spoke Zarathustra, and Prokofiev&#8217;s 2nd Piano Concerto played by Alexey Shafirov, twice winner of the McGill Concerto Competition &#8211; precise throughout, lively and tonic in the attack, fluid in general, and at the encore a generous Prelude Op. 3 No. 2 by Rachmaninov.<\/p>\n\n\n\n<p class=\"wp-block-paragraph\" style=\"font-size:20px\">Au fil du temps, maestro Alexis Hauser dirige encore et toujours le meilleur orchestre symphonique estudiantin \u00e0 Montr\u00e9al. \u00c0 la Maison symphonique, c\u2019\u00e9tait certes le cas. Fort belle tenue. Rigueur. Clart\u00e9. Ex\u00e9cutions coh\u00e9sives,  solides, particuli\u00e8rement dans les \u0153uvres les plus classiques au programme \u2013 on parle ici du po\u00e8me symphonique <em>Ainsi parlait Zarathoustra<\/em> de Richard Strauss, ainsi que du 2<sup>e<\/sup> Concerto pour piano&nbsp; de Prokofiev jou\u00e9 par Alexey Shafirov, laur\u00e9at \u00e0 deux reprises du concours de concertos de McGill&nbsp;&#8211;&nbsp; pr\u00e9cis sur toute la ligne, vif et tonique dans l\u2019attaque, fluide de mani\u00e8re g\u00e9n\u00e9rale, et au rappel un g\u00e9n\u00e9reux Pr\u00e9lude op. 3 n\u00b0 2 de Rachmaninov.&nbsp;<\/p>\n\n\n\n<p class=\"wp-block-paragraph\" style=\"font-size:20px\">The final piece on the program, by Richard Strauss, whose main theme was widely popularized as the theme for the film 2001: A Space Odyssey, was also exemplary in the context of a university performance and a floor filled with an audience of mostly students, friends, family and many other open-minded music lovers, all happy to be there.<\/p>\n\n\n\n<p class=\"wp-block-paragraph\" style=\"font-size:20px\">However, it seems to me that the performance of Gy\u00f6rgy Ligeti&#8217;s Lontano, played in the first part of the program, demanded more timbral depth, texture and power to carry through the work&#8217;s obsessive discourse, based on plays of tension deployed slowly over an unusual (for the time of its creation) linear flow. We had the impression that this very important part of the program, at the heart of its theme, had been less well chiselled, and it was the same for Continental Divide, an SMCQ commission to young composer Liam Gibson, presented as a premiere. Did we really grasp all its nuances? <\/p>\n\n\n\n<p class=\"wp-block-paragraph\" style=\"font-size:20px\"><\/p>\n\n\n\n<p class=\"wp-block-paragraph\" style=\"font-size:20px\">In the first half, Ligeti&#8217;s Musica ricercata, transposed for organ and played by the excellent Jean-Willy Kunz, was impeccable in the context of a transposition.<\/p>\n\n\n\n<p class=\"wp-block-paragraph\" style=\"font-size:20px\">For the cinematic side of things, there was no question of showing film extracts on the big screen during the orchestral performances. Instead, we opted for scenic evocations of Stanley Kubrick&#8217;s great classics: the spectral binoculars from The Shining, the ceremonial mask from Eyes Wide Shut, the famous monolith from 2001, around which primates begin to think like sapiens, and so on. We also tried mapping projections on a rear fa\u00e7ade of the amphitheatre &#8211; too bright for the projected forms to be intelligible?\u00a0 Good flashes, a certain taste, interesting premises, a certain discretion\u2026 How can this evocation of brilliant cinema be maximized in a symphonic performance context? There&#8217;s no doubt that the highly gifted Sylvain Marotte will be able to answer this question for the future.For the cinematic side of things, there was no question of showing film extracts on the big screen during the orchestral performances. Instead, we opted for scenic evocations of Stanley Kubrick&#8217;s great classics: the spectral binoculars from The Shining, the ceremonial mask from Eyes Wide Shut, the famous monolith from 2001, around which primates begin to think like sapiens, and so on. We also tried mapping projections on a rear fa\u00e7ade of the amphitheatre &#8211; too bright for the projected forms to be intelligible?\u00a0 Good flashes, a certain taste, interesting premises, a certain discretion&#8230; How can this evocation of brilliant cinema be maximized in a symphonic performance context? There&#8217;s no doubt that the highly gifted Sylvain Marotte will be able to answer this question for the future.<\/p>\n\n\n\n<p class=\"wp-block-paragraph\" style=\"font-size:20px\">And then there was a full house that evening, mostly populated by delighted people. That was already a lot for the SMCQ and the McGill Symphony Orchestra. Who, by the way, complained about some of the program&#8217;s inconsistencies (Prokofiev for piano and orchestra after Ligeti\u2026 why?) and the thinness of some of the performances on the contemporary side. Nevertheless, most of us enjoyed a fine Friday at M\/NM.And then there was a full house that evening, mostly populated by delighted people. That was already a lot for the SMCQ and the McGill Symphony Orchestra. Who, by the way, complained about some of the program&#8217;s inconsistencies (Prokofiev for piano and orchestra after Ligeti&#8230; why?) and the thinness of some of the performances on the contemporary side. Nevertheless, most of us enjoyed a fine Friday at M\/NM.<\/p>\n","protected":false},"excerpt":{"rendered":"<p>The idea of a co-production between the Soci\u00e9t\u00e9 de musique contemporaine du Qu\u00e9bec and McGill University&#8217;s Schulich School of Music is an excellent one. And it&#8217;s not a new idea: the two institutions have collaborated in the past. L\u2019id\u00e9e d\u2019une coproduction entre la Soci\u00e9t\u00e9 de musique contemporaine du Qu\u00e9bec et l\u2019\u00c9cole de musique Schulich de [&hellip;]<\/p>\n","protected":false},"author":36,"featured_media":133877,"menu_order":0,"template":"","format":"standard","meta":{"_acf_changed":false,"_crdt_document":""},"categories":[8152],"tags":[],"genre":[3122,9772,8112,7670],"salle":[],"ville":[],"class_list":["post-133936","gig_review","type-gig_review","status-publish","format-standard","has-post-thumbnail","hentry","category-critiques-de-concerts-en","genre-contemporary","genre-musique-de-creation-en","genre-periode-moderne-en","genre-post-romantique-classique-en"],"acf":[],"yoast_head":"<!-- This site is optimized with the Yoast SEO plugin v27.4 - https:\/\/yoast.com\/product\/yoast-seo-wordpress\/ -->\n<title>M\/NM | University Climax at the Maison symphonique - PAN M 360<\/title>\n<meta name=\"robots\" content=\"index, follow, max-snippet:-1, max-image-preview:large, max-video-preview:-1\" \/>\n<link rel=\"canonical\" href=\"https:\/\/panm360.com\/en\/gig_review\/m-nm-climax-universitaire-a-la-maison-symphonique\/\" \/>\n<meta property=\"og:locale\" content=\"en_US\" \/>\n<meta property=\"og:type\" content=\"article\" \/>\n<meta property=\"og:title\" content=\"M\/NM | University Climax at the Maison symphonique - PAN M 360\" \/>\n<meta property=\"og:description\" content=\"The idea of a co-production between the Soci\u00e9t\u00e9 de musique contemporaine du Qu\u00e9bec and McGill University&#8217;s Schulich School of Music is an excellent one. And it&#8217;s not a new idea: the two institutions have collaborated in the past. L\u2019id\u00e9e d\u2019une coproduction entre la Soci\u00e9t\u00e9 de musique contemporaine du Qu\u00e9bec et l\u2019\u00c9cole de musique Schulich de [&hellip;]\" \/>\n<meta property=\"og:url\" content=\"https:\/\/panm360.com\/en\/gig_review\/m-nm-climax-universitaire-a-la-maison-symphonique\/\" \/>\n<meta property=\"og:site_name\" content=\"PAN M 360\" \/>\n<meta property=\"article:publisher\" content=\"https:\/\/www.facebook.com\/panm360\/\" \/>\n<meta property=\"article:modified_time\" content=\"2025-03-05T20:16:27+00:00\" \/>\n<meta property=\"og:image\" content=\"https:\/\/panm360.com\/wp-content\/uploads\/2025\/03\/OSMCGILL.jpg\" \/>\n\t<meta property=\"og:image:width\" content=\"676\" \/>\n\t<meta property=\"og:image:height\" content=\"394\" \/>\n\t<meta property=\"og:image:type\" content=\"image\/jpeg\" \/>\n<meta name=\"twitter:card\" content=\"summary_large_image\" \/>\n<meta name=\"twitter:site\" content=\"@PANM360\" \/>\n<meta name=\"twitter:label1\" content=\"Est. reading time\" \/>\n\t<meta name=\"twitter:data1\" content=\"5 minutes\" \/>\n<script type=\"application\/ld+json\" class=\"yoast-schema-graph\">{\"@context\":\"https:\\\/\\\/schema.org\",\"@graph\":[{\"@type\":\"WebPage\",\"@id\":\"https:\\\/\\\/panm360.com\\\/en\\\/gig_review\\\/m-nm-climax-universitaire-a-la-maison-symphonique\\\/\",\"url\":\"https:\\\/\\\/panm360.com\\\/en\\\/gig_review\\\/m-nm-climax-universitaire-a-la-maison-symphonique\\\/\",\"name\":\"M\\\/NM | University Climax at the Maison symphonique - PAN M 360\",\"isPartOf\":{\"@id\":\"https:\\\/\\\/panm360.com\\\/en\\\/#website\"},\"primaryImageOfPage\":{\"@id\":\"https:\\\/\\\/panm360.com\\\/en\\\/gig_review\\\/m-nm-climax-universitaire-a-la-maison-symphonique\\\/#primaryimage\"},\"image\":{\"@id\":\"https:\\\/\\\/panm360.com\\\/en\\\/gig_review\\\/m-nm-climax-universitaire-a-la-maison-symphonique\\\/#primaryimage\"},\"thumbnailUrl\":\"https:\\\/\\\/panm360.com\\\/wp-content\\\/uploads\\\/2025\\\/03\\\/OSMCGILL.jpg\",\"datePublished\":\"2025-03-02T18:57:00+00:00\",\"dateModified\":\"2025-03-05T20:16:27+00:00\",\"breadcrumb\":{\"@id\":\"https:\\\/\\\/panm360.com\\\/en\\\/gig_review\\\/m-nm-climax-universitaire-a-la-maison-symphonique\\\/#breadcrumb\"},\"inLanguage\":\"en-US\",\"potentialAction\":[{\"@type\":\"ReadAction\",\"target\":[\"https:\\\/\\\/panm360.com\\\/en\\\/gig_review\\\/m-nm-climax-universitaire-a-la-maison-symphonique\\\/\"]}]},{\"@type\":\"ImageObject\",\"inLanguage\":\"en-US\",\"@id\":\"https:\\\/\\\/panm360.com\\\/en\\\/gig_review\\\/m-nm-climax-universitaire-a-la-maison-symphonique\\\/#primaryimage\",\"url\":\"https:\\\/\\\/panm360.com\\\/wp-content\\\/uploads\\\/2025\\\/03\\\/OSMCGILL.jpg\",\"contentUrl\":\"https:\\\/\\\/panm360.com\\\/wp-content\\\/uploads\\\/2025\\\/03\\\/OSMCGILL.jpg\",\"width\":676,\"height\":394},{\"@type\":\"BreadcrumbList\",\"@id\":\"https:\\\/\\\/panm360.com\\\/en\\\/gig_review\\\/m-nm-climax-universitaire-a-la-maison-symphonique\\\/#breadcrumb\",\"itemListElement\":[{\"@type\":\"ListItem\",\"position\":1,\"name\":\"Accueil\",\"item\":\"https:\\\/\\\/panm360.com\\\/en\\\/\"},{\"@type\":\"ListItem\",\"position\":2,\"name\":\"Concert review\",\"item\":\"https:\\\/\\\/panm360.com\\\/en\\\/gig_review\\\/\"},{\"@type\":\"ListItem\",\"position\":3,\"name\":\"M\\\/NM | University Climax at the Maison symphonique\"}]},{\"@type\":\"WebSite\",\"@id\":\"https:\\\/\\\/panm360.com\\\/en\\\/#website\",\"url\":\"https:\\\/\\\/panm360.com\\\/en\\\/\",\"name\":\"PAN M 360\",\"description\":\"Le m\u00e9dia num\u00e9rique de la musique !\",\"publisher\":{\"@id\":\"https:\\\/\\\/panm360.com\\\/en\\\/#organization\"},\"potentialAction\":[{\"@type\":\"SearchAction\",\"target\":{\"@type\":\"EntryPoint\",\"urlTemplate\":\"https:\\\/\\\/panm360.com\\\/en\\\/?s={search_term_string}\"},\"query-input\":{\"@type\":\"PropertyValueSpecification\",\"valueRequired\":true,\"valueName\":\"search_term_string\"}}],\"inLanguage\":\"en-US\"},{\"@type\":\"Organization\",\"@id\":\"https:\\\/\\\/panm360.com\\\/en\\\/#organization\",\"name\":\"PAN M 360\",\"url\":\"https:\\\/\\\/panm360.com\\\/en\\\/\",\"logo\":{\"@type\":\"ImageObject\",\"inLanguage\":\"en-US\",\"@id\":\"https:\\\/\\\/panm360.com\\\/en\\\/#\\\/schema\\\/logo\\\/image\\\/\",\"url\":\"https:\\\/\\\/panm360.com\\\/wp-content\\\/uploads\\\/2019\\\/12\\\/PAN-M360_Logo_RGB.jpg\",\"contentUrl\":\"https:\\\/\\\/panm360.com\\\/wp-content\\\/uploads\\\/2019\\\/12\\\/PAN-M360_Logo_RGB.jpg\",\"width\":1663,\"height\":631,\"caption\":\"PAN M 360\"},\"image\":{\"@id\":\"https:\\\/\\\/panm360.com\\\/en\\\/#\\\/schema\\\/logo\\\/image\\\/\"},\"sameAs\":[\"https:\\\/\\\/www.facebook.com\\\/panm360\\\/\",\"https:\\\/\\\/x.com\\\/PANM360\",\"https:\\\/\\\/www.instagram.com\\\/panm360\\\/\",\"https:\\\/\\\/www.linkedin.com\\\/company\\\/panm360\\\/\",\"https:\\\/\\\/www.youtube.com\\\/channel\\\/UCHEFHd3UhIrV6EJ3ltzVKOA?view_as=subscriber\"]}]}<\/script>\n<!-- \/ Yoast SEO plugin. -->","yoast_head_json":{"title":"M\/NM | University Climax at the Maison symphonique - PAN M 360","robots":{"index":"index","follow":"follow","max-snippet":"max-snippet:-1","max-image-preview":"max-image-preview:large","max-video-preview":"max-video-preview:-1"},"canonical":"https:\/\/panm360.com\/en\/gig_review\/m-nm-climax-universitaire-a-la-maison-symphonique\/","og_locale":"en_US","og_type":"article","og_title":"M\/NM | University Climax at the Maison symphonique - PAN M 360","og_description":"The idea of a co-production between the Soci\u00e9t\u00e9 de musique contemporaine du Qu\u00e9bec and McGill University&#8217;s Schulich School of Music is an excellent one. And it&#8217;s not a new idea: the two institutions have collaborated in the past. L\u2019id\u00e9e d\u2019une coproduction entre la Soci\u00e9t\u00e9 de musique contemporaine du Qu\u00e9bec et l\u2019\u00c9cole de musique Schulich de [&hellip;]","og_url":"https:\/\/panm360.com\/en\/gig_review\/m-nm-climax-universitaire-a-la-maison-symphonique\/","og_site_name":"PAN M 360","article_publisher":"https:\/\/www.facebook.com\/panm360\/","article_modified_time":"2025-03-05T20:16:27+00:00","og_image":[{"width":676,"height":394,"url":"https:\/\/panm360.com\/wp-content\/uploads\/2025\/03\/OSMCGILL.jpg","type":"image\/jpeg"}],"twitter_card":"summary_large_image","twitter_site":"@PANM360","twitter_misc":{"Est. reading time":"5 minutes"},"schema":{"@context":"https:\/\/schema.org","@graph":[{"@type":"WebPage","@id":"https:\/\/panm360.com\/en\/gig_review\/m-nm-climax-universitaire-a-la-maison-symphonique\/","url":"https:\/\/panm360.com\/en\/gig_review\/m-nm-climax-universitaire-a-la-maison-symphonique\/","name":"M\/NM | University Climax at the Maison symphonique - PAN M 360","isPartOf":{"@id":"https:\/\/panm360.com\/en\/#website"},"primaryImageOfPage":{"@id":"https:\/\/panm360.com\/en\/gig_review\/m-nm-climax-universitaire-a-la-maison-symphonique\/#primaryimage"},"image":{"@id":"https:\/\/panm360.com\/en\/gig_review\/m-nm-climax-universitaire-a-la-maison-symphonique\/#primaryimage"},"thumbnailUrl":"https:\/\/panm360.com\/wp-content\/uploads\/2025\/03\/OSMCGILL.jpg","datePublished":"2025-03-02T18:57:00+00:00","dateModified":"2025-03-05T20:16:27+00:00","breadcrumb":{"@id":"https:\/\/panm360.com\/en\/gig_review\/m-nm-climax-universitaire-a-la-maison-symphonique\/#breadcrumb"},"inLanguage":"en-US","potentialAction":[{"@type":"ReadAction","target":["https:\/\/panm360.com\/en\/gig_review\/m-nm-climax-universitaire-a-la-maison-symphonique\/"]}]},{"@type":"ImageObject","inLanguage":"en-US","@id":"https:\/\/panm360.com\/en\/gig_review\/m-nm-climax-universitaire-a-la-maison-symphonique\/#primaryimage","url":"https:\/\/panm360.com\/wp-content\/uploads\/2025\/03\/OSMCGILL.jpg","contentUrl":"https:\/\/panm360.com\/wp-content\/uploads\/2025\/03\/OSMCGILL.jpg","width":676,"height":394},{"@type":"BreadcrumbList","@id":"https:\/\/panm360.com\/en\/gig_review\/m-nm-climax-universitaire-a-la-maison-symphonique\/#breadcrumb","itemListElement":[{"@type":"ListItem","position":1,"name":"Accueil","item":"https:\/\/panm360.com\/en\/"},{"@type":"ListItem","position":2,"name":"Concert review","item":"https:\/\/panm360.com\/en\/gig_review\/"},{"@type":"ListItem","position":3,"name":"M\/NM | University Climax at the Maison symphonique"}]},{"@type":"WebSite","@id":"https:\/\/panm360.com\/en\/#website","url":"https:\/\/panm360.com\/en\/","name":"PAN M 360","description":"Le m\u00e9dia num\u00e9rique de la musique !","publisher":{"@id":"https:\/\/panm360.com\/en\/#organization"},"potentialAction":[{"@type":"SearchAction","target":{"@type":"EntryPoint","urlTemplate":"https:\/\/panm360.com\/en\/?s={search_term_string}"},"query-input":{"@type":"PropertyValueSpecification","valueRequired":true,"valueName":"search_term_string"}}],"inLanguage":"en-US"},{"@type":"Organization","@id":"https:\/\/panm360.com\/en\/#organization","name":"PAN M 360","url":"https:\/\/panm360.com\/en\/","logo":{"@type":"ImageObject","inLanguage":"en-US","@id":"https:\/\/panm360.com\/en\/#\/schema\/logo\/image\/","url":"https:\/\/panm360.com\/wp-content\/uploads\/2019\/12\/PAN-M360_Logo_RGB.jpg","contentUrl":"https:\/\/panm360.com\/wp-content\/uploads\/2019\/12\/PAN-M360_Logo_RGB.jpg","width":1663,"height":631,"caption":"PAN M 360"},"image":{"@id":"https:\/\/panm360.com\/en\/#\/schema\/logo\/image\/"},"sameAs":["https:\/\/www.facebook.com\/panm360\/","https:\/\/x.com\/PANM360","https:\/\/www.instagram.com\/panm360\/","https:\/\/www.linkedin.com\/company\/panm360\/","https:\/\/www.youtube.com\/channel\/UCHEFHd3UhIrV6EJ3ltzVKOA?view_as=subscriber"]}]}},"_links":{"self":[{"href":"https:\/\/panm360.com\/en\/wp-json\/wp\/v2\/gig_review\/133936","targetHints":{"allow":["GET"]}}],"collection":[{"href":"https:\/\/panm360.com\/en\/wp-json\/wp\/v2\/gig_review"}],"about":[{"href":"https:\/\/panm360.com\/en\/wp-json\/wp\/v2\/types\/gig_review"}],"author":[{"embeddable":true,"href":"https:\/\/panm360.com\/en\/wp-json\/wp\/v2\/users\/36"}],"wp:featuredmedia":[{"embeddable":true,"href":"https:\/\/panm360.com\/en\/wp-json\/wp\/v2\/media\/133877"}],"wp:attachment":[{"href":"https:\/\/panm360.com\/en\/wp-json\/wp\/v2\/media?parent=133936"}],"wp:term":[{"taxonomy":"category","embeddable":true,"href":"https:\/\/panm360.com\/en\/wp-json\/wp\/v2\/categories?post=133936"},{"taxonomy":"post_tag","embeddable":true,"href":"https:\/\/panm360.com\/en\/wp-json\/wp\/v2\/tags?post=133936"},{"taxonomy":"genre","embeddable":true,"href":"https:\/\/panm360.com\/en\/wp-json\/wp\/v2\/genre?post=133936"},{"taxonomy":"salle","embeddable":true,"href":"https:\/\/panm360.com\/en\/wp-json\/wp\/v2\/salle?post=133936"},{"taxonomy":"ville","embeddable":true,"href":"https:\/\/panm360.com\/en\/wp-json\/wp\/v2\/ville?post=133936"}],"curies":[{"name":"wp","href":"https:\/\/api.w.org\/{rel}","templated":true}]}}