{"id":124712,"date":"2024-09-01T11:28:27","date_gmt":"2024-09-01T15:28:27","guid":{"rendered":"https:\/\/panm360.com\/?post_type=gig_review&#038;p=124712"},"modified":"2024-09-01T11:28:28","modified_gmt":"2024-09-01T15:28:28","slug":"fete-de-la-musique-de-tremblant-2024-hispanic-and-flamenco-all-round-with-les-rugissants","status":"publish","type":"gig_review","link":"https:\/\/panm360.com\/en\/gig_review\/fete-de-la-musique-de-tremblant-2024-hispanic-and-flamenco-all-round-with-les-rugissants\/","title":{"rendered":"F\u00eate de la musique de Tremblant 2024 | Hispanic and flamenco all round with Les Rugissants"},"content":{"rendered":"\n<p class=\"wp-block-paragraph\">The vocal ensemble Les Rugissants, directed by Xavier Brossard-M\u00e9nard, put on a fine hour of rich choral singing this Saturday afternoon at Tremblant 2024&#8217;s <a href=\"https:\/\/fetedelamusiquetremblant.com\/\"><strong>F\u00eate de la Musique<\/strong><\/a>. A dozen top-class singers, accompanied by a guitarist and a flamenco dancer, all led by Brossard-M\u00e9nard&#8217;s energetic, communicative direction, transported the audience in Tremblant&#8217;s main square into a Hispanic vocal universe far removed from facile clich\u00e9s. Whether using Spanish or foreign composers, but inhabited by the magic of this country, the artists did not hesitate to offer works of a level of \u2018seriousness\u2019 and harmonic demands somewhat more advanced than in the other classical shows on the bill. This approach is to be applauded. That said, you&#8217;d have to be in very bad faith to balk. The programme put together by Brossard-M\u00e9nard was well chosen in terms of its expression of colours easily identifiable with the Iberian peninsula, despite some tonally modern passages. It was a performance of the highest quality, underpinned by a refinement that testifies to fine artistic integrity.<\/p>\n\n\n\n<iframe loading=\"lazy\" src=\"https:\/\/www.facebook.com\/plugins\/video.php?height=314&#038;href=https%3A%2F%2Fwww.facebook.com%2Ffredericcardinclassique%2Fvideos%2F527150966523467%2F&#038;show_text=false&#038;width=560&#038;t=0\" width=\"560\" height=\"314\" style=\"border:none;overflow:hidden\" scrolling=\"no\" frameborder=\"0\" allowfullscreen=\"true\" allow=\"autoplay; clipboard-write; encrypted-media; picture-in-picture; web-share\" allowFullScreen=\"true\"><\/iframe>\n","protected":false},"excerpt":{"rendered":"<p>The vocal ensemble Les Rugissants, directed by Xavier Brossard-M\u00e9nard, put on a fine hour of rich choral singing this Saturday afternoon at Tremblant 2024&#8217;s F\u00eate de la Musique. A dozen top-class singers, accompanied by a guitarist and a flamenco dancer, all led by Brossard-M\u00e9nard&#8217;s energetic, communicative direction, transported the audience in Tremblant&#8217;s main square into [&hellip;]<\/p>\n","protected":false},"author":775,"featured_media":124706,"menu_order":0,"template":"","format":"standard","meta":{"_acf_changed":false,"_crdt_document":""},"categories":[8152],"tags":[],"genre":[3108],"salle":[9464],"ville":[7999],"class_list":["post-124712","gig_review","type-gig_review","status-publish","format-standard","has-post-thumbnail","hentry","category-critiques-de-concerts-en","genre-choral-music","salle-scene-quebecor-fete-de-la-musique-de-tremblant-en","ville-mont-tremblant-en"],"acf":[],"yoast_head":"<!-- This site is optimized with the Yoast SEO plugin v27.4 - https:\/\/yoast.com\/product\/yoast-seo-wordpress\/ -->\n<title>F\u00eate de la musique de Tremblant 2024 | Hispanic and flamenco all round with Les Rugissants - PAN M 360<\/title>\n<meta name=\"robots\" content=\"index, follow, max-snippet:-1, max-image-preview:large, max-video-preview:-1\" \/>\n<link rel=\"canonical\" href=\"https:\/\/panm360.com\/en\/gig_review\/fete-de-la-musique-de-tremblant-2024-hispanic-and-flamenco-all-round-with-les-rugissants\/\" \/>\n<meta property=\"og:locale\" content=\"en_US\" \/>\n<meta property=\"og:type\" content=\"article\" \/>\n<meta property=\"og:title\" content=\"F\u00eate de la musique de Tremblant 2024 | Hispanic and flamenco all round with Les Rugissants - PAN M 360\" \/>\n<meta property=\"og:description\" content=\"The vocal ensemble Les Rugissants, directed by Xavier Brossard-M\u00e9nard, put on a fine hour of rich choral singing this Saturday afternoon at Tremblant 2024&#8217;s F\u00eate de la Musique. A dozen top-class singers, accompanied by a guitarist and a flamenco dancer, all led by Brossard-M\u00e9nard&#8217;s energetic, communicative direction, transported the audience in Tremblant&#8217;s main square into [&hellip;]\" \/>\n<meta property=\"og:url\" content=\"https:\/\/panm360.com\/en\/gig_review\/fete-de-la-musique-de-tremblant-2024-hispanic-and-flamenco-all-round-with-les-rugissants\/\" \/>\n<meta property=\"og:site_name\" content=\"PAN M 360\" \/>\n<meta property=\"article:publisher\" content=\"https:\/\/www.facebook.com\/panm360\/\" \/>\n<meta property=\"article:modified_time\" content=\"2024-09-01T15:28:28+00:00\" \/>\n<meta property=\"og:image\" content=\"https:\/\/panm360.com\/wp-content\/uploads\/2024\/09\/Rugissants-scaled.jpg\" \/>\n\t<meta property=\"og:image:width\" content=\"2560\" \/>\n\t<meta property=\"og:image:height\" content=\"1922\" \/>\n\t<meta property=\"og:image:type\" content=\"image\/jpeg\" \/>\n<meta name=\"twitter:card\" content=\"summary_large_image\" \/>\n<meta name=\"twitter:site\" content=\"@PANM360\" \/>\n<meta name=\"twitter:label1\" content=\"Est. reading time\" \/>\n\t<meta name=\"twitter:data1\" content=\"1 minute\" \/>\n<script type=\"application\/ld+json\" class=\"yoast-schema-graph\">{\"@context\":\"https:\\\/\\\/schema.org\",\"@graph\":[{\"@type\":\"WebPage\",\"@id\":\"https:\\\/\\\/panm360.com\\\/en\\\/gig_review\\\/fete-de-la-musique-de-tremblant-2024-hispanic-and-flamenco-all-round-with-les-rugissants\\\/\",\"url\":\"https:\\\/\\\/panm360.com\\\/en\\\/gig_review\\\/fete-de-la-musique-de-tremblant-2024-hispanic-and-flamenco-all-round-with-les-rugissants\\\/\",\"name\":\"F\u00eate de la musique de Tremblant 2024 | Hispanic and flamenco all round with Les Rugissants - PAN M 360\",\"isPartOf\":{\"@id\":\"https:\\\/\\\/panm360.com\\\/en\\\/#website\"},\"primaryImageOfPage\":{\"@id\":\"https:\\\/\\\/panm360.com\\\/en\\\/gig_review\\\/fete-de-la-musique-de-tremblant-2024-hispanic-and-flamenco-all-round-with-les-rugissants\\\/#primaryimage\"},\"image\":{\"@id\":\"https:\\\/\\\/panm360.com\\\/en\\\/gig_review\\\/fete-de-la-musique-de-tremblant-2024-hispanic-and-flamenco-all-round-with-les-rugissants\\\/#primaryimage\"},\"thumbnailUrl\":\"https:\\\/\\\/panm360.com\\\/wp-content\\\/uploads\\\/2024\\\/09\\\/Rugissants-scaled.jpg\",\"datePublished\":\"2024-09-01T15:28:27+00:00\",\"dateModified\":\"2024-09-01T15:28:28+00:00\",\"breadcrumb\":{\"@id\":\"https:\\\/\\\/panm360.com\\\/en\\\/gig_review\\\/fete-de-la-musique-de-tremblant-2024-hispanic-and-flamenco-all-round-with-les-rugissants\\\/#breadcrumb\"},\"inLanguage\":\"en-US\",\"potentialAction\":[{\"@type\":\"ReadAction\",\"target\":[\"https:\\\/\\\/panm360.com\\\/en\\\/gig_review\\\/fete-de-la-musique-de-tremblant-2024-hispanic-and-flamenco-all-round-with-les-rugissants\\\/\"]}]},{\"@type\":\"ImageObject\",\"inLanguage\":\"en-US\",\"@id\":\"https:\\\/\\\/panm360.com\\\/en\\\/gig_review\\\/fete-de-la-musique-de-tremblant-2024-hispanic-and-flamenco-all-round-with-les-rugissants\\\/#primaryimage\",\"url\":\"https:\\\/\\\/panm360.com\\\/wp-content\\\/uploads\\\/2024\\\/09\\\/Rugissants-scaled.jpg\",\"contentUrl\":\"https:\\\/\\\/panm360.com\\\/wp-content\\\/uploads\\\/2024\\\/09\\\/Rugissants-scaled.jpg\",\"width\":2560,\"height\":1922,\"caption\":\"Ensemble vocal Les Rugissants F\u00eate de la Musique de Tremblant 2024 Cr\u00e9dit : Maryse Tapp\"},{\"@type\":\"BreadcrumbList\",\"@id\":\"https:\\\/\\\/panm360.com\\\/en\\\/gig_review\\\/fete-de-la-musique-de-tremblant-2024-hispanic-and-flamenco-all-round-with-les-rugissants\\\/#breadcrumb\",\"itemListElement\":[{\"@type\":\"ListItem\",\"position\":1,\"name\":\"Accueil\",\"item\":\"https:\\\/\\\/panm360.com\\\/en\\\/\"},{\"@type\":\"ListItem\",\"position\":2,\"name\":\"Concert review\",\"item\":\"https:\\\/\\\/panm360.com\\\/en\\\/gig_review\\\/\"},{\"@type\":\"ListItem\",\"position\":3,\"name\":\"F\u00eate de la musique de Tremblant 2024 | Hispanic and flamenco all round with Les Rugissants\"}]},{\"@type\":\"WebSite\",\"@id\":\"https:\\\/\\\/panm360.com\\\/en\\\/#website\",\"url\":\"https:\\\/\\\/panm360.com\\\/en\\\/\",\"name\":\"PAN M 360\",\"description\":\"Le m\u00e9dia num\u00e9rique de la musique !\",\"publisher\":{\"@id\":\"https:\\\/\\\/panm360.com\\\/en\\\/#organization\"},\"potentialAction\":[{\"@type\":\"SearchAction\",\"target\":{\"@type\":\"EntryPoint\",\"urlTemplate\":\"https:\\\/\\\/panm360.com\\\/en\\\/?s={search_term_string}\"},\"query-input\":{\"@type\":\"PropertyValueSpecification\",\"valueRequired\":true,\"valueName\":\"search_term_string\"}}],\"inLanguage\":\"en-US\"},{\"@type\":\"Organization\",\"@id\":\"https:\\\/\\\/panm360.com\\\/en\\\/#organization\",\"name\":\"PAN M 360\",\"url\":\"https:\\\/\\\/panm360.com\\\/en\\\/\",\"logo\":{\"@type\":\"ImageObject\",\"inLanguage\":\"en-US\",\"@id\":\"https:\\\/\\\/panm360.com\\\/en\\\/#\\\/schema\\\/logo\\\/image\\\/\",\"url\":\"https:\\\/\\\/panm360.com\\\/wp-content\\\/uploads\\\/2019\\\/12\\\/PAN-M360_Logo_RGB.jpg\",\"contentUrl\":\"https:\\\/\\\/panm360.com\\\/wp-content\\\/uploads\\\/2019\\\/12\\\/PAN-M360_Logo_RGB.jpg\",\"width\":1663,\"height\":631,\"caption\":\"PAN M 360\"},\"image\":{\"@id\":\"https:\\\/\\\/panm360.com\\\/en\\\/#\\\/schema\\\/logo\\\/image\\\/\"},\"sameAs\":[\"https:\\\/\\\/www.facebook.com\\\/panm360\\\/\",\"https:\\\/\\\/x.com\\\/PANM360\",\"https:\\\/\\\/www.instagram.com\\\/panm360\\\/\",\"https:\\\/\\\/www.linkedin.com\\\/company\\\/panm360\\\/\",\"https:\\\/\\\/www.youtube.com\\\/channel\\\/UCHEFHd3UhIrV6EJ3ltzVKOA?view_as=subscriber\"]}]}<\/script>\n<!-- \/ Yoast SEO plugin. -->","yoast_head_json":{"title":"F\u00eate de la musique de Tremblant 2024 | Hispanic and flamenco all round with Les Rugissants - PAN M 360","robots":{"index":"index","follow":"follow","max-snippet":"max-snippet:-1","max-image-preview":"max-image-preview:large","max-video-preview":"max-video-preview:-1"},"canonical":"https:\/\/panm360.com\/en\/gig_review\/fete-de-la-musique-de-tremblant-2024-hispanic-and-flamenco-all-round-with-les-rugissants\/","og_locale":"en_US","og_type":"article","og_title":"F\u00eate de la musique de Tremblant 2024 | Hispanic and flamenco all round with Les Rugissants - PAN M 360","og_description":"The vocal ensemble Les Rugissants, directed by Xavier Brossard-M\u00e9nard, put on a fine hour of rich choral singing this Saturday afternoon at Tremblant 2024&#8217;s F\u00eate de la Musique. A dozen top-class singers, accompanied by a guitarist and a flamenco dancer, all led by Brossard-M\u00e9nard&#8217;s energetic, communicative direction, transported the audience in Tremblant&#8217;s main square into [&hellip;]","og_url":"https:\/\/panm360.com\/en\/gig_review\/fete-de-la-musique-de-tremblant-2024-hispanic-and-flamenco-all-round-with-les-rugissants\/","og_site_name":"PAN M 360","article_publisher":"https:\/\/www.facebook.com\/panm360\/","article_modified_time":"2024-09-01T15:28:28+00:00","og_image":[{"width":2560,"height":1922,"url":"https:\/\/panm360.com\/wp-content\/uploads\/2024\/09\/Rugissants-scaled.jpg","type":"image\/jpeg"}],"twitter_card":"summary_large_image","twitter_site":"@PANM360","twitter_misc":{"Est. reading time":"1 minute"},"schema":{"@context":"https:\/\/schema.org","@graph":[{"@type":"WebPage","@id":"https:\/\/panm360.com\/en\/gig_review\/fete-de-la-musique-de-tremblant-2024-hispanic-and-flamenco-all-round-with-les-rugissants\/","url":"https:\/\/panm360.com\/en\/gig_review\/fete-de-la-musique-de-tremblant-2024-hispanic-and-flamenco-all-round-with-les-rugissants\/","name":"F\u00eate de la musique de Tremblant 2024 | Hispanic and flamenco all round with Les Rugissants - PAN M 360","isPartOf":{"@id":"https:\/\/panm360.com\/en\/#website"},"primaryImageOfPage":{"@id":"https:\/\/panm360.com\/en\/gig_review\/fete-de-la-musique-de-tremblant-2024-hispanic-and-flamenco-all-round-with-les-rugissants\/#primaryimage"},"image":{"@id":"https:\/\/panm360.com\/en\/gig_review\/fete-de-la-musique-de-tremblant-2024-hispanic-and-flamenco-all-round-with-les-rugissants\/#primaryimage"},"thumbnailUrl":"https:\/\/panm360.com\/wp-content\/uploads\/2024\/09\/Rugissants-scaled.jpg","datePublished":"2024-09-01T15:28:27+00:00","dateModified":"2024-09-01T15:28:28+00:00","breadcrumb":{"@id":"https:\/\/panm360.com\/en\/gig_review\/fete-de-la-musique-de-tremblant-2024-hispanic-and-flamenco-all-round-with-les-rugissants\/#breadcrumb"},"inLanguage":"en-US","potentialAction":[{"@type":"ReadAction","target":["https:\/\/panm360.com\/en\/gig_review\/fete-de-la-musique-de-tremblant-2024-hispanic-and-flamenco-all-round-with-les-rugissants\/"]}]},{"@type":"ImageObject","inLanguage":"en-US","@id":"https:\/\/panm360.com\/en\/gig_review\/fete-de-la-musique-de-tremblant-2024-hispanic-and-flamenco-all-round-with-les-rugissants\/#primaryimage","url":"https:\/\/panm360.com\/wp-content\/uploads\/2024\/09\/Rugissants-scaled.jpg","contentUrl":"https:\/\/panm360.com\/wp-content\/uploads\/2024\/09\/Rugissants-scaled.jpg","width":2560,"height":1922,"caption":"Ensemble vocal Les Rugissants F\u00eate de la Musique de Tremblant 2024 Cr\u00e9dit : Maryse Tapp"},{"@type":"BreadcrumbList","@id":"https:\/\/panm360.com\/en\/gig_review\/fete-de-la-musique-de-tremblant-2024-hispanic-and-flamenco-all-round-with-les-rugissants\/#breadcrumb","itemListElement":[{"@type":"ListItem","position":1,"name":"Accueil","item":"https:\/\/panm360.com\/en\/"},{"@type":"ListItem","position":2,"name":"Concert review","item":"https:\/\/panm360.com\/en\/gig_review\/"},{"@type":"ListItem","position":3,"name":"F\u00eate de la musique de Tremblant 2024 | Hispanic and flamenco all round with Les Rugissants"}]},{"@type":"WebSite","@id":"https:\/\/panm360.com\/en\/#website","url":"https:\/\/panm360.com\/en\/","name":"PAN M 360","description":"Le m\u00e9dia num\u00e9rique de la musique !","publisher":{"@id":"https:\/\/panm360.com\/en\/#organization"},"potentialAction":[{"@type":"SearchAction","target":{"@type":"EntryPoint","urlTemplate":"https:\/\/panm360.com\/en\/?s={search_term_string}"},"query-input":{"@type":"PropertyValueSpecification","valueRequired":true,"valueName":"search_term_string"}}],"inLanguage":"en-US"},{"@type":"Organization","@id":"https:\/\/panm360.com\/en\/#organization","name":"PAN M 360","url":"https:\/\/panm360.com\/en\/","logo":{"@type":"ImageObject","inLanguage":"en-US","@id":"https:\/\/panm360.com\/en\/#\/schema\/logo\/image\/","url":"https:\/\/panm360.com\/wp-content\/uploads\/2019\/12\/PAN-M360_Logo_RGB.jpg","contentUrl":"https:\/\/panm360.com\/wp-content\/uploads\/2019\/12\/PAN-M360_Logo_RGB.jpg","width":1663,"height":631,"caption":"PAN M 360"},"image":{"@id":"https:\/\/panm360.com\/en\/#\/schema\/logo\/image\/"},"sameAs":["https:\/\/www.facebook.com\/panm360\/","https:\/\/x.com\/PANM360","https:\/\/www.instagram.com\/panm360\/","https:\/\/www.linkedin.com\/company\/panm360\/","https:\/\/www.youtube.com\/channel\/UCHEFHd3UhIrV6EJ3ltzVKOA?view_as=subscriber"]}]}},"_links":{"self":[{"href":"https:\/\/panm360.com\/en\/wp-json\/wp\/v2\/gig_review\/124712","targetHints":{"allow":["GET"]}}],"collection":[{"href":"https:\/\/panm360.com\/en\/wp-json\/wp\/v2\/gig_review"}],"about":[{"href":"https:\/\/panm360.com\/en\/wp-json\/wp\/v2\/types\/gig_review"}],"author":[{"embeddable":true,"href":"https:\/\/panm360.com\/en\/wp-json\/wp\/v2\/users\/775"}],"wp:featuredmedia":[{"embeddable":true,"href":"https:\/\/panm360.com\/en\/wp-json\/wp\/v2\/media\/124706"}],"wp:attachment":[{"href":"https:\/\/panm360.com\/en\/wp-json\/wp\/v2\/media?parent=124712"}],"wp:term":[{"taxonomy":"category","embeddable":true,"href":"https:\/\/panm360.com\/en\/wp-json\/wp\/v2\/categories?post=124712"},{"taxonomy":"post_tag","embeddable":true,"href":"https:\/\/panm360.com\/en\/wp-json\/wp\/v2\/tags?post=124712"},{"taxonomy":"genre","embeddable":true,"href":"https:\/\/panm360.com\/en\/wp-json\/wp\/v2\/genre?post=124712"},{"taxonomy":"salle","embeddable":true,"href":"https:\/\/panm360.com\/en\/wp-json\/wp\/v2\/salle?post=124712"},{"taxonomy":"ville","embeddable":true,"href":"https:\/\/panm360.com\/en\/wp-json\/wp\/v2\/ville?post=124712"}],"curies":[{"name":"wp","href":"https:\/\/api.w.org\/{rel}","templated":true}]}}