{"id":107197,"date":"2023-09-30T16:50:19","date_gmt":"2023-09-30T20:50:19","guid":{"rendered":"https:\/\/panm360.com\/gig_review\/pop-montreal-jour-2-post-rock-orchestral-a-lentrepot-77\/"},"modified":"2023-10-02T11:00:36","modified_gmt":"2023-10-02T15:00:36","slug":"pop-montreal-jour-2-post-rock-orchestral-a-lentrepot-77","status":"publish","type":"gig_review","link":"https:\/\/panm360.com\/en\/gig_review\/pop-montreal-jour-2-post-rock-orchestral-a-lentrepot-77\/","title":{"rendered":"POP Montr\u00e9al, Day 2 | Post-rock orchestral at l&#8217;Entrep\u00f4t 77"},"content":{"rendered":"\n<p class=\"wp-block-paragraph\" style=\"font-size:24px\"><strong>POP Montr\u00e9al is undoubtedly one of the major fall events for true music fans. From Wednesday, September 27 to Sunday, October 1, dozens and dozens of discoveries and acclaims from artists nestled in pop are taking place in Montreal. Follow the PAN M 360 team until Sunday!<\/strong><\/p>\n\n\n\n<p class=\"wp-block-paragraph\" style=\"font-size:20px\"> <\/p>\n\n\n\n<p class=\"wp-block-paragraph\" style=\"font-size:20px\"><strong>Bell Orchestre<\/strong><\/p>\n\n\n\n<p class=\"has-medium-font-size wp-block-paragraph\">Following the release of the excellent opus <em>House Music<\/em>, Bell Orchestre created a symphonic concept in Germany around this corpus. Subsequently, in autumn 2021, the Montreal ensemble performed the material with the OSM. Superb, we recall. And then everyone went about their other professional occupations, we know the painful episode of the last Arcade Fire cycle, Richard Reed Parry once again concentrated on other projects less mainstream than this one. In the process of being created, Bell Orchestre offered a symphonic-free performance at Entrep\u00f4t 77 on Thursday, in front of a crowd well-versed in instrumental post-rock\u2026 and in the Pop Montr\u00e9al vibe, which has always been an important stage for this aesthetic.<\/p>\n\n\n\n<p class=\"has-medium-font-size wp-block-paragraph\">We&#8217;re dealing here with a cohort of experienced performers and improvisers, who have reached a level of excellence on an international scale. The level of each has continued to improve, notably violinist Sarah Neufeld, who occupies an important place in the current cycle. The compositions\/improvisations are more mature, and we discover more singularity in the corners, without transgressing the post-rock and post-minimalist foundations of this expression. And so we were treated to a solid performance from the Bell Orchestre, who don&#8217;t seem to be on the verge of taking an extended break given their upcoming projects &#8211; recording a new album in the coming months.<\/p>\n\n\n\n<p class=\"wp-block-paragraph\"><\/p>\n\n\n\n<p class=\"has-medium-font-size wp-block-paragraph\"><strong>Sauf les drones<\/strong><\/p>\n\n\n\n<p class=\"has-medium-font-size wp-block-paragraph\">Instrumental post-rock has been around since the 90s, and Sauf les drones (what a great band name!) is one of those musicians whose rock culture just isn&#8217;t enough to satisfy them &#8211; Godspeed YBE, Sigur Ros and\u2026 Bell Orchestre spring to mind. To better nourish themselves, these young musicians integrate elements of post-minimalism and other contemporary music from the classical tradition. More post than rock, Sauf les drones is remarkable for the fullness and calm dominating this expression. In this case, the concern for a collective sound clearly outweighs the individual performances of nonetheless well-educated and professional performers. With keyboards, violin, trombone, drums, bass and electronics, this Montreal sextet has been around since 2017, and today manages to present a coherent and attractive performance, banking on the idea that apparent calm can underlie an intensity far greater than it seems.<\/p>\n\n\n\n<p class=\"wp-block-paragraph\"><\/p>\n\n\n\n<p class=\"wp-block-paragraph\" style=\"font-size:20px\"><strong>Anjimile<\/strong><\/p>\n\n\n\n<figure class=\"wp-block-image size-full\"><img loading=\"lazy\" decoding=\"async\" width=\"658\" height=\"580\" src=\"https:\/\/panm360.com\/wp-content\/uploads\/2023\/09\/Anjimile.jpg\" alt=\"\" class=\"wp-image-107112\" srcset=\"https:\/\/panm360.com\/wp-content\/uploads\/2023\/09\/Anjimile.jpg 658w, https:\/\/panm360.com\/wp-content\/uploads\/2023\/09\/Anjimile-600x529.jpg 600w, https:\/\/panm360.com\/wp-content\/uploads\/2023\/09\/Anjimile-200x176.jpg 200w, https:\/\/panm360.com\/wp-content\/uploads\/2023\/09\/Anjimile-300x264.jpg 300w, https:\/\/panm360.com\/wp-content\/uploads\/2023\/09\/Anjimile-400x353.jpg 400w, https:\/\/panm360.com\/wp-content\/uploads\/2023\/09\/Anjimile-500x441.jpg 500w\" sizes=\"auto, (max-width: 658px) 100vw, 658px\" \/><\/figure>\n\n\n\n<p class=\"wp-block-paragraph\"><\/p>\n\n\n\n<p class=\"wp-block-paragraph\" style=\"font-size:20px\">In the middle of the program, Anjimile Chithambo suggested a similar approach to the other two, but with a touch of African ancestry &#8211; his family hails from Malawi. A second-generation immigrant to the USA, where he grew up and moved around (Dallas, Boston, North Carolina), Anjimile offers a body of skilfully orchestrated songs that don&#8217;t take us where we might think at the outset. His biographical profile states: &#8220;Anjimile&#8217;s songwriting is inspired by everything he&#8217;s learned, from the African pop his parents loved, to the youth choir he attended, to the influences of &#8217;80s music and even his contemporaries and fellow 4AD label mate, Big Thief. Thus, the author, composer and performer (guitarist and singer) thwarts clich\u00e9s by downplaying the groove and banking on a Western culture whose bedrock is the indie folk of the 2000s,renowned for the richness of its arrangements and its concern for melodic limpidity. Prolific since 2015, he has already released 5 albums, including the recent The King on 4AD.&#8221;<\/p>\n","protected":false},"excerpt":{"rendered":"<p>POP Montr\u00e9al is undoubtedly one of the major fall events for true music fans. From Wednesday, September 27 to Sunday, October 1, dozens and dozens of discoveries and acclaims from artists nestled in pop are taking place in Montreal. Follow the PAN M 360 team until Sunday! Bell Orchestre Following the release of the excellent [&hellip;]<\/p>\n","protected":false},"author":36,"featured_media":107111,"menu_order":0,"template":"","format":"standard","meta":{"_acf_changed":false,"_crdt_document":""},"categories":[8152],"tags":[],"genre":[],"salle":[],"ville":[],"class_list":["post-107197","gig_review","type-gig_review","status-publish","format-standard","has-post-thumbnail","hentry","category-critiques-de-concerts-en"],"acf":[],"yoast_head":"<!-- This site is optimized with the Yoast SEO plugin v27.5 - https:\/\/yoast.com\/product\/yoast-seo-wordpress\/ -->\n<title>POP Montr\u00e9al, Day 2 | Post-rock orchestral at l&#039;Entrep\u00f4t 77 - PAN M 360<\/title>\n<meta name=\"robots\" content=\"index, follow, max-snippet:-1, max-image-preview:large, max-video-preview:-1\" \/>\n<link rel=\"canonical\" href=\"https:\/\/panm360.com\/en\/gig_review\/pop-montreal-jour-2-post-rock-orchestral-a-lentrepot-77\/\" \/>\n<meta property=\"og:locale\" content=\"en_US\" \/>\n<meta property=\"og:type\" content=\"article\" \/>\n<meta property=\"og:title\" content=\"POP Montr\u00e9al, Day 2 | Post-rock orchestral at l&#039;Entrep\u00f4t 77 - PAN M 360\" \/>\n<meta property=\"og:description\" content=\"POP Montr\u00e9al is undoubtedly one of the major fall events for true music fans. From Wednesday, September 27 to Sunday, October 1, dozens and dozens of discoveries and acclaims from artists nestled in pop are taking place in Montreal. Follow the PAN M 360 team until Sunday! Bell Orchestre Following the release of the excellent [&hellip;]\" \/>\n<meta property=\"og:url\" content=\"https:\/\/panm360.com\/en\/gig_review\/pop-montreal-jour-2-post-rock-orchestral-a-lentrepot-77\/\" \/>\n<meta property=\"og:site_name\" content=\"PAN M 360\" \/>\n<meta property=\"article:publisher\" content=\"https:\/\/www.facebook.com\/panm360\/\" \/>\n<meta property=\"article:modified_time\" content=\"2023-10-02T15:00:36+00:00\" \/>\n<meta property=\"og:image\" content=\"https:\/\/panm360.com\/wp-content\/uploads\/2023\/09\/Bell-Orchestre.jpg\" \/>\n\t<meta property=\"og:image:width\" content=\"646\" \/>\n\t<meta property=\"og:image:height\" content=\"619\" \/>\n\t<meta property=\"og:image:type\" content=\"image\/jpeg\" \/>\n<meta name=\"twitter:card\" content=\"summary_large_image\" \/>\n<meta name=\"twitter:site\" content=\"@PANM360\" \/>\n<meta name=\"twitter:label1\" content=\"Est. reading time\" \/>\n\t<meta name=\"twitter:data1\" content=\"4 minutes\" \/>\n<script type=\"application\/ld+json\" class=\"yoast-schema-graph\">{\"@context\":\"https:\\\/\\\/schema.org\",\"@graph\":[{\"@type\":\"WebPage\",\"@id\":\"https:\\\/\\\/panm360.com\\\/en\\\/gig_review\\\/pop-montreal-jour-2-post-rock-orchestral-a-lentrepot-77\\\/\",\"url\":\"https:\\\/\\\/panm360.com\\\/en\\\/gig_review\\\/pop-montreal-jour-2-post-rock-orchestral-a-lentrepot-77\\\/\",\"name\":\"POP Montr\u00e9al, Day 2 | Post-rock orchestral at l'Entrep\u00f4t 77 - PAN M 360\",\"isPartOf\":{\"@id\":\"https:\\\/\\\/panm360.com\\\/en\\\/#website\"},\"primaryImageOfPage\":{\"@id\":\"https:\\\/\\\/panm360.com\\\/en\\\/gig_review\\\/pop-montreal-jour-2-post-rock-orchestral-a-lentrepot-77\\\/#primaryimage\"},\"image\":{\"@id\":\"https:\\\/\\\/panm360.com\\\/en\\\/gig_review\\\/pop-montreal-jour-2-post-rock-orchestral-a-lentrepot-77\\\/#primaryimage\"},\"thumbnailUrl\":\"https:\\\/\\\/panm360.com\\\/wp-content\\\/uploads\\\/2023\\\/09\\\/Bell-Orchestre.jpg\",\"datePublished\":\"2023-09-30T20:50:19+00:00\",\"dateModified\":\"2023-10-02T15:00:36+00:00\",\"breadcrumb\":{\"@id\":\"https:\\\/\\\/panm360.com\\\/en\\\/gig_review\\\/pop-montreal-jour-2-post-rock-orchestral-a-lentrepot-77\\\/#breadcrumb\"},\"inLanguage\":\"en-US\",\"potentialAction\":[{\"@type\":\"ReadAction\",\"target\":[\"https:\\\/\\\/panm360.com\\\/en\\\/gig_review\\\/pop-montreal-jour-2-post-rock-orchestral-a-lentrepot-77\\\/\"]}]},{\"@type\":\"ImageObject\",\"inLanguage\":\"en-US\",\"@id\":\"https:\\\/\\\/panm360.com\\\/en\\\/gig_review\\\/pop-montreal-jour-2-post-rock-orchestral-a-lentrepot-77\\\/#primaryimage\",\"url\":\"https:\\\/\\\/panm360.com\\\/wp-content\\\/uploads\\\/2023\\\/09\\\/Bell-Orchestre.jpg\",\"contentUrl\":\"https:\\\/\\\/panm360.com\\\/wp-content\\\/uploads\\\/2023\\\/09\\\/Bell-Orchestre.jpg\",\"width\":646,\"height\":619},{\"@type\":\"BreadcrumbList\",\"@id\":\"https:\\\/\\\/panm360.com\\\/en\\\/gig_review\\\/pop-montreal-jour-2-post-rock-orchestral-a-lentrepot-77\\\/#breadcrumb\",\"itemListElement\":[{\"@type\":\"ListItem\",\"position\":1,\"name\":\"Accueil\",\"item\":\"https:\\\/\\\/panm360.com\\\/en\\\/\"},{\"@type\":\"ListItem\",\"position\":2,\"name\":\"Concert review\",\"item\":\"https:\\\/\\\/panm360.com\\\/en\\\/gig_review\\\/\"},{\"@type\":\"ListItem\",\"position\":3,\"name\":\"POP Montr\u00e9al, Day 2 | Post-rock orchestral at l&#8217;Entrep\u00f4t 77\"}]},{\"@type\":\"WebSite\",\"@id\":\"https:\\\/\\\/panm360.com\\\/en\\\/#website\",\"url\":\"https:\\\/\\\/panm360.com\\\/en\\\/\",\"name\":\"PAN M 360\",\"description\":\"Le m\u00e9dia num\u00e9rique de la musique !\",\"publisher\":{\"@id\":\"https:\\\/\\\/panm360.com\\\/en\\\/#organization\"},\"potentialAction\":[{\"@type\":\"SearchAction\",\"target\":{\"@type\":\"EntryPoint\",\"urlTemplate\":\"https:\\\/\\\/panm360.com\\\/en\\\/?s={search_term_string}\"},\"query-input\":{\"@type\":\"PropertyValueSpecification\",\"valueRequired\":true,\"valueName\":\"search_term_string\"}}],\"inLanguage\":\"en-US\"},{\"@type\":\"Organization\",\"@id\":\"https:\\\/\\\/panm360.com\\\/en\\\/#organization\",\"name\":\"PAN M 360\",\"url\":\"https:\\\/\\\/panm360.com\\\/en\\\/\",\"logo\":{\"@type\":\"ImageObject\",\"inLanguage\":\"en-US\",\"@id\":\"https:\\\/\\\/panm360.com\\\/en\\\/#\\\/schema\\\/logo\\\/image\\\/\",\"url\":\"https:\\\/\\\/panm360.com\\\/wp-content\\\/uploads\\\/2019\\\/12\\\/PAN-M360_Logo_RGB.jpg\",\"contentUrl\":\"https:\\\/\\\/panm360.com\\\/wp-content\\\/uploads\\\/2019\\\/12\\\/PAN-M360_Logo_RGB.jpg\",\"width\":1663,\"height\":631,\"caption\":\"PAN M 360\"},\"image\":{\"@id\":\"https:\\\/\\\/panm360.com\\\/en\\\/#\\\/schema\\\/logo\\\/image\\\/\"},\"sameAs\":[\"https:\\\/\\\/www.facebook.com\\\/panm360\\\/\",\"https:\\\/\\\/x.com\\\/PANM360\",\"https:\\\/\\\/www.instagram.com\\\/panm360\\\/\",\"https:\\\/\\\/www.linkedin.com\\\/company\\\/panm360\\\/\",\"https:\\\/\\\/www.youtube.com\\\/channel\\\/UCHEFHd3UhIrV6EJ3ltzVKOA?view_as=subscriber\"]}]}<\/script>\n<!-- \/ Yoast SEO plugin. -->","yoast_head_json":{"title":"POP Montr\u00e9al, Day 2 | Post-rock orchestral at l'Entrep\u00f4t 77 - PAN M 360","robots":{"index":"index","follow":"follow","max-snippet":"max-snippet:-1","max-image-preview":"max-image-preview:large","max-video-preview":"max-video-preview:-1"},"canonical":"https:\/\/panm360.com\/en\/gig_review\/pop-montreal-jour-2-post-rock-orchestral-a-lentrepot-77\/","og_locale":"en_US","og_type":"article","og_title":"POP Montr\u00e9al, Day 2 | Post-rock orchestral at l'Entrep\u00f4t 77 - PAN M 360","og_description":"POP Montr\u00e9al is undoubtedly one of the major fall events for true music fans. From Wednesday, September 27 to Sunday, October 1, dozens and dozens of discoveries and acclaims from artists nestled in pop are taking place in Montreal. Follow the PAN M 360 team until Sunday! Bell Orchestre Following the release of the excellent [&hellip;]","og_url":"https:\/\/panm360.com\/en\/gig_review\/pop-montreal-jour-2-post-rock-orchestral-a-lentrepot-77\/","og_site_name":"PAN M 360","article_publisher":"https:\/\/www.facebook.com\/panm360\/","article_modified_time":"2023-10-02T15:00:36+00:00","og_image":[{"width":646,"height":619,"url":"https:\/\/panm360.com\/wp-content\/uploads\/2023\/09\/Bell-Orchestre.jpg","type":"image\/jpeg"}],"twitter_card":"summary_large_image","twitter_site":"@PANM360","twitter_misc":{"Est. reading time":"4 minutes"},"schema":{"@context":"https:\/\/schema.org","@graph":[{"@type":"WebPage","@id":"https:\/\/panm360.com\/en\/gig_review\/pop-montreal-jour-2-post-rock-orchestral-a-lentrepot-77\/","url":"https:\/\/panm360.com\/en\/gig_review\/pop-montreal-jour-2-post-rock-orchestral-a-lentrepot-77\/","name":"POP Montr\u00e9al, Day 2 | Post-rock orchestral at l'Entrep\u00f4t 77 - PAN M 360","isPartOf":{"@id":"https:\/\/panm360.com\/en\/#website"},"primaryImageOfPage":{"@id":"https:\/\/panm360.com\/en\/gig_review\/pop-montreal-jour-2-post-rock-orchestral-a-lentrepot-77\/#primaryimage"},"image":{"@id":"https:\/\/panm360.com\/en\/gig_review\/pop-montreal-jour-2-post-rock-orchestral-a-lentrepot-77\/#primaryimage"},"thumbnailUrl":"https:\/\/panm360.com\/wp-content\/uploads\/2023\/09\/Bell-Orchestre.jpg","datePublished":"2023-09-30T20:50:19+00:00","dateModified":"2023-10-02T15:00:36+00:00","breadcrumb":{"@id":"https:\/\/panm360.com\/en\/gig_review\/pop-montreal-jour-2-post-rock-orchestral-a-lentrepot-77\/#breadcrumb"},"inLanguage":"en-US","potentialAction":[{"@type":"ReadAction","target":["https:\/\/panm360.com\/en\/gig_review\/pop-montreal-jour-2-post-rock-orchestral-a-lentrepot-77\/"]}]},{"@type":"ImageObject","inLanguage":"en-US","@id":"https:\/\/panm360.com\/en\/gig_review\/pop-montreal-jour-2-post-rock-orchestral-a-lentrepot-77\/#primaryimage","url":"https:\/\/panm360.com\/wp-content\/uploads\/2023\/09\/Bell-Orchestre.jpg","contentUrl":"https:\/\/panm360.com\/wp-content\/uploads\/2023\/09\/Bell-Orchestre.jpg","width":646,"height":619},{"@type":"BreadcrumbList","@id":"https:\/\/panm360.com\/en\/gig_review\/pop-montreal-jour-2-post-rock-orchestral-a-lentrepot-77\/#breadcrumb","itemListElement":[{"@type":"ListItem","position":1,"name":"Accueil","item":"https:\/\/panm360.com\/en\/"},{"@type":"ListItem","position":2,"name":"Concert review","item":"https:\/\/panm360.com\/en\/gig_review\/"},{"@type":"ListItem","position":3,"name":"POP Montr\u00e9al, Day 2 | Post-rock orchestral at l&#8217;Entrep\u00f4t 77"}]},{"@type":"WebSite","@id":"https:\/\/panm360.com\/en\/#website","url":"https:\/\/panm360.com\/en\/","name":"PAN M 360","description":"Le m\u00e9dia num\u00e9rique de la musique !","publisher":{"@id":"https:\/\/panm360.com\/en\/#organization"},"potentialAction":[{"@type":"SearchAction","target":{"@type":"EntryPoint","urlTemplate":"https:\/\/panm360.com\/en\/?s={search_term_string}"},"query-input":{"@type":"PropertyValueSpecification","valueRequired":true,"valueName":"search_term_string"}}],"inLanguage":"en-US"},{"@type":"Organization","@id":"https:\/\/panm360.com\/en\/#organization","name":"PAN M 360","url":"https:\/\/panm360.com\/en\/","logo":{"@type":"ImageObject","inLanguage":"en-US","@id":"https:\/\/panm360.com\/en\/#\/schema\/logo\/image\/","url":"https:\/\/panm360.com\/wp-content\/uploads\/2019\/12\/PAN-M360_Logo_RGB.jpg","contentUrl":"https:\/\/panm360.com\/wp-content\/uploads\/2019\/12\/PAN-M360_Logo_RGB.jpg","width":1663,"height":631,"caption":"PAN M 360"},"image":{"@id":"https:\/\/panm360.com\/en\/#\/schema\/logo\/image\/"},"sameAs":["https:\/\/www.facebook.com\/panm360\/","https:\/\/x.com\/PANM360","https:\/\/www.instagram.com\/panm360\/","https:\/\/www.linkedin.com\/company\/panm360\/","https:\/\/www.youtube.com\/channel\/UCHEFHd3UhIrV6EJ3ltzVKOA?view_as=subscriber"]}]}},"_links":{"self":[{"href":"https:\/\/panm360.com\/en\/wp-json\/wp\/v2\/gig_review\/107197","targetHints":{"allow":["GET"]}}],"collection":[{"href":"https:\/\/panm360.com\/en\/wp-json\/wp\/v2\/gig_review"}],"about":[{"href":"https:\/\/panm360.com\/en\/wp-json\/wp\/v2\/types\/gig_review"}],"author":[{"embeddable":true,"href":"https:\/\/panm360.com\/en\/wp-json\/wp\/v2\/users\/36"}],"wp:featuredmedia":[{"embeddable":true,"href":"https:\/\/panm360.com\/en\/wp-json\/wp\/v2\/media\/107111"}],"wp:attachment":[{"href":"https:\/\/panm360.com\/en\/wp-json\/wp\/v2\/media?parent=107197"}],"wp:term":[{"taxonomy":"category","embeddable":true,"href":"https:\/\/panm360.com\/en\/wp-json\/wp\/v2\/categories?post=107197"},{"taxonomy":"post_tag","embeddable":true,"href":"https:\/\/panm360.com\/en\/wp-json\/wp\/v2\/tags?post=107197"},{"taxonomy":"genre","embeddable":true,"href":"https:\/\/panm360.com\/en\/wp-json\/wp\/v2\/genre?post=107197"},{"taxonomy":"salle","embeddable":true,"href":"https:\/\/panm360.com\/en\/wp-json\/wp\/v2\/salle?post=107197"},{"taxonomy":"ville","embeddable":true,"href":"https:\/\/panm360.com\/en\/wp-json\/wp\/v2\/ville?post=107197"}],"curies":[{"name":"wp","href":"https:\/\/api.w.org\/{rel}","templated":true}]}}