{"id":100636,"date":"2023-06-29T15:37:02","date_gmt":"2023-06-29T19:37:02","guid":{"rendered":"https:\/\/panm360.com\/gig_review\/un-28-juin-au-fijm\/"},"modified":"2023-06-29T16:09:07","modified_gmt":"2023-06-29T20:09:07","slug":"un-28-juin-au-fijm","status":"publish","type":"gig_review","link":"https:\/\/panm360.com\/en\/gig_review\/un-28-juin-au-fijm\/","title":{"rendered":"A June 28th at FIJM"},"content":{"rendered":"\n<p class=\"wp-block-paragraph\" style=\"font-size:28px\"><strong>At the Festival international de jazz de Montr\u00e9al, PAN M 360&#8217;s experts attend all the concerts that shake up music lovers. Follow our team!<\/strong><\/p>\n\n\n\n<p class=\"wp-block-paragraph\"><\/p>\n\n\n\n<p class=\"wp-block-paragraph\"><\/p>\n\n\n\n<p class=\"wp-block-paragraph\"><\/p>\n\n\n\n<p class=\"wp-block-paragraph\" style=\"font-size:24px\"> <strong>&nbsp;<\/strong><\/p>\n\n\n\n<figure class=\"wp-block-image size-full\"><img loading=\"lazy\" decoding=\"async\" width=\"1171\" height=\"766\" src=\"https:\/\/panm360.com\/wp-content\/uploads\/2023\/06\/Brad-Mehldau-Trio.jpg\" alt=\"\" class=\"wp-image-100634\" srcset=\"https:\/\/panm360.com\/wp-content\/uploads\/2023\/06\/Brad-Mehldau-Trio.jpg 1171w, https:\/\/panm360.com\/wp-content\/uploads\/2023\/06\/Brad-Mehldau-Trio-600x392.jpg 600w, https:\/\/panm360.com\/wp-content\/uploads\/2023\/06\/Brad-Mehldau-Trio-768x502.jpg 768w, https:\/\/panm360.com\/wp-content\/uploads\/2023\/06\/Brad-Mehldau-Trio-200x131.jpg 200w, https:\/\/panm360.com\/wp-content\/uploads\/2023\/06\/Brad-Mehldau-Trio-300x196.jpg 300w, https:\/\/panm360.com\/wp-content\/uploads\/2023\/06\/Brad-Mehldau-Trio-400x262.jpg 400w, https:\/\/panm360.com\/wp-content\/uploads\/2023\/06\/Brad-Mehldau-Trio-500x327.jpg 500w\" sizes=\"auto, (max-width: 1171px) 100vw, 1171px\" \/><\/figure>\n\n\n\n<p class=\"wp-block-paragraph\">cr\u00e9dit photo: Fr\u00e9d\u00e9rique M\u00e9nard-Aubin<\/p>\n\n\n\n<p class=\"wp-block-paragraph\" style=\"font-size:24px\"><strong>Music spirits are with the Brad Mehldau Trio<\/strong><\/p>\n\n\n\n<p class=\"wp-block-paragraph\" style=\"font-size:20px\">What an auspicious start to the jazz festival with the Brad Mehldau Trio at the&nbsp;Th\u00e9\u00e2tre Maisonneuve, on Wednesday Night.&nbsp;In an atmosphere brimming with anticipation, the band worked their way through some old bebop heads, some old&nbsp;originals, and some new, making for an evening of beautiful music and thrilling performance.<\/p>\n\n\n\n<p class=\"wp-block-paragraph\" style=\"font-size:20px\">Larry, Jeff, and Brad, have been playing together for almost twenty years now, and their chemistry is truly something to witness. By the end of the hour long set It seemed the audience simply couldn&#8217;t get enough and the&nbsp;band played to three encores! <\/p>\n\n\n\n<p class=\"wp-block-paragraph\" style=\"font-size:20px\">Mehldau of course dazzled with his utter command of the piano with plenty of looks of disbelief and amazement in the concert hall. Some of the highlights were getting to hear the gorgeous original, &#8216;Ode&#8217;, a hypnotic and emotionally stirring journey, a trio rendition of the Mehldau classic &#8216;Resignation&#8217;, and a very Monkish take on the standard &#8216;Sweet and Lovely&#8217; which&nbsp;was a nice showcase for the band&#8217;s sense of humour. <\/p>\n\n\n\n<p class=\"wp-block-paragraph\" style=\"font-size:20px\">Always a great pleasure to see these masters at work.&nbsp;<\/p>\n\n\n\n<p class=\"wp-block-paragraph\" style=\"font-size:20px\">Varun Swarup<\/p>\n\n\n\n<figure class=\"wp-block-image size-full\"><img loading=\"lazy\" decoding=\"async\" width=\"1153\" height=\"771\" src=\"https:\/\/panm360.com\/wp-content\/uploads\/2023\/06\/Natalia-Lafourcade.jpg\" alt=\"\" class=\"wp-image-100630\" srcset=\"https:\/\/panm360.com\/wp-content\/uploads\/2023\/06\/Natalia-Lafourcade.jpg 1153w, https:\/\/panm360.com\/wp-content\/uploads\/2023\/06\/Natalia-Lafourcade-600x401.jpg 600w, https:\/\/panm360.com\/wp-content\/uploads\/2023\/06\/Natalia-Lafourcade-768x514.jpg 768w, https:\/\/panm360.com\/wp-content\/uploads\/2023\/06\/Natalia-Lafourcade-200x134.jpg 200w, https:\/\/panm360.com\/wp-content\/uploads\/2023\/06\/Natalia-Lafourcade-300x201.jpg 300w, https:\/\/panm360.com\/wp-content\/uploads\/2023\/06\/Natalia-Lafourcade-400x267.jpg 400w, https:\/\/panm360.com\/wp-content\/uploads\/2023\/06\/Natalia-Lafourcade-500x334.jpg 500w\" sizes=\"auto, (max-width: 1153px) 100vw, 1153px\" \/><\/figure>\n\n\n\n<p class=\"wp-block-paragraph\">cr\u00e9dit photo: Fr\u00e9d\u00e9rique M\u00e9nard-Aubin<\/p>\n\n\n\n<p class=\"wp-block-paragraph\" style=\"font-size:24px\"><strong>Natalia Lafourcade: an introspective Mexican fiesta.<\/strong><\/p>\n\n\n\n<p class=\"wp-block-paragraph\" style=\"font-size:20px\"> Were we in Montreal or in Monterreyal? Or Montrexico? In the large lobby of the Maison Symphonique, you could hear mostly Spanish .<\/p>\n\n\n\n<p class=\"wp-block-paragraph\" style=\"font-size:20px\">Natalia Lafourcade and her group of talented musicians immersed us in the abysses of the Mexican soul. Death, love, witchcraft, fauna. She made us sing the sound of cicadas. The concert was profound , beautiful, sultry.<\/p>\n\n\n\n<p class=\"wp-block-paragraph\" style=\"font-size:20px\">The first part of the concert consisted essentially in <em>De Todas Las Flores<\/em>, MS Lafourcade recent album. Then, she celebrated Mexican traditional music and songwriting . She delivered a complex and original version of &#8220;La Llorona&#8221;, written by Chavela Vargas as well as traditional songs from her region of origin, Veracruz. She ended the concert with some original songs from previous albums.&nbsp;<\/p>\n\n\n\n<p class=\"wp-block-paragraph\" style=\"font-size:20px\">The crowd was happy and it made a lot of noise at the end of songs. Felicidad.<\/p>\n\n\n\n<p class=\"wp-block-paragraph\" style=\"font-size:20px\">Natalia Lafourcade knows how to create happiness, but always in an introspective, meditative way. Her voice reaches the deepest parts of our soul. The music mixes tradition and modernity with great subtility.&nbsp;<\/p>\n\n\n\n<p class=\"wp-block-paragraph\" style=\"font-size:20px\">What else to say?<\/p>\n\n\n\n<p class=\"wp-block-paragraph\" style=\"font-size:20px\">Michel Labrecque<\/p>\n","protected":false},"excerpt":{"rendered":"<p>At the Festival international de jazz de Montr\u00e9al, PAN M 360&#8217;s experts attend all the concerts that shake up music lovers. Follow our team! &nbsp; cr\u00e9dit photo: Fr\u00e9d\u00e9rique M\u00e9nard-Aubin Music spirits are with the Brad Mehldau Trio What an auspicious start to the jazz festival with the Brad Mehldau Trio at the&nbsp;Th\u00e9\u00e2tre Maisonneuve, on Wednesday [&hellip;]<\/p>\n","protected":false},"author":936,"featured_media":100633,"menu_order":0,"template":"","format":"standard","meta":{"_acf_changed":false,"_crdt_document":""},"categories":[8152],"tags":[],"genre":[],"salle":[],"ville":[],"class_list":["post-100636","gig_review","type-gig_review","status-publish","format-standard","has-post-thumbnail","hentry","category-critiques-de-concerts-en"],"acf":[],"yoast_head":"<!-- This site is optimized with the Yoast SEO plugin v27.5 - https:\/\/yoast.com\/product\/yoast-seo-wordpress\/ -->\n<title>A June 28th at FIJM - PAN M 360<\/title>\n<meta name=\"robots\" content=\"index, follow, max-snippet:-1, max-image-preview:large, max-video-preview:-1\" \/>\n<link rel=\"canonical\" href=\"https:\/\/panm360.com\/en\/gig_review\/un-28-juin-au-fijm\/\" \/>\n<meta property=\"og:locale\" content=\"en_US\" \/>\n<meta property=\"og:type\" content=\"article\" \/>\n<meta property=\"og:title\" content=\"A June 28th at FIJM - PAN M 360\" \/>\n<meta property=\"og:description\" content=\"At the Festival international de jazz de Montr\u00e9al, PAN M 360&#8217;s experts attend all the concerts that shake up music lovers. Follow our team! &nbsp; cr\u00e9dit photo: Fr\u00e9d\u00e9rique M\u00e9nard-Aubin Music spirits are with the Brad Mehldau Trio What an auspicious start to the jazz festival with the Brad Mehldau Trio at the&nbsp;Th\u00e9\u00e2tre Maisonneuve, on Wednesday [&hellip;]\" \/>\n<meta property=\"og:url\" content=\"https:\/\/panm360.com\/en\/gig_review\/un-28-juin-au-fijm\/\" \/>\n<meta property=\"og:site_name\" content=\"PAN M 360\" \/>\n<meta property=\"article:publisher\" content=\"https:\/\/www.facebook.com\/panm360\/\" \/>\n<meta property=\"article:modified_time\" content=\"2023-06-29T20:09:07+00:00\" \/>\n<meta property=\"og:image\" content=\"https:\/\/panm360.com\/wp-content\/uploads\/2023\/06\/FIJM-2023.jpg\" \/>\n\t<meta property=\"og:image:width\" content=\"958\" \/>\n\t<meta property=\"og:image:height\" content=\"649\" \/>\n\t<meta property=\"og:image:type\" content=\"image\/jpeg\" \/>\n<meta name=\"twitter:card\" content=\"summary_large_image\" \/>\n<meta name=\"twitter:site\" content=\"@PANM360\" \/>\n<meta name=\"twitter:label1\" content=\"Est. reading time\" \/>\n\t<meta name=\"twitter:data1\" content=\"3 minutes\" \/>\n<script type=\"application\/ld+json\" class=\"yoast-schema-graph\">{\"@context\":\"https:\\\/\\\/schema.org\",\"@graph\":[{\"@type\":\"WebPage\",\"@id\":\"https:\\\/\\\/panm360.com\\\/en\\\/gig_review\\\/un-28-juin-au-fijm\\\/\",\"url\":\"https:\\\/\\\/panm360.com\\\/en\\\/gig_review\\\/un-28-juin-au-fijm\\\/\",\"name\":\"A June 28th at FIJM - PAN M 360\",\"isPartOf\":{\"@id\":\"https:\\\/\\\/panm360.com\\\/en\\\/#website\"},\"primaryImageOfPage\":{\"@id\":\"https:\\\/\\\/panm360.com\\\/en\\\/gig_review\\\/un-28-juin-au-fijm\\\/#primaryimage\"},\"image\":{\"@id\":\"https:\\\/\\\/panm360.com\\\/en\\\/gig_review\\\/un-28-juin-au-fijm\\\/#primaryimage\"},\"thumbnailUrl\":\"https:\\\/\\\/panm360.com\\\/wp-content\\\/uploads\\\/2023\\\/06\\\/FIJM-2023.jpg\",\"datePublished\":\"2023-06-29T19:37:02+00:00\",\"dateModified\":\"2023-06-29T20:09:07+00:00\",\"breadcrumb\":{\"@id\":\"https:\\\/\\\/panm360.com\\\/en\\\/gig_review\\\/un-28-juin-au-fijm\\\/#breadcrumb\"},\"inLanguage\":\"en-US\",\"potentialAction\":[{\"@type\":\"ReadAction\",\"target\":[\"https:\\\/\\\/panm360.com\\\/en\\\/gig_review\\\/un-28-juin-au-fijm\\\/\"]}]},{\"@type\":\"ImageObject\",\"inLanguage\":\"en-US\",\"@id\":\"https:\\\/\\\/panm360.com\\\/en\\\/gig_review\\\/un-28-juin-au-fijm\\\/#primaryimage\",\"url\":\"https:\\\/\\\/panm360.com\\\/wp-content\\\/uploads\\\/2023\\\/06\\\/FIJM-2023.jpg\",\"contentUrl\":\"https:\\\/\\\/panm360.com\\\/wp-content\\\/uploads\\\/2023\\\/06\\\/FIJM-2023.jpg\",\"width\":958,\"height\":649},{\"@type\":\"BreadcrumbList\",\"@id\":\"https:\\\/\\\/panm360.com\\\/en\\\/gig_review\\\/un-28-juin-au-fijm\\\/#breadcrumb\",\"itemListElement\":[{\"@type\":\"ListItem\",\"position\":1,\"name\":\"Accueil\",\"item\":\"https:\\\/\\\/panm360.com\\\/en\\\/\"},{\"@type\":\"ListItem\",\"position\":2,\"name\":\"Concert review\",\"item\":\"https:\\\/\\\/panm360.com\\\/en\\\/gig_review\\\/\"},{\"@type\":\"ListItem\",\"position\":3,\"name\":\"A June 28th at FIJM\"}]},{\"@type\":\"WebSite\",\"@id\":\"https:\\\/\\\/panm360.com\\\/en\\\/#website\",\"url\":\"https:\\\/\\\/panm360.com\\\/en\\\/\",\"name\":\"PAN M 360\",\"description\":\"Le m\u00e9dia num\u00e9rique de la musique !\",\"publisher\":{\"@id\":\"https:\\\/\\\/panm360.com\\\/en\\\/#organization\"},\"potentialAction\":[{\"@type\":\"SearchAction\",\"target\":{\"@type\":\"EntryPoint\",\"urlTemplate\":\"https:\\\/\\\/panm360.com\\\/en\\\/?s={search_term_string}\"},\"query-input\":{\"@type\":\"PropertyValueSpecification\",\"valueRequired\":true,\"valueName\":\"search_term_string\"}}],\"inLanguage\":\"en-US\"},{\"@type\":\"Organization\",\"@id\":\"https:\\\/\\\/panm360.com\\\/en\\\/#organization\",\"name\":\"PAN M 360\",\"url\":\"https:\\\/\\\/panm360.com\\\/en\\\/\",\"logo\":{\"@type\":\"ImageObject\",\"inLanguage\":\"en-US\",\"@id\":\"https:\\\/\\\/panm360.com\\\/en\\\/#\\\/schema\\\/logo\\\/image\\\/\",\"url\":\"https:\\\/\\\/panm360.com\\\/wp-content\\\/uploads\\\/2019\\\/12\\\/PAN-M360_Logo_RGB.jpg\",\"contentUrl\":\"https:\\\/\\\/panm360.com\\\/wp-content\\\/uploads\\\/2019\\\/12\\\/PAN-M360_Logo_RGB.jpg\",\"width\":1663,\"height\":631,\"caption\":\"PAN M 360\"},\"image\":{\"@id\":\"https:\\\/\\\/panm360.com\\\/en\\\/#\\\/schema\\\/logo\\\/image\\\/\"},\"sameAs\":[\"https:\\\/\\\/www.facebook.com\\\/panm360\\\/\",\"https:\\\/\\\/x.com\\\/PANM360\",\"https:\\\/\\\/www.instagram.com\\\/panm360\\\/\",\"https:\\\/\\\/www.linkedin.com\\\/company\\\/panm360\\\/\",\"https:\\\/\\\/www.youtube.com\\\/channel\\\/UCHEFHd3UhIrV6EJ3ltzVKOA?view_as=subscriber\"]}]}<\/script>\n<!-- \/ Yoast SEO plugin. -->","yoast_head_json":{"title":"A June 28th at FIJM - PAN M 360","robots":{"index":"index","follow":"follow","max-snippet":"max-snippet:-1","max-image-preview":"max-image-preview:large","max-video-preview":"max-video-preview:-1"},"canonical":"https:\/\/panm360.com\/en\/gig_review\/un-28-juin-au-fijm\/","og_locale":"en_US","og_type":"article","og_title":"A June 28th at FIJM - PAN M 360","og_description":"At the Festival international de jazz de Montr\u00e9al, PAN M 360&#8217;s experts attend all the concerts that shake up music lovers. Follow our team! &nbsp; cr\u00e9dit photo: Fr\u00e9d\u00e9rique M\u00e9nard-Aubin Music spirits are with the Brad Mehldau Trio What an auspicious start to the jazz festival with the Brad Mehldau Trio at the&nbsp;Th\u00e9\u00e2tre Maisonneuve, on Wednesday [&hellip;]","og_url":"https:\/\/panm360.com\/en\/gig_review\/un-28-juin-au-fijm\/","og_site_name":"PAN M 360","article_publisher":"https:\/\/www.facebook.com\/panm360\/","article_modified_time":"2023-06-29T20:09:07+00:00","og_image":[{"width":958,"height":649,"url":"https:\/\/panm360.com\/wp-content\/uploads\/2023\/06\/FIJM-2023.jpg","type":"image\/jpeg"}],"twitter_card":"summary_large_image","twitter_site":"@PANM360","twitter_misc":{"Est. reading time":"3 minutes"},"schema":{"@context":"https:\/\/schema.org","@graph":[{"@type":"WebPage","@id":"https:\/\/panm360.com\/en\/gig_review\/un-28-juin-au-fijm\/","url":"https:\/\/panm360.com\/en\/gig_review\/un-28-juin-au-fijm\/","name":"A June 28th at FIJM - PAN M 360","isPartOf":{"@id":"https:\/\/panm360.com\/en\/#website"},"primaryImageOfPage":{"@id":"https:\/\/panm360.com\/en\/gig_review\/un-28-juin-au-fijm\/#primaryimage"},"image":{"@id":"https:\/\/panm360.com\/en\/gig_review\/un-28-juin-au-fijm\/#primaryimage"},"thumbnailUrl":"https:\/\/panm360.com\/wp-content\/uploads\/2023\/06\/FIJM-2023.jpg","datePublished":"2023-06-29T19:37:02+00:00","dateModified":"2023-06-29T20:09:07+00:00","breadcrumb":{"@id":"https:\/\/panm360.com\/en\/gig_review\/un-28-juin-au-fijm\/#breadcrumb"},"inLanguage":"en-US","potentialAction":[{"@type":"ReadAction","target":["https:\/\/panm360.com\/en\/gig_review\/un-28-juin-au-fijm\/"]}]},{"@type":"ImageObject","inLanguage":"en-US","@id":"https:\/\/panm360.com\/en\/gig_review\/un-28-juin-au-fijm\/#primaryimage","url":"https:\/\/panm360.com\/wp-content\/uploads\/2023\/06\/FIJM-2023.jpg","contentUrl":"https:\/\/panm360.com\/wp-content\/uploads\/2023\/06\/FIJM-2023.jpg","width":958,"height":649},{"@type":"BreadcrumbList","@id":"https:\/\/panm360.com\/en\/gig_review\/un-28-juin-au-fijm\/#breadcrumb","itemListElement":[{"@type":"ListItem","position":1,"name":"Accueil","item":"https:\/\/panm360.com\/en\/"},{"@type":"ListItem","position":2,"name":"Concert review","item":"https:\/\/panm360.com\/en\/gig_review\/"},{"@type":"ListItem","position":3,"name":"A June 28th at FIJM"}]},{"@type":"WebSite","@id":"https:\/\/panm360.com\/en\/#website","url":"https:\/\/panm360.com\/en\/","name":"PAN M 360","description":"Le m\u00e9dia num\u00e9rique de la musique !","publisher":{"@id":"https:\/\/panm360.com\/en\/#organization"},"potentialAction":[{"@type":"SearchAction","target":{"@type":"EntryPoint","urlTemplate":"https:\/\/panm360.com\/en\/?s={search_term_string}"},"query-input":{"@type":"PropertyValueSpecification","valueRequired":true,"valueName":"search_term_string"}}],"inLanguage":"en-US"},{"@type":"Organization","@id":"https:\/\/panm360.com\/en\/#organization","name":"PAN M 360","url":"https:\/\/panm360.com\/en\/","logo":{"@type":"ImageObject","inLanguage":"en-US","@id":"https:\/\/panm360.com\/en\/#\/schema\/logo\/image\/","url":"https:\/\/panm360.com\/wp-content\/uploads\/2019\/12\/PAN-M360_Logo_RGB.jpg","contentUrl":"https:\/\/panm360.com\/wp-content\/uploads\/2019\/12\/PAN-M360_Logo_RGB.jpg","width":1663,"height":631,"caption":"PAN M 360"},"image":{"@id":"https:\/\/panm360.com\/en\/#\/schema\/logo\/image\/"},"sameAs":["https:\/\/www.facebook.com\/panm360\/","https:\/\/x.com\/PANM360","https:\/\/www.instagram.com\/panm360\/","https:\/\/www.linkedin.com\/company\/panm360\/","https:\/\/www.youtube.com\/channel\/UCHEFHd3UhIrV6EJ3ltzVKOA?view_as=subscriber"]}]}},"_links":{"self":[{"href":"https:\/\/panm360.com\/en\/wp-json\/wp\/v2\/gig_review\/100636","targetHints":{"allow":["GET"]}}],"collection":[{"href":"https:\/\/panm360.com\/en\/wp-json\/wp\/v2\/gig_review"}],"about":[{"href":"https:\/\/panm360.com\/en\/wp-json\/wp\/v2\/types\/gig_review"}],"author":[{"embeddable":true,"href":"https:\/\/panm360.com\/en\/wp-json\/wp\/v2\/users\/936"}],"wp:featuredmedia":[{"embeddable":true,"href":"https:\/\/panm360.com\/en\/wp-json\/wp\/v2\/media\/100633"}],"wp:attachment":[{"href":"https:\/\/panm360.com\/en\/wp-json\/wp\/v2\/media?parent=100636"}],"wp:term":[{"taxonomy":"category","embeddable":true,"href":"https:\/\/panm360.com\/en\/wp-json\/wp\/v2\/categories?post=100636"},{"taxonomy":"post_tag","embeddable":true,"href":"https:\/\/panm360.com\/en\/wp-json\/wp\/v2\/tags?post=100636"},{"taxonomy":"genre","embeddable":true,"href":"https:\/\/panm360.com\/en\/wp-json\/wp\/v2\/genre?post=100636"},{"taxonomy":"salle","embeddable":true,"href":"https:\/\/panm360.com\/en\/wp-json\/wp\/v2\/salle?post=100636"},{"taxonomy":"ville","embeddable":true,"href":"https:\/\/panm360.com\/en\/wp-json\/wp\/v2\/ville?post=100636"}],"curies":[{"name":"wp","href":"https:\/\/api.w.org\/{rel}","templated":true}]}}