{"id":20868,"date":"2020-06-03T20:26:28","date_gmt":"2020-06-04T00:26:28","guid":{"rendered":"https:\/\/panm360.com\/?p=20868"},"modified":"2023-10-02T14:57:08","modified_gmt":"2023-10-02T18:57:08","slug":"la-symphonie-du-millenaire-a-20-ans-qui-sen-souvient","status":"publish","type":"dossiers","link":"https:\/\/panm360.com\/en\/dossiers-360\/la-symphonie-du-millenaire-a-20-ans-qui-sen-souvient\/","title":{"rendered":"La Symphonie du mill\u00e9naire is 20 years old&#8230; who remembers?"},"content":{"rendered":"\n<figure class=\"wp-block-audio\"><audio controls src=\"https:\/\/panm360.com\/wp-content\/uploads\/2020\/06\/SMIL_Extrait-2.wav\"><\/audio><figcaption>  <br><\/figcaption><\/figure>\n\n\n\n<p class=\"wp-block-paragraph\"><\/p>\n\n\n\n<figure class=\"wp-block-gallery columns-1 is-cropped wp-block-gallery-1 is-layout-flex wp-block-gallery-is-layout-flex\"><ul class=\"blocks-gallery-grid\"><li class=\"blocks-gallery-item\"><figure><img decoding=\"async\" src=\"https:\/\/panm360.com\/wp-content\/uploads\/2020\/06\/R\u00e9union-compo-smil-2-1024x682.jpg\" alt=\"\" data-id=\"20851\" data-full-url=\"https:\/\/panm360.com\/wp-content\/uploads\/2020\/06\/R\u00e9union-compo-smil-2.jpg\" data-link=\"https:\/\/panm360.com\/interviews-panm360\/la-symphonie-du-millenaire-a-20-ans-qui-sen-souvient\/reunion-compo-smil-2\/\" class=\"wp-image-20851\"\/><\/figure><\/li><\/ul><\/figure>\n\n\n\n<div class=\"wp-block-group\"><div class=\"wp-block-group__inner-container is-layout-flow wp-block-group-is-layout-flow\">\n<p class=\"wp-block-paragraph\">Let&#8217;s go over the genesis of this vast operation again, for those who missed it. On a beautiful Sunday in 1965, Walter Boudreau was planted on a rocky outcrop overlooking the eastern slope of Mount Royal. The Sunday resonance of Montreal&#8217;s church bella astounded the budding composer.<\/p>\n\n\n\n<p class=\"wp-block-paragraph\">Three decades later, he\u2019s the artistic director and principal conductor of the Soci\u00e9t\u00e9 de musique contemporaine du Qu\u00e9bec. At the helm of the SMCQ, he made his teenage dream come true: 19 Quebec composers were recruited to implement the \u201ctoutpartoutphonie\u201d that Boudreau had initiated with a concert by his colleague Denys Bouliane.<\/p>\n<\/div><\/div>\n\n\n\n<figure class=\"wp-block-gallery columns-1 is-cropped wp-block-gallery-2 is-layout-flex wp-block-gallery-is-layout-flex\"><ul class=\"blocks-gallery-grid\"><li class=\"blocks-gallery-item\"><figure><img decoding=\"async\" src=\"https:\/\/panm360.com\/wp-content\/uploads\/2020\/06\/repetition_manege-1024x680.jpg\" alt=\"\" data-id=\"20849\" data-full-url=\"https:\/\/panm360.com\/wp-content\/uploads\/2020\/06\/repetition_manege.jpg\" data-link=\"https:\/\/panm360.com\/interviews-panm360\/la-symphonie-du-millenaire-a-20-ans-qui-sen-souvient\/repetition_manege\/\" class=\"wp-image-20849\"\/><\/figure><\/li><\/ul><\/figure>\n\n\n\n<p class=\"wp-block-paragraph\">Presented on Saturday, June 3, 2000 on the grounds of Saint Joseph&#8217;s Oratory, <em>La Symphonie du mill\u00e9naire<\/em> was composed by Serge Arcuri, Walter Boudreau, Denys Bouliane, Vincent Collard, Yves Daoust, Alain Dauphinais, Andr\u00e9 Duchesne, Louis Dufort, Sean Ferguson, Michel Gonneville, Andr\u00e9 Hamel, Alain Lalonde, Estelle Lemire, Jean Lesage, Luc Marcel, Marie Pelletier, John Rea, Anthony Rozankovic and Gilles Tremblay.<\/p>\n\n\n\n<p class=\"wp-block-paragraph\">No less than 15 ensembles with 333 musicians, a carillon, a large organ, 2000 bell-ringers, two fire trucks and 15 church steeples were then called upon to perform before a crowd worthy of the great pop festivals. One thing is certain, it was by far the most unifying contemporary music happening ever presented in Quebec, if not in Canada.<\/p>\n\n\n\n<figure class=\"wp-block-gallery columns-1 is-cropped wp-block-gallery-3 is-layout-flex wp-block-gallery-is-layout-flex\"><ul class=\"blocks-gallery-grid\"><li class=\"blocks-gallery-item\"><figure><img decoding=\"async\" src=\"https:\/\/panm360.com\/wp-content\/uploads\/2020\/06\/projections2-1024x696.jpg\" alt=\"\" data-id=\"20847\" data-full-url=\"https:\/\/panm360.com\/wp-content\/uploads\/2020\/06\/projections2.jpg\" data-link=\"https:\/\/panm360.com\/interviews-panm360\/la-symphonie-du-millenaire-a-20-ans-qui-sen-souvient\/projections2\/\" class=\"wp-image-20847\"\/><\/figure><\/li><\/ul><\/figure>\n\n\n\n<p class=\"wp-block-paragraph\">Why such a deployment? Before making so-called serious music, Boudreau had come up in the golden age of counterculture and psychedelia, hence the band Infonie, of which he was the eminent leader, a formidable musical laboratory at the confluence of current jazz, rock, contemporary and modern music of classical tradition. This explains the composer&#8217;s fascination with the great countercultural events of his generation and his desire to plunge a mass audience into contemporary music, which at the time was considered austere and inaudible by the conservative minds of the small Quebec community and other backward pontiffs of our contemporary culture.<\/p>\n\n\n\n<p class=\"wp-block-paragraph\">As was almost always the case with contemporary music at the time, the event triggered a torrent of nonsense from reactionary critics (no need to name them) and a flood of enthusiasm among open-minded music lovers.<\/p>\n\n\n\n<p class=\"wp-block-paragraph\">\u201cI don&#8217;t pretend that the <em>Symphonie<\/em> was loved by everyone, let alone that the composers involved achieved their life&#8217;s work,&#8221; said Boudreau, interviewed by <em>La Presse <\/em>the day after the performance. \u201cI\u2019m certain of one thing, however \u2013 <em>La Symphonie du mill\u00e9naire<\/em> has captured the imagination, it has appealed to the majority of the audience, because they are culturally omnivorous. I too love blues and even heavy metal, but, more particularly, contemporary music. I know that this event gave us enough meat to go out and get a large audience. Our music is much more accessible than we think, it just needs to be presented in a context that encourages openness and discovery.\u201d<\/p>\n\n\n\n<figure class=\"wp-block-gallery columns-1 is-cropped wp-block-gallery-4 is-layout-flex wp-block-gallery-is-layout-flex\"><ul class=\"blocks-gallery-grid\"><li class=\"blocks-gallery-item\"><figure><img decoding=\"async\" src=\"https:\/\/panm360.com\/wp-content\/uploads\/2020\/06\/carillonneurs2-1024x688.jpg\" alt=\"\" data-id=\"20843\" data-full-url=\"https:\/\/panm360.com\/wp-content\/uploads\/2020\/06\/carillonneurs2.jpg\" data-link=\"https:\/\/panm360.com\/interviews-panm360\/la-symphonie-du-millenaire-a-20-ans-qui-sen-souvient\/carillonneurs2\/\" class=\"wp-image-20843\"\/><\/figure><\/li><\/ul><\/figure>\n\n\n\n<p class=\"wp-block-paragraph\">No broadcaster at the time, including the Canadian Broadcasting Corporation, had bothered to capture this historic event on television. Filmmakers had nevertheless agreed to film on a volunteer basis, but no documents have been made public to date. It seems that a complex montage was necessary, given the relative quality of the images. We\u2019re still waiting for the results.<\/p>\n\n\n\n<p class=\"wp-block-paragraph\">In any case, \u201cwe have demonstrated the openness and intelligence of people, which many cultural and media decision-makers refuse to acknowledge,\u201d Boudreau concluded. He thinks no less the same today.<\/p>\n\n\n\n<p class=\"wp-block-paragraph\">What&#8217;s next? \u201cUnfortunately, it would cost hundreds of thousands of dollars to finance the public release of this recording,\u201d Boudreau sighs, \u201cit&#8217;s a question of copyright and performance royalties. Who can finance such an undertaking?\u201d<\/p>\n\n\n\n<p class=\"wp-block-paragraph\">The master tape of this historic recording sleeps peacefully on a CBC radio-dept. shelf. The work resurfaced on stage in a reduced format in 2017, as part of the SMCQ&#8217;s 50th anniversary, and&#8230; we still don&#8217;t know when and how the recording of this \u201ctoutpartoutphonique\u201d work will be released to the public. Frustrating!<\/p>\n","protected":false},"excerpt":{"rendered":"<p>Let&#8217;s go over the genesis of this vast operation again, for those who missed it. On a beautiful Sunday in 1965, Walter Boudreau was planted on a rocky outcrop overlooking the eastern slope of Mount Royal. The Sunday resonance of Montreal&#8217;s church bella astounded the budding composer. Three decades later, he\u2019s the artistic director and [&hellip;]<\/p>\n","protected":false},"author":36,"featured_media":0,"menu_order":0,"template":"","format":"standard","meta":{"_acf_changed":false,"_crdt_document":""},"categories":[5192],"tags":[],"class_list":["post-20868","dossiers","type-dossiers","status-publish","format-standard","hentry","category-dossiers-en"],"acf":[],"yoast_head":"<!-- This site is optimized with the Yoast SEO plugin v27.4 - https:\/\/yoast.com\/product\/yoast-seo-wordpress\/ -->\n<title>La Symphonie du mill\u00e9naire is 20 years old... who remembers? - PAN M 360 | Dossier<\/title>\n<meta name=\"robots\" content=\"index, follow, max-snippet:-1, max-image-preview:large, max-video-preview:-1\" \/>\n<link rel=\"canonical\" href=\"https:\/\/panm360.com\/en\/dossiers-360\/la-symphonie-du-millenaire-a-20-ans-qui-sen-souvient\/\" \/>\n<meta property=\"og:locale\" content=\"en_US\" \/>\n<meta property=\"og:type\" content=\"article\" \/>\n<meta property=\"og:title\" content=\"La Symphonie du mill\u00e9naire is 20 years old... who remembers? - PAN M 360 | Dossier\" \/>\n<meta property=\"og:description\" content=\"Let&#8217;s go over the genesis of this vast operation again, for those who missed it. On a beautiful Sunday in 1965, Walter Boudreau was planted on a rocky outcrop overlooking the eastern slope of Mount Royal. The Sunday resonance of Montreal&#8217;s church bella astounded the budding composer. Three decades later, he\u2019s the artistic director and [&hellip;]\" \/>\n<meta property=\"og:url\" content=\"https:\/\/panm360.com\/en\/dossiers-360\/la-symphonie-du-millenaire-a-20-ans-qui-sen-souvient\/\" \/>\n<meta property=\"og:site_name\" content=\"PAN M 360\" \/>\n<meta property=\"article:publisher\" content=\"https:\/\/www.facebook.com\/panm360\/\" \/>\n<meta property=\"article:modified_time\" content=\"2023-10-02T18:57:08+00:00\" \/>\n<meta property=\"og:image\" content=\"https:\/\/panm360.com\/wp-content\/uploads\/2020\/06\/Foule-C.jpg\" \/>\n\t<meta property=\"og:image:width\" content=\"1702\" \/>\n\t<meta property=\"og:image:height\" content=\"1160\" \/>\n\t<meta property=\"og:image:type\" content=\"image\/jpeg\" \/>\n<meta name=\"twitter:card\" content=\"summary_large_image\" \/>\n<meta name=\"twitter:site\" content=\"@PANM360\" \/>\n<meta name=\"twitter:label1\" content=\"Est. reading time\" \/>\n\t<meta name=\"twitter:data1\" content=\"3 minutes\" \/>\n<script type=\"application\/ld+json\" class=\"yoast-schema-graph\">{\"@context\":\"https:\\\/\\\/schema.org\",\"@graph\":[{\"@type\":\"WebPage\",\"@id\":\"https:\\\/\\\/panm360.com\\\/en\\\/dossiers-360\\\/la-symphonie-du-millenaire-a-20-ans-qui-sen-souvient\\\/\",\"url\":\"https:\\\/\\\/panm360.com\\\/en\\\/dossiers-360\\\/la-symphonie-du-millenaire-a-20-ans-qui-sen-souvient\\\/\",\"name\":\"La Symphonie du mill\u00e9naire is 20 years old... who remembers? - PAN M 360 | Dossier\",\"isPartOf\":{\"@id\":\"https:\\\/\\\/panm360.com\\\/en\\\/#website\"},\"primaryImageOfPage\":{\"@id\":\"https:\\\/\\\/panm360.com\\\/en\\\/dossiers-360\\\/la-symphonie-du-millenaire-a-20-ans-qui-sen-souvient\\\/#primaryimage\"},\"image\":{\"@id\":\"https:\\\/\\\/panm360.com\\\/en\\\/dossiers-360\\\/la-symphonie-du-millenaire-a-20-ans-qui-sen-souvient\\\/#primaryimage\"},\"thumbnailUrl\":\"https:\\\/\\\/panm360.com\\\/wp-content\\\/uploads\\\/2020\\\/06\\\/repetition_manege-1024x680.jpg\",\"datePublished\":\"2020-06-04T00:26:28+00:00\",\"dateModified\":\"2023-10-02T18:57:08+00:00\",\"breadcrumb\":{\"@id\":\"https:\\\/\\\/panm360.com\\\/en\\\/dossiers-360\\\/la-symphonie-du-millenaire-a-20-ans-qui-sen-souvient\\\/#breadcrumb\"},\"inLanguage\":\"en-US\",\"potentialAction\":[{\"@type\":\"ReadAction\",\"target\":[\"https:\\\/\\\/panm360.com\\\/en\\\/dossiers-360\\\/la-symphonie-du-millenaire-a-20-ans-qui-sen-souvient\\\/\"]}]},{\"@type\":\"ImageObject\",\"inLanguage\":\"en-US\",\"@id\":\"https:\\\/\\\/panm360.com\\\/en\\\/dossiers-360\\\/la-symphonie-du-millenaire-a-20-ans-qui-sen-souvient\\\/#primaryimage\",\"url\":\"https:\\\/\\\/panm360.com\\\/wp-content\\\/uploads\\\/2020\\\/06\\\/repetition_manege-1024x680.jpg\",\"contentUrl\":\"https:\\\/\\\/panm360.com\\\/wp-content\\\/uploads\\\/2020\\\/06\\\/repetition_manege-1024x680.jpg\"},{\"@type\":\"BreadcrumbList\",\"@id\":\"https:\\\/\\\/panm360.com\\\/en\\\/dossiers-360\\\/la-symphonie-du-millenaire-a-20-ans-qui-sen-souvient\\\/#breadcrumb\",\"itemListElement\":[{\"@type\":\"ListItem\",\"position\":1,\"name\":\"Accueil\",\"item\":\"https:\\\/\\\/panm360.com\\\/en\\\/\"},{\"@type\":\"ListItem\",\"position\":2,\"name\":\"Dossiers\",\"item\":\"https:\\\/\\\/panm360.com\\\/en\\\/dossiers-360\\\/\"},{\"@type\":\"ListItem\",\"position\":3,\"name\":\"La Symphonie du mill\u00e9naire is 20 years old&#8230; who remembers?\"}]},{\"@type\":\"WebSite\",\"@id\":\"https:\\\/\\\/panm360.com\\\/en\\\/#website\",\"url\":\"https:\\\/\\\/panm360.com\\\/en\\\/\",\"name\":\"PAN M 360\",\"description\":\"Le m\u00e9dia num\u00e9rique de la musique !\",\"publisher\":{\"@id\":\"https:\\\/\\\/panm360.com\\\/en\\\/#organization\"},\"potentialAction\":[{\"@type\":\"SearchAction\",\"target\":{\"@type\":\"EntryPoint\",\"urlTemplate\":\"https:\\\/\\\/panm360.com\\\/en\\\/?s={search_term_string}\"},\"query-input\":{\"@type\":\"PropertyValueSpecification\",\"valueRequired\":true,\"valueName\":\"search_term_string\"}}],\"inLanguage\":\"en-US\"},{\"@type\":\"Organization\",\"@id\":\"https:\\\/\\\/panm360.com\\\/en\\\/#organization\",\"name\":\"PAN M 360\",\"url\":\"https:\\\/\\\/panm360.com\\\/en\\\/\",\"logo\":{\"@type\":\"ImageObject\",\"inLanguage\":\"en-US\",\"@id\":\"https:\\\/\\\/panm360.com\\\/en\\\/#\\\/schema\\\/logo\\\/image\\\/\",\"url\":\"https:\\\/\\\/panm360.com\\\/wp-content\\\/uploads\\\/2019\\\/12\\\/PAN-M360_Logo_RGB.jpg\",\"contentUrl\":\"https:\\\/\\\/panm360.com\\\/wp-content\\\/uploads\\\/2019\\\/12\\\/PAN-M360_Logo_RGB.jpg\",\"width\":1663,\"height\":631,\"caption\":\"PAN M 360\"},\"image\":{\"@id\":\"https:\\\/\\\/panm360.com\\\/en\\\/#\\\/schema\\\/logo\\\/image\\\/\"},\"sameAs\":[\"https:\\\/\\\/www.facebook.com\\\/panm360\\\/\",\"https:\\\/\\\/x.com\\\/PANM360\",\"https:\\\/\\\/www.instagram.com\\\/panm360\\\/\",\"https:\\\/\\\/www.linkedin.com\\\/company\\\/panm360\\\/\",\"https:\\\/\\\/www.youtube.com\\\/channel\\\/UCHEFHd3UhIrV6EJ3ltzVKOA?view_as=subscriber\"]}]}<\/script>\n<!-- \/ Yoast SEO plugin. -->","yoast_head_json":{"title":"La Symphonie du mill\u00e9naire is 20 years old... who remembers? - PAN M 360 | Dossier","robots":{"index":"index","follow":"follow","max-snippet":"max-snippet:-1","max-image-preview":"max-image-preview:large","max-video-preview":"max-video-preview:-1"},"canonical":"https:\/\/panm360.com\/en\/dossiers-360\/la-symphonie-du-millenaire-a-20-ans-qui-sen-souvient\/","og_locale":"en_US","og_type":"article","og_title":"La Symphonie du mill\u00e9naire is 20 years old... who remembers? - PAN M 360 | Dossier","og_description":"Let&#8217;s go over the genesis of this vast operation again, for those who missed it. On a beautiful Sunday in 1965, Walter Boudreau was planted on a rocky outcrop overlooking the eastern slope of Mount Royal. The Sunday resonance of Montreal&#8217;s church bella astounded the budding composer. Three decades later, he\u2019s the artistic director and [&hellip;]","og_url":"https:\/\/panm360.com\/en\/dossiers-360\/la-symphonie-du-millenaire-a-20-ans-qui-sen-souvient\/","og_site_name":"PAN M 360","article_publisher":"https:\/\/www.facebook.com\/panm360\/","article_modified_time":"2023-10-02T18:57:08+00:00","og_image":[{"width":1702,"height":1160,"url":"https:\/\/panm360.com\/wp-content\/uploads\/2020\/06\/Foule-C.jpg","type":"image\/jpeg"}],"twitter_card":"summary_large_image","twitter_site":"@PANM360","twitter_misc":{"Est. reading time":"3 minutes"},"schema":{"@context":"https:\/\/schema.org","@graph":[{"@type":"WebPage","@id":"https:\/\/panm360.com\/en\/dossiers-360\/la-symphonie-du-millenaire-a-20-ans-qui-sen-souvient\/","url":"https:\/\/panm360.com\/en\/dossiers-360\/la-symphonie-du-millenaire-a-20-ans-qui-sen-souvient\/","name":"La Symphonie du mill\u00e9naire is 20 years old... who remembers? - PAN M 360 | Dossier","isPartOf":{"@id":"https:\/\/panm360.com\/en\/#website"},"primaryImageOfPage":{"@id":"https:\/\/panm360.com\/en\/dossiers-360\/la-symphonie-du-millenaire-a-20-ans-qui-sen-souvient\/#primaryimage"},"image":{"@id":"https:\/\/panm360.com\/en\/dossiers-360\/la-symphonie-du-millenaire-a-20-ans-qui-sen-souvient\/#primaryimage"},"thumbnailUrl":"https:\/\/panm360.com\/wp-content\/uploads\/2020\/06\/repetition_manege-1024x680.jpg","datePublished":"2020-06-04T00:26:28+00:00","dateModified":"2023-10-02T18:57:08+00:00","breadcrumb":{"@id":"https:\/\/panm360.com\/en\/dossiers-360\/la-symphonie-du-millenaire-a-20-ans-qui-sen-souvient\/#breadcrumb"},"inLanguage":"en-US","potentialAction":[{"@type":"ReadAction","target":["https:\/\/panm360.com\/en\/dossiers-360\/la-symphonie-du-millenaire-a-20-ans-qui-sen-souvient\/"]}]},{"@type":"ImageObject","inLanguage":"en-US","@id":"https:\/\/panm360.com\/en\/dossiers-360\/la-symphonie-du-millenaire-a-20-ans-qui-sen-souvient\/#primaryimage","url":"https:\/\/panm360.com\/wp-content\/uploads\/2020\/06\/repetition_manege-1024x680.jpg","contentUrl":"https:\/\/panm360.com\/wp-content\/uploads\/2020\/06\/repetition_manege-1024x680.jpg"},{"@type":"BreadcrumbList","@id":"https:\/\/panm360.com\/en\/dossiers-360\/la-symphonie-du-millenaire-a-20-ans-qui-sen-souvient\/#breadcrumb","itemListElement":[{"@type":"ListItem","position":1,"name":"Accueil","item":"https:\/\/panm360.com\/en\/"},{"@type":"ListItem","position":2,"name":"Dossiers","item":"https:\/\/panm360.com\/en\/dossiers-360\/"},{"@type":"ListItem","position":3,"name":"La Symphonie du mill\u00e9naire is 20 years old&#8230; who remembers?"}]},{"@type":"WebSite","@id":"https:\/\/panm360.com\/en\/#website","url":"https:\/\/panm360.com\/en\/","name":"PAN M 360","description":"Le m\u00e9dia num\u00e9rique de la musique !","publisher":{"@id":"https:\/\/panm360.com\/en\/#organization"},"potentialAction":[{"@type":"SearchAction","target":{"@type":"EntryPoint","urlTemplate":"https:\/\/panm360.com\/en\/?s={search_term_string}"},"query-input":{"@type":"PropertyValueSpecification","valueRequired":true,"valueName":"search_term_string"}}],"inLanguage":"en-US"},{"@type":"Organization","@id":"https:\/\/panm360.com\/en\/#organization","name":"PAN M 360","url":"https:\/\/panm360.com\/en\/","logo":{"@type":"ImageObject","inLanguage":"en-US","@id":"https:\/\/panm360.com\/en\/#\/schema\/logo\/image\/","url":"https:\/\/panm360.com\/wp-content\/uploads\/2019\/12\/PAN-M360_Logo_RGB.jpg","contentUrl":"https:\/\/panm360.com\/wp-content\/uploads\/2019\/12\/PAN-M360_Logo_RGB.jpg","width":1663,"height":631,"caption":"PAN M 360"},"image":{"@id":"https:\/\/panm360.com\/en\/#\/schema\/logo\/image\/"},"sameAs":["https:\/\/www.facebook.com\/panm360\/","https:\/\/x.com\/PANM360","https:\/\/www.instagram.com\/panm360\/","https:\/\/www.linkedin.com\/company\/panm360\/","https:\/\/www.youtube.com\/channel\/UCHEFHd3UhIrV6EJ3ltzVKOA?view_as=subscriber"]}]}},"_links":{"self":[{"href":"https:\/\/panm360.com\/en\/wp-json\/wp\/v2\/dossiers\/20868","targetHints":{"allow":["GET"]}}],"collection":[{"href":"https:\/\/panm360.com\/en\/wp-json\/wp\/v2\/dossiers"}],"about":[{"href":"https:\/\/panm360.com\/en\/wp-json\/wp\/v2\/types\/dossiers"}],"author":[{"embeddable":true,"href":"https:\/\/panm360.com\/en\/wp-json\/wp\/v2\/users\/36"}],"wp:attachment":[{"href":"https:\/\/panm360.com\/en\/wp-json\/wp\/v2\/media?parent=20868"}],"wp:term":[{"taxonomy":"category","embeddable":true,"href":"https:\/\/panm360.com\/en\/wp-json\/wp\/v2\/categories?post=20868"},{"taxonomy":"post_tag","embeddable":true,"href":"https:\/\/panm360.com\/en\/wp-json\/wp\/v2\/tags?post=20868"}],"curies":[{"name":"wp","href":"https:\/\/api.w.org\/{rel}","templated":true}]}}