{"id":97142,"date":"2023-05-28T10:09:30","date_gmt":"2023-05-28T14:09:30","guid":{"rendered":"https:\/\/panm360.com\/?post_type=agenda&#038;p=97142"},"modified":"2023-05-28T10:17:49","modified_gmt":"2023-05-28T14:17:49","slug":"mezzotono-au-ministere","status":"publish","type":"agenda","link":"https:\/\/panm360.com\/en\/agenda\/mezzotono-au-ministere\/","title":{"rendered":"Mezzotono au Minist\u00e8re"},"content":{"rendered":"\n<p class=\"wp-block-paragraph\">Un orchestre sans instruments! Spectacle-concert du groupe vocal MEZZOTONO. Les cinq chanteurs se produisent enti\u00e8rement A CAPPELLA avec une approche \u00e0 la fois virtuose et comique, nous faisant d\u00e9couvrir l&#8217;incroyable \u00e9ventail des possibilit\u00e9s de la voix humaine. Au programme les grands tubes de la chanson italienne.<\/p>\n\n\n\n<p class=\"wp-block-paragraph\">An orchestra without instruments! Concert-show of the vocal group MEZZOTONO. The five singers perform entirely A CAPPELLA with an approach that is both virtuoso and comic, making us discover the incredible range of possibilities of the human voice. The program includes the great hits of the Italian song.<\/p>\n\n\n\n<p class=\"wp-block-paragraph\"><strong><a href=\"https:\/\/www.ticketmaster.ca\/event\/31005CFDA753522C?lang=fr-ca&amp;brand=evenko\" target=\"_blank\" rel=\"noreferrer noopener\"><br><\/a><a href=\"https:\/\/lepointdevente.com\/billets\/mns230528001\">POUR ACHETER VOTRE BILLET, C\u2019EST ICI!<\/a><\/strong><\/p>\n\n\n\n<iframe style=\"border-radius:12px\" src=\"https:\/\/open.spotify.com\/embed\/artist\/5xFniWFzkBWwrihmBjvHGp?utm_source=generator\" width=\"100%\" height=\"380\" frameBorder=\"0\" allowfullscreen=\"\" allow=\"autoplay; clipboard-write; encrypted-media; fullscreen; picture-in-picture\" loading=\"lazy\"><\/iframe>\n\n\n\n<p class=\"wp-block-paragraph\"><strong><em>Ce contenu provient du Minist\u00e8re et est adapt\u00e9 par PAN M 360.<\/em><\/strong><\/p>\n\n\n\n<p class=\"wp-block-paragraph\"><\/p>\n","protected":false},"excerpt":{"rendered":"<p>Un orchestre sans instruments! Spectacle-concert du groupe vocal MEZZOTONO. Les cinq chanteurs se produisent enti\u00e8rement A CAPPELLA avec une approche \u00e0 la fois virtuose et comique, nous faisant d\u00e9couvrir l&#8217;incroyable \u00e9ventail des possibilit\u00e9s de la voix humaine. Au programme les grands tubes de la chanson italienne. An orchestra without instruments! Concert-show of the vocal group [&hellip;]<\/p>\n","protected":false},"author":936,"featured_media":97141,"menu_order":0,"template":"","format":"standard","meta":{"_acf_changed":false,"_crdt_document":""},"categories":[4322],"tags":[],"generale":[3814],"genre":[4133,4162,3245],"pays":[3853],"salle":[7054],"ville":[7246],"class_list":["post-97142","agenda","type-agenda","status-publish","format-standard","has-post-thumbnail","hentry","category-listings-360","generale-lire-en","genre-blues-en-2","genre-jazz-en-2","genre-pop-2","pays-italy-3","salle-le-ministere-en","ville-montreal-en"],"acf":[],"yoast_head":"<!-- This site is optimized with the Yoast SEO plugin v27.4 - https:\/\/yoast.com\/product\/yoast-seo-wordpress\/ -->\n<title>Mezzotono au Minist\u00e8re - PAN M 360<\/title>\n<meta name=\"robots\" content=\"index, follow, max-snippet:-1, max-image-preview:large, max-video-preview:-1\" \/>\n<link rel=\"canonical\" href=\"https:\/\/panm360.com\/en\/agenda\/mezzotono-au-ministere\/\" \/>\n<meta property=\"og:locale\" content=\"en_US\" \/>\n<meta property=\"og:type\" content=\"article\" \/>\n<meta property=\"og:title\" content=\"Mezzotono au Minist\u00e8re - PAN M 360\" \/>\n<meta property=\"og:description\" content=\"Un orchestre sans instruments! Spectacle-concert du groupe vocal MEZZOTONO. Les cinq chanteurs se produisent enti\u00e8rement A CAPPELLA avec une approche \u00e0 la fois virtuose et comique, nous faisant d\u00e9couvrir l&#8217;incroyable \u00e9ventail des possibilit\u00e9s de la voix humaine. Au programme les grands tubes de la chanson italienne. An orchestra without instruments! Concert-show of the vocal group [&hellip;]\" \/>\n<meta property=\"og:url\" content=\"https:\/\/panm360.com\/en\/agenda\/mezzotono-au-ministere\/\" \/>\n<meta property=\"og:site_name\" content=\"PAN M 360\" \/>\n<meta property=\"article:publisher\" content=\"https:\/\/www.facebook.com\/panm360\/\" \/>\n<meta property=\"article:modified_time\" content=\"2023-05-28T14:17:49+00:00\" \/>\n<meta property=\"og:image\" content=\"https:\/\/panm360.com\/wp-content\/uploads\/2023\/05\/mns230528001-1152x648-fr-6462aaac.png\" \/>\n\t<meta property=\"og:image:width\" content=\"1152\" \/>\n\t<meta property=\"og:image:height\" content=\"648\" \/>\n\t<meta property=\"og:image:type\" content=\"image\/png\" \/>\n<meta name=\"twitter:card\" content=\"summary_large_image\" \/>\n<meta name=\"twitter:site\" content=\"@PANM360\" \/>\n<meta name=\"twitter:label1\" content=\"Est. reading time\" \/>\n\t<meta name=\"twitter:data1\" content=\"1 minute\" \/>\n<script type=\"application\/ld+json\" class=\"yoast-schema-graph\">{\"@context\":\"https:\\\/\\\/schema.org\",\"@graph\":[{\"@type\":\"WebPage\",\"@id\":\"https:\\\/\\\/panm360.com\\\/en\\\/agenda\\\/mezzotono-au-ministere\\\/\",\"url\":\"https:\\\/\\\/panm360.com\\\/en\\\/agenda\\\/mezzotono-au-ministere\\\/\",\"name\":\"Mezzotono au Minist\u00e8re - PAN M 360\",\"isPartOf\":{\"@id\":\"https:\\\/\\\/panm360.com\\\/en\\\/#website\"},\"primaryImageOfPage\":{\"@id\":\"https:\\\/\\\/panm360.com\\\/en\\\/agenda\\\/mezzotono-au-ministere\\\/#primaryimage\"},\"image\":{\"@id\":\"https:\\\/\\\/panm360.com\\\/en\\\/agenda\\\/mezzotono-au-ministere\\\/#primaryimage\"},\"thumbnailUrl\":\"https:\\\/\\\/panm360.com\\\/wp-content\\\/uploads\\\/2023\\\/05\\\/mns230528001-1152x648-fr-6462aaac.png\",\"datePublished\":\"2023-05-28T14:09:30+00:00\",\"dateModified\":\"2023-05-28T14:17:49+00:00\",\"breadcrumb\":{\"@id\":\"https:\\\/\\\/panm360.com\\\/en\\\/agenda\\\/mezzotono-au-ministere\\\/#breadcrumb\"},\"inLanguage\":\"en-US\",\"potentialAction\":[{\"@type\":\"ReadAction\",\"target\":[\"https:\\\/\\\/panm360.com\\\/en\\\/agenda\\\/mezzotono-au-ministere\\\/\"]}]},{\"@type\":\"ImageObject\",\"inLanguage\":\"en-US\",\"@id\":\"https:\\\/\\\/panm360.com\\\/en\\\/agenda\\\/mezzotono-au-ministere\\\/#primaryimage\",\"url\":\"https:\\\/\\\/panm360.com\\\/wp-content\\\/uploads\\\/2023\\\/05\\\/mns230528001-1152x648-fr-6462aaac.png\",\"contentUrl\":\"https:\\\/\\\/panm360.com\\\/wp-content\\\/uploads\\\/2023\\\/05\\\/mns230528001-1152x648-fr-6462aaac.png\",\"width\":1152,\"height\":648},{\"@type\":\"BreadcrumbList\",\"@id\":\"https:\\\/\\\/panm360.com\\\/en\\\/agenda\\\/mezzotono-au-ministere\\\/#breadcrumb\",\"itemListElement\":[{\"@type\":\"ListItem\",\"position\":1,\"name\":\"Accueil\",\"item\":\"https:\\\/\\\/panm360.com\\\/en\\\/\"},{\"@type\":\"ListItem\",\"position\":2,\"name\":\"Listings\",\"item\":\"https:\\\/\\\/panm360.com\\\/en\\\/agenda\\\/\"},{\"@type\":\"ListItem\",\"position\":3,\"name\":\"Mezzotono au Minist\u00e8re\"}]},{\"@type\":\"WebSite\",\"@id\":\"https:\\\/\\\/panm360.com\\\/en\\\/#website\",\"url\":\"https:\\\/\\\/panm360.com\\\/en\\\/\",\"name\":\"PAN M 360\",\"description\":\"Le m\u00e9dia num\u00e9rique de la musique !\",\"publisher\":{\"@id\":\"https:\\\/\\\/panm360.com\\\/en\\\/#organization\"},\"potentialAction\":[{\"@type\":\"SearchAction\",\"target\":{\"@type\":\"EntryPoint\",\"urlTemplate\":\"https:\\\/\\\/panm360.com\\\/en\\\/?s={search_term_string}\"},\"query-input\":{\"@type\":\"PropertyValueSpecification\",\"valueRequired\":true,\"valueName\":\"search_term_string\"}}],\"inLanguage\":\"en-US\"},{\"@type\":\"Organization\",\"@id\":\"https:\\\/\\\/panm360.com\\\/en\\\/#organization\",\"name\":\"PAN M 360\",\"url\":\"https:\\\/\\\/panm360.com\\\/en\\\/\",\"logo\":{\"@type\":\"ImageObject\",\"inLanguage\":\"en-US\",\"@id\":\"https:\\\/\\\/panm360.com\\\/en\\\/#\\\/schema\\\/logo\\\/image\\\/\",\"url\":\"https:\\\/\\\/panm360.com\\\/wp-content\\\/uploads\\\/2019\\\/12\\\/PAN-M360_Logo_RGB.jpg\",\"contentUrl\":\"https:\\\/\\\/panm360.com\\\/wp-content\\\/uploads\\\/2019\\\/12\\\/PAN-M360_Logo_RGB.jpg\",\"width\":1663,\"height\":631,\"caption\":\"PAN M 360\"},\"image\":{\"@id\":\"https:\\\/\\\/panm360.com\\\/en\\\/#\\\/schema\\\/logo\\\/image\\\/\"},\"sameAs\":[\"https:\\\/\\\/www.facebook.com\\\/panm360\\\/\",\"https:\\\/\\\/x.com\\\/PANM360\",\"https:\\\/\\\/www.instagram.com\\\/panm360\\\/\",\"https:\\\/\\\/www.linkedin.com\\\/company\\\/panm360\\\/\",\"https:\\\/\\\/www.youtube.com\\\/channel\\\/UCHEFHd3UhIrV6EJ3ltzVKOA?view_as=subscriber\"]}]}<\/script>\n<!-- \/ Yoast SEO plugin. -->","yoast_head_json":{"title":"Mezzotono au Minist\u00e8re - PAN M 360","robots":{"index":"index","follow":"follow","max-snippet":"max-snippet:-1","max-image-preview":"max-image-preview:large","max-video-preview":"max-video-preview:-1"},"canonical":"https:\/\/panm360.com\/en\/agenda\/mezzotono-au-ministere\/","og_locale":"en_US","og_type":"article","og_title":"Mezzotono au Minist\u00e8re - PAN M 360","og_description":"Un orchestre sans instruments! Spectacle-concert du groupe vocal MEZZOTONO. Les cinq chanteurs se produisent enti\u00e8rement A CAPPELLA avec une approche \u00e0 la fois virtuose et comique, nous faisant d\u00e9couvrir l&#8217;incroyable \u00e9ventail des possibilit\u00e9s de la voix humaine. Au programme les grands tubes de la chanson italienne. An orchestra without instruments! Concert-show of the vocal group [&hellip;]","og_url":"https:\/\/panm360.com\/en\/agenda\/mezzotono-au-ministere\/","og_site_name":"PAN M 360","article_publisher":"https:\/\/www.facebook.com\/panm360\/","article_modified_time":"2023-05-28T14:17:49+00:00","og_image":[{"width":1152,"height":648,"url":"https:\/\/panm360.com\/wp-content\/uploads\/2023\/05\/mns230528001-1152x648-fr-6462aaac.png","type":"image\/png"}],"twitter_card":"summary_large_image","twitter_site":"@PANM360","twitter_misc":{"Est. reading time":"1 minute"},"schema":{"@context":"https:\/\/schema.org","@graph":[{"@type":"WebPage","@id":"https:\/\/panm360.com\/en\/agenda\/mezzotono-au-ministere\/","url":"https:\/\/panm360.com\/en\/agenda\/mezzotono-au-ministere\/","name":"Mezzotono au Minist\u00e8re - PAN M 360","isPartOf":{"@id":"https:\/\/panm360.com\/en\/#website"},"primaryImageOfPage":{"@id":"https:\/\/panm360.com\/en\/agenda\/mezzotono-au-ministere\/#primaryimage"},"image":{"@id":"https:\/\/panm360.com\/en\/agenda\/mezzotono-au-ministere\/#primaryimage"},"thumbnailUrl":"https:\/\/panm360.com\/wp-content\/uploads\/2023\/05\/mns230528001-1152x648-fr-6462aaac.png","datePublished":"2023-05-28T14:09:30+00:00","dateModified":"2023-05-28T14:17:49+00:00","breadcrumb":{"@id":"https:\/\/panm360.com\/en\/agenda\/mezzotono-au-ministere\/#breadcrumb"},"inLanguage":"en-US","potentialAction":[{"@type":"ReadAction","target":["https:\/\/panm360.com\/en\/agenda\/mezzotono-au-ministere\/"]}]},{"@type":"ImageObject","inLanguage":"en-US","@id":"https:\/\/panm360.com\/en\/agenda\/mezzotono-au-ministere\/#primaryimage","url":"https:\/\/panm360.com\/wp-content\/uploads\/2023\/05\/mns230528001-1152x648-fr-6462aaac.png","contentUrl":"https:\/\/panm360.com\/wp-content\/uploads\/2023\/05\/mns230528001-1152x648-fr-6462aaac.png","width":1152,"height":648},{"@type":"BreadcrumbList","@id":"https:\/\/panm360.com\/en\/agenda\/mezzotono-au-ministere\/#breadcrumb","itemListElement":[{"@type":"ListItem","position":1,"name":"Accueil","item":"https:\/\/panm360.com\/en\/"},{"@type":"ListItem","position":2,"name":"Listings","item":"https:\/\/panm360.com\/en\/agenda\/"},{"@type":"ListItem","position":3,"name":"Mezzotono au Minist\u00e8re"}]},{"@type":"WebSite","@id":"https:\/\/panm360.com\/en\/#website","url":"https:\/\/panm360.com\/en\/","name":"PAN M 360","description":"Le m\u00e9dia num\u00e9rique de la musique !","publisher":{"@id":"https:\/\/panm360.com\/en\/#organization"},"potentialAction":[{"@type":"SearchAction","target":{"@type":"EntryPoint","urlTemplate":"https:\/\/panm360.com\/en\/?s={search_term_string}"},"query-input":{"@type":"PropertyValueSpecification","valueRequired":true,"valueName":"search_term_string"}}],"inLanguage":"en-US"},{"@type":"Organization","@id":"https:\/\/panm360.com\/en\/#organization","name":"PAN M 360","url":"https:\/\/panm360.com\/en\/","logo":{"@type":"ImageObject","inLanguage":"en-US","@id":"https:\/\/panm360.com\/en\/#\/schema\/logo\/image\/","url":"https:\/\/panm360.com\/wp-content\/uploads\/2019\/12\/PAN-M360_Logo_RGB.jpg","contentUrl":"https:\/\/panm360.com\/wp-content\/uploads\/2019\/12\/PAN-M360_Logo_RGB.jpg","width":1663,"height":631,"caption":"PAN M 360"},"image":{"@id":"https:\/\/panm360.com\/en\/#\/schema\/logo\/image\/"},"sameAs":["https:\/\/www.facebook.com\/panm360\/","https:\/\/x.com\/PANM360","https:\/\/www.instagram.com\/panm360\/","https:\/\/www.linkedin.com\/company\/panm360\/","https:\/\/www.youtube.com\/channel\/UCHEFHd3UhIrV6EJ3ltzVKOA?view_as=subscriber"]}]}},"_links":{"self":[{"href":"https:\/\/panm360.com\/en\/wp-json\/wp\/v2\/agenda\/97142","targetHints":{"allow":["GET"]}}],"collection":[{"href":"https:\/\/panm360.com\/en\/wp-json\/wp\/v2\/agenda"}],"about":[{"href":"https:\/\/panm360.com\/en\/wp-json\/wp\/v2\/types\/agenda"}],"author":[{"embeddable":true,"href":"https:\/\/panm360.com\/en\/wp-json\/wp\/v2\/users\/936"}],"wp:featuredmedia":[{"embeddable":true,"href":"https:\/\/panm360.com\/en\/wp-json\/wp\/v2\/media\/97141"}],"wp:attachment":[{"href":"https:\/\/panm360.com\/en\/wp-json\/wp\/v2\/media?parent=97142"}],"wp:term":[{"taxonomy":"category","embeddable":true,"href":"https:\/\/panm360.com\/en\/wp-json\/wp\/v2\/categories?post=97142"},{"taxonomy":"post_tag","embeddable":true,"href":"https:\/\/panm360.com\/en\/wp-json\/wp\/v2\/tags?post=97142"},{"taxonomy":"generale","embeddable":true,"href":"https:\/\/panm360.com\/en\/wp-json\/wp\/v2\/generale?post=97142"},{"taxonomy":"genre","embeddable":true,"href":"https:\/\/panm360.com\/en\/wp-json\/wp\/v2\/genre?post=97142"},{"taxonomy":"pays","embeddable":true,"href":"https:\/\/panm360.com\/en\/wp-json\/wp\/v2\/pays?post=97142"},{"taxonomy":"salle","embeddable":true,"href":"https:\/\/panm360.com\/en\/wp-json\/wp\/v2\/salle?post=97142"},{"taxonomy":"ville","embeddable":true,"href":"https:\/\/panm360.com\/en\/wp-json\/wp\/v2\/ville?post=97142"}],"curies":[{"name":"wp","href":"https:\/\/api.w.org\/{rel}","templated":true}]}}