{"id":97028,"date":"2023-05-19T11:09:55","date_gmt":"2023-05-19T15:09:55","guid":{"rendered":"https:\/\/panm360.com\/?post_type=agenda&#038;p=97028"},"modified":"2023-05-19T11:25:52","modified_gmt":"2023-05-19T15:25:52","slug":"festival-international-de-musique-actuelle-de-victoriaville-drawing-sound","status":"publish","type":"agenda","link":"https:\/\/panm360.com\/en\/agenda\/festival-international-de-musique-actuelle-de-victoriaville-drawing-sound\/","title":{"rendered":"Festival international de musique actuelle de Victoriaville : Fred Frith Trio, Drawing Sound"},"content":{"rendered":"\n<p class=\"wp-block-paragraph\">Outre ses ind\u00e9niables qualit\u00e9s de guitariste, d\u2019improvisateur et de compositeur, FRED FRITH est aussi un grand p\u00e9dagogue qui aime continuer \u00e0 jouer avec ses \u00e9l\u00e8ves les plus dou\u00e9s. Le FRED FRITH TRIO s\u2019est form\u00e9 en 2013, \u00e0 l\u2019\u00e9poque o\u00f9 il enseignait au Mills College \u00e0 Oakland. Ses acolytes, JASON HOOPES et JORDAN GLENN, composent la section rythmique du groupe inclassable Jack o\u2019 the Clock. \u00c0 trois, ils ont d\u00e9velopp\u00e9 un langage \u00e9toff\u00e9, un sens de l\u2019improvisation aux racines rock qui rappellent l\u2019indescriptible synergie qui r\u00e9gnait dans Henry Cow.<\/p>\n\n\n\n<p class=\"wp-block-paragraph\">Ils ont publi\u00e9 deux albums chez Intakt, puis l\u2019album double&nbsp;<em>Road<\/em>&nbsp;avec deux invit\u00e9es : Lotte Anker et SUSANA SANTOS SILVA. Cette derni\u00e8re, trompettiste portugaise r\u00e9sidant en Su\u00e8de, conna\u00eet une carri\u00e8re fulgurante ces derniers temps, que ce soit avec ses groupes Impermanence et Life and Other Transient Storms ou dans ses collaborations avec Anthony Braxton et Evan Parker, entre autres grosses pointures.<\/p>\n\n\n\n<p class=\"wp-block-paragraph\">Artiste visuelle de renomm\u00e9e internationale, HEIKE LISS collabore r\u00e9guli\u00e8rement avec le trio. Elle mettra la musique en images dans un exercice de fusion des sens.<\/p>\n\n\n\n<p class=\"wp-block-paragraph\">FRED FRITH, besides being a superior guitarist, improviser and composer, is also a fantastic teacher, and he loves to keep on playing with his most gifted students. The FRED FRITH TRIO came together in 2013, while he was still teaching at Mills College in Oakland. His partners, JASON HOOPES and JORDAN GLENN, make up the rhythm section of the unclassifiable rock band Jack o\u2019 the Clock. The three of them have developed a substantial vocabulary with an approach to improvisation that is partly rooted in rock music in a way that brings to mind the undescribable synergy one found in Henry Cow.<\/p>\n\n\n\n<p class=\"wp-block-paragraph\">The trio released two albums on the Intakt label, followed by the double CD&nbsp;<em>Road<\/em>&nbsp;recorded with two guests: Lotte Anker and SUSANA SANTOS SILVA. The latter, a Portuguese trumpet player currently living in Sweden, has been on a rocket-fuelled ascension lately, whether with her bands Impermanence, and Life and Other Transient Storms, or through collaborations with Anthony Braxton and Evan Parker, among other luminaries.<\/p>\n\n\n\n<p class=\"wp-block-paragraph\">The world-renowned visual artist HEIKE LISS has been performing regularly with the trio. She will be improvising visuals with the musicians.<\/p>\n\n\n\n<p class=\"wp-block-paragraph\"><strong><a href=\"https:\/\/www.jedonneenligne.org\/fimav\/R2023\/\" target=\"_blank\" rel=\"noreferrer noopener\">POUR ACHETER VOTRE BILLET, C\u2019EST ICI!<\/a><\/strong><\/p>\n\n\n\n<iframe loading=\"lazy\" title=\"vimeo-player\" src=\"https:\/\/player.vimeo.com\/video\/325102986?h=cd9d26fcd0\" width=\"640\" height=\"360\" frameborder=\"0\"    allowfullscreen><\/iframe>\n\n\n\n<p class=\"wp-block-paragraph\"><strong><em>Ce contenu provient du <\/em><\/strong><strong><em>Festival international de musique actuelle de Victoriaville et est adapt\u00e9 par PAN M 360.<\/em><\/strong><\/p>\n","protected":false},"excerpt":{"rendered":"<p>Outre ses ind\u00e9niables qualit\u00e9s de guitariste, d\u2019improvisateur et de compositeur, FRED FRITH est aussi un grand p\u00e9dagogue qui aime continuer \u00e0 jouer avec ses \u00e9l\u00e8ves les plus dou\u00e9s. Le FRED FRITH TRIO s\u2019est form\u00e9 en 2013, \u00e0 l\u2019\u00e9poque o\u00f9 il enseignait au Mills College \u00e0 Oakland. Ses acolytes, JASON HOOPES et JORDAN GLENN, composent la [&hellip;]<\/p>\n","protected":false},"author":936,"featured_media":0,"menu_order":0,"template":"","format":"standard","meta":{"_acf_changed":false,"_crdt_document":""},"categories":[4322],"tags":[],"generale":[3814],"genre":[4162],"pays":[7460,4950,3827],"salle":[8500],"ville":[7246],"class_list":["post-97028","agenda","type-agenda","status-publish","format-standard","hentry","category-listings-360","generale-lire-en","genre-jazz-en-2","pays-angleterre-en","pays-portugal-en","pays-united-states","salle-carre-150-salle-f-lemaire-en","ville-montreal-en"],"acf":[],"yoast_head":"<!-- This site is optimized with the Yoast SEO plugin v27.4 - https:\/\/yoast.com\/product\/yoast-seo-wordpress\/ -->\n<title>Festival international de musique actuelle de Victoriaville : Fred Frith Trio, Drawing Sound - PAN M 360<\/title>\n<meta name=\"robots\" content=\"index, follow, max-snippet:-1, max-image-preview:large, max-video-preview:-1\" \/>\n<link rel=\"canonical\" href=\"https:\/\/panm360.com\/en\/agenda\/festival-international-de-musique-actuelle-de-victoriaville-drawing-sound\/\" \/>\n<meta property=\"og:locale\" content=\"en_US\" \/>\n<meta property=\"og:type\" content=\"article\" \/>\n<meta property=\"og:title\" content=\"Festival international de musique actuelle de Victoriaville : Fred Frith Trio, Drawing Sound - PAN M 360\" \/>\n<meta property=\"og:description\" content=\"Outre ses ind\u00e9niables qualit\u00e9s de guitariste, d\u2019improvisateur et de compositeur, FRED FRITH est aussi un grand p\u00e9dagogue qui aime continuer \u00e0 jouer avec ses \u00e9l\u00e8ves les plus dou\u00e9s. Le FRED FRITH TRIO s\u2019est form\u00e9 en 2013, \u00e0 l\u2019\u00e9poque o\u00f9 il enseignait au Mills College \u00e0 Oakland. Ses acolytes, JASON HOOPES et JORDAN GLENN, composent la [&hellip;]\" \/>\n<meta property=\"og:url\" content=\"https:\/\/panm360.com\/en\/agenda\/festival-international-de-musique-actuelle-de-victoriaville-drawing-sound\/\" \/>\n<meta property=\"og:site_name\" content=\"PAN M 360\" \/>\n<meta property=\"article:publisher\" content=\"https:\/\/www.facebook.com\/panm360\/\" \/>\n<meta property=\"article:modified_time\" content=\"2023-05-19T15:25:52+00:00\" \/>\n<meta property=\"og:image\" content=\"https:\/\/panm360.com\/wp-content\/uploads\/2023\/05\/Fred-Frith-Trio-Susana-Heike_WEB-scaled.jpg\" \/>\n\t<meta property=\"og:image:width\" content=\"2560\" \/>\n\t<meta property=\"og:image:height\" content=\"1920\" \/>\n\t<meta property=\"og:image:type\" content=\"image\/jpeg\" \/>\n<meta name=\"twitter:card\" content=\"summary_large_image\" \/>\n<meta name=\"twitter:site\" content=\"@PANM360\" \/>\n<meta name=\"twitter:label1\" content=\"Est. reading time\" \/>\n\t<meta name=\"twitter:data1\" content=\"2 minutes\" \/>\n<script type=\"application\/ld+json\" class=\"yoast-schema-graph\">{\"@context\":\"https:\\\/\\\/schema.org\",\"@graph\":[{\"@type\":\"WebPage\",\"@id\":\"https:\\\/\\\/panm360.com\\\/en\\\/agenda\\\/festival-international-de-musique-actuelle-de-victoriaville-drawing-sound\\\/\",\"url\":\"https:\\\/\\\/panm360.com\\\/en\\\/agenda\\\/festival-international-de-musique-actuelle-de-victoriaville-drawing-sound\\\/\",\"name\":\"Festival international de musique actuelle de Victoriaville : Fred Frith Trio, Drawing Sound - PAN M 360\",\"isPartOf\":{\"@id\":\"https:\\\/\\\/panm360.com\\\/en\\\/#website\"},\"datePublished\":\"2023-05-19T15:09:55+00:00\",\"dateModified\":\"2023-05-19T15:25:52+00:00\",\"breadcrumb\":{\"@id\":\"https:\\\/\\\/panm360.com\\\/en\\\/agenda\\\/festival-international-de-musique-actuelle-de-victoriaville-drawing-sound\\\/#breadcrumb\"},\"inLanguage\":\"en-US\",\"potentialAction\":[{\"@type\":\"ReadAction\",\"target\":[\"https:\\\/\\\/panm360.com\\\/en\\\/agenda\\\/festival-international-de-musique-actuelle-de-victoriaville-drawing-sound\\\/\"]}]},{\"@type\":\"BreadcrumbList\",\"@id\":\"https:\\\/\\\/panm360.com\\\/en\\\/agenda\\\/festival-international-de-musique-actuelle-de-victoriaville-drawing-sound\\\/#breadcrumb\",\"itemListElement\":[{\"@type\":\"ListItem\",\"position\":1,\"name\":\"Accueil\",\"item\":\"https:\\\/\\\/panm360.com\\\/en\\\/\"},{\"@type\":\"ListItem\",\"position\":2,\"name\":\"Listings\",\"item\":\"https:\\\/\\\/panm360.com\\\/en\\\/agenda\\\/\"},{\"@type\":\"ListItem\",\"position\":3,\"name\":\"Festival international de musique actuelle de Victoriaville : Fred Frith Trio, Drawing Sound\"}]},{\"@type\":\"WebSite\",\"@id\":\"https:\\\/\\\/panm360.com\\\/en\\\/#website\",\"url\":\"https:\\\/\\\/panm360.com\\\/en\\\/\",\"name\":\"PAN M 360\",\"description\":\"Le m\u00e9dia num\u00e9rique de la musique !\",\"publisher\":{\"@id\":\"https:\\\/\\\/panm360.com\\\/en\\\/#organization\"},\"potentialAction\":[{\"@type\":\"SearchAction\",\"target\":{\"@type\":\"EntryPoint\",\"urlTemplate\":\"https:\\\/\\\/panm360.com\\\/en\\\/?s={search_term_string}\"},\"query-input\":{\"@type\":\"PropertyValueSpecification\",\"valueRequired\":true,\"valueName\":\"search_term_string\"}}],\"inLanguage\":\"en-US\"},{\"@type\":\"Organization\",\"@id\":\"https:\\\/\\\/panm360.com\\\/en\\\/#organization\",\"name\":\"PAN M 360\",\"url\":\"https:\\\/\\\/panm360.com\\\/en\\\/\",\"logo\":{\"@type\":\"ImageObject\",\"inLanguage\":\"en-US\",\"@id\":\"https:\\\/\\\/panm360.com\\\/en\\\/#\\\/schema\\\/logo\\\/image\\\/\",\"url\":\"https:\\\/\\\/panm360.com\\\/wp-content\\\/uploads\\\/2019\\\/12\\\/PAN-M360_Logo_RGB.jpg\",\"contentUrl\":\"https:\\\/\\\/panm360.com\\\/wp-content\\\/uploads\\\/2019\\\/12\\\/PAN-M360_Logo_RGB.jpg\",\"width\":1663,\"height\":631,\"caption\":\"PAN M 360\"},\"image\":{\"@id\":\"https:\\\/\\\/panm360.com\\\/en\\\/#\\\/schema\\\/logo\\\/image\\\/\"},\"sameAs\":[\"https:\\\/\\\/www.facebook.com\\\/panm360\\\/\",\"https:\\\/\\\/x.com\\\/PANM360\",\"https:\\\/\\\/www.instagram.com\\\/panm360\\\/\",\"https:\\\/\\\/www.linkedin.com\\\/company\\\/panm360\\\/\",\"https:\\\/\\\/www.youtube.com\\\/channel\\\/UCHEFHd3UhIrV6EJ3ltzVKOA?view_as=subscriber\"]}]}<\/script>\n<!-- \/ Yoast SEO plugin. -->","yoast_head_json":{"title":"Festival international de musique actuelle de Victoriaville : Fred Frith Trio, Drawing Sound - PAN M 360","robots":{"index":"index","follow":"follow","max-snippet":"max-snippet:-1","max-image-preview":"max-image-preview:large","max-video-preview":"max-video-preview:-1"},"canonical":"https:\/\/panm360.com\/en\/agenda\/festival-international-de-musique-actuelle-de-victoriaville-drawing-sound\/","og_locale":"en_US","og_type":"article","og_title":"Festival international de musique actuelle de Victoriaville : Fred Frith Trio, Drawing Sound - PAN M 360","og_description":"Outre ses ind\u00e9niables qualit\u00e9s de guitariste, d\u2019improvisateur et de compositeur, FRED FRITH est aussi un grand p\u00e9dagogue qui aime continuer \u00e0 jouer avec ses \u00e9l\u00e8ves les plus dou\u00e9s. Le FRED FRITH TRIO s\u2019est form\u00e9 en 2013, \u00e0 l\u2019\u00e9poque o\u00f9 il enseignait au Mills College \u00e0 Oakland. Ses acolytes, JASON HOOPES et JORDAN GLENN, composent la [&hellip;]","og_url":"https:\/\/panm360.com\/en\/agenda\/festival-international-de-musique-actuelle-de-victoriaville-drawing-sound\/","og_site_name":"PAN M 360","article_publisher":"https:\/\/www.facebook.com\/panm360\/","article_modified_time":"2023-05-19T15:25:52+00:00","og_image":[{"width":2560,"height":1920,"url":"https:\/\/panm360.com\/wp-content\/uploads\/2023\/05\/Fred-Frith-Trio-Susana-Heike_WEB-scaled.jpg","type":"image\/jpeg"}],"twitter_card":"summary_large_image","twitter_site":"@PANM360","twitter_misc":{"Est. reading time":"2 minutes"},"schema":{"@context":"https:\/\/schema.org","@graph":[{"@type":"WebPage","@id":"https:\/\/panm360.com\/en\/agenda\/festival-international-de-musique-actuelle-de-victoriaville-drawing-sound\/","url":"https:\/\/panm360.com\/en\/agenda\/festival-international-de-musique-actuelle-de-victoriaville-drawing-sound\/","name":"Festival international de musique actuelle de Victoriaville : Fred Frith Trio, Drawing Sound - PAN M 360","isPartOf":{"@id":"https:\/\/panm360.com\/en\/#website"},"datePublished":"2023-05-19T15:09:55+00:00","dateModified":"2023-05-19T15:25:52+00:00","breadcrumb":{"@id":"https:\/\/panm360.com\/en\/agenda\/festival-international-de-musique-actuelle-de-victoriaville-drawing-sound\/#breadcrumb"},"inLanguage":"en-US","potentialAction":[{"@type":"ReadAction","target":["https:\/\/panm360.com\/en\/agenda\/festival-international-de-musique-actuelle-de-victoriaville-drawing-sound\/"]}]},{"@type":"BreadcrumbList","@id":"https:\/\/panm360.com\/en\/agenda\/festival-international-de-musique-actuelle-de-victoriaville-drawing-sound\/#breadcrumb","itemListElement":[{"@type":"ListItem","position":1,"name":"Accueil","item":"https:\/\/panm360.com\/en\/"},{"@type":"ListItem","position":2,"name":"Listings","item":"https:\/\/panm360.com\/en\/agenda\/"},{"@type":"ListItem","position":3,"name":"Festival international de musique actuelle de Victoriaville : Fred Frith Trio, Drawing Sound"}]},{"@type":"WebSite","@id":"https:\/\/panm360.com\/en\/#website","url":"https:\/\/panm360.com\/en\/","name":"PAN M 360","description":"Le m\u00e9dia num\u00e9rique de la musique !","publisher":{"@id":"https:\/\/panm360.com\/en\/#organization"},"potentialAction":[{"@type":"SearchAction","target":{"@type":"EntryPoint","urlTemplate":"https:\/\/panm360.com\/en\/?s={search_term_string}"},"query-input":{"@type":"PropertyValueSpecification","valueRequired":true,"valueName":"search_term_string"}}],"inLanguage":"en-US"},{"@type":"Organization","@id":"https:\/\/panm360.com\/en\/#organization","name":"PAN M 360","url":"https:\/\/panm360.com\/en\/","logo":{"@type":"ImageObject","inLanguage":"en-US","@id":"https:\/\/panm360.com\/en\/#\/schema\/logo\/image\/","url":"https:\/\/panm360.com\/wp-content\/uploads\/2019\/12\/PAN-M360_Logo_RGB.jpg","contentUrl":"https:\/\/panm360.com\/wp-content\/uploads\/2019\/12\/PAN-M360_Logo_RGB.jpg","width":1663,"height":631,"caption":"PAN M 360"},"image":{"@id":"https:\/\/panm360.com\/en\/#\/schema\/logo\/image\/"},"sameAs":["https:\/\/www.facebook.com\/panm360\/","https:\/\/x.com\/PANM360","https:\/\/www.instagram.com\/panm360\/","https:\/\/www.linkedin.com\/company\/panm360\/","https:\/\/www.youtube.com\/channel\/UCHEFHd3UhIrV6EJ3ltzVKOA?view_as=subscriber"]}]}},"_links":{"self":[{"href":"https:\/\/panm360.com\/en\/wp-json\/wp\/v2\/agenda\/97028","targetHints":{"allow":["GET"]}}],"collection":[{"href":"https:\/\/panm360.com\/en\/wp-json\/wp\/v2\/agenda"}],"about":[{"href":"https:\/\/panm360.com\/en\/wp-json\/wp\/v2\/types\/agenda"}],"author":[{"embeddable":true,"href":"https:\/\/panm360.com\/en\/wp-json\/wp\/v2\/users\/936"}],"wp:attachment":[{"href":"https:\/\/panm360.com\/en\/wp-json\/wp\/v2\/media?parent=97028"}],"wp:term":[{"taxonomy":"category","embeddable":true,"href":"https:\/\/panm360.com\/en\/wp-json\/wp\/v2\/categories?post=97028"},{"taxonomy":"post_tag","embeddable":true,"href":"https:\/\/panm360.com\/en\/wp-json\/wp\/v2\/tags?post=97028"},{"taxonomy":"generale","embeddable":true,"href":"https:\/\/panm360.com\/en\/wp-json\/wp\/v2\/generale?post=97028"},{"taxonomy":"genre","embeddable":true,"href":"https:\/\/panm360.com\/en\/wp-json\/wp\/v2\/genre?post=97028"},{"taxonomy":"pays","embeddable":true,"href":"https:\/\/panm360.com\/en\/wp-json\/wp\/v2\/pays?post=97028"},{"taxonomy":"salle","embeddable":true,"href":"https:\/\/panm360.com\/en\/wp-json\/wp\/v2\/salle?post=97028"},{"taxonomy":"ville","embeddable":true,"href":"https:\/\/panm360.com\/en\/wp-json\/wp\/v2\/ville?post=97028"}],"curies":[{"name":"wp","href":"https:\/\/api.w.org\/{rel}","templated":true}]}}