{"id":96755,"date":"2023-04-10T14:10:00","date_gmt":"2023-04-10T18:10:00","guid":{"rendered":"https:\/\/panm360.com\/?post_type=agenda&#038;p=96755"},"modified":"2023-05-10T14:12:42","modified_gmt":"2023-05-10T18:12:42","slug":"mateo-au-theatre-plaza","status":"publish","type":"agenda","link":"https:\/\/panm360.com\/en\/agenda\/mateo-au-theatre-plaza\/","title":{"rendered":"Mateo au Th\u00e9\u00e2tre Plaza"},"content":{"rendered":"\n<p class=\"wp-block-paragraph\">Lancement d\u2019album de l\u2019artiste MATEO \u00ab Vengo De Frente Vol I &amp; II \u00bb (Afro Beat \u2013 Latin) present\u00e9 par Azul Rojo Music &amp; Vision Diversit\u00e9.\u00a0Vivez une exp\u00e9rience unique au magnifique Th\u00e9\u00e2tre Plaza avec MATEO et son Band.\u00a0Un show explosif et \u00e9mouvant aux rythmes Afro Latin, Afro Beat, Dance Hall, Pop Rock. Six musiciens sur sc\u00e8ne avec invit\u00e9s sp\u00e9ciaux suivi d\u2019une soir\u00e9e dansante jusqu\u2019aux petites heures du matin avec DJ Set apr\u00e8s le show.\u00a0Pura Candela!<\/p>\n\n\n\n<p class=\"wp-block-paragraph\">Caract\u00e9ris\u00e9 pour \u00eatre une proposition fra\u00eeche, organique et \u00e9clectique, \u00ab Vengo de Frente Vol I &amp; II \u00bb est une \u0153uvre discographique construite \u00e0 partir d\u2019\u00e9l\u00e9ments Afro-Latins, Pop-Rock, Afro-Beat et Dance Hall.&nbsp;<\/p>\n\n\n\n<p class=\"wp-block-paragraph\">Une production qui se distingue par sa coh\u00e9sion et sa maturit\u00e9 ainsi que par son format et sa structure musicale. MATEO apporte&nbsp; un son authentique, assum\u00e9 et accessible. Avec un premier lancement de 5 titres en 2020 (Vengo De Frente Vol I), l\u2019\u0153uvre a marqu\u00e9 une tendance dans la sc\u00e8ne locale canadienne en obtenant la reconnaissance de \u00ab R\u00e9v\u00e9lation Radio Canada 2020- 2021 \u00bb dans la cat\u00e9gorie Musique du monde, mat\u00e9riel qui, bien qu\u2019\u00e9tant enti\u00e8rement en espagnol, a r\u00e9ussi \u00e0 captiver et \u00e0 traverser les fronti\u00e8res en positionnant MATEO comme une figure de la \u00ab sc\u00e8ne latine New Vibe \u00bb.&nbsp;<\/p>\n\n\n\n<p class=\"wp-block-paragraph\">Six nouvelles chansons ont \u00e9t\u00e9 ajout\u00e9es \u00e0 ce premier opus pour avoir un album complet de 11 morceaux ainsi que pour donner une touche finale \u00e0 la direction sonore du projet.<\/p>\n\n\n\n<p class=\"wp-block-paragraph\">Il est \u00e0 noter qu\u2019en plus de la voix particuli\u00e8re de MATEO, le travail avec les musiciens qui composent le projet a eu une grande influence sur son identit\u00e9 puisque la richesse et le contexte multiculturel canadien ont permis l\u2019inclusion du jama\u00efcain Dan Fyah Beats sur la batterie, le cubain Hanser Santos G\u00f3mez aux percussions, le guitariste p\u00e9ruvien \/ canadien Tito Sono et le bassiste colombien Diego Cruz Lora. Un m\u00e9lange d\u2019ingr\u00e9dients qui, sous la production de Leon Yehoudah Perez (Azul Rojo Music), a r\u00e9ussi \u00e0 int\u00e9grer les \u00e9l\u00e9ments n\u00e9cessaires pour donner la touche finale aux compositions de MATEO.<\/p>\n\n\n\n<p class=\"wp-block-paragraph\">Album launch of the artist MATEO \u00ab Vengo De Frente Vol I &amp; II \u00bb (Afro Beat \u2013 Latin) presented by Azul Rojo Music &amp; Vision Diversit\u00e9. Live a unique experience at the beautiful Th\u00e9\u00e2tre Plaza with MATEO and his Band. An explosive and moving show with Afro-Latin, Afro Beat, Dance Hall, and Pop Rock rhythms. Six musicians on stage with special guests followed by a dance party until the wee hours of the morning with a DJ Set after the show.\u00a0Pura Candela!<\/p>\n\n\n\n<p class=\"wp-block-paragraph\">Characterized for being a fresh, organic, and eclectic proposal, \u201cVengo de Frente Vol I &amp; II\u201d is an album built from Afro-Latin, Pop-Rock, Afro-Beat, and Dance Hall elements.<br>A production that stands out for its cohesion and maturity as well as for its format and musical structure. MATEO brings an authentic, assumed, and accessible sound. With the first release of 5 tracks in 2020 (Vengo De Frente Vol I), the work marked a trend in the local Canadian scene by obtaining the recognition of &#8220;Revelation Radio Canada 2020-2021&#8221; in the category World music, material which, despite being entirely in Spanish, managed to captivate and cross borders by positioning MATEO as a figure in the \u201cLatin New Vibe scene\u201d.<br>Six new songs have been added to this first opus to have a complete album of 11 tracks as well as to give a final touch to the sound direction of the project.<br>It should be noted that in addition to the particular voice of MATEO, the work with the musicians who make up the project had a big influence on its identity since the richness, as well as the Canadian multicultural context, allowed the inclusion of the Jamaican Dan Fyah Beats on drums, Cuban Hanser Santos G\u00f3mez on percussion, Peruvian\/Canadian guitarist Tito Sono and Colombian bassist Diego Cruz Lora. A mixture of ingredients that, under the production of Leon Yehoudah Perez (Azul Rojo Music), has managed to integrate the necessary elements to give the final touch to MATEO&#8217;s compositions.<\/p>\n\n\n\n<p class=\"wp-block-paragraph\"><strong><a href=\"https:\/\/lepointdevente.com\/billets\/mateo?fbclid=IwAR07SEdRQI_kjvtuthnBYVpkFsLzCFB_wGuM1ecSWtPOovClgYlbYMng_ZU\" target=\"_blank\" rel=\"noreferrer noopener\">POUR ACHETER VOTRE BILLET, C\u2019EST ICI!<\/a><\/strong><\/p>\n\n\n\n<iframe style=\"border-radius:12px\" src=\"https:\/\/open.spotify.com\/embed\/album\/4Z64dDs5JQsajjLxUj2Gtr?utm_source=generator\" width=\"100%\" height=\"352\" frameBorder=\"0\" allowfullscreen=\"\" allow=\"autoplay; clipboard-write; encrypted-media; fullscreen; picture-in-picture\" loading=\"lazy\"><\/iframe>\n\n\n\n<p class=\"wp-block-paragraph\"><strong><em>Ce contenu provient du Th\u00e9\u00e2tre Plaza et est adapt\u00e9 par PAN M 360.<\/em><\/strong><\/p>\n","protected":false},"excerpt":{"rendered":"<p>Lancement d\u2019album de l\u2019artiste MATEO \u00ab Vengo De Frente Vol I &amp; II \u00bb (Afro Beat \u2013 Latin) present\u00e9 par Azul Rojo Music &amp; Vision Diversit\u00e9.\u00a0Vivez une exp\u00e9rience unique au magnifique Th\u00e9\u00e2tre Plaza avec MATEO et son Band.\u00a0Un show explosif et \u00e9mouvant aux rythmes Afro Latin, Afro Beat, Dance Hall, Pop Rock. Six musiciens sur [&hellip;]<\/p>\n","protected":false},"author":936,"featured_media":0,"menu_order":0,"template":"","format":"standard","meta":{"_acf_changed":false,"_crdt_document":""},"categories":[4322],"tags":[],"generale":[3814],"genre":[4561,3073],"pays":[3839],"salle":[8064],"ville":[7246],"class_list":["post-96755","agenda","type-agenda","status-publish","format-standard","hentry","category-listings-360","generale-lire-en","genre-afro-latin-en","genre-afrobeat-2","pays-colombia","salle-theatre-plaza-en","ville-montreal-en"],"acf":[],"yoast_head":"<!-- This site is optimized with the Yoast SEO plugin v27.4 - https:\/\/yoast.com\/product\/yoast-seo-wordpress\/ -->\n<title>Mateo au Th\u00e9\u00e2tre Plaza - PAN M 360<\/title>\n<meta name=\"robots\" content=\"index, follow, max-snippet:-1, max-image-preview:large, max-video-preview:-1\" \/>\n<link rel=\"canonical\" href=\"https:\/\/panm360.com\/en\/agenda\/mateo-au-theatre-plaza\/\" \/>\n<meta property=\"og:locale\" content=\"en_US\" \/>\n<meta property=\"og:type\" content=\"article\" \/>\n<meta property=\"og:title\" content=\"Mateo au Th\u00e9\u00e2tre Plaza - PAN M 360\" \/>\n<meta property=\"og:description\" content=\"Lancement d\u2019album de l\u2019artiste MATEO \u00ab Vengo De Frente Vol I &amp; II \u00bb (Afro Beat \u2013 Latin) present\u00e9 par Azul Rojo Music &amp; Vision Diversit\u00e9.\u00a0Vivez une exp\u00e9rience unique au magnifique Th\u00e9\u00e2tre Plaza avec MATEO et son Band.\u00a0Un show explosif et \u00e9mouvant aux rythmes Afro Latin, Afro Beat, Dance Hall, Pop Rock. Six musiciens sur [&hellip;]\" \/>\n<meta property=\"og:url\" content=\"https:\/\/panm360.com\/en\/agenda\/mateo-au-theatre-plaza\/\" \/>\n<meta property=\"og:site_name\" content=\"PAN M 360\" \/>\n<meta property=\"article:publisher\" content=\"https:\/\/www.facebook.com\/panm360\/\" \/>\n<meta property=\"article:modified_time\" content=\"2023-05-10T18:12:42+00:00\" \/>\n<meta property=\"og:image\" content=\"https:\/\/panm360.com\/wp-content\/uploads\/2023\/05\/Mateo-8-1024x682-1.jpg\" \/>\n\t<meta property=\"og:image:width\" content=\"1024\" \/>\n\t<meta property=\"og:image:height\" content=\"682\" \/>\n\t<meta property=\"og:image:type\" content=\"image\/jpeg\" \/>\n<meta name=\"twitter:card\" content=\"summary_large_image\" \/>\n<meta name=\"twitter:site\" content=\"@PANM360\" \/>\n<meta name=\"twitter:label1\" content=\"Est. reading time\" \/>\n\t<meta name=\"twitter:data1\" content=\"4 minutes\" \/>\n<script type=\"application\/ld+json\" class=\"yoast-schema-graph\">{\"@context\":\"https:\\\/\\\/schema.org\",\"@graph\":[{\"@type\":\"WebPage\",\"@id\":\"https:\\\/\\\/panm360.com\\\/en\\\/agenda\\\/mateo-au-theatre-plaza\\\/\",\"url\":\"https:\\\/\\\/panm360.com\\\/en\\\/agenda\\\/mateo-au-theatre-plaza\\\/\",\"name\":\"Mateo au Th\u00e9\u00e2tre Plaza - PAN M 360\",\"isPartOf\":{\"@id\":\"https:\\\/\\\/panm360.com\\\/en\\\/#website\"},\"datePublished\":\"2023-04-10T18:10:00+00:00\",\"dateModified\":\"2023-05-10T18:12:42+00:00\",\"breadcrumb\":{\"@id\":\"https:\\\/\\\/panm360.com\\\/en\\\/agenda\\\/mateo-au-theatre-plaza\\\/#breadcrumb\"},\"inLanguage\":\"en-US\",\"potentialAction\":[{\"@type\":\"ReadAction\",\"target\":[\"https:\\\/\\\/panm360.com\\\/en\\\/agenda\\\/mateo-au-theatre-plaza\\\/\"]}]},{\"@type\":\"BreadcrumbList\",\"@id\":\"https:\\\/\\\/panm360.com\\\/en\\\/agenda\\\/mateo-au-theatre-plaza\\\/#breadcrumb\",\"itemListElement\":[{\"@type\":\"ListItem\",\"position\":1,\"name\":\"Accueil\",\"item\":\"https:\\\/\\\/panm360.com\\\/en\\\/\"},{\"@type\":\"ListItem\",\"position\":2,\"name\":\"Listings\",\"item\":\"https:\\\/\\\/panm360.com\\\/en\\\/agenda\\\/\"},{\"@type\":\"ListItem\",\"position\":3,\"name\":\"Mateo au Th\u00e9\u00e2tre Plaza\"}]},{\"@type\":\"WebSite\",\"@id\":\"https:\\\/\\\/panm360.com\\\/en\\\/#website\",\"url\":\"https:\\\/\\\/panm360.com\\\/en\\\/\",\"name\":\"PAN M 360\",\"description\":\"Le m\u00e9dia num\u00e9rique de la musique !\",\"publisher\":{\"@id\":\"https:\\\/\\\/panm360.com\\\/en\\\/#organization\"},\"potentialAction\":[{\"@type\":\"SearchAction\",\"target\":{\"@type\":\"EntryPoint\",\"urlTemplate\":\"https:\\\/\\\/panm360.com\\\/en\\\/?s={search_term_string}\"},\"query-input\":{\"@type\":\"PropertyValueSpecification\",\"valueRequired\":true,\"valueName\":\"search_term_string\"}}],\"inLanguage\":\"en-US\"},{\"@type\":\"Organization\",\"@id\":\"https:\\\/\\\/panm360.com\\\/en\\\/#organization\",\"name\":\"PAN M 360\",\"url\":\"https:\\\/\\\/panm360.com\\\/en\\\/\",\"logo\":{\"@type\":\"ImageObject\",\"inLanguage\":\"en-US\",\"@id\":\"https:\\\/\\\/panm360.com\\\/en\\\/#\\\/schema\\\/logo\\\/image\\\/\",\"url\":\"https:\\\/\\\/panm360.com\\\/wp-content\\\/uploads\\\/2019\\\/12\\\/PAN-M360_Logo_RGB.jpg\",\"contentUrl\":\"https:\\\/\\\/panm360.com\\\/wp-content\\\/uploads\\\/2019\\\/12\\\/PAN-M360_Logo_RGB.jpg\",\"width\":1663,\"height\":631,\"caption\":\"PAN M 360\"},\"image\":{\"@id\":\"https:\\\/\\\/panm360.com\\\/en\\\/#\\\/schema\\\/logo\\\/image\\\/\"},\"sameAs\":[\"https:\\\/\\\/www.facebook.com\\\/panm360\\\/\",\"https:\\\/\\\/x.com\\\/PANM360\",\"https:\\\/\\\/www.instagram.com\\\/panm360\\\/\",\"https:\\\/\\\/www.linkedin.com\\\/company\\\/panm360\\\/\",\"https:\\\/\\\/www.youtube.com\\\/channel\\\/UCHEFHd3UhIrV6EJ3ltzVKOA?view_as=subscriber\"]}]}<\/script>\n<!-- \/ Yoast SEO plugin. -->","yoast_head_json":{"title":"Mateo au Th\u00e9\u00e2tre Plaza - PAN M 360","robots":{"index":"index","follow":"follow","max-snippet":"max-snippet:-1","max-image-preview":"max-image-preview:large","max-video-preview":"max-video-preview:-1"},"canonical":"https:\/\/panm360.com\/en\/agenda\/mateo-au-theatre-plaza\/","og_locale":"en_US","og_type":"article","og_title":"Mateo au Th\u00e9\u00e2tre Plaza - PAN M 360","og_description":"Lancement d\u2019album de l\u2019artiste MATEO \u00ab Vengo De Frente Vol I &amp; II \u00bb (Afro Beat \u2013 Latin) present\u00e9 par Azul Rojo Music &amp; Vision Diversit\u00e9.\u00a0Vivez une exp\u00e9rience unique au magnifique Th\u00e9\u00e2tre Plaza avec MATEO et son Band.\u00a0Un show explosif et \u00e9mouvant aux rythmes Afro Latin, Afro Beat, Dance Hall, Pop Rock. Six musiciens sur [&hellip;]","og_url":"https:\/\/panm360.com\/en\/agenda\/mateo-au-theatre-plaza\/","og_site_name":"PAN M 360","article_publisher":"https:\/\/www.facebook.com\/panm360\/","article_modified_time":"2023-05-10T18:12:42+00:00","og_image":[{"width":1024,"height":682,"url":"https:\/\/panm360.com\/wp-content\/uploads\/2023\/05\/Mateo-8-1024x682-1.jpg","type":"image\/jpeg"}],"twitter_card":"summary_large_image","twitter_site":"@PANM360","twitter_misc":{"Est. reading time":"4 minutes"},"schema":{"@context":"https:\/\/schema.org","@graph":[{"@type":"WebPage","@id":"https:\/\/panm360.com\/en\/agenda\/mateo-au-theatre-plaza\/","url":"https:\/\/panm360.com\/en\/agenda\/mateo-au-theatre-plaza\/","name":"Mateo au Th\u00e9\u00e2tre Plaza - PAN M 360","isPartOf":{"@id":"https:\/\/panm360.com\/en\/#website"},"datePublished":"2023-04-10T18:10:00+00:00","dateModified":"2023-05-10T18:12:42+00:00","breadcrumb":{"@id":"https:\/\/panm360.com\/en\/agenda\/mateo-au-theatre-plaza\/#breadcrumb"},"inLanguage":"en-US","potentialAction":[{"@type":"ReadAction","target":["https:\/\/panm360.com\/en\/agenda\/mateo-au-theatre-plaza\/"]}]},{"@type":"BreadcrumbList","@id":"https:\/\/panm360.com\/en\/agenda\/mateo-au-theatre-plaza\/#breadcrumb","itemListElement":[{"@type":"ListItem","position":1,"name":"Accueil","item":"https:\/\/panm360.com\/en\/"},{"@type":"ListItem","position":2,"name":"Listings","item":"https:\/\/panm360.com\/en\/agenda\/"},{"@type":"ListItem","position":3,"name":"Mateo au Th\u00e9\u00e2tre Plaza"}]},{"@type":"WebSite","@id":"https:\/\/panm360.com\/en\/#website","url":"https:\/\/panm360.com\/en\/","name":"PAN M 360","description":"Le m\u00e9dia num\u00e9rique de la musique !","publisher":{"@id":"https:\/\/panm360.com\/en\/#organization"},"potentialAction":[{"@type":"SearchAction","target":{"@type":"EntryPoint","urlTemplate":"https:\/\/panm360.com\/en\/?s={search_term_string}"},"query-input":{"@type":"PropertyValueSpecification","valueRequired":true,"valueName":"search_term_string"}}],"inLanguage":"en-US"},{"@type":"Organization","@id":"https:\/\/panm360.com\/en\/#organization","name":"PAN M 360","url":"https:\/\/panm360.com\/en\/","logo":{"@type":"ImageObject","inLanguage":"en-US","@id":"https:\/\/panm360.com\/en\/#\/schema\/logo\/image\/","url":"https:\/\/panm360.com\/wp-content\/uploads\/2019\/12\/PAN-M360_Logo_RGB.jpg","contentUrl":"https:\/\/panm360.com\/wp-content\/uploads\/2019\/12\/PAN-M360_Logo_RGB.jpg","width":1663,"height":631,"caption":"PAN M 360"},"image":{"@id":"https:\/\/panm360.com\/en\/#\/schema\/logo\/image\/"},"sameAs":["https:\/\/www.facebook.com\/panm360\/","https:\/\/x.com\/PANM360","https:\/\/www.instagram.com\/panm360\/","https:\/\/www.linkedin.com\/company\/panm360\/","https:\/\/www.youtube.com\/channel\/UCHEFHd3UhIrV6EJ3ltzVKOA?view_as=subscriber"]}]}},"_links":{"self":[{"href":"https:\/\/panm360.com\/en\/wp-json\/wp\/v2\/agenda\/96755","targetHints":{"allow":["GET"]}}],"collection":[{"href":"https:\/\/panm360.com\/en\/wp-json\/wp\/v2\/agenda"}],"about":[{"href":"https:\/\/panm360.com\/en\/wp-json\/wp\/v2\/types\/agenda"}],"author":[{"embeddable":true,"href":"https:\/\/panm360.com\/en\/wp-json\/wp\/v2\/users\/936"}],"wp:attachment":[{"href":"https:\/\/panm360.com\/en\/wp-json\/wp\/v2\/media?parent=96755"}],"wp:term":[{"taxonomy":"category","embeddable":true,"href":"https:\/\/panm360.com\/en\/wp-json\/wp\/v2\/categories?post=96755"},{"taxonomy":"post_tag","embeddable":true,"href":"https:\/\/panm360.com\/en\/wp-json\/wp\/v2\/tags?post=96755"},{"taxonomy":"generale","embeddable":true,"href":"https:\/\/panm360.com\/en\/wp-json\/wp\/v2\/generale?post=96755"},{"taxonomy":"genre","embeddable":true,"href":"https:\/\/panm360.com\/en\/wp-json\/wp\/v2\/genre?post=96755"},{"taxonomy":"pays","embeddable":true,"href":"https:\/\/panm360.com\/en\/wp-json\/wp\/v2\/pays?post=96755"},{"taxonomy":"salle","embeddable":true,"href":"https:\/\/panm360.com\/en\/wp-json\/wp\/v2\/salle?post=96755"},{"taxonomy":"ville","embeddable":true,"href":"https:\/\/panm360.com\/en\/wp-json\/wp\/v2\/ville?post=96755"}],"curies":[{"name":"wp","href":"https:\/\/api.w.org\/{rel}","templated":true}]}}