{"id":89277,"date":"2023-02-15T08:18:53","date_gmt":"2023-02-15T13:18:53","guid":{"rendered":"https:\/\/panm360.com\/?post_type=agenda&#038;p=89277"},"modified":"2023-02-15T08:43:32","modified_gmt":"2023-02-15T13:43:32","slug":"le-duo-milot-tetreault-au-theatre-desjardins","status":"publish","type":"agenda","link":"https:\/\/panm360.com\/en\/agenda\/le-duo-milot-tetreault-au-theatre-desjardins\/","title":{"rendered":"Le duo Milot-T\u00e9treault au Th\u00e9\u00e2tre Desjardins"},"content":{"rendered":"\n<p class=\"wp-block-paragraph\">Une combinaison fascinante que celle d\u2019unir la harpe de Val\u00e9rie Milot et le violoncelle de St\u00e9phane T\u00e9treault sous la plume habile de Denis Gougeon.<\/p>\n\n\n\n<p class=\"wp-block-paragraph\">Chostakovitch compose dans l\u2019angoisse sa cinqui\u00e8me symphonie, une \u0153uvre \u00e9tonnante qui fleurit sous la menace de r\u00e9pressions sovi\u00e9tiques. En ouverture, l\u2019\u00e9l\u00e9gante Petite suite de l\u2019impressionniste fran\u00e7aise Germaine Tailleferre r\u00e9v\u00e8le ses charmes, avec les couleurs \u00e9tincelantes du Groupe des Six, dans une facture volontairement l\u00e9g\u00e8re.<\/p>\n\n\n\n<p class=\"wp-block-paragraph\">Harpist Val\u00e9rie Milot and cellist St\u00e9phane T\u00e9treault, under the direction of Nicolas Ellis, await you for an original program that will appeal to all ears!<\/p>\n\n\n\n<p class=\"wp-block-paragraph\">It is a fascinating combination to unite&nbsp;Val\u00e9rie Milot\u2019s&nbsp;harp and&nbsp;St\u00e9phane T\u00e9treault\u2019s&nbsp;cello under the skillful pen of Denis Gougeon and the direction of&nbsp;Nicolas Ellis. Shostakovich composed his Fifth Symphony in anguish, an astonishing work that flourished under the threat of Soviet repression. The elegant Petite Suite by French impressionist Germaine Tailleferre opens with the sparkling colors of the Group of Six, in a deliberately light style.<\/p>\n\n\n\n<p class=\"wp-block-paragraph\"><strong><a href=\"https:\/\/theatredesjardins.tuxedobillet.com\/\" target=\"_blank\" rel=\"noreferrer noopener\">POUR ACHETER VOTRE BILLET, C\u2019EST ICI!<\/a><\/strong><\/p>\n\n\n\n<iframe loading=\"lazy\" width=\"876\" height=\"367\" src=\"https:\/\/www.youtube.com\/embed\/9PYa4FZy9XI\" title=\"J. Massenet - Tha\u00efs - Meditation | St\u00e9phane T\u00e9treault &amp; Val\u00e9rie Milot\" frameborder=\"0\" allow=\"accelerometer; autoplay; clipboard-write; encrypted-media; gyroscope; picture-in-picture; web-share\" allowfullscreen=\"\"><\/iframe>\n\n\n\n<p class=\"wp-block-paragraph\"><strong><em>Ce contenu provient de la ville de Montr\u00e9al et est adapt\u00e9 par PAN M 360.<\/em><\/strong><\/p>\n","protected":false},"excerpt":{"rendered":"<p>Une combinaison fascinante que celle d\u2019unir la harpe de Val\u00e9rie Milot et le violoncelle de St\u00e9phane T\u00e9treault sous la plume habile de Denis Gougeon. Chostakovitch compose dans l\u2019angoisse sa cinqui\u00e8me symphonie, une \u0153uvre \u00e9tonnante qui fleurit sous la menace de r\u00e9pressions sovi\u00e9tiques. En ouverture, l\u2019\u00e9l\u00e9gante Petite suite de l\u2019impressionniste fran\u00e7aise Germaine Tailleferre r\u00e9v\u00e8le ses charmes, [&hellip;]<\/p>\n","protected":false},"author":936,"featured_media":0,"menu_order":0,"template":"","format":"standard","meta":{"_acf_changed":false,"_crdt_document":""},"categories":[4322],"tags":[],"generale":[3814],"genre":[8055],"pays":[3861],"salle":[8284],"ville":[7246],"class_list":["post-89277","agenda","type-agenda","status-publish","format-standard","hentry","category-listings-360","generale-lire-en","genre-classique-2-en","pays-quebec-en","salle-theatre-desjardins-en","ville-montreal-en"],"acf":[],"yoast_head":"<!-- This site is optimized with the Yoast SEO plugin v27.4 - https:\/\/yoast.com\/product\/yoast-seo-wordpress\/ -->\n<title>Le duo Milot-T\u00e9treault au Th\u00e9\u00e2tre Desjardins - PAN M 360<\/title>\n<meta name=\"robots\" content=\"index, follow, max-snippet:-1, max-image-preview:large, max-video-preview:-1\" \/>\n<link rel=\"canonical\" href=\"https:\/\/panm360.com\/en\/agenda\/le-duo-milot-tetreault-au-theatre-desjardins\/\" \/>\n<meta property=\"og:locale\" content=\"en_US\" \/>\n<meta property=\"og:type\" content=\"article\" \/>\n<meta property=\"og:title\" content=\"Le duo Milot-T\u00e9treault au Th\u00e9\u00e2tre Desjardins - PAN M 360\" \/>\n<meta property=\"og:description\" content=\"Une combinaison fascinante que celle d\u2019unir la harpe de Val\u00e9rie Milot et le violoncelle de St\u00e9phane T\u00e9treault sous la plume habile de Denis Gougeon. Chostakovitch compose dans l\u2019angoisse sa cinqui\u00e8me symphonie, une \u0153uvre \u00e9tonnante qui fleurit sous la menace de r\u00e9pressions sovi\u00e9tiques. En ouverture, l\u2019\u00e9l\u00e9gante Petite suite de l\u2019impressionniste fran\u00e7aise Germaine Tailleferre r\u00e9v\u00e8le ses charmes, [&hellip;]\" \/>\n<meta property=\"og:url\" content=\"https:\/\/panm360.com\/en\/agenda\/le-duo-milot-tetreault-au-theatre-desjardins\/\" \/>\n<meta property=\"og:site_name\" content=\"PAN M 360\" \/>\n<meta property=\"article:publisher\" content=\"https:\/\/www.facebook.com\/panm360\/\" \/>\n<meta property=\"article:modified_time\" content=\"2023-02-15T13:43:32+00:00\" \/>\n<meta property=\"og:image\" content=\"https:\/\/panm360.com\/wp-content\/uploads\/2023\/02\/duomilottetreault.jpg\" \/>\n\t<meta property=\"og:image:width\" content=\"1500\" \/>\n\t<meta property=\"og:image:height\" content=\"1000\" \/>\n\t<meta property=\"og:image:type\" content=\"image\/jpeg\" \/>\n<meta name=\"twitter:card\" content=\"summary_large_image\" \/>\n<meta name=\"twitter:site\" content=\"@PANM360\" \/>\n<meta name=\"twitter:label1\" content=\"Est. reading time\" \/>\n\t<meta name=\"twitter:data1\" content=\"1 minute\" \/>\n<script type=\"application\/ld+json\" class=\"yoast-schema-graph\">{\"@context\":\"https:\\\/\\\/schema.org\",\"@graph\":[{\"@type\":\"WebPage\",\"@id\":\"https:\\\/\\\/panm360.com\\\/en\\\/agenda\\\/le-duo-milot-tetreault-au-theatre-desjardins\\\/\",\"url\":\"https:\\\/\\\/panm360.com\\\/en\\\/agenda\\\/le-duo-milot-tetreault-au-theatre-desjardins\\\/\",\"name\":\"Le duo Milot-T\u00e9treault au Th\u00e9\u00e2tre Desjardins - PAN M 360\",\"isPartOf\":{\"@id\":\"https:\\\/\\\/panm360.com\\\/en\\\/#website\"},\"datePublished\":\"2023-02-15T13:18:53+00:00\",\"dateModified\":\"2023-02-15T13:43:32+00:00\",\"breadcrumb\":{\"@id\":\"https:\\\/\\\/panm360.com\\\/en\\\/agenda\\\/le-duo-milot-tetreault-au-theatre-desjardins\\\/#breadcrumb\"},\"inLanguage\":\"en-US\",\"potentialAction\":[{\"@type\":\"ReadAction\",\"target\":[\"https:\\\/\\\/panm360.com\\\/en\\\/agenda\\\/le-duo-milot-tetreault-au-theatre-desjardins\\\/\"]}]},{\"@type\":\"BreadcrumbList\",\"@id\":\"https:\\\/\\\/panm360.com\\\/en\\\/agenda\\\/le-duo-milot-tetreault-au-theatre-desjardins\\\/#breadcrumb\",\"itemListElement\":[{\"@type\":\"ListItem\",\"position\":1,\"name\":\"Accueil\",\"item\":\"https:\\\/\\\/panm360.com\\\/en\\\/\"},{\"@type\":\"ListItem\",\"position\":2,\"name\":\"Listings\",\"item\":\"https:\\\/\\\/panm360.com\\\/en\\\/agenda\\\/\"},{\"@type\":\"ListItem\",\"position\":3,\"name\":\"Le duo Milot-T\u00e9treault au Th\u00e9\u00e2tre Desjardins\"}]},{\"@type\":\"WebSite\",\"@id\":\"https:\\\/\\\/panm360.com\\\/en\\\/#website\",\"url\":\"https:\\\/\\\/panm360.com\\\/en\\\/\",\"name\":\"PAN M 360\",\"description\":\"Le m\u00e9dia num\u00e9rique de la musique !\",\"publisher\":{\"@id\":\"https:\\\/\\\/panm360.com\\\/en\\\/#organization\"},\"potentialAction\":[{\"@type\":\"SearchAction\",\"target\":{\"@type\":\"EntryPoint\",\"urlTemplate\":\"https:\\\/\\\/panm360.com\\\/en\\\/?s={search_term_string}\"},\"query-input\":{\"@type\":\"PropertyValueSpecification\",\"valueRequired\":true,\"valueName\":\"search_term_string\"}}],\"inLanguage\":\"en-US\"},{\"@type\":\"Organization\",\"@id\":\"https:\\\/\\\/panm360.com\\\/en\\\/#organization\",\"name\":\"PAN M 360\",\"url\":\"https:\\\/\\\/panm360.com\\\/en\\\/\",\"logo\":{\"@type\":\"ImageObject\",\"inLanguage\":\"en-US\",\"@id\":\"https:\\\/\\\/panm360.com\\\/en\\\/#\\\/schema\\\/logo\\\/image\\\/\",\"url\":\"https:\\\/\\\/panm360.com\\\/wp-content\\\/uploads\\\/2019\\\/12\\\/PAN-M360_Logo_RGB.jpg\",\"contentUrl\":\"https:\\\/\\\/panm360.com\\\/wp-content\\\/uploads\\\/2019\\\/12\\\/PAN-M360_Logo_RGB.jpg\",\"width\":1663,\"height\":631,\"caption\":\"PAN M 360\"},\"image\":{\"@id\":\"https:\\\/\\\/panm360.com\\\/en\\\/#\\\/schema\\\/logo\\\/image\\\/\"},\"sameAs\":[\"https:\\\/\\\/www.facebook.com\\\/panm360\\\/\",\"https:\\\/\\\/x.com\\\/PANM360\",\"https:\\\/\\\/www.instagram.com\\\/panm360\\\/\",\"https:\\\/\\\/www.linkedin.com\\\/company\\\/panm360\\\/\",\"https:\\\/\\\/www.youtube.com\\\/channel\\\/UCHEFHd3UhIrV6EJ3ltzVKOA?view_as=subscriber\"]}]}<\/script>\n<!-- \/ Yoast SEO plugin. -->","yoast_head_json":{"title":"Le duo Milot-T\u00e9treault au Th\u00e9\u00e2tre Desjardins - PAN M 360","robots":{"index":"index","follow":"follow","max-snippet":"max-snippet:-1","max-image-preview":"max-image-preview:large","max-video-preview":"max-video-preview:-1"},"canonical":"https:\/\/panm360.com\/en\/agenda\/le-duo-milot-tetreault-au-theatre-desjardins\/","og_locale":"en_US","og_type":"article","og_title":"Le duo Milot-T\u00e9treault au Th\u00e9\u00e2tre Desjardins - PAN M 360","og_description":"Une combinaison fascinante que celle d\u2019unir la harpe de Val\u00e9rie Milot et le violoncelle de St\u00e9phane T\u00e9treault sous la plume habile de Denis Gougeon. Chostakovitch compose dans l\u2019angoisse sa cinqui\u00e8me symphonie, une \u0153uvre \u00e9tonnante qui fleurit sous la menace de r\u00e9pressions sovi\u00e9tiques. En ouverture, l\u2019\u00e9l\u00e9gante Petite suite de l\u2019impressionniste fran\u00e7aise Germaine Tailleferre r\u00e9v\u00e8le ses charmes, [&hellip;]","og_url":"https:\/\/panm360.com\/en\/agenda\/le-duo-milot-tetreault-au-theatre-desjardins\/","og_site_name":"PAN M 360","article_publisher":"https:\/\/www.facebook.com\/panm360\/","article_modified_time":"2023-02-15T13:43:32+00:00","og_image":[{"width":1500,"height":1000,"url":"https:\/\/panm360.com\/wp-content\/uploads\/2023\/02\/duomilottetreault.jpg","type":"image\/jpeg"}],"twitter_card":"summary_large_image","twitter_site":"@PANM360","twitter_misc":{"Est. reading time":"1 minute"},"schema":{"@context":"https:\/\/schema.org","@graph":[{"@type":"WebPage","@id":"https:\/\/panm360.com\/en\/agenda\/le-duo-milot-tetreault-au-theatre-desjardins\/","url":"https:\/\/panm360.com\/en\/agenda\/le-duo-milot-tetreault-au-theatre-desjardins\/","name":"Le duo Milot-T\u00e9treault au Th\u00e9\u00e2tre Desjardins - PAN M 360","isPartOf":{"@id":"https:\/\/panm360.com\/en\/#website"},"datePublished":"2023-02-15T13:18:53+00:00","dateModified":"2023-02-15T13:43:32+00:00","breadcrumb":{"@id":"https:\/\/panm360.com\/en\/agenda\/le-duo-milot-tetreault-au-theatre-desjardins\/#breadcrumb"},"inLanguage":"en-US","potentialAction":[{"@type":"ReadAction","target":["https:\/\/panm360.com\/en\/agenda\/le-duo-milot-tetreault-au-theatre-desjardins\/"]}]},{"@type":"BreadcrumbList","@id":"https:\/\/panm360.com\/en\/agenda\/le-duo-milot-tetreault-au-theatre-desjardins\/#breadcrumb","itemListElement":[{"@type":"ListItem","position":1,"name":"Accueil","item":"https:\/\/panm360.com\/en\/"},{"@type":"ListItem","position":2,"name":"Listings","item":"https:\/\/panm360.com\/en\/agenda\/"},{"@type":"ListItem","position":3,"name":"Le duo Milot-T\u00e9treault au Th\u00e9\u00e2tre Desjardins"}]},{"@type":"WebSite","@id":"https:\/\/panm360.com\/en\/#website","url":"https:\/\/panm360.com\/en\/","name":"PAN M 360","description":"Le m\u00e9dia num\u00e9rique de la musique !","publisher":{"@id":"https:\/\/panm360.com\/en\/#organization"},"potentialAction":[{"@type":"SearchAction","target":{"@type":"EntryPoint","urlTemplate":"https:\/\/panm360.com\/en\/?s={search_term_string}"},"query-input":{"@type":"PropertyValueSpecification","valueRequired":true,"valueName":"search_term_string"}}],"inLanguage":"en-US"},{"@type":"Organization","@id":"https:\/\/panm360.com\/en\/#organization","name":"PAN M 360","url":"https:\/\/panm360.com\/en\/","logo":{"@type":"ImageObject","inLanguage":"en-US","@id":"https:\/\/panm360.com\/en\/#\/schema\/logo\/image\/","url":"https:\/\/panm360.com\/wp-content\/uploads\/2019\/12\/PAN-M360_Logo_RGB.jpg","contentUrl":"https:\/\/panm360.com\/wp-content\/uploads\/2019\/12\/PAN-M360_Logo_RGB.jpg","width":1663,"height":631,"caption":"PAN M 360"},"image":{"@id":"https:\/\/panm360.com\/en\/#\/schema\/logo\/image\/"},"sameAs":["https:\/\/www.facebook.com\/panm360\/","https:\/\/x.com\/PANM360","https:\/\/www.instagram.com\/panm360\/","https:\/\/www.linkedin.com\/company\/panm360\/","https:\/\/www.youtube.com\/channel\/UCHEFHd3UhIrV6EJ3ltzVKOA?view_as=subscriber"]}]}},"_links":{"self":[{"href":"https:\/\/panm360.com\/en\/wp-json\/wp\/v2\/agenda\/89277","targetHints":{"allow":["GET"]}}],"collection":[{"href":"https:\/\/panm360.com\/en\/wp-json\/wp\/v2\/agenda"}],"about":[{"href":"https:\/\/panm360.com\/en\/wp-json\/wp\/v2\/types\/agenda"}],"author":[{"embeddable":true,"href":"https:\/\/panm360.com\/en\/wp-json\/wp\/v2\/users\/936"}],"wp:attachment":[{"href":"https:\/\/panm360.com\/en\/wp-json\/wp\/v2\/media?parent=89277"}],"wp:term":[{"taxonomy":"category","embeddable":true,"href":"https:\/\/panm360.com\/en\/wp-json\/wp\/v2\/categories?post=89277"},{"taxonomy":"post_tag","embeddable":true,"href":"https:\/\/panm360.com\/en\/wp-json\/wp\/v2\/tags?post=89277"},{"taxonomy":"generale","embeddable":true,"href":"https:\/\/panm360.com\/en\/wp-json\/wp\/v2\/generale?post=89277"},{"taxonomy":"genre","embeddable":true,"href":"https:\/\/panm360.com\/en\/wp-json\/wp\/v2\/genre?post=89277"},{"taxonomy":"pays","embeddable":true,"href":"https:\/\/panm360.com\/en\/wp-json\/wp\/v2\/pays?post=89277"},{"taxonomy":"salle","embeddable":true,"href":"https:\/\/panm360.com\/en\/wp-json\/wp\/v2\/salle?post=89277"},{"taxonomy":"ville","embeddable":true,"href":"https:\/\/panm360.com\/en\/wp-json\/wp\/v2\/ville?post=89277"}],"curies":[{"name":"wp","href":"https:\/\/api.w.org\/{rel}","templated":true}]}}