{"id":88601,"date":"2023-03-07T07:59:01","date_gmt":"2023-03-07T12:59:01","guid":{"rendered":"https:\/\/panm360.com\/?post_type=agenda&#038;p=88601"},"modified":"2023-03-07T07:59:15","modified_gmt":"2023-03-07T12:59:15","slug":"semaine-du-neuf-hommage-a-claude-vivier-a-la-salle-claude-champagne","status":"publish","type":"agenda","link":"https:\/\/panm360.com\/en\/agenda\/semaine-du-neuf-hommage-a-claude-vivier-a-la-salle-claude-champagne\/","title":{"rendered":"Semaine du Neuf : Hommage \u00e0 Claude Vivier \u00e0 la salle Claude-Champagne"},"content":{"rendered":"\n<p class=\"wp-block-paragraph\">C\u2019est sous la direction de Lorraine Vaillancourt que le Nouvel Ensemble Moderne et la soprano Katrien Baerts ouvriront la Semaine du Neuf consacr\u00e9e au compositeur qu\u00e9b\u00e9cois Claude Vivier. Ce dernier tiendra une place importante dans le programme avec trois de ses \u0153uvres jou\u00e9es. Ce concert sera compl\u00e9t\u00e9 par une \u0153uvre de Marko Nikodijevic en hommage \u00e0 Claude Vivier.<\/p>\n\n\n\n<p class=\"wp-block-paragraph\">Under the direction of Lorraine Vaillancourt, the Nouvel Ensemble Moderne and soprano Katrien Baerts will open the Semaine du Neuf devoted to Quebec composer Claude Vivier. Vivier will play an important role in the program with three of his works. This concert will be completed by a work by Marko Nikodijevic in homage to Claude Vivier.<\/p>\n\n\n\n<p class=\"wp-block-paragraph\"><strong><a href=\"https:\/\/www.ticketmaster.ca\/event\/31005CFDA753522C?lang=fr-ca&amp;brand=evenko\" target=\"_blank\" rel=\"noreferrer noopener\"><br><\/a><a href=\"https:\/\/levivier.tuxedobillet.com\/levivier\/hommage-claude-vivier\" target=\"_blank\" rel=\"noreferrer noopener\">POUR ACHETER VOTRE BILLET, C\u2019EST ICI!<\/a><\/strong><\/p>\n\n\n\n<p class=\"wp-block-paragraph\"><strong><em>Ce contenu provient de Le Vivier et est adapt\u00e9 par PAN M 360.<\/em><\/strong><\/p>\n","protected":false},"excerpt":{"rendered":"<p>C\u2019est sous la direction de Lorraine Vaillancourt que le Nouvel Ensemble Moderne et la soprano Katrien Baerts ouvriront la Semaine du Neuf consacr\u00e9e au compositeur qu\u00e9b\u00e9cois Claude Vivier. Ce dernier tiendra une place importante dans le programme avec trois de ses \u0153uvres jou\u00e9es. Ce concert sera compl\u00e9t\u00e9 par une \u0153uvre de Marko Nikodijevic en hommage [&hellip;]<\/p>\n","protected":false},"author":936,"featured_media":88600,"menu_order":0,"template":"","format":"standard","meta":{"_acf_changed":false,"_crdt_document":""},"categories":[4322],"tags":[],"generale":[3814],"genre":[8055],"pays":[3861],"salle":[7142],"ville":[7246],"class_list":["post-88601","agenda","type-agenda","status-publish","format-standard","has-post-thumbnail","hentry","category-listings-360","generale-lire-en","genre-classique-2-en","pays-quebec-en","salle-salle-claude-champagne-en","ville-montreal-en"],"acf":[],"yoast_head":"<!-- This site is optimized with the Yoast SEO plugin v27.4 - https:\/\/yoast.com\/product\/yoast-seo-wordpress\/ -->\n<title>Semaine du Neuf : Hommage \u00e0 Claude Vivier \u00e0 la salle Claude-Champagne - PAN M 360<\/title>\n<meta name=\"robots\" content=\"index, follow, max-snippet:-1, max-image-preview:large, max-video-preview:-1\" \/>\n<link rel=\"canonical\" href=\"https:\/\/panm360.com\/en\/agenda\/semaine-du-neuf-hommage-a-claude-vivier-a-la-salle-claude-champagne\/\" \/>\n<meta property=\"og:locale\" content=\"en_US\" \/>\n<meta property=\"og:type\" content=\"article\" \/>\n<meta property=\"og:title\" content=\"Semaine du Neuf : Hommage \u00e0 Claude Vivier \u00e0 la salle Claude-Champagne - PAN M 360\" \/>\n<meta property=\"og:description\" content=\"C\u2019est sous la direction de Lorraine Vaillancourt que le Nouvel Ensemble Moderne et la soprano Katrien Baerts ouvriront la Semaine du Neuf consacr\u00e9e au compositeur qu\u00e9b\u00e9cois Claude Vivier. Ce dernier tiendra une place importante dans le programme avec trois de ses \u0153uvres jou\u00e9es. Ce concert sera compl\u00e9t\u00e9 par une \u0153uvre de Marko Nikodijevic en hommage [&hellip;]\" \/>\n<meta property=\"og:url\" content=\"https:\/\/panm360.com\/en\/agenda\/semaine-du-neuf-hommage-a-claude-vivier-a-la-salle-claude-champagne\/\" \/>\n<meta property=\"og:site_name\" content=\"PAN M 360\" \/>\n<meta property=\"article:publisher\" content=\"https:\/\/www.facebook.com\/panm360\/\" \/>\n<meta property=\"article:modified_time\" content=\"2023-03-07T12:59:15+00:00\" \/>\n<meta property=\"og:image\" content=\"https:\/\/panm360.com\/wp-content\/uploads\/2023\/01\/S9_NEM_1000X500-07.jpeg\" \/>\n\t<meta property=\"og:image:width\" content=\"950\" \/>\n\t<meta property=\"og:image:height\" content=\"475\" \/>\n\t<meta property=\"og:image:type\" content=\"image\/jpeg\" \/>\n<meta name=\"twitter:card\" content=\"summary_large_image\" \/>\n<meta name=\"twitter:site\" content=\"@PANM360\" \/>\n<meta name=\"twitter:label1\" content=\"Est. reading time\" \/>\n\t<meta name=\"twitter:data1\" content=\"1 minute\" \/>\n<script type=\"application\/ld+json\" class=\"yoast-schema-graph\">{\"@context\":\"https:\\\/\\\/schema.org\",\"@graph\":[{\"@type\":\"WebPage\",\"@id\":\"https:\\\/\\\/panm360.com\\\/en\\\/agenda\\\/semaine-du-neuf-hommage-a-claude-vivier-a-la-salle-claude-champagne\\\/\",\"url\":\"https:\\\/\\\/panm360.com\\\/en\\\/agenda\\\/semaine-du-neuf-hommage-a-claude-vivier-a-la-salle-claude-champagne\\\/\",\"name\":\"Semaine du Neuf : Hommage \u00e0 Claude Vivier \u00e0 la salle Claude-Champagne - PAN M 360\",\"isPartOf\":{\"@id\":\"https:\\\/\\\/panm360.com\\\/en\\\/#website\"},\"primaryImageOfPage\":{\"@id\":\"https:\\\/\\\/panm360.com\\\/en\\\/agenda\\\/semaine-du-neuf-hommage-a-claude-vivier-a-la-salle-claude-champagne\\\/#primaryimage\"},\"image\":{\"@id\":\"https:\\\/\\\/panm360.com\\\/en\\\/agenda\\\/semaine-du-neuf-hommage-a-claude-vivier-a-la-salle-claude-champagne\\\/#primaryimage\"},\"thumbnailUrl\":\"https:\\\/\\\/panm360.com\\\/wp-content\\\/uploads\\\/2023\\\/01\\\/S9_NEM_1000X500-07.jpeg\",\"datePublished\":\"2023-03-07T12:59:01+00:00\",\"dateModified\":\"2023-03-07T12:59:15+00:00\",\"breadcrumb\":{\"@id\":\"https:\\\/\\\/panm360.com\\\/en\\\/agenda\\\/semaine-du-neuf-hommage-a-claude-vivier-a-la-salle-claude-champagne\\\/#breadcrumb\"},\"inLanguage\":\"en-US\",\"potentialAction\":[{\"@type\":\"ReadAction\",\"target\":[\"https:\\\/\\\/panm360.com\\\/en\\\/agenda\\\/semaine-du-neuf-hommage-a-claude-vivier-a-la-salle-claude-champagne\\\/\"]}]},{\"@type\":\"ImageObject\",\"inLanguage\":\"en-US\",\"@id\":\"https:\\\/\\\/panm360.com\\\/en\\\/agenda\\\/semaine-du-neuf-hommage-a-claude-vivier-a-la-salle-claude-champagne\\\/#primaryimage\",\"url\":\"https:\\\/\\\/panm360.com\\\/wp-content\\\/uploads\\\/2023\\\/01\\\/S9_NEM_1000X500-07.jpeg\",\"contentUrl\":\"https:\\\/\\\/panm360.com\\\/wp-content\\\/uploads\\\/2023\\\/01\\\/S9_NEM_1000X500-07.jpeg\",\"width\":950,\"height\":475},{\"@type\":\"BreadcrumbList\",\"@id\":\"https:\\\/\\\/panm360.com\\\/en\\\/agenda\\\/semaine-du-neuf-hommage-a-claude-vivier-a-la-salle-claude-champagne\\\/#breadcrumb\",\"itemListElement\":[{\"@type\":\"ListItem\",\"position\":1,\"name\":\"Accueil\",\"item\":\"https:\\\/\\\/panm360.com\\\/en\\\/\"},{\"@type\":\"ListItem\",\"position\":2,\"name\":\"Listings\",\"item\":\"https:\\\/\\\/panm360.com\\\/en\\\/agenda\\\/\"},{\"@type\":\"ListItem\",\"position\":3,\"name\":\"Semaine du Neuf : Hommage \u00e0 Claude Vivier \u00e0 la salle Claude-Champagne\"}]},{\"@type\":\"WebSite\",\"@id\":\"https:\\\/\\\/panm360.com\\\/en\\\/#website\",\"url\":\"https:\\\/\\\/panm360.com\\\/en\\\/\",\"name\":\"PAN M 360\",\"description\":\"Le m\u00e9dia num\u00e9rique de la musique !\",\"publisher\":{\"@id\":\"https:\\\/\\\/panm360.com\\\/en\\\/#organization\"},\"potentialAction\":[{\"@type\":\"SearchAction\",\"target\":{\"@type\":\"EntryPoint\",\"urlTemplate\":\"https:\\\/\\\/panm360.com\\\/en\\\/?s={search_term_string}\"},\"query-input\":{\"@type\":\"PropertyValueSpecification\",\"valueRequired\":true,\"valueName\":\"search_term_string\"}}],\"inLanguage\":\"en-US\"},{\"@type\":\"Organization\",\"@id\":\"https:\\\/\\\/panm360.com\\\/en\\\/#organization\",\"name\":\"PAN M 360\",\"url\":\"https:\\\/\\\/panm360.com\\\/en\\\/\",\"logo\":{\"@type\":\"ImageObject\",\"inLanguage\":\"en-US\",\"@id\":\"https:\\\/\\\/panm360.com\\\/en\\\/#\\\/schema\\\/logo\\\/image\\\/\",\"url\":\"https:\\\/\\\/panm360.com\\\/wp-content\\\/uploads\\\/2019\\\/12\\\/PAN-M360_Logo_RGB.jpg\",\"contentUrl\":\"https:\\\/\\\/panm360.com\\\/wp-content\\\/uploads\\\/2019\\\/12\\\/PAN-M360_Logo_RGB.jpg\",\"width\":1663,\"height\":631,\"caption\":\"PAN M 360\"},\"image\":{\"@id\":\"https:\\\/\\\/panm360.com\\\/en\\\/#\\\/schema\\\/logo\\\/image\\\/\"},\"sameAs\":[\"https:\\\/\\\/www.facebook.com\\\/panm360\\\/\",\"https:\\\/\\\/x.com\\\/PANM360\",\"https:\\\/\\\/www.instagram.com\\\/panm360\\\/\",\"https:\\\/\\\/www.linkedin.com\\\/company\\\/panm360\\\/\",\"https:\\\/\\\/www.youtube.com\\\/channel\\\/UCHEFHd3UhIrV6EJ3ltzVKOA?view_as=subscriber\"]}]}<\/script>\n<!-- \/ Yoast SEO plugin. -->","yoast_head_json":{"title":"Semaine du Neuf : Hommage \u00e0 Claude Vivier \u00e0 la salle Claude-Champagne - PAN M 360","robots":{"index":"index","follow":"follow","max-snippet":"max-snippet:-1","max-image-preview":"max-image-preview:large","max-video-preview":"max-video-preview:-1"},"canonical":"https:\/\/panm360.com\/en\/agenda\/semaine-du-neuf-hommage-a-claude-vivier-a-la-salle-claude-champagne\/","og_locale":"en_US","og_type":"article","og_title":"Semaine du Neuf : Hommage \u00e0 Claude Vivier \u00e0 la salle Claude-Champagne - PAN M 360","og_description":"C\u2019est sous la direction de Lorraine Vaillancourt que le Nouvel Ensemble Moderne et la soprano Katrien Baerts ouvriront la Semaine du Neuf consacr\u00e9e au compositeur qu\u00e9b\u00e9cois Claude Vivier. Ce dernier tiendra une place importante dans le programme avec trois de ses \u0153uvres jou\u00e9es. Ce concert sera compl\u00e9t\u00e9 par une \u0153uvre de Marko Nikodijevic en hommage [&hellip;]","og_url":"https:\/\/panm360.com\/en\/agenda\/semaine-du-neuf-hommage-a-claude-vivier-a-la-salle-claude-champagne\/","og_site_name":"PAN M 360","article_publisher":"https:\/\/www.facebook.com\/panm360\/","article_modified_time":"2023-03-07T12:59:15+00:00","og_image":[{"width":950,"height":475,"url":"https:\/\/panm360.com\/wp-content\/uploads\/2023\/01\/S9_NEM_1000X500-07.jpeg","type":"image\/jpeg"}],"twitter_card":"summary_large_image","twitter_site":"@PANM360","twitter_misc":{"Est. reading time":"1 minute"},"schema":{"@context":"https:\/\/schema.org","@graph":[{"@type":"WebPage","@id":"https:\/\/panm360.com\/en\/agenda\/semaine-du-neuf-hommage-a-claude-vivier-a-la-salle-claude-champagne\/","url":"https:\/\/panm360.com\/en\/agenda\/semaine-du-neuf-hommage-a-claude-vivier-a-la-salle-claude-champagne\/","name":"Semaine du Neuf : Hommage \u00e0 Claude Vivier \u00e0 la salle Claude-Champagne - PAN M 360","isPartOf":{"@id":"https:\/\/panm360.com\/en\/#website"},"primaryImageOfPage":{"@id":"https:\/\/panm360.com\/en\/agenda\/semaine-du-neuf-hommage-a-claude-vivier-a-la-salle-claude-champagne\/#primaryimage"},"image":{"@id":"https:\/\/panm360.com\/en\/agenda\/semaine-du-neuf-hommage-a-claude-vivier-a-la-salle-claude-champagne\/#primaryimage"},"thumbnailUrl":"https:\/\/panm360.com\/wp-content\/uploads\/2023\/01\/S9_NEM_1000X500-07.jpeg","datePublished":"2023-03-07T12:59:01+00:00","dateModified":"2023-03-07T12:59:15+00:00","breadcrumb":{"@id":"https:\/\/panm360.com\/en\/agenda\/semaine-du-neuf-hommage-a-claude-vivier-a-la-salle-claude-champagne\/#breadcrumb"},"inLanguage":"en-US","potentialAction":[{"@type":"ReadAction","target":["https:\/\/panm360.com\/en\/agenda\/semaine-du-neuf-hommage-a-claude-vivier-a-la-salle-claude-champagne\/"]}]},{"@type":"ImageObject","inLanguage":"en-US","@id":"https:\/\/panm360.com\/en\/agenda\/semaine-du-neuf-hommage-a-claude-vivier-a-la-salle-claude-champagne\/#primaryimage","url":"https:\/\/panm360.com\/wp-content\/uploads\/2023\/01\/S9_NEM_1000X500-07.jpeg","contentUrl":"https:\/\/panm360.com\/wp-content\/uploads\/2023\/01\/S9_NEM_1000X500-07.jpeg","width":950,"height":475},{"@type":"BreadcrumbList","@id":"https:\/\/panm360.com\/en\/agenda\/semaine-du-neuf-hommage-a-claude-vivier-a-la-salle-claude-champagne\/#breadcrumb","itemListElement":[{"@type":"ListItem","position":1,"name":"Accueil","item":"https:\/\/panm360.com\/en\/"},{"@type":"ListItem","position":2,"name":"Listings","item":"https:\/\/panm360.com\/en\/agenda\/"},{"@type":"ListItem","position":3,"name":"Semaine du Neuf : Hommage \u00e0 Claude Vivier \u00e0 la salle Claude-Champagne"}]},{"@type":"WebSite","@id":"https:\/\/panm360.com\/en\/#website","url":"https:\/\/panm360.com\/en\/","name":"PAN M 360","description":"Le m\u00e9dia num\u00e9rique de la musique !","publisher":{"@id":"https:\/\/panm360.com\/en\/#organization"},"potentialAction":[{"@type":"SearchAction","target":{"@type":"EntryPoint","urlTemplate":"https:\/\/panm360.com\/en\/?s={search_term_string}"},"query-input":{"@type":"PropertyValueSpecification","valueRequired":true,"valueName":"search_term_string"}}],"inLanguage":"en-US"},{"@type":"Organization","@id":"https:\/\/panm360.com\/en\/#organization","name":"PAN M 360","url":"https:\/\/panm360.com\/en\/","logo":{"@type":"ImageObject","inLanguage":"en-US","@id":"https:\/\/panm360.com\/en\/#\/schema\/logo\/image\/","url":"https:\/\/panm360.com\/wp-content\/uploads\/2019\/12\/PAN-M360_Logo_RGB.jpg","contentUrl":"https:\/\/panm360.com\/wp-content\/uploads\/2019\/12\/PAN-M360_Logo_RGB.jpg","width":1663,"height":631,"caption":"PAN M 360"},"image":{"@id":"https:\/\/panm360.com\/en\/#\/schema\/logo\/image\/"},"sameAs":["https:\/\/www.facebook.com\/panm360\/","https:\/\/x.com\/PANM360","https:\/\/www.instagram.com\/panm360\/","https:\/\/www.linkedin.com\/company\/panm360\/","https:\/\/www.youtube.com\/channel\/UCHEFHd3UhIrV6EJ3ltzVKOA?view_as=subscriber"]}]}},"_links":{"self":[{"href":"https:\/\/panm360.com\/en\/wp-json\/wp\/v2\/agenda\/88601","targetHints":{"allow":["GET"]}}],"collection":[{"href":"https:\/\/panm360.com\/en\/wp-json\/wp\/v2\/agenda"}],"about":[{"href":"https:\/\/panm360.com\/en\/wp-json\/wp\/v2\/types\/agenda"}],"author":[{"embeddable":true,"href":"https:\/\/panm360.com\/en\/wp-json\/wp\/v2\/users\/936"}],"wp:featuredmedia":[{"embeddable":true,"href":"https:\/\/panm360.com\/en\/wp-json\/wp\/v2\/media\/88600"}],"wp:attachment":[{"href":"https:\/\/panm360.com\/en\/wp-json\/wp\/v2\/media?parent=88601"}],"wp:term":[{"taxonomy":"category","embeddable":true,"href":"https:\/\/panm360.com\/en\/wp-json\/wp\/v2\/categories?post=88601"},{"taxonomy":"post_tag","embeddable":true,"href":"https:\/\/panm360.com\/en\/wp-json\/wp\/v2\/tags?post=88601"},{"taxonomy":"generale","embeddable":true,"href":"https:\/\/panm360.com\/en\/wp-json\/wp\/v2\/generale?post=88601"},{"taxonomy":"genre","embeddable":true,"href":"https:\/\/panm360.com\/en\/wp-json\/wp\/v2\/genre?post=88601"},{"taxonomy":"pays","embeddable":true,"href":"https:\/\/panm360.com\/en\/wp-json\/wp\/v2\/pays?post=88601"},{"taxonomy":"salle","embeddable":true,"href":"https:\/\/panm360.com\/en\/wp-json\/wp\/v2\/salle?post=88601"},{"taxonomy":"ville","embeddable":true,"href":"https:\/\/panm360.com\/en\/wp-json\/wp\/v2\/ville?post=88601"}],"curies":[{"name":"wp","href":"https:\/\/api.w.org\/{rel}","templated":true}]}}