{"id":85419,"date":"2022-12-11T16:36:29","date_gmt":"2022-12-11T21:36:29","guid":{"rendered":"https:\/\/panm360.com\/?post_type=agenda&#038;p=85419"},"modified":"2022-12-15T16:47:00","modified_gmt":"2022-12-15T21:47:00","slug":"jeanne-cote-presente-un-show-de-noel-au-ministere","status":"publish","type":"agenda","link":"https:\/\/panm360.com\/en\/agenda\/jeanne-cote-presente-un-show-de-noel-au-ministere\/","title":{"rendered":"Jeanne C\u00f4t\u00e9 pr\u00e9sente : Un show de No\u00ebl au Minist\u00e8re"},"content":{"rendered":"\n<p class=\"wp-block-paragraph\">Jeanne C\u00f4t\u00e9 profite de l\u2019effervescence du temps des F\u00eates pour rassembler des ami.e.s artistes et ses jeunes recrues autour du r\u00e9pertoire de No\u00ebl. Dans un festif et lumineux m\u00e9lange de chansons de toutes les \u00e9poques, qu\u2019elles soient emball\u00e9es dans un vieux sac de jute ou du papier brillant, ce spectacle sera une occasion de se rassembler sans comp\u00e9tition, sans flafla, juste pour le plaisir de faire de la musique ensemble. Avec : Belle Grand Fille, Marco Ema, C\u00e9drik St-Onge, Jack Layne, Olivia Khoury, Bayta, Maud Evelyne, et 13 invit\u00e9.e.s surprises de 6 \u00e0 17 ans.<\/p>\n\n\n\n<p class=\"wp-block-paragraph\">Jeanne C\u00f4t\u00e9 is taking advantage of the holiday season to bring together fellow artists and her young recruits around the Christmas repertoire. In a festive and luminous mix of songs from all eras, whether wrapped in an old burlap sack or shiny paper, this show will be an opportunity to gather without competition, without flafla, just for the pleasure of making music together. Featuring: Belle Grand Fille, Marco Ema, C\u00e9drik St-Onge, Jack Layne, Olivia Khoury, Bayta, Maud Evelyne, and 13 surprise guests aged 6 to 17.<\/p>\n\n\n\n<p class=\"wp-block-paragraph\"><strong><a href=\"https:\/\/www.ticketmaster.ca\/event\/31005CFDA753522C?lang=fr-ca&amp;brand=evenko\" target=\"_blank\" rel=\"noreferrer noopener\"><br><\/a><a href=\"https:\/\/lepointdevente.com\/billets\/mns221218001\" target=\"_blank\" rel=\"noreferrer noopener\">POUR ACHETER VOTRE BILLET, C\u2019EST ICI!<\/a><\/strong><\/p>\n\n\n\n<iframe style=\"border-radius:12px\" src=\"https:\/\/open.spotify.com\/embed\/artist\/2dNYXvbpBSHNjYc8eAvQB7?utm_source=generator\" width=\"100%\" height=\"380\" frameBorder=\"0\" allowfullscreen=\"\" allow=\"autoplay; clipboard-write; encrypted-media; fullscreen; picture-in-picture\" loading=\"lazy\"><\/iframe>\n\n\n\n<p class=\"wp-block-paragraph\"><strong><em>Ce contenu provient du Minist\u00e8re et est adapt\u00e9 par PAN M 360.<\/em><\/strong><\/p>\n","protected":false},"excerpt":{"rendered":"<p>Jeanne C\u00f4t\u00e9 profite de l\u2019effervescence du temps des F\u00eates pour rassembler des ami.e.s artistes et ses jeunes recrues autour du r\u00e9pertoire de No\u00ebl. Dans un festif et lumineux m\u00e9lange de chansons de toutes les \u00e9poques, qu\u2019elles soient emball\u00e9es dans un vieux sac de jute ou du papier brillant, ce spectacle sera une occasion de se [&hellip;]<\/p>\n","protected":false},"author":936,"featured_media":85418,"menu_order":0,"template":"","format":"standard","meta":{"_acf_changed":false,"_crdt_document":""},"categories":[4322],"tags":[],"generale":[3814],"genre":[],"pays":[4040],"salle":[7054],"ville":[7246],"class_list":["post-85419","agenda","type-agenda","status-publish","format-standard","has-post-thumbnail","hentry","category-listings-360","generale-lire-en","pays-canadaquebec-en","salle-le-ministere-en","ville-montreal-en"],"acf":[],"yoast_head":"<!-- This site is optimized with the Yoast SEO plugin v27.4 - https:\/\/yoast.com\/product\/yoast-seo-wordpress\/ -->\n<title>Jeanne C\u00f4t\u00e9 pr\u00e9sente : Un show de No\u00ebl au Minist\u00e8re - PAN M 360<\/title>\n<meta name=\"robots\" content=\"index, follow, max-snippet:-1, max-image-preview:large, max-video-preview:-1\" \/>\n<link rel=\"canonical\" href=\"https:\/\/panm360.com\/en\/agenda\/jeanne-cote-presente-un-show-de-noel-au-ministere\/\" \/>\n<meta property=\"og:locale\" content=\"en_US\" \/>\n<meta property=\"og:type\" content=\"article\" \/>\n<meta property=\"og:title\" content=\"Jeanne C\u00f4t\u00e9 pr\u00e9sente : Un show de No\u00ebl au Minist\u00e8re - PAN M 360\" \/>\n<meta property=\"og:description\" content=\"Jeanne C\u00f4t\u00e9 profite de l\u2019effervescence du temps des F\u00eates pour rassembler des ami.e.s artistes et ses jeunes recrues autour du r\u00e9pertoire de No\u00ebl. Dans un festif et lumineux m\u00e9lange de chansons de toutes les \u00e9poques, qu\u2019elles soient emball\u00e9es dans un vieux sac de jute ou du papier brillant, ce spectacle sera une occasion de se [&hellip;]\" \/>\n<meta property=\"og:url\" content=\"https:\/\/panm360.com\/en\/agenda\/jeanne-cote-presente-un-show-de-noel-au-ministere\/\" \/>\n<meta property=\"og:site_name\" content=\"PAN M 360\" \/>\n<meta property=\"article:publisher\" content=\"https:\/\/www.facebook.com\/panm360\/\" \/>\n<meta property=\"article:modified_time\" content=\"2022-12-15T21:47:00+00:00\" \/>\n<meta property=\"og:image\" content=\"https:\/\/panm360.com\/wp-content\/uploads\/2022\/12\/mns221218001-1152x648-fr-63728352.png\" \/>\n\t<meta property=\"og:image:width\" content=\"1152\" \/>\n\t<meta property=\"og:image:height\" content=\"648\" \/>\n\t<meta property=\"og:image:type\" content=\"image\/png\" \/>\n<meta name=\"twitter:card\" content=\"summary_large_image\" \/>\n<meta name=\"twitter:site\" content=\"@PANM360\" \/>\n<meta name=\"twitter:label1\" content=\"Est. reading time\" \/>\n\t<meta name=\"twitter:data1\" content=\"2 minutes\" \/>\n<script type=\"application\/ld+json\" class=\"yoast-schema-graph\">{\"@context\":\"https:\\\/\\\/schema.org\",\"@graph\":[{\"@type\":\"WebPage\",\"@id\":\"https:\\\/\\\/panm360.com\\\/en\\\/agenda\\\/jeanne-cote-presente-un-show-de-noel-au-ministere\\\/\",\"url\":\"https:\\\/\\\/panm360.com\\\/en\\\/agenda\\\/jeanne-cote-presente-un-show-de-noel-au-ministere\\\/\",\"name\":\"Jeanne C\u00f4t\u00e9 pr\u00e9sente : Un show de No\u00ebl au Minist\u00e8re - PAN M 360\",\"isPartOf\":{\"@id\":\"https:\\\/\\\/panm360.com\\\/en\\\/#website\"},\"primaryImageOfPage\":{\"@id\":\"https:\\\/\\\/panm360.com\\\/en\\\/agenda\\\/jeanne-cote-presente-un-show-de-noel-au-ministere\\\/#primaryimage\"},\"image\":{\"@id\":\"https:\\\/\\\/panm360.com\\\/en\\\/agenda\\\/jeanne-cote-presente-un-show-de-noel-au-ministere\\\/#primaryimage\"},\"thumbnailUrl\":\"https:\\\/\\\/panm360.com\\\/wp-content\\\/uploads\\\/2022\\\/12\\\/mns221218001-1152x648-fr-63728352.png\",\"datePublished\":\"2022-12-11T21:36:29+00:00\",\"dateModified\":\"2022-12-15T21:47:00+00:00\",\"breadcrumb\":{\"@id\":\"https:\\\/\\\/panm360.com\\\/en\\\/agenda\\\/jeanne-cote-presente-un-show-de-noel-au-ministere\\\/#breadcrumb\"},\"inLanguage\":\"en-US\",\"potentialAction\":[{\"@type\":\"ReadAction\",\"target\":[\"https:\\\/\\\/panm360.com\\\/en\\\/agenda\\\/jeanne-cote-presente-un-show-de-noel-au-ministere\\\/\"]}]},{\"@type\":\"ImageObject\",\"inLanguage\":\"en-US\",\"@id\":\"https:\\\/\\\/panm360.com\\\/en\\\/agenda\\\/jeanne-cote-presente-un-show-de-noel-au-ministere\\\/#primaryimage\",\"url\":\"https:\\\/\\\/panm360.com\\\/wp-content\\\/uploads\\\/2022\\\/12\\\/mns221218001-1152x648-fr-63728352.png\",\"contentUrl\":\"https:\\\/\\\/panm360.com\\\/wp-content\\\/uploads\\\/2022\\\/12\\\/mns221218001-1152x648-fr-63728352.png\",\"width\":1152,\"height\":648},{\"@type\":\"BreadcrumbList\",\"@id\":\"https:\\\/\\\/panm360.com\\\/en\\\/agenda\\\/jeanne-cote-presente-un-show-de-noel-au-ministere\\\/#breadcrumb\",\"itemListElement\":[{\"@type\":\"ListItem\",\"position\":1,\"name\":\"Accueil\",\"item\":\"https:\\\/\\\/panm360.com\\\/en\\\/\"},{\"@type\":\"ListItem\",\"position\":2,\"name\":\"Listings\",\"item\":\"https:\\\/\\\/panm360.com\\\/en\\\/agenda\\\/\"},{\"@type\":\"ListItem\",\"position\":3,\"name\":\"Jeanne C\u00f4t\u00e9 pr\u00e9sente : Un show de No\u00ebl au Minist\u00e8re\"}]},{\"@type\":\"WebSite\",\"@id\":\"https:\\\/\\\/panm360.com\\\/en\\\/#website\",\"url\":\"https:\\\/\\\/panm360.com\\\/en\\\/\",\"name\":\"PAN M 360\",\"description\":\"Le m\u00e9dia num\u00e9rique de la musique !\",\"publisher\":{\"@id\":\"https:\\\/\\\/panm360.com\\\/en\\\/#organization\"},\"potentialAction\":[{\"@type\":\"SearchAction\",\"target\":{\"@type\":\"EntryPoint\",\"urlTemplate\":\"https:\\\/\\\/panm360.com\\\/en\\\/?s={search_term_string}\"},\"query-input\":{\"@type\":\"PropertyValueSpecification\",\"valueRequired\":true,\"valueName\":\"search_term_string\"}}],\"inLanguage\":\"en-US\"},{\"@type\":\"Organization\",\"@id\":\"https:\\\/\\\/panm360.com\\\/en\\\/#organization\",\"name\":\"PAN M 360\",\"url\":\"https:\\\/\\\/panm360.com\\\/en\\\/\",\"logo\":{\"@type\":\"ImageObject\",\"inLanguage\":\"en-US\",\"@id\":\"https:\\\/\\\/panm360.com\\\/en\\\/#\\\/schema\\\/logo\\\/image\\\/\",\"url\":\"https:\\\/\\\/panm360.com\\\/wp-content\\\/uploads\\\/2019\\\/12\\\/PAN-M360_Logo_RGB.jpg\",\"contentUrl\":\"https:\\\/\\\/panm360.com\\\/wp-content\\\/uploads\\\/2019\\\/12\\\/PAN-M360_Logo_RGB.jpg\",\"width\":1663,\"height\":631,\"caption\":\"PAN M 360\"},\"image\":{\"@id\":\"https:\\\/\\\/panm360.com\\\/en\\\/#\\\/schema\\\/logo\\\/image\\\/\"},\"sameAs\":[\"https:\\\/\\\/www.facebook.com\\\/panm360\\\/\",\"https:\\\/\\\/x.com\\\/PANM360\",\"https:\\\/\\\/www.instagram.com\\\/panm360\\\/\",\"https:\\\/\\\/www.linkedin.com\\\/company\\\/panm360\\\/\",\"https:\\\/\\\/www.youtube.com\\\/channel\\\/UCHEFHd3UhIrV6EJ3ltzVKOA?view_as=subscriber\"]}]}<\/script>\n<!-- \/ Yoast SEO plugin. -->","yoast_head_json":{"title":"Jeanne C\u00f4t\u00e9 pr\u00e9sente : Un show de No\u00ebl au Minist\u00e8re - PAN M 360","robots":{"index":"index","follow":"follow","max-snippet":"max-snippet:-1","max-image-preview":"max-image-preview:large","max-video-preview":"max-video-preview:-1"},"canonical":"https:\/\/panm360.com\/en\/agenda\/jeanne-cote-presente-un-show-de-noel-au-ministere\/","og_locale":"en_US","og_type":"article","og_title":"Jeanne C\u00f4t\u00e9 pr\u00e9sente : Un show de No\u00ebl au Minist\u00e8re - PAN M 360","og_description":"Jeanne C\u00f4t\u00e9 profite de l\u2019effervescence du temps des F\u00eates pour rassembler des ami.e.s artistes et ses jeunes recrues autour du r\u00e9pertoire de No\u00ebl. Dans un festif et lumineux m\u00e9lange de chansons de toutes les \u00e9poques, qu\u2019elles soient emball\u00e9es dans un vieux sac de jute ou du papier brillant, ce spectacle sera une occasion de se [&hellip;]","og_url":"https:\/\/panm360.com\/en\/agenda\/jeanne-cote-presente-un-show-de-noel-au-ministere\/","og_site_name":"PAN M 360","article_publisher":"https:\/\/www.facebook.com\/panm360\/","article_modified_time":"2022-12-15T21:47:00+00:00","og_image":[{"width":1152,"height":648,"url":"https:\/\/panm360.com\/wp-content\/uploads\/2022\/12\/mns221218001-1152x648-fr-63728352.png","type":"image\/png"}],"twitter_card":"summary_large_image","twitter_site":"@PANM360","twitter_misc":{"Est. reading time":"2 minutes"},"schema":{"@context":"https:\/\/schema.org","@graph":[{"@type":"WebPage","@id":"https:\/\/panm360.com\/en\/agenda\/jeanne-cote-presente-un-show-de-noel-au-ministere\/","url":"https:\/\/panm360.com\/en\/agenda\/jeanne-cote-presente-un-show-de-noel-au-ministere\/","name":"Jeanne C\u00f4t\u00e9 pr\u00e9sente : Un show de No\u00ebl au Minist\u00e8re - PAN M 360","isPartOf":{"@id":"https:\/\/panm360.com\/en\/#website"},"primaryImageOfPage":{"@id":"https:\/\/panm360.com\/en\/agenda\/jeanne-cote-presente-un-show-de-noel-au-ministere\/#primaryimage"},"image":{"@id":"https:\/\/panm360.com\/en\/agenda\/jeanne-cote-presente-un-show-de-noel-au-ministere\/#primaryimage"},"thumbnailUrl":"https:\/\/panm360.com\/wp-content\/uploads\/2022\/12\/mns221218001-1152x648-fr-63728352.png","datePublished":"2022-12-11T21:36:29+00:00","dateModified":"2022-12-15T21:47:00+00:00","breadcrumb":{"@id":"https:\/\/panm360.com\/en\/agenda\/jeanne-cote-presente-un-show-de-noel-au-ministere\/#breadcrumb"},"inLanguage":"en-US","potentialAction":[{"@type":"ReadAction","target":["https:\/\/panm360.com\/en\/agenda\/jeanne-cote-presente-un-show-de-noel-au-ministere\/"]}]},{"@type":"ImageObject","inLanguage":"en-US","@id":"https:\/\/panm360.com\/en\/agenda\/jeanne-cote-presente-un-show-de-noel-au-ministere\/#primaryimage","url":"https:\/\/panm360.com\/wp-content\/uploads\/2022\/12\/mns221218001-1152x648-fr-63728352.png","contentUrl":"https:\/\/panm360.com\/wp-content\/uploads\/2022\/12\/mns221218001-1152x648-fr-63728352.png","width":1152,"height":648},{"@type":"BreadcrumbList","@id":"https:\/\/panm360.com\/en\/agenda\/jeanne-cote-presente-un-show-de-noel-au-ministere\/#breadcrumb","itemListElement":[{"@type":"ListItem","position":1,"name":"Accueil","item":"https:\/\/panm360.com\/en\/"},{"@type":"ListItem","position":2,"name":"Listings","item":"https:\/\/panm360.com\/en\/agenda\/"},{"@type":"ListItem","position":3,"name":"Jeanne C\u00f4t\u00e9 pr\u00e9sente : Un show de No\u00ebl au Minist\u00e8re"}]},{"@type":"WebSite","@id":"https:\/\/panm360.com\/en\/#website","url":"https:\/\/panm360.com\/en\/","name":"PAN M 360","description":"Le m\u00e9dia num\u00e9rique de la musique !","publisher":{"@id":"https:\/\/panm360.com\/en\/#organization"},"potentialAction":[{"@type":"SearchAction","target":{"@type":"EntryPoint","urlTemplate":"https:\/\/panm360.com\/en\/?s={search_term_string}"},"query-input":{"@type":"PropertyValueSpecification","valueRequired":true,"valueName":"search_term_string"}}],"inLanguage":"en-US"},{"@type":"Organization","@id":"https:\/\/panm360.com\/en\/#organization","name":"PAN M 360","url":"https:\/\/panm360.com\/en\/","logo":{"@type":"ImageObject","inLanguage":"en-US","@id":"https:\/\/panm360.com\/en\/#\/schema\/logo\/image\/","url":"https:\/\/panm360.com\/wp-content\/uploads\/2019\/12\/PAN-M360_Logo_RGB.jpg","contentUrl":"https:\/\/panm360.com\/wp-content\/uploads\/2019\/12\/PAN-M360_Logo_RGB.jpg","width":1663,"height":631,"caption":"PAN M 360"},"image":{"@id":"https:\/\/panm360.com\/en\/#\/schema\/logo\/image\/"},"sameAs":["https:\/\/www.facebook.com\/panm360\/","https:\/\/x.com\/PANM360","https:\/\/www.instagram.com\/panm360\/","https:\/\/www.linkedin.com\/company\/panm360\/","https:\/\/www.youtube.com\/channel\/UCHEFHd3UhIrV6EJ3ltzVKOA?view_as=subscriber"]}]}},"_links":{"self":[{"href":"https:\/\/panm360.com\/en\/wp-json\/wp\/v2\/agenda\/85419","targetHints":{"allow":["GET"]}}],"collection":[{"href":"https:\/\/panm360.com\/en\/wp-json\/wp\/v2\/agenda"}],"about":[{"href":"https:\/\/panm360.com\/en\/wp-json\/wp\/v2\/types\/agenda"}],"author":[{"embeddable":true,"href":"https:\/\/panm360.com\/en\/wp-json\/wp\/v2\/users\/936"}],"wp:featuredmedia":[{"embeddable":true,"href":"https:\/\/panm360.com\/en\/wp-json\/wp\/v2\/media\/85418"}],"wp:attachment":[{"href":"https:\/\/panm360.com\/en\/wp-json\/wp\/v2\/media?parent=85419"}],"wp:term":[{"taxonomy":"category","embeddable":true,"href":"https:\/\/panm360.com\/en\/wp-json\/wp\/v2\/categories?post=85419"},{"taxonomy":"post_tag","embeddable":true,"href":"https:\/\/panm360.com\/en\/wp-json\/wp\/v2\/tags?post=85419"},{"taxonomy":"generale","embeddable":true,"href":"https:\/\/panm360.com\/en\/wp-json\/wp\/v2\/generale?post=85419"},{"taxonomy":"genre","embeddable":true,"href":"https:\/\/panm360.com\/en\/wp-json\/wp\/v2\/genre?post=85419"},{"taxonomy":"pays","embeddable":true,"href":"https:\/\/panm360.com\/en\/wp-json\/wp\/v2\/pays?post=85419"},{"taxonomy":"salle","embeddable":true,"href":"https:\/\/panm360.com\/en\/wp-json\/wp\/v2\/salle?post=85419"},{"taxonomy":"ville","embeddable":true,"href":"https:\/\/panm360.com\/en\/wp-json\/wp\/v2\/ville?post=85419"}],"curies":[{"name":"wp","href":"https:\/\/api.w.org\/{rel}","templated":true}]}}