{"id":84949,"date":"2022-12-16T08:39:00","date_gmt":"2022-12-16T13:39:00","guid":{"rendered":"https:\/\/panm360.com\/?post_type=agenda&#038;p=84949"},"modified":"2022-12-16T17:14:10","modified_gmt":"2022-12-16T22:14:10","slug":"concert-de-noel-de-clavecin-en-concert-a-loratoire-st-joseph","status":"publish","type":"agenda","link":"https:\/\/panm360.com\/en\/agenda\/concert-de-noel-de-clavecin-en-concert-a-loratoire-st-joseph\/","title":{"rendered":"Concert de No\u00ebl de Clavecin en concert \u00e0 l&#8217;Oratoire St-Joseph"},"content":{"rendered":"\n<p class=\"wp-block-paragraph\">Montr\u00e9al, le 5 d\u00e9c. 2022. L\u2019ensemble Clavecin en concert avec l\u2019Ensemble Cochl\u00e9a donneront un&nbsp;<em>Concert de&nbsp;<\/em>No\u00ebl le 16 d\u00e9cembre \u00e0 19 h 30 dans la Crypte de l\u2019Oratoire St-Joseph de Montr\u00e9al.&nbsp;Comme chaque ann\u00e9e, un concert festif sous le th\u00e8me de la Nativit\u00e9\u202f!\u202fLes chants traditionnels que tous aiment entendre et fredonner se m\u00ealent \u00e0 de vieux cantiques fran\u00e7ais et \u00e0 des chants de No\u00ebl de diff\u00e9rentes contr\u00e9es. Deux jeunes chanteurs de grand talent, le baryton Hugo Laporte et la mezzo-soprano Rose Naggar-Tremblay sont accompagn\u00e9s par l\u2019ensemble instrumental Clavecin en concert, sous la direction de Luc Beaus\u00e9jour, et l\u2019ensemble vocal Cochl\u00e9a, form\u00e9 de quatre superbes voix complices, nous propose d&#8217;habiles arrangements musicaux.\u202f<\/p>\n\n\n\n<p class=\"wp-block-paragraph\">Montreal, Dec. 5, 2022. The ensemble Clavecin en concert with the Ensemble Cochl\u00e9a will give a Christmas Concert on December 16 at 7:30 p.m. in the Crypt of St. Joseph&#8217;s Oratory in Montreal. Like every year, a festive concert with the theme of the Nativity!\u202fTraditional songs that everyone loves to hear and hum are mixed with old French hymns and Christmas songs from different countries. Two very talented young singers, baritone Hugo Laporte and mezzo-soprano Rose Naggar-Tremblay, are accompanied by the instrumental ensemble Clavecin en concert, under the direction of Luc Beaus\u00e9jour, and the vocal ensemble Cochl\u00e9a, made up of four superb voices, offers us skilful musical arrangements.<\/p>\n\n\n\n<p class=\"wp-block-paragraph\"><strong><a href=\"https:\/\/lepointdevente.com\/billets\/fhj221216001\" target=\"_blank\" rel=\"noreferrer noopener\">POUR ACHETER VOTRE BILLET, C\u2019EST ICI!<\/a><\/strong><\/p>\n\n\n\n<p class=\"wp-block-paragraph\"><strong><em>Ce contenu provient de IXION Communications et est adapt\u00e9 par PAN M 360.<\/em><\/strong><\/p>\n","protected":false},"excerpt":{"rendered":"<p>Montr\u00e9al, le 5 d\u00e9c. 2022. L\u2019ensemble Clavecin en concert avec l\u2019Ensemble Cochl\u00e9a donneront un&nbsp;Concert de&nbsp;No\u00ebl le 16 d\u00e9cembre \u00e0 19 h 30 dans la Crypte de l\u2019Oratoire St-Joseph de Montr\u00e9al.&nbsp;Comme chaque ann\u00e9e, un concert festif sous le th\u00e8me de la Nativit\u00e9\u202f!\u202fLes chants traditionnels que tous aiment entendre et fredonner se m\u00ealent \u00e0 de vieux cantiques [&hellip;]<\/p>\n","protected":false},"author":936,"featured_media":84948,"menu_order":0,"template":"","format":"standard","meta":{"_acf_changed":false,"_crdt_document":""},"categories":[4322],"tags":[],"generale":[3814],"genre":[8055],"pays":[4040],"salle":[7432],"ville":[7246],"class_list":["post-84949","agenda","type-agenda","status-publish","format-standard","has-post-thumbnail","hentry","category-listings-360","generale-lire-en","genre-classique-2-en","pays-canadaquebec-en","salle-oratoire-saint-joseph-en","ville-montreal-en"],"acf":[],"yoast_head":"<!-- This site is optimized with the Yoast SEO plugin v27.4 - https:\/\/yoast.com\/product\/yoast-seo-wordpress\/ -->\n<title>Concert de No\u00ebl de Clavecin en concert \u00e0 l&#039;Oratoire St-Joseph - PAN M 360<\/title>\n<meta name=\"robots\" content=\"index, follow, max-snippet:-1, max-image-preview:large, max-video-preview:-1\" \/>\n<link rel=\"canonical\" href=\"https:\/\/panm360.com\/en\/agenda\/concert-de-noel-de-clavecin-en-concert-a-loratoire-st-joseph\/\" \/>\n<meta property=\"og:locale\" content=\"en_US\" \/>\n<meta property=\"og:type\" content=\"article\" \/>\n<meta property=\"og:title\" content=\"Concert de No\u00ebl de Clavecin en concert \u00e0 l&#039;Oratoire St-Joseph - PAN M 360\" \/>\n<meta property=\"og:description\" content=\"Montr\u00e9al, le 5 d\u00e9c. 2022. L\u2019ensemble Clavecin en concert avec l\u2019Ensemble Cochl\u00e9a donneront un&nbsp;Concert de&nbsp;No\u00ebl le 16 d\u00e9cembre \u00e0 19 h 30 dans la Crypte de l\u2019Oratoire St-Joseph de Montr\u00e9al.&nbsp;Comme chaque ann\u00e9e, un concert festif sous le th\u00e8me de la Nativit\u00e9\u202f!\u202fLes chants traditionnels que tous aiment entendre et fredonner se m\u00ealent \u00e0 de vieux cantiques [&hellip;]\" \/>\n<meta property=\"og:url\" content=\"https:\/\/panm360.com\/en\/agenda\/concert-de-noel-de-clavecin-en-concert-a-loratoire-st-joseph\/\" \/>\n<meta property=\"og:site_name\" content=\"PAN M 360\" \/>\n<meta property=\"article:publisher\" content=\"https:\/\/www.facebook.com\/panm360\/\" \/>\n<meta property=\"article:modified_time\" content=\"2022-12-16T22:14:10+00:00\" \/>\n<meta property=\"og:image\" content=\"https:\/\/panm360.com\/wp-content\/uploads\/2022\/12\/Hugo-Laporte-baryton-ORIGINAL.jpg\" \/>\n\t<meta property=\"og:image:width\" content=\"1872\" \/>\n\t<meta property=\"og:image:height\" content=\"1356\" \/>\n\t<meta property=\"og:image:type\" content=\"image\/jpeg\" \/>\n<meta name=\"twitter:card\" content=\"summary_large_image\" \/>\n<meta name=\"twitter:site\" content=\"@PANM360\" \/>\n<meta name=\"twitter:label1\" content=\"Est. reading time\" \/>\n\t<meta name=\"twitter:data1\" content=\"2 minutes\" \/>\n<script type=\"application\/ld+json\" class=\"yoast-schema-graph\">{\"@context\":\"https:\\\/\\\/schema.org\",\"@graph\":[{\"@type\":\"WebPage\",\"@id\":\"https:\\\/\\\/panm360.com\\\/en\\\/agenda\\\/concert-de-noel-de-clavecin-en-concert-a-loratoire-st-joseph\\\/\",\"url\":\"https:\\\/\\\/panm360.com\\\/en\\\/agenda\\\/concert-de-noel-de-clavecin-en-concert-a-loratoire-st-joseph\\\/\",\"name\":\"Concert de No\u00ebl de Clavecin en concert \u00e0 l'Oratoire St-Joseph - PAN M 360\",\"isPartOf\":{\"@id\":\"https:\\\/\\\/panm360.com\\\/en\\\/#website\"},\"primaryImageOfPage\":{\"@id\":\"https:\\\/\\\/panm360.com\\\/en\\\/agenda\\\/concert-de-noel-de-clavecin-en-concert-a-loratoire-st-joseph\\\/#primaryimage\"},\"image\":{\"@id\":\"https:\\\/\\\/panm360.com\\\/en\\\/agenda\\\/concert-de-noel-de-clavecin-en-concert-a-loratoire-st-joseph\\\/#primaryimage\"},\"thumbnailUrl\":\"https:\\\/\\\/panm360.com\\\/wp-content\\\/uploads\\\/2022\\\/12\\\/Hugo-Laporte-baryton-ORIGINAL.jpg\",\"datePublished\":\"2022-12-16T13:39:00+00:00\",\"dateModified\":\"2022-12-16T22:14:10+00:00\",\"breadcrumb\":{\"@id\":\"https:\\\/\\\/panm360.com\\\/en\\\/agenda\\\/concert-de-noel-de-clavecin-en-concert-a-loratoire-st-joseph\\\/#breadcrumb\"},\"inLanguage\":\"en-US\",\"potentialAction\":[{\"@type\":\"ReadAction\",\"target\":[\"https:\\\/\\\/panm360.com\\\/en\\\/agenda\\\/concert-de-noel-de-clavecin-en-concert-a-loratoire-st-joseph\\\/\"]}]},{\"@type\":\"ImageObject\",\"inLanguage\":\"en-US\",\"@id\":\"https:\\\/\\\/panm360.com\\\/en\\\/agenda\\\/concert-de-noel-de-clavecin-en-concert-a-loratoire-st-joseph\\\/#primaryimage\",\"url\":\"https:\\\/\\\/panm360.com\\\/wp-content\\\/uploads\\\/2022\\\/12\\\/Hugo-Laporte-baryton-ORIGINAL.jpg\",\"contentUrl\":\"https:\\\/\\\/panm360.com\\\/wp-content\\\/uploads\\\/2022\\\/12\\\/Hugo-Laporte-baryton-ORIGINAL.jpg\",\"width\":1872,\"height\":1356},{\"@type\":\"BreadcrumbList\",\"@id\":\"https:\\\/\\\/panm360.com\\\/en\\\/agenda\\\/concert-de-noel-de-clavecin-en-concert-a-loratoire-st-joseph\\\/#breadcrumb\",\"itemListElement\":[{\"@type\":\"ListItem\",\"position\":1,\"name\":\"Accueil\",\"item\":\"https:\\\/\\\/panm360.com\\\/en\\\/\"},{\"@type\":\"ListItem\",\"position\":2,\"name\":\"Listings\",\"item\":\"https:\\\/\\\/panm360.com\\\/en\\\/agenda\\\/\"},{\"@type\":\"ListItem\",\"position\":3,\"name\":\"Concert de No\u00ebl de Clavecin en concert \u00e0 l&#8217;Oratoire St-Joseph\"}]},{\"@type\":\"WebSite\",\"@id\":\"https:\\\/\\\/panm360.com\\\/en\\\/#website\",\"url\":\"https:\\\/\\\/panm360.com\\\/en\\\/\",\"name\":\"PAN M 360\",\"description\":\"Le m\u00e9dia num\u00e9rique de la musique !\",\"publisher\":{\"@id\":\"https:\\\/\\\/panm360.com\\\/en\\\/#organization\"},\"potentialAction\":[{\"@type\":\"SearchAction\",\"target\":{\"@type\":\"EntryPoint\",\"urlTemplate\":\"https:\\\/\\\/panm360.com\\\/en\\\/?s={search_term_string}\"},\"query-input\":{\"@type\":\"PropertyValueSpecification\",\"valueRequired\":true,\"valueName\":\"search_term_string\"}}],\"inLanguage\":\"en-US\"},{\"@type\":\"Organization\",\"@id\":\"https:\\\/\\\/panm360.com\\\/en\\\/#organization\",\"name\":\"PAN M 360\",\"url\":\"https:\\\/\\\/panm360.com\\\/en\\\/\",\"logo\":{\"@type\":\"ImageObject\",\"inLanguage\":\"en-US\",\"@id\":\"https:\\\/\\\/panm360.com\\\/en\\\/#\\\/schema\\\/logo\\\/image\\\/\",\"url\":\"https:\\\/\\\/panm360.com\\\/wp-content\\\/uploads\\\/2019\\\/12\\\/PAN-M360_Logo_RGB.jpg\",\"contentUrl\":\"https:\\\/\\\/panm360.com\\\/wp-content\\\/uploads\\\/2019\\\/12\\\/PAN-M360_Logo_RGB.jpg\",\"width\":1663,\"height\":631,\"caption\":\"PAN M 360\"},\"image\":{\"@id\":\"https:\\\/\\\/panm360.com\\\/en\\\/#\\\/schema\\\/logo\\\/image\\\/\"},\"sameAs\":[\"https:\\\/\\\/www.facebook.com\\\/panm360\\\/\",\"https:\\\/\\\/x.com\\\/PANM360\",\"https:\\\/\\\/www.instagram.com\\\/panm360\\\/\",\"https:\\\/\\\/www.linkedin.com\\\/company\\\/panm360\\\/\",\"https:\\\/\\\/www.youtube.com\\\/channel\\\/UCHEFHd3UhIrV6EJ3ltzVKOA?view_as=subscriber\"]}]}<\/script>\n<!-- \/ Yoast SEO plugin. -->","yoast_head_json":{"title":"Concert de No\u00ebl de Clavecin en concert \u00e0 l'Oratoire St-Joseph - PAN M 360","robots":{"index":"index","follow":"follow","max-snippet":"max-snippet:-1","max-image-preview":"max-image-preview:large","max-video-preview":"max-video-preview:-1"},"canonical":"https:\/\/panm360.com\/en\/agenda\/concert-de-noel-de-clavecin-en-concert-a-loratoire-st-joseph\/","og_locale":"en_US","og_type":"article","og_title":"Concert de No\u00ebl de Clavecin en concert \u00e0 l'Oratoire St-Joseph - PAN M 360","og_description":"Montr\u00e9al, le 5 d\u00e9c. 2022. L\u2019ensemble Clavecin en concert avec l\u2019Ensemble Cochl\u00e9a donneront un&nbsp;Concert de&nbsp;No\u00ebl le 16 d\u00e9cembre \u00e0 19 h 30 dans la Crypte de l\u2019Oratoire St-Joseph de Montr\u00e9al.&nbsp;Comme chaque ann\u00e9e, un concert festif sous le th\u00e8me de la Nativit\u00e9\u202f!\u202fLes chants traditionnels que tous aiment entendre et fredonner se m\u00ealent \u00e0 de vieux cantiques [&hellip;]","og_url":"https:\/\/panm360.com\/en\/agenda\/concert-de-noel-de-clavecin-en-concert-a-loratoire-st-joseph\/","og_site_name":"PAN M 360","article_publisher":"https:\/\/www.facebook.com\/panm360\/","article_modified_time":"2022-12-16T22:14:10+00:00","og_image":[{"width":1872,"height":1356,"url":"https:\/\/panm360.com\/wp-content\/uploads\/2022\/12\/Hugo-Laporte-baryton-ORIGINAL.jpg","type":"image\/jpeg"}],"twitter_card":"summary_large_image","twitter_site":"@PANM360","twitter_misc":{"Est. reading time":"2 minutes"},"schema":{"@context":"https:\/\/schema.org","@graph":[{"@type":"WebPage","@id":"https:\/\/panm360.com\/en\/agenda\/concert-de-noel-de-clavecin-en-concert-a-loratoire-st-joseph\/","url":"https:\/\/panm360.com\/en\/agenda\/concert-de-noel-de-clavecin-en-concert-a-loratoire-st-joseph\/","name":"Concert de No\u00ebl de Clavecin en concert \u00e0 l'Oratoire St-Joseph - PAN M 360","isPartOf":{"@id":"https:\/\/panm360.com\/en\/#website"},"primaryImageOfPage":{"@id":"https:\/\/panm360.com\/en\/agenda\/concert-de-noel-de-clavecin-en-concert-a-loratoire-st-joseph\/#primaryimage"},"image":{"@id":"https:\/\/panm360.com\/en\/agenda\/concert-de-noel-de-clavecin-en-concert-a-loratoire-st-joseph\/#primaryimage"},"thumbnailUrl":"https:\/\/panm360.com\/wp-content\/uploads\/2022\/12\/Hugo-Laporte-baryton-ORIGINAL.jpg","datePublished":"2022-12-16T13:39:00+00:00","dateModified":"2022-12-16T22:14:10+00:00","breadcrumb":{"@id":"https:\/\/panm360.com\/en\/agenda\/concert-de-noel-de-clavecin-en-concert-a-loratoire-st-joseph\/#breadcrumb"},"inLanguage":"en-US","potentialAction":[{"@type":"ReadAction","target":["https:\/\/panm360.com\/en\/agenda\/concert-de-noel-de-clavecin-en-concert-a-loratoire-st-joseph\/"]}]},{"@type":"ImageObject","inLanguage":"en-US","@id":"https:\/\/panm360.com\/en\/agenda\/concert-de-noel-de-clavecin-en-concert-a-loratoire-st-joseph\/#primaryimage","url":"https:\/\/panm360.com\/wp-content\/uploads\/2022\/12\/Hugo-Laporte-baryton-ORIGINAL.jpg","contentUrl":"https:\/\/panm360.com\/wp-content\/uploads\/2022\/12\/Hugo-Laporte-baryton-ORIGINAL.jpg","width":1872,"height":1356},{"@type":"BreadcrumbList","@id":"https:\/\/panm360.com\/en\/agenda\/concert-de-noel-de-clavecin-en-concert-a-loratoire-st-joseph\/#breadcrumb","itemListElement":[{"@type":"ListItem","position":1,"name":"Accueil","item":"https:\/\/panm360.com\/en\/"},{"@type":"ListItem","position":2,"name":"Listings","item":"https:\/\/panm360.com\/en\/agenda\/"},{"@type":"ListItem","position":3,"name":"Concert de No\u00ebl de Clavecin en concert \u00e0 l&#8217;Oratoire St-Joseph"}]},{"@type":"WebSite","@id":"https:\/\/panm360.com\/en\/#website","url":"https:\/\/panm360.com\/en\/","name":"PAN M 360","description":"Le m\u00e9dia num\u00e9rique de la musique !","publisher":{"@id":"https:\/\/panm360.com\/en\/#organization"},"potentialAction":[{"@type":"SearchAction","target":{"@type":"EntryPoint","urlTemplate":"https:\/\/panm360.com\/en\/?s={search_term_string}"},"query-input":{"@type":"PropertyValueSpecification","valueRequired":true,"valueName":"search_term_string"}}],"inLanguage":"en-US"},{"@type":"Organization","@id":"https:\/\/panm360.com\/en\/#organization","name":"PAN M 360","url":"https:\/\/panm360.com\/en\/","logo":{"@type":"ImageObject","inLanguage":"en-US","@id":"https:\/\/panm360.com\/en\/#\/schema\/logo\/image\/","url":"https:\/\/panm360.com\/wp-content\/uploads\/2019\/12\/PAN-M360_Logo_RGB.jpg","contentUrl":"https:\/\/panm360.com\/wp-content\/uploads\/2019\/12\/PAN-M360_Logo_RGB.jpg","width":1663,"height":631,"caption":"PAN M 360"},"image":{"@id":"https:\/\/panm360.com\/en\/#\/schema\/logo\/image\/"},"sameAs":["https:\/\/www.facebook.com\/panm360\/","https:\/\/x.com\/PANM360","https:\/\/www.instagram.com\/panm360\/","https:\/\/www.linkedin.com\/company\/panm360\/","https:\/\/www.youtube.com\/channel\/UCHEFHd3UhIrV6EJ3ltzVKOA?view_as=subscriber"]}]}},"_links":{"self":[{"href":"https:\/\/panm360.com\/en\/wp-json\/wp\/v2\/agenda\/84949","targetHints":{"allow":["GET"]}}],"collection":[{"href":"https:\/\/panm360.com\/en\/wp-json\/wp\/v2\/agenda"}],"about":[{"href":"https:\/\/panm360.com\/en\/wp-json\/wp\/v2\/types\/agenda"}],"author":[{"embeddable":true,"href":"https:\/\/panm360.com\/en\/wp-json\/wp\/v2\/users\/936"}],"wp:featuredmedia":[{"embeddable":true,"href":"https:\/\/panm360.com\/en\/wp-json\/wp\/v2\/media\/84948"}],"wp:attachment":[{"href":"https:\/\/panm360.com\/en\/wp-json\/wp\/v2\/media?parent=84949"}],"wp:term":[{"taxonomy":"category","embeddable":true,"href":"https:\/\/panm360.com\/en\/wp-json\/wp\/v2\/categories?post=84949"},{"taxonomy":"post_tag","embeddable":true,"href":"https:\/\/panm360.com\/en\/wp-json\/wp\/v2\/tags?post=84949"},{"taxonomy":"generale","embeddable":true,"href":"https:\/\/panm360.com\/en\/wp-json\/wp\/v2\/generale?post=84949"},{"taxonomy":"genre","embeddable":true,"href":"https:\/\/panm360.com\/en\/wp-json\/wp\/v2\/genre?post=84949"},{"taxonomy":"pays","embeddable":true,"href":"https:\/\/panm360.com\/en\/wp-json\/wp\/v2\/pays?post=84949"},{"taxonomy":"salle","embeddable":true,"href":"https:\/\/panm360.com\/en\/wp-json\/wp\/v2\/salle?post=84949"},{"taxonomy":"ville","embeddable":true,"href":"https:\/\/panm360.com\/en\/wp-json\/wp\/v2\/ville?post=84949"}],"curies":[{"name":"wp","href":"https:\/\/api.w.org\/{rel}","templated":true}]}}