{"id":84395,"date":"2022-12-03T12:32:00","date_gmt":"2022-12-03T17:32:00","guid":{"rendered":"https:\/\/panm360.com\/agenda\/des-airs-de-fetes-lorchestre-metropolitain-a-la-maison-symphonique\/"},"modified":"2022-12-03T14:05:37","modified_gmt":"2022-12-03T19:05:37","slug":"des-airs-de-fetes-lorchestre-metropolitain-a-la-maison-symphonique","status":"publish","type":"agenda","link":"https:\/\/panm360.com\/en\/agenda\/des-airs-de-fetes-lorchestre-metropolitain-a-la-maison-symphonique\/","title":{"rendered":"Des airs de f\u00eates : l&#8217;Orchestre M\u00e9tropolitain \u00e0 la Maison Symphonique"},"content":{"rendered":"\n<p class=\"wp-block-paragraph\">Deux de nos plus belles voix d\u2019ici, Kim Richardson et M\u00e9lissa B\u00e9dard, et le trio jazz montr\u00e9alais du pianiste Taurey Butler se joignent \u00e0 Yannick N\u00e9zet-S\u00e9guin, \u00e0 ses musicien(ne)s ainsi qu\u2019au Ch\u0153ur M\u00e9tropolitain afin de prendre part au tout premier concert de No\u00ebl de l\u2019OM, qui vous transportera dans une f\u00eate \u00e0 grand d\u00e9ploiement!<\/p>\n\n\n\n<p class=\"wp-block-paragraph\">Pr\u00e8s de 200 artistes sont r\u00e9unis sur sc\u00e8ne pour vous interpr\u00e9ter une s\u00e9lection des plus beaux airs des F\u00eates des r\u00e9pertoires populaires, classiques, qu\u00e9b\u00e9cois et am\u00e9ricains, joliment drap\u00e9s dans une cascade de couleurs symphoniques jazz\u00e9es par les arrangements d\u2019Antoine Gratton. Retrouvez entre autres les c\u00e9l\u00e8bres titres&nbsp;<em>Santa Claus is coming to town, No\u00ebl blanc<\/em>,&nbsp;<em>Joyeux No\u00ebl<\/em>,&nbsp;<em>Sleigh Ride&nbsp;<\/em>ainsi que la&nbsp;<em>Nutcracker Suite<\/em>&nbsp;de Duke Ellington ou encore la&nbsp;<em>Christmas Ouverture<\/em>&nbsp;de Coleridge-Taylor. Un concert grandiose qui enchantera petits et grands!<\/p>\n\n\n\n<p class=\"wp-block-paragraph\">Two of our finest local voices, Kim Richardson and M\u00e9lissa B\u00e9dard, and pianist Taurey Butler&#8217;s Montreal jazz trio join Yannick N\u00e9zet-S\u00e9guin, his musicians and the Ch\u0153ur M\u00e9tropolitain for the first-ever OM Christmas concert, which will transport you to a festive celebration!<\/p>\n\n\n\n<p class=\"wp-block-paragraph\">Nearly 200 artists will be on stage to perform a selection of the most beautiful holiday tunes from the popular, classical, Quebec and American repertoires, beautifully draped in a cascade of symphonic colors and jazzed up by the arrangements of Antoine Gratton. Among others, you will hear the famous titles Santa Claus is coming to town, White Christmas, Merry Christmas, Sleigh Ride as well as Duke Ellington&#8217;s Nutcracker Suite or Coleridge-Taylor&#8217;s Christmas Ouverture. A grandiose concert that will enchant young and old alike!<\/p>\n\n\n\n<p class=\"wp-block-paragraph\"><strong><a href=\"https:\/\/www.ticketmaster.ca\/event\/31005CFDA753522C?lang=fr-ca&amp;brand=evenko\" target=\"_blank\" rel=\"noreferrer noopener\"><br><\/a><a href=\"https:\/\/orchestremetropolitain.com\/fr\/concerts\/des-airs-de-fetes\/?show_date_id=4519\" target=\"_blank\" rel=\"noreferrer noopener\">POUR ACHETER VOTRE BILLET, C\u2019EST ICI!<\/a><\/strong><\/p>\n\n\n\n<iframe style=\"border-radius:12px\" src=\"https:\/\/open.spotify.com\/embed\/artist\/7qSGb2IbwItrONMRCyHX4T?utm_source=generator\" width=\"100%\" height=\"380\" frameborder=\"0\" allowfullscreen=\"\" allow=\"autoplay; clipboard-write; encrypted-media; fullscreen; picture-in-picture\" loading=\"lazy\"><\/iframe>\n\n\n\n<p class=\"wp-block-paragraph\"><strong><em>Ce contenu provient de l&#8217;Orchestre M\u00e9tropolitain et est adapt\u00e9 par PAN M 360.<\/em><\/strong><\/p>\n","protected":false},"excerpt":{"rendered":"<p>Deux de nos plus belles voix d\u2019ici, Kim Richardson et M\u00e9lissa B\u00e9dard, et le trio jazz montr\u00e9alais du pianiste Taurey Butler se joignent \u00e0 Yannick N\u00e9zet-S\u00e9guin, \u00e0 ses musicien(ne)s ainsi qu\u2019au Ch\u0153ur M\u00e9tropolitain afin de prendre part au tout premier concert de No\u00ebl de l\u2019OM, qui vous transportera dans une f\u00eate \u00e0 grand d\u00e9ploiement! Pr\u00e8s [&hellip;]<\/p>\n","protected":false},"author":936,"featured_media":84364,"menu_order":0,"template":"","format":"standard","meta":{"_acf_changed":false,"_crdt_document":""},"categories":[4322],"tags":[],"generale":[3814],"genre":[8055],"pays":[4040],"salle":[7031],"ville":[7246],"class_list":["post-84395","agenda","type-agenda","status-publish","format-standard","has-post-thumbnail","hentry","category-listings-360","generale-lire-en","genre-classique-2-en","pays-canadaquebec-en","salle-maison-symphonique-en","ville-montreal-en"],"acf":[],"yoast_head":"<!-- This site is optimized with the Yoast SEO plugin v27.4 - https:\/\/yoast.com\/product\/yoast-seo-wordpress\/ -->\n<title>Des airs de f\u00eates : l&#039;Orchestre M\u00e9tropolitain \u00e0 la Maison Symphonique - PAN M 360<\/title>\n<meta name=\"robots\" content=\"index, follow, max-snippet:-1, max-image-preview:large, max-video-preview:-1\" \/>\n<link rel=\"canonical\" href=\"https:\/\/panm360.com\/en\/agenda\/des-airs-de-fetes-lorchestre-metropolitain-a-la-maison-symphonique\/\" \/>\n<meta property=\"og:locale\" content=\"en_US\" \/>\n<meta property=\"og:type\" content=\"article\" \/>\n<meta property=\"og:title\" content=\"Des airs de f\u00eates : l&#039;Orchestre M\u00e9tropolitain \u00e0 la Maison Symphonique - PAN M 360\" \/>\n<meta property=\"og:description\" content=\"Deux de nos plus belles voix d\u2019ici, Kim Richardson et M\u00e9lissa B\u00e9dard, et le trio jazz montr\u00e9alais du pianiste Taurey Butler se joignent \u00e0 Yannick N\u00e9zet-S\u00e9guin, \u00e0 ses musicien(ne)s ainsi qu\u2019au Ch\u0153ur M\u00e9tropolitain afin de prendre part au tout premier concert de No\u00ebl de l\u2019OM, qui vous transportera dans une f\u00eate \u00e0 grand d\u00e9ploiement! Pr\u00e8s [&hellip;]\" \/>\n<meta property=\"og:url\" content=\"https:\/\/panm360.com\/en\/agenda\/des-airs-de-fetes-lorchestre-metropolitain-a-la-maison-symphonique\/\" \/>\n<meta property=\"og:site_name\" content=\"PAN M 360\" \/>\n<meta property=\"article:publisher\" content=\"https:\/\/www.facebook.com\/panm360\/\" \/>\n<meta property=\"article:modified_time\" content=\"2022-12-03T19:05:37+00:00\" \/>\n<meta property=\"og:image\" content=\"https:\/\/panm360.com\/wp-content\/uploads\/2022\/11\/OMNoel.webp\" \/>\n\t<meta property=\"og:image:width\" content=\"1440\" \/>\n\t<meta property=\"og:image:height\" content=\"1800\" \/>\n\t<meta property=\"og:image:type\" content=\"image\/webp\" \/>\n<meta name=\"twitter:card\" content=\"summary_large_image\" \/>\n<meta name=\"twitter:site\" content=\"@PANM360\" \/>\n<meta name=\"twitter:label1\" content=\"Est. reading time\" \/>\n\t<meta name=\"twitter:data1\" content=\"2 minutes\" \/>\n<script type=\"application\/ld+json\" class=\"yoast-schema-graph\">{\"@context\":\"https:\\\/\\\/schema.org\",\"@graph\":[{\"@type\":\"WebPage\",\"@id\":\"https:\\\/\\\/panm360.com\\\/en\\\/agenda\\\/des-airs-de-fetes-lorchestre-metropolitain-a-la-maison-symphonique\\\/\",\"url\":\"https:\\\/\\\/panm360.com\\\/en\\\/agenda\\\/des-airs-de-fetes-lorchestre-metropolitain-a-la-maison-symphonique\\\/\",\"name\":\"Des airs de f\u00eates : l'Orchestre M\u00e9tropolitain \u00e0 la Maison Symphonique - PAN M 360\",\"isPartOf\":{\"@id\":\"https:\\\/\\\/panm360.com\\\/en\\\/#website\"},\"primaryImageOfPage\":{\"@id\":\"https:\\\/\\\/panm360.com\\\/en\\\/agenda\\\/des-airs-de-fetes-lorchestre-metropolitain-a-la-maison-symphonique\\\/#primaryimage\"},\"image\":{\"@id\":\"https:\\\/\\\/panm360.com\\\/en\\\/agenda\\\/des-airs-de-fetes-lorchestre-metropolitain-a-la-maison-symphonique\\\/#primaryimage\"},\"thumbnailUrl\":\"https:\\\/\\\/panm360.com\\\/wp-content\\\/uploads\\\/2022\\\/11\\\/OMNoel.webp\",\"datePublished\":\"2022-12-03T17:32:00+00:00\",\"dateModified\":\"2022-12-03T19:05:37+00:00\",\"breadcrumb\":{\"@id\":\"https:\\\/\\\/panm360.com\\\/en\\\/agenda\\\/des-airs-de-fetes-lorchestre-metropolitain-a-la-maison-symphonique\\\/#breadcrumb\"},\"inLanguage\":\"en-US\",\"potentialAction\":[{\"@type\":\"ReadAction\",\"target\":[\"https:\\\/\\\/panm360.com\\\/en\\\/agenda\\\/des-airs-de-fetes-lorchestre-metropolitain-a-la-maison-symphonique\\\/\"]}]},{\"@type\":\"ImageObject\",\"inLanguage\":\"en-US\",\"@id\":\"https:\\\/\\\/panm360.com\\\/en\\\/agenda\\\/des-airs-de-fetes-lorchestre-metropolitain-a-la-maison-symphonique\\\/#primaryimage\",\"url\":\"https:\\\/\\\/panm360.com\\\/wp-content\\\/uploads\\\/2022\\\/11\\\/OMNoel.webp\",\"contentUrl\":\"https:\\\/\\\/panm360.com\\\/wp-content\\\/uploads\\\/2022\\\/11\\\/OMNoel.webp\",\"width\":1440,\"height\":1800},{\"@type\":\"BreadcrumbList\",\"@id\":\"https:\\\/\\\/panm360.com\\\/en\\\/agenda\\\/des-airs-de-fetes-lorchestre-metropolitain-a-la-maison-symphonique\\\/#breadcrumb\",\"itemListElement\":[{\"@type\":\"ListItem\",\"position\":1,\"name\":\"Accueil\",\"item\":\"https:\\\/\\\/panm360.com\\\/en\\\/\"},{\"@type\":\"ListItem\",\"position\":2,\"name\":\"Listings\",\"item\":\"https:\\\/\\\/panm360.com\\\/en\\\/agenda\\\/\"},{\"@type\":\"ListItem\",\"position\":3,\"name\":\"Des airs de f\u00eates : l&#8217;Orchestre M\u00e9tropolitain \u00e0 la Maison Symphonique\"}]},{\"@type\":\"WebSite\",\"@id\":\"https:\\\/\\\/panm360.com\\\/en\\\/#website\",\"url\":\"https:\\\/\\\/panm360.com\\\/en\\\/\",\"name\":\"PAN M 360\",\"description\":\"Le m\u00e9dia num\u00e9rique de la musique !\",\"publisher\":{\"@id\":\"https:\\\/\\\/panm360.com\\\/en\\\/#organization\"},\"potentialAction\":[{\"@type\":\"SearchAction\",\"target\":{\"@type\":\"EntryPoint\",\"urlTemplate\":\"https:\\\/\\\/panm360.com\\\/en\\\/?s={search_term_string}\"},\"query-input\":{\"@type\":\"PropertyValueSpecification\",\"valueRequired\":true,\"valueName\":\"search_term_string\"}}],\"inLanguage\":\"en-US\"},{\"@type\":\"Organization\",\"@id\":\"https:\\\/\\\/panm360.com\\\/en\\\/#organization\",\"name\":\"PAN M 360\",\"url\":\"https:\\\/\\\/panm360.com\\\/en\\\/\",\"logo\":{\"@type\":\"ImageObject\",\"inLanguage\":\"en-US\",\"@id\":\"https:\\\/\\\/panm360.com\\\/en\\\/#\\\/schema\\\/logo\\\/image\\\/\",\"url\":\"https:\\\/\\\/panm360.com\\\/wp-content\\\/uploads\\\/2019\\\/12\\\/PAN-M360_Logo_RGB.jpg\",\"contentUrl\":\"https:\\\/\\\/panm360.com\\\/wp-content\\\/uploads\\\/2019\\\/12\\\/PAN-M360_Logo_RGB.jpg\",\"width\":1663,\"height\":631,\"caption\":\"PAN M 360\"},\"image\":{\"@id\":\"https:\\\/\\\/panm360.com\\\/en\\\/#\\\/schema\\\/logo\\\/image\\\/\"},\"sameAs\":[\"https:\\\/\\\/www.facebook.com\\\/panm360\\\/\",\"https:\\\/\\\/x.com\\\/PANM360\",\"https:\\\/\\\/www.instagram.com\\\/panm360\\\/\",\"https:\\\/\\\/www.linkedin.com\\\/company\\\/panm360\\\/\",\"https:\\\/\\\/www.youtube.com\\\/channel\\\/UCHEFHd3UhIrV6EJ3ltzVKOA?view_as=subscriber\"]}]}<\/script>\n<!-- \/ Yoast SEO plugin. -->","yoast_head_json":{"title":"Des airs de f\u00eates : l'Orchestre M\u00e9tropolitain \u00e0 la Maison Symphonique - PAN M 360","robots":{"index":"index","follow":"follow","max-snippet":"max-snippet:-1","max-image-preview":"max-image-preview:large","max-video-preview":"max-video-preview:-1"},"canonical":"https:\/\/panm360.com\/en\/agenda\/des-airs-de-fetes-lorchestre-metropolitain-a-la-maison-symphonique\/","og_locale":"en_US","og_type":"article","og_title":"Des airs de f\u00eates : l'Orchestre M\u00e9tropolitain \u00e0 la Maison Symphonique - PAN M 360","og_description":"Deux de nos plus belles voix d\u2019ici, Kim Richardson et M\u00e9lissa B\u00e9dard, et le trio jazz montr\u00e9alais du pianiste Taurey Butler se joignent \u00e0 Yannick N\u00e9zet-S\u00e9guin, \u00e0 ses musicien(ne)s ainsi qu\u2019au Ch\u0153ur M\u00e9tropolitain afin de prendre part au tout premier concert de No\u00ebl de l\u2019OM, qui vous transportera dans une f\u00eate \u00e0 grand d\u00e9ploiement! Pr\u00e8s [&hellip;]","og_url":"https:\/\/panm360.com\/en\/agenda\/des-airs-de-fetes-lorchestre-metropolitain-a-la-maison-symphonique\/","og_site_name":"PAN M 360","article_publisher":"https:\/\/www.facebook.com\/panm360\/","article_modified_time":"2022-12-03T19:05:37+00:00","og_image":[{"width":1440,"height":1800,"url":"https:\/\/panm360.com\/wp-content\/uploads\/2022\/11\/OMNoel.webp","type":"image\/webp"}],"twitter_card":"summary_large_image","twitter_site":"@PANM360","twitter_misc":{"Est. reading time":"2 minutes"},"schema":{"@context":"https:\/\/schema.org","@graph":[{"@type":"WebPage","@id":"https:\/\/panm360.com\/en\/agenda\/des-airs-de-fetes-lorchestre-metropolitain-a-la-maison-symphonique\/","url":"https:\/\/panm360.com\/en\/agenda\/des-airs-de-fetes-lorchestre-metropolitain-a-la-maison-symphonique\/","name":"Des airs de f\u00eates : l'Orchestre M\u00e9tropolitain \u00e0 la Maison Symphonique - PAN M 360","isPartOf":{"@id":"https:\/\/panm360.com\/en\/#website"},"primaryImageOfPage":{"@id":"https:\/\/panm360.com\/en\/agenda\/des-airs-de-fetes-lorchestre-metropolitain-a-la-maison-symphonique\/#primaryimage"},"image":{"@id":"https:\/\/panm360.com\/en\/agenda\/des-airs-de-fetes-lorchestre-metropolitain-a-la-maison-symphonique\/#primaryimage"},"thumbnailUrl":"https:\/\/panm360.com\/wp-content\/uploads\/2022\/11\/OMNoel.webp","datePublished":"2022-12-03T17:32:00+00:00","dateModified":"2022-12-03T19:05:37+00:00","breadcrumb":{"@id":"https:\/\/panm360.com\/en\/agenda\/des-airs-de-fetes-lorchestre-metropolitain-a-la-maison-symphonique\/#breadcrumb"},"inLanguage":"en-US","potentialAction":[{"@type":"ReadAction","target":["https:\/\/panm360.com\/en\/agenda\/des-airs-de-fetes-lorchestre-metropolitain-a-la-maison-symphonique\/"]}]},{"@type":"ImageObject","inLanguage":"en-US","@id":"https:\/\/panm360.com\/en\/agenda\/des-airs-de-fetes-lorchestre-metropolitain-a-la-maison-symphonique\/#primaryimage","url":"https:\/\/panm360.com\/wp-content\/uploads\/2022\/11\/OMNoel.webp","contentUrl":"https:\/\/panm360.com\/wp-content\/uploads\/2022\/11\/OMNoel.webp","width":1440,"height":1800},{"@type":"BreadcrumbList","@id":"https:\/\/panm360.com\/en\/agenda\/des-airs-de-fetes-lorchestre-metropolitain-a-la-maison-symphonique\/#breadcrumb","itemListElement":[{"@type":"ListItem","position":1,"name":"Accueil","item":"https:\/\/panm360.com\/en\/"},{"@type":"ListItem","position":2,"name":"Listings","item":"https:\/\/panm360.com\/en\/agenda\/"},{"@type":"ListItem","position":3,"name":"Des airs de f\u00eates : l&#8217;Orchestre M\u00e9tropolitain \u00e0 la Maison Symphonique"}]},{"@type":"WebSite","@id":"https:\/\/panm360.com\/en\/#website","url":"https:\/\/panm360.com\/en\/","name":"PAN M 360","description":"Le m\u00e9dia num\u00e9rique de la musique !","publisher":{"@id":"https:\/\/panm360.com\/en\/#organization"},"potentialAction":[{"@type":"SearchAction","target":{"@type":"EntryPoint","urlTemplate":"https:\/\/panm360.com\/en\/?s={search_term_string}"},"query-input":{"@type":"PropertyValueSpecification","valueRequired":true,"valueName":"search_term_string"}}],"inLanguage":"en-US"},{"@type":"Organization","@id":"https:\/\/panm360.com\/en\/#organization","name":"PAN M 360","url":"https:\/\/panm360.com\/en\/","logo":{"@type":"ImageObject","inLanguage":"en-US","@id":"https:\/\/panm360.com\/en\/#\/schema\/logo\/image\/","url":"https:\/\/panm360.com\/wp-content\/uploads\/2019\/12\/PAN-M360_Logo_RGB.jpg","contentUrl":"https:\/\/panm360.com\/wp-content\/uploads\/2019\/12\/PAN-M360_Logo_RGB.jpg","width":1663,"height":631,"caption":"PAN M 360"},"image":{"@id":"https:\/\/panm360.com\/en\/#\/schema\/logo\/image\/"},"sameAs":["https:\/\/www.facebook.com\/panm360\/","https:\/\/x.com\/PANM360","https:\/\/www.instagram.com\/panm360\/","https:\/\/www.linkedin.com\/company\/panm360\/","https:\/\/www.youtube.com\/channel\/UCHEFHd3UhIrV6EJ3ltzVKOA?view_as=subscriber"]}]}},"_links":{"self":[{"href":"https:\/\/panm360.com\/en\/wp-json\/wp\/v2\/agenda\/84395","targetHints":{"allow":["GET"]}}],"collection":[{"href":"https:\/\/panm360.com\/en\/wp-json\/wp\/v2\/agenda"}],"about":[{"href":"https:\/\/panm360.com\/en\/wp-json\/wp\/v2\/types\/agenda"}],"author":[{"embeddable":true,"href":"https:\/\/panm360.com\/en\/wp-json\/wp\/v2\/users\/936"}],"wp:featuredmedia":[{"embeddable":true,"href":"https:\/\/panm360.com\/en\/wp-json\/wp\/v2\/media\/84364"}],"wp:attachment":[{"href":"https:\/\/panm360.com\/en\/wp-json\/wp\/v2\/media?parent=84395"}],"wp:term":[{"taxonomy":"category","embeddable":true,"href":"https:\/\/panm360.com\/en\/wp-json\/wp\/v2\/categories?post=84395"},{"taxonomy":"post_tag","embeddable":true,"href":"https:\/\/panm360.com\/en\/wp-json\/wp\/v2\/tags?post=84395"},{"taxonomy":"generale","embeddable":true,"href":"https:\/\/panm360.com\/en\/wp-json\/wp\/v2\/generale?post=84395"},{"taxonomy":"genre","embeddable":true,"href":"https:\/\/panm360.com\/en\/wp-json\/wp\/v2\/genre?post=84395"},{"taxonomy":"pays","embeddable":true,"href":"https:\/\/panm360.com\/en\/wp-json\/wp\/v2\/pays?post=84395"},{"taxonomy":"salle","embeddable":true,"href":"https:\/\/panm360.com\/en\/wp-json\/wp\/v2\/salle?post=84395"},{"taxonomy":"ville","embeddable":true,"href":"https:\/\/panm360.com\/en\/wp-json\/wp\/v2\/ville?post=84395"}],"curies":[{"name":"wp","href":"https:\/\/api.w.org\/{rel}","templated":true}]}}