{"id":80006,"date":"2022-10-10T09:46:27","date_gmt":"2022-10-10T13:46:27","guid":{"rendered":"https:\/\/panm360.com\/?post_type=agenda&#038;p=80006"},"modified":"2022-10-10T09:54:12","modified_gmt":"2022-10-10T13:54:12","slug":"le-festival-akousma-presente-annette-vande-gorde-et-iannis-xenakis","status":"publish","type":"agenda","link":"https:\/\/panm360.com\/en\/agenda\/le-festival-akousma-presente-annette-vande-gorde-et-iannis-xenakis\/","title":{"rendered":"Le Festival Akousma pr\u00e9sente Annette Vande Gorde et Iannis Xenakis"},"content":{"rendered":"\n<p class=\"wp-block-paragraph\"><strong>Annette Vande Gorde<\/strong><\/p>\n\n\n\n<p class=\"wp-block-paragraph\">Professeure de composition acousmatique au Conservatoire royal de Li\u00e8ge (1986), puis de Bruxelles (1987) et de Mons (1993). Elle dirige aussi depuis 1999 un stage international d\u2019\u00e9t\u00e9 sur la spatialisation et, depuis 1987 sur la composition \u00e9lectroacoustique. Ses \u0153uvres sont entendues dans tous les festivals et \u00e9missions radiophoniques qui laissent place \u00e0 la musique compos\u00e9e sur support. Farouche avocate de la musique acousmatique, la compositrice Annette Vande Gorne a fond\u00e9 en 1982 l&#8217;association Musiques &amp; Recherches et le studio M\u00e9tamorphoses d\u2019Orph\u00e9e ainsi qu\u2019un cycle de concerts, un festival acousmatique, un concours de composition et un concours d\u2019interpr\u00e9tation spatialis\u00e9e, constituant peu \u00e0 peu le seul centre belge de documentation sur cet art.<\/p>\n\n\n\n<p class=\"wp-block-paragraph\">She founded and managed Musiques &amp; Recherches and the M\u00e9tamorphoses d\u2019Orph\u00e9e studios (Ohain, 1982). She also launched a series of concerts and an acousmatics festival called L\u2019Espace du son (Brussels, 1984; annual since 1994), after assembling a 60-loudspeaker system, an acousmonium, derived from the sound projection system designed by Fran\u00e7ois Bayle. She is the editor of the musical aesthetics review Lien and R\u00e9pertoire \u00c9lectrO-CD (1993, 1997, 1998), a directory of electroacoustic works. She also founded the composition competition M\u00e9tamorphoses and the spatialized performance competition Espace du son. <\/p>\n\n\n\n<iframe style=\"border: 0; width: 350px; height: 654px;\" src=\"https:\/\/bandcamp.com\/EmbeddedPlayer\/album=945362664\/size=large\/bgcol=ffffff\/linkcol=0687f5\/transparent=true\/\" seamless=\"\"><a href=\"https:\/\/empreintesdigitales.bandcamp.com\/album\/exils\">Exils by Annette Vande Gorne<\/a><\/iframe>\n\n\n\n<p class=\"wp-block-paragraph\"><strong>Iannis Xenakis<\/strong><\/p>\n\n\n\n<p class=\"wp-block-paragraph\">Math\u00e9maticien, architecte, musicien, \u00e9crivain, professeur, et graphiste, le compositeur grec Iannis Xenakis est sans contredit l\u2019une des figures de proue de l\u2019avant-garde musicale du XXe si\u00e8cle. Collaborateur de Le Corbusier, avec qui il a particip\u00e9 \u00e0 la r\u00e9alisation du Pavillon Philips pour l\u2019exposition universelle de Bruxelles, Xenakis s\u2019est aussi illustr\u00e9 dans une autre exposition universelle, celle de Montr\u00e9al, o\u00f9 il a propos\u00e9 son premier \u00ab&nbsp;polytope&nbsp;\u00bb en 1967. C\u2019est en 1971, pour la c\u00e9r\u00e9monie d\u2019ouverture de la cinqui\u00e8me \u00e9dition du festival annuel des Arts de Chiraz-Pers\u00e9polis, qu\u2019il r\u00e9alise le Polytope de Pers\u00e9polis, dont la musique constitue sa plus longue \u0153uvre \u00e9lectroacoustique.<\/p>\n\n\n\n<p class=\"wp-block-paragraph\">A mathematician, architect, musician, writer, teacher, and graphic designer, Greek composer Iannis Xenakis was without doubt one of the leading figures in the musical avant-garde of the 20th century. Following his collaboration with Le Corbusier for the Philips Pavilion at the Brussels World\u2019s Fair, Xenakis exhibited his first \u201cpolytope\u201d at the Montr\u00e9al Expo \u201867. In 1971, as part of the opening ceremony of the fifth annual Festival of Arts Shiraz-Persepolis, he presented&nbsp;<em>Polytope of Persepolis<\/em>, his longest electroacoustic music composition.<\/p>\n\n\n\n<iframe style=\"border: 0; width: 350px; height: 555px;\" src=\"https:\/\/bandcamp.com\/EmbeddedPlayer\/album=2454819653\/size=large\/bgcol=ffffff\/linkcol=0687f5\/transparent=true\/\" seamless=\"\"><a href=\"https:\/\/iannisxenakis.bandcamp.com\/album\/xenakis-edition-15-orchestral-works-mode299\">Xenakis Edition 15: Orchestral Works (mode299) by Iannis Xenakis<\/a><\/iframe>\n\n\n\n<p class=\"wp-block-paragraph\"><strong><a href=\"https:\/\/usine-c.tuxedobillet.com\/main\/akousma-18\" target=\"_blank\" rel=\"noreferrer noopener\">POUR ACHETER VOTRE BILLET, C\u2019EST ICI!<\/a><\/strong><\/p>\n\n\n\n<p class=\"wp-block-paragraph\"><strong><em>Ce contenu provient du festival Akousma et est adapt\u00e9 par PAN M 360.<\/em><\/strong><\/p>\n","protected":false},"excerpt":{"rendered":"<p>Annette Vande Gorde Professeure de composition acousmatique au Conservatoire royal de Li\u00e8ge (1986), puis de Bruxelles (1987) et de Mons (1993). Elle dirige aussi depuis 1999 un stage international d\u2019\u00e9t\u00e9 sur la spatialisation et, depuis 1987 sur la composition \u00e9lectroacoustique. Ses \u0153uvres sont entendues dans tous les festivals et \u00e9missions radiophoniques qui laissent place \u00e0 [&hellip;]<\/p>\n","protected":false},"author":936,"featured_media":0,"menu_order":0,"template":"","format":"standard","meta":{"_acf_changed":false,"_crdt_document":""},"categories":[4322],"tags":[],"generale":[3814],"genre":[3154,3159],"pays":[3829,4829],"salle":[7102],"ville":[7246],"class_list":["post-80006","agenda","type-agenda","status-publish","format-standard","hentry","category-listings-360","generale-lire-en","genre-electroacoustic","genre-experimental-2","pays-france-en","pays-greece","salle-usine-c-en","ville-montreal-en"],"acf":[],"yoast_head":"<!-- This site is optimized with the Yoast SEO plugin v27.4 - https:\/\/yoast.com\/product\/yoast-seo-wordpress\/ -->\n<title>Le Festival Akousma pr\u00e9sente Annette Vande Gorde et Iannis Xenakis - PAN M 360<\/title>\n<meta name=\"robots\" content=\"index, follow, max-snippet:-1, max-image-preview:large, max-video-preview:-1\" \/>\n<link rel=\"canonical\" href=\"https:\/\/panm360.com\/en\/agenda\/le-festival-akousma-presente-annette-vande-gorde-et-iannis-xenakis\/\" \/>\n<meta property=\"og:locale\" content=\"en_US\" \/>\n<meta property=\"og:type\" content=\"article\" \/>\n<meta property=\"og:title\" content=\"Le Festival Akousma pr\u00e9sente Annette Vande Gorde et Iannis Xenakis - PAN M 360\" \/>\n<meta property=\"og:description\" content=\"Annette Vande Gorde Professeure de composition acousmatique au Conservatoire royal de Li\u00e8ge (1986), puis de Bruxelles (1987) et de Mons (1993). Elle dirige aussi depuis 1999 un stage international d\u2019\u00e9t\u00e9 sur la spatialisation et, depuis 1987 sur la composition \u00e9lectroacoustique. Ses \u0153uvres sont entendues dans tous les festivals et \u00e9missions radiophoniques qui laissent place \u00e0 [&hellip;]\" \/>\n<meta property=\"og:url\" content=\"https:\/\/panm360.com\/en\/agenda\/le-festival-akousma-presente-annette-vande-gorde-et-iannis-xenakis\/\" \/>\n<meta property=\"og:site_name\" content=\"PAN M 360\" \/>\n<meta property=\"article:publisher\" content=\"https:\/\/www.facebook.com\/panm360\/\" \/>\n<meta property=\"article:modified_time\" content=\"2022-10-10T13:54:12+00:00\" \/>\n<meta property=\"og:image\" content=\"https:\/\/panm360.com\/wp-content\/uploads\/2022\/10\/Carree-Annette-Vandegorne-Photo-Credits-Chantale-Laplante.jpg\" \/>\n\t<meta property=\"og:image:width\" content=\"300\" \/>\n\t<meta property=\"og:image:height\" content=\"300\" \/>\n\t<meta property=\"og:image:type\" content=\"image\/jpeg\" \/>\n<meta name=\"twitter:card\" content=\"summary_large_image\" \/>\n<meta name=\"twitter:site\" content=\"@PANM360\" \/>\n<meta name=\"twitter:label1\" content=\"Est. reading time\" \/>\n\t<meta name=\"twitter:data1\" content=\"3 minutes\" \/>\n<script type=\"application\/ld+json\" class=\"yoast-schema-graph\">{\"@context\":\"https:\\\/\\\/schema.org\",\"@graph\":[{\"@type\":\"WebPage\",\"@id\":\"https:\\\/\\\/panm360.com\\\/en\\\/agenda\\\/le-festival-akousma-presente-annette-vande-gorde-et-iannis-xenakis\\\/\",\"url\":\"https:\\\/\\\/panm360.com\\\/en\\\/agenda\\\/le-festival-akousma-presente-annette-vande-gorde-et-iannis-xenakis\\\/\",\"name\":\"Le Festival Akousma pr\u00e9sente Annette Vande Gorde et Iannis Xenakis - PAN M 360\",\"isPartOf\":{\"@id\":\"https:\\\/\\\/panm360.com\\\/en\\\/#website\"},\"datePublished\":\"2022-10-10T13:46:27+00:00\",\"dateModified\":\"2022-10-10T13:54:12+00:00\",\"breadcrumb\":{\"@id\":\"https:\\\/\\\/panm360.com\\\/en\\\/agenda\\\/le-festival-akousma-presente-annette-vande-gorde-et-iannis-xenakis\\\/#breadcrumb\"},\"inLanguage\":\"en-US\",\"potentialAction\":[{\"@type\":\"ReadAction\",\"target\":[\"https:\\\/\\\/panm360.com\\\/en\\\/agenda\\\/le-festival-akousma-presente-annette-vande-gorde-et-iannis-xenakis\\\/\"]}]},{\"@type\":\"BreadcrumbList\",\"@id\":\"https:\\\/\\\/panm360.com\\\/en\\\/agenda\\\/le-festival-akousma-presente-annette-vande-gorde-et-iannis-xenakis\\\/#breadcrumb\",\"itemListElement\":[{\"@type\":\"ListItem\",\"position\":1,\"name\":\"Accueil\",\"item\":\"https:\\\/\\\/panm360.com\\\/en\\\/\"},{\"@type\":\"ListItem\",\"position\":2,\"name\":\"Listings\",\"item\":\"https:\\\/\\\/panm360.com\\\/en\\\/agenda\\\/\"},{\"@type\":\"ListItem\",\"position\":3,\"name\":\"Le Festival Akousma pr\u00e9sente Annette Vande Gorde et Iannis Xenakis\"}]},{\"@type\":\"WebSite\",\"@id\":\"https:\\\/\\\/panm360.com\\\/en\\\/#website\",\"url\":\"https:\\\/\\\/panm360.com\\\/en\\\/\",\"name\":\"PAN M 360\",\"description\":\"Le m\u00e9dia num\u00e9rique de la musique !\",\"publisher\":{\"@id\":\"https:\\\/\\\/panm360.com\\\/en\\\/#organization\"},\"potentialAction\":[{\"@type\":\"SearchAction\",\"target\":{\"@type\":\"EntryPoint\",\"urlTemplate\":\"https:\\\/\\\/panm360.com\\\/en\\\/?s={search_term_string}\"},\"query-input\":{\"@type\":\"PropertyValueSpecification\",\"valueRequired\":true,\"valueName\":\"search_term_string\"}}],\"inLanguage\":\"en-US\"},{\"@type\":\"Organization\",\"@id\":\"https:\\\/\\\/panm360.com\\\/en\\\/#organization\",\"name\":\"PAN M 360\",\"url\":\"https:\\\/\\\/panm360.com\\\/en\\\/\",\"logo\":{\"@type\":\"ImageObject\",\"inLanguage\":\"en-US\",\"@id\":\"https:\\\/\\\/panm360.com\\\/en\\\/#\\\/schema\\\/logo\\\/image\\\/\",\"url\":\"https:\\\/\\\/panm360.com\\\/wp-content\\\/uploads\\\/2019\\\/12\\\/PAN-M360_Logo_RGB.jpg\",\"contentUrl\":\"https:\\\/\\\/panm360.com\\\/wp-content\\\/uploads\\\/2019\\\/12\\\/PAN-M360_Logo_RGB.jpg\",\"width\":1663,\"height\":631,\"caption\":\"PAN M 360\"},\"image\":{\"@id\":\"https:\\\/\\\/panm360.com\\\/en\\\/#\\\/schema\\\/logo\\\/image\\\/\"},\"sameAs\":[\"https:\\\/\\\/www.facebook.com\\\/panm360\\\/\",\"https:\\\/\\\/x.com\\\/PANM360\",\"https:\\\/\\\/www.instagram.com\\\/panm360\\\/\",\"https:\\\/\\\/www.linkedin.com\\\/company\\\/panm360\\\/\",\"https:\\\/\\\/www.youtube.com\\\/channel\\\/UCHEFHd3UhIrV6EJ3ltzVKOA?view_as=subscriber\"]}]}<\/script>\n<!-- \/ Yoast SEO plugin. -->","yoast_head_json":{"title":"Le Festival Akousma pr\u00e9sente Annette Vande Gorde et Iannis Xenakis - PAN M 360","robots":{"index":"index","follow":"follow","max-snippet":"max-snippet:-1","max-image-preview":"max-image-preview:large","max-video-preview":"max-video-preview:-1"},"canonical":"https:\/\/panm360.com\/en\/agenda\/le-festival-akousma-presente-annette-vande-gorde-et-iannis-xenakis\/","og_locale":"en_US","og_type":"article","og_title":"Le Festival Akousma pr\u00e9sente Annette Vande Gorde et Iannis Xenakis - PAN M 360","og_description":"Annette Vande Gorde Professeure de composition acousmatique au Conservatoire royal de Li\u00e8ge (1986), puis de Bruxelles (1987) et de Mons (1993). Elle dirige aussi depuis 1999 un stage international d\u2019\u00e9t\u00e9 sur la spatialisation et, depuis 1987 sur la composition \u00e9lectroacoustique. Ses \u0153uvres sont entendues dans tous les festivals et \u00e9missions radiophoniques qui laissent place \u00e0 [&hellip;]","og_url":"https:\/\/panm360.com\/en\/agenda\/le-festival-akousma-presente-annette-vande-gorde-et-iannis-xenakis\/","og_site_name":"PAN M 360","article_publisher":"https:\/\/www.facebook.com\/panm360\/","article_modified_time":"2022-10-10T13:54:12+00:00","og_image":[{"width":300,"height":300,"url":"https:\/\/panm360.com\/wp-content\/uploads\/2022\/10\/Carree-Annette-Vandegorne-Photo-Credits-Chantale-Laplante.jpg","type":"image\/jpeg"}],"twitter_card":"summary_large_image","twitter_site":"@PANM360","twitter_misc":{"Est. reading time":"3 minutes"},"schema":{"@context":"https:\/\/schema.org","@graph":[{"@type":"WebPage","@id":"https:\/\/panm360.com\/en\/agenda\/le-festival-akousma-presente-annette-vande-gorde-et-iannis-xenakis\/","url":"https:\/\/panm360.com\/en\/agenda\/le-festival-akousma-presente-annette-vande-gorde-et-iannis-xenakis\/","name":"Le Festival Akousma pr\u00e9sente Annette Vande Gorde et Iannis Xenakis - PAN M 360","isPartOf":{"@id":"https:\/\/panm360.com\/en\/#website"},"datePublished":"2022-10-10T13:46:27+00:00","dateModified":"2022-10-10T13:54:12+00:00","breadcrumb":{"@id":"https:\/\/panm360.com\/en\/agenda\/le-festival-akousma-presente-annette-vande-gorde-et-iannis-xenakis\/#breadcrumb"},"inLanguage":"en-US","potentialAction":[{"@type":"ReadAction","target":["https:\/\/panm360.com\/en\/agenda\/le-festival-akousma-presente-annette-vande-gorde-et-iannis-xenakis\/"]}]},{"@type":"BreadcrumbList","@id":"https:\/\/panm360.com\/en\/agenda\/le-festival-akousma-presente-annette-vande-gorde-et-iannis-xenakis\/#breadcrumb","itemListElement":[{"@type":"ListItem","position":1,"name":"Accueil","item":"https:\/\/panm360.com\/en\/"},{"@type":"ListItem","position":2,"name":"Listings","item":"https:\/\/panm360.com\/en\/agenda\/"},{"@type":"ListItem","position":3,"name":"Le Festival Akousma pr\u00e9sente Annette Vande Gorde et Iannis Xenakis"}]},{"@type":"WebSite","@id":"https:\/\/panm360.com\/en\/#website","url":"https:\/\/panm360.com\/en\/","name":"PAN M 360","description":"Le m\u00e9dia num\u00e9rique de la musique !","publisher":{"@id":"https:\/\/panm360.com\/en\/#organization"},"potentialAction":[{"@type":"SearchAction","target":{"@type":"EntryPoint","urlTemplate":"https:\/\/panm360.com\/en\/?s={search_term_string}"},"query-input":{"@type":"PropertyValueSpecification","valueRequired":true,"valueName":"search_term_string"}}],"inLanguage":"en-US"},{"@type":"Organization","@id":"https:\/\/panm360.com\/en\/#organization","name":"PAN M 360","url":"https:\/\/panm360.com\/en\/","logo":{"@type":"ImageObject","inLanguage":"en-US","@id":"https:\/\/panm360.com\/en\/#\/schema\/logo\/image\/","url":"https:\/\/panm360.com\/wp-content\/uploads\/2019\/12\/PAN-M360_Logo_RGB.jpg","contentUrl":"https:\/\/panm360.com\/wp-content\/uploads\/2019\/12\/PAN-M360_Logo_RGB.jpg","width":1663,"height":631,"caption":"PAN M 360"},"image":{"@id":"https:\/\/panm360.com\/en\/#\/schema\/logo\/image\/"},"sameAs":["https:\/\/www.facebook.com\/panm360\/","https:\/\/x.com\/PANM360","https:\/\/www.instagram.com\/panm360\/","https:\/\/www.linkedin.com\/company\/panm360\/","https:\/\/www.youtube.com\/channel\/UCHEFHd3UhIrV6EJ3ltzVKOA?view_as=subscriber"]}]}},"_links":{"self":[{"href":"https:\/\/panm360.com\/en\/wp-json\/wp\/v2\/agenda\/80006","targetHints":{"allow":["GET"]}}],"collection":[{"href":"https:\/\/panm360.com\/en\/wp-json\/wp\/v2\/agenda"}],"about":[{"href":"https:\/\/panm360.com\/en\/wp-json\/wp\/v2\/types\/agenda"}],"author":[{"embeddable":true,"href":"https:\/\/panm360.com\/en\/wp-json\/wp\/v2\/users\/936"}],"wp:attachment":[{"href":"https:\/\/panm360.com\/en\/wp-json\/wp\/v2\/media?parent=80006"}],"wp:term":[{"taxonomy":"category","embeddable":true,"href":"https:\/\/panm360.com\/en\/wp-json\/wp\/v2\/categories?post=80006"},{"taxonomy":"post_tag","embeddable":true,"href":"https:\/\/panm360.com\/en\/wp-json\/wp\/v2\/tags?post=80006"},{"taxonomy":"generale","embeddable":true,"href":"https:\/\/panm360.com\/en\/wp-json\/wp\/v2\/generale?post=80006"},{"taxonomy":"genre","embeddable":true,"href":"https:\/\/panm360.com\/en\/wp-json\/wp\/v2\/genre?post=80006"},{"taxonomy":"pays","embeddable":true,"href":"https:\/\/panm360.com\/en\/wp-json\/wp\/v2\/pays?post=80006"},{"taxonomy":"salle","embeddable":true,"href":"https:\/\/panm360.com\/en\/wp-json\/wp\/v2\/salle?post=80006"},{"taxonomy":"ville","embeddable":true,"href":"https:\/\/panm360.com\/en\/wp-json\/wp\/v2\/ville?post=80006"}],"curies":[{"name":"wp","href":"https:\/\/api.w.org\/{rel}","templated":true}]}}