{"id":79624,"date":"2022-10-09T09:40:00","date_gmt":"2022-10-09T13:40:00","guid":{"rendered":"https:\/\/panm360.com\/?post_type=agenda&#038;p=79624"},"modified":"2022-10-09T09:58:26","modified_gmt":"2022-10-09T13:58:26","slug":"quilapayun-du-chili-en-concert","status":"publish","type":"agenda","link":"https:\/\/panm360.com\/en\/agenda\/quilapayun-du-chili-en-concert\/","title":{"rendered":"Quilapayun du Chili en concert"},"content":{"rendered":"\n<p class=\"wp-block-paragraph\">Accueilli \u00e0 Montr\u00e9al il y a plus de trois d\u00e9cennies et pr\u00e9sent\u00e9 par Gilles Vigneault, Pauline Julien, Paul Pich\u00e9 et Claude Gauthier\u00a0au Th\u00e9\u00e2tre Saint-Denis et ensuite dans la Salle Wilfrid-Pelletier de la Place des Arts dans une salle comble, Quilapayun revient aujourd\u2019hui non pas de leur exil en France, mais du Chili o\u00f9 ils habitent. \u00c0 l\u2019heure des changements politiques au Chili et avec l\u2019espoir de l\u2019adoption d\u2019une nouvelle constitution, plus repr\u00e9sentative et plus d\u00e9mocratique, pour remplacer celle h\u00e9rit\u00e9e\u00a0de la dictature.<\/p>\n\n\n\n<p class=\"wp-block-paragraph\">Quilapayun est l\u2019expression musicale la plus engag\u00e9e et la plus politique du Chili. Aim\u00e9s et respect\u00e9s par les Qu\u00e9b\u00e9cois et les Canadiens solidaires de la d\u00e9mocratie et du respect de droits humains. Quilapay\u00fan, rayonne encore aujourd\u2019hui par sa musique socialement engag\u00e9e, par leurs concerts offerts pendant plus de trente ans \u00e0 travers le monde. Ce retour au Canada sera une tourn\u00e9e d\u2019adieu, un au revoir au public montr\u00e9alais et \u00e0 la communaut\u00e9 chilienne. Pour cette raison, ce sera une derni\u00e8re occasion d\u2019assister \u00e0 leur spectacle et d\u2019entendre les chansons de ces combattants historiques de la libert\u00e9.&nbsp;<\/p>\n\n\n\n<p class=\"wp-block-paragraph\">The Chilean group Quilapayun last visited Montreal more than three decades ago, when they played packed concert halls, warmly welcomed by Gilles Vigneault, Pauline Julien, Paul Pich\u00e9 and Claude Gauthier&nbsp;at Th\u00e9\u00e2tre Saint-Denis and performing a second show to an enthusiastic crowd at Place des Arts. After living in exile in France, the group returned to Chile. Now, at a moment of promising political change in that country, with the hope for a new Constitution and the renewal of democracy, Montreal audiences will have an opportunity to hear Quilapayun in concert once again.<\/p>\n\n\n\n<p class=\"wp-block-paragraph\">Quilapay\u00fan is Chile&#8217;s most politically engaged musical ensemble. Long beloved and respected by Quebecers and Canadians who feel a sense of solidarity with international struggles for democracy and human rights, Quilapay\u00fan continues to shine today with its socially committed music, performed in concert around the world for more than 30 years. The group\u2019s return to Quebec will be a farewell tour, an occasion to reconnect one last time with their Montreal public and the Chilean community in Montreal. Don\u2019t miss the opportunity to attend the show and hear the songs of these historic musical freedom fighters!<\/p>\n\n\n\n<p class=\"wp-block-paragraph\"><strong><a href=\"https:\/\/am.ticketmaster.com\/pda\/en\/virtual-venue\/UDJNMTAwOQ==?_ga=2.196178414.359300739.1664470479-2102109193.1644510913\" target=\"_blank\" rel=\"noreferrer noopener\">POUR ACHETER VOTRE BILLET, C\u2019EST ICI!<\/a><\/strong><\/p>\n\n\n\n<iframe style=\"border-radius:12px\" src=\"https:\/\/open.spotify.com\/embed\/album\/0JYh0kQQW7efIEQBXbGB4Q?utm_source=generator\" width=\"100%\" height=\"380\" frameborder=\"0\" allowfullscreen=\"\" allow=\"autoplay; clipboard-write; encrypted-media; fullscreen; picture-in-picture\" loading=\"lazy\"><\/iframe>\n\n\n\n<p class=\"wp-block-paragraph\"><strong><em>Ce contenu provient de la Place des Arts et est adapt\u00e9 par PAN M 360.<\/em><\/strong><\/p>\n","protected":false},"excerpt":{"rendered":"<p>Accueilli \u00e0 Montr\u00e9al il y a plus de trois d\u00e9cennies et pr\u00e9sent\u00e9 par Gilles Vigneault, Pauline Julien, Paul Pich\u00e9 et Claude Gauthier\u00a0au Th\u00e9\u00e2tre Saint-Denis et ensuite dans la Salle Wilfrid-Pelletier de la Place des Arts dans une salle comble, Quilapayun revient aujourd\u2019hui non pas de leur exil en France, mais du Chili o\u00f9 ils habitent. [&hellip;]<\/p>\n","protected":false},"author":936,"featured_media":0,"menu_order":0,"template":"","format":"standard","meta":{"_acf_changed":false,"_crdt_document":""},"categories":[4322],"tags":[],"generale":[3814],"genre":[],"pays":[4327],"salle":[7041],"ville":[7246],"class_list":["post-79624","agenda","type-agenda","status-publish","format-standard","hentry","category-listings-360","generale-lire-en","pays-chile","salle-theatre-maisonneuve-en","ville-montreal-en"],"acf":[],"yoast_head":"<!-- This site is optimized with the Yoast SEO plugin v27.4 - https:\/\/yoast.com\/product\/yoast-seo-wordpress\/ -->\n<title>Quilapayun du Chili en concert - PAN M 360<\/title>\n<meta name=\"robots\" content=\"index, follow, max-snippet:-1, max-image-preview:large, max-video-preview:-1\" \/>\n<link rel=\"canonical\" href=\"https:\/\/panm360.com\/en\/agenda\/quilapayun-du-chili-en-concert\/\" \/>\n<meta property=\"og:locale\" content=\"en_US\" \/>\n<meta property=\"og:type\" content=\"article\" \/>\n<meta property=\"og:title\" content=\"Quilapayun du Chili en concert - PAN M 360\" \/>\n<meta property=\"og:description\" content=\"Accueilli \u00e0 Montr\u00e9al il y a plus de trois d\u00e9cennies et pr\u00e9sent\u00e9 par Gilles Vigneault, Pauline Julien, Paul Pich\u00e9 et Claude Gauthier\u00a0au Th\u00e9\u00e2tre Saint-Denis et ensuite dans la Salle Wilfrid-Pelletier de la Place des Arts dans une salle comble, Quilapayun revient aujourd\u2019hui non pas de leur exil en France, mais du Chili o\u00f9 ils habitent. [&hellip;]\" \/>\n<meta property=\"og:url\" content=\"https:\/\/panm360.com\/en\/agenda\/quilapayun-du-chili-en-concert\/\" \/>\n<meta property=\"og:site_name\" content=\"PAN M 360\" \/>\n<meta property=\"article:publisher\" content=\"https:\/\/www.facebook.com\/panm360\/\" \/>\n<meta property=\"article:modified_time\" content=\"2022-10-09T13:58:26+00:00\" \/>\n<meta property=\"og:image\" content=\"https:\/\/panm360.com\/wp-content\/uploads\/2022\/09\/221009_Quilapayun_775.jpg\" \/>\n\t<meta property=\"og:image:width\" content=\"775\" \/>\n\t<meta property=\"og:image:height\" content=\"515\" \/>\n\t<meta property=\"og:image:type\" content=\"image\/jpeg\" \/>\n<meta name=\"twitter:card\" content=\"summary_large_image\" \/>\n<meta name=\"twitter:site\" content=\"@PANM360\" \/>\n<meta name=\"twitter:label1\" content=\"Est. reading time\" \/>\n\t<meta name=\"twitter:data1\" content=\"2 minutes\" \/>\n<script type=\"application\/ld+json\" class=\"yoast-schema-graph\">{\"@context\":\"https:\\\/\\\/schema.org\",\"@graph\":[{\"@type\":\"WebPage\",\"@id\":\"https:\\\/\\\/panm360.com\\\/en\\\/agenda\\\/quilapayun-du-chili-en-concert\\\/\",\"url\":\"https:\\\/\\\/panm360.com\\\/en\\\/agenda\\\/quilapayun-du-chili-en-concert\\\/\",\"name\":\"Quilapayun du Chili en concert - PAN M 360\",\"isPartOf\":{\"@id\":\"https:\\\/\\\/panm360.com\\\/en\\\/#website\"},\"datePublished\":\"2022-10-09T13:40:00+00:00\",\"dateModified\":\"2022-10-09T13:58:26+00:00\",\"breadcrumb\":{\"@id\":\"https:\\\/\\\/panm360.com\\\/en\\\/agenda\\\/quilapayun-du-chili-en-concert\\\/#breadcrumb\"},\"inLanguage\":\"en-US\",\"potentialAction\":[{\"@type\":\"ReadAction\",\"target\":[\"https:\\\/\\\/panm360.com\\\/en\\\/agenda\\\/quilapayun-du-chili-en-concert\\\/\"]}]},{\"@type\":\"BreadcrumbList\",\"@id\":\"https:\\\/\\\/panm360.com\\\/en\\\/agenda\\\/quilapayun-du-chili-en-concert\\\/#breadcrumb\",\"itemListElement\":[{\"@type\":\"ListItem\",\"position\":1,\"name\":\"Accueil\",\"item\":\"https:\\\/\\\/panm360.com\\\/en\\\/\"},{\"@type\":\"ListItem\",\"position\":2,\"name\":\"Listings\",\"item\":\"https:\\\/\\\/panm360.com\\\/en\\\/agenda\\\/\"},{\"@type\":\"ListItem\",\"position\":3,\"name\":\"Quilapayun du Chili en concert\"}]},{\"@type\":\"WebSite\",\"@id\":\"https:\\\/\\\/panm360.com\\\/en\\\/#website\",\"url\":\"https:\\\/\\\/panm360.com\\\/en\\\/\",\"name\":\"PAN M 360\",\"description\":\"Le m\u00e9dia num\u00e9rique de la musique !\",\"publisher\":{\"@id\":\"https:\\\/\\\/panm360.com\\\/en\\\/#organization\"},\"potentialAction\":[{\"@type\":\"SearchAction\",\"target\":{\"@type\":\"EntryPoint\",\"urlTemplate\":\"https:\\\/\\\/panm360.com\\\/en\\\/?s={search_term_string}\"},\"query-input\":{\"@type\":\"PropertyValueSpecification\",\"valueRequired\":true,\"valueName\":\"search_term_string\"}}],\"inLanguage\":\"en-US\"},{\"@type\":\"Organization\",\"@id\":\"https:\\\/\\\/panm360.com\\\/en\\\/#organization\",\"name\":\"PAN M 360\",\"url\":\"https:\\\/\\\/panm360.com\\\/en\\\/\",\"logo\":{\"@type\":\"ImageObject\",\"inLanguage\":\"en-US\",\"@id\":\"https:\\\/\\\/panm360.com\\\/en\\\/#\\\/schema\\\/logo\\\/image\\\/\",\"url\":\"https:\\\/\\\/panm360.com\\\/wp-content\\\/uploads\\\/2019\\\/12\\\/PAN-M360_Logo_RGB.jpg\",\"contentUrl\":\"https:\\\/\\\/panm360.com\\\/wp-content\\\/uploads\\\/2019\\\/12\\\/PAN-M360_Logo_RGB.jpg\",\"width\":1663,\"height\":631,\"caption\":\"PAN M 360\"},\"image\":{\"@id\":\"https:\\\/\\\/panm360.com\\\/en\\\/#\\\/schema\\\/logo\\\/image\\\/\"},\"sameAs\":[\"https:\\\/\\\/www.facebook.com\\\/panm360\\\/\",\"https:\\\/\\\/x.com\\\/PANM360\",\"https:\\\/\\\/www.instagram.com\\\/panm360\\\/\",\"https:\\\/\\\/www.linkedin.com\\\/company\\\/panm360\\\/\",\"https:\\\/\\\/www.youtube.com\\\/channel\\\/UCHEFHd3UhIrV6EJ3ltzVKOA?view_as=subscriber\"]}]}<\/script>\n<!-- \/ Yoast SEO plugin. -->","yoast_head_json":{"title":"Quilapayun du Chili en concert - PAN M 360","robots":{"index":"index","follow":"follow","max-snippet":"max-snippet:-1","max-image-preview":"max-image-preview:large","max-video-preview":"max-video-preview:-1"},"canonical":"https:\/\/panm360.com\/en\/agenda\/quilapayun-du-chili-en-concert\/","og_locale":"en_US","og_type":"article","og_title":"Quilapayun du Chili en concert - PAN M 360","og_description":"Accueilli \u00e0 Montr\u00e9al il y a plus de trois d\u00e9cennies et pr\u00e9sent\u00e9 par Gilles Vigneault, Pauline Julien, Paul Pich\u00e9 et Claude Gauthier\u00a0au Th\u00e9\u00e2tre Saint-Denis et ensuite dans la Salle Wilfrid-Pelletier de la Place des Arts dans une salle comble, Quilapayun revient aujourd\u2019hui non pas de leur exil en France, mais du Chili o\u00f9 ils habitent. [&hellip;]","og_url":"https:\/\/panm360.com\/en\/agenda\/quilapayun-du-chili-en-concert\/","og_site_name":"PAN M 360","article_publisher":"https:\/\/www.facebook.com\/panm360\/","article_modified_time":"2022-10-09T13:58:26+00:00","og_image":[{"width":775,"height":515,"url":"https:\/\/panm360.com\/wp-content\/uploads\/2022\/09\/221009_Quilapayun_775.jpg","type":"image\/jpeg"}],"twitter_card":"summary_large_image","twitter_site":"@PANM360","twitter_misc":{"Est. reading time":"2 minutes"},"schema":{"@context":"https:\/\/schema.org","@graph":[{"@type":"WebPage","@id":"https:\/\/panm360.com\/en\/agenda\/quilapayun-du-chili-en-concert\/","url":"https:\/\/panm360.com\/en\/agenda\/quilapayun-du-chili-en-concert\/","name":"Quilapayun du Chili en concert - PAN M 360","isPartOf":{"@id":"https:\/\/panm360.com\/en\/#website"},"datePublished":"2022-10-09T13:40:00+00:00","dateModified":"2022-10-09T13:58:26+00:00","breadcrumb":{"@id":"https:\/\/panm360.com\/en\/agenda\/quilapayun-du-chili-en-concert\/#breadcrumb"},"inLanguage":"en-US","potentialAction":[{"@type":"ReadAction","target":["https:\/\/panm360.com\/en\/agenda\/quilapayun-du-chili-en-concert\/"]}]},{"@type":"BreadcrumbList","@id":"https:\/\/panm360.com\/en\/agenda\/quilapayun-du-chili-en-concert\/#breadcrumb","itemListElement":[{"@type":"ListItem","position":1,"name":"Accueil","item":"https:\/\/panm360.com\/en\/"},{"@type":"ListItem","position":2,"name":"Listings","item":"https:\/\/panm360.com\/en\/agenda\/"},{"@type":"ListItem","position":3,"name":"Quilapayun du Chili en concert"}]},{"@type":"WebSite","@id":"https:\/\/panm360.com\/en\/#website","url":"https:\/\/panm360.com\/en\/","name":"PAN M 360","description":"Le m\u00e9dia num\u00e9rique de la musique !","publisher":{"@id":"https:\/\/panm360.com\/en\/#organization"},"potentialAction":[{"@type":"SearchAction","target":{"@type":"EntryPoint","urlTemplate":"https:\/\/panm360.com\/en\/?s={search_term_string}"},"query-input":{"@type":"PropertyValueSpecification","valueRequired":true,"valueName":"search_term_string"}}],"inLanguage":"en-US"},{"@type":"Organization","@id":"https:\/\/panm360.com\/en\/#organization","name":"PAN M 360","url":"https:\/\/panm360.com\/en\/","logo":{"@type":"ImageObject","inLanguage":"en-US","@id":"https:\/\/panm360.com\/en\/#\/schema\/logo\/image\/","url":"https:\/\/panm360.com\/wp-content\/uploads\/2019\/12\/PAN-M360_Logo_RGB.jpg","contentUrl":"https:\/\/panm360.com\/wp-content\/uploads\/2019\/12\/PAN-M360_Logo_RGB.jpg","width":1663,"height":631,"caption":"PAN M 360"},"image":{"@id":"https:\/\/panm360.com\/en\/#\/schema\/logo\/image\/"},"sameAs":["https:\/\/www.facebook.com\/panm360\/","https:\/\/x.com\/PANM360","https:\/\/www.instagram.com\/panm360\/","https:\/\/www.linkedin.com\/company\/panm360\/","https:\/\/www.youtube.com\/channel\/UCHEFHd3UhIrV6EJ3ltzVKOA?view_as=subscriber"]}]}},"_links":{"self":[{"href":"https:\/\/panm360.com\/en\/wp-json\/wp\/v2\/agenda\/79624","targetHints":{"allow":["GET"]}}],"collection":[{"href":"https:\/\/panm360.com\/en\/wp-json\/wp\/v2\/agenda"}],"about":[{"href":"https:\/\/panm360.com\/en\/wp-json\/wp\/v2\/types\/agenda"}],"author":[{"embeddable":true,"href":"https:\/\/panm360.com\/en\/wp-json\/wp\/v2\/users\/936"}],"wp:attachment":[{"href":"https:\/\/panm360.com\/en\/wp-json\/wp\/v2\/media?parent=79624"}],"wp:term":[{"taxonomy":"category","embeddable":true,"href":"https:\/\/panm360.com\/en\/wp-json\/wp\/v2\/categories?post=79624"},{"taxonomy":"post_tag","embeddable":true,"href":"https:\/\/panm360.com\/en\/wp-json\/wp\/v2\/tags?post=79624"},{"taxonomy":"generale","embeddable":true,"href":"https:\/\/panm360.com\/en\/wp-json\/wp\/v2\/generale?post=79624"},{"taxonomy":"genre","embeddable":true,"href":"https:\/\/panm360.com\/en\/wp-json\/wp\/v2\/genre?post=79624"},{"taxonomy":"pays","embeddable":true,"href":"https:\/\/panm360.com\/en\/wp-json\/wp\/v2\/pays?post=79624"},{"taxonomy":"salle","embeddable":true,"href":"https:\/\/panm360.com\/en\/wp-json\/wp\/v2\/salle?post=79624"},{"taxonomy":"ville","embeddable":true,"href":"https:\/\/panm360.com\/en\/wp-json\/wp\/v2\/ville?post=79624"}],"curies":[{"name":"wp","href":"https:\/\/api.w.org\/{rel}","templated":true}]}}