{"id":79436,"date":"2022-09-20T15:32:00","date_gmt":"2022-09-20T19:32:00","guid":{"rendered":"https:\/\/panm360.com\/?post_type=agenda&#038;p=79436"},"modified":"2022-09-26T15:33:32","modified_gmt":"2022-09-26T19:33:32","slug":"pop-montreal-presente-lydia-kepinski-au-theatre-fairmount","status":"publish","type":"agenda","link":"https:\/\/panm360.com\/en\/agenda\/pop-montreal-presente-lydia-kepinski-au-theatre-fairmount\/","title":{"rendered":"POP Montr\u00e9al pr\u00e9sente Lydia K\u00e9pinski au Th\u00e9\u00e2tre Fairmount"},"content":{"rendered":"\n<p class=\"wp-block-paragraph\">Lydia K\u00e9pinski canalise son \u00e9nergie expansive d\u2019enfant sp\u00e9ciale dans la musique, apprenant le piano classique puis la guitare. La montr\u00e9alaise est revenue en force au printemps 2022 avec un deuxi\u00e8me album intitul\u00e9 Depuis \u2013 un m\u00e9lange foisonnant de r\u00e9f\u00e9rences autobiographiques et d\u2019aventures \u00e9mancipatrices qui traitent des vertiges de l\u2019identit\u00e9 en se r\u00e9fugiant dans l\u2019Histoire et une po\u00e9sie mythologique<\/p>\n\n\n\n<p class=\"wp-block-paragraph\">From a young age, Lydia K\u00e9pinski stands out from the crowd and channels her expansive energy through music. The Montrealer made a come back last spring with a second album, Depuis \u2013 a teeming mix of autobiographical references and emancipatory adventures that deal with the vertigo of identity by taking refuge in history and mythological poetry.<\/p>\n\n\n\n<iframe style=\"border: 0; width: 350px; height: 786px;\" src=\"https:\/\/bandcamp.com\/EmbeddedPlayer\/album=1269633229\/size=large\/bgcol=ffffff\/linkcol=0687f5\/transparent=true\/\" seamless><a href=\"https:\/\/lydiakepinski.bandcamp.com\/album\/depuis\">Depuis by Lydia K\u00e9pinski<\/a><\/iframe>\n\n\n\n<p class=\"wp-block-paragraph\"><strong><a href=\"https:\/\/www.ticketmaster.ca\/event\/31005D11DAA45E34\" target=\"_blank\" rel=\"noreferrer noopener\">POUR ACHETER VOTRE BILLET, C\u2019EST ICI!<\/a><\/strong><\/p>\n\n\n\n<p class=\"wp-block-paragraph\"><strong><em>Ce contenu provient de POP Montr\u00e9al et est adapt\u00e9 par PAN M 360.<\/em><\/strong><\/p>\n","protected":false},"excerpt":{"rendered":"<p>Lydia K\u00e9pinski canalise son \u00e9nergie expansive d\u2019enfant sp\u00e9ciale dans la musique, apprenant le piano classique puis la guitare. La montr\u00e9alaise est revenue en force au printemps 2022 avec un deuxi\u00e8me album intitul\u00e9 Depuis \u2013 un m\u00e9lange foisonnant de r\u00e9f\u00e9rences autobiographiques et d\u2019aventures \u00e9mancipatrices qui traitent des vertiges de l\u2019identit\u00e9 en se r\u00e9fugiant dans l\u2019Histoire et [&hellip;]<\/p>\n","protected":false},"author":936,"featured_media":0,"menu_order":0,"template":"","format":"standard","meta":{"_acf_changed":false,"_crdt_document":""},"categories":[4322],"tags":[],"generale":[3814],"genre":[3245],"pays":[3861],"salle":[7103],"ville":[7246],"class_list":["post-79436","agenda","type-agenda","status-publish","format-standard","hentry","category-listings-360","generale-lire-en","genre-pop-2","pays-quebec-en","salle-theatre-fairmount-en","ville-montreal-en"],"acf":[],"yoast_head":"<!-- This site is optimized with the Yoast SEO plugin v27.4 - https:\/\/yoast.com\/product\/yoast-seo-wordpress\/ -->\n<title>POP Montr\u00e9al pr\u00e9sente Lydia K\u00e9pinski au Th\u00e9\u00e2tre Fairmount - PAN M 360<\/title>\n<meta name=\"robots\" content=\"index, follow, max-snippet:-1, max-image-preview:large, max-video-preview:-1\" \/>\n<link rel=\"canonical\" href=\"https:\/\/panm360.com\/en\/agenda\/pop-montreal-presente-lydia-kepinski-au-theatre-fairmount\/\" \/>\n<meta property=\"og:locale\" content=\"en_US\" \/>\n<meta property=\"og:type\" content=\"article\" \/>\n<meta property=\"og:title\" content=\"POP Montr\u00e9al pr\u00e9sente Lydia K\u00e9pinski au Th\u00e9\u00e2tre Fairmount - PAN M 360\" \/>\n<meta property=\"og:description\" content=\"Lydia K\u00e9pinski canalise son \u00e9nergie expansive d\u2019enfant sp\u00e9ciale dans la musique, apprenant le piano classique puis la guitare. La montr\u00e9alaise est revenue en force au printemps 2022 avec un deuxi\u00e8me album intitul\u00e9 Depuis \u2013 un m\u00e9lange foisonnant de r\u00e9f\u00e9rences autobiographiques et d\u2019aventures \u00e9mancipatrices qui traitent des vertiges de l\u2019identit\u00e9 en se r\u00e9fugiant dans l\u2019Histoire et [&hellip;]\" \/>\n<meta property=\"og:url\" content=\"https:\/\/panm360.com\/en\/agenda\/pop-montreal-presente-lydia-kepinski-au-theatre-fairmount\/\" \/>\n<meta property=\"og:site_name\" content=\"PAN M 360\" \/>\n<meta property=\"article:publisher\" content=\"https:\/\/www.facebook.com\/panm360\/\" \/>\n<meta property=\"article:modified_time\" content=\"2022-09-26T19:33:32+00:00\" \/>\n<meta property=\"og:image\" content=\"https:\/\/panm360.com\/wp-content\/uploads\/2022\/09\/1ff91067f92c9986dabfae3ebbfa6589-1063x598-1.jpg\" \/>\n\t<meta property=\"og:image:width\" content=\"1063\" \/>\n\t<meta property=\"og:image:height\" content=\"598\" \/>\n\t<meta property=\"og:image:type\" content=\"image\/jpeg\" \/>\n<meta name=\"twitter:card\" content=\"summary_large_image\" \/>\n<meta name=\"twitter:site\" content=\"@PANM360\" \/>\n<meta name=\"twitter:label1\" content=\"Est. reading time\" \/>\n\t<meta name=\"twitter:data1\" content=\"1 minute\" \/>\n<script type=\"application\/ld+json\" class=\"yoast-schema-graph\">{\"@context\":\"https:\\\/\\\/schema.org\",\"@graph\":[{\"@type\":\"WebPage\",\"@id\":\"https:\\\/\\\/panm360.com\\\/en\\\/agenda\\\/pop-montreal-presente-lydia-kepinski-au-theatre-fairmount\\\/\",\"url\":\"https:\\\/\\\/panm360.com\\\/en\\\/agenda\\\/pop-montreal-presente-lydia-kepinski-au-theatre-fairmount\\\/\",\"name\":\"POP Montr\u00e9al pr\u00e9sente Lydia K\u00e9pinski au Th\u00e9\u00e2tre Fairmount - PAN M 360\",\"isPartOf\":{\"@id\":\"https:\\\/\\\/panm360.com\\\/en\\\/#website\"},\"datePublished\":\"2022-09-20T19:32:00+00:00\",\"dateModified\":\"2022-09-26T19:33:32+00:00\",\"breadcrumb\":{\"@id\":\"https:\\\/\\\/panm360.com\\\/en\\\/agenda\\\/pop-montreal-presente-lydia-kepinski-au-theatre-fairmount\\\/#breadcrumb\"},\"inLanguage\":\"en-US\",\"potentialAction\":[{\"@type\":\"ReadAction\",\"target\":[\"https:\\\/\\\/panm360.com\\\/en\\\/agenda\\\/pop-montreal-presente-lydia-kepinski-au-theatre-fairmount\\\/\"]}]},{\"@type\":\"BreadcrumbList\",\"@id\":\"https:\\\/\\\/panm360.com\\\/en\\\/agenda\\\/pop-montreal-presente-lydia-kepinski-au-theatre-fairmount\\\/#breadcrumb\",\"itemListElement\":[{\"@type\":\"ListItem\",\"position\":1,\"name\":\"Accueil\",\"item\":\"https:\\\/\\\/panm360.com\\\/en\\\/\"},{\"@type\":\"ListItem\",\"position\":2,\"name\":\"Listings\",\"item\":\"https:\\\/\\\/panm360.com\\\/en\\\/agenda\\\/\"},{\"@type\":\"ListItem\",\"position\":3,\"name\":\"POP Montr\u00e9al pr\u00e9sente Lydia K\u00e9pinski au Th\u00e9\u00e2tre Fairmount\"}]},{\"@type\":\"WebSite\",\"@id\":\"https:\\\/\\\/panm360.com\\\/en\\\/#website\",\"url\":\"https:\\\/\\\/panm360.com\\\/en\\\/\",\"name\":\"PAN M 360\",\"description\":\"Le m\u00e9dia num\u00e9rique de la musique !\",\"publisher\":{\"@id\":\"https:\\\/\\\/panm360.com\\\/en\\\/#organization\"},\"potentialAction\":[{\"@type\":\"SearchAction\",\"target\":{\"@type\":\"EntryPoint\",\"urlTemplate\":\"https:\\\/\\\/panm360.com\\\/en\\\/?s={search_term_string}\"},\"query-input\":{\"@type\":\"PropertyValueSpecification\",\"valueRequired\":true,\"valueName\":\"search_term_string\"}}],\"inLanguage\":\"en-US\"},{\"@type\":\"Organization\",\"@id\":\"https:\\\/\\\/panm360.com\\\/en\\\/#organization\",\"name\":\"PAN M 360\",\"url\":\"https:\\\/\\\/panm360.com\\\/en\\\/\",\"logo\":{\"@type\":\"ImageObject\",\"inLanguage\":\"en-US\",\"@id\":\"https:\\\/\\\/panm360.com\\\/en\\\/#\\\/schema\\\/logo\\\/image\\\/\",\"url\":\"https:\\\/\\\/panm360.com\\\/wp-content\\\/uploads\\\/2019\\\/12\\\/PAN-M360_Logo_RGB.jpg\",\"contentUrl\":\"https:\\\/\\\/panm360.com\\\/wp-content\\\/uploads\\\/2019\\\/12\\\/PAN-M360_Logo_RGB.jpg\",\"width\":1663,\"height\":631,\"caption\":\"PAN M 360\"},\"image\":{\"@id\":\"https:\\\/\\\/panm360.com\\\/en\\\/#\\\/schema\\\/logo\\\/image\\\/\"},\"sameAs\":[\"https:\\\/\\\/www.facebook.com\\\/panm360\\\/\",\"https:\\\/\\\/x.com\\\/PANM360\",\"https:\\\/\\\/www.instagram.com\\\/panm360\\\/\",\"https:\\\/\\\/www.linkedin.com\\\/company\\\/panm360\\\/\",\"https:\\\/\\\/www.youtube.com\\\/channel\\\/UCHEFHd3UhIrV6EJ3ltzVKOA?view_as=subscriber\"]}]}<\/script>\n<!-- \/ Yoast SEO plugin. -->","yoast_head_json":{"title":"POP Montr\u00e9al pr\u00e9sente Lydia K\u00e9pinski au Th\u00e9\u00e2tre Fairmount - PAN M 360","robots":{"index":"index","follow":"follow","max-snippet":"max-snippet:-1","max-image-preview":"max-image-preview:large","max-video-preview":"max-video-preview:-1"},"canonical":"https:\/\/panm360.com\/en\/agenda\/pop-montreal-presente-lydia-kepinski-au-theatre-fairmount\/","og_locale":"en_US","og_type":"article","og_title":"POP Montr\u00e9al pr\u00e9sente Lydia K\u00e9pinski au Th\u00e9\u00e2tre Fairmount - PAN M 360","og_description":"Lydia K\u00e9pinski canalise son \u00e9nergie expansive d\u2019enfant sp\u00e9ciale dans la musique, apprenant le piano classique puis la guitare. La montr\u00e9alaise est revenue en force au printemps 2022 avec un deuxi\u00e8me album intitul\u00e9 Depuis \u2013 un m\u00e9lange foisonnant de r\u00e9f\u00e9rences autobiographiques et d\u2019aventures \u00e9mancipatrices qui traitent des vertiges de l\u2019identit\u00e9 en se r\u00e9fugiant dans l\u2019Histoire et [&hellip;]","og_url":"https:\/\/panm360.com\/en\/agenda\/pop-montreal-presente-lydia-kepinski-au-theatre-fairmount\/","og_site_name":"PAN M 360","article_publisher":"https:\/\/www.facebook.com\/panm360\/","article_modified_time":"2022-09-26T19:33:32+00:00","og_image":[{"width":1063,"height":598,"url":"https:\/\/panm360.com\/wp-content\/uploads\/2022\/09\/1ff91067f92c9986dabfae3ebbfa6589-1063x598-1.jpg","type":"image\/jpeg"}],"twitter_card":"summary_large_image","twitter_site":"@PANM360","twitter_misc":{"Est. reading time":"1 minute"},"schema":{"@context":"https:\/\/schema.org","@graph":[{"@type":"WebPage","@id":"https:\/\/panm360.com\/en\/agenda\/pop-montreal-presente-lydia-kepinski-au-theatre-fairmount\/","url":"https:\/\/panm360.com\/en\/agenda\/pop-montreal-presente-lydia-kepinski-au-theatre-fairmount\/","name":"POP Montr\u00e9al pr\u00e9sente Lydia K\u00e9pinski au Th\u00e9\u00e2tre Fairmount - PAN M 360","isPartOf":{"@id":"https:\/\/panm360.com\/en\/#website"},"datePublished":"2022-09-20T19:32:00+00:00","dateModified":"2022-09-26T19:33:32+00:00","breadcrumb":{"@id":"https:\/\/panm360.com\/en\/agenda\/pop-montreal-presente-lydia-kepinski-au-theatre-fairmount\/#breadcrumb"},"inLanguage":"en-US","potentialAction":[{"@type":"ReadAction","target":["https:\/\/panm360.com\/en\/agenda\/pop-montreal-presente-lydia-kepinski-au-theatre-fairmount\/"]}]},{"@type":"BreadcrumbList","@id":"https:\/\/panm360.com\/en\/agenda\/pop-montreal-presente-lydia-kepinski-au-theatre-fairmount\/#breadcrumb","itemListElement":[{"@type":"ListItem","position":1,"name":"Accueil","item":"https:\/\/panm360.com\/en\/"},{"@type":"ListItem","position":2,"name":"Listings","item":"https:\/\/panm360.com\/en\/agenda\/"},{"@type":"ListItem","position":3,"name":"POP Montr\u00e9al pr\u00e9sente Lydia K\u00e9pinski au Th\u00e9\u00e2tre Fairmount"}]},{"@type":"WebSite","@id":"https:\/\/panm360.com\/en\/#website","url":"https:\/\/panm360.com\/en\/","name":"PAN M 360","description":"Le m\u00e9dia num\u00e9rique de la musique !","publisher":{"@id":"https:\/\/panm360.com\/en\/#organization"},"potentialAction":[{"@type":"SearchAction","target":{"@type":"EntryPoint","urlTemplate":"https:\/\/panm360.com\/en\/?s={search_term_string}"},"query-input":{"@type":"PropertyValueSpecification","valueRequired":true,"valueName":"search_term_string"}}],"inLanguage":"en-US"},{"@type":"Organization","@id":"https:\/\/panm360.com\/en\/#organization","name":"PAN M 360","url":"https:\/\/panm360.com\/en\/","logo":{"@type":"ImageObject","inLanguage":"en-US","@id":"https:\/\/panm360.com\/en\/#\/schema\/logo\/image\/","url":"https:\/\/panm360.com\/wp-content\/uploads\/2019\/12\/PAN-M360_Logo_RGB.jpg","contentUrl":"https:\/\/panm360.com\/wp-content\/uploads\/2019\/12\/PAN-M360_Logo_RGB.jpg","width":1663,"height":631,"caption":"PAN M 360"},"image":{"@id":"https:\/\/panm360.com\/en\/#\/schema\/logo\/image\/"},"sameAs":["https:\/\/www.facebook.com\/panm360\/","https:\/\/x.com\/PANM360","https:\/\/www.instagram.com\/panm360\/","https:\/\/www.linkedin.com\/company\/panm360\/","https:\/\/www.youtube.com\/channel\/UCHEFHd3UhIrV6EJ3ltzVKOA?view_as=subscriber"]}]}},"_links":{"self":[{"href":"https:\/\/panm360.com\/en\/wp-json\/wp\/v2\/agenda\/79436","targetHints":{"allow":["GET"]}}],"collection":[{"href":"https:\/\/panm360.com\/en\/wp-json\/wp\/v2\/agenda"}],"about":[{"href":"https:\/\/panm360.com\/en\/wp-json\/wp\/v2\/types\/agenda"}],"author":[{"embeddable":true,"href":"https:\/\/panm360.com\/en\/wp-json\/wp\/v2\/users\/936"}],"wp:attachment":[{"href":"https:\/\/panm360.com\/en\/wp-json\/wp\/v2\/media?parent=79436"}],"wp:term":[{"taxonomy":"category","embeddable":true,"href":"https:\/\/panm360.com\/en\/wp-json\/wp\/v2\/categories?post=79436"},{"taxonomy":"post_tag","embeddable":true,"href":"https:\/\/panm360.com\/en\/wp-json\/wp\/v2\/tags?post=79436"},{"taxonomy":"generale","embeddable":true,"href":"https:\/\/panm360.com\/en\/wp-json\/wp\/v2\/generale?post=79436"},{"taxonomy":"genre","embeddable":true,"href":"https:\/\/panm360.com\/en\/wp-json\/wp\/v2\/genre?post=79436"},{"taxonomy":"pays","embeddable":true,"href":"https:\/\/panm360.com\/en\/wp-json\/wp\/v2\/pays?post=79436"},{"taxonomy":"salle","embeddable":true,"href":"https:\/\/panm360.com\/en\/wp-json\/wp\/v2\/salle?post=79436"},{"taxonomy":"ville","embeddable":true,"href":"https:\/\/panm360.com\/en\/wp-json\/wp\/v2\/ville?post=79436"}],"curies":[{"name":"wp","href":"https:\/\/api.w.org\/{rel}","templated":true}]}}