{"id":78130,"date":"2022-09-07T08:46:00","date_gmt":"2022-09-07T12:46:00","guid":{"rendered":"https:\/\/panm360.com\/?post_type=agenda&#038;p=78130"},"modified":"2022-09-07T09:30:11","modified_gmt":"2022-09-07T13:30:11","slug":"angele-dubeau-la-pieta-presentent-elle-concert-25e-anniversaire-2","status":"publish","type":"agenda","link":"https:\/\/panm360.com\/en\/agenda\/angele-dubeau-la-pieta-presentent-elle-concert-25e-anniversaire-2\/","title":{"rendered":"Ang\u00e8le Dubeau &#038; La Piet\u00e0 pr\u00e9sentent ELLE : concert 25e anniversaire"},"content":{"rendered":"\n<p class=\"wp-block-paragraph\">Comment souligner les 25 ans de l&#8217;ensemble&nbsp;<em>La Piet\u00e0<\/em>&nbsp;d&#8217;Ang\u00e8le Dubeau? La r\u00e9ponse lui est venue naturellement par la musique. Un album enti\u00e8rement pens\u00e9, con\u00e7u, jou\u00e9 et compos\u00e9 par des femmes.&nbsp;<em>ELLE<\/em>, au singulier, parce que chaque femme est unique.<\/p>\n\n\n\n<p class=\"wp-block-paragraph\">Aux musiques d\u2019Olafur Arnalds, Armand Amar, Ludovico Einaudi, Alex Baranowski, Philip Glass, Max Richter, s\u2019ajouteront des \u0153uvres de ce dernier opus, une incursion dans le monde musical des femmes parmi lesquelles Rachel Portman, Elena Kats-Chernin et Rebecca Dale.<\/p>\n\n\n\n<p class=\"wp-block-paragraph\">How to celebrate&nbsp;the 25<sup>th<\/sup>&nbsp;anniversary of the&nbsp;ensemble&nbsp;<em>La Piet\u00e0<\/em>&nbsp;by Ang\u00e8le Dubeau? The answer came&nbsp;naturally to her through the music. An album completely thought out, conceived, played and composed by women.&nbsp;<em>ELLE<\/em>,&nbsp;in the singular, because each woman is unique.<\/p>\n\n\n\n<p class=\"wp-block-paragraph\">Added to the music of Olafur Arnalds, Armand Amar, Ludovico Einaudi, Alex Baranowski, Philip Glass, and Max Richter will be works from her&nbsp;latest opus, an incursion into the musical world of women, including Rachel Portman, Elena Kats-Chernin and Rebecca Dale.<\/p>\n\n\n\n<p class=\"wp-block-paragraph\"><strong><a href=\"https:\/\/am.ticketmaster.com\/pda\/en\/virtual-venue\/UDJTMDUxM1M=?_ga=2.119149966.645734872.1661916334-2102109193.1644510913\" target=\"_blank\" rel=\"noreferrer noopener\">POUR ACHETER VOTRE BILLET, C\u2019EST ICI!<\/a><\/strong><\/p>\n\n\n\n<iframe style=\"border-radius:12px\" src=\"https:\/\/open.spotify.com\/embed\/album\/3t6UAakDDy0OPceF3AaqGk?utm_source=generator\" width=\"100%\" height=\"380\" frameborder=\"0\" allowfullscreen=\"\" allow=\"autoplay; clipboard-write; encrypted-media; fullscreen; picture-in-picture\" loading=\"lazy\"><\/iframe>\n\n\n\n<p class=\"wp-block-paragraph\"><strong><em>Ce contenu provient de la Place des Arts et est adapt\u00e9 par PAN M 360.<\/em><\/strong><\/p>\n","protected":false},"excerpt":{"rendered":"<p>Comment souligner les 25 ans de l&#8217;ensemble&nbsp;La Piet\u00e0&nbsp;d&#8217;Ang\u00e8le Dubeau? La r\u00e9ponse lui est venue naturellement par la musique. Un album enti\u00e8rement pens\u00e9, con\u00e7u, jou\u00e9 et compos\u00e9 par des femmes.&nbsp;ELLE, au singulier, parce que chaque femme est unique. Aux musiques d\u2019Olafur Arnalds, Armand Amar, Ludovico Einaudi, Alex Baranowski, Philip Glass, Max Richter, s\u2019ajouteront des \u0153uvres de [&hellip;]<\/p>\n","protected":false},"author":936,"featured_media":0,"menu_order":0,"template":"","format":"standard","meta":{"_acf_changed":false,"_crdt_document":""},"categories":[4322],"tags":[],"generale":[3814],"genre":[3111],"pays":[3861],"salle":[7031],"ville":[7246],"class_list":["post-78130","agenda","type-agenda","status-publish","format-standard","hentry","category-listings-360","generale-lire-en","genre-classical","pays-quebec-en","salle-maison-symphonique-en","ville-montreal-en"],"acf":[],"yoast_head":"<!-- This site is optimized with the Yoast SEO plugin v27.4 - https:\/\/yoast.com\/product\/yoast-seo-wordpress\/ -->\n<title>Ang\u00e8le Dubeau &amp; La Piet\u00e0 pr\u00e9sentent ELLE : concert 25e anniversaire - PAN M 360<\/title>\n<meta name=\"robots\" content=\"index, follow, max-snippet:-1, max-image-preview:large, max-video-preview:-1\" \/>\n<link rel=\"canonical\" href=\"https:\/\/panm360.com\/en\/agenda\/angele-dubeau-la-pieta-presentent-elle-concert-25e-anniversaire-2\/\" \/>\n<meta property=\"og:locale\" content=\"en_US\" \/>\n<meta property=\"og:type\" content=\"article\" \/>\n<meta property=\"og:title\" content=\"Ang\u00e8le Dubeau &amp; La Piet\u00e0 pr\u00e9sentent ELLE : concert 25e anniversaire - PAN M 360\" \/>\n<meta property=\"og:description\" content=\"Comment souligner les 25 ans de l&#8217;ensemble&nbsp;La Piet\u00e0&nbsp;d&#8217;Ang\u00e8le Dubeau? La r\u00e9ponse lui est venue naturellement par la musique. Un album enti\u00e8rement pens\u00e9, con\u00e7u, jou\u00e9 et compos\u00e9 par des femmes.&nbsp;ELLE, au singulier, parce que chaque femme est unique. Aux musiques d\u2019Olafur Arnalds, Armand Amar, Ludovico Einaudi, Alex Baranowski, Philip Glass, Max Richter, s\u2019ajouteront des \u0153uvres de [&hellip;]\" \/>\n<meta property=\"og:url\" content=\"https:\/\/panm360.com\/en\/agenda\/angele-dubeau-la-pieta-presentent-elle-concert-25e-anniversaire-2\/\" \/>\n<meta property=\"og:site_name\" content=\"PAN M 360\" \/>\n<meta property=\"article:publisher\" content=\"https:\/\/www.facebook.com\/panm360\/\" \/>\n<meta property=\"article:modified_time\" content=\"2022-09-07T13:30:11+00:00\" \/>\n<meta property=\"og:image\" content=\"https:\/\/panm360.com\/wp-content\/uploads\/2022\/08\/220223_angele-dubeau_775-2.jpg\" \/>\n\t<meta property=\"og:image:width\" content=\"775\" \/>\n\t<meta property=\"og:image:height\" content=\"515\" \/>\n\t<meta property=\"og:image:type\" content=\"image\/jpeg\" \/>\n<meta name=\"twitter:card\" content=\"summary_large_image\" \/>\n<meta name=\"twitter:site\" content=\"@PANM360\" \/>\n<meta name=\"twitter:label1\" content=\"Est. reading time\" \/>\n\t<meta name=\"twitter:data1\" content=\"1 minute\" \/>\n<script type=\"application\/ld+json\" class=\"yoast-schema-graph\">{\"@context\":\"https:\\\/\\\/schema.org\",\"@graph\":[{\"@type\":\"WebPage\",\"@id\":\"https:\\\/\\\/panm360.com\\\/en\\\/agenda\\\/angele-dubeau-la-pieta-presentent-elle-concert-25e-anniversaire-2\\\/\",\"url\":\"https:\\\/\\\/panm360.com\\\/en\\\/agenda\\\/angele-dubeau-la-pieta-presentent-elle-concert-25e-anniversaire-2\\\/\",\"name\":\"Ang\u00e8le Dubeau & La Piet\u00e0 pr\u00e9sentent ELLE : concert 25e anniversaire - PAN M 360\",\"isPartOf\":{\"@id\":\"https:\\\/\\\/panm360.com\\\/en\\\/#website\"},\"datePublished\":\"2022-09-07T12:46:00+00:00\",\"dateModified\":\"2022-09-07T13:30:11+00:00\",\"breadcrumb\":{\"@id\":\"https:\\\/\\\/panm360.com\\\/en\\\/agenda\\\/angele-dubeau-la-pieta-presentent-elle-concert-25e-anniversaire-2\\\/#breadcrumb\"},\"inLanguage\":\"en-US\",\"potentialAction\":[{\"@type\":\"ReadAction\",\"target\":[\"https:\\\/\\\/panm360.com\\\/en\\\/agenda\\\/angele-dubeau-la-pieta-presentent-elle-concert-25e-anniversaire-2\\\/\"]}]},{\"@type\":\"BreadcrumbList\",\"@id\":\"https:\\\/\\\/panm360.com\\\/en\\\/agenda\\\/angele-dubeau-la-pieta-presentent-elle-concert-25e-anniversaire-2\\\/#breadcrumb\",\"itemListElement\":[{\"@type\":\"ListItem\",\"position\":1,\"name\":\"Accueil\",\"item\":\"https:\\\/\\\/panm360.com\\\/en\\\/\"},{\"@type\":\"ListItem\",\"position\":2,\"name\":\"Listings\",\"item\":\"https:\\\/\\\/panm360.com\\\/en\\\/agenda\\\/\"},{\"@type\":\"ListItem\",\"position\":3,\"name\":\"Ang\u00e8le Dubeau &#038; La Piet\u00e0 pr\u00e9sentent ELLE : concert 25e anniversaire\"}]},{\"@type\":\"WebSite\",\"@id\":\"https:\\\/\\\/panm360.com\\\/en\\\/#website\",\"url\":\"https:\\\/\\\/panm360.com\\\/en\\\/\",\"name\":\"PAN M 360\",\"description\":\"Le m\u00e9dia num\u00e9rique de la musique !\",\"publisher\":{\"@id\":\"https:\\\/\\\/panm360.com\\\/en\\\/#organization\"},\"potentialAction\":[{\"@type\":\"SearchAction\",\"target\":{\"@type\":\"EntryPoint\",\"urlTemplate\":\"https:\\\/\\\/panm360.com\\\/en\\\/?s={search_term_string}\"},\"query-input\":{\"@type\":\"PropertyValueSpecification\",\"valueRequired\":true,\"valueName\":\"search_term_string\"}}],\"inLanguage\":\"en-US\"},{\"@type\":\"Organization\",\"@id\":\"https:\\\/\\\/panm360.com\\\/en\\\/#organization\",\"name\":\"PAN M 360\",\"url\":\"https:\\\/\\\/panm360.com\\\/en\\\/\",\"logo\":{\"@type\":\"ImageObject\",\"inLanguage\":\"en-US\",\"@id\":\"https:\\\/\\\/panm360.com\\\/en\\\/#\\\/schema\\\/logo\\\/image\\\/\",\"url\":\"https:\\\/\\\/panm360.com\\\/wp-content\\\/uploads\\\/2019\\\/12\\\/PAN-M360_Logo_RGB.jpg\",\"contentUrl\":\"https:\\\/\\\/panm360.com\\\/wp-content\\\/uploads\\\/2019\\\/12\\\/PAN-M360_Logo_RGB.jpg\",\"width\":1663,\"height\":631,\"caption\":\"PAN M 360\"},\"image\":{\"@id\":\"https:\\\/\\\/panm360.com\\\/en\\\/#\\\/schema\\\/logo\\\/image\\\/\"},\"sameAs\":[\"https:\\\/\\\/www.facebook.com\\\/panm360\\\/\",\"https:\\\/\\\/x.com\\\/PANM360\",\"https:\\\/\\\/www.instagram.com\\\/panm360\\\/\",\"https:\\\/\\\/www.linkedin.com\\\/company\\\/panm360\\\/\",\"https:\\\/\\\/www.youtube.com\\\/channel\\\/UCHEFHd3UhIrV6EJ3ltzVKOA?view_as=subscriber\"]}]}<\/script>\n<!-- \/ Yoast SEO plugin. -->","yoast_head_json":{"title":"Ang\u00e8le Dubeau & La Piet\u00e0 pr\u00e9sentent ELLE : concert 25e anniversaire - PAN M 360","robots":{"index":"index","follow":"follow","max-snippet":"max-snippet:-1","max-image-preview":"max-image-preview:large","max-video-preview":"max-video-preview:-1"},"canonical":"https:\/\/panm360.com\/en\/agenda\/angele-dubeau-la-pieta-presentent-elle-concert-25e-anniversaire-2\/","og_locale":"en_US","og_type":"article","og_title":"Ang\u00e8le Dubeau & La Piet\u00e0 pr\u00e9sentent ELLE : concert 25e anniversaire - PAN M 360","og_description":"Comment souligner les 25 ans de l&#8217;ensemble&nbsp;La Piet\u00e0&nbsp;d&#8217;Ang\u00e8le Dubeau? La r\u00e9ponse lui est venue naturellement par la musique. Un album enti\u00e8rement pens\u00e9, con\u00e7u, jou\u00e9 et compos\u00e9 par des femmes.&nbsp;ELLE, au singulier, parce que chaque femme est unique. Aux musiques d\u2019Olafur Arnalds, Armand Amar, Ludovico Einaudi, Alex Baranowski, Philip Glass, Max Richter, s\u2019ajouteront des \u0153uvres de [&hellip;]","og_url":"https:\/\/panm360.com\/en\/agenda\/angele-dubeau-la-pieta-presentent-elle-concert-25e-anniversaire-2\/","og_site_name":"PAN M 360","article_publisher":"https:\/\/www.facebook.com\/panm360\/","article_modified_time":"2022-09-07T13:30:11+00:00","og_image":[{"width":775,"height":515,"url":"https:\/\/panm360.com\/wp-content\/uploads\/2022\/08\/220223_angele-dubeau_775-2.jpg","type":"image\/jpeg"}],"twitter_card":"summary_large_image","twitter_site":"@PANM360","twitter_misc":{"Est. reading time":"1 minute"},"schema":{"@context":"https:\/\/schema.org","@graph":[{"@type":"WebPage","@id":"https:\/\/panm360.com\/en\/agenda\/angele-dubeau-la-pieta-presentent-elle-concert-25e-anniversaire-2\/","url":"https:\/\/panm360.com\/en\/agenda\/angele-dubeau-la-pieta-presentent-elle-concert-25e-anniversaire-2\/","name":"Ang\u00e8le Dubeau & La Piet\u00e0 pr\u00e9sentent ELLE : concert 25e anniversaire - PAN M 360","isPartOf":{"@id":"https:\/\/panm360.com\/en\/#website"},"datePublished":"2022-09-07T12:46:00+00:00","dateModified":"2022-09-07T13:30:11+00:00","breadcrumb":{"@id":"https:\/\/panm360.com\/en\/agenda\/angele-dubeau-la-pieta-presentent-elle-concert-25e-anniversaire-2\/#breadcrumb"},"inLanguage":"en-US","potentialAction":[{"@type":"ReadAction","target":["https:\/\/panm360.com\/en\/agenda\/angele-dubeau-la-pieta-presentent-elle-concert-25e-anniversaire-2\/"]}]},{"@type":"BreadcrumbList","@id":"https:\/\/panm360.com\/en\/agenda\/angele-dubeau-la-pieta-presentent-elle-concert-25e-anniversaire-2\/#breadcrumb","itemListElement":[{"@type":"ListItem","position":1,"name":"Accueil","item":"https:\/\/panm360.com\/en\/"},{"@type":"ListItem","position":2,"name":"Listings","item":"https:\/\/panm360.com\/en\/agenda\/"},{"@type":"ListItem","position":3,"name":"Ang\u00e8le Dubeau &#038; La Piet\u00e0 pr\u00e9sentent ELLE : concert 25e anniversaire"}]},{"@type":"WebSite","@id":"https:\/\/panm360.com\/en\/#website","url":"https:\/\/panm360.com\/en\/","name":"PAN M 360","description":"Le m\u00e9dia num\u00e9rique de la musique !","publisher":{"@id":"https:\/\/panm360.com\/en\/#organization"},"potentialAction":[{"@type":"SearchAction","target":{"@type":"EntryPoint","urlTemplate":"https:\/\/panm360.com\/en\/?s={search_term_string}"},"query-input":{"@type":"PropertyValueSpecification","valueRequired":true,"valueName":"search_term_string"}}],"inLanguage":"en-US"},{"@type":"Organization","@id":"https:\/\/panm360.com\/en\/#organization","name":"PAN M 360","url":"https:\/\/panm360.com\/en\/","logo":{"@type":"ImageObject","inLanguage":"en-US","@id":"https:\/\/panm360.com\/en\/#\/schema\/logo\/image\/","url":"https:\/\/panm360.com\/wp-content\/uploads\/2019\/12\/PAN-M360_Logo_RGB.jpg","contentUrl":"https:\/\/panm360.com\/wp-content\/uploads\/2019\/12\/PAN-M360_Logo_RGB.jpg","width":1663,"height":631,"caption":"PAN M 360"},"image":{"@id":"https:\/\/panm360.com\/en\/#\/schema\/logo\/image\/"},"sameAs":["https:\/\/www.facebook.com\/panm360\/","https:\/\/x.com\/PANM360","https:\/\/www.instagram.com\/panm360\/","https:\/\/www.linkedin.com\/company\/panm360\/","https:\/\/www.youtube.com\/channel\/UCHEFHd3UhIrV6EJ3ltzVKOA?view_as=subscriber"]}]}},"_links":{"self":[{"href":"https:\/\/panm360.com\/en\/wp-json\/wp\/v2\/agenda\/78130","targetHints":{"allow":["GET"]}}],"collection":[{"href":"https:\/\/panm360.com\/en\/wp-json\/wp\/v2\/agenda"}],"about":[{"href":"https:\/\/panm360.com\/en\/wp-json\/wp\/v2\/types\/agenda"}],"author":[{"embeddable":true,"href":"https:\/\/panm360.com\/en\/wp-json\/wp\/v2\/users\/936"}],"wp:attachment":[{"href":"https:\/\/panm360.com\/en\/wp-json\/wp\/v2\/media?parent=78130"}],"wp:term":[{"taxonomy":"category","embeddable":true,"href":"https:\/\/panm360.com\/en\/wp-json\/wp\/v2\/categories?post=78130"},{"taxonomy":"post_tag","embeddable":true,"href":"https:\/\/panm360.com\/en\/wp-json\/wp\/v2\/tags?post=78130"},{"taxonomy":"generale","embeddable":true,"href":"https:\/\/panm360.com\/en\/wp-json\/wp\/v2\/generale?post=78130"},{"taxonomy":"genre","embeddable":true,"href":"https:\/\/panm360.com\/en\/wp-json\/wp\/v2\/genre?post=78130"},{"taxonomy":"pays","embeddable":true,"href":"https:\/\/panm360.com\/en\/wp-json\/wp\/v2\/pays?post=78130"},{"taxonomy":"salle","embeddable":true,"href":"https:\/\/panm360.com\/en\/wp-json\/wp\/v2\/salle?post=78130"},{"taxonomy":"ville","embeddable":true,"href":"https:\/\/panm360.com\/en\/wp-json\/wp\/v2\/ville?post=78130"}],"curies":[{"name":"wp","href":"https:\/\/api.w.org\/{rel}","templated":true}]}}