{"id":76380,"date":"2022-08-19T09:36:00","date_gmt":"2022-08-19T13:36:00","guid":{"rendered":"https:\/\/panm360.com\/?post_type=agenda&#038;p=76380"},"modified":"2022-08-19T10:37:12","modified_gmt":"2022-08-19T14:37:12","slug":"le-festival-orientalys-presente-faycal-mignon","status":"publish","type":"agenda","link":"https:\/\/panm360.com\/en\/agenda\/le-festival-orientalys-presente-faycal-mignon\/","title":{"rendered":"Le Festival Orientalys pr\u00e9sente Fay\u00e7al Mignon"},"content":{"rendered":"\n<p class=\"wp-block-paragraph\">Un entrain et une \u00e9nergie \u00e0 en couper le souffle, des effluves de ra\u00ef raisonnant dans le monde entier, telle est la recette de cette soir\u00e9e folle lanc\u00e9e par Fay\u00e7al Mignon! Pour la premi\u00e8re fois \u00e0 Orientalys, le chanteur emm\u00e8nera les festivaliers dans un univers de f\u00eate chaleureux, qui voguera avec charme et hardiesse entre la nostalgie alg\u00e9rienne et la musique occidentale moderne.<\/p>\n\n\n\n<p class=\"wp-block-paragraph\">De son pays natal l&#8217;Alg\u00e9rie au Qu\u00e9bec en passant par l\u2019Europe, Fay\u00e7al mignon a su trouver tr\u00e8s vite sa place dans le paysage de la musique arabe contemporaine, en apparaissant comme une v\u00e9ritable idole de la jeunesse alg\u00e9rienne. V\u00e9ritable star montante au pays, o\u00f9 il a re\u00e7u le prix de la meilleure star montante du Grand Maghreb, il continue de se produire \u00e0 l\u2019international et compte bien prendre d\u2019assaut Montr\u00e9al et le c\u0153ur du public d\u2019Orientalys!<\/p>\n\n\n\n<p class=\"wp-block-paragraph\">Ses voyages \u00e0 travers le monde et sa volont\u00e9 de faire d\u00e9couvrir au monde occidental la beaut\u00e9 des musiques alg\u00e9riennes l&#8217;ont conduit \u00e0 un ra\u00ef aussi moderne et joyeux, qui d\u2019une seule note parvient \u00e0 faire transcender tous les publics au c\u0153ur m\u00eame de l\u2019Afrique du Nord! Pr\u00e9parez vous \u00e0 bouger pour cette soir\u00e9e plus que festive qui s\u2019annonce et qui commence avec le concert vertigineux de ce jeune artiste prometteur!<\/p>\n\n\n\n<p class=\"wp-block-paragraph\">Breathtaking energies that resonate worldwide: this is the recipe of our Ra\u00ef night introduced by Fay\u00e7al Mignon! For the first time at Orientalys, the singer will attract festival-goers in a warm and festive universe that will navigate charm and boldness between Algerian nostalgia and modern Western music.<\/p>\n\n\n\n<p class=\"wp-block-paragraph\">From his native Alg\u00e9ria to Quebec through Europe, Fay\u00e7al Mignon definitely found his place in the Arab Contemporary music scene; he is now considered an idol for the Algerian youth. Pride and joy of the country, he received the prize of the Best Rising Star of the Great Maghreb. He continues his productions internationally and can&#8217;t wait to arrive in Montreal and share Orientalys Moments with the public! His well-traveled background drove his will to share his love of Algerian music to the Western world, and eventually brought him to a modern and joyful Ra\u00ef genre. At every performance, his first note played is able to transcend his audience at the heart of North Africa! Get ready to show your best moves at this amazing concert that starts with our promising artist.<\/p>\n\n\n\n<p class=\"wp-block-paragraph\"><strong>GRATUIT!<\/strong><\/p>\n\n\n\n<iframe loading=\"lazy\" style=\"border-radius:12px\" src=\"https:\/\/open.spotify.com\/embed\/album\/6QddeCkAd1iPzhjWLtvOYa?utm_source=generator\" width=\"100%\" height=\"380\" frameborder=\"0\" allowfullscreen=\"\" allow=\"autoplay; clipboard-write; encrypted-media; fullscreen; picture-in-picture\"><\/iframe>\n\n\n\n<p class=\"wp-block-paragraph\"><strong><em>Ce contenu provient du Festival Orientalys et est adapt\u00e9 par PAN M 360.<\/em><\/strong><\/p>\n","protected":false},"excerpt":{"rendered":"<p>Un entrain et une \u00e9nergie \u00e0 en couper le souffle, des effluves de ra\u00ef raisonnant dans le monde entier, telle est la recette de cette soir\u00e9e folle lanc\u00e9e par Fay\u00e7al Mignon! Pour la premi\u00e8re fois \u00e0 Orientalys, le chanteur emm\u00e8nera les festivaliers dans un univers de f\u00eate chaleureux, qui voguera avec charme et hardiesse entre [&hellip;]<\/p>\n","protected":false},"author":936,"featured_media":0,"menu_order":0,"template":"","format":"standard","meta":{"_acf_changed":false,"_crdt_document":""},"categories":[4322],"tags":[],"generale":[3814],"genre":[3266],"pays":[3871],"salle":[],"ville":[7246],"class_list":["post-76380","agenda","type-agenda","status-publish","format-standard","hentry","category-listings-360","generale-lire-en","genre-rai-2-maghrebi-en-2","pays-algerie-en","ville-montreal-en"],"acf":[],"yoast_head":"<!-- This site is optimized with the Yoast SEO plugin v27.4 - https:\/\/yoast.com\/product\/yoast-seo-wordpress\/ -->\n<title>Le Festival Orientalys pr\u00e9sente Fay\u00e7al Mignon - PAN M 360<\/title>\n<meta name=\"robots\" content=\"index, follow, max-snippet:-1, max-image-preview:large, max-video-preview:-1\" \/>\n<link rel=\"canonical\" href=\"https:\/\/panm360.com\/en\/agenda\/le-festival-orientalys-presente-faycal-mignon\/\" \/>\n<meta property=\"og:locale\" content=\"en_US\" \/>\n<meta property=\"og:type\" content=\"article\" \/>\n<meta property=\"og:title\" content=\"Le Festival Orientalys pr\u00e9sente Fay\u00e7al Mignon - PAN M 360\" \/>\n<meta property=\"og:description\" content=\"Un entrain et une \u00e9nergie \u00e0 en couper le souffle, des effluves de ra\u00ef raisonnant dans le monde entier, telle est la recette de cette soir\u00e9e folle lanc\u00e9e par Fay\u00e7al Mignon! Pour la premi\u00e8re fois \u00e0 Orientalys, le chanteur emm\u00e8nera les festivaliers dans un univers de f\u00eate chaleureux, qui voguera avec charme et hardiesse entre [&hellip;]\" \/>\n<meta property=\"og:url\" content=\"https:\/\/panm360.com\/en\/agenda\/le-festival-orientalys-presente-faycal-mignon\/\" \/>\n<meta property=\"og:site_name\" content=\"PAN M 360\" \/>\n<meta property=\"article:publisher\" content=\"https:\/\/www.facebook.com\/panm360\/\" \/>\n<meta property=\"article:modified_time\" content=\"2022-08-19T14:37:12+00:00\" \/>\n<meta property=\"og:image\" content=\"https:\/\/panm360.com\/wp-content\/uploads\/2022\/08\/WhatsApp-Image-2022-07-28-at-19.53.30-scaled.jpeg\" \/>\n\t<meta property=\"og:image:width\" content=\"1197\" \/>\n\t<meta property=\"og:image:height\" content=\"800\" \/>\n\t<meta property=\"og:image:type\" content=\"image\/jpeg\" \/>\n<meta name=\"twitter:card\" content=\"summary_large_image\" \/>\n<meta name=\"twitter:site\" content=\"@PANM360\" \/>\n<meta name=\"twitter:label1\" content=\"Est. reading time\" \/>\n\t<meta name=\"twitter:data1\" content=\"3 minutes\" \/>\n<script type=\"application\/ld+json\" class=\"yoast-schema-graph\">{\"@context\":\"https:\\\/\\\/schema.org\",\"@graph\":[{\"@type\":\"WebPage\",\"@id\":\"https:\\\/\\\/panm360.com\\\/en\\\/agenda\\\/le-festival-orientalys-presente-faycal-mignon\\\/\",\"url\":\"https:\\\/\\\/panm360.com\\\/en\\\/agenda\\\/le-festival-orientalys-presente-faycal-mignon\\\/\",\"name\":\"Le Festival Orientalys pr\u00e9sente Fay\u00e7al Mignon - PAN M 360\",\"isPartOf\":{\"@id\":\"https:\\\/\\\/panm360.com\\\/en\\\/#website\"},\"datePublished\":\"2022-08-19T13:36:00+00:00\",\"dateModified\":\"2022-08-19T14:37:12+00:00\",\"breadcrumb\":{\"@id\":\"https:\\\/\\\/panm360.com\\\/en\\\/agenda\\\/le-festival-orientalys-presente-faycal-mignon\\\/#breadcrumb\"},\"inLanguage\":\"en-US\",\"potentialAction\":[{\"@type\":\"ReadAction\",\"target\":[\"https:\\\/\\\/panm360.com\\\/en\\\/agenda\\\/le-festival-orientalys-presente-faycal-mignon\\\/\"]}]},{\"@type\":\"BreadcrumbList\",\"@id\":\"https:\\\/\\\/panm360.com\\\/en\\\/agenda\\\/le-festival-orientalys-presente-faycal-mignon\\\/#breadcrumb\",\"itemListElement\":[{\"@type\":\"ListItem\",\"position\":1,\"name\":\"Accueil\",\"item\":\"https:\\\/\\\/panm360.com\\\/en\\\/\"},{\"@type\":\"ListItem\",\"position\":2,\"name\":\"Listings\",\"item\":\"https:\\\/\\\/panm360.com\\\/en\\\/agenda\\\/\"},{\"@type\":\"ListItem\",\"position\":3,\"name\":\"Le Festival Orientalys pr\u00e9sente Fay\u00e7al Mignon\"}]},{\"@type\":\"WebSite\",\"@id\":\"https:\\\/\\\/panm360.com\\\/en\\\/#website\",\"url\":\"https:\\\/\\\/panm360.com\\\/en\\\/\",\"name\":\"PAN M 360\",\"description\":\"Le m\u00e9dia num\u00e9rique de la musique !\",\"publisher\":{\"@id\":\"https:\\\/\\\/panm360.com\\\/en\\\/#organization\"},\"potentialAction\":[{\"@type\":\"SearchAction\",\"target\":{\"@type\":\"EntryPoint\",\"urlTemplate\":\"https:\\\/\\\/panm360.com\\\/en\\\/?s={search_term_string}\"},\"query-input\":{\"@type\":\"PropertyValueSpecification\",\"valueRequired\":true,\"valueName\":\"search_term_string\"}}],\"inLanguage\":\"en-US\"},{\"@type\":\"Organization\",\"@id\":\"https:\\\/\\\/panm360.com\\\/en\\\/#organization\",\"name\":\"PAN M 360\",\"url\":\"https:\\\/\\\/panm360.com\\\/en\\\/\",\"logo\":{\"@type\":\"ImageObject\",\"inLanguage\":\"en-US\",\"@id\":\"https:\\\/\\\/panm360.com\\\/en\\\/#\\\/schema\\\/logo\\\/image\\\/\",\"url\":\"https:\\\/\\\/panm360.com\\\/wp-content\\\/uploads\\\/2019\\\/12\\\/PAN-M360_Logo_RGB.jpg\",\"contentUrl\":\"https:\\\/\\\/panm360.com\\\/wp-content\\\/uploads\\\/2019\\\/12\\\/PAN-M360_Logo_RGB.jpg\",\"width\":1663,\"height\":631,\"caption\":\"PAN M 360\"},\"image\":{\"@id\":\"https:\\\/\\\/panm360.com\\\/en\\\/#\\\/schema\\\/logo\\\/image\\\/\"},\"sameAs\":[\"https:\\\/\\\/www.facebook.com\\\/panm360\\\/\",\"https:\\\/\\\/x.com\\\/PANM360\",\"https:\\\/\\\/www.instagram.com\\\/panm360\\\/\",\"https:\\\/\\\/www.linkedin.com\\\/company\\\/panm360\\\/\",\"https:\\\/\\\/www.youtube.com\\\/channel\\\/UCHEFHd3UhIrV6EJ3ltzVKOA?view_as=subscriber\"]}]}<\/script>\n<!-- \/ Yoast SEO plugin. -->","yoast_head_json":{"title":"Le Festival Orientalys pr\u00e9sente Fay\u00e7al Mignon - PAN M 360","robots":{"index":"index","follow":"follow","max-snippet":"max-snippet:-1","max-image-preview":"max-image-preview:large","max-video-preview":"max-video-preview:-1"},"canonical":"https:\/\/panm360.com\/en\/agenda\/le-festival-orientalys-presente-faycal-mignon\/","og_locale":"en_US","og_type":"article","og_title":"Le Festival Orientalys pr\u00e9sente Fay\u00e7al Mignon - PAN M 360","og_description":"Un entrain et une \u00e9nergie \u00e0 en couper le souffle, des effluves de ra\u00ef raisonnant dans le monde entier, telle est la recette de cette soir\u00e9e folle lanc\u00e9e par Fay\u00e7al Mignon! Pour la premi\u00e8re fois \u00e0 Orientalys, le chanteur emm\u00e8nera les festivaliers dans un univers de f\u00eate chaleureux, qui voguera avec charme et hardiesse entre [&hellip;]","og_url":"https:\/\/panm360.com\/en\/agenda\/le-festival-orientalys-presente-faycal-mignon\/","og_site_name":"PAN M 360","article_publisher":"https:\/\/www.facebook.com\/panm360\/","article_modified_time":"2022-08-19T14:37:12+00:00","og_image":[{"width":1197,"height":800,"url":"https:\/\/panm360.com\/wp-content\/uploads\/2022\/08\/WhatsApp-Image-2022-07-28-at-19.53.30-scaled.jpeg","type":"image\/jpeg"}],"twitter_card":"summary_large_image","twitter_site":"@PANM360","twitter_misc":{"Est. reading time":"3 minutes"},"schema":{"@context":"https:\/\/schema.org","@graph":[{"@type":"WebPage","@id":"https:\/\/panm360.com\/en\/agenda\/le-festival-orientalys-presente-faycal-mignon\/","url":"https:\/\/panm360.com\/en\/agenda\/le-festival-orientalys-presente-faycal-mignon\/","name":"Le Festival Orientalys pr\u00e9sente Fay\u00e7al Mignon - PAN M 360","isPartOf":{"@id":"https:\/\/panm360.com\/en\/#website"},"datePublished":"2022-08-19T13:36:00+00:00","dateModified":"2022-08-19T14:37:12+00:00","breadcrumb":{"@id":"https:\/\/panm360.com\/en\/agenda\/le-festival-orientalys-presente-faycal-mignon\/#breadcrumb"},"inLanguage":"en-US","potentialAction":[{"@type":"ReadAction","target":["https:\/\/panm360.com\/en\/agenda\/le-festival-orientalys-presente-faycal-mignon\/"]}]},{"@type":"BreadcrumbList","@id":"https:\/\/panm360.com\/en\/agenda\/le-festival-orientalys-presente-faycal-mignon\/#breadcrumb","itemListElement":[{"@type":"ListItem","position":1,"name":"Accueil","item":"https:\/\/panm360.com\/en\/"},{"@type":"ListItem","position":2,"name":"Listings","item":"https:\/\/panm360.com\/en\/agenda\/"},{"@type":"ListItem","position":3,"name":"Le Festival Orientalys pr\u00e9sente Fay\u00e7al Mignon"}]},{"@type":"WebSite","@id":"https:\/\/panm360.com\/en\/#website","url":"https:\/\/panm360.com\/en\/","name":"PAN M 360","description":"Le m\u00e9dia num\u00e9rique de la musique !","publisher":{"@id":"https:\/\/panm360.com\/en\/#organization"},"potentialAction":[{"@type":"SearchAction","target":{"@type":"EntryPoint","urlTemplate":"https:\/\/panm360.com\/en\/?s={search_term_string}"},"query-input":{"@type":"PropertyValueSpecification","valueRequired":true,"valueName":"search_term_string"}}],"inLanguage":"en-US"},{"@type":"Organization","@id":"https:\/\/panm360.com\/en\/#organization","name":"PAN M 360","url":"https:\/\/panm360.com\/en\/","logo":{"@type":"ImageObject","inLanguage":"en-US","@id":"https:\/\/panm360.com\/en\/#\/schema\/logo\/image\/","url":"https:\/\/panm360.com\/wp-content\/uploads\/2019\/12\/PAN-M360_Logo_RGB.jpg","contentUrl":"https:\/\/panm360.com\/wp-content\/uploads\/2019\/12\/PAN-M360_Logo_RGB.jpg","width":1663,"height":631,"caption":"PAN M 360"},"image":{"@id":"https:\/\/panm360.com\/en\/#\/schema\/logo\/image\/"},"sameAs":["https:\/\/www.facebook.com\/panm360\/","https:\/\/x.com\/PANM360","https:\/\/www.instagram.com\/panm360\/","https:\/\/www.linkedin.com\/company\/panm360\/","https:\/\/www.youtube.com\/channel\/UCHEFHd3UhIrV6EJ3ltzVKOA?view_as=subscriber"]}]}},"_links":{"self":[{"href":"https:\/\/panm360.com\/en\/wp-json\/wp\/v2\/agenda\/76380","targetHints":{"allow":["GET"]}}],"collection":[{"href":"https:\/\/panm360.com\/en\/wp-json\/wp\/v2\/agenda"}],"about":[{"href":"https:\/\/panm360.com\/en\/wp-json\/wp\/v2\/types\/agenda"}],"author":[{"embeddable":true,"href":"https:\/\/panm360.com\/en\/wp-json\/wp\/v2\/users\/936"}],"wp:attachment":[{"href":"https:\/\/panm360.com\/en\/wp-json\/wp\/v2\/media?parent=76380"}],"wp:term":[{"taxonomy":"category","embeddable":true,"href":"https:\/\/panm360.com\/en\/wp-json\/wp\/v2\/categories?post=76380"},{"taxonomy":"post_tag","embeddable":true,"href":"https:\/\/panm360.com\/en\/wp-json\/wp\/v2\/tags?post=76380"},{"taxonomy":"generale","embeddable":true,"href":"https:\/\/panm360.com\/en\/wp-json\/wp\/v2\/generale?post=76380"},{"taxonomy":"genre","embeddable":true,"href":"https:\/\/panm360.com\/en\/wp-json\/wp\/v2\/genre?post=76380"},{"taxonomy":"pays","embeddable":true,"href":"https:\/\/panm360.com\/en\/wp-json\/wp\/v2\/pays?post=76380"},{"taxonomy":"salle","embeddable":true,"href":"https:\/\/panm360.com\/en\/wp-json\/wp\/v2\/salle?post=76380"},{"taxonomy":"ville","embeddable":true,"href":"https:\/\/panm360.com\/en\/wp-json\/wp\/v2\/ville?post=76380"}],"curies":[{"name":"wp","href":"https:\/\/api.w.org\/{rel}","templated":true}]}}