{"id":74694,"date":"2022-07-14T14:16:00","date_gmt":"2022-07-14T18:16:00","guid":{"rendered":"https:\/\/panm360.com\/?post_type=agenda&#038;p=74694"},"modified":"2022-07-17T15:15:21","modified_gmt":"2022-07-17T19:15:21","slug":"le-festival-nuits-dafrique-presente-dakka-dembele","status":"publish","type":"agenda","link":"https:\/\/panm360.com\/en\/agenda\/le-festival-nuits-dafrique-presente-dakka-dembele\/","title":{"rendered":"Nuits d&#8217;Afrique presents Dakka Demb\u00e9l\u00e9"},"content":{"rendered":"\n<p class=\"wp-block-paragraph\">\u00a0\u00a0\u00ab Cet \u00e9lectron libre s\u2019est impos\u00e9 l\u00e0 o\u00f9 on ne l\u2019attendait pas. C\u2019est un personnage solaire qui s\u2019est construit un destin hors des voies qu\u2019on lui imposait \u00bb (Jeune Afrique, 2016). Sans aucun doute LA r\u00e9f\u00e9rence Reggae \u00e0 Montr\u00e9al, Dakka Demb\u00e9l\u00e9 combine les pr\u00e9ceptes musicaux de Bob Marley et Peter Tosh \u00e0 ses origines maliennes et ivoiriennes, dans la mouvance d\u2019Alpha Blondy, Tiken Jah Fakoly et Isma\u00ebl Issac. Militant pour un monde meilleur, Dakka Demb\u00e9l\u00e9 pr\u00eate sa voix aux moins nantis en fran\u00e7ais, en bambara et en dioula. Son album\u00a0<em>Petit bateau<\/em>\u00a0est sorti en 2020 sous \u00e9tiquette Disques Nuits d\u2019Afrique.<\/p>\n\n\n\n<p class=\"wp-block-paragraph\">\u201cThis free spirit has made his mark where it was least expected. He\u2019s a luminous figure who has built future for himself outside the path that had been set out for him\u201d (Jeune Afrique, 2016). Without a doubt THE Reggaeman of Montreal, Dakka Demb\u00e9l\u00e9 follows in the footsteps Alpha Blondy and Tiken Jah Fakoly, combining the Bob Marley musical tradition with his Malian and Ivorian roots. Ever the militant for a better world, he lends his voice in French, Bambara and Dyula to all those who are less priviledged. His album, was release in 2020 under the Disques Nuits d\u2019Afrique label.<\/p>\n\n\n\n<p class=\"wp-block-paragraph\"><strong>GRATUIT!<\/strong><\/p>\n\n\n\n<iframe loading=\"lazy\" width=\"1349\" height=\"500\" src=\"https:\/\/www.youtube.com\/embed\/0PNO_BZ3jn4\" title=\"Djinamori Politik - Dakka, featuring King Shadrock\" frameborder=\"0\" allow=\"accelerometer; autoplay; clipboard-write; encrypted-media; gyroscope; picture-in-picture\" allowfullscreen><\/iframe>\n\n\n\n<p class=\"wp-block-paragraph\"><strong><em>Ce contenu provient des Productions Nuits d&#8217;Afrique et est adapt\u00e9 par PAN M 360. <\/em><\/strong><\/p>\n","protected":false},"excerpt":{"rendered":"<p>\u00a0\u00a0\u00ab Cet \u00e9lectron libre s\u2019est impos\u00e9 l\u00e0 o\u00f9 on ne l\u2019attendait pas. C\u2019est un personnage solaire qui s\u2019est construit un destin hors des voies qu\u2019on lui imposait \u00bb (Jeune Afrique, 2016). Sans aucun doute LA r\u00e9f\u00e9rence Reggae \u00e0 Montr\u00e9al, Dakka Demb\u00e9l\u00e9 combine les pr\u00e9ceptes musicaux de Bob Marley et Peter Tosh \u00e0 ses origines maliennes [&hellip;]<\/p>\n","protected":false},"author":936,"featured_media":0,"menu_order":0,"template":"","format":"standard","meta":{"_acf_changed":false,"_crdt_document":""},"categories":[4322],"tags":[],"generale":[3814],"genre":[3272],"pays":[7824],"salle":[],"ville":[4415],"class_list":["post-74694","agenda","type-agenda","status-publish","format-standard","hentry","category-listings-360","generale-lire-en","genre-reggae-2","pays-cote-divoire-en","ville-montreal-2"],"acf":[],"yoast_head":"<!-- This site is optimized with the Yoast SEO plugin v27.4 - https:\/\/yoast.com\/product\/yoast-seo-wordpress\/ -->\n<title>Nuits d&#039;Afrique presents Dakka Demb\u00e9l\u00e9 - PAN M 360<\/title>\n<meta name=\"robots\" content=\"index, follow, max-snippet:-1, max-image-preview:large, max-video-preview:-1\" \/>\n<link rel=\"canonical\" href=\"https:\/\/panm360.com\/en\/agenda\/le-festival-nuits-dafrique-presente-dakka-dembele\/\" \/>\n<meta property=\"og:locale\" content=\"en_US\" \/>\n<meta property=\"og:type\" content=\"article\" \/>\n<meta property=\"og:title\" content=\"Nuits d&#039;Afrique presents Dakka Demb\u00e9l\u00e9 - PAN M 360\" \/>\n<meta property=\"og:description\" content=\"\u00a0\u00a0\u00ab Cet \u00e9lectron libre s\u2019est impos\u00e9 l\u00e0 o\u00f9 on ne l\u2019attendait pas. C\u2019est un personnage solaire qui s\u2019est construit un destin hors des voies qu\u2019on lui imposait \u00bb (Jeune Afrique, 2016). Sans aucun doute LA r\u00e9f\u00e9rence Reggae \u00e0 Montr\u00e9al, Dakka Demb\u00e9l\u00e9 combine les pr\u00e9ceptes musicaux de Bob Marley et Peter Tosh \u00e0 ses origines maliennes [&hellip;]\" \/>\n<meta property=\"og:url\" content=\"https:\/\/panm360.com\/en\/agenda\/le-festival-nuits-dafrique-presente-dakka-dembele\/\" \/>\n<meta property=\"og:site_name\" content=\"PAN M 360\" \/>\n<meta property=\"article:publisher\" content=\"https:\/\/www.facebook.com\/panm360\/\" \/>\n<meta property=\"article:modified_time\" content=\"2022-07-17T19:15:21+00:00\" \/>\n<meta property=\"og:image\" content=\"https:\/\/panm360.com\/wp-content\/uploads\/2022\/07\/Daka-Dembele-2.jpg\" \/>\n\t<meta property=\"og:image:width\" content=\"707\" \/>\n\t<meta property=\"og:image:height\" content=\"376\" \/>\n\t<meta property=\"og:image:type\" content=\"image\/jpeg\" \/>\n<meta name=\"twitter:card\" content=\"summary_large_image\" \/>\n<meta name=\"twitter:site\" content=\"@PANM360\" \/>\n<meta name=\"twitter:label1\" content=\"Est. reading time\" \/>\n\t<meta name=\"twitter:data1\" content=\"2 minutes\" \/>\n<script type=\"application\/ld+json\" class=\"yoast-schema-graph\">{\"@context\":\"https:\\\/\\\/schema.org\",\"@graph\":[{\"@type\":\"WebPage\",\"@id\":\"https:\\\/\\\/panm360.com\\\/en\\\/agenda\\\/le-festival-nuits-dafrique-presente-dakka-dembele\\\/\",\"url\":\"https:\\\/\\\/panm360.com\\\/en\\\/agenda\\\/le-festival-nuits-dafrique-presente-dakka-dembele\\\/\",\"name\":\"Nuits d'Afrique presents Dakka Demb\u00e9l\u00e9 - PAN M 360\",\"isPartOf\":{\"@id\":\"https:\\\/\\\/panm360.com\\\/en\\\/#website\"},\"datePublished\":\"2022-07-14T18:16:00+00:00\",\"dateModified\":\"2022-07-17T19:15:21+00:00\",\"breadcrumb\":{\"@id\":\"https:\\\/\\\/panm360.com\\\/en\\\/agenda\\\/le-festival-nuits-dafrique-presente-dakka-dembele\\\/#breadcrumb\"},\"inLanguage\":\"en-US\",\"potentialAction\":[{\"@type\":\"ReadAction\",\"target\":[\"https:\\\/\\\/panm360.com\\\/en\\\/agenda\\\/le-festival-nuits-dafrique-presente-dakka-dembele\\\/\"]}]},{\"@type\":\"BreadcrumbList\",\"@id\":\"https:\\\/\\\/panm360.com\\\/en\\\/agenda\\\/le-festival-nuits-dafrique-presente-dakka-dembele\\\/#breadcrumb\",\"itemListElement\":[{\"@type\":\"ListItem\",\"position\":1,\"name\":\"Accueil\",\"item\":\"https:\\\/\\\/panm360.com\\\/en\\\/\"},{\"@type\":\"ListItem\",\"position\":2,\"name\":\"Listings\",\"item\":\"https:\\\/\\\/panm360.com\\\/en\\\/agenda\\\/\"},{\"@type\":\"ListItem\",\"position\":3,\"name\":\"Nuits d&#8217;Afrique presents Dakka Demb\u00e9l\u00e9\"}]},{\"@type\":\"WebSite\",\"@id\":\"https:\\\/\\\/panm360.com\\\/en\\\/#website\",\"url\":\"https:\\\/\\\/panm360.com\\\/en\\\/\",\"name\":\"PAN M 360\",\"description\":\"Le m\u00e9dia num\u00e9rique de la musique !\",\"publisher\":{\"@id\":\"https:\\\/\\\/panm360.com\\\/en\\\/#organization\"},\"potentialAction\":[{\"@type\":\"SearchAction\",\"target\":{\"@type\":\"EntryPoint\",\"urlTemplate\":\"https:\\\/\\\/panm360.com\\\/en\\\/?s={search_term_string}\"},\"query-input\":{\"@type\":\"PropertyValueSpecification\",\"valueRequired\":true,\"valueName\":\"search_term_string\"}}],\"inLanguage\":\"en-US\"},{\"@type\":\"Organization\",\"@id\":\"https:\\\/\\\/panm360.com\\\/en\\\/#organization\",\"name\":\"PAN M 360\",\"url\":\"https:\\\/\\\/panm360.com\\\/en\\\/\",\"logo\":{\"@type\":\"ImageObject\",\"inLanguage\":\"en-US\",\"@id\":\"https:\\\/\\\/panm360.com\\\/en\\\/#\\\/schema\\\/logo\\\/image\\\/\",\"url\":\"https:\\\/\\\/panm360.com\\\/wp-content\\\/uploads\\\/2019\\\/12\\\/PAN-M360_Logo_RGB.jpg\",\"contentUrl\":\"https:\\\/\\\/panm360.com\\\/wp-content\\\/uploads\\\/2019\\\/12\\\/PAN-M360_Logo_RGB.jpg\",\"width\":1663,\"height\":631,\"caption\":\"PAN M 360\"},\"image\":{\"@id\":\"https:\\\/\\\/panm360.com\\\/en\\\/#\\\/schema\\\/logo\\\/image\\\/\"},\"sameAs\":[\"https:\\\/\\\/www.facebook.com\\\/panm360\\\/\",\"https:\\\/\\\/x.com\\\/PANM360\",\"https:\\\/\\\/www.instagram.com\\\/panm360\\\/\",\"https:\\\/\\\/www.linkedin.com\\\/company\\\/panm360\\\/\",\"https:\\\/\\\/www.youtube.com\\\/channel\\\/UCHEFHd3UhIrV6EJ3ltzVKOA?view_as=subscriber\"]}]}<\/script>\n<!-- \/ Yoast SEO plugin. -->","yoast_head_json":{"title":"Nuits d'Afrique presents Dakka Demb\u00e9l\u00e9 - PAN M 360","robots":{"index":"index","follow":"follow","max-snippet":"max-snippet:-1","max-image-preview":"max-image-preview:large","max-video-preview":"max-video-preview:-1"},"canonical":"https:\/\/panm360.com\/en\/agenda\/le-festival-nuits-dafrique-presente-dakka-dembele\/","og_locale":"en_US","og_type":"article","og_title":"Nuits d'Afrique presents Dakka Demb\u00e9l\u00e9 - PAN M 360","og_description":"\u00a0\u00a0\u00ab Cet \u00e9lectron libre s\u2019est impos\u00e9 l\u00e0 o\u00f9 on ne l\u2019attendait pas. C\u2019est un personnage solaire qui s\u2019est construit un destin hors des voies qu\u2019on lui imposait \u00bb (Jeune Afrique, 2016). Sans aucun doute LA r\u00e9f\u00e9rence Reggae \u00e0 Montr\u00e9al, Dakka Demb\u00e9l\u00e9 combine les pr\u00e9ceptes musicaux de Bob Marley et Peter Tosh \u00e0 ses origines maliennes [&hellip;]","og_url":"https:\/\/panm360.com\/en\/agenda\/le-festival-nuits-dafrique-presente-dakka-dembele\/","og_site_name":"PAN M 360","article_publisher":"https:\/\/www.facebook.com\/panm360\/","article_modified_time":"2022-07-17T19:15:21+00:00","og_image":[{"width":707,"height":376,"url":"https:\/\/panm360.com\/wp-content\/uploads\/2022\/07\/Daka-Dembele-2.jpg","type":"image\/jpeg"}],"twitter_card":"summary_large_image","twitter_site":"@PANM360","twitter_misc":{"Est. reading time":"2 minutes"},"schema":{"@context":"https:\/\/schema.org","@graph":[{"@type":"WebPage","@id":"https:\/\/panm360.com\/en\/agenda\/le-festival-nuits-dafrique-presente-dakka-dembele\/","url":"https:\/\/panm360.com\/en\/agenda\/le-festival-nuits-dafrique-presente-dakka-dembele\/","name":"Nuits d'Afrique presents Dakka Demb\u00e9l\u00e9 - PAN M 360","isPartOf":{"@id":"https:\/\/panm360.com\/en\/#website"},"datePublished":"2022-07-14T18:16:00+00:00","dateModified":"2022-07-17T19:15:21+00:00","breadcrumb":{"@id":"https:\/\/panm360.com\/en\/agenda\/le-festival-nuits-dafrique-presente-dakka-dembele\/#breadcrumb"},"inLanguage":"en-US","potentialAction":[{"@type":"ReadAction","target":["https:\/\/panm360.com\/en\/agenda\/le-festival-nuits-dafrique-presente-dakka-dembele\/"]}]},{"@type":"BreadcrumbList","@id":"https:\/\/panm360.com\/en\/agenda\/le-festival-nuits-dafrique-presente-dakka-dembele\/#breadcrumb","itemListElement":[{"@type":"ListItem","position":1,"name":"Accueil","item":"https:\/\/panm360.com\/en\/"},{"@type":"ListItem","position":2,"name":"Listings","item":"https:\/\/panm360.com\/en\/agenda\/"},{"@type":"ListItem","position":3,"name":"Nuits d&#8217;Afrique presents Dakka Demb\u00e9l\u00e9"}]},{"@type":"WebSite","@id":"https:\/\/panm360.com\/en\/#website","url":"https:\/\/panm360.com\/en\/","name":"PAN M 360","description":"Le m\u00e9dia num\u00e9rique de la musique !","publisher":{"@id":"https:\/\/panm360.com\/en\/#organization"},"potentialAction":[{"@type":"SearchAction","target":{"@type":"EntryPoint","urlTemplate":"https:\/\/panm360.com\/en\/?s={search_term_string}"},"query-input":{"@type":"PropertyValueSpecification","valueRequired":true,"valueName":"search_term_string"}}],"inLanguage":"en-US"},{"@type":"Organization","@id":"https:\/\/panm360.com\/en\/#organization","name":"PAN M 360","url":"https:\/\/panm360.com\/en\/","logo":{"@type":"ImageObject","inLanguage":"en-US","@id":"https:\/\/panm360.com\/en\/#\/schema\/logo\/image\/","url":"https:\/\/panm360.com\/wp-content\/uploads\/2019\/12\/PAN-M360_Logo_RGB.jpg","contentUrl":"https:\/\/panm360.com\/wp-content\/uploads\/2019\/12\/PAN-M360_Logo_RGB.jpg","width":1663,"height":631,"caption":"PAN M 360"},"image":{"@id":"https:\/\/panm360.com\/en\/#\/schema\/logo\/image\/"},"sameAs":["https:\/\/www.facebook.com\/panm360\/","https:\/\/x.com\/PANM360","https:\/\/www.instagram.com\/panm360\/","https:\/\/www.linkedin.com\/company\/panm360\/","https:\/\/www.youtube.com\/channel\/UCHEFHd3UhIrV6EJ3ltzVKOA?view_as=subscriber"]}]}},"_links":{"self":[{"href":"https:\/\/panm360.com\/en\/wp-json\/wp\/v2\/agenda\/74694","targetHints":{"allow":["GET"]}}],"collection":[{"href":"https:\/\/panm360.com\/en\/wp-json\/wp\/v2\/agenda"}],"about":[{"href":"https:\/\/panm360.com\/en\/wp-json\/wp\/v2\/types\/agenda"}],"author":[{"embeddable":true,"href":"https:\/\/panm360.com\/en\/wp-json\/wp\/v2\/users\/936"}],"wp:attachment":[{"href":"https:\/\/panm360.com\/en\/wp-json\/wp\/v2\/media?parent=74694"}],"wp:term":[{"taxonomy":"category","embeddable":true,"href":"https:\/\/panm360.com\/en\/wp-json\/wp\/v2\/categories?post=74694"},{"taxonomy":"post_tag","embeddable":true,"href":"https:\/\/panm360.com\/en\/wp-json\/wp\/v2\/tags?post=74694"},{"taxonomy":"generale","embeddable":true,"href":"https:\/\/panm360.com\/en\/wp-json\/wp\/v2\/generale?post=74694"},{"taxonomy":"genre","embeddable":true,"href":"https:\/\/panm360.com\/en\/wp-json\/wp\/v2\/genre?post=74694"},{"taxonomy":"pays","embeddable":true,"href":"https:\/\/panm360.com\/en\/wp-json\/wp\/v2\/pays?post=74694"},{"taxonomy":"salle","embeddable":true,"href":"https:\/\/panm360.com\/en\/wp-json\/wp\/v2\/salle?post=74694"},{"taxonomy":"ville","embeddable":true,"href":"https:\/\/panm360.com\/en\/wp-json\/wp\/v2\/ville?post=74694"}],"curies":[{"name":"wp","href":"https:\/\/api.w.org\/{rel}","templated":true}]}}