{"id":74460,"date":"2022-07-19T08:30:00","date_gmt":"2022-07-19T12:30:00","guid":{"rendered":"https:\/\/panm360.com\/?post_type=agenda&#038;p=74460"},"modified":"2022-07-19T08:39:01","modified_gmt":"2022-07-19T12:39:01","slug":"nuits-dafrique-presente-femi-kuti-the-positive-force","status":"publish","type":"agenda","link":"https:\/\/panm360.com\/en\/agenda\/nuits-dafrique-presente-femi-kuti-the-positive-force\/","title":{"rendered":"Nuits d&#8217;Afrique pr\u00e9sente Femi Kuti &#038; The Positive Force"},"content":{"rendered":"\n<p class=\"wp-block-paragraph\">La portion ext\u00e9rieure gratuite du Festival va s\u2019amorcer sur les chapeaux de roue avec, en t\u00eate d\u2019affiche, Femi Kuti, six fois nomin\u00e9 aux Grammy Awards (dont deux fois en 2022) ! Porteur de tout un h\u00e9ritage, le digne fils du l\u00e9gendaire Fela fait r\u00e9sonner aux quatre coins de la plan\u00e8te, depuis plus de trois d\u00e9cennies, l\u2019hypnotique Afrobeat cr\u00e9\u00e9 par son p\u00e8re. Ses spectacles, g\u00e9n\u00e9reux, \u00e9nergiques et dansants, respectent l\u2019int\u00e9grit\u00e9 de cet excitant genre musical alliant Funk et Jazz aux traditionnels Juju et Highlife nig\u00e9rians, support\u00e9 par une orchestration monstre o\u00f9 les longues envol\u00e9es des cuivres et les ondes exalt\u00e9es des percussions se disputent la vedette. Il sera accompagn\u00e9 de son fils M\u00e1d\u00e9 Kuti pour une soir\u00e9e Afrobeat multig\u00e9n\u00e9rationnelle.<\/p>\n\n\n\n<p class=\"wp-block-paragraph\">The Festival\u2019s free outdoor programming will get a jump-start with headliner Femi; six-time Grammy nominees (twice in 2022)! Worthy bearer of an impressive legacy, the son of the legendary Fela Kuti has continued to make his father\u2019s signature Afrobeat resonate hypnotically around the world for over three decades. Energetic and generous, his shows are a testament to this exuberant musical genre that combines funk and jazz with Nigerian highlife and traditional juju, backed by his monumental band with its soaring sounds of the brass and exultant waves of percussion instruments contending for the spotlight. His son M\u00e1d\u00e9 Kuti will also be performing making it a truly multigenerational Afrobeat evening.<\/p>\n\n\n\n<p class=\"wp-block-paragraph\"><strong>GRATUIT!<\/strong><\/p>\n\n\n\n<iframe loading=\"lazy\" width=\"1349\" height=\"500\" src=\"https:\/\/www.youtube.com\/embed\/aeOklefYRW0\" title=\"Femi Kuti - P\u00e0 P\u00e1 P\u00e0 (Official Video)\" frameborder=\"0\" allow=\"accelerometer; autoplay; clipboard-write; encrypted-media; gyroscope; picture-in-picture\" allowfullscreen><\/iframe>\n\n\n\n<p class=\"wp-block-paragraph\"><strong><em>Ce contenu provient des Productions Nuits d\u2019Afrique et est adapt\u00e9 par PAN M 360.<\/em><\/strong><\/p>\n","protected":false},"excerpt":{"rendered":"<p>La portion ext\u00e9rieure gratuite du Festival va s\u2019amorcer sur les chapeaux de roue avec, en t\u00eate d\u2019affiche, Femi Kuti, six fois nomin\u00e9 aux Grammy Awards (dont deux fois en 2022) ! Porteur de tout un h\u00e9ritage, le digne fils du l\u00e9gendaire Fela fait r\u00e9sonner aux quatre coins de la plan\u00e8te, depuis plus de trois d\u00e9cennies, [&hellip;]<\/p>\n","protected":false},"author":936,"featured_media":0,"menu_order":0,"template":"","format":"standard","meta":{"_acf_changed":false,"_crdt_document":""},"categories":[4322],"tags":[],"generale":[3814],"genre":[3073,3190,3210],"pays":[4657],"salle":[7886],"ville":[4415],"class_list":["post-74460","agenda","type-agenda","status-publish","format-standard","hentry","category-listings-360","generale-lire-en","genre-afrobeat-2","genre-highlife-2","genre-jazz-funk-2","pays-nigeria-2-en","salle-scene-td-radio-canada-en","ville-montreal-2"],"acf":[],"yoast_head":"<!-- This site is optimized with the Yoast SEO plugin v27.4 - https:\/\/yoast.com\/product\/yoast-seo-wordpress\/ -->\n<title>Nuits d&#039;Afrique pr\u00e9sente Femi Kuti &amp; The Positive Force - PAN M 360<\/title>\n<meta name=\"robots\" content=\"index, follow, max-snippet:-1, max-image-preview:large, max-video-preview:-1\" \/>\n<link rel=\"canonical\" href=\"https:\/\/panm360.com\/en\/agenda\/nuits-dafrique-presente-femi-kuti-the-positive-force\/\" \/>\n<meta property=\"og:locale\" content=\"en_US\" \/>\n<meta property=\"og:type\" content=\"article\" \/>\n<meta property=\"og:title\" content=\"Nuits d&#039;Afrique pr\u00e9sente Femi Kuti &amp; The Positive Force - PAN M 360\" \/>\n<meta property=\"og:description\" content=\"La portion ext\u00e9rieure gratuite du Festival va s\u2019amorcer sur les chapeaux de roue avec, en t\u00eate d\u2019affiche, Femi Kuti, six fois nomin\u00e9 aux Grammy Awards (dont deux fois en 2022) ! Porteur de tout un h\u00e9ritage, le digne fils du l\u00e9gendaire Fela fait r\u00e9sonner aux quatre coins de la plan\u00e8te, depuis plus de trois d\u00e9cennies, [&hellip;]\" \/>\n<meta property=\"og:url\" content=\"https:\/\/panm360.com\/en\/agenda\/nuits-dafrique-presente-femi-kuti-the-positive-force\/\" \/>\n<meta property=\"og:site_name\" content=\"PAN M 360\" \/>\n<meta property=\"article:publisher\" content=\"https:\/\/www.facebook.com\/panm360\/\" \/>\n<meta property=\"article:modified_time\" content=\"2022-07-19T12:39:01+00:00\" \/>\n<meta property=\"og:image\" content=\"https:\/\/panm360.com\/wp-content\/uploads\/2022\/07\/femi_707x376-635x357-1.jpg\" \/>\n\t<meta property=\"og:image:width\" content=\"635\" \/>\n\t<meta property=\"og:image:height\" content=\"357\" \/>\n\t<meta property=\"og:image:type\" content=\"image\/jpeg\" \/>\n<meta name=\"twitter:card\" content=\"summary_large_image\" \/>\n<meta name=\"twitter:site\" content=\"@PANM360\" \/>\n<meta name=\"twitter:label1\" content=\"Est. reading time\" \/>\n\t<meta name=\"twitter:data1\" content=\"2 minutes\" \/>\n<script type=\"application\/ld+json\" class=\"yoast-schema-graph\">{\"@context\":\"https:\\\/\\\/schema.org\",\"@graph\":[{\"@type\":\"WebPage\",\"@id\":\"https:\\\/\\\/panm360.com\\\/en\\\/agenda\\\/nuits-dafrique-presente-femi-kuti-the-positive-force\\\/\",\"url\":\"https:\\\/\\\/panm360.com\\\/en\\\/agenda\\\/nuits-dafrique-presente-femi-kuti-the-positive-force\\\/\",\"name\":\"Nuits d'Afrique pr\u00e9sente Femi Kuti & The Positive Force - PAN M 360\",\"isPartOf\":{\"@id\":\"https:\\\/\\\/panm360.com\\\/en\\\/#website\"},\"datePublished\":\"2022-07-19T12:30:00+00:00\",\"dateModified\":\"2022-07-19T12:39:01+00:00\",\"breadcrumb\":{\"@id\":\"https:\\\/\\\/panm360.com\\\/en\\\/agenda\\\/nuits-dafrique-presente-femi-kuti-the-positive-force\\\/#breadcrumb\"},\"inLanguage\":\"en-US\",\"potentialAction\":[{\"@type\":\"ReadAction\",\"target\":[\"https:\\\/\\\/panm360.com\\\/en\\\/agenda\\\/nuits-dafrique-presente-femi-kuti-the-positive-force\\\/\"]}]},{\"@type\":\"BreadcrumbList\",\"@id\":\"https:\\\/\\\/panm360.com\\\/en\\\/agenda\\\/nuits-dafrique-presente-femi-kuti-the-positive-force\\\/#breadcrumb\",\"itemListElement\":[{\"@type\":\"ListItem\",\"position\":1,\"name\":\"Accueil\",\"item\":\"https:\\\/\\\/panm360.com\\\/en\\\/\"},{\"@type\":\"ListItem\",\"position\":2,\"name\":\"Listings\",\"item\":\"https:\\\/\\\/panm360.com\\\/en\\\/agenda\\\/\"},{\"@type\":\"ListItem\",\"position\":3,\"name\":\"Nuits d&#8217;Afrique pr\u00e9sente Femi Kuti &#038; The Positive Force\"}]},{\"@type\":\"WebSite\",\"@id\":\"https:\\\/\\\/panm360.com\\\/en\\\/#website\",\"url\":\"https:\\\/\\\/panm360.com\\\/en\\\/\",\"name\":\"PAN M 360\",\"description\":\"Le m\u00e9dia num\u00e9rique de la musique !\",\"publisher\":{\"@id\":\"https:\\\/\\\/panm360.com\\\/en\\\/#organization\"},\"potentialAction\":[{\"@type\":\"SearchAction\",\"target\":{\"@type\":\"EntryPoint\",\"urlTemplate\":\"https:\\\/\\\/panm360.com\\\/en\\\/?s={search_term_string}\"},\"query-input\":{\"@type\":\"PropertyValueSpecification\",\"valueRequired\":true,\"valueName\":\"search_term_string\"}}],\"inLanguage\":\"en-US\"},{\"@type\":\"Organization\",\"@id\":\"https:\\\/\\\/panm360.com\\\/en\\\/#organization\",\"name\":\"PAN M 360\",\"url\":\"https:\\\/\\\/panm360.com\\\/en\\\/\",\"logo\":{\"@type\":\"ImageObject\",\"inLanguage\":\"en-US\",\"@id\":\"https:\\\/\\\/panm360.com\\\/en\\\/#\\\/schema\\\/logo\\\/image\\\/\",\"url\":\"https:\\\/\\\/panm360.com\\\/wp-content\\\/uploads\\\/2019\\\/12\\\/PAN-M360_Logo_RGB.jpg\",\"contentUrl\":\"https:\\\/\\\/panm360.com\\\/wp-content\\\/uploads\\\/2019\\\/12\\\/PAN-M360_Logo_RGB.jpg\",\"width\":1663,\"height\":631,\"caption\":\"PAN M 360\"},\"image\":{\"@id\":\"https:\\\/\\\/panm360.com\\\/en\\\/#\\\/schema\\\/logo\\\/image\\\/\"},\"sameAs\":[\"https:\\\/\\\/www.facebook.com\\\/panm360\\\/\",\"https:\\\/\\\/x.com\\\/PANM360\",\"https:\\\/\\\/www.instagram.com\\\/panm360\\\/\",\"https:\\\/\\\/www.linkedin.com\\\/company\\\/panm360\\\/\",\"https:\\\/\\\/www.youtube.com\\\/channel\\\/UCHEFHd3UhIrV6EJ3ltzVKOA?view_as=subscriber\"]}]}<\/script>\n<!-- \/ Yoast SEO plugin. -->","yoast_head_json":{"title":"Nuits d'Afrique pr\u00e9sente Femi Kuti & The Positive Force - PAN M 360","robots":{"index":"index","follow":"follow","max-snippet":"max-snippet:-1","max-image-preview":"max-image-preview:large","max-video-preview":"max-video-preview:-1"},"canonical":"https:\/\/panm360.com\/en\/agenda\/nuits-dafrique-presente-femi-kuti-the-positive-force\/","og_locale":"en_US","og_type":"article","og_title":"Nuits d'Afrique pr\u00e9sente Femi Kuti & The Positive Force - PAN M 360","og_description":"La portion ext\u00e9rieure gratuite du Festival va s\u2019amorcer sur les chapeaux de roue avec, en t\u00eate d\u2019affiche, Femi Kuti, six fois nomin\u00e9 aux Grammy Awards (dont deux fois en 2022) ! Porteur de tout un h\u00e9ritage, le digne fils du l\u00e9gendaire Fela fait r\u00e9sonner aux quatre coins de la plan\u00e8te, depuis plus de trois d\u00e9cennies, [&hellip;]","og_url":"https:\/\/panm360.com\/en\/agenda\/nuits-dafrique-presente-femi-kuti-the-positive-force\/","og_site_name":"PAN M 360","article_publisher":"https:\/\/www.facebook.com\/panm360\/","article_modified_time":"2022-07-19T12:39:01+00:00","og_image":[{"width":635,"height":357,"url":"https:\/\/panm360.com\/wp-content\/uploads\/2022\/07\/femi_707x376-635x357-1.jpg","type":"image\/jpeg"}],"twitter_card":"summary_large_image","twitter_site":"@PANM360","twitter_misc":{"Est. reading time":"2 minutes"},"schema":{"@context":"https:\/\/schema.org","@graph":[{"@type":"WebPage","@id":"https:\/\/panm360.com\/en\/agenda\/nuits-dafrique-presente-femi-kuti-the-positive-force\/","url":"https:\/\/panm360.com\/en\/agenda\/nuits-dafrique-presente-femi-kuti-the-positive-force\/","name":"Nuits d'Afrique pr\u00e9sente Femi Kuti & The Positive Force - PAN M 360","isPartOf":{"@id":"https:\/\/panm360.com\/en\/#website"},"datePublished":"2022-07-19T12:30:00+00:00","dateModified":"2022-07-19T12:39:01+00:00","breadcrumb":{"@id":"https:\/\/panm360.com\/en\/agenda\/nuits-dafrique-presente-femi-kuti-the-positive-force\/#breadcrumb"},"inLanguage":"en-US","potentialAction":[{"@type":"ReadAction","target":["https:\/\/panm360.com\/en\/agenda\/nuits-dafrique-presente-femi-kuti-the-positive-force\/"]}]},{"@type":"BreadcrumbList","@id":"https:\/\/panm360.com\/en\/agenda\/nuits-dafrique-presente-femi-kuti-the-positive-force\/#breadcrumb","itemListElement":[{"@type":"ListItem","position":1,"name":"Accueil","item":"https:\/\/panm360.com\/en\/"},{"@type":"ListItem","position":2,"name":"Listings","item":"https:\/\/panm360.com\/en\/agenda\/"},{"@type":"ListItem","position":3,"name":"Nuits d&#8217;Afrique pr\u00e9sente Femi Kuti &#038; The Positive Force"}]},{"@type":"WebSite","@id":"https:\/\/panm360.com\/en\/#website","url":"https:\/\/panm360.com\/en\/","name":"PAN M 360","description":"Le m\u00e9dia num\u00e9rique de la musique !","publisher":{"@id":"https:\/\/panm360.com\/en\/#organization"},"potentialAction":[{"@type":"SearchAction","target":{"@type":"EntryPoint","urlTemplate":"https:\/\/panm360.com\/en\/?s={search_term_string}"},"query-input":{"@type":"PropertyValueSpecification","valueRequired":true,"valueName":"search_term_string"}}],"inLanguage":"en-US"},{"@type":"Organization","@id":"https:\/\/panm360.com\/en\/#organization","name":"PAN M 360","url":"https:\/\/panm360.com\/en\/","logo":{"@type":"ImageObject","inLanguage":"en-US","@id":"https:\/\/panm360.com\/en\/#\/schema\/logo\/image\/","url":"https:\/\/panm360.com\/wp-content\/uploads\/2019\/12\/PAN-M360_Logo_RGB.jpg","contentUrl":"https:\/\/panm360.com\/wp-content\/uploads\/2019\/12\/PAN-M360_Logo_RGB.jpg","width":1663,"height":631,"caption":"PAN M 360"},"image":{"@id":"https:\/\/panm360.com\/en\/#\/schema\/logo\/image\/"},"sameAs":["https:\/\/www.facebook.com\/panm360\/","https:\/\/x.com\/PANM360","https:\/\/www.instagram.com\/panm360\/","https:\/\/www.linkedin.com\/company\/panm360\/","https:\/\/www.youtube.com\/channel\/UCHEFHd3UhIrV6EJ3ltzVKOA?view_as=subscriber"]}]}},"_links":{"self":[{"href":"https:\/\/panm360.com\/en\/wp-json\/wp\/v2\/agenda\/74460","targetHints":{"allow":["GET"]}}],"collection":[{"href":"https:\/\/panm360.com\/en\/wp-json\/wp\/v2\/agenda"}],"about":[{"href":"https:\/\/panm360.com\/en\/wp-json\/wp\/v2\/types\/agenda"}],"author":[{"embeddable":true,"href":"https:\/\/panm360.com\/en\/wp-json\/wp\/v2\/users\/936"}],"wp:attachment":[{"href":"https:\/\/panm360.com\/en\/wp-json\/wp\/v2\/media?parent=74460"}],"wp:term":[{"taxonomy":"category","embeddable":true,"href":"https:\/\/panm360.com\/en\/wp-json\/wp\/v2\/categories?post=74460"},{"taxonomy":"post_tag","embeddable":true,"href":"https:\/\/panm360.com\/en\/wp-json\/wp\/v2\/tags?post=74460"},{"taxonomy":"generale","embeddable":true,"href":"https:\/\/panm360.com\/en\/wp-json\/wp\/v2\/generale?post=74460"},{"taxonomy":"genre","embeddable":true,"href":"https:\/\/panm360.com\/en\/wp-json\/wp\/v2\/genre?post=74460"},{"taxonomy":"pays","embeddable":true,"href":"https:\/\/panm360.com\/en\/wp-json\/wp\/v2\/pays?post=74460"},{"taxonomy":"salle","embeddable":true,"href":"https:\/\/panm360.com\/en\/wp-json\/wp\/v2\/salle?post=74460"},{"taxonomy":"ville","embeddable":true,"href":"https:\/\/panm360.com\/en\/wp-json\/wp\/v2\/ville?post=74460"}],"curies":[{"name":"wp","href":"https:\/\/api.w.org\/{rel}","templated":true}]}}