{"id":72744,"date":"2022-07-01T06:55:00","date_gmt":"2022-07-01T10:55:00","guid":{"rendered":"https:\/\/panm360.com\/?post_type=agenda&#038;p=72744"},"modified":"2022-07-01T08:50:36","modified_gmt":"2022-07-01T12:50:36","slug":"le-festival-international-de-jazz-presente-meshell-ndegeocello","status":"publish","type":"agenda","link":"https:\/\/panm360.com\/en\/agenda\/le-festival-international-de-jazz-presente-meshell-ndegeocello\/","title":{"rendered":"Le Festival International de Jazz pr\u00e9sente Meshell Ndegeocello"},"content":{"rendered":"\n<p class=\"wp-block-paragraph\">Dans des p\u00e9riodes extr\u00eamement difficiles, lorsqu\u2019il ne parvient plus \u00e0 agir ou donner un sens \u00e0 son art, l\u2019artiste peut se r\u00e9fugier dans un processus, un rituel, quelque chose de familier, dont la forme et le son lui rappellent un tout autre moment, afin de supporter le pr\u00e9sent assez longtemps pour pouvoir un jour l&#8217;appeler le pass\u00e9.<\/p>\n\n\n\n<p class=\"wp-block-paragraph\">Certains albums sont des t\u00e9moignages, des confessions; et d\u2019autres sont des \u00e9chapp\u00e9es. \u00ab Ventriloquism \u00bb, le dernier album de Meshell Ndegeocello, \u00e0 l\u2019image de son processus cr\u00e9atif, sert de refuge lorsque la temp\u00eate fait rage.<\/p>\n\n\n\n<p class=\"wp-block-paragraph\">In times so extreme and overwhelming, when there is no known expression for the feeling, no satisfactory direction for art or action, then they might take refuge in a process, a ritual, something familiar, the shape and sound of which recall another time altogether, so that they can weather the present long enough to call it the past. Some albums are testimony, some confessions, and some are escape. \u201cVentriloquism\u201d, the latest album from&nbsp;Meshell Ndegeocello, is a place, like its process, to take refuge from one storm too many.<\/p>\n\n\n\n<p class=\"wp-block-paragraph\"><strong><a href=\"https:\/\/ent-nts.tuxedobillet.com\/main\/meshell-ndegeocello\/20220701200000\">POUR ACHETER VOTRE BILLET, C&#8217;EST ICI!<\/a><\/strong><\/p>\n\n\n\n<iframe loading=\"lazy\" style=\"border-radius:12px\" src=\"https:\/\/open.spotify.com\/embed\/album\/31HcIpZ9GOo9aKUPYwV3kG?utm_source=generator\" width=\"100%\" height=\"380\" frameborder=\"0\" allowfullscreen=\"\" allow=\"autoplay; clipboard-write; encrypted-media; fullscreen; picture-in-picture\"><\/iframe>\n\n\n\n<p class=\"wp-block-paragraph\"><strong><em>Ce contenu provient de Na\u00efve et de The Kurkland Agency et est adapt\u00e9 par PAN M 360. <\/em><\/strong><\/p>\n","protected":false},"excerpt":{"rendered":"<p>Dans des p\u00e9riodes extr\u00eamement difficiles, lorsqu\u2019il ne parvient plus \u00e0 agir ou donner un sens \u00e0 son art, l\u2019artiste peut se r\u00e9fugier dans un processus, un rituel, quelque chose de familier, dont la forme et le son lui rappellent un tout autre moment, afin de supporter le pr\u00e9sent assez longtemps pour pouvoir un jour l&#8217;appeler [&hellip;]<\/p>\n","protected":false},"author":936,"featured_media":0,"menu_order":0,"template":"","format":"standard","meta":{"_acf_changed":false,"_crdt_document":""},"categories":[4322],"tags":[],"generale":[3814],"genre":[4162],"pays":[3827],"salle":[7815],"ville":[7246],"class_list":["post-72744","agenda","type-agenda","status-publish","format-standard","hentry","category-listings-360","generale-lire-en","genre-jazz-en-2","pays-united-states","salle-monument-national-salle-ludger-duvernay-en","ville-montreal-en"],"acf":[],"yoast_head":"<!-- This site is optimized with the Yoast SEO plugin v27.4 - https:\/\/yoast.com\/product\/yoast-seo-wordpress\/ -->\n<title>Le Festival International de Jazz pr\u00e9sente Meshell Ndegeocello - PAN M 360<\/title>\n<meta name=\"robots\" content=\"index, follow, max-snippet:-1, max-image-preview:large, max-video-preview:-1\" \/>\n<link rel=\"canonical\" href=\"https:\/\/panm360.com\/en\/agenda\/le-festival-international-de-jazz-presente-meshell-ndegeocello\/\" \/>\n<meta property=\"og:locale\" content=\"en_US\" \/>\n<meta property=\"og:type\" content=\"article\" \/>\n<meta property=\"og:title\" content=\"Le Festival International de Jazz pr\u00e9sente Meshell Ndegeocello - PAN M 360\" \/>\n<meta property=\"og:description\" content=\"Dans des p\u00e9riodes extr\u00eamement difficiles, lorsqu\u2019il ne parvient plus \u00e0 agir ou donner un sens \u00e0 son art, l\u2019artiste peut se r\u00e9fugier dans un processus, un rituel, quelque chose de familier, dont la forme et le son lui rappellent un tout autre moment, afin de supporter le pr\u00e9sent assez longtemps pour pouvoir un jour l&#8217;appeler [&hellip;]\" \/>\n<meta property=\"og:url\" content=\"https:\/\/panm360.com\/en\/agenda\/le-festival-international-de-jazz-presente-meshell-ndegeocello\/\" \/>\n<meta property=\"og:site_name\" content=\"PAN M 360\" \/>\n<meta property=\"article:publisher\" content=\"https:\/\/www.facebook.com\/panm360\/\" \/>\n<meta property=\"article:modified_time\" content=\"2022-07-01T12:50:36+00:00\" \/>\n<meta property=\"og:image\" content=\"https:\/\/panm360.com\/wp-content\/uploads\/2022\/06\/Meshell_Ndegeocello.jpg\" \/>\n\t<meta property=\"og:image:width\" content=\"1070\" \/>\n\t<meta property=\"og:image:height\" content=\"602\" \/>\n\t<meta property=\"og:image:type\" content=\"image\/jpeg\" \/>\n<meta name=\"twitter:card\" content=\"summary_large_image\" \/>\n<meta name=\"twitter:site\" content=\"@PANM360\" \/>\n<meta name=\"twitter:label1\" content=\"Est. reading time\" \/>\n\t<meta name=\"twitter:data1\" content=\"2 minutes\" \/>\n<script type=\"application\/ld+json\" class=\"yoast-schema-graph\">{\"@context\":\"https:\\\/\\\/schema.org\",\"@graph\":[{\"@type\":\"WebPage\",\"@id\":\"https:\\\/\\\/panm360.com\\\/en\\\/agenda\\\/le-festival-international-de-jazz-presente-meshell-ndegeocello\\\/\",\"url\":\"https:\\\/\\\/panm360.com\\\/en\\\/agenda\\\/le-festival-international-de-jazz-presente-meshell-ndegeocello\\\/\",\"name\":\"Le Festival International de Jazz pr\u00e9sente Meshell Ndegeocello - PAN M 360\",\"isPartOf\":{\"@id\":\"https:\\\/\\\/panm360.com\\\/en\\\/#website\"},\"datePublished\":\"2022-07-01T10:55:00+00:00\",\"dateModified\":\"2022-07-01T12:50:36+00:00\",\"breadcrumb\":{\"@id\":\"https:\\\/\\\/panm360.com\\\/en\\\/agenda\\\/le-festival-international-de-jazz-presente-meshell-ndegeocello\\\/#breadcrumb\"},\"inLanguage\":\"en-US\",\"potentialAction\":[{\"@type\":\"ReadAction\",\"target\":[\"https:\\\/\\\/panm360.com\\\/en\\\/agenda\\\/le-festival-international-de-jazz-presente-meshell-ndegeocello\\\/\"]}]},{\"@type\":\"BreadcrumbList\",\"@id\":\"https:\\\/\\\/panm360.com\\\/en\\\/agenda\\\/le-festival-international-de-jazz-presente-meshell-ndegeocello\\\/#breadcrumb\",\"itemListElement\":[{\"@type\":\"ListItem\",\"position\":1,\"name\":\"Accueil\",\"item\":\"https:\\\/\\\/panm360.com\\\/en\\\/\"},{\"@type\":\"ListItem\",\"position\":2,\"name\":\"Listings\",\"item\":\"https:\\\/\\\/panm360.com\\\/en\\\/agenda\\\/\"},{\"@type\":\"ListItem\",\"position\":3,\"name\":\"Le Festival International de Jazz pr\u00e9sente Meshell Ndegeocello\"}]},{\"@type\":\"WebSite\",\"@id\":\"https:\\\/\\\/panm360.com\\\/en\\\/#website\",\"url\":\"https:\\\/\\\/panm360.com\\\/en\\\/\",\"name\":\"PAN M 360\",\"description\":\"Le m\u00e9dia num\u00e9rique de la musique !\",\"publisher\":{\"@id\":\"https:\\\/\\\/panm360.com\\\/en\\\/#organization\"},\"potentialAction\":[{\"@type\":\"SearchAction\",\"target\":{\"@type\":\"EntryPoint\",\"urlTemplate\":\"https:\\\/\\\/panm360.com\\\/en\\\/?s={search_term_string}\"},\"query-input\":{\"@type\":\"PropertyValueSpecification\",\"valueRequired\":true,\"valueName\":\"search_term_string\"}}],\"inLanguage\":\"en-US\"},{\"@type\":\"Organization\",\"@id\":\"https:\\\/\\\/panm360.com\\\/en\\\/#organization\",\"name\":\"PAN M 360\",\"url\":\"https:\\\/\\\/panm360.com\\\/en\\\/\",\"logo\":{\"@type\":\"ImageObject\",\"inLanguage\":\"en-US\",\"@id\":\"https:\\\/\\\/panm360.com\\\/en\\\/#\\\/schema\\\/logo\\\/image\\\/\",\"url\":\"https:\\\/\\\/panm360.com\\\/wp-content\\\/uploads\\\/2019\\\/12\\\/PAN-M360_Logo_RGB.jpg\",\"contentUrl\":\"https:\\\/\\\/panm360.com\\\/wp-content\\\/uploads\\\/2019\\\/12\\\/PAN-M360_Logo_RGB.jpg\",\"width\":1663,\"height\":631,\"caption\":\"PAN M 360\"},\"image\":{\"@id\":\"https:\\\/\\\/panm360.com\\\/en\\\/#\\\/schema\\\/logo\\\/image\\\/\"},\"sameAs\":[\"https:\\\/\\\/www.facebook.com\\\/panm360\\\/\",\"https:\\\/\\\/x.com\\\/PANM360\",\"https:\\\/\\\/www.instagram.com\\\/panm360\\\/\",\"https:\\\/\\\/www.linkedin.com\\\/company\\\/panm360\\\/\",\"https:\\\/\\\/www.youtube.com\\\/channel\\\/UCHEFHd3UhIrV6EJ3ltzVKOA?view_as=subscriber\"]}]}<\/script>\n<!-- \/ Yoast SEO plugin. -->","yoast_head_json":{"title":"Le Festival International de Jazz pr\u00e9sente Meshell Ndegeocello - PAN M 360","robots":{"index":"index","follow":"follow","max-snippet":"max-snippet:-1","max-image-preview":"max-image-preview:large","max-video-preview":"max-video-preview:-1"},"canonical":"https:\/\/panm360.com\/en\/agenda\/le-festival-international-de-jazz-presente-meshell-ndegeocello\/","og_locale":"en_US","og_type":"article","og_title":"Le Festival International de Jazz pr\u00e9sente Meshell Ndegeocello - PAN M 360","og_description":"Dans des p\u00e9riodes extr\u00eamement difficiles, lorsqu\u2019il ne parvient plus \u00e0 agir ou donner un sens \u00e0 son art, l\u2019artiste peut se r\u00e9fugier dans un processus, un rituel, quelque chose de familier, dont la forme et le son lui rappellent un tout autre moment, afin de supporter le pr\u00e9sent assez longtemps pour pouvoir un jour l&#8217;appeler [&hellip;]","og_url":"https:\/\/panm360.com\/en\/agenda\/le-festival-international-de-jazz-presente-meshell-ndegeocello\/","og_site_name":"PAN M 360","article_publisher":"https:\/\/www.facebook.com\/panm360\/","article_modified_time":"2022-07-01T12:50:36+00:00","og_image":[{"width":1070,"height":602,"url":"https:\/\/panm360.com\/wp-content\/uploads\/2022\/06\/Meshell_Ndegeocello.jpg","type":"image\/jpeg"}],"twitter_card":"summary_large_image","twitter_site":"@PANM360","twitter_misc":{"Est. reading time":"2 minutes"},"schema":{"@context":"https:\/\/schema.org","@graph":[{"@type":"WebPage","@id":"https:\/\/panm360.com\/en\/agenda\/le-festival-international-de-jazz-presente-meshell-ndegeocello\/","url":"https:\/\/panm360.com\/en\/agenda\/le-festival-international-de-jazz-presente-meshell-ndegeocello\/","name":"Le Festival International de Jazz pr\u00e9sente Meshell Ndegeocello - PAN M 360","isPartOf":{"@id":"https:\/\/panm360.com\/en\/#website"},"datePublished":"2022-07-01T10:55:00+00:00","dateModified":"2022-07-01T12:50:36+00:00","breadcrumb":{"@id":"https:\/\/panm360.com\/en\/agenda\/le-festival-international-de-jazz-presente-meshell-ndegeocello\/#breadcrumb"},"inLanguage":"en-US","potentialAction":[{"@type":"ReadAction","target":["https:\/\/panm360.com\/en\/agenda\/le-festival-international-de-jazz-presente-meshell-ndegeocello\/"]}]},{"@type":"BreadcrumbList","@id":"https:\/\/panm360.com\/en\/agenda\/le-festival-international-de-jazz-presente-meshell-ndegeocello\/#breadcrumb","itemListElement":[{"@type":"ListItem","position":1,"name":"Accueil","item":"https:\/\/panm360.com\/en\/"},{"@type":"ListItem","position":2,"name":"Listings","item":"https:\/\/panm360.com\/en\/agenda\/"},{"@type":"ListItem","position":3,"name":"Le Festival International de Jazz pr\u00e9sente Meshell Ndegeocello"}]},{"@type":"WebSite","@id":"https:\/\/panm360.com\/en\/#website","url":"https:\/\/panm360.com\/en\/","name":"PAN M 360","description":"Le m\u00e9dia num\u00e9rique de la musique !","publisher":{"@id":"https:\/\/panm360.com\/en\/#organization"},"potentialAction":[{"@type":"SearchAction","target":{"@type":"EntryPoint","urlTemplate":"https:\/\/panm360.com\/en\/?s={search_term_string}"},"query-input":{"@type":"PropertyValueSpecification","valueRequired":true,"valueName":"search_term_string"}}],"inLanguage":"en-US"},{"@type":"Organization","@id":"https:\/\/panm360.com\/en\/#organization","name":"PAN M 360","url":"https:\/\/panm360.com\/en\/","logo":{"@type":"ImageObject","inLanguage":"en-US","@id":"https:\/\/panm360.com\/en\/#\/schema\/logo\/image\/","url":"https:\/\/panm360.com\/wp-content\/uploads\/2019\/12\/PAN-M360_Logo_RGB.jpg","contentUrl":"https:\/\/panm360.com\/wp-content\/uploads\/2019\/12\/PAN-M360_Logo_RGB.jpg","width":1663,"height":631,"caption":"PAN M 360"},"image":{"@id":"https:\/\/panm360.com\/en\/#\/schema\/logo\/image\/"},"sameAs":["https:\/\/www.facebook.com\/panm360\/","https:\/\/x.com\/PANM360","https:\/\/www.instagram.com\/panm360\/","https:\/\/www.linkedin.com\/company\/panm360\/","https:\/\/www.youtube.com\/channel\/UCHEFHd3UhIrV6EJ3ltzVKOA?view_as=subscriber"]}]}},"_links":{"self":[{"href":"https:\/\/panm360.com\/en\/wp-json\/wp\/v2\/agenda\/72744","targetHints":{"allow":["GET"]}}],"collection":[{"href":"https:\/\/panm360.com\/en\/wp-json\/wp\/v2\/agenda"}],"about":[{"href":"https:\/\/panm360.com\/en\/wp-json\/wp\/v2\/types\/agenda"}],"author":[{"embeddable":true,"href":"https:\/\/panm360.com\/en\/wp-json\/wp\/v2\/users\/936"}],"wp:attachment":[{"href":"https:\/\/panm360.com\/en\/wp-json\/wp\/v2\/media?parent=72744"}],"wp:term":[{"taxonomy":"category","embeddable":true,"href":"https:\/\/panm360.com\/en\/wp-json\/wp\/v2\/categories?post=72744"},{"taxonomy":"post_tag","embeddable":true,"href":"https:\/\/panm360.com\/en\/wp-json\/wp\/v2\/tags?post=72744"},{"taxonomy":"generale","embeddable":true,"href":"https:\/\/panm360.com\/en\/wp-json\/wp\/v2\/generale?post=72744"},{"taxonomy":"genre","embeddable":true,"href":"https:\/\/panm360.com\/en\/wp-json\/wp\/v2\/genre?post=72744"},{"taxonomy":"pays","embeddable":true,"href":"https:\/\/panm360.com\/en\/wp-json\/wp\/v2\/pays?post=72744"},{"taxonomy":"salle","embeddable":true,"href":"https:\/\/panm360.com\/en\/wp-json\/wp\/v2\/salle?post=72744"},{"taxonomy":"ville","embeddable":true,"href":"https:\/\/panm360.com\/en\/wp-json\/wp\/v2\/ville?post=72744"}],"curies":[{"name":"wp","href":"https:\/\/api.w.org\/{rel}","templated":true}]}}