{"id":71819,"date":"2022-06-11T06:56:00","date_gmt":"2022-06-11T10:56:00","guid":{"rendered":"https:\/\/panm360.com\/?post_type=agenda&#038;p=71819"},"modified":"2022-06-11T12:55:59","modified_gmt":"2022-06-11T16:55:59","slug":"suoni-per-il-popolo-malcolm-goldstein-et-devenir-ensemble-a-la-sala-rossa","status":"publish","type":"agenda","link":"https:\/\/panm360.com\/en\/agenda\/suoni-per-il-popolo-malcolm-goldstein-et-devenir-ensemble-a-la-sala-rossa\/","title":{"rendered":"Suoni Per Il Popolo : Malcolm Goldstein et Devenir-Ensemble \u00e0 La Sala Rossa"},"content":{"rendered":"\n<p class=\"wp-block-paragraph\">Nous accueillons \u00e0 nouveau le grand phare Malcolm Goldstein. Il interpr\u00e9tera deux pi\u00e8ces compos\u00e9es pour lui par les l\u00e9gendaires lib\u00e9rateurs de la musique John Cage et Ornette Coleman (\u00e0 l&#8217;occasion de l&#8217;anniversaire du d\u00e9c\u00e8s de ce dernier). Goldstein sera accompagn\u00e9 par Nicolas Caloia etRainer Wiens. Devenir-Ensemble compl\u00e8tera la soir\u00e9e en interpr\u00e9tant &#8220;R\u00e9sonances Manifestes&#8221;, leur derni\u00e8re sortie sur Cuchabata Records, une pi\u00e8ce qui rappelle les manifestations qui ont secou\u00e9 la rue tout en conversant avec notre pr\u00e9sent fractur\u00e9. <\/p>\n\n\n\n<p class=\"wp-block-paragraph\">Once again, we welcome back the great beacon Malcolm Goldstein. This evening, he will perform two pieces composed for him by legendary music liberators John Cage and Ornette Coleman (on the anniversary of the latter&#8217;s passing). Goldstein will be accompanied by Nicolas Caloia and Rainer Wiens. Devenir-Ensemble round out the evening, performing &#8216;R\u00e9sonances Manifestes&#8217;, their newest release on Cuchabata Records, a piece that harkens back to street-shaking protests while also dialoguing with our fractured present.<\/p>\n\n\n\n<p class=\"wp-block-paragraph\"><strong><a href=\"https:\/\/lepointdevente.com\/billets\/czz220611002\" target=\"_blank\" rel=\"noreferrer noopener\">POUR ACHETER VOTRE BILLET, C\u2019EST ICI!<\/a><\/strong><\/p>\n\n\n\n<iframe style=\"border: 0; width: 350px; height: 786px;\" src=\"https:\/\/bandcamp.com\/EmbeddedPlayer\/album=3315044036\/size=large\/bgcol=ffffff\/linkcol=0687f5\/transparent=true\/\" seamless=\"\"><a href=\"https:\/\/newworldrecords.bandcamp.com\/album\/malcolm-goldstein-because-a-circle-is-not-enough-music-for-bowed-string-instruments\">Malcolm Goldstein: because a circle is not enough: music for bowed string instruments by Malcolm Goldstein<\/a><\/iframe>\n\n\n\n<iframe loading=\"lazy\" width=\"100%\" height=\"300\" scrolling=\"no\" frameborder=\"no\" allow=\"autoplay\" src=\"https:\/\/w.soundcloud.com\/player\/?url=https%3A\/\/api.soundcloud.com\/tracks\/1177174177&amp;color=%23ff5500&amp;auto_play=false&amp;hide_related=false&amp;show_comments=true&amp;show_user=true&amp;show_reposts=false&amp;show_teaser=true&amp;visual=true\"><\/iframe><div style=\"font-size: 10px; color: #cccccc;line-break: anywhere;word-break: normal;overflow: hidden;white-space: nowrap;text-overflow: ellipsis; font-family: Interstate,Lucida Grande,Lucida Sans Unicode,Lucida Sans,Garuda,Verdana,Tahoma,sans-serif;font-weight: 100;\"><a href=\"https:\/\/soundcloud.com\/devenir-ensemble\" title=\"Devenir-ensemble\" target=\"_blank\" style=\"color: #cccccc; text-decoration: none;\" rel=\"noopener\">Devenir-ensemble<\/a> \u00b7 <a href=\"https:\/\/soundcloud.com\/devenir-ensemble\/essai-sur-le-mouvement-et-ses-timbres-propres\" title=\"Essai sur le mouvement et ses timbres propres\" target=\"_blank\" style=\"color: #cccccc; text-decoration: none;\" rel=\"noopener\">Essai sur le mouvement et ses timbres propres<\/a><\/div>\n\n\n\n<p class=\"wp-block-paragraph\"><strong><em>Ce contenu provient de Suoni Per Il Popolo et est adapt\u00e9 par PAN M 360.<\/em><\/strong><\/p>\n","protected":false},"excerpt":{"rendered":"<p>Nous accueillons \u00e0 nouveau le grand phare Malcolm Goldstein. Il interpr\u00e9tera deux pi\u00e8ces compos\u00e9es pour lui par les l\u00e9gendaires lib\u00e9rateurs de la musique John Cage et Ornette Coleman (\u00e0 l&#8217;occasion de l&#8217;anniversaire du d\u00e9c\u00e8s de ce dernier). Goldstein sera accompagn\u00e9 par Nicolas Caloia etRainer Wiens. Devenir-Ensemble compl\u00e8tera la soir\u00e9e en interpr\u00e9tant &#8220;R\u00e9sonances Manifestes&#8221;, leur derni\u00e8re [&hellip;]<\/p>\n","protected":false},"author":936,"featured_media":0,"menu_order":0,"template":"","format":"standard","meta":{"_acf_changed":false,"_crdt_document":""},"categories":[281],"tags":[],"generale":[261],"genre":[2892,2899],"pays":[2157,5671,2239,3861],"salle":[3949,7016],"ville":[3944,4415],"class_list":["post-71819","agenda","type-agenda","status-publish","format-standard","hentry","category-agenda-360","generale-lire","genre-experimental","genre-free-jazz","pays-etats-unis","pays-etats-unis-2","pays-quebec","pays-quebec-en","salle-la-salla-rossa","salle-la-salla-rossa-en","ville-montreal","ville-montreal-2"],"acf":[],"yoast_head":"<!-- This site is optimized with the Yoast SEO plugin v27.4 - https:\/\/yoast.com\/product\/yoast-seo-wordpress\/ -->\n<title>Suoni Per Il Popolo : Malcolm Goldstein et Devenir-Ensemble \u00e0 La Sala Rossa - PAN M 360<\/title>\n<meta name=\"robots\" content=\"index, follow, max-snippet:-1, max-image-preview:large, max-video-preview:-1\" \/>\n<link rel=\"canonical\" href=\"https:\/\/panm360.com\/en\/agenda\/suoni-per-il-popolo-malcolm-goldstein-et-devenir-ensemble-a-la-sala-rossa\/\" \/>\n<meta property=\"og:locale\" content=\"en_US\" \/>\n<meta property=\"og:type\" content=\"article\" \/>\n<meta property=\"og:title\" content=\"Suoni Per Il Popolo : Malcolm Goldstein et Devenir-Ensemble \u00e0 La Sala Rossa - PAN M 360\" \/>\n<meta property=\"og:description\" content=\"Nous accueillons \u00e0 nouveau le grand phare Malcolm Goldstein. Il interpr\u00e9tera deux pi\u00e8ces compos\u00e9es pour lui par les l\u00e9gendaires lib\u00e9rateurs de la musique John Cage et Ornette Coleman (\u00e0 l&#8217;occasion de l&#8217;anniversaire du d\u00e9c\u00e8s de ce dernier). Goldstein sera accompagn\u00e9 par Nicolas Caloia etRainer Wiens. Devenir-Ensemble compl\u00e8tera la soir\u00e9e en interpr\u00e9tant &#8220;R\u00e9sonances Manifestes&#8221;, leur derni\u00e8re [&hellip;]\" \/>\n<meta property=\"og:url\" content=\"https:\/\/panm360.com\/en\/agenda\/suoni-per-il-popolo-malcolm-goldstein-et-devenir-ensemble-a-la-sala-rossa\/\" \/>\n<meta property=\"og:site_name\" content=\"PAN M 360\" \/>\n<meta property=\"article:publisher\" content=\"https:\/\/www.facebook.com\/panm360\/\" \/>\n<meta property=\"article:modified_time\" content=\"2022-06-11T16:55:59+00:00\" \/>\n<meta property=\"og:image\" content=\"https:\/\/panm360.com\/wp-content\/uploads\/2022\/06\/goldstein.jpg\" \/>\n\t<meta property=\"og:image:width\" content=\"800\" \/>\n\t<meta property=\"og:image:height\" content=\"800\" \/>\n\t<meta property=\"og:image:type\" content=\"image\/jpeg\" \/>\n<meta name=\"twitter:card\" content=\"summary_large_image\" \/>\n<meta name=\"twitter:site\" content=\"@PANM360\" \/>\n<meta name=\"twitter:label1\" content=\"Est. reading time\" \/>\n\t<meta name=\"twitter:data1\" content=\"2 minutes\" \/>\n<script type=\"application\/ld+json\" class=\"yoast-schema-graph\">{\"@context\":\"https:\\\/\\\/schema.org\",\"@graph\":[{\"@type\":\"WebPage\",\"@id\":\"https:\\\/\\\/panm360.com\\\/en\\\/agenda\\\/suoni-per-il-popolo-malcolm-goldstein-et-devenir-ensemble-a-la-sala-rossa\\\/\",\"url\":\"https:\\\/\\\/panm360.com\\\/en\\\/agenda\\\/suoni-per-il-popolo-malcolm-goldstein-et-devenir-ensemble-a-la-sala-rossa\\\/\",\"name\":\"Suoni Per Il Popolo : Malcolm Goldstein et Devenir-Ensemble \u00e0 La Sala Rossa - PAN M 360\",\"isPartOf\":{\"@id\":\"https:\\\/\\\/panm360.com\\\/en\\\/#website\"},\"datePublished\":\"2022-06-11T10:56:00+00:00\",\"dateModified\":\"2022-06-11T16:55:59+00:00\",\"breadcrumb\":{\"@id\":\"https:\\\/\\\/panm360.com\\\/en\\\/agenda\\\/suoni-per-il-popolo-malcolm-goldstein-et-devenir-ensemble-a-la-sala-rossa\\\/#breadcrumb\"},\"inLanguage\":\"en-US\",\"potentialAction\":[{\"@type\":\"ReadAction\",\"target\":[\"https:\\\/\\\/panm360.com\\\/en\\\/agenda\\\/suoni-per-il-popolo-malcolm-goldstein-et-devenir-ensemble-a-la-sala-rossa\\\/\"]}]},{\"@type\":\"BreadcrumbList\",\"@id\":\"https:\\\/\\\/panm360.com\\\/en\\\/agenda\\\/suoni-per-il-popolo-malcolm-goldstein-et-devenir-ensemble-a-la-sala-rossa\\\/#breadcrumb\",\"itemListElement\":[{\"@type\":\"ListItem\",\"position\":1,\"name\":\"Accueil\",\"item\":\"https:\\\/\\\/panm360.com\\\/en\\\/\"},{\"@type\":\"ListItem\",\"position\":2,\"name\":\"Listings\",\"item\":\"https:\\\/\\\/panm360.com\\\/en\\\/agenda\\\/\"},{\"@type\":\"ListItem\",\"position\":3,\"name\":\"Suoni Per Il Popolo : Malcolm Goldstein et Devenir-Ensemble \u00e0 La Sala Rossa\"}]},{\"@type\":\"WebSite\",\"@id\":\"https:\\\/\\\/panm360.com\\\/en\\\/#website\",\"url\":\"https:\\\/\\\/panm360.com\\\/en\\\/\",\"name\":\"PAN M 360\",\"description\":\"Le m\u00e9dia num\u00e9rique de la musique !\",\"publisher\":{\"@id\":\"https:\\\/\\\/panm360.com\\\/en\\\/#organization\"},\"potentialAction\":[{\"@type\":\"SearchAction\",\"target\":{\"@type\":\"EntryPoint\",\"urlTemplate\":\"https:\\\/\\\/panm360.com\\\/en\\\/?s={search_term_string}\"},\"query-input\":{\"@type\":\"PropertyValueSpecification\",\"valueRequired\":true,\"valueName\":\"search_term_string\"}}],\"inLanguage\":\"en-US\"},{\"@type\":\"Organization\",\"@id\":\"https:\\\/\\\/panm360.com\\\/en\\\/#organization\",\"name\":\"PAN M 360\",\"url\":\"https:\\\/\\\/panm360.com\\\/en\\\/\",\"logo\":{\"@type\":\"ImageObject\",\"inLanguage\":\"en-US\",\"@id\":\"https:\\\/\\\/panm360.com\\\/en\\\/#\\\/schema\\\/logo\\\/image\\\/\",\"url\":\"https:\\\/\\\/panm360.com\\\/wp-content\\\/uploads\\\/2019\\\/12\\\/PAN-M360_Logo_RGB.jpg\",\"contentUrl\":\"https:\\\/\\\/panm360.com\\\/wp-content\\\/uploads\\\/2019\\\/12\\\/PAN-M360_Logo_RGB.jpg\",\"width\":1663,\"height\":631,\"caption\":\"PAN M 360\"},\"image\":{\"@id\":\"https:\\\/\\\/panm360.com\\\/en\\\/#\\\/schema\\\/logo\\\/image\\\/\"},\"sameAs\":[\"https:\\\/\\\/www.facebook.com\\\/panm360\\\/\",\"https:\\\/\\\/x.com\\\/PANM360\",\"https:\\\/\\\/www.instagram.com\\\/panm360\\\/\",\"https:\\\/\\\/www.linkedin.com\\\/company\\\/panm360\\\/\",\"https:\\\/\\\/www.youtube.com\\\/channel\\\/UCHEFHd3UhIrV6EJ3ltzVKOA?view_as=subscriber\"]}]}<\/script>\n<!-- \/ Yoast SEO plugin. -->","yoast_head_json":{"title":"Suoni Per Il Popolo : Malcolm Goldstein et Devenir-Ensemble \u00e0 La Sala Rossa - PAN M 360","robots":{"index":"index","follow":"follow","max-snippet":"max-snippet:-1","max-image-preview":"max-image-preview:large","max-video-preview":"max-video-preview:-1"},"canonical":"https:\/\/panm360.com\/en\/agenda\/suoni-per-il-popolo-malcolm-goldstein-et-devenir-ensemble-a-la-sala-rossa\/","og_locale":"en_US","og_type":"article","og_title":"Suoni Per Il Popolo : Malcolm Goldstein et Devenir-Ensemble \u00e0 La Sala Rossa - PAN M 360","og_description":"Nous accueillons \u00e0 nouveau le grand phare Malcolm Goldstein. Il interpr\u00e9tera deux pi\u00e8ces compos\u00e9es pour lui par les l\u00e9gendaires lib\u00e9rateurs de la musique John Cage et Ornette Coleman (\u00e0 l&#8217;occasion de l&#8217;anniversaire du d\u00e9c\u00e8s de ce dernier). Goldstein sera accompagn\u00e9 par Nicolas Caloia etRainer Wiens. Devenir-Ensemble compl\u00e8tera la soir\u00e9e en interpr\u00e9tant &#8220;R\u00e9sonances Manifestes&#8221;, leur derni\u00e8re [&hellip;]","og_url":"https:\/\/panm360.com\/en\/agenda\/suoni-per-il-popolo-malcolm-goldstein-et-devenir-ensemble-a-la-sala-rossa\/","og_site_name":"PAN M 360","article_publisher":"https:\/\/www.facebook.com\/panm360\/","article_modified_time":"2022-06-11T16:55:59+00:00","og_image":[{"width":800,"height":800,"url":"https:\/\/panm360.com\/wp-content\/uploads\/2022\/06\/goldstein.jpg","type":"image\/jpeg"}],"twitter_card":"summary_large_image","twitter_site":"@PANM360","twitter_misc":{"Est. reading time":"2 minutes"},"schema":{"@context":"https:\/\/schema.org","@graph":[{"@type":"WebPage","@id":"https:\/\/panm360.com\/en\/agenda\/suoni-per-il-popolo-malcolm-goldstein-et-devenir-ensemble-a-la-sala-rossa\/","url":"https:\/\/panm360.com\/en\/agenda\/suoni-per-il-popolo-malcolm-goldstein-et-devenir-ensemble-a-la-sala-rossa\/","name":"Suoni Per Il Popolo : Malcolm Goldstein et Devenir-Ensemble \u00e0 La Sala Rossa - PAN M 360","isPartOf":{"@id":"https:\/\/panm360.com\/en\/#website"},"datePublished":"2022-06-11T10:56:00+00:00","dateModified":"2022-06-11T16:55:59+00:00","breadcrumb":{"@id":"https:\/\/panm360.com\/en\/agenda\/suoni-per-il-popolo-malcolm-goldstein-et-devenir-ensemble-a-la-sala-rossa\/#breadcrumb"},"inLanguage":"en-US","potentialAction":[{"@type":"ReadAction","target":["https:\/\/panm360.com\/en\/agenda\/suoni-per-il-popolo-malcolm-goldstein-et-devenir-ensemble-a-la-sala-rossa\/"]}]},{"@type":"BreadcrumbList","@id":"https:\/\/panm360.com\/en\/agenda\/suoni-per-il-popolo-malcolm-goldstein-et-devenir-ensemble-a-la-sala-rossa\/#breadcrumb","itemListElement":[{"@type":"ListItem","position":1,"name":"Accueil","item":"https:\/\/panm360.com\/en\/"},{"@type":"ListItem","position":2,"name":"Listings","item":"https:\/\/panm360.com\/en\/agenda\/"},{"@type":"ListItem","position":3,"name":"Suoni Per Il Popolo : Malcolm Goldstein et Devenir-Ensemble \u00e0 La Sala Rossa"}]},{"@type":"WebSite","@id":"https:\/\/panm360.com\/en\/#website","url":"https:\/\/panm360.com\/en\/","name":"PAN M 360","description":"Le m\u00e9dia num\u00e9rique de la musique !","publisher":{"@id":"https:\/\/panm360.com\/en\/#organization"},"potentialAction":[{"@type":"SearchAction","target":{"@type":"EntryPoint","urlTemplate":"https:\/\/panm360.com\/en\/?s={search_term_string}"},"query-input":{"@type":"PropertyValueSpecification","valueRequired":true,"valueName":"search_term_string"}}],"inLanguage":"en-US"},{"@type":"Organization","@id":"https:\/\/panm360.com\/en\/#organization","name":"PAN M 360","url":"https:\/\/panm360.com\/en\/","logo":{"@type":"ImageObject","inLanguage":"en-US","@id":"https:\/\/panm360.com\/en\/#\/schema\/logo\/image\/","url":"https:\/\/panm360.com\/wp-content\/uploads\/2019\/12\/PAN-M360_Logo_RGB.jpg","contentUrl":"https:\/\/panm360.com\/wp-content\/uploads\/2019\/12\/PAN-M360_Logo_RGB.jpg","width":1663,"height":631,"caption":"PAN M 360"},"image":{"@id":"https:\/\/panm360.com\/en\/#\/schema\/logo\/image\/"},"sameAs":["https:\/\/www.facebook.com\/panm360\/","https:\/\/x.com\/PANM360","https:\/\/www.instagram.com\/panm360\/","https:\/\/www.linkedin.com\/company\/panm360\/","https:\/\/www.youtube.com\/channel\/UCHEFHd3UhIrV6EJ3ltzVKOA?view_as=subscriber"]}]}},"_links":{"self":[{"href":"https:\/\/panm360.com\/en\/wp-json\/wp\/v2\/agenda\/71819","targetHints":{"allow":["GET"]}}],"collection":[{"href":"https:\/\/panm360.com\/en\/wp-json\/wp\/v2\/agenda"}],"about":[{"href":"https:\/\/panm360.com\/en\/wp-json\/wp\/v2\/types\/agenda"}],"author":[{"embeddable":true,"href":"https:\/\/panm360.com\/en\/wp-json\/wp\/v2\/users\/936"}],"wp:attachment":[{"href":"https:\/\/panm360.com\/en\/wp-json\/wp\/v2\/media?parent=71819"}],"wp:term":[{"taxonomy":"category","embeddable":true,"href":"https:\/\/panm360.com\/en\/wp-json\/wp\/v2\/categories?post=71819"},{"taxonomy":"post_tag","embeddable":true,"href":"https:\/\/panm360.com\/en\/wp-json\/wp\/v2\/tags?post=71819"},{"taxonomy":"generale","embeddable":true,"href":"https:\/\/panm360.com\/en\/wp-json\/wp\/v2\/generale?post=71819"},{"taxonomy":"genre","embeddable":true,"href":"https:\/\/panm360.com\/en\/wp-json\/wp\/v2\/genre?post=71819"},{"taxonomy":"pays","embeddable":true,"href":"https:\/\/panm360.com\/en\/wp-json\/wp\/v2\/pays?post=71819"},{"taxonomy":"salle","embeddable":true,"href":"https:\/\/panm360.com\/en\/wp-json\/wp\/v2\/salle?post=71819"},{"taxonomy":"ville","embeddable":true,"href":"https:\/\/panm360.com\/en\/wp-json\/wp\/v2\/ville?post=71819"}],"curies":[{"name":"wp","href":"https:\/\/api.w.org\/{rel}","templated":true}]}}