{"id":71218,"date":"2022-06-05T11:18:00","date_gmt":"2022-06-05T15:18:00","guid":{"rendered":"https:\/\/panm360.com\/?post_type=agenda&#038;p=71218"},"modified":"2022-06-05T11:28:24","modified_gmt":"2022-06-05T15:28:24","slug":"flavia-nascimento-au-club-balattou-2","status":"publish","type":"agenda","link":"https:\/\/panm360.com\/en\/agenda\/flavia-nascimento-au-club-balattou-2\/","title":{"rendered":"Flavia Nascimento au Club Balattou"},"content":{"rendered":"\n<p class=\"wp-block-paragraph\">Saltimbanque dans l\u2019\u00e2me, Fl\u00e0via Nascimento prom\u00e8ne de festivals en \u00e9v\u00e9nements populaires sa voix ambr\u00e9e par le chaud soleil de son Br\u00e9sil natal. S\u2019appuyant sur sa formation de com\u00e9dienne et sur son pass\u00e9 d\u2019artiste de cirque, elle offre des prestations \u00e9mouvantes et sensuelles, respirant la joie, le bonheur et l\u2019authenticit\u00e9. Expressive et g\u00e9n\u00e9reuse, dr\u00f4le et tendre \u00e0 la fois, Fl\u00e0via Nascimento, de sa personnalit\u00e9 lumineuse, donne un relief particulier \u00e0 ses compositions originales inspir\u00e9es tant de la musique afro-br\u00e9silienne que de la musique populaire br\u00e9silienne, qu\u2019elle interpr\u00e8te en fran\u00e7ais et en portugais.&nbsp;&nbsp;&nbsp;<\/p>\n\n\n\n<p class=\"wp-block-paragraph\">Native du Br\u00e9sil, Flavia Nascimento commence sa carri\u00e8re artistique comme com\u00e9dienne dipl\u00f4m\u00e9e du Th\u00e9\u00e2tre Universitaire de Belo Horizonte.<\/p>\n\n\n\n<p class=\"wp-block-paragraph\">Elle fait partie de la pi\u00e8ce Les Sorci\u00e8res de Salem, part en tourn\u00e9e pendant un an avec la com\u00e9die musicale Mulheres de Hollanda et cofonde le groupe de th\u00e9\u00e2tre d\u2019\u00e9ducation populaire CaraCara, qui sensibilise les communaut\u00e9s \u00e0 prendre soin de l\u2019environnement.<\/p>\n\n\n\n<p class=\"wp-block-paragraph\">Animant des ateliers de cirque aupr\u00e8s des jeunes en difficult\u00e9s, Fl\u00e1via d\u00e9marre son parcours de clown et d\u2019\u00e9chassi\u00e8re. Apr\u00e8s bien des aventures circassiennes au Br\u00e9sil, elle vient s\u2019installer en 2001 dans la Ville de Qu\u00e9bec.<\/p>\n\n\n\n<p class=\"wp-block-paragraph\">Assez vite, cette lumineuse artiste polyvalente se fait conna\u00eetre dans le paysage culturel de Qu\u00e9bec. Fl\u00e1via sillonne les f\u00eates de quartier et de rue, les \u00e9v\u00e9nements populaires, les festivals. Partout o\u00f9 l\u2019on veut faire \u00e9clater la f\u00eate, on fait appel \u00e0 Fl\u00e1via ! L\u2019\u00e9mission Belle et Bum l\u2019a d\u2019ailleurs invit\u00e9e, aux commandes de P\u00e9 na Rua, lors de son passage \u00e0 l\u2019Imp\u00e9rial de Qu\u00e9bec en 2007.<\/p>\n\n\n\n<p class=\"wp-block-paragraph\">En 2014, elle profite d\u2019un voyage en famille au Br\u00e9sil et de sa rencontre avec le musicien br\u00e9silien Betinho Muniz, pour y graver son premier CD solo. Fl\u00e1via se lance alors dans la production de son premier spectacle solo au Th\u00e9\u00e2tre Granada de Sherbrooke, accompagn\u00e9e par ses quatre musiciens qu\u2019elle surnomme affectueusement son Plus Petit Big Band.<\/p>\n\n\n\n<p class=\"wp-block-paragraph\">L\u2019amiti\u00e9 entre Muniz et Fl\u00e1via et leur partenariat musical donnent naissance \u00e0 un nouvel album en 2016.<\/p>\n\n\n\n<p class=\"wp-block-paragraph\">Le spectacle est un succ\u00e8s et Fl\u00e1via encha\u00eene les spectacles et festivals comme le Festival Luminato de Toronto, le Mundial \u00e0 Montr\u00e9al, concerts au Palais Montcalm de Qu\u00e9bec et au Festival d\u2019\u00e9t\u00e9 de Qu\u00e9bec. En 2015, elle remporte le Prix \u00e9toiles Stingray Musique pour une performance remarquable pendant l\u2019\u00e9v\u00e9nement.<\/p>\n\n\n\n<p class=\"wp-block-paragraph\">An acrobat at heart, Fl\u00e0via Nascimento travels from festivals to popular events with her voice ambered by the warm sun of her native Brazil. Drawing on her training as an actress and her past as a circus artist, she offers moving and sensual performances, breathing joy, happiness and authenticity. Expressive and generous, funny and tender at the same time, Fl\u00e0via Nascimento, with her luminous personality, gives a particular relief to her original compositions inspired as much by Afro-Brazilian music as by popular Brazilian music, which she interprets in French and Portuguese.&nbsp;&nbsp;&nbsp;<\/p>\n\n\n\n<p class=\"wp-block-paragraph\">Born in Brazil, Flavia Nascimento began her artistic career as an actress who graduated from the University Theater of Belo Horizonte.<\/p>\n\n\n\n<p class=\"wp-block-paragraph\">She was part of the play The Witches of Salem, toured for a year with the musical Mulheres de Hollanda and co-founded the popular education theater group CaraCara, which educates communities to take care of the environment.<\/p>\n\n\n\n<p class=\"wp-block-paragraph\">While teaching circus workshops to young people in difficulty, Fl\u00e1via began her career as a clown and stilt walker. After many circus adventures in Brazil, she moved to Quebec City in 2001.<\/p>\n\n\n\n<p class=\"wp-block-paragraph\">Soon, this luminous and versatile artist became known in the cultural landscape of Quebec City. Fl\u00e1via travels to neighborhood and street parties, popular events and festivals. Wherever people want to make the party pop, they call on Fl\u00e1via! The TV show Belle et Bum invited her, at the helm of P\u00e9 na Rua, during her performance at the Imp\u00e9rial de Qu\u00e9bec in 2007.<\/p>\n\n\n\n<p class=\"wp-block-paragraph\">In 2014, she took advantage of a family trip to Brazil and her meeting with Brazilian musician Betinho Muniz, to record her first solo CD. Fl\u00e1via then embarked on the production of her first solo show at the Granada Theatre in Sherbrooke, accompanied by her four musicians whom she affectionately nicknamed her Plus Petit Big Band.<\/p>\n\n\n\n<p class=\"wp-block-paragraph\">The friendship between Muniz and Fl\u00e1via and their musical partnership gave birth to a new album in 2016.<\/p>\n\n\n\n<p class=\"wp-block-paragraph\">The show is a success and Fl\u00e1via performs in a series of shows and festivals such as the Luminato Festival in Toronto, the Mundial in Montreal, concerts at the Palais Montcalm in Quebec City and the Quebec City Summer Festival. In 2015, she won the Stingray Music Star Award for a remarkable performance during the event.<\/p>\n\n\n\n<p class=\"wp-block-paragraph\"><strong>BILLETS EN VENTE \u00c0 LA PORTE!<\/strong><\/p>\n\n\n\n<iframe loading=\"lazy\" width=\"560\" height=\"315\" src=\"https:\/\/www.youtube.com\/embed\/2kW1cn4FILc\" title=\"YouTube video player\" frameborder=\"0\" allow=\"accelerometer; autoplay; clipboard-write; encrypted-media; gyroscope; picture-in-picture\" allowfullscreen=\"\"><\/iframe>\n\n\n\n<p class=\"wp-block-paragraph\"><strong><em>Ce contenu provient des Productions Nuits d\u2019Afrique et est adapt\u00e9 par PAN M 360.<\/em><\/strong><\/p>\n","protected":false},"excerpt":{"rendered":"<p>Saltimbanque dans l\u2019\u00e2me, Fl\u00e0via Nascimento prom\u00e8ne de festivals en \u00e9v\u00e9nements populaires sa voix ambr\u00e9e par le chaud soleil de son Br\u00e9sil natal. S\u2019appuyant sur sa formation de com\u00e9dienne et sur son pass\u00e9 d\u2019artiste de cirque, elle offre des prestations \u00e9mouvantes et sensuelles, respirant la joie, le bonheur et l\u2019authenticit\u00e9. Expressive et g\u00e9n\u00e9reuse, dr\u00f4le et tendre [&hellip;]<\/p>\n","protected":false},"author":936,"featured_media":0,"menu_order":0,"template":"","format":"standard","meta":{"_acf_changed":false,"_crdt_document":""},"categories":[281],"tags":[],"generale":[261],"genre":[3965,2979],"pays":[2176,7750],"salle":[7550,7551],"ville":[3944,4415],"class_list":["post-71218","agenda","type-agenda","status-publish","format-standard","hentry","category-agenda-360","generale-lire","genre-bresilien","genre-pop","pays-bresil","pays-bresil-en","salle-club-balattou","salle-club-balattou-en","ville-montreal","ville-montreal-2"],"acf":[],"yoast_head":"<!-- This site is optimized with the Yoast SEO plugin v27.4 - https:\/\/yoast.com\/product\/yoast-seo-wordpress\/ -->\n<title>Flavia Nascimento au Club Balattou - PAN M 360<\/title>\n<meta name=\"robots\" content=\"index, follow, max-snippet:-1, max-image-preview:large, max-video-preview:-1\" \/>\n<link rel=\"canonical\" href=\"https:\/\/panm360.com\/en\/agenda\/flavia-nascimento-au-club-balattou-2\/\" \/>\n<meta property=\"og:locale\" content=\"en_US\" \/>\n<meta property=\"og:type\" content=\"article\" \/>\n<meta property=\"og:title\" content=\"Flavia Nascimento au Club Balattou - PAN M 360\" \/>\n<meta property=\"og:description\" content=\"Saltimbanque dans l\u2019\u00e2me, Fl\u00e0via Nascimento prom\u00e8ne de festivals en \u00e9v\u00e9nements populaires sa voix ambr\u00e9e par le chaud soleil de son Br\u00e9sil natal. S\u2019appuyant sur sa formation de com\u00e9dienne et sur son pass\u00e9 d\u2019artiste de cirque, elle offre des prestations \u00e9mouvantes et sensuelles, respirant la joie, le bonheur et l\u2019authenticit\u00e9. Expressive et g\u00e9n\u00e9reuse, dr\u00f4le et tendre [&hellip;]\" \/>\n<meta property=\"og:url\" content=\"https:\/\/panm360.com\/en\/agenda\/flavia-nascimento-au-club-balattou-2\/\" \/>\n<meta property=\"og:site_name\" content=\"PAN M 360\" \/>\n<meta property=\"article:publisher\" content=\"https:\/\/www.facebook.com\/panm360\/\" \/>\n<meta property=\"article:modified_time\" content=\"2022-06-05T15:28:24+00:00\" \/>\n<meta property=\"og:image\" content=\"https:\/\/panm360.com\/wp-content\/uploads\/2022\/05\/flavianascimento-scaled.jpg\" \/>\n\t<meta property=\"og:image:width\" content=\"1200\" \/>\n\t<meta property=\"og:image:height\" content=\"372\" \/>\n\t<meta property=\"og:image:type\" content=\"image\/jpeg\" \/>\n<meta name=\"twitter:card\" content=\"summary_large_image\" \/>\n<meta name=\"twitter:site\" content=\"@PANM360\" \/>\n<meta name=\"twitter:label1\" content=\"Est. reading time\" \/>\n\t<meta name=\"twitter:data1\" content=\"4 minutes\" \/>\n<script type=\"application\/ld+json\" class=\"yoast-schema-graph\">{\"@context\":\"https:\\\/\\\/schema.org\",\"@graph\":[{\"@type\":\"WebPage\",\"@id\":\"https:\\\/\\\/panm360.com\\\/en\\\/agenda\\\/flavia-nascimento-au-club-balattou-2\\\/\",\"url\":\"https:\\\/\\\/panm360.com\\\/en\\\/agenda\\\/flavia-nascimento-au-club-balattou-2\\\/\",\"name\":\"Flavia Nascimento au Club Balattou - PAN M 360\",\"isPartOf\":{\"@id\":\"https:\\\/\\\/panm360.com\\\/en\\\/#website\"},\"datePublished\":\"2022-06-05T15:18:00+00:00\",\"dateModified\":\"2022-06-05T15:28:24+00:00\",\"breadcrumb\":{\"@id\":\"https:\\\/\\\/panm360.com\\\/en\\\/agenda\\\/flavia-nascimento-au-club-balattou-2\\\/#breadcrumb\"},\"inLanguage\":\"en-US\",\"potentialAction\":[{\"@type\":\"ReadAction\",\"target\":[\"https:\\\/\\\/panm360.com\\\/en\\\/agenda\\\/flavia-nascimento-au-club-balattou-2\\\/\"]}]},{\"@type\":\"BreadcrumbList\",\"@id\":\"https:\\\/\\\/panm360.com\\\/en\\\/agenda\\\/flavia-nascimento-au-club-balattou-2\\\/#breadcrumb\",\"itemListElement\":[{\"@type\":\"ListItem\",\"position\":1,\"name\":\"Accueil\",\"item\":\"https:\\\/\\\/panm360.com\\\/en\\\/\"},{\"@type\":\"ListItem\",\"position\":2,\"name\":\"Listings\",\"item\":\"https:\\\/\\\/panm360.com\\\/en\\\/agenda\\\/\"},{\"@type\":\"ListItem\",\"position\":3,\"name\":\"Flavia Nascimento au Club Balattou\"}]},{\"@type\":\"WebSite\",\"@id\":\"https:\\\/\\\/panm360.com\\\/en\\\/#website\",\"url\":\"https:\\\/\\\/panm360.com\\\/en\\\/\",\"name\":\"PAN M 360\",\"description\":\"Le m\u00e9dia num\u00e9rique de la musique !\",\"publisher\":{\"@id\":\"https:\\\/\\\/panm360.com\\\/en\\\/#organization\"},\"potentialAction\":[{\"@type\":\"SearchAction\",\"target\":{\"@type\":\"EntryPoint\",\"urlTemplate\":\"https:\\\/\\\/panm360.com\\\/en\\\/?s={search_term_string}\"},\"query-input\":{\"@type\":\"PropertyValueSpecification\",\"valueRequired\":true,\"valueName\":\"search_term_string\"}}],\"inLanguage\":\"en-US\"},{\"@type\":\"Organization\",\"@id\":\"https:\\\/\\\/panm360.com\\\/en\\\/#organization\",\"name\":\"PAN M 360\",\"url\":\"https:\\\/\\\/panm360.com\\\/en\\\/\",\"logo\":{\"@type\":\"ImageObject\",\"inLanguage\":\"en-US\",\"@id\":\"https:\\\/\\\/panm360.com\\\/en\\\/#\\\/schema\\\/logo\\\/image\\\/\",\"url\":\"https:\\\/\\\/panm360.com\\\/wp-content\\\/uploads\\\/2019\\\/12\\\/PAN-M360_Logo_RGB.jpg\",\"contentUrl\":\"https:\\\/\\\/panm360.com\\\/wp-content\\\/uploads\\\/2019\\\/12\\\/PAN-M360_Logo_RGB.jpg\",\"width\":1663,\"height\":631,\"caption\":\"PAN M 360\"},\"image\":{\"@id\":\"https:\\\/\\\/panm360.com\\\/en\\\/#\\\/schema\\\/logo\\\/image\\\/\"},\"sameAs\":[\"https:\\\/\\\/www.facebook.com\\\/panm360\\\/\",\"https:\\\/\\\/x.com\\\/PANM360\",\"https:\\\/\\\/www.instagram.com\\\/panm360\\\/\",\"https:\\\/\\\/www.linkedin.com\\\/company\\\/panm360\\\/\",\"https:\\\/\\\/www.youtube.com\\\/channel\\\/UCHEFHd3UhIrV6EJ3ltzVKOA?view_as=subscriber\"]}]}<\/script>\n<!-- \/ Yoast SEO plugin. -->","yoast_head_json":{"title":"Flavia Nascimento au Club Balattou - PAN M 360","robots":{"index":"index","follow":"follow","max-snippet":"max-snippet:-1","max-image-preview":"max-image-preview:large","max-video-preview":"max-video-preview:-1"},"canonical":"https:\/\/panm360.com\/en\/agenda\/flavia-nascimento-au-club-balattou-2\/","og_locale":"en_US","og_type":"article","og_title":"Flavia Nascimento au Club Balattou - PAN M 360","og_description":"Saltimbanque dans l\u2019\u00e2me, Fl\u00e0via Nascimento prom\u00e8ne de festivals en \u00e9v\u00e9nements populaires sa voix ambr\u00e9e par le chaud soleil de son Br\u00e9sil natal. S\u2019appuyant sur sa formation de com\u00e9dienne et sur son pass\u00e9 d\u2019artiste de cirque, elle offre des prestations \u00e9mouvantes et sensuelles, respirant la joie, le bonheur et l\u2019authenticit\u00e9. Expressive et g\u00e9n\u00e9reuse, dr\u00f4le et tendre [&hellip;]","og_url":"https:\/\/panm360.com\/en\/agenda\/flavia-nascimento-au-club-balattou-2\/","og_site_name":"PAN M 360","article_publisher":"https:\/\/www.facebook.com\/panm360\/","article_modified_time":"2022-06-05T15:28:24+00:00","og_image":[{"width":1200,"height":372,"url":"https:\/\/panm360.com\/wp-content\/uploads\/2022\/05\/flavianascimento-scaled.jpg","type":"image\/jpeg"}],"twitter_card":"summary_large_image","twitter_site":"@PANM360","twitter_misc":{"Est. reading time":"4 minutes"},"schema":{"@context":"https:\/\/schema.org","@graph":[{"@type":"WebPage","@id":"https:\/\/panm360.com\/en\/agenda\/flavia-nascimento-au-club-balattou-2\/","url":"https:\/\/panm360.com\/en\/agenda\/flavia-nascimento-au-club-balattou-2\/","name":"Flavia Nascimento au Club Balattou - PAN M 360","isPartOf":{"@id":"https:\/\/panm360.com\/en\/#website"},"datePublished":"2022-06-05T15:18:00+00:00","dateModified":"2022-06-05T15:28:24+00:00","breadcrumb":{"@id":"https:\/\/panm360.com\/en\/agenda\/flavia-nascimento-au-club-balattou-2\/#breadcrumb"},"inLanguage":"en-US","potentialAction":[{"@type":"ReadAction","target":["https:\/\/panm360.com\/en\/agenda\/flavia-nascimento-au-club-balattou-2\/"]}]},{"@type":"BreadcrumbList","@id":"https:\/\/panm360.com\/en\/agenda\/flavia-nascimento-au-club-balattou-2\/#breadcrumb","itemListElement":[{"@type":"ListItem","position":1,"name":"Accueil","item":"https:\/\/panm360.com\/en\/"},{"@type":"ListItem","position":2,"name":"Listings","item":"https:\/\/panm360.com\/en\/agenda\/"},{"@type":"ListItem","position":3,"name":"Flavia Nascimento au Club Balattou"}]},{"@type":"WebSite","@id":"https:\/\/panm360.com\/en\/#website","url":"https:\/\/panm360.com\/en\/","name":"PAN M 360","description":"Le m\u00e9dia num\u00e9rique de la musique !","publisher":{"@id":"https:\/\/panm360.com\/en\/#organization"},"potentialAction":[{"@type":"SearchAction","target":{"@type":"EntryPoint","urlTemplate":"https:\/\/panm360.com\/en\/?s={search_term_string}"},"query-input":{"@type":"PropertyValueSpecification","valueRequired":true,"valueName":"search_term_string"}}],"inLanguage":"en-US"},{"@type":"Organization","@id":"https:\/\/panm360.com\/en\/#organization","name":"PAN M 360","url":"https:\/\/panm360.com\/en\/","logo":{"@type":"ImageObject","inLanguage":"en-US","@id":"https:\/\/panm360.com\/en\/#\/schema\/logo\/image\/","url":"https:\/\/panm360.com\/wp-content\/uploads\/2019\/12\/PAN-M360_Logo_RGB.jpg","contentUrl":"https:\/\/panm360.com\/wp-content\/uploads\/2019\/12\/PAN-M360_Logo_RGB.jpg","width":1663,"height":631,"caption":"PAN M 360"},"image":{"@id":"https:\/\/panm360.com\/en\/#\/schema\/logo\/image\/"},"sameAs":["https:\/\/www.facebook.com\/panm360\/","https:\/\/x.com\/PANM360","https:\/\/www.instagram.com\/panm360\/","https:\/\/www.linkedin.com\/company\/panm360\/","https:\/\/www.youtube.com\/channel\/UCHEFHd3UhIrV6EJ3ltzVKOA?view_as=subscriber"]}]}},"_links":{"self":[{"href":"https:\/\/panm360.com\/en\/wp-json\/wp\/v2\/agenda\/71218","targetHints":{"allow":["GET"]}}],"collection":[{"href":"https:\/\/panm360.com\/en\/wp-json\/wp\/v2\/agenda"}],"about":[{"href":"https:\/\/panm360.com\/en\/wp-json\/wp\/v2\/types\/agenda"}],"author":[{"embeddable":true,"href":"https:\/\/panm360.com\/en\/wp-json\/wp\/v2\/users\/936"}],"wp:attachment":[{"href":"https:\/\/panm360.com\/en\/wp-json\/wp\/v2\/media?parent=71218"}],"wp:term":[{"taxonomy":"category","embeddable":true,"href":"https:\/\/panm360.com\/en\/wp-json\/wp\/v2\/categories?post=71218"},{"taxonomy":"post_tag","embeddable":true,"href":"https:\/\/panm360.com\/en\/wp-json\/wp\/v2\/tags?post=71218"},{"taxonomy":"generale","embeddable":true,"href":"https:\/\/panm360.com\/en\/wp-json\/wp\/v2\/generale?post=71218"},{"taxonomy":"genre","embeddable":true,"href":"https:\/\/panm360.com\/en\/wp-json\/wp\/v2\/genre?post=71218"},{"taxonomy":"pays","embeddable":true,"href":"https:\/\/panm360.com\/en\/wp-json\/wp\/v2\/pays?post=71218"},{"taxonomy":"salle","embeddable":true,"href":"https:\/\/panm360.com\/en\/wp-json\/wp\/v2\/salle?post=71218"},{"taxonomy":"ville","embeddable":true,"href":"https:\/\/panm360.com\/en\/wp-json\/wp\/v2\/ville?post=71218"}],"curies":[{"name":"wp","href":"https:\/\/api.w.org\/{rel}","templated":true}]}}