{"id":67656,"date":"2022-04-23T12:39:00","date_gmt":"2022-04-23T16:39:00","guid":{"rendered":"https:\/\/panm360.com\/?post_type=agenda&#038;p=67656"},"modified":"2022-04-23T12:58:55","modified_gmt":"2022-04-23T16:58:55","slug":"el-son-sono-au-club-balattou","status":"publish","type":"agenda","link":"https:\/\/panm360.com\/en\/agenda\/el-son-sono-au-club-balattou\/","title":{"rendered":"El Son Sono au Club Balattou"},"content":{"rendered":"\n<p class=\"wp-block-paragraph\">Si leurs rythmes sont de feu et invitent \u00e0 la danse, ils sont aussi empreints d\u2019une authenticit\u00e9 qui t\u00e9moigne \u00e0 la fois de leur attachement \u00e0 leurs racines et de leur urbanit\u00e9 assum\u00e9e. Un melting pot fort r\u00e9ussi de valses p\u00e9ruviennes, rumba, cumbia, festejo et salsa imbib\u00e9s de jazz.<\/p>\n\n\n\n<p class=\"wp-block-paragraph\">Fond\u00e9 \u00e0 Montr\u00e9al, El Son Sono, c\u2019est d\u2019abord une histoire de famille. \u00c9lodie et Tito,&nbsp;fr\u00e8re et soeur de parents p\u00e9ruvien et qu\u00e9b\u00e9cois, mettent en valeur les rythmes sud-am\u00e9ricains. Leur amour des compositions traditionnelles se couple parfaitement \u00e0 la richesse de styles de leurs musiciens, issus d\u2019horizons musicaux tr\u00e8s diff\u00e9rents. Tous donnent la part belle aux instruments \u00e0 cordes et aux accents jazzy, et nous&nbsp;entra\u00eenent avec une facilit\u00e9 d\u00e9concertante dans une atmosph\u00e8re \u00e0 la fois folklorique et urbaine, entre valses p\u00e9ruviennes, rumba traversant la cumbia, festejo et salsa.<\/p>\n\n\n\n<p class=\"wp-block-paragraph\">C\u2019est d\u2019abord \u00e0 leur p\u00e8re qu\u2019ils doivent leur int\u00e9r\u00eat pour la musique et leur connaissance de la culture p\u00e9ruvienne. De leur enfance au Qu\u00e9bec, \u00c9lodie et Tito conservent des influences francophones dont ils n\u2019h\u00e9sitent pas \u00e0 agr\u00e9menter leurs cr\u00e9ations, aussi originales que dansantes.&nbsp;<\/p>\n\n\n\n<p class=\"wp-block-paragraph\">Gagnant du concours Syli d\u2019Or de la musique du monde en 2019, le groupe met \u00e0 profit sa notori\u00e9t\u00e9 grandissante pour pr\u00e9senter une palette inattendue allant de la sensibilit\u00e9 acoustique, \u00e0 la musique traditionnelle qu\u00e9b\u00e9coise, en passant par des rythmes latins rehauss\u00e9s de cuivres.<\/p>\n\n\n\n<p class=\"wp-block-paragraph\">Leur premier album Paso a Paso met d\u2019ailleurs en valeur ce formidable melting pot qui n\u2019a pas manqu\u00e9 de susciter l\u2019int\u00e9r\u00eat du Conseil des arts de Montr\u00e9al et de la Vitrine MUZ de Vision Diversit\u00e9. Heureux r\u00e9cipiendaire du prix Coup de coeur CAM-MUZ, El Son Sono voit 2019 concr\u00e9tiser leurs ambitions artistiques.<\/p>\n\n\n\n<p class=\"wp-block-paragraph\">Gr\u00e2ce \u00e0 la qualit\u00e9 de leurs interpr\u00e9tations et \u00e0 leur formidable \u00e9nergie sur sc\u00e8ne, ces sept musiciens b\u00e9n\u00e9ficient d\u2019une belle notori\u00e9t\u00e9 qui fera l\u2019objet d\u2019une reconnaissance certaine sur la sc\u00e8ne des Incontournables.<\/p>\n\n\n\n<p class=\"wp-block-paragraph\">If their rhythms are fiery and invite to dance, they are also imbued with an authenticity that shows both their attachment to their roots and their assumed urbanity. A successful melting pot of Peruvian waltzes, rumba, cumbia, festejo and salsa soaked in jazz.<\/p>\n\n\n\n<p class=\"wp-block-paragraph\">Founded in Montreal, El Son Sono is first of all a family story. \u00c9lodie and Tito, brother and sister of Peruvian and Quebecois parents, highlight the South American rhythms. Their love of traditional compositions is perfectly coupled with the richness of their musicians\u2019 styles, coming from very different musical backgrounds. They all give pride of place to string instruments and jazzy accents, and take us with a disconcerting ease in an atmosphere at the same time folkloric and urban, between Peruvian waltzes, rumba crossing the cumbia, festejo and salsa.&nbsp;<\/p>\n\n\n\n<p class=\"wp-block-paragraph\">It is first of all to their father that they owe their interest for the music and their knowledge of the Peruvian culture. From their childhood in Quebec, \u00c9lodie and Tito keep French influences which they do not hesitate to add to their creations, as original as danceable.&nbsp;<\/p>\n\n\n\n<p class=\"wp-block-paragraph\">Winner of the 2019 Syli d\u2019Or World Music Competition, the group is using their growing reputation to present an unexpected palette ranging from acoustic sensibilities, to traditional Quebec music, to Latin rhythms enhanced by brass.<\/p>\n\n\n\n<p class=\"wp-block-paragraph\">Their first album Paso a Paso showcases this formidable melting pot, which has attracted the interest of the Conseil des arts de Montr\u00e9al and Vision Diversit\u00e9\u2019s Vitrine MUZ. Happy recipients of the Coup de coeur CAM-MUZ award, El Son Sono sees 2019 as the realization of their artistic ambitions.&nbsp;<\/p>\n\n\n\n<p class=\"wp-block-paragraph\">Thanks to the quality of their interpretations and their tremendous energy on stage, these seven musicians have a great reputation that will be recognized on the Unmissable stage.<\/p>\n\n\n\n<p class=\"wp-block-paragraph\"><strong>BILLETS EN VENTE \u00c0 LA PORTE!<\/strong><\/p>\n\n\n\n<iframe loading=\"lazy\" width=\"560\" height=\"315\" src=\"https:\/\/www.youtube.com\/embed\/mOR6J856vYY\" title=\"YouTube video player\" frameborder=\"0\" allow=\"accelerometer; autoplay; clipboard-write; encrypted-media; gyroscope; picture-in-picture\" allowfullscreen=\"\"><\/iframe>\n\n\n\n<p class=\"wp-block-paragraph\"><strong><em>Ce contenu provient des Productions Nuits d&#8217;Afrique et est adapt\u00e9 par PAN M 360.<\/em><\/strong><\/p>\n","protected":false},"excerpt":{"rendered":"<p>Si leurs rythmes sont de feu et invitent \u00e0 la danse, ils sont aussi empreints d\u2019une authenticit\u00e9 qui t\u00e9moigne \u00e0 la fois de leur attachement \u00e0 leurs racines et de leur urbanit\u00e9 assum\u00e9e. Un melting pot fort r\u00e9ussi de valses p\u00e9ruviennes, rumba, cumbia, festejo et salsa imbib\u00e9s de jazz. Fond\u00e9 \u00e0 Montr\u00e9al, El Son Sono, [&hellip;]<\/p>\n","protected":false},"author":936,"featured_media":0,"menu_order":0,"template":"","format":"standard","meta":{"_acf_changed":false,"_crdt_document":""},"categories":[4322],"tags":[],"generale":[3814],"genre":[3128,3282,3285],"pays":[4948],"salle":[7551],"ville":[7246],"class_list":["post-67656","agenda","type-agenda","status-publish","format-standard","hentry","category-listings-360","generale-lire-en","genre-cumbia-2","genre-rumba-2","genre-salsa-2","pays-peru","salle-club-balattou-en","ville-montreal-en"],"acf":[],"yoast_head":"<!-- This site is optimized with the Yoast SEO plugin v27.4 - https:\/\/yoast.com\/product\/yoast-seo-wordpress\/ -->\n<title>El Son Sono au Club Balattou - PAN M 360<\/title>\n<meta name=\"robots\" content=\"index, follow, max-snippet:-1, max-image-preview:large, max-video-preview:-1\" \/>\n<link rel=\"canonical\" href=\"https:\/\/panm360.com\/en\/agenda\/el-son-sono-au-club-balattou\/\" \/>\n<meta property=\"og:locale\" content=\"en_US\" \/>\n<meta property=\"og:type\" content=\"article\" \/>\n<meta property=\"og:title\" content=\"El Son Sono au Club Balattou - PAN M 360\" \/>\n<meta property=\"og:description\" content=\"Si leurs rythmes sont de feu et invitent \u00e0 la danse, ils sont aussi empreints d\u2019une authenticit\u00e9 qui t\u00e9moigne \u00e0 la fois de leur attachement \u00e0 leurs racines et de leur urbanit\u00e9 assum\u00e9e. Un melting pot fort r\u00e9ussi de valses p\u00e9ruviennes, rumba, cumbia, festejo et salsa imbib\u00e9s de jazz. Fond\u00e9 \u00e0 Montr\u00e9al, El Son Sono, [&hellip;]\" \/>\n<meta property=\"og:url\" content=\"https:\/\/panm360.com\/en\/agenda\/el-son-sono-au-club-balattou\/\" \/>\n<meta property=\"og:site_name\" content=\"PAN M 360\" \/>\n<meta property=\"article:publisher\" content=\"https:\/\/www.facebook.com\/panm360\/\" \/>\n<meta property=\"article:modified_time\" content=\"2022-04-23T16:58:55+00:00\" \/>\n<meta property=\"og:image\" content=\"https:\/\/panm360.com\/wp-content\/uploads\/2022\/04\/el-son-sono-scaled.jpg\" \/>\n\t<meta property=\"og:image:width\" content=\"1200\" \/>\n\t<meta property=\"og:image:height\" content=\"800\" \/>\n\t<meta property=\"og:image:type\" content=\"image\/jpeg\" \/>\n<meta name=\"twitter:card\" content=\"summary_large_image\" \/>\n<meta name=\"twitter:site\" content=\"@PANM360\" \/>\n<meta name=\"twitter:label1\" content=\"Est. reading time\" \/>\n\t<meta name=\"twitter:data1\" content=\"4 minutes\" \/>\n<script type=\"application\/ld+json\" class=\"yoast-schema-graph\">{\"@context\":\"https:\\\/\\\/schema.org\",\"@graph\":[{\"@type\":\"WebPage\",\"@id\":\"https:\\\/\\\/panm360.com\\\/en\\\/agenda\\\/el-son-sono-au-club-balattou\\\/\",\"url\":\"https:\\\/\\\/panm360.com\\\/en\\\/agenda\\\/el-son-sono-au-club-balattou\\\/\",\"name\":\"El Son Sono au Club Balattou - PAN M 360\",\"isPartOf\":{\"@id\":\"https:\\\/\\\/panm360.com\\\/en\\\/#website\"},\"datePublished\":\"2022-04-23T16:39:00+00:00\",\"dateModified\":\"2022-04-23T16:58:55+00:00\",\"breadcrumb\":{\"@id\":\"https:\\\/\\\/panm360.com\\\/en\\\/agenda\\\/el-son-sono-au-club-balattou\\\/#breadcrumb\"},\"inLanguage\":\"en-US\",\"potentialAction\":[{\"@type\":\"ReadAction\",\"target\":[\"https:\\\/\\\/panm360.com\\\/en\\\/agenda\\\/el-son-sono-au-club-balattou\\\/\"]}]},{\"@type\":\"BreadcrumbList\",\"@id\":\"https:\\\/\\\/panm360.com\\\/en\\\/agenda\\\/el-son-sono-au-club-balattou\\\/#breadcrumb\",\"itemListElement\":[{\"@type\":\"ListItem\",\"position\":1,\"name\":\"Accueil\",\"item\":\"https:\\\/\\\/panm360.com\\\/en\\\/\"},{\"@type\":\"ListItem\",\"position\":2,\"name\":\"Listings\",\"item\":\"https:\\\/\\\/panm360.com\\\/en\\\/agenda\\\/\"},{\"@type\":\"ListItem\",\"position\":3,\"name\":\"El Son Sono au Club Balattou\"}]},{\"@type\":\"WebSite\",\"@id\":\"https:\\\/\\\/panm360.com\\\/en\\\/#website\",\"url\":\"https:\\\/\\\/panm360.com\\\/en\\\/\",\"name\":\"PAN M 360\",\"description\":\"Le m\u00e9dia num\u00e9rique de la musique !\",\"publisher\":{\"@id\":\"https:\\\/\\\/panm360.com\\\/en\\\/#organization\"},\"potentialAction\":[{\"@type\":\"SearchAction\",\"target\":{\"@type\":\"EntryPoint\",\"urlTemplate\":\"https:\\\/\\\/panm360.com\\\/en\\\/?s={search_term_string}\"},\"query-input\":{\"@type\":\"PropertyValueSpecification\",\"valueRequired\":true,\"valueName\":\"search_term_string\"}}],\"inLanguage\":\"en-US\"},{\"@type\":\"Organization\",\"@id\":\"https:\\\/\\\/panm360.com\\\/en\\\/#organization\",\"name\":\"PAN M 360\",\"url\":\"https:\\\/\\\/panm360.com\\\/en\\\/\",\"logo\":{\"@type\":\"ImageObject\",\"inLanguage\":\"en-US\",\"@id\":\"https:\\\/\\\/panm360.com\\\/en\\\/#\\\/schema\\\/logo\\\/image\\\/\",\"url\":\"https:\\\/\\\/panm360.com\\\/wp-content\\\/uploads\\\/2019\\\/12\\\/PAN-M360_Logo_RGB.jpg\",\"contentUrl\":\"https:\\\/\\\/panm360.com\\\/wp-content\\\/uploads\\\/2019\\\/12\\\/PAN-M360_Logo_RGB.jpg\",\"width\":1663,\"height\":631,\"caption\":\"PAN M 360\"},\"image\":{\"@id\":\"https:\\\/\\\/panm360.com\\\/en\\\/#\\\/schema\\\/logo\\\/image\\\/\"},\"sameAs\":[\"https:\\\/\\\/www.facebook.com\\\/panm360\\\/\",\"https:\\\/\\\/x.com\\\/PANM360\",\"https:\\\/\\\/www.instagram.com\\\/panm360\\\/\",\"https:\\\/\\\/www.linkedin.com\\\/company\\\/panm360\\\/\",\"https:\\\/\\\/www.youtube.com\\\/channel\\\/UCHEFHd3UhIrV6EJ3ltzVKOA?view_as=subscriber\"]}]}<\/script>\n<!-- \/ Yoast SEO plugin. -->","yoast_head_json":{"title":"El Son Sono au Club Balattou - PAN M 360","robots":{"index":"index","follow":"follow","max-snippet":"max-snippet:-1","max-image-preview":"max-image-preview:large","max-video-preview":"max-video-preview:-1"},"canonical":"https:\/\/panm360.com\/en\/agenda\/el-son-sono-au-club-balattou\/","og_locale":"en_US","og_type":"article","og_title":"El Son Sono au Club Balattou - PAN M 360","og_description":"Si leurs rythmes sont de feu et invitent \u00e0 la danse, ils sont aussi empreints d\u2019une authenticit\u00e9 qui t\u00e9moigne \u00e0 la fois de leur attachement \u00e0 leurs racines et de leur urbanit\u00e9 assum\u00e9e. Un melting pot fort r\u00e9ussi de valses p\u00e9ruviennes, rumba, cumbia, festejo et salsa imbib\u00e9s de jazz. Fond\u00e9 \u00e0 Montr\u00e9al, El Son Sono, [&hellip;]","og_url":"https:\/\/panm360.com\/en\/agenda\/el-son-sono-au-club-balattou\/","og_site_name":"PAN M 360","article_publisher":"https:\/\/www.facebook.com\/panm360\/","article_modified_time":"2022-04-23T16:58:55+00:00","og_image":[{"width":1200,"height":800,"url":"https:\/\/panm360.com\/wp-content\/uploads\/2022\/04\/el-son-sono-scaled.jpg","type":"image\/jpeg"}],"twitter_card":"summary_large_image","twitter_site":"@PANM360","twitter_misc":{"Est. reading time":"4 minutes"},"schema":{"@context":"https:\/\/schema.org","@graph":[{"@type":"WebPage","@id":"https:\/\/panm360.com\/en\/agenda\/el-son-sono-au-club-balattou\/","url":"https:\/\/panm360.com\/en\/agenda\/el-son-sono-au-club-balattou\/","name":"El Son Sono au Club Balattou - PAN M 360","isPartOf":{"@id":"https:\/\/panm360.com\/en\/#website"},"datePublished":"2022-04-23T16:39:00+00:00","dateModified":"2022-04-23T16:58:55+00:00","breadcrumb":{"@id":"https:\/\/panm360.com\/en\/agenda\/el-son-sono-au-club-balattou\/#breadcrumb"},"inLanguage":"en-US","potentialAction":[{"@type":"ReadAction","target":["https:\/\/panm360.com\/en\/agenda\/el-son-sono-au-club-balattou\/"]}]},{"@type":"BreadcrumbList","@id":"https:\/\/panm360.com\/en\/agenda\/el-son-sono-au-club-balattou\/#breadcrumb","itemListElement":[{"@type":"ListItem","position":1,"name":"Accueil","item":"https:\/\/panm360.com\/en\/"},{"@type":"ListItem","position":2,"name":"Listings","item":"https:\/\/panm360.com\/en\/agenda\/"},{"@type":"ListItem","position":3,"name":"El Son Sono au Club Balattou"}]},{"@type":"WebSite","@id":"https:\/\/panm360.com\/en\/#website","url":"https:\/\/panm360.com\/en\/","name":"PAN M 360","description":"Le m\u00e9dia num\u00e9rique de la musique !","publisher":{"@id":"https:\/\/panm360.com\/en\/#organization"},"potentialAction":[{"@type":"SearchAction","target":{"@type":"EntryPoint","urlTemplate":"https:\/\/panm360.com\/en\/?s={search_term_string}"},"query-input":{"@type":"PropertyValueSpecification","valueRequired":true,"valueName":"search_term_string"}}],"inLanguage":"en-US"},{"@type":"Organization","@id":"https:\/\/panm360.com\/en\/#organization","name":"PAN M 360","url":"https:\/\/panm360.com\/en\/","logo":{"@type":"ImageObject","inLanguage":"en-US","@id":"https:\/\/panm360.com\/en\/#\/schema\/logo\/image\/","url":"https:\/\/panm360.com\/wp-content\/uploads\/2019\/12\/PAN-M360_Logo_RGB.jpg","contentUrl":"https:\/\/panm360.com\/wp-content\/uploads\/2019\/12\/PAN-M360_Logo_RGB.jpg","width":1663,"height":631,"caption":"PAN M 360"},"image":{"@id":"https:\/\/panm360.com\/en\/#\/schema\/logo\/image\/"},"sameAs":["https:\/\/www.facebook.com\/panm360\/","https:\/\/x.com\/PANM360","https:\/\/www.instagram.com\/panm360\/","https:\/\/www.linkedin.com\/company\/panm360\/","https:\/\/www.youtube.com\/channel\/UCHEFHd3UhIrV6EJ3ltzVKOA?view_as=subscriber"]}]}},"_links":{"self":[{"href":"https:\/\/panm360.com\/en\/wp-json\/wp\/v2\/agenda\/67656","targetHints":{"allow":["GET"]}}],"collection":[{"href":"https:\/\/panm360.com\/en\/wp-json\/wp\/v2\/agenda"}],"about":[{"href":"https:\/\/panm360.com\/en\/wp-json\/wp\/v2\/types\/agenda"}],"author":[{"embeddable":true,"href":"https:\/\/panm360.com\/en\/wp-json\/wp\/v2\/users\/936"}],"wp:attachment":[{"href":"https:\/\/panm360.com\/en\/wp-json\/wp\/v2\/media?parent=67656"}],"wp:term":[{"taxonomy":"category","embeddable":true,"href":"https:\/\/panm360.com\/en\/wp-json\/wp\/v2\/categories?post=67656"},{"taxonomy":"post_tag","embeddable":true,"href":"https:\/\/panm360.com\/en\/wp-json\/wp\/v2\/tags?post=67656"},{"taxonomy":"generale","embeddable":true,"href":"https:\/\/panm360.com\/en\/wp-json\/wp\/v2\/generale?post=67656"},{"taxonomy":"genre","embeddable":true,"href":"https:\/\/panm360.com\/en\/wp-json\/wp\/v2\/genre?post=67656"},{"taxonomy":"pays","embeddable":true,"href":"https:\/\/panm360.com\/en\/wp-json\/wp\/v2\/pays?post=67656"},{"taxonomy":"salle","embeddable":true,"href":"https:\/\/panm360.com\/en\/wp-json\/wp\/v2\/salle?post=67656"},{"taxonomy":"ville","embeddable":true,"href":"https:\/\/panm360.com\/en\/wp-json\/wp\/v2\/ville?post=67656"}],"curies":[{"name":"wp","href":"https:\/\/api.w.org\/{rel}","templated":true}]}}