{"id":67640,"date":"2022-04-22T09:52:00","date_gmt":"2022-04-22T13:52:00","guid":{"rendered":"https:\/\/panm360.com\/?post_type=agenda&#038;p=67640"},"modified":"2022-04-22T13:01:07","modified_gmt":"2022-04-22T17:01:07","slug":"j-f-fabiano-transit-la-terre-tourne-a-lenvers","status":"publish","type":"agenda","link":"https:\/\/panm360.com\/en\/agenda\/j-f-fabiano-transit-la-terre-tourne-a-lenvers\/","title":{"rendered":"J-F Fabiano &#038; Transit &#8211; La terre tourne \u00e0 l&#8217;envers"},"content":{"rendered":"\n<p class=\"wp-block-paragraph\"><strong>SMB Productions<\/strong>&nbsp;vous pr\u00e9sente le nouveau spectacle de 90 minutes en fran\u00e7ais&nbsp;<strong><em>La terre tourne \u00e0 l\u2019envers<\/em><\/strong>&nbsp;ayant comme th\u00e8me l\u2019environnement.<\/p>\n\n\n\n<p class=\"wp-block-paragraph\">Compos\u00e9 de musiciens talentueux de divers origines,&nbsp;<strong>J-F Fabiano &amp; Transit<\/strong>&nbsp;repr\u00e9sente un des piliers de la musique multiculturelle au Qu\u00e9bec et sur la sc\u00e8ne internationale.<\/p>\n\n\n\n<p class=\"wp-block-paragraph\">Une invitation \u00e0 nous rassembler \u00e0 nouveau pour c\u00e9l\u00e9brer ce qui nous nourrit&nbsp;: notre famille, nos amis, notre musique, et notre ch\u00e8re M\u00e8re Terre qui nous demande d\u2019\u00e9voluer rapidement pour la prot\u00e9ger.<\/p>\n\n\n\n<p class=\"wp-block-paragraph\">Ce moment unique en chanson vous propose une r\u00e9flexion profonde et vous invite \u00e0 poser une action positive \u00e0 la sortie du spectacle. Ainsi, chacun de nous pourra contribuer \u00e0 garder notre M\u00e8re Terre rayonnante, et, ensemble, nous pourrons faire une diff\u00e9rence un pas \u00e0 la fois.<\/p>\n\n\n\n<p class=\"wp-block-paragraph\">Venez vous laisser toucher par les messages m\u00e9lodiques honorant la nature et par la g\u00e9n\u00e9reuse \u00e9nergie de&nbsp;<strong>J-F Fabiano &amp; Transit<\/strong>.<\/p>\n\n\n\n<p class=\"wp-block-paragraph\">Une soir\u00e9e remplie d\u2019\u00e9motion, de partage et de connexion.<\/p>\n\n\n\n<p class=\"wp-block-paragraph\">Le spectacle est aussi disponible en webdiffusion du 22 avril au 6 mai 2022. <\/p>\n\n\n\n<p class=\"wp-block-paragraph\"><strong><a href=\"https:\/\/placedesarts.com\/fr\/evenement\/j-f-fabiano-transit-la-terre-tourne-%C3%A0-lenvers\" target=\"_blank\" rel=\"noreferrer noopener\">POUR ACHETER VOTRE BILLET, C\u2019EST ICI!<\/a><\/strong><\/p>\n\n\n\n<iframe loading=\"lazy\" width=\"560\" height=\"315\" src=\"https:\/\/www.youtube.com\/embed\/Z_iBshOOjWo\" title=\"YouTube video player\" frameborder=\"0\" allow=\"accelerometer; autoplay; clipboard-write; encrypted-media; gyroscope; picture-in-picture\" allowfullscreen=\"\"><\/iframe>\n\n\n\n<p class=\"wp-block-paragraph\"><strong><em>Ce contenu provient de la Place des Arts et est adapt\u00e9 par PAN M 360.<\/em><\/strong><\/p>\n","protected":false},"excerpt":{"rendered":"<p>SMB Productions&nbsp;vous pr\u00e9sente le nouveau spectacle de 90 minutes en fran\u00e7ais&nbsp;La terre tourne \u00e0 l\u2019envers&nbsp;ayant comme th\u00e8me l\u2019environnement. Compos\u00e9 de musiciens talentueux de divers origines,&nbsp;J-F Fabiano &amp; Transit&nbsp;repr\u00e9sente un des piliers de la musique multiculturelle au Qu\u00e9bec et sur la sc\u00e8ne internationale. Une invitation \u00e0 nous rassembler \u00e0 nouveau pour c\u00e9l\u00e9brer ce qui nous nourrit&nbsp;: [&hellip;]<\/p>\n","protected":false},"author":936,"featured_media":0,"menu_order":0,"template":"","format":"standard","meta":{"_acf_changed":false,"_crdt_document":""},"categories":[4322],"tags":[],"generale":[3814],"genre":[3162],"pays":[3861],"salle":[7053],"ville":[7246],"class_list":["post-67640","agenda","type-agenda","status-publish","format-standard","hentry","category-listings-360","generale-lire-en","genre-folk-pop-2","pays-quebec-en","salle-salle-claude-leveillee-en","ville-montreal-en"],"acf":[],"yoast_head":"<!-- This site is optimized with the Yoast SEO plugin v27.4 - https:\/\/yoast.com\/product\/yoast-seo-wordpress\/ -->\n<title>J-F Fabiano &amp; Transit - La terre tourne \u00e0 l&#039;envers - PAN M 360<\/title>\n<meta name=\"robots\" content=\"index, follow, max-snippet:-1, max-image-preview:large, max-video-preview:-1\" \/>\n<link rel=\"canonical\" href=\"https:\/\/panm360.com\/en\/agenda\/j-f-fabiano-transit-la-terre-tourne-a-lenvers\/\" \/>\n<meta property=\"og:locale\" content=\"en_US\" \/>\n<meta property=\"og:type\" content=\"article\" \/>\n<meta property=\"og:title\" content=\"J-F Fabiano &amp; Transit - La terre tourne \u00e0 l&#039;envers - PAN M 360\" \/>\n<meta property=\"og:description\" content=\"SMB Productions&nbsp;vous pr\u00e9sente le nouveau spectacle de 90 minutes en fran\u00e7ais&nbsp;La terre tourne \u00e0 l\u2019envers&nbsp;ayant comme th\u00e8me l\u2019environnement. Compos\u00e9 de musiciens talentueux de divers origines,&nbsp;J-F Fabiano &amp; Transit&nbsp;repr\u00e9sente un des piliers de la musique multiculturelle au Qu\u00e9bec et sur la sc\u00e8ne internationale. Une invitation \u00e0 nous rassembler \u00e0 nouveau pour c\u00e9l\u00e9brer ce qui nous nourrit&nbsp;: [&hellip;]\" \/>\n<meta property=\"og:url\" content=\"https:\/\/panm360.com\/en\/agenda\/j-f-fabiano-transit-la-terre-tourne-a-lenvers\/\" \/>\n<meta property=\"og:site_name\" content=\"PAN M 360\" \/>\n<meta property=\"article:publisher\" content=\"https:\/\/www.facebook.com\/panm360\/\" \/>\n<meta property=\"article:modified_time\" content=\"2022-04-22T17:01:07+00:00\" \/>\n<meta property=\"og:image\" content=\"https:\/\/panm360.com\/wp-content\/uploads\/2022\/04\/jffabiano.jpg\" \/>\n\t<meta property=\"og:image:width\" content=\"775\" \/>\n\t<meta property=\"og:image:height\" content=\"515\" \/>\n\t<meta property=\"og:image:type\" content=\"image\/jpeg\" \/>\n<meta name=\"twitter:card\" content=\"summary_large_image\" \/>\n<meta name=\"twitter:site\" content=\"@PANM360\" \/>\n<meta name=\"twitter:label1\" content=\"Est. reading time\" \/>\n\t<meta name=\"twitter:data1\" content=\"1 minute\" \/>\n<script type=\"application\/ld+json\" class=\"yoast-schema-graph\">{\"@context\":\"https:\\\/\\\/schema.org\",\"@graph\":[{\"@type\":\"WebPage\",\"@id\":\"https:\\\/\\\/panm360.com\\\/en\\\/agenda\\\/j-f-fabiano-transit-la-terre-tourne-a-lenvers\\\/\",\"url\":\"https:\\\/\\\/panm360.com\\\/en\\\/agenda\\\/j-f-fabiano-transit-la-terre-tourne-a-lenvers\\\/\",\"name\":\"J-F Fabiano & Transit - La terre tourne \u00e0 l'envers - PAN M 360\",\"isPartOf\":{\"@id\":\"https:\\\/\\\/panm360.com\\\/en\\\/#website\"},\"datePublished\":\"2022-04-22T13:52:00+00:00\",\"dateModified\":\"2022-04-22T17:01:07+00:00\",\"breadcrumb\":{\"@id\":\"https:\\\/\\\/panm360.com\\\/en\\\/agenda\\\/j-f-fabiano-transit-la-terre-tourne-a-lenvers\\\/#breadcrumb\"},\"inLanguage\":\"en-US\",\"potentialAction\":[{\"@type\":\"ReadAction\",\"target\":[\"https:\\\/\\\/panm360.com\\\/en\\\/agenda\\\/j-f-fabiano-transit-la-terre-tourne-a-lenvers\\\/\"]}]},{\"@type\":\"BreadcrumbList\",\"@id\":\"https:\\\/\\\/panm360.com\\\/en\\\/agenda\\\/j-f-fabiano-transit-la-terre-tourne-a-lenvers\\\/#breadcrumb\",\"itemListElement\":[{\"@type\":\"ListItem\",\"position\":1,\"name\":\"Accueil\",\"item\":\"https:\\\/\\\/panm360.com\\\/en\\\/\"},{\"@type\":\"ListItem\",\"position\":2,\"name\":\"Listings\",\"item\":\"https:\\\/\\\/panm360.com\\\/en\\\/agenda\\\/\"},{\"@type\":\"ListItem\",\"position\":3,\"name\":\"J-F Fabiano &#038; Transit &#8211; La terre tourne \u00e0 l&#8217;envers\"}]},{\"@type\":\"WebSite\",\"@id\":\"https:\\\/\\\/panm360.com\\\/en\\\/#website\",\"url\":\"https:\\\/\\\/panm360.com\\\/en\\\/\",\"name\":\"PAN M 360\",\"description\":\"Le m\u00e9dia num\u00e9rique de la musique !\",\"publisher\":{\"@id\":\"https:\\\/\\\/panm360.com\\\/en\\\/#organization\"},\"potentialAction\":[{\"@type\":\"SearchAction\",\"target\":{\"@type\":\"EntryPoint\",\"urlTemplate\":\"https:\\\/\\\/panm360.com\\\/en\\\/?s={search_term_string}\"},\"query-input\":{\"@type\":\"PropertyValueSpecification\",\"valueRequired\":true,\"valueName\":\"search_term_string\"}}],\"inLanguage\":\"en-US\"},{\"@type\":\"Organization\",\"@id\":\"https:\\\/\\\/panm360.com\\\/en\\\/#organization\",\"name\":\"PAN M 360\",\"url\":\"https:\\\/\\\/panm360.com\\\/en\\\/\",\"logo\":{\"@type\":\"ImageObject\",\"inLanguage\":\"en-US\",\"@id\":\"https:\\\/\\\/panm360.com\\\/en\\\/#\\\/schema\\\/logo\\\/image\\\/\",\"url\":\"https:\\\/\\\/panm360.com\\\/wp-content\\\/uploads\\\/2019\\\/12\\\/PAN-M360_Logo_RGB.jpg\",\"contentUrl\":\"https:\\\/\\\/panm360.com\\\/wp-content\\\/uploads\\\/2019\\\/12\\\/PAN-M360_Logo_RGB.jpg\",\"width\":1663,\"height\":631,\"caption\":\"PAN M 360\"},\"image\":{\"@id\":\"https:\\\/\\\/panm360.com\\\/en\\\/#\\\/schema\\\/logo\\\/image\\\/\"},\"sameAs\":[\"https:\\\/\\\/www.facebook.com\\\/panm360\\\/\",\"https:\\\/\\\/x.com\\\/PANM360\",\"https:\\\/\\\/www.instagram.com\\\/panm360\\\/\",\"https:\\\/\\\/www.linkedin.com\\\/company\\\/panm360\\\/\",\"https:\\\/\\\/www.youtube.com\\\/channel\\\/UCHEFHd3UhIrV6EJ3ltzVKOA?view_as=subscriber\"]}]}<\/script>\n<!-- \/ Yoast SEO plugin. -->","yoast_head_json":{"title":"J-F Fabiano & Transit - La terre tourne \u00e0 l'envers - PAN M 360","robots":{"index":"index","follow":"follow","max-snippet":"max-snippet:-1","max-image-preview":"max-image-preview:large","max-video-preview":"max-video-preview:-1"},"canonical":"https:\/\/panm360.com\/en\/agenda\/j-f-fabiano-transit-la-terre-tourne-a-lenvers\/","og_locale":"en_US","og_type":"article","og_title":"J-F Fabiano & Transit - La terre tourne \u00e0 l'envers - PAN M 360","og_description":"SMB Productions&nbsp;vous pr\u00e9sente le nouveau spectacle de 90 minutes en fran\u00e7ais&nbsp;La terre tourne \u00e0 l\u2019envers&nbsp;ayant comme th\u00e8me l\u2019environnement. Compos\u00e9 de musiciens talentueux de divers origines,&nbsp;J-F Fabiano &amp; Transit&nbsp;repr\u00e9sente un des piliers de la musique multiculturelle au Qu\u00e9bec et sur la sc\u00e8ne internationale. Une invitation \u00e0 nous rassembler \u00e0 nouveau pour c\u00e9l\u00e9brer ce qui nous nourrit&nbsp;: [&hellip;]","og_url":"https:\/\/panm360.com\/en\/agenda\/j-f-fabiano-transit-la-terre-tourne-a-lenvers\/","og_site_name":"PAN M 360","article_publisher":"https:\/\/www.facebook.com\/panm360\/","article_modified_time":"2022-04-22T17:01:07+00:00","og_image":[{"width":775,"height":515,"url":"https:\/\/panm360.com\/wp-content\/uploads\/2022\/04\/jffabiano.jpg","type":"image\/jpeg"}],"twitter_card":"summary_large_image","twitter_site":"@PANM360","twitter_misc":{"Est. reading time":"1 minute"},"schema":{"@context":"https:\/\/schema.org","@graph":[{"@type":"WebPage","@id":"https:\/\/panm360.com\/en\/agenda\/j-f-fabiano-transit-la-terre-tourne-a-lenvers\/","url":"https:\/\/panm360.com\/en\/agenda\/j-f-fabiano-transit-la-terre-tourne-a-lenvers\/","name":"J-F Fabiano & Transit - La terre tourne \u00e0 l'envers - PAN M 360","isPartOf":{"@id":"https:\/\/panm360.com\/en\/#website"},"datePublished":"2022-04-22T13:52:00+00:00","dateModified":"2022-04-22T17:01:07+00:00","breadcrumb":{"@id":"https:\/\/panm360.com\/en\/agenda\/j-f-fabiano-transit-la-terre-tourne-a-lenvers\/#breadcrumb"},"inLanguage":"en-US","potentialAction":[{"@type":"ReadAction","target":["https:\/\/panm360.com\/en\/agenda\/j-f-fabiano-transit-la-terre-tourne-a-lenvers\/"]}]},{"@type":"BreadcrumbList","@id":"https:\/\/panm360.com\/en\/agenda\/j-f-fabiano-transit-la-terre-tourne-a-lenvers\/#breadcrumb","itemListElement":[{"@type":"ListItem","position":1,"name":"Accueil","item":"https:\/\/panm360.com\/en\/"},{"@type":"ListItem","position":2,"name":"Listings","item":"https:\/\/panm360.com\/en\/agenda\/"},{"@type":"ListItem","position":3,"name":"J-F Fabiano &#038; Transit &#8211; La terre tourne \u00e0 l&#8217;envers"}]},{"@type":"WebSite","@id":"https:\/\/panm360.com\/en\/#website","url":"https:\/\/panm360.com\/en\/","name":"PAN M 360","description":"Le m\u00e9dia num\u00e9rique de la musique !","publisher":{"@id":"https:\/\/panm360.com\/en\/#organization"},"potentialAction":[{"@type":"SearchAction","target":{"@type":"EntryPoint","urlTemplate":"https:\/\/panm360.com\/en\/?s={search_term_string}"},"query-input":{"@type":"PropertyValueSpecification","valueRequired":true,"valueName":"search_term_string"}}],"inLanguage":"en-US"},{"@type":"Organization","@id":"https:\/\/panm360.com\/en\/#organization","name":"PAN M 360","url":"https:\/\/panm360.com\/en\/","logo":{"@type":"ImageObject","inLanguage":"en-US","@id":"https:\/\/panm360.com\/en\/#\/schema\/logo\/image\/","url":"https:\/\/panm360.com\/wp-content\/uploads\/2019\/12\/PAN-M360_Logo_RGB.jpg","contentUrl":"https:\/\/panm360.com\/wp-content\/uploads\/2019\/12\/PAN-M360_Logo_RGB.jpg","width":1663,"height":631,"caption":"PAN M 360"},"image":{"@id":"https:\/\/panm360.com\/en\/#\/schema\/logo\/image\/"},"sameAs":["https:\/\/www.facebook.com\/panm360\/","https:\/\/x.com\/PANM360","https:\/\/www.instagram.com\/panm360\/","https:\/\/www.linkedin.com\/company\/panm360\/","https:\/\/www.youtube.com\/channel\/UCHEFHd3UhIrV6EJ3ltzVKOA?view_as=subscriber"]}]}},"_links":{"self":[{"href":"https:\/\/panm360.com\/en\/wp-json\/wp\/v2\/agenda\/67640","targetHints":{"allow":["GET"]}}],"collection":[{"href":"https:\/\/panm360.com\/en\/wp-json\/wp\/v2\/agenda"}],"about":[{"href":"https:\/\/panm360.com\/en\/wp-json\/wp\/v2\/types\/agenda"}],"author":[{"embeddable":true,"href":"https:\/\/panm360.com\/en\/wp-json\/wp\/v2\/users\/936"}],"wp:attachment":[{"href":"https:\/\/panm360.com\/en\/wp-json\/wp\/v2\/media?parent=67640"}],"wp:term":[{"taxonomy":"category","embeddable":true,"href":"https:\/\/panm360.com\/en\/wp-json\/wp\/v2\/categories?post=67640"},{"taxonomy":"post_tag","embeddable":true,"href":"https:\/\/panm360.com\/en\/wp-json\/wp\/v2\/tags?post=67640"},{"taxonomy":"generale","embeddable":true,"href":"https:\/\/panm360.com\/en\/wp-json\/wp\/v2\/generale?post=67640"},{"taxonomy":"genre","embeddable":true,"href":"https:\/\/panm360.com\/en\/wp-json\/wp\/v2\/genre?post=67640"},{"taxonomy":"pays","embeddable":true,"href":"https:\/\/panm360.com\/en\/wp-json\/wp\/v2\/pays?post=67640"},{"taxonomy":"salle","embeddable":true,"href":"https:\/\/panm360.com\/en\/wp-json\/wp\/v2\/salle?post=67640"},{"taxonomy":"ville","embeddable":true,"href":"https:\/\/panm360.com\/en\/wp-json\/wp\/v2\/ville?post=67640"}],"curies":[{"name":"wp","href":"https:\/\/api.w.org\/{rel}","templated":true}]}}